{"id":7324,"date":"2024-03-12T13:10:42","date_gmt":"2024-03-12T12:10:42","guid":{"rendered":"https:\/\/www.expertservicecar.com\/localize-a-sua-oficina\/"},"modified":"2024-03-13T10:59:18","modified_gmt":"2024-03-13T09:59:18","slug":"localize-a-sua-oficina","status":"publish","type":"page","link":"https:\/\/www.expertservicecar.com\/pt-pt\/localize-a-sua-oficina\/","title":{"rendered":"Localize a sua oficina"},"content":{"rendered":"\t\t<div data-elementor-type=\"wp-page\" data-elementor-id=\"7324\" class=\"elementor elementor-7324 elementor-531\" data-elementor-post-type=\"page\">\n\t\t\t\t\t\t<section class=\"elementor-section elementor-top-section elementor-element elementor-element-6792636 elementor-section-boxed elementor-section-height-default elementor-section-height-default\" data-id=\"6792636\" data-element_type=\"section\" data-e-type=\"section\" data-settings=\"{&quot;background_background&quot;:&quot;classic&quot;}\">\n\t\t\t\t\t\t<div class=\"elementor-container elementor-column-gap-default\">\n\t\t\t\t\t<div class=\"elementor-column elementor-col-100 elementor-top-column elementor-element elementor-element-0aeef93\" data-id=\"0aeef93\" data-element_type=\"column\" data-e-type=\"column\">\n\t\t\t<div class=\"elementor-widget-wrap elementor-element-populated\">\n\t\t\t\t\t\t<section class=\"elementor-section elementor-inner-section elementor-element elementor-element-e7e7b91 elementor-section-boxed elementor-section-height-default elementor-section-height-default\" data-id=\"e7e7b91\" data-element_type=\"section\" data-e-type=\"section\">\n\t\t\t\t\t\t<div class=\"elementor-container elementor-column-gap-default\">\n\t\t\t\t\t<div class=\"elementor-column elementor-col-33 elementor-inner-column elementor-element elementor-element-d741b67\" data-id=\"d741b67\" data-element_type=\"column\" data-e-type=\"column\">\n\t\t\t<div class=\"elementor-widget-wrap elementor-element-populated\">\n\t\t\t\t\t\t<div class=\"elementor-element elementor-element-b598750 elementor-hidden-phone elementor-widget-divider--view-line elementor-widget elementor-widget-divider\" data-id=\"b598750\" data-element_type=\"widget\" data-e-type=\"widget\" data-widget_type=\"divider.default\">\n\t\t\t\t<div class=\"elementor-widget-container\">\n\t\t\t\t\t\t\t<div class=\"elementor-divider\">\n\t\t\t<span class=\"elementor-divider-separator\">\n\t\t\t\t\t\t<\/span>\n\t\t<\/div>\n\t\t\t\t\t\t<\/div>\n\t\t\t\t<\/div>\n\t\t\t\t\t<\/div>\n\t\t<\/div>\n\t\t\t\t<div class=\"elementor-column elementor-col-33 elementor-inner-column elementor-element elementor-element-b57c51a\" data-id=\"b57c51a\" data-element_type=\"column\" data-e-type=\"column\">\n\t\t\t<div class=\"elementor-widget-wrap elementor-element-populated\">\n\t\t\t\t\t\t<div class=\"elementor-element elementor-element-e6ec51c elementor-widget elementor-widget-heading\" data-id=\"e6ec51c\" data-element_type=\"widget\" data-e-type=\"widget\" data-widget_type=\"heading.default\">\n\t\t\t\t<div class=\"elementor-widget-container\">\n\t\t\t\t\t<h2 class=\"elementor-heading-title elementor-size-default\">Localize a sua oficina mais pr\u00f3xima<\/h2>\t\t\t\t<\/div>\n\t\t\t\t<\/div>\n\t\t\t\t\t<\/div>\n\t\t<\/div>\n\t\t\t\t<div class=\"elementor-column elementor-col-33 elementor-inner-column elementor-element elementor-element-8b8cd1b\" data-id=\"8b8cd1b\" data-element_type=\"column\" data-e-type=\"column\">\n\t\t\t<div class=\"elementor-widget-wrap elementor-element-populated\">\n\t\t\t\t\t\t<div class=\"elementor-element elementor-element-59535a6 elementor-widget-divider--view-line elementor-widget elementor-widget-divider\" data-id=\"59535a6\" data-element_type=\"widget\" data-e-type=\"widget\" data-widget_type=\"divider.default\">\n\t\t\t\t<div class=\"elementor-widget-container\">\n\t\t\t\t\t\t\t<div class=\"elementor-divider\">\n\t\t\t<span class=\"elementor-divider-separator\">\n\t\t\t\t\t\t<\/span>\n\t\t<\/div>\n\t\t\t\t\t\t<\/div>\n\t\t\t\t<\/div>\n\t\t\t\t\t<\/div>\n\t\t<\/div>\n\t\t\t\t\t<\/div>\n\t\t<\/section>\n\t\t\t\t\t<\/div>\n\t\t<\/div>\n\t\t\t\t\t<\/div>\n\t\t<\/section>\n\t\t\t\t<section class=\"elementor-section elementor-top-section elementor-element elementor-element-882c543 elementor-section-content-middle elementor-section-boxed elementor-section-height-default elementor-section-height-default\" data-id=\"882c543\" data-element_type=\"section\" data-e-type=\"section\">\n\t\t\t\t\t\t<div class=\"elementor-container elementor-column-gap-default\">\n\t\t\t\t\t<div class=\"elementor-column elementor-col-33 elementor-top-column elementor-element elementor-element-efbca87\" data-id=\"efbca87\" data-element_type=\"column\" data-e-type=\"column\">\n\t\t\t<div class=\"elementor-widget-wrap\">\n\t\t\t\t\t\t\t<\/div>\n\t\t<\/div>\n\t\t\t\t<div class=\"elementor-column elementor-col-33 elementor-top-column elementor-element elementor-element-d82ee30\" data-id=\"d82ee30\" data-element_type=\"column\" data-e-type=\"column\">\n\t\t\t<div class=\"elementor-widget-wrap elementor-element-populated\">\n\t\t\t\t\t\t<div class=\"elementor-element elementor-element-f6654a5 elementor-widget elementor-widget-jet-smart-filters-search\" data-id=\"f6654a5\" data-element_type=\"widget\" data-e-type=\"widget\" data-widget_type=\"jet-smart-filters-search.default\">\n\t\t\t\t<div class=\"elementor-widget-container\">\n\t\t\t\t\t<div class=\"jet-smart-filters-search jet-filter\"><div class=\"jet-search-filter button-icon-position-right\" data-query-type=\"meta_query\" data-query-var=\"campo-buscador\" data-smart-filter=\"search\" data-filter-id=\"786\" data-apply-type=\"ajax\" data-content-provider=\"jet-engine-maps\" data-additional-providers=\"[&quot;jet-engine\\\/default&quot;]\" data-query-id=\"default\" data-active-label=\"Buscar\" data-layout-options=\"{&quot;show_label&quot;:&quot;&quot;,&quot;display_options&quot;:[]}\" data-query-var-suffix=\"search\">\n\t<div class=\"jet-search-filter__input-wrapper\">\n\t\t<input\n\t\t\tclass=\"jet-search-filter__input\"\n\t\t\ttype=\"search\"\n\t\t\tautocomplete=\"off\"\n\t\t\tname=\"campo-buscador\"\n\t\t\tvalue=\"\"\n\t\t\tplaceholder=\"Nombre Taller, Poblaci\u00f3n, Provincia, C\u00f3digo Postal\"\n\t\t\taria-label=\"Buscar\"\n\t\t\t\t\t>\n\t\t\t<\/div>\n\t\t\t<button\n\t\t\ttype=\"button\"\n\t\t\tclass=\"jet-search-filter__submit apply-filters__button\"\n\t\t\t\t\t>\n\t\t\t\t\t\t<span class=\"jet-search-filter__submit-text\"><\/span>\n\t\t\t<i class=\"fa fa-search\"><\/i>\t\t<\/button>\n\t<\/div>\n<\/div>\t\t\t\t<\/div>\n\t\t\t\t<\/div>\n\t\t\t\t<div class=\"elementor-element elementor-element-3a406f7 jet-dropbar-position-bottom-center elementor-widget elementor-widget-jet-dropbar\" data-id=\"3a406f7\" data-element_type=\"widget\" data-e-type=\"widget\" data-widget_type=\"jet-dropbar.default\">\n\t\t\t\t<div class=\"elementor-widget-container\">\n\t\t\t\t\t<div class=\"elementor-jet-dropbar jet-elements\">\n<div class=\"jet-dropbar jet-dropbar--slide-down-effect\" data-settings=\"{&quot;mode&quot;:&quot;click&quot;,&quot;hide_delay&quot;:false}\">\n\t<div class=\"jet-dropbar__inner\">\n<button class=\"jet-dropbar__button\"><span class=\"jet-dropbar__button-text\">Por servi\u00e7os<\/span><\/button>\n<div class=\"jet-dropbar__content-wrapper\">\n\t<div class=\"jet-dropbar__content\">\t\t<div data-elementor-type=\"section\" data-elementor-id=\"869\" class=\"elementor elementor-869\" data-elementor-post-type=\"elementor_library\">\n\t\t\t\t\t<div class=\"elementor-section elementor-top-section elementor-element elementor-element-a342d99 elementor-section-boxed elementor-section-height-default elementor-section-height-default\" data-id=\"a342d99\" data-element_type=\"section\" data-e-type=\"section\">\n\t\t\t\t\t\t<div class=\"elementor-container elementor-column-gap-default\">\n\t\t\t\t\t<div class=\"elementor-column elementor-col-100 elementor-top-column elementor-element elementor-element-97e79bd\" data-id=\"97e79bd\" data-element_type=\"column\" data-e-type=\"column\">\n\t\t\t<div class=\"elementor-widget-wrap elementor-element-populated\">\n\t\t\t\t\t\t<div class=\"elementor-element elementor-element-b0877f5 elementor-widget elementor-widget-jet-smart-filters-color-image\" data-id=\"b0877f5\" data-element_type=\"widget\" data-e-type=\"widget\" data-widget_type=\"jet-smart-filters-color-image.default\">\n\t\t\t\t<div class=\"elementor-widget-container\">\n\t\t\t\t\t<div class=\"jet-smart-filters-color-image jet-filter \" data-indexer-rule=\"show\" data-show-counter=\"\" data-change-counter=\"always\"><div class=\"jet-color-image-list\" data-query-type=\"tax_query\" data-query-var=\"servicios\" data-smart-filter=\"color-image\" data-filter-id=\"807\" data-apply-type=\"ajax\" data-content-provider=\"jet-engine-maps\" data-additional-providers=\"[&quot;jet-engine\\\/default&quot;]\" data-query-id=\"default\" data-active-label=\"Filtro Visual Servicios\" data-layout-options=\"{&quot;show_label&quot;:&quot;&quot;,&quot;display_options&quot;:{&quot;show_items_label&quot;:&quot;yes&quot;,&quot;show_decorator&quot;:false,&quot;filter_image_size&quot;:&quot;full&quot;,&quot;show_counter&quot;:false}}\" data-query-var-suffix=\"\" data-apply-on=\"submit\"><form class=\"jet-color-image-list-wrapper\"><fieldset><legend style=\"display:none;\">Filtro Visual Servicios<\/legend><div class=\"jet-color-image-list__row jet-filter-row\">\n\t<label class=\"jet-color-image-list__item\" >\n\t\t<input\n\t\t\ttype=\"checkbox\"\n\t\t\tclass=\"jet-color-image-list__input\"\n\t\t\tname=\"servicios\"\n\t\t\tvalue=\"28\"\n\t\t\tdata-label=\"Bater\u00edas\"\n\t\t\t\t\t\taria-label=\"Bater\u00edas\"\n\t\t\t\t\t>\n\t\t<div class=\"jet-color-image-list__button\">\n\t\t\t\t\t\t\t<span class=\"jet-color-image-list__decorator\">\n\t\t\t\t\t\t\t\t\t\t\t\t\t\t\t\t<span class=\"jet-color-image-list__image\"><img decoding=\"async\" src=\"https:\/\/www.expertservicecar.com\/wp-content\/uploads\/2021\/04\/baterias-1.svg\" alt=\"Bater\u00edas\" title=\"\"><\/span>\n\t\t\t\t\t\t\t\t\t<\/span>\n\t\t\t\t\t\t\t\t\t\t<span class=\"jet-color-image-list__label\">Bater\u00edas<\/span>\n\t\t\t\t\t\t\t\t<\/div>\n\t<\/label>\n<\/div><div class=\"jet-color-image-list__row jet-filter-row\">\n\t<label class=\"jet-color-image-list__item\" >\n\t\t<input\n\t\t\ttype=\"checkbox\"\n\t\t\tclass=\"jet-color-image-list__input\"\n\t\t\tname=\"servicios\"\n\t\t\tvalue=\"29\"\n\t\t\tdata-label=\"Cambio Aceite\"\n\t\t\t\t\t\taria-label=\"Cambio Aceite\"\n\t\t\t\t\t>\n\t\t<div class=\"jet-color-image-list__button\">\n\t\t\t\t\t\t\t<span class=\"jet-color-image-list__decorator\">\n\t\t\t\t\t\t\t\t\t\t\t\t\t\t\t\t<span class=\"jet-color-image-list__image\"><img decoding=\"async\" src=\"https:\/\/www.expertservicecar.com\/wp-content\/uploads\/2021\/04\/cambio_aceite.svg\" alt=\"Cambio Aceite\" title=\"\"><\/span>\n\t\t\t\t\t\t\t\t\t<\/span>\n\t\t\t\t\t\t\t\t\t\t<span class=\"jet-color-image-list__label\">Cambio Aceite<\/span>\n\t\t\t\t\t\t\t\t<\/div>\n\t<\/label>\n<\/div><div class=\"jet-color-image-list__row jet-filter-row\">\n\t<label class=\"jet-color-image-list__item\" >\n\t\t<input\n\t\t\ttype=\"checkbox\"\n\t\t\tclass=\"jet-color-image-list__input\"\n\t\t\tname=\"servicios\"\n\t\t\tvalue=\"96\"\n\t\t\tdata-label=\"Carrocer\u00eda\"\n\t\t\t\t\t\taria-label=\"Carrocer\u00eda\"\n\t\t\t\t\t>\n\t\t<div class=\"jet-color-image-list__button\">\n\t\t\t\t\t\t\t<span class=\"jet-color-image-list__decorator\">\n\t\t\t\t\t\t\t\t\t\t\t\t\t\t\t\t<span class=\"jet-color-image-list__image\"><img decoding=\"async\" src=\"https:\/\/www.expertservicecar.com\/wp-content\/uploads\/2021\/04\/carroceria.svg\" alt=\"Carrocer\u00eda\" title=\"\"><\/span>\n\t\t\t\t\t\t\t\t\t<\/span>\n\t\t\t\t\t\t\t\t\t\t<span class=\"jet-color-image-list__label\">Carrocer\u00eda<\/span>\n\t\t\t\t\t\t\t\t<\/div>\n\t<\/label>\n<\/div><div class=\"jet-color-image-list__row jet-filter-row\">\n\t<label class=\"jet-color-image-list__item\" >\n\t\t<input\n\t\t\ttype=\"checkbox\"\n\t\t\tclass=\"jet-color-image-list__input\"\n\t\t\tname=\"servicios\"\n\t\t\tvalue=\"30\"\n\t\t\tdata-label=\"Climatizaci\u00f3n\"\n\t\t\t\t\t\taria-label=\"Climatizaci\u00f3n\"\n\t\t\t\t\t>\n\t\t<div class=\"jet-color-image-list__button\">\n\t\t\t\t\t\t\t<span class=\"jet-color-image-list__decorator\">\n\t\t\t\t\t\t\t\t\t\t\t\t\t\t\t\t<span class=\"jet-color-image-list__image\"><img decoding=\"async\" src=\"https:\/\/www.expertservicecar.com\/wp-content\/uploads\/2021\/04\/climatizacion-1.svg\" alt=\"Climatizaci\u00f3n\" title=\"\"><\/span>\n\t\t\t\t\t\t\t\t\t<\/span>\n\t\t\t\t\t\t\t\t\t\t<span class=\"jet-color-image-list__label\">Climatizaci\u00f3n<\/span>\n\t\t\t\t\t\t\t\t<\/div>\n\t<\/label>\n<\/div><div class=\"jet-color-image-list__row jet-filter-row\">\n\t<label class=\"jet-color-image-list__item\" >\n\t\t<input\n\t\t\ttype=\"checkbox\"\n\t\t\tclass=\"jet-color-image-list__input\"\n\t\t\tname=\"servicios\"\n\t\t\tvalue=\"31\"\n\t\t\tdata-label=\"Diagnosis\"\n\t\t\t\t\t\taria-label=\"Diagnosis\"\n\t\t\t\t\t>\n\t\t<div class=\"jet-color-image-list__button\">\n\t\t\t\t\t\t\t<span class=\"jet-color-image-list__decorator\">\n\t\t\t\t\t\t\t\t\t\t\t\t\t\t\t\t<span class=\"jet-color-image-list__image\"><img decoding=\"async\" src=\"https:\/\/www.expertservicecar.com\/wp-content\/uploads\/2021\/04\/diagnosis-1.svg\" alt=\"Diagnosis\" title=\"\"><\/span>\n\t\t\t\t\t\t\t\t\t<\/span>\n\t\t\t\t\t\t\t\t\t\t<span class=\"jet-color-image-list__label\">Diagnosis<\/span>\n\t\t\t\t\t\t\t\t<\/div>\n\t<\/label>\n<\/div><div class=\"jet-color-image-list__row jet-filter-row\">\n\t<label class=\"jet-color-image-list__item\" >\n\t\t<input\n\t\t\ttype=\"checkbox\"\n\t\t\tclass=\"jet-color-image-list__input\"\n\t\t\tname=\"servicios\"\n\t\t\tvalue=\"32\"\n\t\t\tdata-label=\"Distribuci\u00f3n\"\n\t\t\t\t\t\taria-label=\"Distribuci\u00f3n\"\n\t\t\t\t\t>\n\t\t<div class=\"jet-color-image-list__button\">\n\t\t\t\t\t\t\t<span class=\"jet-color-image-list__decorator\">\n\t\t\t\t\t\t\t\t\t\t\t\t\t\t\t\t<span class=\"jet-color-image-list__image\"><img decoding=\"async\" src=\"https:\/\/www.expertservicecar.com\/wp-content\/uploads\/2021\/04\/distribucion-1.svg\" alt=\"Distribuci\u00f3n\" title=\"\"><\/span>\n\t\t\t\t\t\t\t\t\t<\/span>\n\t\t\t\t\t\t\t\t\t\t<span class=\"jet-color-image-list__label\">Distribuci\u00f3n<\/span>\n\t\t\t\t\t\t\t\t<\/div>\n\t<\/label>\n<\/div><div class=\"jet-color-image-list__row jet-filter-row\">\n\t<label class=\"jet-color-image-list__item\" >\n\t\t<input\n\t\t\ttype=\"checkbox\"\n\t\t\tclass=\"jet-color-image-list__input\"\n\t\t\tname=\"servicios\"\n\t\t\tvalue=\"33\"\n\t\t\tdata-label=\"Electr\u00f3nica\"\n\t\t\t\t\t\taria-label=\"Electr\u00f3nica\"\n\t\t\t\t\t>\n\t\t<div class=\"jet-color-image-list__button\">\n\t\t\t\t\t\t\t<span class=\"jet-color-image-list__decorator\">\n\t\t\t\t\t\t\t\t\t\t\t\t\t\t\t\t<span class=\"jet-color-image-list__image\"><img decoding=\"async\" src=\"https:\/\/www.expertservicecar.com\/wp-content\/uploads\/2021\/04\/electronica-1.svg\" alt=\"Electr\u00f3nica\" title=\"\"><\/span>\n\t\t\t\t\t\t\t\t\t<\/span>\n\t\t\t\t\t\t\t\t\t\t<span class=\"jet-color-image-list__label\">Electr\u00f3nica<\/span>\n\t\t\t\t\t\t\t\t<\/div>\n\t<\/label>\n<\/div><div class=\"jet-color-image-list__row jet-filter-row\">\n\t<label class=\"jet-color-image-list__item\" >\n\t\t<input\n\t\t\ttype=\"checkbox\"\n\t\t\tclass=\"jet-color-image-list__input\"\n\t\t\tname=\"servicios\"\n\t\t\tvalue=\"34\"\n\t\t\tdata-label=\"Escapes\"\n\t\t\t\t\t\taria-label=\"Escapes\"\n\t\t\t\t\t>\n\t\t<div class=\"jet-color-image-list__button\">\n\t\t\t\t\t\t\t<span class=\"jet-color-image-list__decorator\">\n\t\t\t\t\t\t\t\t\t\t\t\t\t\t\t\t<span class=\"jet-color-image-list__image\"><img decoding=\"async\" src=\"https:\/\/www.expertservicecar.com\/wp-content\/uploads\/2021\/04\/escapes-1.svg\" alt=\"Escapes\" title=\"\"><\/span>\n\t\t\t\t\t\t\t\t\t<\/span>\n\t\t\t\t\t\t\t\t\t\t<span class=\"jet-color-image-list__label\">Escapes<\/span>\n\t\t\t\t\t\t\t\t<\/div>\n\t<\/label>\n<\/div><div class=\"jet-color-image-list__row jet-filter-row\">\n\t<label class=\"jet-color-image-list__item\" >\n\t\t<input\n\t\t\ttype=\"checkbox\"\n\t\t\tclass=\"jet-color-image-list__input\"\n\t\t\tname=\"servicios\"\n\t\t\tvalue=\"35\"\n\t\t\tdata-label=\"Frenos\"\n\t\t\t\t\t\taria-label=\"Frenos\"\n\t\t\t\t\t>\n\t\t<div class=\"jet-color-image-list__button\">\n\t\t\t\t\t\t\t<span class=\"jet-color-image-list__decorator\">\n\t\t\t\t\t\t\t\t\t\t\t\t\t\t\t\t<span class=\"jet-color-image-list__image\"><img decoding=\"async\" src=\"https:\/\/www.expertservicecar.com\/wp-content\/uploads\/2021\/04\/frenos-1.svg\" alt=\"Frenos\" title=\"\"><\/span>\n\t\t\t\t\t\t\t\t\t<\/span>\n\t\t\t\t\t\t\t\t\t\t<span class=\"jet-color-image-list__label\">Frenos<\/span>\n\t\t\t\t\t\t\t\t<\/div>\n\t<\/label>\n<\/div><div class=\"jet-color-image-list__row jet-filter-row\">\n\t<label class=\"jet-color-image-list__item\" >\n\t\t<input\n\t\t\ttype=\"checkbox\"\n\t\t\tclass=\"jet-color-image-list__input\"\n\t\t\tname=\"servicios\"\n\t\t\tvalue=\"36\"\n\t\t\tdata-label=\"Mec\u00e1nica General\"\n\t\t\t\t\t\taria-label=\"Mec\u00e1nica General\"\n\t\t\t\t\t>\n\t\t<div class=\"jet-color-image-list__button\">\n\t\t\t\t\t\t\t<span class=\"jet-color-image-list__decorator\">\n\t\t\t\t\t\t\t\t\t\t\t\t\t\t\t\t<span class=\"jet-color-image-list__image\"><img decoding=\"async\" src=\"https:\/\/www.expertservicecar.com\/wp-content\/uploads\/2021\/04\/mecanica_general.svg\" alt=\"Mec\u00e1nica General\" title=\"\"><\/span>\n\t\t\t\t\t\t\t\t\t<\/span>\n\t\t\t\t\t\t\t\t\t\t<span class=\"jet-color-image-list__label\">Mec\u00e1nica General<\/span>\n\t\t\t\t\t\t\t\t<\/div>\n\t<\/label>\n<\/div><div class=\"jet-color-image-list__row jet-filter-row\">\n\t<label class=\"jet-color-image-list__item\" >\n\t\t<input\n\t\t\ttype=\"checkbox\"\n\t\t\tclass=\"jet-color-image-list__input\"\n\t\t\tname=\"servicios\"\n\t\t\tvalue=\"37\"\n\t\t\tdata-label=\"Neum\u00e1ticos\"\n\t\t\t\t\t\taria-label=\"Neum\u00e1ticos\"\n\t\t\t\t\t>\n\t\t<div class=\"jet-color-image-list__button\">\n\t\t\t\t\t\t\t<span class=\"jet-color-image-list__decorator\">\n\t\t\t\t\t\t\t\t\t\t\t\t\t\t\t\t<span class=\"jet-color-image-list__image\"><img decoding=\"async\" src=\"https:\/\/www.expertservicecar.com\/wp-content\/uploads\/2021\/04\/neumaticos-1.svg\" alt=\"Neum\u00e1ticos\" title=\"\"><\/span>\n\t\t\t\t\t\t\t\t\t<\/span>\n\t\t\t\t\t\t\t\t\t\t<span class=\"jet-color-image-list__label\">Neum\u00e1ticos<\/span>\n\t\t\t\t\t\t\t\t<\/div>\n\t<\/label>\n<\/div><div class=\"jet-color-image-list__row jet-filter-row\">\n\t<label class=\"jet-color-image-list__item\" >\n\t\t<input\n\t\t\ttype=\"checkbox\"\n\t\t\tclass=\"jet-color-image-list__input\"\n\t\t\tname=\"servicios\"\n\t\t\tvalue=\"39\"\n\t\t\tdata-label=\"Pre-ITV\"\n\t\t\t\t\t\taria-label=\"Pre-ITV\"\n\t\t\t\t\t>\n\t\t<div class=\"jet-color-image-list__button\">\n\t\t\t\t\t\t\t<span class=\"jet-color-image-list__decorator\">\n\t\t\t\t\t\t\t\t\t\t\t\t\t\t\t\t<span class=\"jet-color-image-list__image\"><img decoding=\"async\" src=\"https:\/\/www.expertservicecar.com\/wp-content\/uploads\/2021\/04\/pre-itv.svg\" alt=\"Pre-ITV\" title=\"\"><\/span>\n\t\t\t\t\t\t\t\t\t<\/span>\n\t\t\t\t\t\t\t\t\t\t<span class=\"jet-color-image-list__label\">Pre-ITV<\/span>\n\t\t\t\t\t\t\t\t<\/div>\n\t<\/label>\n<\/div><div class=\"jet-color-image-list__row jet-filter-row\">\n\t<label class=\"jet-color-image-list__item\" >\n\t\t<input\n\t\t\ttype=\"checkbox\"\n\t\t\tclass=\"jet-color-image-list__input\"\n\t\t\tname=\"servicios\"\n\t\t\tvalue=\"40\"\n\t\t\tdata-label=\"Revisi\u00f3n\"\n\t\t\t\t\t\taria-label=\"Revisi\u00f3n\"\n\t\t\t\t\t>\n\t\t<div class=\"jet-color-image-list__button\">\n\t\t\t\t\t\t\t<span class=\"jet-color-image-list__decorator\">\n\t\t\t\t\t\t\t\t\t\t\t\t\t\t\t\t<span class=\"jet-color-image-list__image\"><img decoding=\"async\" src=\"https:\/\/www.expertservicecar.com\/wp-content\/uploads\/2021\/04\/revision-1.svg\" alt=\"Revisi\u00f3n\" title=\"\"><\/span>\n\t\t\t\t\t\t\t\t\t<\/span>\n\t\t\t\t\t\t\t\t\t\t<span class=\"jet-color-image-list__label\">Revisi\u00f3n<\/span>\n\t\t\t\t\t\t\t\t<\/div>\n\t<\/label>\n<\/div><div class=\"jet-color-image-list__row jet-filter-row\">\n\t<label class=\"jet-color-image-list__item\" >\n\t\t<input\n\t\t\ttype=\"checkbox\"\n\t\t\tclass=\"jet-color-image-list__input\"\n\t\t\tname=\"servicios\"\n\t\t\tvalue=\"41\"\n\t\t\tdata-label=\"Suspensi\u00f3n\"\n\t\t\t\t\t\taria-label=\"Suspensi\u00f3n\"\n\t\t\t\t\t>\n\t\t<div class=\"jet-color-image-list__button\">\n\t\t\t\t\t\t\t<span class=\"jet-color-image-list__decorator\">\n\t\t\t\t\t\t\t\t\t\t\t\t\t\t\t\t<span class=\"jet-color-image-list__image\"><img decoding=\"async\" src=\"https:\/\/www.expertservicecar.com\/wp-content\/uploads\/2021\/04\/suspension-1.svg\" alt=\"Suspensi\u00f3n\" title=\"\"><\/span>\n\t\t\t\t\t\t\t\t\t<\/span>\n\t\t\t\t\t\t\t\t\t\t<span class=\"jet-color-image-list__label\">Suspensi\u00f3n<\/span>\n\t\t\t\t\t\t\t\t<\/div>\n\t<\/label>\n<\/div><div class=\"jet-color-image-list__row jet-filter-row\">\n\t<label class=\"jet-color-image-list__item\" >\n\t\t<input\n\t\t\ttype=\"checkbox\"\n\t\t\tclass=\"jet-color-image-list__input\"\n\t\t\tname=\"servicios\"\n\t\t\tvalue=\"42\"\n\t\t\tdata-label=\"Visibilidad\"\n\t\t\t\t\t\taria-label=\"Visibilidad\"\n\t\t\t\t\t>\n\t\t<div class=\"jet-color-image-list__button\">\n\t\t\t\t\t\t\t<span class=\"jet-color-image-list__decorator\">\n\t\t\t\t\t\t\t\t\t\t\t\t\t\t\t\t<span class=\"jet-color-image-list__image\"><img decoding=\"async\" src=\"https:\/\/www.expertservicecar.com\/wp-content\/uploads\/2021\/04\/visibilidad-1.svg\" alt=\"Visibilidad\" title=\"\"><\/span>\n\t\t\t\t\t\t\t\t\t<\/span>\n\t\t\t\t\t\t\t\t\t\t<span class=\"jet-color-image-list__label\">Visibilidad<\/span>\n\t\t\t\t\t\t\t\t<\/div>\n\t<\/label>\n<\/div><\/fieldset><\/form><\/div>\n<\/div><div class=\"apply-filters\">\n\t<button\n\t\ttype=\"button\"\n\t\tclass=\"apply-filters__button\"\n\t\t\t\t\t>Aplicar<\/button>\n<\/div>\t\t\t\t<\/div>\n\t\t\t\t<\/div>\n\t\t\t\t\t<\/div>\n\t\t<\/div>\n\t\t\t\t\t<\/div>\n\t\t<\/div>\n\t\t\t\t<\/div>\n\t\t<\/div>\n<\/div><\/div>\n<\/div>\n<\/div>\t\t\t\t<\/div>\n\t\t\t\t<\/div>\n\t\t\t\t\t<\/div>\n\t\t<\/div>\n\t\t\t\t<div class=\"elementor-column elementor-col-33 elementor-top-column elementor-element elementor-element-8d919ac\" data-id=\"8d919ac\" data-element_type=\"column\" data-e-type=\"column\">\n\t\t\t<div class=\"elementor-widget-wrap\">\n\t\t\t\t\t\t\t<\/div>\n\t\t<\/div>\n\t\t\t\t\t<\/div>\n\t\t<\/section>\n\t\t\t\t<section class=\"elementor-section elementor-top-section elementor-element elementor-element-6a9b013 elementor-section-content-middle elementor-section-full_width elementor-section-height-default elementor-section-height-default\" data-id=\"6a9b013\" data-element_type=\"section\" data-e-type=\"section\">\n\t\t\t\t\t\t<div class=\"elementor-container elementor-column-gap-default\">\n\t\t\t\t\t<div class=\"jet-sticky-column elementor-column elementor-col-50 elementor-top-column elementor-element elementor-element-0bc465c\" data-jet-settings=\"{&quot;id&quot;:&quot;0bc465c&quot;,&quot;sticky&quot;:true,&quot;topSpacing&quot;:50,&quot;bottomSpacing&quot;:50,&quot;stickyOn&quot;:[&quot;desktop&quot;,&quot;tablet&quot;]}\" data-id=\"0bc465c\" data-element_type=\"column\" data-e-type=\"column\">\n\t\t\t<div class=\"elementor-widget-wrap elementor-element-populated\">\n\t\t\t\t\t\t<div class=\"elementor-element elementor-element-04a273d elementor-widget elementor-widget-jet-listing-grid\" data-id=\"04a273d\" data-element_type=\"widget\" data-e-type=\"widget\" data-settings=\"{&quot;columns&quot;:&quot;1&quot;}\" data-widget_type=\"jet-listing-grid.default\">\n\t\t\t\t<div class=\"elementor-widget-container\">\n\t\t\t\t\t<div class=\"jet-listing-grid jet-listing\"><div class=\"jet-listing-grid__items grid-col-desk-1 grid-col-tablet-1 grid-col-mobile-1 jet-listing-grid--524 jet-equal-columns__wrapper\" data-queried-id=\"7324|WP_Post\" data-nav=\"{&quot;enabled&quot;:false,&quot;type&quot;:null,&quot;more_el&quot;:null,&quot;query&quot;:[],&quot;widget_settings&quot;:{&quot;lisitng_id&quot;:524,&quot;posts_num&quot;:300,&quot;columns&quot;:1,&quot;columns_tablet&quot;:1,&quot;columns_mobile&quot;:1,&quot;is_archive_template&quot;:&quot;&quot;,&quot;post_status&quot;:[&quot;publish&quot;],&quot;use_random_posts_num&quot;:&quot;&quot;,&quot;max_posts_num&quot;:9,&quot;not_found_message&quot;:&quot;No data was found&quot;,&quot;is_masonry&quot;:false,&quot;equal_columns_height&quot;:&quot;yes&quot;,&quot;use_load_more&quot;:&quot;&quot;,&quot;load_more_id&quot;:&quot;&quot;,&quot;load_more_type&quot;:&quot;click&quot;,&quot;load_more_offset&quot;:{&quot;unit&quot;:&quot;px&quot;,&quot;size&quot;:0,&quot;sizes&quot;:[]},&quot;use_custom_post_types&quot;:&quot;&quot;,&quot;custom_post_types&quot;:[],&quot;hide_widget_if&quot;:&quot;&quot;,&quot;carousel_enabled&quot;:&quot;&quot;,&quot;slides_to_scroll&quot;:&quot;1&quot;,&quot;arrows&quot;:&quot;true&quot;,&quot;arrow_icon&quot;:&quot;fa fa-angle-left&quot;,&quot;dots&quot;:&quot;&quot;,&quot;autoplay&quot;:&quot;true&quot;,&quot;pause_on_hover&quot;:&quot;true&quot;,&quot;autoplay_speed&quot;:5000,&quot;infinite&quot;:&quot;true&quot;,&quot;center_mode&quot;:&quot;&quot;,&quot;effect&quot;:&quot;slide&quot;,&quot;speed&quot;:500,&quot;inject_alternative_items&quot;:&quot;&quot;,&quot;injection_items&quot;:[],&quot;scroll_slider_enabled&quot;:&quot;&quot;,&quot;scroll_slider_on&quot;:[&quot;desktop&quot;,&quot;tablet&quot;,&quot;mobile&quot;],&quot;custom_query&quot;:false,&quot;custom_query_id&quot;:&quot;&quot;,&quot;_element_id&quot;:&quot;&quot;,&quot;collapse_first_last_gap&quot;:false,&quot;list_items_wrapper_tag&quot;:&quot;div&quot;,&quot;list_item_tag&quot;:&quot;div&quot;,&quot;empty_items_wrapper_tag&quot;:&quot;div&quot;}}\" data-page=\"1\" data-pages=\"1\" data-listing-source=\"posts\" data-listing-id=\"524\" data-query-id=\"\"><div class=\"jet-listing-grid__item jet-listing-dynamic-post-7270 jet-equal-columns\" data-post-id=\"7270\" >\t\t<div data-elementor-type=\"jet-listing-items\" data-elementor-id=\"524\" class=\"elementor elementor-524\" data-elementor-post-type=\"jet-engine\">\n\t\t\t\t\t\t<section class=\"elementor-section elementor-top-section elementor-element elementor-element-ef0c760 elementor-section-content-middle elementor-section-boxed elementor-section-height-default elementor-section-height-default\" data-id=\"ef0c760\" data-element_type=\"section\" data-e-type=\"section\" data-settings=\"{&quot;background_background&quot;:&quot;classic&quot;}\">\n\t\t\t\t\t\t<div class=\"elementor-container elementor-column-gap-default\">\n\t\t\t\t\t<div class=\"elementor-column elementor-col-50 elementor-top-column elementor-element elementor-element-f3770a2\" data-id=\"f3770a2\" data-element_type=\"column\" data-e-type=\"column\">\n\t\t\t<div class=\"elementor-widget-wrap elementor-element-populated\">\n\t\t\t\t\t\t<div class=\"elementor-element elementor-element-6788ee3 elementor-widget__width-auto elementor-widget elementor-widget-theme-post-title elementor-page-title elementor-widget-heading\" data-id=\"6788ee3\" data-element_type=\"widget\" data-e-type=\"widget\" data-widget_type=\"theme-post-title.default\">\n\t\t\t\t<div class=\"elementor-widget-container\">\n\t\t\t\t\t<h5 class=\"elementor-heading-title elementor-size-default\"><a href=\"https:\/\/www.expertservicecar.com\/pt-pt\/taller\/a-y-j-autos-siguenza\/\">A Y J AUTOS SIG\u00dcENZA<\/a><\/h5>\t\t\t\t<\/div>\n\t\t\t\t<\/div>\n\t\t\t\t<section class=\"elementor-section elementor-inner-section elementor-element elementor-element-dcd0ceb elementor-section-boxed elementor-section-height-default elementor-section-height-default\" data-id=\"dcd0ceb\" data-element_type=\"section\" data-e-type=\"section\">\n\t\t\t\t\t\t<div class=\"elementor-container elementor-column-gap-default\">\n\t\t\t\t\t<div class=\"elementor-column elementor-col-100 elementor-inner-column elementor-element elementor-element-aed0068\" data-id=\"aed0068\" data-element_type=\"column\" data-e-type=\"column\">\n\t\t\t<div class=\"elementor-widget-wrap elementor-element-populated\">\n\t\t\t\t\t\t<div class=\"elementor-element elementor-element-601cf1d elementor-widget__width-auto elementor-widget-mobile__width-auto elementor-widget elementor-widget-jet-listing-dynamic-field\" data-id=\"601cf1d\" data-element_type=\"widget\" data-e-type=\"widget\" data-widget_type=\"jet-listing-dynamic-field.default\">\n\t\t\t\t<div class=\"elementor-widget-container\">\n\t\t\t\t\t<div class=\"jet-listing jet-listing-dynamic-field display-inline\"><div class=\"jet-listing-dynamic-field__inline-wrap\"><span class=\"jet-listing-dynamic-field__content\"><p>Poligono Industrial Los Llanillos p6, 19250 Sig\u00fcenza, Guadalajara<\/p>\n<\/span><\/div><\/div>\t\t\t\t<\/div>\n\t\t\t\t<\/div>\n\t\t\t\t<div class=\"elementor-element elementor-element-1898eca elementor-widget elementor-widget-jet-listing-dynamic-link\" data-id=\"1898eca\" data-element_type=\"widget\" data-e-type=\"widget\" data-widget_type=\"jet-listing-dynamic-link.default\">\n\t\t\t\t<div class=\"elementor-widget-container\">\n\t\t\t\t\t<span class=\"jet-listing jet-listing-dynamic-link\"><a href=\"tel:949828131\" class=\"jet-listing-dynamic-link__link\"><i class=\"jet-listing-dynamic-link__icon fas fa-phone-alt\" aria-hidden=\"true\"><\/i><span class=\"jet-listing-dynamic-link__label\">949828131<\/span><\/a><\/span>\t\t\t\t<\/div>\n\t\t\t\t<\/div>\n\t\t\t\t<div class=\"elementor-element elementor-element-0329474 elementor-hidden-phone elementor-widget elementor-widget-jet-listing-dynamic-link\" data-id=\"0329474\" data-element_type=\"widget\" data-e-type=\"widget\" data-widget_type=\"jet-listing-dynamic-link.default\">\n\t\t\t\t<div class=\"elementor-widget-container\">\n\t\t\t\t\t<span class=\"jet-listing jet-listing-dynamic-link\"><a href=\"tel:609140739\" class=\"jet-listing-dynamic-link__link\"><i class=\"jet-listing-dynamic-link__icon oi oi-phone\" aria-hidden=\"true\"><\/i><span class=\"jet-listing-dynamic-link__label\">609140739<\/span><\/a><\/span>\t\t\t\t<\/div>\n\t\t\t\t<\/div>\n\t\t\t\t\t<\/div>\n\t\t<\/div>\n\t\t\t\t\t<\/div>\n\t\t<\/section>\n\t\t\t\t\t<\/div>\n\t\t<\/div>\n\t\t\t\t<div class=\"elementor-column elementor-col-50 elementor-top-column elementor-element elementor-element-bb24a8e\" data-id=\"bb24a8e\" data-element_type=\"column\" data-e-type=\"column\">\n\t\t\t<div class=\"elementor-widget-wrap elementor-element-populated\">\n\t\t\t\t\t\t<div class=\"elementor-element elementor-element-b78d0e4 elementor-widget elementor-widget-image\" data-id=\"b78d0e4\" data-element_type=\"widget\" data-e-type=\"widget\" data-widget_type=\"image.default\">\n\t\t\t\t<div class=\"elementor-widget-container\">\n\t\t\t\t\t\t\t\t\t\t\t\t\t\t\t\t<a href=\"https:\/\/www.expertservicecar.com\/pt-pt\/taller\/a-y-j-autos-siguenza\/\">\n\t\t\t\t\t\t\t<img decoding=\"async\" width=\"300\" height=\"137\" src=\"https:\/\/www.expertservicecar.com\/wp-content\/uploads\/2024\/01\/Captura-de-pantalla-2024-01-10-100215-300x137.jpg\" class=\"attachment-medium size-medium wp-image-7271\" alt=\"\" srcset=\"https:\/\/www.expertservicecar.com\/wp-content\/uploads\/2024\/01\/Captura-de-pantalla-2024-01-10-100215-300x137.jpg 300w, https:\/\/www.expertservicecar.com\/wp-content\/uploads\/2024\/01\/Captura-de-pantalla-2024-01-10-100215-1024x467.jpg 1024w, https:\/\/www.expertservicecar.com\/wp-content\/uploads\/2024\/01\/Captura-de-pantalla-2024-01-10-100215-768x350.jpg 768w, https:\/\/www.expertservicecar.com\/wp-content\/uploads\/2024\/01\/Captura-de-pantalla-2024-01-10-100215-1536x700.jpg 1536w, https:\/\/www.expertservicecar.com\/wp-content\/uploads\/2024\/01\/Captura-de-pantalla-2024-01-10-100215-600x273.jpg 600w, https:\/\/www.expertservicecar.com\/wp-content\/uploads\/2024\/01\/Captura-de-pantalla-2024-01-10-100215.jpg 1870w\" sizes=\"(max-width: 300px) 100vw, 300px\" title=\"\">\t\t\t\t\t\t\t\t<\/a>\n\t\t\t\t\t\t\t\t\t\t\t\t\t\t\t<\/div>\n\t\t\t\t<\/div>\n\t\t\t\t\t<\/div>\n\t\t<\/div>\n\t\t\t\t\t<\/div>\n\t\t<\/section>\n\t\t\t\t<\/div>\n\t\t<\/div><div class=\"jet-listing-grid__item jet-listing-dynamic-post-5943 jet-equal-columns\" data-post-id=\"5943\" >\t\t<div data-elementor-type=\"jet-listing-items\" data-elementor-id=\"524\" class=\"elementor elementor-524\" data-elementor-post-type=\"jet-engine\">\n\t\t\t\t\t\t<section class=\"elementor-section elementor-top-section elementor-element elementor-element-ef0c760 elementor-section-content-middle elementor-section-boxed elementor-section-height-default elementor-section-height-default\" data-id=\"ef0c760\" data-element_type=\"section\" data-e-type=\"section\" data-settings=\"{&quot;background_background&quot;:&quot;classic&quot;}\">\n\t\t\t\t\t\t<div class=\"elementor-container elementor-column-gap-default\">\n\t\t\t\t\t<div class=\"elementor-column elementor-col-50 elementor-top-column elementor-element elementor-element-f3770a2\" data-id=\"f3770a2\" data-element_type=\"column\" data-e-type=\"column\">\n\t\t\t<div class=\"elementor-widget-wrap elementor-element-populated\">\n\t\t\t\t\t\t<div class=\"elementor-element elementor-element-6788ee3 elementor-widget__width-auto elementor-widget elementor-widget-theme-post-title elementor-page-title elementor-widget-heading\" data-id=\"6788ee3\" data-element_type=\"widget\" data-e-type=\"widget\" data-widget_type=\"theme-post-title.default\">\n\t\t\t\t<div class=\"elementor-widget-container\">\n\t\t\t\t\t<h5 class=\"elementor-heading-title elementor-size-default\"><a href=\"https:\/\/www.expertservicecar.com\/pt-pt\/taller\/abicar\/\">Abicar<\/a><\/h5>\t\t\t\t<\/div>\n\t\t\t\t<\/div>\n\t\t\t\t<section class=\"elementor-section elementor-inner-section elementor-element elementor-element-dcd0ceb elementor-section-boxed elementor-section-height-default elementor-section-height-default\" data-id=\"dcd0ceb\" data-element_type=\"section\" data-e-type=\"section\">\n\t\t\t\t\t\t<div class=\"elementor-container elementor-column-gap-default\">\n\t\t\t\t\t<div class=\"elementor-column elementor-col-100 elementor-inner-column elementor-element elementor-element-aed0068\" data-id=\"aed0068\" data-element_type=\"column\" data-e-type=\"column\">\n\t\t\t<div class=\"elementor-widget-wrap elementor-element-populated\">\n\t\t\t\t\t\t<div class=\"elementor-element elementor-element-601cf1d elementor-widget__width-auto elementor-widget-mobile__width-auto elementor-widget elementor-widget-jet-listing-dynamic-field\" data-id=\"601cf1d\" data-element_type=\"widget\" data-e-type=\"widget\" data-widget_type=\"jet-listing-dynamic-field.default\">\n\t\t\t\t<div class=\"elementor-widget-container\">\n\t\t\t\t\t<div class=\"jet-listing jet-listing-dynamic-field display-inline\"><div class=\"jet-listing-dynamic-field__inline-wrap\"><span class=\"jet-listing-dynamic-field__content\"><p>Calle Industrial III- C\/XIV, Parcela 216<br \/>\n13200 Manzanares<br \/>\nCiudad Real<\/p>\n<\/span><\/div><\/div>\t\t\t\t<\/div>\n\t\t\t\t<\/div>\n\t\t\t\t<div class=\"elementor-element elementor-element-1898eca elementor-widget elementor-widget-jet-listing-dynamic-link\" data-id=\"1898eca\" data-element_type=\"widget\" data-e-type=\"widget\" data-widget_type=\"jet-listing-dynamic-link.default\">\n\t\t\t\t<div class=\"elementor-widget-container\">\n\t\t\t\t\t<span class=\"jet-listing jet-listing-dynamic-link\"><a href=\"tel:926620621\" class=\"jet-listing-dynamic-link__link\"><i class=\"jet-listing-dynamic-link__icon fas fa-phone-alt\" aria-hidden=\"true\"><\/i><span class=\"jet-listing-dynamic-link__label\">926620621<\/span><\/a><\/span>\t\t\t\t<\/div>\n\t\t\t\t<\/div>\n\t\t\t\t\t<\/div>\n\t\t<\/div>\n\t\t\t\t\t<\/div>\n\t\t<\/section>\n\t\t\t\t\t<\/div>\n\t\t<\/div>\n\t\t\t\t<div class=\"elementor-column elementor-col-50 elementor-top-column elementor-element elementor-element-bb24a8e\" data-id=\"bb24a8e\" data-element_type=\"column\" data-e-type=\"column\">\n\t\t\t<div class=\"elementor-widget-wrap elementor-element-populated\">\n\t\t\t\t\t\t<div class=\"elementor-element elementor-element-b78d0e4 elementor-widget elementor-widget-image\" data-id=\"b78d0e4\" data-element_type=\"widget\" data-e-type=\"widget\" data-widget_type=\"image.default\">\n\t\t\t\t<div class=\"elementor-widget-container\">\n\t\t\t\t\t\t\t\t\t\t\t\t\t\t\t\t<a href=\"https:\/\/www.expertservicecar.com\/pt-pt\/taller\/abicar\/\">\n\t\t\t\t\t\t\t<img fetchpriority=\"high\" decoding=\"async\" width=\"300\" height=\"217\" src=\"https:\/\/www.expertservicecar.com\/wp-content\/uploads\/2021\/10\/exterior_1882_abicar_foto_para_web_esc_original-copia-300x217.png\" class=\"attachment-medium size-medium wp-image-5944\" alt=\"\" srcset=\"https:\/\/www.expertservicecar.com\/wp-content\/uploads\/2021\/10\/exterior_1882_abicar_foto_para_web_esc_original-copia-300x217.png 300w, https:\/\/www.expertservicecar.com\/wp-content\/uploads\/2021\/10\/exterior_1882_abicar_foto_para_web_esc_original-copia-1024x739.png 1024w, https:\/\/www.expertservicecar.com\/wp-content\/uploads\/2021\/10\/exterior_1882_abicar_foto_para_web_esc_original-copia-768x554.png 768w, https:\/\/www.expertservicecar.com\/wp-content\/uploads\/2021\/10\/exterior_1882_abicar_foto_para_web_esc_original-copia-1536x1109.png 1536w, https:\/\/www.expertservicecar.com\/wp-content\/uploads\/2021\/10\/exterior_1882_abicar_foto_para_web_esc_original-copia-600x433.png 600w, https:\/\/www.expertservicecar.com\/wp-content\/uploads\/2021\/10\/exterior_1882_abicar_foto_para_web_esc_original-copia.png 1600w\" sizes=\"(max-width: 300px) 100vw, 300px\" title=\"\">\t\t\t\t\t\t\t\t<\/a>\n\t\t\t\t\t\t\t\t\t\t\t\t\t\t\t<\/div>\n\t\t\t\t<\/div>\n\t\t\t\t\t<\/div>\n\t\t<\/div>\n\t\t\t\t\t<\/div>\n\t\t<\/section>\n\t\t\t\t<\/div>\n\t\t<\/div><div class=\"jet-listing-grid__item jet-listing-dynamic-post-5420 jet-equal-columns\" data-post-id=\"5420\" >\t\t<div data-elementor-type=\"jet-listing-items\" data-elementor-id=\"524\" class=\"elementor elementor-524\" data-elementor-post-type=\"jet-engine\">\n\t\t\t\t\t\t<section class=\"elementor-section elementor-top-section elementor-element elementor-element-ef0c760 elementor-section-content-middle elementor-section-boxed elementor-section-height-default elementor-section-height-default\" data-id=\"ef0c760\" data-element_type=\"section\" data-e-type=\"section\" data-settings=\"{&quot;background_background&quot;:&quot;classic&quot;}\">\n\t\t\t\t\t\t<div class=\"elementor-container elementor-column-gap-default\">\n\t\t\t\t\t<div class=\"elementor-column elementor-col-50 elementor-top-column elementor-element elementor-element-f3770a2\" data-id=\"f3770a2\" data-element_type=\"column\" data-e-type=\"column\">\n\t\t\t<div class=\"elementor-widget-wrap elementor-element-populated\">\n\t\t\t\t\t\t<div class=\"elementor-element elementor-element-6788ee3 elementor-widget__width-auto elementor-widget elementor-widget-theme-post-title elementor-page-title elementor-widget-heading\" data-id=\"6788ee3\" data-element_type=\"widget\" data-e-type=\"widget\" data-widget_type=\"theme-post-title.default\">\n\t\t\t\t<div class=\"elementor-widget-container\">\n\t\t\t\t\t<h5 class=\"elementor-heading-title elementor-size-default\"><a href=\"https:\/\/www.expertservicecar.com\/pt-pt\/taller\/ag-automocion\/\">AG Automoci\u00f3n<\/a><\/h5>\t\t\t\t<\/div>\n\t\t\t\t<\/div>\n\t\t\t\t<section class=\"elementor-section elementor-inner-section elementor-element elementor-element-dcd0ceb elementor-section-boxed elementor-section-height-default elementor-section-height-default\" data-id=\"dcd0ceb\" data-element_type=\"section\" data-e-type=\"section\">\n\t\t\t\t\t\t<div class=\"elementor-container elementor-column-gap-default\">\n\t\t\t\t\t<div class=\"elementor-column elementor-col-100 elementor-inner-column elementor-element elementor-element-aed0068\" data-id=\"aed0068\" data-element_type=\"column\" data-e-type=\"column\">\n\t\t\t<div class=\"elementor-widget-wrap elementor-element-populated\">\n\t\t\t\t\t\t<div class=\"elementor-element elementor-element-601cf1d elementor-widget__width-auto elementor-widget-mobile__width-auto elementor-widget elementor-widget-jet-listing-dynamic-field\" data-id=\"601cf1d\" data-element_type=\"widget\" data-e-type=\"widget\" data-widget_type=\"jet-listing-dynamic-field.default\">\n\t\t\t\t<div class=\"elementor-widget-container\">\n\t\t\t\t\t<div class=\"jet-listing jet-listing-dynamic-field display-inline\"><div class=\"jet-listing-dynamic-field__inline-wrap\"><span class=\"jet-listing-dynamic-field__content\"><p>Calle Sta. Quiteria, 187,<br \/>\n30800 Lorca,<br \/>\nMurcia<\/p>\n<\/span><\/div><\/div>\t\t\t\t<\/div>\n\t\t\t\t<\/div>\n\t\t\t\t<div class=\"elementor-element elementor-element-1898eca elementor-widget elementor-widget-jet-listing-dynamic-link\" data-id=\"1898eca\" data-element_type=\"widget\" data-e-type=\"widget\" data-widget_type=\"jet-listing-dynamic-link.default\">\n\t\t\t\t<div class=\"elementor-widget-container\">\n\t\t\t\t\t<span class=\"jet-listing jet-listing-dynamic-link\"><a href=\"tel:968460274\" class=\"jet-listing-dynamic-link__link\"><i class=\"jet-listing-dynamic-link__icon fas fa-phone-alt\" aria-hidden=\"true\"><\/i><span class=\"jet-listing-dynamic-link__label\">968460274<\/span><\/a><\/span>\t\t\t\t<\/div>\n\t\t\t\t<\/div>\n\t\t\t\t<div class=\"elementor-element elementor-element-0329474 elementor-hidden-phone elementor-widget elementor-widget-jet-listing-dynamic-link\" data-id=\"0329474\" data-element_type=\"widget\" data-e-type=\"widget\" data-widget_type=\"jet-listing-dynamic-link.default\">\n\t\t\t\t<div class=\"elementor-widget-container\">\n\t\t\t\t\t<span class=\"jet-listing jet-listing-dynamic-link\"><a href=\"tel:629631747\" class=\"jet-listing-dynamic-link__link\"><i class=\"jet-listing-dynamic-link__icon oi oi-phone\" aria-hidden=\"true\"><\/i><span class=\"jet-listing-dynamic-link__label\">629631747<\/span><\/a><\/span>\t\t\t\t<\/div>\n\t\t\t\t<\/div>\n\t\t\t\t\t<\/div>\n\t\t<\/div>\n\t\t\t\t\t<\/div>\n\t\t<\/section>\n\t\t\t\t\t<\/div>\n\t\t<\/div>\n\t\t\t\t<div class=\"elementor-column elementor-col-50 elementor-top-column elementor-element elementor-element-bb24a8e\" data-id=\"bb24a8e\" data-element_type=\"column\" data-e-type=\"column\">\n\t\t\t<div class=\"elementor-widget-wrap elementor-element-populated\">\n\t\t\t\t\t\t<div class=\"elementor-element elementor-element-b78d0e4 elementor-widget elementor-widget-image\" data-id=\"b78d0e4\" data-element_type=\"widget\" data-e-type=\"widget\" data-widget_type=\"image.default\">\n\t\t\t\t<div class=\"elementor-widget-container\">\n\t\t\t\t\t\t\t\t\t\t\t\t\t\t\t\t<a href=\"https:\/\/www.expertservicecar.com\/pt-pt\/taller\/ag-automocion\/\">\n\t\t\t\t\t\t\t<img decoding=\"async\" width=\"300\" height=\"231\" src=\"https:\/\/www.expertservicecar.com\/wp-content\/uploads\/2021\/08\/AGAutomocion-300x231.jpg\" class=\"attachment-medium size-medium wp-image-5521\" alt=\"\" srcset=\"https:\/\/www.expertservicecar.com\/wp-content\/uploads\/2021\/08\/AGAutomocion-300x231.jpg 300w, https:\/\/www.expertservicecar.com\/wp-content\/uploads\/2021\/08\/AGAutomocion-1024x789.jpg 1024w, https:\/\/www.expertservicecar.com\/wp-content\/uploads\/2021\/08\/AGAutomocion-768x592.jpg 768w, https:\/\/www.expertservicecar.com\/wp-content\/uploads\/2021\/08\/AGAutomocion-600x462.jpg 600w, https:\/\/www.expertservicecar.com\/wp-content\/uploads\/2021\/08\/AGAutomocion.jpg 1167w\" sizes=\"(max-width: 300px) 100vw, 300px\" title=\"\">\t\t\t\t\t\t\t\t<\/a>\n\t\t\t\t\t\t\t\t\t\t\t\t\t\t\t<\/div>\n\t\t\t\t<\/div>\n\t\t\t\t\t<\/div>\n\t\t<\/div>\n\t\t\t\t\t<\/div>\n\t\t<\/section>\n\t\t\t\t<\/div>\n\t\t<\/div><div class=\"jet-listing-grid__item jet-listing-dynamic-post-6819 jet-equal-columns\" data-post-id=\"6819\" >\t\t<div data-elementor-type=\"jet-listing-items\" data-elementor-id=\"524\" class=\"elementor elementor-524\" data-elementor-post-type=\"jet-engine\">\n\t\t\t\t\t\t<section class=\"elementor-section elementor-top-section elementor-element elementor-element-ef0c760 elementor-section-content-middle elementor-section-boxed elementor-section-height-default elementor-section-height-default\" data-id=\"ef0c760\" data-element_type=\"section\" data-e-type=\"section\" data-settings=\"{&quot;background_background&quot;:&quot;classic&quot;}\">\n\t\t\t\t\t\t<div class=\"elementor-container elementor-column-gap-default\">\n\t\t\t\t\t<div class=\"elementor-column elementor-col-50 elementor-top-column elementor-element elementor-element-f3770a2\" data-id=\"f3770a2\" data-element_type=\"column\" data-e-type=\"column\">\n\t\t\t<div class=\"elementor-widget-wrap elementor-element-populated\">\n\t\t\t\t\t\t<div class=\"elementor-element elementor-element-6788ee3 elementor-widget__width-auto elementor-widget elementor-widget-theme-post-title elementor-page-title elementor-widget-heading\" data-id=\"6788ee3\" data-element_type=\"widget\" data-e-type=\"widget\" data-widget_type=\"theme-post-title.default\">\n\t\t\t\t<div class=\"elementor-widget-container\">\n\t\t\t\t\t<h5 class=\"elementor-heading-title elementor-size-default\"><a href=\"https:\/\/www.expertservicecar.com\/pt-pt\/taller\/alfaraz-motor\/\">Alfaraz Motor<\/a><\/h5>\t\t\t\t<\/div>\n\t\t\t\t<\/div>\n\t\t\t\t<section class=\"elementor-section elementor-inner-section elementor-element elementor-element-dcd0ceb elementor-section-boxed elementor-section-height-default elementor-section-height-default\" data-id=\"dcd0ceb\" data-element_type=\"section\" data-e-type=\"section\">\n\t\t\t\t\t\t<div class=\"elementor-container elementor-column-gap-default\">\n\t\t\t\t\t<div class=\"elementor-column elementor-col-100 elementor-inner-column elementor-element elementor-element-aed0068\" data-id=\"aed0068\" data-element_type=\"column\" data-e-type=\"column\">\n\t\t\t<div class=\"elementor-widget-wrap elementor-element-populated\">\n\t\t\t\t\t\t<div class=\"elementor-element elementor-element-601cf1d elementor-widget__width-auto elementor-widget-mobile__width-auto elementor-widget elementor-widget-jet-listing-dynamic-field\" data-id=\"601cf1d\" data-element_type=\"widget\" data-e-type=\"widget\" data-widget_type=\"jet-listing-dynamic-field.default\">\n\t\t\t\t<div class=\"elementor-widget-container\">\n\t\t\t\t\t<div class=\"jet-listing jet-listing-dynamic-field display-inline\"><div class=\"jet-listing-dynamic-field__inline-wrap\"><span class=\"jet-listing-dynamic-field__content\"><p>C. la Cierva, 19,<br \/>\n49024 Zamora<\/p>\n<\/span><\/div><\/div>\t\t\t\t<\/div>\n\t\t\t\t<\/div>\n\t\t\t\t<div class=\"elementor-element elementor-element-1898eca elementor-widget elementor-widget-jet-listing-dynamic-link\" data-id=\"1898eca\" data-element_type=\"widget\" data-e-type=\"widget\" data-widget_type=\"jet-listing-dynamic-link.default\">\n\t\t\t\t<div class=\"elementor-widget-container\">\n\t\t\t\t\t<span class=\"jet-listing jet-listing-dynamic-link\"><a href=\"tel:980514159\" class=\"jet-listing-dynamic-link__link\"><i class=\"jet-listing-dynamic-link__icon fas fa-phone-alt\" aria-hidden=\"true\"><\/i><span class=\"jet-listing-dynamic-link__label\">980514159<\/span><\/a><\/span>\t\t\t\t<\/div>\n\t\t\t\t<\/div>\n\t\t\t\t<div class=\"elementor-element elementor-element-0329474 elementor-hidden-phone elementor-widget elementor-widget-jet-listing-dynamic-link\" data-id=\"0329474\" data-element_type=\"widget\" data-e-type=\"widget\" data-widget_type=\"jet-listing-dynamic-link.default\">\n\t\t\t\t<div class=\"elementor-widget-container\">\n\t\t\t\t\t<span class=\"jet-listing jet-listing-dynamic-link\"><a href=\"tel:669965041\" class=\"jet-listing-dynamic-link__link\"><i class=\"jet-listing-dynamic-link__icon oi oi-phone\" aria-hidden=\"true\"><\/i><span class=\"jet-listing-dynamic-link__label\">669965041<\/span><\/a><\/span>\t\t\t\t<\/div>\n\t\t\t\t<\/div>\n\t\t\t\t\t<\/div>\n\t\t<\/div>\n\t\t\t\t\t<\/div>\n\t\t<\/section>\n\t\t\t\t\t<\/div>\n\t\t<\/div>\n\t\t\t\t<div class=\"elementor-column elementor-col-50 elementor-top-column elementor-element elementor-element-bb24a8e\" data-id=\"bb24a8e\" data-element_type=\"column\" data-e-type=\"column\">\n\t\t\t<div class=\"elementor-widget-wrap elementor-element-populated\">\n\t\t\t\t\t\t<div class=\"elementor-element elementor-element-b78d0e4 elementor-widget elementor-widget-image\" data-id=\"b78d0e4\" data-element_type=\"widget\" data-e-type=\"widget\" data-widget_type=\"image.default\">\n\t\t\t\t<div class=\"elementor-widget-container\">\n\t\t\t\t\t\t\t\t\t\t\t\t\t\t\t\t<a href=\"https:\/\/www.expertservicecar.com\/pt-pt\/taller\/alfaraz-motor\/\">\n\t\t\t\t\t\t\t<img loading=\"lazy\" decoding=\"async\" width=\"300\" height=\"215\" src=\"https:\/\/www.expertservicecar.com\/wp-content\/uploads\/2023\/05\/Captura-de-pantalla-2023-05-15-090011-300x215.jpg\" class=\"attachment-medium size-medium wp-image-6820\" alt=\"\" srcset=\"https:\/\/www.expertservicecar.com\/wp-content\/uploads\/2023\/05\/Captura-de-pantalla-2023-05-15-090011-300x215.jpg 300w, https:\/\/www.expertservicecar.com\/wp-content\/uploads\/2023\/05\/Captura-de-pantalla-2023-05-15-090011-1024x735.jpg 1024w, https:\/\/www.expertservicecar.com\/wp-content\/uploads\/2023\/05\/Captura-de-pantalla-2023-05-15-090011-768x551.jpg 768w, https:\/\/www.expertservicecar.com\/wp-content\/uploads\/2023\/05\/Captura-de-pantalla-2023-05-15-090011-370x265.jpg 370w, https:\/\/www.expertservicecar.com\/wp-content\/uploads\/2023\/05\/Captura-de-pantalla-2023-05-15-090011-600x431.jpg 600w, https:\/\/www.expertservicecar.com\/wp-content\/uploads\/2023\/05\/Captura-de-pantalla-2023-05-15-090011.jpg 1226w\" sizes=\"(max-width: 300px) 100vw, 300px\" title=\"\">\t\t\t\t\t\t\t\t<\/a>\n\t\t\t\t\t\t\t\t\t\t\t\t\t\t\t<\/div>\n\t\t\t\t<\/div>\n\t\t\t\t\t<\/div>\n\t\t<\/div>\n\t\t\t\t\t<\/div>\n\t\t<\/section>\n\t\t\t\t<\/div>\n\t\t<\/div><div class=\"jet-listing-grid__item jet-listing-dynamic-post-7145 jet-equal-columns\" data-post-id=\"7145\" >\t\t<div data-elementor-type=\"jet-listing-items\" data-elementor-id=\"524\" class=\"elementor elementor-524\" data-elementor-post-type=\"jet-engine\">\n\t\t\t\t\t\t<section class=\"elementor-section elementor-top-section elementor-element elementor-element-ef0c760 elementor-section-content-middle elementor-section-boxed elementor-section-height-default elementor-section-height-default\" data-id=\"ef0c760\" data-element_type=\"section\" data-e-type=\"section\" data-settings=\"{&quot;background_background&quot;:&quot;classic&quot;}\">\n\t\t\t\t\t\t<div class=\"elementor-container elementor-column-gap-default\">\n\t\t\t\t\t<div class=\"elementor-column elementor-col-50 elementor-top-column elementor-element elementor-element-f3770a2\" data-id=\"f3770a2\" data-element_type=\"column\" data-e-type=\"column\">\n\t\t\t<div class=\"elementor-widget-wrap elementor-element-populated\">\n\t\t\t\t\t\t<div class=\"elementor-element elementor-element-6788ee3 elementor-widget__width-auto elementor-widget elementor-widget-theme-post-title elementor-page-title elementor-widget-heading\" data-id=\"6788ee3\" data-element_type=\"widget\" data-e-type=\"widget\" data-widget_type=\"theme-post-title.default\">\n\t\t\t\t<div class=\"elementor-widget-container\">\n\t\t\t\t\t<h5 class=\"elementor-heading-title elementor-size-default\"><a href=\"https:\/\/www.expertservicecar.com\/pt-pt\/taller\/altami-motor\/\">Altami Motor<\/a><\/h5>\t\t\t\t<\/div>\n\t\t\t\t<\/div>\n\t\t\t\t<section class=\"elementor-section elementor-inner-section elementor-element elementor-element-dcd0ceb elementor-section-boxed elementor-section-height-default elementor-section-height-default\" data-id=\"dcd0ceb\" data-element_type=\"section\" data-e-type=\"section\">\n\t\t\t\t\t\t<div class=\"elementor-container elementor-column-gap-default\">\n\t\t\t\t\t<div class=\"elementor-column elementor-col-100 elementor-inner-column elementor-element elementor-element-aed0068\" data-id=\"aed0068\" data-element_type=\"column\" data-e-type=\"column\">\n\t\t\t<div class=\"elementor-widget-wrap elementor-element-populated\">\n\t\t\t\t\t\t<div class=\"elementor-element elementor-element-601cf1d elementor-widget__width-auto elementor-widget-mobile__width-auto elementor-widget elementor-widget-jet-listing-dynamic-field\" data-id=\"601cf1d\" data-element_type=\"widget\" data-e-type=\"widget\" data-widget_type=\"jet-listing-dynamic-field.default\">\n\t\t\t\t<div class=\"elementor-widget-container\">\n\t\t\t\t\t<div class=\"jet-listing jet-listing-dynamic-field display-inline\"><div class=\"jet-listing-dynamic-field__inline-wrap\"><span class=\"jet-listing-dynamic-field__content\"><p>A-314, 10, 11160 Barbate, C\u00e1diz<\/p>\n<\/span><\/div><\/div>\t\t\t\t<\/div>\n\t\t\t\t<\/div>\n\t\t\t\t<div class=\"elementor-element elementor-element-1898eca elementor-widget elementor-widget-jet-listing-dynamic-link\" data-id=\"1898eca\" data-element_type=\"widget\" data-e-type=\"widget\" data-widget_type=\"jet-listing-dynamic-link.default\">\n\t\t\t\t<div class=\"elementor-widget-container\">\n\t\t\t\t\t<span class=\"jet-listing jet-listing-dynamic-link\"><a href=\"tel:\" class=\"jet-listing-dynamic-link__link\"><i class=\"jet-listing-dynamic-link__icon fas fa-phone-alt\" aria-hidden=\"true\"><\/i><\/a><\/span>\t\t\t\t<\/div>\n\t\t\t\t<\/div>\n\t\t\t\t<div class=\"elementor-element elementor-element-0329474 elementor-hidden-phone elementor-widget elementor-widget-jet-listing-dynamic-link\" data-id=\"0329474\" data-element_type=\"widget\" data-e-type=\"widget\" data-widget_type=\"jet-listing-dynamic-link.default\">\n\t\t\t\t<div class=\"elementor-widget-container\">\n\t\t\t\t\t<span class=\"jet-listing jet-listing-dynamic-link\"><a href=\"tel:670322242\" class=\"jet-listing-dynamic-link__link\"><i class=\"jet-listing-dynamic-link__icon oi oi-phone\" aria-hidden=\"true\"><\/i><span class=\"jet-listing-dynamic-link__label\">670322242<\/span><\/a><\/span>\t\t\t\t<\/div>\n\t\t\t\t<\/div>\n\t\t\t\t\t<\/div>\n\t\t<\/div>\n\t\t\t\t\t<\/div>\n\t\t<\/section>\n\t\t\t\t\t<\/div>\n\t\t<\/div>\n\t\t\t\t<div class=\"elementor-column elementor-col-50 elementor-top-column elementor-element elementor-element-bb24a8e\" data-id=\"bb24a8e\" data-element_type=\"column\" data-e-type=\"column\">\n\t\t\t<div class=\"elementor-widget-wrap elementor-element-populated\">\n\t\t\t\t\t\t<div class=\"elementor-element elementor-element-b78d0e4 elementor-widget elementor-widget-image\" data-id=\"b78d0e4\" data-element_type=\"widget\" data-e-type=\"widget\" data-widget_type=\"image.default\">\n\t\t\t\t<div class=\"elementor-widget-container\">\n\t\t\t\t\t\t\t\t\t\t\t\t\t\t\t\t<a href=\"https:\/\/www.expertservicecar.com\/pt-pt\/taller\/altami-motor\/\">\n\t\t\t\t\t\t\t<img loading=\"lazy\" decoding=\"async\" width=\"300\" height=\"159\" src=\"https:\/\/www.expertservicecar.com\/wp-content\/uploads\/2023\/10\/altami-motor-300x159.jpg\" class=\"attachment-medium size-medium wp-image-7146\" alt=\"\" srcset=\"https:\/\/www.expertservicecar.com\/wp-content\/uploads\/2023\/10\/altami-motor-300x159.jpg 300w, https:\/\/www.expertservicecar.com\/wp-content\/uploads\/2023\/10\/altami-motor-1024x542.jpg 1024w, https:\/\/www.expertservicecar.com\/wp-content\/uploads\/2023\/10\/altami-motor-768x406.jpg 768w, https:\/\/www.expertservicecar.com\/wp-content\/uploads\/2023\/10\/altami-motor-600x317.jpg 600w, https:\/\/www.expertservicecar.com\/wp-content\/uploads\/2023\/10\/altami-motor.jpg 1253w\" sizes=\"(max-width: 300px) 100vw, 300px\" title=\"\">\t\t\t\t\t\t\t\t<\/a>\n\t\t\t\t\t\t\t\t\t\t\t\t\t\t\t<\/div>\n\t\t\t\t<\/div>\n\t\t\t\t\t<\/div>\n\t\t<\/div>\n\t\t\t\t\t<\/div>\n\t\t<\/section>\n\t\t\t\t<\/div>\n\t\t<\/div><div class=\"jet-listing-grid__item jet-listing-dynamic-post-5426 jet-equal-columns\" data-post-id=\"5426\" >\t\t<div data-elementor-type=\"jet-listing-items\" data-elementor-id=\"524\" class=\"elementor elementor-524\" data-elementor-post-type=\"jet-engine\">\n\t\t\t\t\t\t<section class=\"elementor-section elementor-top-section elementor-element elementor-element-ef0c760 elementor-section-content-middle elementor-section-boxed elementor-section-height-default elementor-section-height-default\" data-id=\"ef0c760\" data-element_type=\"section\" data-e-type=\"section\" data-settings=\"{&quot;background_background&quot;:&quot;classic&quot;}\">\n\t\t\t\t\t\t<div class=\"elementor-container elementor-column-gap-default\">\n\t\t\t\t\t<div class=\"elementor-column elementor-col-50 elementor-top-column elementor-element elementor-element-f3770a2\" data-id=\"f3770a2\" data-element_type=\"column\" data-e-type=\"column\">\n\t\t\t<div class=\"elementor-widget-wrap elementor-element-populated\">\n\t\t\t\t\t\t<div class=\"elementor-element elementor-element-6788ee3 elementor-widget__width-auto elementor-widget elementor-widget-theme-post-title elementor-page-title elementor-widget-heading\" data-id=\"6788ee3\" data-element_type=\"widget\" data-e-type=\"widget\" data-widget_type=\"theme-post-title.default\">\n\t\t\t\t<div class=\"elementor-widget-container\">\n\t\t\t\t\t<h5 class=\"elementor-heading-title elementor-size-default\"><a href=\"https:\/\/www.expertservicecar.com\/pt-pt\/taller\/ansucar-motor\/\">Ansucar Motor<\/a><\/h5>\t\t\t\t<\/div>\n\t\t\t\t<\/div>\n\t\t\t\t<section class=\"elementor-section elementor-inner-section elementor-element elementor-element-dcd0ceb elementor-section-boxed elementor-section-height-default elementor-section-height-default\" data-id=\"dcd0ceb\" data-element_type=\"section\" data-e-type=\"section\">\n\t\t\t\t\t\t<div class=\"elementor-container elementor-column-gap-default\">\n\t\t\t\t\t<div class=\"elementor-column elementor-col-100 elementor-inner-column elementor-element elementor-element-aed0068\" data-id=\"aed0068\" data-element_type=\"column\" data-e-type=\"column\">\n\t\t\t<div class=\"elementor-widget-wrap elementor-element-populated\">\n\t\t\t\t\t\t<div class=\"elementor-element elementor-element-601cf1d elementor-widget__width-auto elementor-widget-mobile__width-auto elementor-widget elementor-widget-jet-listing-dynamic-field\" data-id=\"601cf1d\" data-element_type=\"widget\" data-e-type=\"widget\" data-widget_type=\"jet-listing-dynamic-field.default\">\n\t\t\t\t<div class=\"elementor-widget-container\">\n\t\t\t\t\t<div class=\"jet-listing jet-listing-dynamic-field display-inline\"><div class=\"jet-listing-dynamic-field__inline-wrap\"><span class=\"jet-listing-dynamic-field__content\"><p>R\u00faa das Hedras 103 B3 - Pol\u00edgono Novo Milladoiro<br \/>\n15895, Ames - Santiago de Compostela<br \/>\nA Coru\u00f1a<\/p>\n<\/span><\/div><\/div>\t\t\t\t<\/div>\n\t\t\t\t<\/div>\n\t\t\t\t<div class=\"elementor-element elementor-element-1898eca elementor-widget elementor-widget-jet-listing-dynamic-link\" data-id=\"1898eca\" data-element_type=\"widget\" data-e-type=\"widget\" data-widget_type=\"jet-listing-dynamic-link.default\">\n\t\t\t\t<div class=\"elementor-widget-container\">\n\t\t\t\t\t<span class=\"jet-listing jet-listing-dynamic-link\"><a href=\"tel:981536590\" class=\"jet-listing-dynamic-link__link\"><i class=\"jet-listing-dynamic-link__icon fas fa-phone-alt\" aria-hidden=\"true\"><\/i><span class=\"jet-listing-dynamic-link__label\">981536590<\/span><\/a><\/span>\t\t\t\t<\/div>\n\t\t\t\t<\/div>\n\t\t\t\t<div class=\"elementor-element elementor-element-0329474 elementor-hidden-phone elementor-widget elementor-widget-jet-listing-dynamic-link\" data-id=\"0329474\" data-element_type=\"widget\" data-e-type=\"widget\" data-widget_type=\"jet-listing-dynamic-link.default\">\n\t\t\t\t<div class=\"elementor-widget-container\">\n\t\t\t\t\t<span class=\"jet-listing jet-listing-dynamic-link\"><a href=\"tel:629705989\" class=\"jet-listing-dynamic-link__link\"><i class=\"jet-listing-dynamic-link__icon oi oi-phone\" aria-hidden=\"true\"><\/i><span class=\"jet-listing-dynamic-link__label\">629705989<\/span><\/a><\/span>\t\t\t\t<\/div>\n\t\t\t\t<\/div>\n\t\t\t\t\t<\/div>\n\t\t<\/div>\n\t\t\t\t\t<\/div>\n\t\t<\/section>\n\t\t\t\t\t<\/div>\n\t\t<\/div>\n\t\t\t\t<div class=\"elementor-column elementor-col-50 elementor-top-column elementor-element elementor-element-bb24a8e\" data-id=\"bb24a8e\" data-element_type=\"column\" data-e-type=\"column\">\n\t\t\t<div class=\"elementor-widget-wrap elementor-element-populated\">\n\t\t\t\t\t\t<div class=\"elementor-element elementor-element-b78d0e4 elementor-widget elementor-widget-image\" data-id=\"b78d0e4\" data-element_type=\"widget\" data-e-type=\"widget\" data-widget_type=\"image.default\">\n\t\t\t\t<div class=\"elementor-widget-container\">\n\t\t\t\t\t\t\t\t\t\t\t\t\t\t\t\t<a href=\"https:\/\/www.expertservicecar.com\/pt-pt\/taller\/ansucar-motor\/\">\n\t\t\t\t\t\t\t<img loading=\"lazy\" decoding=\"async\" width=\"300\" height=\"231\" src=\"https:\/\/www.expertservicecar.com\/wp-content\/uploads\/2021\/08\/asucar_02-300x231.jpg\" class=\"attachment-medium size-medium wp-image-5917\" alt=\"\" srcset=\"https:\/\/www.expertservicecar.com\/wp-content\/uploads\/2021\/08\/asucar_02-300x231.jpg 300w, https:\/\/www.expertservicecar.com\/wp-content\/uploads\/2021\/08\/asucar_02-1024x788.jpg 1024w, https:\/\/www.expertservicecar.com\/wp-content\/uploads\/2021\/08\/asucar_02-768x591.jpg 768w, https:\/\/www.expertservicecar.com\/wp-content\/uploads\/2021\/08\/asucar_02-1536x1183.jpg 1536w, https:\/\/www.expertservicecar.com\/wp-content\/uploads\/2021\/08\/asucar_02-2048x1577.jpg 2048w, https:\/\/www.expertservicecar.com\/wp-content\/uploads\/2021\/08\/asucar_02-600x462.jpg 600w\" sizes=\"(max-width: 300px) 100vw, 300px\" title=\"\">\t\t\t\t\t\t\t\t<\/a>\n\t\t\t\t\t\t\t\t\t\t\t\t\t\t\t<\/div>\n\t\t\t\t<\/div>\n\t\t\t\t\t<\/div>\n\t\t<\/div>\n\t\t\t\t\t<\/div>\n\t\t<\/section>\n\t\t\t\t<\/div>\n\t\t<\/div><div class=\"jet-listing-grid__item jet-listing-dynamic-post-7826 jet-equal-columns\" data-post-id=\"7826\" >\t\t<div data-elementor-type=\"jet-listing-items\" data-elementor-id=\"524\" class=\"elementor elementor-524\" data-elementor-post-type=\"jet-engine\">\n\t\t\t\t\t\t<section class=\"elementor-section elementor-top-section elementor-element elementor-element-ef0c760 elementor-section-content-middle elementor-section-boxed elementor-section-height-default elementor-section-height-default\" data-id=\"ef0c760\" data-element_type=\"section\" data-e-type=\"section\" data-settings=\"{&quot;background_background&quot;:&quot;classic&quot;}\">\n\t\t\t\t\t\t<div class=\"elementor-container elementor-column-gap-default\">\n\t\t\t\t\t<div class=\"elementor-column elementor-col-50 elementor-top-column elementor-element elementor-element-f3770a2\" data-id=\"f3770a2\" data-element_type=\"column\" data-e-type=\"column\">\n\t\t\t<div class=\"elementor-widget-wrap elementor-element-populated\">\n\t\t\t\t\t\t<div class=\"elementor-element elementor-element-6788ee3 elementor-widget__width-auto elementor-widget elementor-widget-theme-post-title elementor-page-title elementor-widget-heading\" data-id=\"6788ee3\" data-element_type=\"widget\" data-e-type=\"widget\" data-widget_type=\"theme-post-title.default\">\n\t\t\t\t<div class=\"elementor-widget-container\">\n\t\t\t\t\t<h5 class=\"elementor-heading-title elementor-size-default\"><a href=\"https:\/\/www.expertservicecar.com\/pt-pt\/taller\/aranda-automocion\/\">ARANDA AUTOMOCION<\/a><\/h5>\t\t\t\t<\/div>\n\t\t\t\t<\/div>\n\t\t\t\t<section class=\"elementor-section elementor-inner-section elementor-element elementor-element-dcd0ceb elementor-section-boxed elementor-section-height-default elementor-section-height-default\" data-id=\"dcd0ceb\" data-element_type=\"section\" data-e-type=\"section\">\n\t\t\t\t\t\t<div class=\"elementor-container elementor-column-gap-default\">\n\t\t\t\t\t<div class=\"elementor-column elementor-col-100 elementor-inner-column elementor-element elementor-element-aed0068\" data-id=\"aed0068\" data-element_type=\"column\" data-e-type=\"column\">\n\t\t\t<div class=\"elementor-widget-wrap elementor-element-populated\">\n\t\t\t\t\t\t<div class=\"elementor-element elementor-element-601cf1d elementor-widget__width-auto elementor-widget-mobile__width-auto elementor-widget elementor-widget-jet-listing-dynamic-field\" data-id=\"601cf1d\" data-element_type=\"widget\" data-e-type=\"widget\" data-widget_type=\"jet-listing-dynamic-field.default\">\n\t\t\t\t<div class=\"elementor-widget-container\">\n\t\t\t\t\t<div class=\"jet-listing jet-listing-dynamic-field display-inline\"><div class=\"jet-listing-dynamic-field__inline-wrap\"><span class=\"jet-listing-dynamic-field__content\"><p>Calle Ntra. Sra. de las Mercedes, 63,<br \/>\n13350 Moral de Calatrava,<br \/>\nCiudad Real<\/p>\n<\/span><\/div><\/div>\t\t\t\t<\/div>\n\t\t\t\t<\/div>\n\t\t\t\t<div class=\"elementor-element elementor-element-1898eca elementor-widget elementor-widget-jet-listing-dynamic-link\" data-id=\"1898eca\" data-element_type=\"widget\" data-e-type=\"widget\" data-widget_type=\"jet-listing-dynamic-link.default\">\n\t\t\t\t<div class=\"elementor-widget-container\">\n\t\t\t\t\t<span class=\"jet-listing jet-listing-dynamic-link\"><a href=\"tel:926330078\" class=\"jet-listing-dynamic-link__link\"><i class=\"jet-listing-dynamic-link__icon fas fa-phone-alt\" aria-hidden=\"true\"><\/i><span class=\"jet-listing-dynamic-link__label\">926330078<\/span><\/a><\/span>\t\t\t\t<\/div>\n\t\t\t\t<\/div>\n\t\t\t\t<div class=\"elementor-element elementor-element-0329474 elementor-hidden-phone elementor-widget elementor-widget-jet-listing-dynamic-link\" data-id=\"0329474\" data-element_type=\"widget\" data-e-type=\"widget\" data-widget_type=\"jet-listing-dynamic-link.default\">\n\t\t\t\t<div class=\"elementor-widget-container\">\n\t\t\t\t\t<span class=\"jet-listing jet-listing-dynamic-link\"><a href=\"tel:676976287\" class=\"jet-listing-dynamic-link__link\"><i class=\"jet-listing-dynamic-link__icon oi oi-phone\" aria-hidden=\"true\"><\/i><span class=\"jet-listing-dynamic-link__label\">676976287<\/span><\/a><\/span>\t\t\t\t<\/div>\n\t\t\t\t<\/div>\n\t\t\t\t\t<\/div>\n\t\t<\/div>\n\t\t\t\t\t<\/div>\n\t\t<\/section>\n\t\t\t\t\t<\/div>\n\t\t<\/div>\n\t\t\t\t<div class=\"elementor-column elementor-col-50 elementor-top-column elementor-element elementor-element-bb24a8e\" data-id=\"bb24a8e\" data-element_type=\"column\" data-e-type=\"column\">\n\t\t\t<div class=\"elementor-widget-wrap elementor-element-populated\">\n\t\t\t\t\t\t<div class=\"elementor-element elementor-element-b78d0e4 elementor-widget elementor-widget-image\" data-id=\"b78d0e4\" data-element_type=\"widget\" data-e-type=\"widget\" data-widget_type=\"image.default\">\n\t\t\t\t<div class=\"elementor-widget-container\">\n\t\t\t\t\t\t\t\t\t\t\t\t\t\t\t\t<a href=\"https:\/\/www.expertservicecar.com\/pt-pt\/taller\/aranda-automocion\/\">\n\t\t\t\t\t\t\t<img loading=\"lazy\" decoding=\"async\" width=\"300\" height=\"225\" src=\"https:\/\/www.expertservicecar.com\/wp-content\/uploads\/2025\/09\/WhatsApp-Image-2024-08-12-at-14.02.07-300x225.jpeg\" class=\"attachment-medium size-medium wp-image-7827\" alt=\"\" srcset=\"https:\/\/www.expertservicecar.com\/wp-content\/uploads\/2025\/09\/WhatsApp-Image-2024-08-12-at-14.02.07-300x225.jpeg 300w, https:\/\/www.expertservicecar.com\/wp-content\/uploads\/2025\/09\/WhatsApp-Image-2024-08-12-at-14.02.07-1024x768.jpeg 1024w, https:\/\/www.expertservicecar.com\/wp-content\/uploads\/2025\/09\/WhatsApp-Image-2024-08-12-at-14.02.07-768x576.jpeg 768w, https:\/\/www.expertservicecar.com\/wp-content\/uploads\/2025\/09\/WhatsApp-Image-2024-08-12-at-14.02.07-1536x1152.jpeg 1536w, https:\/\/www.expertservicecar.com\/wp-content\/uploads\/2025\/09\/WhatsApp-Image-2024-08-12-at-14.02.07-600x450.jpeg 600w, https:\/\/www.expertservicecar.com\/wp-content\/uploads\/2025\/09\/WhatsApp-Image-2024-08-12-at-14.02.07.jpeg 2048w\" sizes=\"(max-width: 300px) 100vw, 300px\" title=\"\">\t\t\t\t\t\t\t\t<\/a>\n\t\t\t\t\t\t\t\t\t\t\t\t\t\t\t<\/div>\n\t\t\t\t<\/div>\n\t\t\t\t\t<\/div>\n\t\t<\/div>\n\t\t\t\t\t<\/div>\n\t\t<\/section>\n\t\t\t\t<\/div>\n\t\t<\/div><div class=\"jet-listing-grid__item jet-listing-dynamic-post-763 jet-equal-columns\" data-post-id=\"763\" >\t\t<div data-elementor-type=\"jet-listing-items\" data-elementor-id=\"524\" class=\"elementor elementor-524\" data-elementor-post-type=\"jet-engine\">\n\t\t\t\t\t\t<section class=\"elementor-section elementor-top-section elementor-element elementor-element-ef0c760 elementor-section-content-middle elementor-section-boxed elementor-section-height-default elementor-section-height-default\" data-id=\"ef0c760\" data-element_type=\"section\" data-e-type=\"section\" data-settings=\"{&quot;background_background&quot;:&quot;classic&quot;}\">\n\t\t\t\t\t\t<div class=\"elementor-container elementor-column-gap-default\">\n\t\t\t\t\t<div class=\"elementor-column elementor-col-50 elementor-top-column elementor-element elementor-element-f3770a2\" data-id=\"f3770a2\" data-element_type=\"column\" data-e-type=\"column\">\n\t\t\t<div class=\"elementor-widget-wrap elementor-element-populated\">\n\t\t\t\t\t\t<div class=\"elementor-element elementor-element-6788ee3 elementor-widget__width-auto elementor-widget elementor-widget-theme-post-title elementor-page-title elementor-widget-heading\" data-id=\"6788ee3\" data-element_type=\"widget\" data-e-type=\"widget\" data-widget_type=\"theme-post-title.default\">\n\t\t\t\t<div class=\"elementor-widget-container\">\n\t\t\t\t\t<h5 class=\"elementor-heading-title elementor-size-default\"><a href=\"https:\/\/www.expertservicecar.com\/pt-pt\/taller\/auto-accion\/\">Auto Acci\u00f3n<\/a><\/h5>\t\t\t\t<\/div>\n\t\t\t\t<\/div>\n\t\t\t\t<section class=\"elementor-section elementor-inner-section elementor-element elementor-element-dcd0ceb elementor-section-boxed elementor-section-height-default elementor-section-height-default\" data-id=\"dcd0ceb\" data-element_type=\"section\" data-e-type=\"section\">\n\t\t\t\t\t\t<div class=\"elementor-container elementor-column-gap-default\">\n\t\t\t\t\t<div class=\"elementor-column elementor-col-100 elementor-inner-column elementor-element elementor-element-aed0068\" data-id=\"aed0068\" data-element_type=\"column\" data-e-type=\"column\">\n\t\t\t<div class=\"elementor-widget-wrap elementor-element-populated\">\n\t\t\t\t\t\t<div class=\"elementor-element elementor-element-601cf1d elementor-widget__width-auto elementor-widget-mobile__width-auto elementor-widget elementor-widget-jet-listing-dynamic-field\" data-id=\"601cf1d\" data-element_type=\"widget\" data-e-type=\"widget\" data-widget_type=\"jet-listing-dynamic-field.default\">\n\t\t\t\t<div class=\"elementor-widget-container\">\n\t\t\t\t\t<div class=\"jet-listing jet-listing-dynamic-field display-inline\"><div class=\"jet-listing-dynamic-field__inline-wrap\"><span class=\"jet-listing-dynamic-field__content\"><p>P. Industrial Fuente del Jarro<br \/>\nCarrer VILA DE BILBAO, DEL JARRO, 10, Bajo<br \/>\n46988 Paterna<br \/>\nValencia<\/p>\n<\/span><\/div><\/div>\t\t\t\t<\/div>\n\t\t\t\t<\/div>\n\t\t\t\t<div class=\"elementor-element elementor-element-1898eca elementor-widget elementor-widget-jet-listing-dynamic-link\" data-id=\"1898eca\" data-element_type=\"widget\" data-e-type=\"widget\" data-widget_type=\"jet-listing-dynamic-link.default\">\n\t\t\t\t<div class=\"elementor-widget-container\">\n\t\t\t\t\t<span class=\"jet-listing jet-listing-dynamic-link\"><a href=\"tel:961 344 216\" class=\"jet-listing-dynamic-link__link\"><i class=\"jet-listing-dynamic-link__icon fas fa-phone-alt\" aria-hidden=\"true\"><\/i><span class=\"jet-listing-dynamic-link__label\">961 344 216<\/span><\/a><\/span>\t\t\t\t<\/div>\n\t\t\t\t<\/div>\n\t\t\t\t\t<\/div>\n\t\t<\/div>\n\t\t\t\t\t<\/div>\n\t\t<\/section>\n\t\t\t\t\t<\/div>\n\t\t<\/div>\n\t\t\t\t<div class=\"elementor-column elementor-col-50 elementor-top-column elementor-element elementor-element-bb24a8e\" data-id=\"bb24a8e\" data-element_type=\"column\" data-e-type=\"column\">\n\t\t\t<div class=\"elementor-widget-wrap elementor-element-populated\">\n\t\t\t\t\t\t<div class=\"elementor-element elementor-element-b78d0e4 elementor-widget elementor-widget-image\" data-id=\"b78d0e4\" data-element_type=\"widget\" data-e-type=\"widget\" data-widget_type=\"image.default\">\n\t\t\t\t<div class=\"elementor-widget-container\">\n\t\t\t\t\t\t\t\t\t\t\t\t\t\t\t\t<a href=\"https:\/\/www.expertservicecar.com\/pt-pt\/taller\/auto-accion\/\">\n\t\t\t\t\t\t\t<img loading=\"lazy\" decoding=\"async\" width=\"300\" height=\"231\" src=\"https:\/\/www.expertservicecar.com\/wp-content\/uploads\/2021\/04\/auto-accion-300x231.jpg\" class=\"attachment-medium size-medium wp-image-1139\" alt=\"Auto Acci\u00f3n\" srcset=\"https:\/\/www.expertservicecar.com\/wp-content\/uploads\/2021\/04\/auto-accion-300x231.jpg 300w, https:\/\/www.expertservicecar.com\/wp-content\/uploads\/2021\/04\/auto-accion-768x591.jpg 768w, https:\/\/www.expertservicecar.com\/wp-content\/uploads\/2021\/04\/auto-accion.jpg 900w\" sizes=\"(max-width: 300px) 100vw, 300px\" title=\"\">\t\t\t\t\t\t\t\t<\/a>\n\t\t\t\t\t\t\t\t\t\t\t\t\t\t\t<\/div>\n\t\t\t\t<\/div>\n\t\t\t\t\t<\/div>\n\t\t<\/div>\n\t\t\t\t\t<\/div>\n\t\t<\/section>\n\t\t\t\t<\/div>\n\t\t<\/div><div class=\"jet-listing-grid__item jet-listing-dynamic-post-6971 jet-equal-columns\" data-post-id=\"6971\" >\t\t<div data-elementor-type=\"jet-listing-items\" data-elementor-id=\"524\" class=\"elementor elementor-524\" data-elementor-post-type=\"jet-engine\">\n\t\t\t\t\t\t<section class=\"elementor-section elementor-top-section elementor-element elementor-element-ef0c760 elementor-section-content-middle elementor-section-boxed elementor-section-height-default elementor-section-height-default\" data-id=\"ef0c760\" data-element_type=\"section\" data-e-type=\"section\" data-settings=\"{&quot;background_background&quot;:&quot;classic&quot;}\">\n\t\t\t\t\t\t<div class=\"elementor-container elementor-column-gap-default\">\n\t\t\t\t\t<div class=\"elementor-column elementor-col-50 elementor-top-column elementor-element elementor-element-f3770a2\" data-id=\"f3770a2\" data-element_type=\"column\" data-e-type=\"column\">\n\t\t\t<div class=\"elementor-widget-wrap elementor-element-populated\">\n\t\t\t\t\t\t<div class=\"elementor-element elementor-element-6788ee3 elementor-widget__width-auto elementor-widget elementor-widget-theme-post-title elementor-page-title elementor-widget-heading\" data-id=\"6788ee3\" data-element_type=\"widget\" data-e-type=\"widget\" data-widget_type=\"theme-post-title.default\">\n\t\t\t\t<div class=\"elementor-widget-container\">\n\t\t\t\t\t<h5 class=\"elementor-heading-title elementor-size-default\"><a href=\"https:\/\/www.expertservicecar.com\/pt-pt\/taller\/auto-barat\/\">Auto Barat<\/a><\/h5>\t\t\t\t<\/div>\n\t\t\t\t<\/div>\n\t\t\t\t<section class=\"elementor-section elementor-inner-section elementor-element elementor-element-dcd0ceb elementor-section-boxed elementor-section-height-default elementor-section-height-default\" data-id=\"dcd0ceb\" data-element_type=\"section\" data-e-type=\"section\">\n\t\t\t\t\t\t<div class=\"elementor-container elementor-column-gap-default\">\n\t\t\t\t\t<div class=\"elementor-column elementor-col-100 elementor-inner-column elementor-element elementor-element-aed0068\" data-id=\"aed0068\" data-element_type=\"column\" data-e-type=\"column\">\n\t\t\t<div class=\"elementor-widget-wrap elementor-element-populated\">\n\t\t\t\t\t\t<div class=\"elementor-element elementor-element-601cf1d elementor-widget__width-auto elementor-widget-mobile__width-auto elementor-widget elementor-widget-jet-listing-dynamic-field\" data-id=\"601cf1d\" data-element_type=\"widget\" data-e-type=\"widget\" data-widget_type=\"jet-listing-dynamic-field.default\">\n\t\t\t\t<div class=\"elementor-widget-container\">\n\t\t\t\t\t<div class=\"jet-listing jet-listing-dynamic-field display-inline\"><div class=\"jet-listing-dynamic-field__inline-wrap\"><span class=\"jet-listing-dynamic-field__content\"><p>C. San Gregorio, 4,<br \/>\n50420 Cadrete, Zaragoza<\/p>\n<\/span><\/div><\/div>\t\t\t\t<\/div>\n\t\t\t\t<\/div>\n\t\t\t\t<div class=\"elementor-element elementor-element-1898eca elementor-widget elementor-widget-jet-listing-dynamic-link\" data-id=\"1898eca\" data-element_type=\"widget\" data-e-type=\"widget\" data-widget_type=\"jet-listing-dynamic-link.default\">\n\t\t\t\t<div class=\"elementor-widget-container\">\n\t\t\t\t\t<span class=\"jet-listing jet-listing-dynamic-link\"><a href=\"tel:976125363\" class=\"jet-listing-dynamic-link__link\"><i class=\"jet-listing-dynamic-link__icon fas fa-phone-alt\" aria-hidden=\"true\"><\/i><span class=\"jet-listing-dynamic-link__label\">976125363<\/span><\/a><\/span>\t\t\t\t<\/div>\n\t\t\t\t<\/div>\n\t\t\t\t<div class=\"elementor-element elementor-element-0329474 elementor-hidden-phone elementor-widget elementor-widget-jet-listing-dynamic-link\" data-id=\"0329474\" data-element_type=\"widget\" data-e-type=\"widget\" data-widget_type=\"jet-listing-dynamic-link.default\">\n\t\t\t\t<div class=\"elementor-widget-container\">\n\t\t\t\t\t<span class=\"jet-listing jet-listing-dynamic-link\"><a href=\"tel:675914957\" class=\"jet-listing-dynamic-link__link\"><i class=\"jet-listing-dynamic-link__icon oi oi-phone\" aria-hidden=\"true\"><\/i><span class=\"jet-listing-dynamic-link__label\">675914957<\/span><\/a><\/span>\t\t\t\t<\/div>\n\t\t\t\t<\/div>\n\t\t\t\t\t<\/div>\n\t\t<\/div>\n\t\t\t\t\t<\/div>\n\t\t<\/section>\n\t\t\t\t\t<\/div>\n\t\t<\/div>\n\t\t\t\t<div class=\"elementor-column elementor-col-50 elementor-top-column elementor-element elementor-element-bb24a8e\" data-id=\"bb24a8e\" data-element_type=\"column\" data-e-type=\"column\">\n\t\t\t<div class=\"elementor-widget-wrap elementor-element-populated\">\n\t\t\t\t\t\t<div class=\"elementor-element elementor-element-b78d0e4 elementor-widget elementor-widget-image\" data-id=\"b78d0e4\" data-element_type=\"widget\" data-e-type=\"widget\" data-widget_type=\"image.default\">\n\t\t\t\t<div class=\"elementor-widget-container\">\n\t\t\t\t\t\t\t\t\t\t\t\t\t\t\t\t<a href=\"https:\/\/www.expertservicecar.com\/pt-pt\/taller\/auto-barat\/\">\n\t\t\t\t\t\t\t<img loading=\"lazy\" decoding=\"async\" width=\"300\" height=\"224\" src=\"https:\/\/www.expertservicecar.com\/wp-content\/uploads\/2023\/07\/auto-barat-300x224.jpg\" class=\"attachment-medium size-medium wp-image-6972\" alt=\"\" srcset=\"https:\/\/www.expertservicecar.com\/wp-content\/uploads\/2023\/07\/auto-barat-300x224.jpg 300w, https:\/\/www.expertservicecar.com\/wp-content\/uploads\/2023\/07\/auto-barat-1024x764.jpg 1024w, https:\/\/www.expertservicecar.com\/wp-content\/uploads\/2023\/07\/auto-barat-768x573.jpg 768w, https:\/\/www.expertservicecar.com\/wp-content\/uploads\/2023\/07\/auto-barat-600x448.jpg 600w, https:\/\/www.expertservicecar.com\/wp-content\/uploads\/2023\/07\/auto-barat.jpg 1277w\" sizes=\"(max-width: 300px) 100vw, 300px\" title=\"\">\t\t\t\t\t\t\t\t<\/a>\n\t\t\t\t\t\t\t\t\t\t\t\t\t\t\t<\/div>\n\t\t\t\t<\/div>\n\t\t\t\t\t<\/div>\n\t\t<\/div>\n\t\t\t\t\t<\/div>\n\t\t<\/section>\n\t\t\t\t<\/div>\n\t\t<\/div><div class=\"jet-listing-grid__item jet-listing-dynamic-post-3271 jet-equal-columns\" data-post-id=\"3271\" >\t\t<div data-elementor-type=\"jet-listing-items\" data-elementor-id=\"524\" class=\"elementor elementor-524\" data-elementor-post-type=\"jet-engine\">\n\t\t\t\t\t\t<section class=\"elementor-section elementor-top-section elementor-element elementor-element-ef0c760 elementor-section-content-middle elementor-section-boxed elementor-section-height-default elementor-section-height-default\" data-id=\"ef0c760\" data-element_type=\"section\" data-e-type=\"section\" data-settings=\"{&quot;background_background&quot;:&quot;classic&quot;}\">\n\t\t\t\t\t\t<div class=\"elementor-container elementor-column-gap-default\">\n\t\t\t\t\t<div class=\"elementor-column elementor-col-50 elementor-top-column elementor-element elementor-element-f3770a2\" data-id=\"f3770a2\" data-element_type=\"column\" data-e-type=\"column\">\n\t\t\t<div class=\"elementor-widget-wrap elementor-element-populated\">\n\t\t\t\t\t\t<div class=\"elementor-element elementor-element-6788ee3 elementor-widget__width-auto elementor-widget elementor-widget-theme-post-title elementor-page-title elementor-widget-heading\" data-id=\"6788ee3\" data-element_type=\"widget\" data-e-type=\"widget\" data-widget_type=\"theme-post-title.default\">\n\t\t\t\t<div class=\"elementor-widget-container\">\n\t\t\t\t\t<h5 class=\"elementor-heading-title elementor-size-default\"><a href=\"https:\/\/www.expertservicecar.com\/pt-pt\/taller\/auto-eduardo\/\">Auto Eduardo<\/a><\/h5>\t\t\t\t<\/div>\n\t\t\t\t<\/div>\n\t\t\t\t<section class=\"elementor-section elementor-inner-section elementor-element elementor-element-dcd0ceb elementor-section-boxed elementor-section-height-default elementor-section-height-default\" data-id=\"dcd0ceb\" data-element_type=\"section\" data-e-type=\"section\">\n\t\t\t\t\t\t<div class=\"elementor-container elementor-column-gap-default\">\n\t\t\t\t\t<div class=\"elementor-column elementor-col-100 elementor-inner-column elementor-element elementor-element-aed0068\" data-id=\"aed0068\" data-element_type=\"column\" data-e-type=\"column\">\n\t\t\t<div class=\"elementor-widget-wrap elementor-element-populated\">\n\t\t\t\t\t\t<div class=\"elementor-element elementor-element-601cf1d elementor-widget__width-auto elementor-widget-mobile__width-auto elementor-widget elementor-widget-jet-listing-dynamic-field\" data-id=\"601cf1d\" data-element_type=\"widget\" data-e-type=\"widget\" data-widget_type=\"jet-listing-dynamic-field.default\">\n\t\t\t\t<div class=\"elementor-widget-container\">\n\t\t\t\t\t<div class=\"jet-listing jet-listing-dynamic-field display-inline\"><div class=\"jet-listing-dynamic-field__inline-wrap\"><span class=\"jet-listing-dynamic-field__content\"><p>Carrer de Garb\u00ed, 16<br \/>\n12598 Pe\u00f1\u00edscola<br \/>\nCastell\u00f3<\/p>\n<\/span><\/div><\/div>\t\t\t\t<\/div>\n\t\t\t\t<\/div>\n\t\t\t\t<div class=\"elementor-element elementor-element-1898eca elementor-widget elementor-widget-jet-listing-dynamic-link\" data-id=\"1898eca\" data-element_type=\"widget\" data-e-type=\"widget\" data-widget_type=\"jet-listing-dynamic-link.default\">\n\t\t\t\t<div class=\"elementor-widget-container\">\n\t\t\t\t\t<span class=\"jet-listing jet-listing-dynamic-link\"><a href=\"tel:+34 96 4481013\" class=\"jet-listing-dynamic-link__link\"><i class=\"jet-listing-dynamic-link__icon fas fa-phone-alt\" aria-hidden=\"true\"><\/i><span class=\"jet-listing-dynamic-link__label\">+34 96 4481013<\/span><\/a><\/span>\t\t\t\t<\/div>\n\t\t\t\t<\/div>\n\t\t\t\t\t<\/div>\n\t\t<\/div>\n\t\t\t\t\t<\/div>\n\t\t<\/section>\n\t\t\t\t\t<\/div>\n\t\t<\/div>\n\t\t\t\t<div class=\"elementor-column elementor-col-50 elementor-top-column elementor-element elementor-element-bb24a8e\" data-id=\"bb24a8e\" data-element_type=\"column\" data-e-type=\"column\">\n\t\t\t<div class=\"elementor-widget-wrap elementor-element-populated\">\n\t\t\t\t\t\t<div class=\"elementor-element elementor-element-b78d0e4 elementor-widget elementor-widget-image\" data-id=\"b78d0e4\" data-element_type=\"widget\" data-e-type=\"widget\" data-widget_type=\"image.default\">\n\t\t\t\t<div class=\"elementor-widget-container\">\n\t\t\t\t\t\t\t\t\t\t\t\t\t\t\t\t<a href=\"https:\/\/www.expertservicecar.com\/pt-pt\/taller\/auto-eduardo\/\">\n\t\t\t\t\t\t\t<img loading=\"lazy\" decoding=\"async\" width=\"300\" height=\"231\" src=\"https:\/\/www.expertservicecar.com\/wp-content\/uploads\/2021\/06\/auto-eduardo-02-300x231.jpg\" class=\"attachment-medium size-medium wp-image-3274\" alt=\"\" srcset=\"https:\/\/www.expertservicecar.com\/wp-content\/uploads\/2021\/06\/auto-eduardo-02-300x231.jpg 300w, https:\/\/www.expertservicecar.com\/wp-content\/uploads\/2021\/06\/auto-eduardo-02-768x591.jpg 768w, https:\/\/www.expertservicecar.com\/wp-content\/uploads\/2021\/06\/auto-eduardo-02-600x462.jpg 600w, https:\/\/www.expertservicecar.com\/wp-content\/uploads\/2021\/06\/auto-eduardo-02.jpg 900w\" sizes=\"(max-width: 300px) 100vw, 300px\" title=\"\">\t\t\t\t\t\t\t\t<\/a>\n\t\t\t\t\t\t\t\t\t\t\t\t\t\t\t<\/div>\n\t\t\t\t<\/div>\n\t\t\t\t\t<\/div>\n\t\t<\/div>\n\t\t\t\t\t<\/div>\n\t\t<\/section>\n\t\t\t\t<\/div>\n\t\t<\/div><div class=\"jet-listing-grid__item jet-listing-dynamic-post-1232 jet-equal-columns\" data-post-id=\"1232\" >\t\t<div data-elementor-type=\"jet-listing-items\" data-elementor-id=\"524\" class=\"elementor elementor-524\" data-elementor-post-type=\"jet-engine\">\n\t\t\t\t\t\t<section class=\"elementor-section elementor-top-section elementor-element elementor-element-ef0c760 elementor-section-content-middle elementor-section-boxed elementor-section-height-default elementor-section-height-default\" data-id=\"ef0c760\" data-element_type=\"section\" data-e-type=\"section\" data-settings=\"{&quot;background_background&quot;:&quot;classic&quot;}\">\n\t\t\t\t\t\t<div class=\"elementor-container elementor-column-gap-default\">\n\t\t\t\t\t<div class=\"elementor-column elementor-col-50 elementor-top-column elementor-element elementor-element-f3770a2\" data-id=\"f3770a2\" data-element_type=\"column\" data-e-type=\"column\">\n\t\t\t<div class=\"elementor-widget-wrap elementor-element-populated\">\n\t\t\t\t\t\t<div class=\"elementor-element elementor-element-6788ee3 elementor-widget__width-auto elementor-widget elementor-widget-theme-post-title elementor-page-title elementor-widget-heading\" data-id=\"6788ee3\" data-element_type=\"widget\" data-e-type=\"widget\" data-widget_type=\"theme-post-title.default\">\n\t\t\t\t<div class=\"elementor-widget-container\">\n\t\t\t\t\t<h5 class=\"elementor-heading-title elementor-size-default\"><a href=\"https:\/\/www.expertservicecar.com\/pt-pt\/taller\/auto-formentera-es-brolls\/\">Auto Formentera Es Brolls<\/a><\/h5>\t\t\t\t<\/div>\n\t\t\t\t<\/div>\n\t\t\t\t<section class=\"elementor-section elementor-inner-section elementor-element elementor-element-dcd0ceb elementor-section-boxed elementor-section-height-default elementor-section-height-default\" data-id=\"dcd0ceb\" data-element_type=\"section\" data-e-type=\"section\">\n\t\t\t\t\t\t<div class=\"elementor-container elementor-column-gap-default\">\n\t\t\t\t\t<div class=\"elementor-column elementor-col-100 elementor-inner-column elementor-element elementor-element-aed0068\" data-id=\"aed0068\" data-element_type=\"column\" data-e-type=\"column\">\n\t\t\t<div class=\"elementor-widget-wrap elementor-element-populated\">\n\t\t\t\t\t\t<div class=\"elementor-element elementor-element-601cf1d elementor-widget__width-auto elementor-widget-mobile__width-auto elementor-widget elementor-widget-jet-listing-dynamic-field\" data-id=\"601cf1d\" data-element_type=\"widget\" data-e-type=\"widget\" data-widget_type=\"jet-listing-dynamic-field.default\">\n\t\t\t\t<div class=\"elementor-widget-container\">\n\t\t\t\t\t<div class=\"jet-listing jet-listing-dynamic-field display-inline\"><div class=\"jet-listing-dynamic-field__inline-wrap\"><span class=\"jet-listing-dynamic-field__content\"><p>Carretera La Savina A La Mola Km 2<br \/>\n07860 Islas Baleares<\/p>\n<\/span><\/div><\/div>\t\t\t\t<\/div>\n\t\t\t\t<\/div>\n\t\t\t\t<div class=\"elementor-element elementor-element-1898eca elementor-widget elementor-widget-jet-listing-dynamic-link\" data-id=\"1898eca\" data-element_type=\"widget\" data-e-type=\"widget\" data-widget_type=\"jet-listing-dynamic-link.default\">\n\t\t\t\t<div class=\"elementor-widget-container\">\n\t\t\t\t\t<span class=\"jet-listing jet-listing-dynamic-link\"><a href=\"tel:+34 971 32 28 83\" class=\"jet-listing-dynamic-link__link\"><i class=\"jet-listing-dynamic-link__icon fas fa-phone-alt\" aria-hidden=\"true\"><\/i><span class=\"jet-listing-dynamic-link__label\">+34 971 32 28 83<\/span><\/a><\/span>\t\t\t\t<\/div>\n\t\t\t\t<\/div>\n\t\t\t\t\t<\/div>\n\t\t<\/div>\n\t\t\t\t\t<\/div>\n\t\t<\/section>\n\t\t\t\t\t<\/div>\n\t\t<\/div>\n\t\t\t\t<div class=\"elementor-column elementor-col-50 elementor-top-column elementor-element elementor-element-bb24a8e\" data-id=\"bb24a8e\" data-element_type=\"column\" data-e-type=\"column\">\n\t\t\t<div class=\"elementor-widget-wrap elementor-element-populated\">\n\t\t\t\t\t\t<div class=\"elementor-element elementor-element-b78d0e4 elementor-widget elementor-widget-image\" data-id=\"b78d0e4\" data-element_type=\"widget\" data-e-type=\"widget\" data-widget_type=\"image.default\">\n\t\t\t\t<div class=\"elementor-widget-container\">\n\t\t\t\t\t\t\t\t\t\t\t\t\t\t\t\t<a href=\"https:\/\/www.expertservicecar.com\/pt-pt\/taller\/auto-formentera-es-brolls\/\">\n\t\t\t\t\t\t\t<img loading=\"lazy\" decoding=\"async\" width=\"300\" height=\"231\" src=\"https:\/\/www.expertservicecar.com\/wp-content\/uploads\/2021\/04\/auto-formentera-es-brolls-300x231.jpg\" class=\"attachment-medium size-medium wp-image-2306\" alt=\"\" srcset=\"https:\/\/www.expertservicecar.com\/wp-content\/uploads\/2021\/04\/auto-formentera-es-brolls-300x231.jpg 300w, https:\/\/www.expertservicecar.com\/wp-content\/uploads\/2021\/04\/auto-formentera-es-brolls-768x591.jpg 768w, https:\/\/www.expertservicecar.com\/wp-content\/uploads\/2021\/04\/auto-formentera-es-brolls-600x462.jpg 600w, https:\/\/www.expertservicecar.com\/wp-content\/uploads\/2021\/04\/auto-formentera-es-brolls.jpg 900w\" sizes=\"(max-width: 300px) 100vw, 300px\" title=\"\">\t\t\t\t\t\t\t\t<\/a>\n\t\t\t\t\t\t\t\t\t\t\t\t\t\t\t<\/div>\n\t\t\t\t<\/div>\n\t\t\t\t\t<\/div>\n\t\t<\/div>\n\t\t\t\t\t<\/div>\n\t\t<\/section>\n\t\t\t\t<\/div>\n\t\t<\/div><div class=\"jet-listing-grid__item jet-listing-dynamic-post-5973 jet-equal-columns\" data-post-id=\"5973\" >\t\t<div data-elementor-type=\"jet-listing-items\" data-elementor-id=\"524\" class=\"elementor elementor-524\" data-elementor-post-type=\"jet-engine\">\n\t\t\t\t\t\t<section class=\"elementor-section elementor-top-section elementor-element elementor-element-ef0c760 elementor-section-content-middle elementor-section-boxed elementor-section-height-default elementor-section-height-default\" data-id=\"ef0c760\" data-element_type=\"section\" data-e-type=\"section\" data-settings=\"{&quot;background_background&quot;:&quot;classic&quot;}\">\n\t\t\t\t\t\t<div class=\"elementor-container elementor-column-gap-default\">\n\t\t\t\t\t<div class=\"elementor-column elementor-col-50 elementor-top-column elementor-element elementor-element-f3770a2\" data-id=\"f3770a2\" data-element_type=\"column\" data-e-type=\"column\">\n\t\t\t<div class=\"elementor-widget-wrap elementor-element-populated\">\n\t\t\t\t\t\t<div class=\"elementor-element elementor-element-6788ee3 elementor-widget__width-auto elementor-widget elementor-widget-theme-post-title elementor-page-title elementor-widget-heading\" data-id=\"6788ee3\" data-element_type=\"widget\" data-e-type=\"widget\" data-widget_type=\"theme-post-title.default\">\n\t\t\t\t<div class=\"elementor-widget-container\">\n\t\t\t\t\t<h5 class=\"elementor-heading-title elementor-size-default\"><a href=\"https:\/\/www.expertservicecar.com\/pt-pt\/taller\/auto-sport-ibanez\/\">Auto Sport Iba\u00f1ez<\/a><\/h5>\t\t\t\t<\/div>\n\t\t\t\t<\/div>\n\t\t\t\t<section class=\"elementor-section elementor-inner-section elementor-element elementor-element-dcd0ceb elementor-section-boxed elementor-section-height-default elementor-section-height-default\" data-id=\"dcd0ceb\" data-element_type=\"section\" data-e-type=\"section\">\n\t\t\t\t\t\t<div class=\"elementor-container elementor-column-gap-default\">\n\t\t\t\t\t<div class=\"elementor-column elementor-col-100 elementor-inner-column elementor-element elementor-element-aed0068\" data-id=\"aed0068\" data-element_type=\"column\" data-e-type=\"column\">\n\t\t\t<div class=\"elementor-widget-wrap elementor-element-populated\">\n\t\t\t\t\t\t<div class=\"elementor-element elementor-element-601cf1d elementor-widget__width-auto elementor-widget-mobile__width-auto elementor-widget elementor-widget-jet-listing-dynamic-field\" data-id=\"601cf1d\" data-element_type=\"widget\" data-e-type=\"widget\" data-widget_type=\"jet-listing-dynamic-field.default\">\n\t\t\t\t<div class=\"elementor-widget-container\">\n\t\t\t\t\t<div class=\"jet-listing jet-listing-dynamic-field display-inline\"><div class=\"jet-listing-dynamic-field__inline-wrap\"><span class=\"jet-listing-dynamic-field__content\"><p>C\/Francisco Ar\u00edtio 119 Nave 36<br \/>\n19004 Guadalajara<br \/>\nGuadalajara<\/p>\n<\/span><\/div><\/div>\t\t\t\t<\/div>\n\t\t\t\t<\/div>\n\t\t\t\t<div class=\"elementor-element elementor-element-1898eca elementor-widget elementor-widget-jet-listing-dynamic-link\" data-id=\"1898eca\" data-element_type=\"widget\" data-e-type=\"widget\" data-widget_type=\"jet-listing-dynamic-link.default\">\n\t\t\t\t<div class=\"elementor-widget-container\">\n\t\t\t\t\t<span class=\"jet-listing jet-listing-dynamic-link\"><a href=\"tel:949207107\" class=\"jet-listing-dynamic-link__link\"><i class=\"jet-listing-dynamic-link__icon fas fa-phone-alt\" aria-hidden=\"true\"><\/i><span class=\"jet-listing-dynamic-link__label\">949207107<\/span><\/a><\/span>\t\t\t\t<\/div>\n\t\t\t\t<\/div>\n\t\t\t\t\t<\/div>\n\t\t<\/div>\n\t\t\t\t\t<\/div>\n\t\t<\/section>\n\t\t\t\t\t<\/div>\n\t\t<\/div>\n\t\t\t\t<div class=\"elementor-column elementor-col-50 elementor-top-column elementor-element elementor-element-bb24a8e\" data-id=\"bb24a8e\" data-element_type=\"column\" data-e-type=\"column\">\n\t\t\t<div class=\"elementor-widget-wrap elementor-element-populated\">\n\t\t\t\t\t\t<div class=\"elementor-element elementor-element-b78d0e4 elementor-widget elementor-widget-image\" data-id=\"b78d0e4\" data-element_type=\"widget\" data-e-type=\"widget\" data-widget_type=\"image.default\">\n\t\t\t\t<div class=\"elementor-widget-container\">\n\t\t\t\t\t\t\t\t\t\t\t\t\t\t\t\t<a href=\"https:\/\/www.expertservicecar.com\/pt-pt\/taller\/auto-sport-ibanez\/\">\n\t\t\t\t\t\t\t<img loading=\"lazy\" decoding=\"async\" width=\"300\" height=\"217\" src=\"https:\/\/www.expertservicecar.com\/wp-content\/uploads\/2021\/10\/exterior_1931_auto_sport_ibanez_img_20211023_120121r_original-copia-300x217.jpg\" class=\"attachment-medium size-medium wp-image-5974\" alt=\"\" srcset=\"https:\/\/www.expertservicecar.com\/wp-content\/uploads\/2021\/10\/exterior_1931_auto_sport_ibanez_img_20211023_120121r_original-copia-300x217.jpg 300w, https:\/\/www.expertservicecar.com\/wp-content\/uploads\/2021\/10\/exterior_1931_auto_sport_ibanez_img_20211023_120121r_original-copia-768x555.jpg 768w, https:\/\/www.expertservicecar.com\/wp-content\/uploads\/2021\/10\/exterior_1931_auto_sport_ibanez_img_20211023_120121r_original-copia-600x434.jpg 600w, https:\/\/www.expertservicecar.com\/wp-content\/uploads\/2021\/10\/exterior_1931_auto_sport_ibanez_img_20211023_120121r_original-copia.jpg 888w\" sizes=\"(max-width: 300px) 100vw, 300px\" title=\"\">\t\t\t\t\t\t\t\t<\/a>\n\t\t\t\t\t\t\t\t\t\t\t\t\t\t\t<\/div>\n\t\t\t\t<\/div>\n\t\t\t\t\t<\/div>\n\t\t<\/div>\n\t\t\t\t\t<\/div>\n\t\t<\/section>\n\t\t\t\t<\/div>\n\t\t<\/div><div class=\"jet-listing-grid__item jet-listing-dynamic-post-6210 jet-equal-columns\" data-post-id=\"6210\" >\t\t<div data-elementor-type=\"jet-listing-items\" data-elementor-id=\"524\" class=\"elementor elementor-524\" data-elementor-post-type=\"jet-engine\">\n\t\t\t\t\t\t<section class=\"elementor-section elementor-top-section elementor-element elementor-element-ef0c760 elementor-section-content-middle elementor-section-boxed elementor-section-height-default elementor-section-height-default\" data-id=\"ef0c760\" data-element_type=\"section\" data-e-type=\"section\" data-settings=\"{&quot;background_background&quot;:&quot;classic&quot;}\">\n\t\t\t\t\t\t<div class=\"elementor-container elementor-column-gap-default\">\n\t\t\t\t\t<div class=\"elementor-column elementor-col-50 elementor-top-column elementor-element elementor-element-f3770a2\" data-id=\"f3770a2\" data-element_type=\"column\" data-e-type=\"column\">\n\t\t\t<div class=\"elementor-widget-wrap elementor-element-populated\">\n\t\t\t\t\t\t<div class=\"elementor-element elementor-element-6788ee3 elementor-widget__width-auto elementor-widget elementor-widget-theme-post-title elementor-page-title elementor-widget-heading\" data-id=\"6788ee3\" data-element_type=\"widget\" data-e-type=\"widget\" data-widget_type=\"theme-post-title.default\">\n\t\t\t\t<div class=\"elementor-widget-container\">\n\t\t\t\t\t<h5 class=\"elementor-heading-title elementor-size-default\"><a href=\"https:\/\/www.expertservicecar.com\/pt-pt\/taller\/autocentros-bernardino\/\">Autocentros Bernardino<\/a><\/h5>\t\t\t\t<\/div>\n\t\t\t\t<\/div>\n\t\t\t\t<section class=\"elementor-section elementor-inner-section elementor-element elementor-element-dcd0ceb elementor-section-boxed elementor-section-height-default elementor-section-height-default\" data-id=\"dcd0ceb\" data-element_type=\"section\" data-e-type=\"section\">\n\t\t\t\t\t\t<div class=\"elementor-container elementor-column-gap-default\">\n\t\t\t\t\t<div class=\"elementor-column elementor-col-100 elementor-inner-column elementor-element elementor-element-aed0068\" data-id=\"aed0068\" data-element_type=\"column\" data-e-type=\"column\">\n\t\t\t<div class=\"elementor-widget-wrap elementor-element-populated\">\n\t\t\t\t\t\t<div class=\"elementor-element elementor-element-601cf1d elementor-widget__width-auto elementor-widget-mobile__width-auto elementor-widget elementor-widget-jet-listing-dynamic-field\" data-id=\"601cf1d\" data-element_type=\"widget\" data-e-type=\"widget\" data-widget_type=\"jet-listing-dynamic-field.default\">\n\t\t\t\t<div class=\"elementor-widget-container\">\n\t\t\t\t\t<div class=\"jet-listing jet-listing-dynamic-field display-inline\"><div class=\"jet-listing-dynamic-field__inline-wrap\"><span class=\"jet-listing-dynamic-field__content\"><p>P.I. EL Tapiado, C. la Conserva, s\/n,<br \/>\n30500 Molina de Segura, Murcia<\/p>\n<\/span><\/div><\/div>\t\t\t\t<\/div>\n\t\t\t\t<\/div>\n\t\t\t\t<div class=\"elementor-element elementor-element-1898eca elementor-widget elementor-widget-jet-listing-dynamic-link\" data-id=\"1898eca\" data-element_type=\"widget\" data-e-type=\"widget\" data-widget_type=\"jet-listing-dynamic-link.default\">\n\t\t\t\t<div class=\"elementor-widget-container\">\n\t\t\t\t\t<span class=\"jet-listing jet-listing-dynamic-link\"><a href=\"tel:968612059\" class=\"jet-listing-dynamic-link__link\"><i class=\"jet-listing-dynamic-link__icon fas fa-phone-alt\" aria-hidden=\"true\"><\/i><span class=\"jet-listing-dynamic-link__label\">968612059<\/span><\/a><\/span>\t\t\t\t<\/div>\n\t\t\t\t<\/div>\n\t\t\t\t<div class=\"elementor-element elementor-element-0329474 elementor-hidden-phone elementor-widget elementor-widget-jet-listing-dynamic-link\" data-id=\"0329474\" data-element_type=\"widget\" data-e-type=\"widget\" data-widget_type=\"jet-listing-dynamic-link.default\">\n\t\t\t\t<div class=\"elementor-widget-container\">\n\t\t\t\t\t<span class=\"jet-listing jet-listing-dynamic-link\"><a href=\"tel:610855599\" class=\"jet-listing-dynamic-link__link\"><i class=\"jet-listing-dynamic-link__icon oi oi-phone\" aria-hidden=\"true\"><\/i><span class=\"jet-listing-dynamic-link__label\">610855599<\/span><\/a><\/span>\t\t\t\t<\/div>\n\t\t\t\t<\/div>\n\t\t\t\t\t<\/div>\n\t\t<\/div>\n\t\t\t\t\t<\/div>\n\t\t<\/section>\n\t\t\t\t\t<\/div>\n\t\t<\/div>\n\t\t\t\t<div class=\"elementor-column elementor-col-50 elementor-top-column elementor-element elementor-element-bb24a8e\" data-id=\"bb24a8e\" data-element_type=\"column\" data-e-type=\"column\">\n\t\t\t<div class=\"elementor-widget-wrap elementor-element-populated\">\n\t\t\t\t\t\t<div class=\"elementor-element elementor-element-b78d0e4 elementor-widget elementor-widget-image\" data-id=\"b78d0e4\" data-element_type=\"widget\" data-e-type=\"widget\" data-widget_type=\"image.default\">\n\t\t\t\t<div class=\"elementor-widget-container\">\n\t\t\t\t\t\t\t\t\t\t\t\t\t\t\t\t<a href=\"https:\/\/www.expertservicecar.com\/pt-pt\/taller\/autocentros-bernardino\/\">\n\t\t\t\t\t\t\t<img loading=\"lazy\" decoding=\"async\" width=\"300\" height=\"224\" src=\"https:\/\/www.expertservicecar.com\/wp-content\/uploads\/2022\/05\/autocentros_bernardino_ADPENALVER-300x224.jpg\" class=\"attachment-medium size-medium wp-image-6211\" alt=\"Autocentros Bernardino\" srcset=\"https:\/\/www.expertservicecar.com\/wp-content\/uploads\/2022\/05\/autocentros_bernardino_ADPENALVER-300x224.jpg 300w, https:\/\/www.expertservicecar.com\/wp-content\/uploads\/2022\/05\/autocentros_bernardino_ADPENALVER-768x573.jpg 768w, https:\/\/www.expertservicecar.com\/wp-content\/uploads\/2022\/05\/autocentros_bernardino_ADPENALVER-600x447.jpg 600w, https:\/\/www.expertservicecar.com\/wp-content\/uploads\/2022\/05\/autocentros_bernardino_ADPENALVER.jpg 943w\" sizes=\"(max-width: 300px) 100vw, 300px\" title=\"\">\t\t\t\t\t\t\t\t<\/a>\n\t\t\t\t\t\t\t\t\t\t\t\t\t\t\t<\/div>\n\t\t\t\t<\/div>\n\t\t\t\t\t<\/div>\n\t\t<\/div>\n\t\t\t\t\t<\/div>\n\t\t<\/section>\n\t\t\t\t<\/div>\n\t\t<\/div><div class=\"jet-listing-grid__item jet-listing-dynamic-post-8121 jet-equal-columns\" data-post-id=\"8121\" >\t\t<div data-elementor-type=\"jet-listing-items\" data-elementor-id=\"524\" class=\"elementor elementor-524\" data-elementor-post-type=\"jet-engine\">\n\t\t\t\t\t\t<section class=\"elementor-section elementor-top-section elementor-element elementor-element-ef0c760 elementor-section-content-middle elementor-section-boxed elementor-section-height-default elementor-section-height-default\" data-id=\"ef0c760\" data-element_type=\"section\" data-e-type=\"section\" data-settings=\"{&quot;background_background&quot;:&quot;classic&quot;}\">\n\t\t\t\t\t\t<div class=\"elementor-container elementor-column-gap-default\">\n\t\t\t\t\t<div class=\"elementor-column elementor-col-50 elementor-top-column elementor-element elementor-element-f3770a2\" data-id=\"f3770a2\" data-element_type=\"column\" data-e-type=\"column\">\n\t\t\t<div class=\"elementor-widget-wrap elementor-element-populated\">\n\t\t\t\t\t\t<div class=\"elementor-element elementor-element-6788ee3 elementor-widget__width-auto elementor-widget elementor-widget-theme-post-title elementor-page-title elementor-widget-heading\" data-id=\"6788ee3\" data-element_type=\"widget\" data-e-type=\"widget\" data-widget_type=\"theme-post-title.default\">\n\t\t\t\t<div class=\"elementor-widget-container\">\n\t\t\t\t\t<h5 class=\"elementor-heading-title elementor-size-default\"><a href=\"https:\/\/www.expertservicecar.com\/pt-pt\/taller\/automecanica-nuno-melo\/\">AutoMec\u00e2nica Nuno Melo<\/a><\/h5>\t\t\t\t<\/div>\n\t\t\t\t<\/div>\n\t\t\t\t<section class=\"elementor-section elementor-inner-section elementor-element elementor-element-dcd0ceb elementor-section-boxed elementor-section-height-default elementor-section-height-default\" data-id=\"dcd0ceb\" data-element_type=\"section\" data-e-type=\"section\">\n\t\t\t\t\t\t<div class=\"elementor-container elementor-column-gap-default\">\n\t\t\t\t\t<div class=\"elementor-column elementor-col-100 elementor-inner-column elementor-element elementor-element-aed0068\" data-id=\"aed0068\" data-element_type=\"column\" data-e-type=\"column\">\n\t\t\t<div class=\"elementor-widget-wrap elementor-element-populated\">\n\t\t\t\t\t\t<div class=\"elementor-element elementor-element-601cf1d elementor-widget__width-auto elementor-widget-mobile__width-auto elementor-widget elementor-widget-jet-listing-dynamic-field\" data-id=\"601cf1d\" data-element_type=\"widget\" data-e-type=\"widget\" data-widget_type=\"jet-listing-dynamic-field.default\">\n\t\t\t\t<div class=\"elementor-widget-container\">\n\t\t\t\t\t<div class=\"jet-listing jet-listing-dynamic-field display-inline\"><div class=\"jet-listing-dynamic-field__inline-wrap\"><span class=\"jet-listing-dynamic-field__content\"><p>A 24 B, Av. Infante Dom Henrique 24,<br \/>\nAngra do Hero\u00edsmo, Portugal<\/p>\n<\/span><\/div><\/div>\t\t\t\t<\/div>\n\t\t\t\t<\/div>\n\t\t\t\t<div class=\"elementor-element elementor-element-1898eca elementor-widget elementor-widget-jet-listing-dynamic-link\" data-id=\"1898eca\" data-element_type=\"widget\" data-e-type=\"widget\" data-widget_type=\"jet-listing-dynamic-link.default\">\n\t\t\t\t<div class=\"elementor-widget-container\">\n\t\t\t\t\t<span class=\"jet-listing jet-listing-dynamic-link\"><a href=\"tel:(+351) 295 703 716 \" class=\"jet-listing-dynamic-link__link\"><i class=\"jet-listing-dynamic-link__icon fas fa-phone-alt\" aria-hidden=\"true\"><\/i><span class=\"jet-listing-dynamic-link__label\">(+351) 295 703 716 <\/span><\/a><\/span>\t\t\t\t<\/div>\n\t\t\t\t<\/div>\n\t\t\t\t<div class=\"elementor-element elementor-element-0329474 elementor-hidden-phone elementor-widget elementor-widget-jet-listing-dynamic-link\" data-id=\"0329474\" data-element_type=\"widget\" data-e-type=\"widget\" data-widget_type=\"jet-listing-dynamic-link.default\">\n\t\t\t\t<div class=\"elementor-widget-container\">\n\t\t\t\t\t<span class=\"jet-listing jet-listing-dynamic-link\"><a href=\"tel:(+351) 964 219 273\" class=\"jet-listing-dynamic-link__link\"><i class=\"jet-listing-dynamic-link__icon oi oi-phone\" aria-hidden=\"true\"><\/i><span class=\"jet-listing-dynamic-link__label\">(+351) 964 219 273<\/span><\/a><\/span>\t\t\t\t<\/div>\n\t\t\t\t<\/div>\n\t\t\t\t\t<\/div>\n\t\t<\/div>\n\t\t\t\t\t<\/div>\n\t\t<\/section>\n\t\t\t\t\t<\/div>\n\t\t<\/div>\n\t\t\t\t<div class=\"elementor-column elementor-col-50 elementor-top-column elementor-element elementor-element-bb24a8e\" data-id=\"bb24a8e\" data-element_type=\"column\" data-e-type=\"column\">\n\t\t\t<div class=\"elementor-widget-wrap elementor-element-populated\">\n\t\t\t\t\t\t\t<\/div>\n\t\t<\/div>\n\t\t\t\t\t<\/div>\n\t\t<\/section>\n\t\t\t\t<\/div>\n\t\t<\/div><div class=\"jet-listing-grid__item jet-listing-dynamic-post-5227 jet-equal-columns\" data-post-id=\"5227\" >\t\t<div data-elementor-type=\"jet-listing-items\" data-elementor-id=\"524\" class=\"elementor elementor-524\" data-elementor-post-type=\"jet-engine\">\n\t\t\t\t\t\t<section class=\"elementor-section elementor-top-section elementor-element elementor-element-ef0c760 elementor-section-content-middle elementor-section-boxed elementor-section-height-default elementor-section-height-default\" data-id=\"ef0c760\" data-element_type=\"section\" data-e-type=\"section\" data-settings=\"{&quot;background_background&quot;:&quot;classic&quot;}\">\n\t\t\t\t\t\t<div class=\"elementor-container elementor-column-gap-default\">\n\t\t\t\t\t<div class=\"elementor-column elementor-col-50 elementor-top-column elementor-element elementor-element-f3770a2\" data-id=\"f3770a2\" data-element_type=\"column\" data-e-type=\"column\">\n\t\t\t<div class=\"elementor-widget-wrap elementor-element-populated\">\n\t\t\t\t\t\t<div class=\"elementor-element elementor-element-6788ee3 elementor-widget__width-auto elementor-widget elementor-widget-theme-post-title elementor-page-title elementor-widget-heading\" data-id=\"6788ee3\" data-element_type=\"widget\" data-e-type=\"widget\" data-widget_type=\"theme-post-title.default\">\n\t\t\t\t<div class=\"elementor-widget-container\">\n\t\t\t\t\t<h5 class=\"elementor-heading-title elementor-size-default\"><a href=\"https:\/\/www.expertservicecar.com\/pt-pt\/taller\/automocio-can-palet\/\">Automoci\u00f3 Can Palet<\/a><\/h5>\t\t\t\t<\/div>\n\t\t\t\t<\/div>\n\t\t\t\t<section class=\"elementor-section elementor-inner-section elementor-element elementor-element-dcd0ceb elementor-section-boxed elementor-section-height-default elementor-section-height-default\" data-id=\"dcd0ceb\" data-element_type=\"section\" data-e-type=\"section\">\n\t\t\t\t\t\t<div class=\"elementor-container elementor-column-gap-default\">\n\t\t\t\t\t<div class=\"elementor-column elementor-col-100 elementor-inner-column elementor-element elementor-element-aed0068\" data-id=\"aed0068\" data-element_type=\"column\" data-e-type=\"column\">\n\t\t\t<div class=\"elementor-widget-wrap elementor-element-populated\">\n\t\t\t\t\t\t<div class=\"elementor-element elementor-element-601cf1d elementor-widget__width-auto elementor-widget-mobile__width-auto elementor-widget elementor-widget-jet-listing-dynamic-field\" data-id=\"601cf1d\" data-element_type=\"widget\" data-e-type=\"widget\" data-widget_type=\"jet-listing-dynamic-field.default\">\n\t\t\t\t<div class=\"elementor-widget-container\">\n\t\t\t\t\t<div class=\"jet-listing jet-listing-dynamic-field display-inline\"><div class=\"jet-listing-dynamic-field__inline-wrap\"><span class=\"jet-listing-dynamic-field__content\"><p>Carrer del Germ\u00e0 Joaquim, 83<br \/>\n08223 Terrassa<br \/>\nBarcelona<\/p>\n<\/span><\/div><\/div>\t\t\t\t<\/div>\n\t\t\t\t<\/div>\n\t\t\t\t<div class=\"elementor-element elementor-element-1898eca elementor-widget elementor-widget-jet-listing-dynamic-link\" data-id=\"1898eca\" data-element_type=\"widget\" data-e-type=\"widget\" data-widget_type=\"jet-listing-dynamic-link.default\">\n\t\t\t\t<div class=\"elementor-widget-container\">\n\t\t\t\t\t<span class=\"jet-listing jet-listing-dynamic-link\"><a href=\"tel:+34 93 1276015\" class=\"jet-listing-dynamic-link__link\"><i class=\"jet-listing-dynamic-link__icon fas fa-phone-alt\" aria-hidden=\"true\"><\/i><span class=\"jet-listing-dynamic-link__label\">+34 93 1276015<\/span><\/a><\/span>\t\t\t\t<\/div>\n\t\t\t\t<\/div>\n\t\t\t\t\t<\/div>\n\t\t<\/div>\n\t\t\t\t\t<\/div>\n\t\t<\/section>\n\t\t\t\t\t<\/div>\n\t\t<\/div>\n\t\t\t\t<div class=\"elementor-column elementor-col-50 elementor-top-column elementor-element elementor-element-bb24a8e\" data-id=\"bb24a8e\" data-element_type=\"column\" data-e-type=\"column\">\n\t\t\t<div class=\"elementor-widget-wrap elementor-element-populated\">\n\t\t\t\t\t\t<div class=\"elementor-element elementor-element-b78d0e4 elementor-widget elementor-widget-image\" data-id=\"b78d0e4\" data-element_type=\"widget\" data-e-type=\"widget\" data-widget_type=\"image.default\">\n\t\t\t\t<div class=\"elementor-widget-container\">\n\t\t\t\t\t\t\t\t\t\t\t\t\t\t\t\t<a href=\"https:\/\/www.expertservicecar.com\/pt-pt\/taller\/automocio-can-palet\/\">\n\t\t\t\t\t\t\t<img loading=\"lazy\" decoding=\"async\" width=\"300\" height=\"217\" src=\"https:\/\/www.expertservicecar.com\/wp-content\/uploads\/2021\/07\/tallers-can-palet-01-300x217.jpg\" class=\"attachment-medium size-medium wp-image-5228\" alt=\"Tallers Can Palet\" srcset=\"https:\/\/www.expertservicecar.com\/wp-content\/uploads\/2021\/07\/tallers-can-palet-01-300x217.jpg 300w, https:\/\/www.expertservicecar.com\/wp-content\/uploads\/2021\/07\/tallers-can-palet-01-768x554.jpg 768w, https:\/\/www.expertservicecar.com\/wp-content\/uploads\/2021\/07\/tallers-can-palet-01-600x433.jpg 600w, https:\/\/www.expertservicecar.com\/wp-content\/uploads\/2021\/07\/tallers-can-palet-01.jpg 960w\" sizes=\"(max-width: 300px) 100vw, 300px\" title=\"\">\t\t\t\t\t\t\t\t<\/a>\n\t\t\t\t\t\t\t\t\t\t\t\t\t\t\t<\/div>\n\t\t\t\t<\/div>\n\t\t\t\t\t<\/div>\n\t\t<\/div>\n\t\t\t\t\t<\/div>\n\t\t<\/section>\n\t\t\t\t<\/div>\n\t\t<\/div><div class=\"jet-listing-grid__item jet-listing-dynamic-post-7780 jet-equal-columns\" data-post-id=\"7780\" >\t\t<div data-elementor-type=\"jet-listing-items\" data-elementor-id=\"524\" class=\"elementor elementor-524\" data-elementor-post-type=\"jet-engine\">\n\t\t\t\t\t\t<section class=\"elementor-section elementor-top-section elementor-element elementor-element-ef0c760 elementor-section-content-middle elementor-section-boxed elementor-section-height-default elementor-section-height-default\" data-id=\"ef0c760\" data-element_type=\"section\" data-e-type=\"section\" data-settings=\"{&quot;background_background&quot;:&quot;classic&quot;}\">\n\t\t\t\t\t\t<div class=\"elementor-container elementor-column-gap-default\">\n\t\t\t\t\t<div class=\"elementor-column elementor-col-50 elementor-top-column elementor-element elementor-element-f3770a2\" data-id=\"f3770a2\" data-element_type=\"column\" data-e-type=\"column\">\n\t\t\t<div class=\"elementor-widget-wrap elementor-element-populated\">\n\t\t\t\t\t\t<div class=\"elementor-element elementor-element-6788ee3 elementor-widget__width-auto elementor-widget elementor-widget-theme-post-title elementor-page-title elementor-widget-heading\" data-id=\"6788ee3\" data-element_type=\"widget\" data-e-type=\"widget\" data-widget_type=\"theme-post-title.default\">\n\t\t\t\t<div class=\"elementor-widget-container\">\n\t\t\t\t\t<h5 class=\"elementor-heading-title elementor-size-default\"><a href=\"https:\/\/www.expertservicecar.com\/pt-pt\/taller\/automocio-movil-valls-l\/\">AUTOMOCIO MOVIL VALL,S.L.<\/a><\/h5>\t\t\t\t<\/div>\n\t\t\t\t<\/div>\n\t\t\t\t<section class=\"elementor-section elementor-inner-section elementor-element elementor-element-dcd0ceb elementor-section-boxed elementor-section-height-default elementor-section-height-default\" data-id=\"dcd0ceb\" data-element_type=\"section\" data-e-type=\"section\">\n\t\t\t\t\t\t<div class=\"elementor-container elementor-column-gap-default\">\n\t\t\t\t\t<div class=\"elementor-column elementor-col-100 elementor-inner-column elementor-element elementor-element-aed0068\" data-id=\"aed0068\" data-element_type=\"column\" data-e-type=\"column\">\n\t\t\t<div class=\"elementor-widget-wrap elementor-element-populated\">\n\t\t\t\t\t\t<div class=\"elementor-element elementor-element-601cf1d elementor-widget__width-auto elementor-widget-mobile__width-auto elementor-widget elementor-widget-jet-listing-dynamic-field\" data-id=\"601cf1d\" data-element_type=\"widget\" data-e-type=\"widget\" data-widget_type=\"jet-listing-dynamic-field.default\">\n\t\t\t\t<div class=\"elementor-widget-container\">\n\t\t\t\t\t<div class=\"jet-listing jet-listing-dynamic-field display-inline\"><div class=\"jet-listing-dynamic-field__inline-wrap\"><span class=\"jet-listing-dynamic-field__content\"><p>Avinguda de la Valldigna, 81,<br \/>\n46760 Tavernes de la Valldigna, Valencia<\/p>\n<\/span><\/div><\/div>\t\t\t\t<\/div>\n\t\t\t\t<\/div>\n\t\t\t\t<div class=\"elementor-element elementor-element-1898eca elementor-widget elementor-widget-jet-listing-dynamic-link\" data-id=\"1898eca\" data-element_type=\"widget\" data-e-type=\"widget\" data-widget_type=\"jet-listing-dynamic-link.default\">\n\t\t\t\t<div class=\"elementor-widget-container\">\n\t\t\t\t\t<span class=\"jet-listing jet-listing-dynamic-link\"><a href=\"tel:962821814\" class=\"jet-listing-dynamic-link__link\"><i class=\"jet-listing-dynamic-link__icon fas fa-phone-alt\" aria-hidden=\"true\"><\/i><span class=\"jet-listing-dynamic-link__label\">962821814<\/span><\/a><\/span>\t\t\t\t<\/div>\n\t\t\t\t<\/div>\n\t\t\t\t\t<\/div>\n\t\t<\/div>\n\t\t\t\t\t<\/div>\n\t\t<\/section>\n\t\t\t\t\t<\/div>\n\t\t<\/div>\n\t\t\t\t<div class=\"elementor-column elementor-col-50 elementor-top-column elementor-element elementor-element-bb24a8e\" data-id=\"bb24a8e\" data-element_type=\"column\" data-e-type=\"column\">\n\t\t\t<div class=\"elementor-widget-wrap elementor-element-populated\">\n\t\t\t\t\t\t<div class=\"elementor-element elementor-element-b78d0e4 elementor-widget elementor-widget-image\" data-id=\"b78d0e4\" data-element_type=\"widget\" data-e-type=\"widget\" data-widget_type=\"image.default\">\n\t\t\t\t<div class=\"elementor-widget-container\">\n\t\t\t\t\t\t\t\t\t\t\t\t\t\t\t\t<a href=\"https:\/\/www.expertservicecar.com\/pt-pt\/taller\/automocio-movil-valls-l\/\">\n\t\t\t\t\t\t\t<img loading=\"lazy\" decoding=\"async\" width=\"300\" height=\"182\" src=\"https:\/\/www.expertservicecar.com\/wp-content\/uploads\/2025\/05\/Captura-de-pantalla-2025-05-19-100229-300x182.jpg\" class=\"attachment-medium size-medium wp-image-7781\" alt=\"\" srcset=\"https:\/\/www.expertservicecar.com\/wp-content\/uploads\/2025\/05\/Captura-de-pantalla-2025-05-19-100229-300x182.jpg 300w, https:\/\/www.expertservicecar.com\/wp-content\/uploads\/2025\/05\/Captura-de-pantalla-2025-05-19-100229-1024x620.jpg 1024w, https:\/\/www.expertservicecar.com\/wp-content\/uploads\/2025\/05\/Captura-de-pantalla-2025-05-19-100229-768x465.jpg 768w, https:\/\/www.expertservicecar.com\/wp-content\/uploads\/2025\/05\/Captura-de-pantalla-2025-05-19-100229-1536x931.jpg 1536w, https:\/\/www.expertservicecar.com\/wp-content\/uploads\/2025\/05\/Captura-de-pantalla-2025-05-19-100229-600x364.jpg 600w, https:\/\/www.expertservicecar.com\/wp-content\/uploads\/2025\/05\/Captura-de-pantalla-2025-05-19-100229.jpg 1581w\" sizes=\"(max-width: 300px) 100vw, 300px\" title=\"\">\t\t\t\t\t\t\t\t<\/a>\n\t\t\t\t\t\t\t\t\t\t\t\t\t\t\t<\/div>\n\t\t\t\t<\/div>\n\t\t\t\t\t<\/div>\n\t\t<\/div>\n\t\t\t\t\t<\/div>\n\t\t<\/section>\n\t\t\t\t<\/div>\n\t\t<\/div><div class=\"jet-listing-grid__item jet-listing-dynamic-post-6293 jet-equal-columns\" data-post-id=\"6293\" >\t\t<div data-elementor-type=\"jet-listing-items\" data-elementor-id=\"524\" class=\"elementor elementor-524\" data-elementor-post-type=\"jet-engine\">\n\t\t\t\t\t\t<section class=\"elementor-section elementor-top-section elementor-element elementor-element-ef0c760 elementor-section-content-middle elementor-section-boxed elementor-section-height-default elementor-section-height-default\" data-id=\"ef0c760\" data-element_type=\"section\" data-e-type=\"section\" data-settings=\"{&quot;background_background&quot;:&quot;classic&quot;}\">\n\t\t\t\t\t\t<div class=\"elementor-container elementor-column-gap-default\">\n\t\t\t\t\t<div class=\"elementor-column elementor-col-50 elementor-top-column elementor-element elementor-element-f3770a2\" data-id=\"f3770a2\" data-element_type=\"column\" data-e-type=\"column\">\n\t\t\t<div class=\"elementor-widget-wrap elementor-element-populated\">\n\t\t\t\t\t\t<div class=\"elementor-element elementor-element-6788ee3 elementor-widget__width-auto elementor-widget elementor-widget-theme-post-title elementor-page-title elementor-widget-heading\" data-id=\"6788ee3\" data-element_type=\"widget\" data-e-type=\"widget\" data-widget_type=\"theme-post-title.default\">\n\t\t\t\t<div class=\"elementor-widget-container\">\n\t\t\t\t\t<h5 class=\"elementor-heading-title elementor-size-default\"><a href=\"https:\/\/www.expertservicecar.com\/pt-pt\/taller\/automocion-mf\/\">Automoci\u00f3n MF<\/a><\/h5>\t\t\t\t<\/div>\n\t\t\t\t<\/div>\n\t\t\t\t<section class=\"elementor-section elementor-inner-section elementor-element elementor-element-dcd0ceb elementor-section-boxed elementor-section-height-default elementor-section-height-default\" data-id=\"dcd0ceb\" data-element_type=\"section\" data-e-type=\"section\">\n\t\t\t\t\t\t<div class=\"elementor-container elementor-column-gap-default\">\n\t\t\t\t\t<div class=\"elementor-column elementor-col-100 elementor-inner-column elementor-element elementor-element-aed0068\" data-id=\"aed0068\" data-element_type=\"column\" data-e-type=\"column\">\n\t\t\t<div class=\"elementor-widget-wrap elementor-element-populated\">\n\t\t\t\t\t\t<div class=\"elementor-element elementor-element-601cf1d elementor-widget__width-auto elementor-widget-mobile__width-auto elementor-widget elementor-widget-jet-listing-dynamic-field\" data-id=\"601cf1d\" data-element_type=\"widget\" data-e-type=\"widget\" data-widget_type=\"jet-listing-dynamic-field.default\">\n\t\t\t\t<div class=\"elementor-widget-container\">\n\t\t\t\t\t<div class=\"jet-listing jet-listing-dynamic-field display-inline\"><div class=\"jet-listing-dynamic-field__inline-wrap\"><span class=\"jet-listing-dynamic-field__content\"><p>C. Eras del Cerrillo, 15<br \/>\n13004 Ciudad Real<\/p>\n<\/span><\/div><\/div>\t\t\t\t<\/div>\n\t\t\t\t<\/div>\n\t\t\t\t<div class=\"elementor-element elementor-element-1898eca elementor-widget elementor-widget-jet-listing-dynamic-link\" data-id=\"1898eca\" data-element_type=\"widget\" data-e-type=\"widget\" data-widget_type=\"jet-listing-dynamic-link.default\">\n\t\t\t\t<div class=\"elementor-widget-container\">\n\t\t\t\t\t<span class=\"jet-listing jet-listing-dynamic-link\"><a href=\"tel:926217182\" class=\"jet-listing-dynamic-link__link\"><i class=\"jet-listing-dynamic-link__icon fas fa-phone-alt\" aria-hidden=\"true\"><\/i><span class=\"jet-listing-dynamic-link__label\">926217182<\/span><\/a><\/span>\t\t\t\t<\/div>\n\t\t\t\t<\/div>\n\t\t\t\t\t<\/div>\n\t\t<\/div>\n\t\t\t\t\t<\/div>\n\t\t<\/section>\n\t\t\t\t\t<\/div>\n\t\t<\/div>\n\t\t\t\t<div class=\"elementor-column elementor-col-50 elementor-top-column elementor-element elementor-element-bb24a8e\" data-id=\"bb24a8e\" data-element_type=\"column\" data-e-type=\"column\">\n\t\t\t<div class=\"elementor-widget-wrap elementor-element-populated\">\n\t\t\t\t\t\t<div class=\"elementor-element elementor-element-b78d0e4 elementor-widget elementor-widget-image\" data-id=\"b78d0e4\" data-element_type=\"widget\" data-e-type=\"widget\" data-widget_type=\"image.default\">\n\t\t\t\t<div class=\"elementor-widget-container\">\n\t\t\t\t\t\t\t\t\t\t\t\t\t\t\t\t<a href=\"https:\/\/www.expertservicecar.com\/pt-pt\/taller\/automocion-mf\/\">\n\t\t\t\t\t\t\t<img loading=\"lazy\" decoding=\"async\" width=\"300\" height=\"218\" src=\"https:\/\/www.expertservicecar.com\/wp-content\/uploads\/2022\/06\/mf-automocion-300x218.jpg\" class=\"attachment-medium size-medium wp-image-6294\" alt=\"mf automocion\" srcset=\"https:\/\/www.expertservicecar.com\/wp-content\/uploads\/2022\/06\/mf-automocion-300x218.jpg 300w, https:\/\/www.expertservicecar.com\/wp-content\/uploads\/2022\/06\/mf-automocion-1024x746.jpg 1024w, https:\/\/www.expertservicecar.com\/wp-content\/uploads\/2022\/06\/mf-automocion-768x559.jpg 768w, https:\/\/www.expertservicecar.com\/wp-content\/uploads\/2022\/06\/mf-automocion-600x437.jpg 600w, https:\/\/www.expertservicecar.com\/wp-content\/uploads\/2022\/06\/mf-automocion.jpg 1038w\" sizes=\"(max-width: 300px) 100vw, 300px\" title=\"\">\t\t\t\t\t\t\t\t<\/a>\n\t\t\t\t\t\t\t\t\t\t\t\t\t\t\t<\/div>\n\t\t\t\t<\/div>\n\t\t\t\t\t<\/div>\n\t\t<\/div>\n\t\t\t\t\t<\/div>\n\t\t<\/section>\n\t\t\t\t<\/div>\n\t\t<\/div><div class=\"jet-listing-grid__item jet-listing-dynamic-post-7651 jet-equal-columns\" data-post-id=\"7651\" >\t\t<div data-elementor-type=\"jet-listing-items\" data-elementor-id=\"524\" class=\"elementor elementor-524\" data-elementor-post-type=\"jet-engine\">\n\t\t\t\t\t\t<section class=\"elementor-section elementor-top-section elementor-element elementor-element-ef0c760 elementor-section-content-middle elementor-section-boxed elementor-section-height-default elementor-section-height-default\" data-id=\"ef0c760\" data-element_type=\"section\" data-e-type=\"section\" data-settings=\"{&quot;background_background&quot;:&quot;classic&quot;}\">\n\t\t\t\t\t\t<div class=\"elementor-container elementor-column-gap-default\">\n\t\t\t\t\t<div class=\"elementor-column elementor-col-50 elementor-top-column elementor-element elementor-element-f3770a2\" data-id=\"f3770a2\" data-element_type=\"column\" data-e-type=\"column\">\n\t\t\t<div class=\"elementor-widget-wrap elementor-element-populated\">\n\t\t\t\t\t\t<div class=\"elementor-element elementor-element-6788ee3 elementor-widget__width-auto elementor-widget elementor-widget-theme-post-title elementor-page-title elementor-widget-heading\" data-id=\"6788ee3\" data-element_type=\"widget\" data-e-type=\"widget\" data-widget_type=\"theme-post-title.default\">\n\t\t\t\t<div class=\"elementor-widget-container\">\n\t\t\t\t\t<h5 class=\"elementor-heading-title elementor-size-default\"><a href=\"https:\/\/www.expertservicecar.com\/pt-pt\/taller\/automocion-silvestre-castejon-s-l\/\">AUTOMOCION SILVESTRE CASTEJON, S.L.<\/a><\/h5>\t\t\t\t<\/div>\n\t\t\t\t<\/div>\n\t\t\t\t<section class=\"elementor-section elementor-inner-section elementor-element elementor-element-dcd0ceb elementor-section-boxed elementor-section-height-default elementor-section-height-default\" data-id=\"dcd0ceb\" data-element_type=\"section\" data-e-type=\"section\">\n\t\t\t\t\t\t<div class=\"elementor-container elementor-column-gap-default\">\n\t\t\t\t\t<div class=\"elementor-column elementor-col-100 elementor-inner-column elementor-element elementor-element-aed0068\" data-id=\"aed0068\" data-element_type=\"column\" data-e-type=\"column\">\n\t\t\t<div class=\"elementor-widget-wrap elementor-element-populated\">\n\t\t\t\t\t\t<div class=\"elementor-element elementor-element-601cf1d elementor-widget__width-auto elementor-widget-mobile__width-auto elementor-widget elementor-widget-jet-listing-dynamic-field\" data-id=\"601cf1d\" data-element_type=\"widget\" data-e-type=\"widget\" data-widget_type=\"jet-listing-dynamic-field.default\">\n\t\t\t\t<div class=\"elementor-widget-container\">\n\t\t\t\t\t<div class=\"jet-listing jet-listing-dynamic-field display-inline\"><div class=\"jet-listing-dynamic-field__inline-wrap\"><span class=\"jet-listing-dynamic-field__content\"><p>C. Laureados de Espa\u00f1a, 1,<br \/>\n30739 El Mirador, Murcia<\/p>\n<\/span><\/div><\/div>\t\t\t\t<\/div>\n\t\t\t\t<\/div>\n\t\t\t\t<div class=\"elementor-element elementor-element-1898eca elementor-widget elementor-widget-jet-listing-dynamic-link\" data-id=\"1898eca\" data-element_type=\"widget\" data-e-type=\"widget\" data-widget_type=\"jet-listing-dynamic-link.default\">\n\t\t\t\t<div class=\"elementor-widget-container\">\n\t\t\t\t\t<span class=\"jet-listing jet-listing-dynamic-link\"><a href=\"tel:968174344\" class=\"jet-listing-dynamic-link__link\"><i class=\"jet-listing-dynamic-link__icon fas fa-phone-alt\" aria-hidden=\"true\"><\/i><span class=\"jet-listing-dynamic-link__label\">968174344<\/span><\/a><\/span>\t\t\t\t<\/div>\n\t\t\t\t<\/div>\n\t\t\t\t\t<\/div>\n\t\t<\/div>\n\t\t\t\t\t<\/div>\n\t\t<\/section>\n\t\t\t\t\t<\/div>\n\t\t<\/div>\n\t\t\t\t<div class=\"elementor-column elementor-col-50 elementor-top-column elementor-element elementor-element-bb24a8e\" data-id=\"bb24a8e\" data-element_type=\"column\" data-e-type=\"column\">\n\t\t\t<div class=\"elementor-widget-wrap elementor-element-populated\">\n\t\t\t\t\t\t<div class=\"elementor-element elementor-element-b78d0e4 elementor-widget elementor-widget-image\" data-id=\"b78d0e4\" data-element_type=\"widget\" data-e-type=\"widget\" data-widget_type=\"image.default\">\n\t\t\t\t<div class=\"elementor-widget-container\">\n\t\t\t\t\t\t\t\t\t\t\t\t\t\t\t\t<a href=\"https:\/\/www.expertservicecar.com\/pt-pt\/taller\/automocion-silvestre-castejon-s-l\/\">\n\t\t\t\t\t\t\t<img loading=\"lazy\" decoding=\"async\" width=\"300\" height=\"225\" src=\"https:\/\/www.expertservicecar.com\/wp-content\/uploads\/2024\/07\/silvestrecastejon-300x225.jpg\" class=\"attachment-medium size-medium wp-image-7652\" alt=\"\" srcset=\"https:\/\/www.expertservicecar.com\/wp-content\/uploads\/2024\/07\/silvestrecastejon-300x225.jpg 300w, https:\/\/www.expertservicecar.com\/wp-content\/uploads\/2024\/07\/silvestrecastejon-1024x767.jpg 1024w, https:\/\/www.expertservicecar.com\/wp-content\/uploads\/2024\/07\/silvestrecastejon-768x575.jpg 768w, https:\/\/www.expertservicecar.com\/wp-content\/uploads\/2024\/07\/silvestrecastejon-600x449.jpg 600w, https:\/\/www.expertservicecar.com\/wp-content\/uploads\/2024\/07\/silvestrecastejon.jpg 1246w\" sizes=\"(max-width: 300px) 100vw, 300px\" title=\"\">\t\t\t\t\t\t\t\t<\/a>\n\t\t\t\t\t\t\t\t\t\t\t\t\t\t\t<\/div>\n\t\t\t\t<\/div>\n\t\t\t\t\t<\/div>\n\t\t<\/div>\n\t\t\t\t\t<\/div>\n\t\t<\/section>\n\t\t\t\t<\/div>\n\t\t<\/div><div class=\"jet-listing-grid__item jet-listing-dynamic-post-6051 jet-equal-columns\" data-post-id=\"6051\" >\t\t<div data-elementor-type=\"jet-listing-items\" data-elementor-id=\"524\" class=\"elementor elementor-524\" data-elementor-post-type=\"jet-engine\">\n\t\t\t\t\t\t<section class=\"elementor-section elementor-top-section elementor-element elementor-element-ef0c760 elementor-section-content-middle elementor-section-boxed elementor-section-height-default elementor-section-height-default\" data-id=\"ef0c760\" data-element_type=\"section\" data-e-type=\"section\" data-settings=\"{&quot;background_background&quot;:&quot;classic&quot;}\">\n\t\t\t\t\t\t<div class=\"elementor-container elementor-column-gap-default\">\n\t\t\t\t\t<div class=\"elementor-column elementor-col-50 elementor-top-column elementor-element elementor-element-f3770a2\" data-id=\"f3770a2\" data-element_type=\"column\" data-e-type=\"column\">\n\t\t\t<div class=\"elementor-widget-wrap elementor-element-populated\">\n\t\t\t\t\t\t<div class=\"elementor-element elementor-element-6788ee3 elementor-widget__width-auto elementor-widget elementor-widget-theme-post-title elementor-page-title elementor-widget-heading\" data-id=\"6788ee3\" data-element_type=\"widget\" data-e-type=\"widget\" data-widget_type=\"theme-post-title.default\">\n\t\t\t\t<div class=\"elementor-widget-container\">\n\t\t\t\t\t<h5 class=\"elementor-heading-title elementor-size-default\"><a href=\"https:\/\/www.expertservicecar.com\/pt-pt\/taller\/automotor-viana\/\">Automotor Viana<\/a><\/h5>\t\t\t\t<\/div>\n\t\t\t\t<\/div>\n\t\t\t\t<section class=\"elementor-section elementor-inner-section elementor-element elementor-element-dcd0ceb elementor-section-boxed elementor-section-height-default elementor-section-height-default\" data-id=\"dcd0ceb\" data-element_type=\"section\" data-e-type=\"section\">\n\t\t\t\t\t\t<div class=\"elementor-container elementor-column-gap-default\">\n\t\t\t\t\t<div class=\"elementor-column elementor-col-100 elementor-inner-column elementor-element elementor-element-aed0068\" data-id=\"aed0068\" data-element_type=\"column\" data-e-type=\"column\">\n\t\t\t<div class=\"elementor-widget-wrap elementor-element-populated\">\n\t\t\t\t\t\t<div class=\"elementor-element elementor-element-601cf1d elementor-widget__width-auto elementor-widget-mobile__width-auto elementor-widget elementor-widget-jet-listing-dynamic-field\" data-id=\"601cf1d\" data-element_type=\"widget\" data-e-type=\"widget\" data-widget_type=\"jet-listing-dynamic-field.default\">\n\t\t\t\t<div class=\"elementor-widget-container\">\n\t\t\t\t\t<div class=\"jet-listing jet-listing-dynamic-field display-inline\"><div class=\"jet-listing-dynamic-field__inline-wrap\"><span class=\"jet-listing-dynamic-field__content\"><p>Cam. de las Hormigueras, 180, Vallecas,<br \/>\n28031 Madrid<\/p>\n<\/span><\/div><\/div>\t\t\t\t<\/div>\n\t\t\t\t<\/div>\n\t\t\t\t<div class=\"elementor-element elementor-element-1898eca elementor-widget elementor-widget-jet-listing-dynamic-link\" data-id=\"1898eca\" data-element_type=\"widget\" data-e-type=\"widget\" data-widget_type=\"jet-listing-dynamic-link.default\">\n\t\t\t\t<div class=\"elementor-widget-container\">\n\t\t\t\t\t<span class=\"jet-listing jet-listing-dynamic-link\"><a href=\"tel:913801942\" class=\"jet-listing-dynamic-link__link\"><i class=\"jet-listing-dynamic-link__icon fas fa-phone-alt\" aria-hidden=\"true\"><\/i><span class=\"jet-listing-dynamic-link__label\">913801942<\/span><\/a><\/span>\t\t\t\t<\/div>\n\t\t\t\t<\/div>\n\t\t\t\t\t<\/div>\n\t\t<\/div>\n\t\t\t\t\t<\/div>\n\t\t<\/section>\n\t\t\t\t\t<\/div>\n\t\t<\/div>\n\t\t\t\t<div class=\"elementor-column elementor-col-50 elementor-top-column elementor-element elementor-element-bb24a8e\" data-id=\"bb24a8e\" data-element_type=\"column\" data-e-type=\"column\">\n\t\t\t<div class=\"elementor-widget-wrap elementor-element-populated\">\n\t\t\t\t\t\t<div class=\"elementor-element elementor-element-b78d0e4 elementor-widget elementor-widget-image\" data-id=\"b78d0e4\" data-element_type=\"widget\" data-e-type=\"widget\" data-widget_type=\"image.default\">\n\t\t\t\t<div class=\"elementor-widget-container\">\n\t\t\t\t\t\t\t\t\t\t\t\t\t\t\t\t<a href=\"https:\/\/www.expertservicecar.com\/pt-pt\/taller\/automotor-viana\/\">\n\t\t\t\t\t\t\t<img loading=\"lazy\" decoding=\"async\" width=\"300\" height=\"217\" src=\"https:\/\/www.expertservicecar.com\/wp-content\/uploads\/2021\/12\/automotor-viana-copia-300x217.jpg\" class=\"attachment-medium size-medium wp-image-6053\" alt=\"\" srcset=\"https:\/\/www.expertservicecar.com\/wp-content\/uploads\/2021\/12\/automotor-viana-copia-300x217.jpg 300w, https:\/\/www.expertservicecar.com\/wp-content\/uploads\/2021\/12\/automotor-viana-copia-1024x740.jpg 1024w, https:\/\/www.expertservicecar.com\/wp-content\/uploads\/2021\/12\/automotor-viana-copia-768x555.jpg 768w, https:\/\/www.expertservicecar.com\/wp-content\/uploads\/2021\/12\/automotor-viana-copia-600x433.jpg 600w, https:\/\/www.expertservicecar.com\/wp-content\/uploads\/2021\/12\/automotor-viana-copia.jpg 1278w\" sizes=\"(max-width: 300px) 100vw, 300px\" title=\"\">\t\t\t\t\t\t\t\t<\/a>\n\t\t\t\t\t\t\t\t\t\t\t\t\t\t\t<\/div>\n\t\t\t\t<\/div>\n\t\t\t\t\t<\/div>\n\t\t<\/div>\n\t\t\t\t\t<\/div>\n\t\t<\/section>\n\t\t\t\t<\/div>\n\t\t<\/div><div class=\"jet-listing-grid__item jet-listing-dynamic-post-7758 jet-equal-columns\" data-post-id=\"7758\" >\t\t<div data-elementor-type=\"jet-listing-items\" data-elementor-id=\"524\" class=\"elementor elementor-524\" data-elementor-post-type=\"jet-engine\">\n\t\t\t\t\t\t<section class=\"elementor-section elementor-top-section elementor-element elementor-element-ef0c760 elementor-section-content-middle elementor-section-boxed elementor-section-height-default elementor-section-height-default\" data-id=\"ef0c760\" data-element_type=\"section\" data-e-type=\"section\" data-settings=\"{&quot;background_background&quot;:&quot;classic&quot;}\">\n\t\t\t\t\t\t<div class=\"elementor-container elementor-column-gap-default\">\n\t\t\t\t\t<div class=\"elementor-column elementor-col-50 elementor-top-column elementor-element elementor-element-f3770a2\" data-id=\"f3770a2\" data-element_type=\"column\" data-e-type=\"column\">\n\t\t\t<div class=\"elementor-widget-wrap elementor-element-populated\">\n\t\t\t\t\t\t<div class=\"elementor-element elementor-element-6788ee3 elementor-widget__width-auto elementor-widget elementor-widget-theme-post-title elementor-page-title elementor-widget-heading\" data-id=\"6788ee3\" data-element_type=\"widget\" data-e-type=\"widget\" data-widget_type=\"theme-post-title.default\">\n\t\t\t\t<div class=\"elementor-widget-container\">\n\t\t\t\t\t<h5 class=\"elementor-heading-title elementor-size-default\"><a href=\"https:\/\/www.expertservicecar.com\/pt-pt\/taller\/automoviles-santomera\/\">Autom\u00f3viles Santomera<\/a><\/h5>\t\t\t\t<\/div>\n\t\t\t\t<\/div>\n\t\t\t\t<section class=\"elementor-section elementor-inner-section elementor-element elementor-element-dcd0ceb elementor-section-boxed elementor-section-height-default elementor-section-height-default\" data-id=\"dcd0ceb\" data-element_type=\"section\" data-e-type=\"section\">\n\t\t\t\t\t\t<div class=\"elementor-container elementor-column-gap-default\">\n\t\t\t\t\t<div class=\"elementor-column elementor-col-100 elementor-inner-column elementor-element elementor-element-aed0068\" data-id=\"aed0068\" data-element_type=\"column\" data-e-type=\"column\">\n\t\t\t<div class=\"elementor-widget-wrap elementor-element-populated\">\n\t\t\t\t\t\t<div class=\"elementor-element elementor-element-601cf1d elementor-widget__width-auto elementor-widget-mobile__width-auto elementor-widget elementor-widget-jet-listing-dynamic-field\" data-id=\"601cf1d\" data-element_type=\"widget\" data-e-type=\"widget\" data-widget_type=\"jet-listing-dynamic-field.default\">\n\t\t\t\t<div class=\"elementor-widget-container\">\n\t\t\t\t\t<div class=\"jet-listing jet-listing-dynamic-field display-inline\"><div class=\"jet-listing-dynamic-field__inline-wrap\"><span class=\"jet-listing-dynamic-field__content\"><p>Carretera de Alicante, 36, C. de la Aserradora, 2,<br \/>\n30140 Santomera, Murcia<\/p>\n<\/span><\/div><\/div>\t\t\t\t<\/div>\n\t\t\t\t<\/div>\n\t\t\t\t<div class=\"elementor-element elementor-element-1898eca elementor-widget elementor-widget-jet-listing-dynamic-link\" data-id=\"1898eca\" data-element_type=\"widget\" data-e-type=\"widget\" data-widget_type=\"jet-listing-dynamic-link.default\">\n\t\t\t\t<div class=\"elementor-widget-container\">\n\t\t\t\t\t<span class=\"jet-listing jet-listing-dynamic-link\"><a href=\"tel:968861909\" class=\"jet-listing-dynamic-link__link\"><i class=\"jet-listing-dynamic-link__icon fas fa-phone-alt\" aria-hidden=\"true\"><\/i><span class=\"jet-listing-dynamic-link__label\">968861909<\/span><\/a><\/span>\t\t\t\t<\/div>\n\t\t\t\t<\/div>\n\t\t\t\t<div class=\"elementor-element elementor-element-0329474 elementor-hidden-phone elementor-widget elementor-widget-jet-listing-dynamic-link\" data-id=\"0329474\" data-element_type=\"widget\" data-e-type=\"widget\" data-widget_type=\"jet-listing-dynamic-link.default\">\n\t\t\t\t<div class=\"elementor-widget-container\">\n\t\t\t\t\t<span class=\"jet-listing jet-listing-dynamic-link\"><a href=\"tel:609683020\" class=\"jet-listing-dynamic-link__link\"><i class=\"jet-listing-dynamic-link__icon oi oi-phone\" aria-hidden=\"true\"><\/i><span class=\"jet-listing-dynamic-link__label\">609683020<\/span><\/a><\/span>\t\t\t\t<\/div>\n\t\t\t\t<\/div>\n\t\t\t\t\t<\/div>\n\t\t<\/div>\n\t\t\t\t\t<\/div>\n\t\t<\/section>\n\t\t\t\t\t<\/div>\n\t\t<\/div>\n\t\t\t\t<div class=\"elementor-column elementor-col-50 elementor-top-column elementor-element elementor-element-bb24a8e\" data-id=\"bb24a8e\" data-element_type=\"column\" data-e-type=\"column\">\n\t\t\t<div class=\"elementor-widget-wrap elementor-element-populated\">\n\t\t\t\t\t\t<div class=\"elementor-element elementor-element-b78d0e4 elementor-widget elementor-widget-image\" data-id=\"b78d0e4\" data-element_type=\"widget\" data-e-type=\"widget\" data-widget_type=\"image.default\">\n\t\t\t\t<div class=\"elementor-widget-container\">\n\t\t\t\t\t\t\t\t\t\t\t\t\t\t\t\t<a href=\"https:\/\/www.expertservicecar.com\/pt-pt\/taller\/automoviles-santomera\/\">\n\t\t\t\t\t\t\t<img loading=\"lazy\" decoding=\"async\" width=\"300\" height=\"157\" src=\"https:\/\/www.expertservicecar.com\/wp-content\/uploads\/2025\/02\/Captura-de-pantalla-2025-02-28-094617-300x157.jpg\" class=\"attachment-medium size-medium wp-image-7759\" alt=\"\" srcset=\"https:\/\/www.expertservicecar.com\/wp-content\/uploads\/2025\/02\/Captura-de-pantalla-2025-02-28-094617-300x157.jpg 300w, https:\/\/www.expertservicecar.com\/wp-content\/uploads\/2025\/02\/Captura-de-pantalla-2025-02-28-094617-1024x535.jpg 1024w, https:\/\/www.expertservicecar.com\/wp-content\/uploads\/2025\/02\/Captura-de-pantalla-2025-02-28-094617-768x401.jpg 768w, https:\/\/www.expertservicecar.com\/wp-content\/uploads\/2025\/02\/Captura-de-pantalla-2025-02-28-094617-1536x802.jpg 1536w, https:\/\/www.expertservicecar.com\/wp-content\/uploads\/2025\/02\/Captura-de-pantalla-2025-02-28-094617-600x313.jpg 600w, https:\/\/www.expertservicecar.com\/wp-content\/uploads\/2025\/02\/Captura-de-pantalla-2025-02-28-094617.jpg 1727w\" sizes=\"(max-width: 300px) 100vw, 300px\" title=\"\">\t\t\t\t\t\t\t\t<\/a>\n\t\t\t\t\t\t\t\t\t\t\t\t\t\t\t<\/div>\n\t\t\t\t<\/div>\n\t\t\t\t\t<\/div>\n\t\t<\/div>\n\t\t\t\t\t<\/div>\n\t\t<\/section>\n\t\t\t\t<\/div>\n\t\t<\/div><div class=\"jet-listing-grid__item jet-listing-dynamic-post-7265 jet-equal-columns\" data-post-id=\"7265\" >\t\t<div data-elementor-type=\"jet-listing-items\" data-elementor-id=\"524\" class=\"elementor elementor-524\" data-elementor-post-type=\"jet-engine\">\n\t\t\t\t\t\t<section class=\"elementor-section elementor-top-section elementor-element elementor-element-ef0c760 elementor-section-content-middle elementor-section-boxed elementor-section-height-default elementor-section-height-default\" data-id=\"ef0c760\" data-element_type=\"section\" data-e-type=\"section\" data-settings=\"{&quot;background_background&quot;:&quot;classic&quot;}\">\n\t\t\t\t\t\t<div class=\"elementor-container elementor-column-gap-default\">\n\t\t\t\t\t<div class=\"elementor-column elementor-col-50 elementor-top-column elementor-element elementor-element-f3770a2\" data-id=\"f3770a2\" data-element_type=\"column\" data-e-type=\"column\">\n\t\t\t<div class=\"elementor-widget-wrap elementor-element-populated\">\n\t\t\t\t\t\t<div class=\"elementor-element elementor-element-6788ee3 elementor-widget__width-auto elementor-widget elementor-widget-theme-post-title elementor-page-title elementor-widget-heading\" data-id=\"6788ee3\" data-element_type=\"widget\" data-e-type=\"widget\" data-widget_type=\"theme-post-title.default\">\n\t\t\t\t<div class=\"elementor-widget-container\">\n\t\t\t\t\t<h5 class=\"elementor-heading-title elementor-size-default\"><a href=\"https:\/\/www.expertservicecar.com\/pt-pt\/taller\/automoviles-ugarte-s-l\/\">Automoviles Ugarte, S.L.<\/a><\/h5>\t\t\t\t<\/div>\n\t\t\t\t<\/div>\n\t\t\t\t<section class=\"elementor-section elementor-inner-section elementor-element elementor-element-dcd0ceb elementor-section-boxed elementor-section-height-default elementor-section-height-default\" data-id=\"dcd0ceb\" data-element_type=\"section\" data-e-type=\"section\">\n\t\t\t\t\t\t<div class=\"elementor-container elementor-column-gap-default\">\n\t\t\t\t\t<div class=\"elementor-column elementor-col-100 elementor-inner-column elementor-element elementor-element-aed0068\" data-id=\"aed0068\" data-element_type=\"column\" data-e-type=\"column\">\n\t\t\t<div class=\"elementor-widget-wrap elementor-element-populated\">\n\t\t\t\t\t\t<div class=\"elementor-element elementor-element-601cf1d elementor-widget__width-auto elementor-widget-mobile__width-auto elementor-widget elementor-widget-jet-listing-dynamic-field\" data-id=\"601cf1d\" data-element_type=\"widget\" data-e-type=\"widget\" data-widget_type=\"jet-listing-dynamic-field.default\">\n\t\t\t\t<div class=\"elementor-widget-container\">\n\t\t\t\t\t<div class=\"jet-listing jet-listing-dynamic-field display-inline\"><div class=\"jet-listing-dynamic-field__inline-wrap\"><span class=\"jet-listing-dynamic-field__content\"><p>Carr. de Guadarrama, 35, 28200 San Lorenzo de El Escorial, Madrid<\/p>\n<\/span><\/div><\/div>\t\t\t\t<\/div>\n\t\t\t\t<\/div>\n\t\t\t\t<div class=\"elementor-element elementor-element-1898eca elementor-widget elementor-widget-jet-listing-dynamic-link\" data-id=\"1898eca\" data-element_type=\"widget\" data-e-type=\"widget\" data-widget_type=\"jet-listing-dynamic-link.default\">\n\t\t\t\t<div class=\"elementor-widget-container\">\n\t\t\t\t\t<span class=\"jet-listing jet-listing-dynamic-link\"><a href=\"tel:918903174\" class=\"jet-listing-dynamic-link__link\"><i class=\"jet-listing-dynamic-link__icon fas fa-phone-alt\" aria-hidden=\"true\"><\/i><span class=\"jet-listing-dynamic-link__label\">918903174<\/span><\/a><\/span>\t\t\t\t<\/div>\n\t\t\t\t<\/div>\n\t\t\t\t<div class=\"elementor-element elementor-element-0329474 elementor-hidden-phone elementor-widget elementor-widget-jet-listing-dynamic-link\" data-id=\"0329474\" data-element_type=\"widget\" data-e-type=\"widget\" data-widget_type=\"jet-listing-dynamic-link.default\">\n\t\t\t\t<div class=\"elementor-widget-container\">\n\t\t\t\t\t<span class=\"jet-listing jet-listing-dynamic-link\"><a href=\"tel:637470008\" class=\"jet-listing-dynamic-link__link\"><i class=\"jet-listing-dynamic-link__icon oi oi-phone\" aria-hidden=\"true\"><\/i><span class=\"jet-listing-dynamic-link__label\">637470008<\/span><\/a><\/span>\t\t\t\t<\/div>\n\t\t\t\t<\/div>\n\t\t\t\t\t<\/div>\n\t\t<\/div>\n\t\t\t\t\t<\/div>\n\t\t<\/section>\n\t\t\t\t\t<\/div>\n\t\t<\/div>\n\t\t\t\t<div class=\"elementor-column elementor-col-50 elementor-top-column elementor-element elementor-element-bb24a8e\" data-id=\"bb24a8e\" data-element_type=\"column\" data-e-type=\"column\">\n\t\t\t<div class=\"elementor-widget-wrap elementor-element-populated\">\n\t\t\t\t\t\t<div class=\"elementor-element elementor-element-b78d0e4 elementor-widget elementor-widget-image\" data-id=\"b78d0e4\" data-element_type=\"widget\" data-e-type=\"widget\" data-widget_type=\"image.default\">\n\t\t\t\t<div class=\"elementor-widget-container\">\n\t\t\t\t\t\t\t\t\t\t\t\t\t\t\t\t<a href=\"https:\/\/www.expertservicecar.com\/pt-pt\/taller\/automoviles-ugarte-s-l\/\">\n\t\t\t\t\t\t\t<img loading=\"lazy\" decoding=\"async\" width=\"300\" height=\"220\" src=\"https:\/\/www.expertservicecar.com\/wp-content\/uploads\/2024\/01\/Captura-de-pantalla-2024-01-10-095730-300x220.jpg\" class=\"attachment-medium size-medium wp-image-7266\" alt=\"\" srcset=\"https:\/\/www.expertservicecar.com\/wp-content\/uploads\/2024\/01\/Captura-de-pantalla-2024-01-10-095730-300x220.jpg 300w, https:\/\/www.expertservicecar.com\/wp-content\/uploads\/2024\/01\/Captura-de-pantalla-2024-01-10-095730-1024x752.jpg 1024w, https:\/\/www.expertservicecar.com\/wp-content\/uploads\/2024\/01\/Captura-de-pantalla-2024-01-10-095730-768x564.jpg 768w, https:\/\/www.expertservicecar.com\/wp-content\/uploads\/2024\/01\/Captura-de-pantalla-2024-01-10-095730-600x441.jpg 600w, https:\/\/www.expertservicecar.com\/wp-content\/uploads\/2024\/01\/Captura-de-pantalla-2024-01-10-095730.jpg 1233w\" sizes=\"(max-width: 300px) 100vw, 300px\" title=\"\">\t\t\t\t\t\t\t\t<\/a>\n\t\t\t\t\t\t\t\t\t\t\t\t\t\t\t<\/div>\n\t\t\t\t<\/div>\n\t\t\t\t\t<\/div>\n\t\t<\/div>\n\t\t\t\t\t<\/div>\n\t\t<\/section>\n\t\t\t\t<\/div>\n\t\t<\/div><div class=\"jet-listing-grid__item jet-listing-dynamic-post-6040 jet-equal-columns\" data-post-id=\"6040\" >\t\t<div data-elementor-type=\"jet-listing-items\" data-elementor-id=\"524\" class=\"elementor elementor-524\" data-elementor-post-type=\"jet-engine\">\n\t\t\t\t\t\t<section class=\"elementor-section elementor-top-section elementor-element elementor-element-ef0c760 elementor-section-content-middle elementor-section-boxed elementor-section-height-default elementor-section-height-default\" data-id=\"ef0c760\" data-element_type=\"section\" data-e-type=\"section\" data-settings=\"{&quot;background_background&quot;:&quot;classic&quot;}\">\n\t\t\t\t\t\t<div class=\"elementor-container elementor-column-gap-default\">\n\t\t\t\t\t<div class=\"elementor-column elementor-col-50 elementor-top-column elementor-element elementor-element-f3770a2\" data-id=\"f3770a2\" data-element_type=\"column\" data-e-type=\"column\">\n\t\t\t<div class=\"elementor-widget-wrap elementor-element-populated\">\n\t\t\t\t\t\t<div class=\"elementor-element elementor-element-6788ee3 elementor-widget__width-auto elementor-widget elementor-widget-theme-post-title elementor-page-title elementor-widget-heading\" data-id=\"6788ee3\" data-element_type=\"widget\" data-e-type=\"widget\" data-widget_type=\"theme-post-title.default\">\n\t\t\t\t<div class=\"elementor-widget-container\">\n\t\t\t\t\t<h5 class=\"elementor-heading-title elementor-size-default\"><a href=\"https:\/\/www.expertservicecar.com\/pt-pt\/taller\/automuval\/\">Automuval<\/a><\/h5>\t\t\t\t<\/div>\n\t\t\t\t<\/div>\n\t\t\t\t<section class=\"elementor-section elementor-inner-section elementor-element elementor-element-dcd0ceb elementor-section-boxed elementor-section-height-default elementor-section-height-default\" data-id=\"dcd0ceb\" data-element_type=\"section\" data-e-type=\"section\">\n\t\t\t\t\t\t<div class=\"elementor-container elementor-column-gap-default\">\n\t\t\t\t\t<div class=\"elementor-column elementor-col-100 elementor-inner-column elementor-element elementor-element-aed0068\" data-id=\"aed0068\" data-element_type=\"column\" data-e-type=\"column\">\n\t\t\t<div class=\"elementor-widget-wrap elementor-element-populated\">\n\t\t\t\t\t\t<div class=\"elementor-element elementor-element-601cf1d elementor-widget__width-auto elementor-widget-mobile__width-auto elementor-widget elementor-widget-jet-listing-dynamic-field\" data-id=\"601cf1d\" data-element_type=\"widget\" data-e-type=\"widget\" data-widget_type=\"jet-listing-dynamic-field.default\">\n\t\t\t\t<div class=\"elementor-widget-container\">\n\t\t\t\t\t<div class=\"jet-listing jet-listing-dynamic-field display-inline\"><div class=\"jet-listing-dynamic-field__inline-wrap\"><span class=\"jet-listing-dynamic-field__content\"><p>C\/ Tierra de Barros N\u00ba1 Nave 160<br \/>\n28823 Coslada<br \/>\nMadrid<\/p>\n<\/span><\/div><\/div>\t\t\t\t<\/div>\n\t\t\t\t<\/div>\n\t\t\t\t<div class=\"elementor-element elementor-element-1898eca elementor-widget elementor-widget-jet-listing-dynamic-link\" data-id=\"1898eca\" data-element_type=\"widget\" data-e-type=\"widget\" data-widget_type=\"jet-listing-dynamic-link.default\">\n\t\t\t\t<div class=\"elementor-widget-container\">\n\t\t\t\t\t<span class=\"jet-listing jet-listing-dynamic-link\"><a href=\"tel:916732926\" class=\"jet-listing-dynamic-link__link\"><i class=\"jet-listing-dynamic-link__icon fas fa-phone-alt\" aria-hidden=\"true\"><\/i><span class=\"jet-listing-dynamic-link__label\">916732926<\/span><\/a><\/span>\t\t\t\t<\/div>\n\t\t\t\t<\/div>\n\t\t\t\t\t<\/div>\n\t\t<\/div>\n\t\t\t\t\t<\/div>\n\t\t<\/section>\n\t\t\t\t\t<\/div>\n\t\t<\/div>\n\t\t\t\t<div class=\"elementor-column elementor-col-50 elementor-top-column elementor-element elementor-element-bb24a8e\" data-id=\"bb24a8e\" data-element_type=\"column\" data-e-type=\"column\">\n\t\t\t<div class=\"elementor-widget-wrap elementor-element-populated\">\n\t\t\t\t\t\t<div class=\"elementor-element elementor-element-b78d0e4 elementor-widget elementor-widget-image\" data-id=\"b78d0e4\" data-element_type=\"widget\" data-e-type=\"widget\" data-widget_type=\"image.default\">\n\t\t\t\t<div class=\"elementor-widget-container\">\n\t\t\t\t\t\t\t\t\t\t\t\t\t\t\t\t<a href=\"https:\/\/www.expertservicecar.com\/pt-pt\/taller\/automuval\/\">\n\t\t\t\t\t\t\t<img loading=\"lazy\" decoding=\"async\" width=\"300\" height=\"217\" src=\"https:\/\/www.expertservicecar.com\/wp-content\/uploads\/2021\/12\/exterior_1935_automuval_captura_de_pantalla_2021-11-23_a_las_11.30.19_original-copia-2-300x217.png\" class=\"attachment-medium size-medium wp-image-6047\" alt=\"\" srcset=\"https:\/\/www.expertservicecar.com\/wp-content\/uploads\/2021\/12\/exterior_1935_automuval_captura_de_pantalla_2021-11-23_a_las_11.30.19_original-copia-2-300x217.png 300w, https:\/\/www.expertservicecar.com\/wp-content\/uploads\/2021\/12\/exterior_1935_automuval_captura_de_pantalla_2021-11-23_a_las_11.30.19_original-copia-2-768x555.png 768w, https:\/\/www.expertservicecar.com\/wp-content\/uploads\/2021\/12\/exterior_1935_automuval_captura_de_pantalla_2021-11-23_a_las_11.30.19_original-copia-2-600x434.png 600w, https:\/\/www.expertservicecar.com\/wp-content\/uploads\/2021\/12\/exterior_1935_automuval_captura_de_pantalla_2021-11-23_a_las_11.30.19_original-copia-2.png 883w\" sizes=\"(max-width: 300px) 100vw, 300px\" title=\"\">\t\t\t\t\t\t\t\t<\/a>\n\t\t\t\t\t\t\t\t\t\t\t\t\t\t\t<\/div>\n\t\t\t\t<\/div>\n\t\t\t\t\t<\/div>\n\t\t<\/div>\n\t\t\t\t\t<\/div>\n\t\t<\/section>\n\t\t\t\t<\/div>\n\t\t<\/div><div class=\"jet-listing-grid__item jet-listing-dynamic-post-6652 jet-equal-columns\" data-post-id=\"6652\" >\t\t<div data-elementor-type=\"jet-listing-items\" data-elementor-id=\"524\" class=\"elementor elementor-524\" data-elementor-post-type=\"jet-engine\">\n\t\t\t\t\t\t<section class=\"elementor-section elementor-top-section elementor-element elementor-element-ef0c760 elementor-section-content-middle elementor-section-boxed elementor-section-height-default elementor-section-height-default\" data-id=\"ef0c760\" data-element_type=\"section\" data-e-type=\"section\" data-settings=\"{&quot;background_background&quot;:&quot;classic&quot;}\">\n\t\t\t\t\t\t<div class=\"elementor-container elementor-column-gap-default\">\n\t\t\t\t\t<div class=\"elementor-column elementor-col-50 elementor-top-column elementor-element elementor-element-f3770a2\" data-id=\"f3770a2\" data-element_type=\"column\" data-e-type=\"column\">\n\t\t\t<div class=\"elementor-widget-wrap elementor-element-populated\">\n\t\t\t\t\t\t<div class=\"elementor-element elementor-element-6788ee3 elementor-widget__width-auto elementor-widget elementor-widget-theme-post-title elementor-page-title elementor-widget-heading\" data-id=\"6788ee3\" data-element_type=\"widget\" data-e-type=\"widget\" data-widget_type=\"theme-post-title.default\">\n\t\t\t\t<div class=\"elementor-widget-container\">\n\t\t\t\t\t<h5 class=\"elementor-heading-title elementor-size-default\"><a href=\"https:\/\/www.expertservicecar.com\/pt-pt\/taller\/berriz-motor-sport-sl\/\">Berriz Motor Sport SL<\/a><\/h5>\t\t\t\t<\/div>\n\t\t\t\t<\/div>\n\t\t\t\t<section class=\"elementor-section elementor-inner-section elementor-element elementor-element-dcd0ceb elementor-section-boxed elementor-section-height-default elementor-section-height-default\" data-id=\"dcd0ceb\" data-element_type=\"section\" data-e-type=\"section\">\n\t\t\t\t\t\t<div class=\"elementor-container elementor-column-gap-default\">\n\t\t\t\t\t<div class=\"elementor-column elementor-col-100 elementor-inner-column elementor-element elementor-element-aed0068\" data-id=\"aed0068\" data-element_type=\"column\" data-e-type=\"column\">\n\t\t\t<div class=\"elementor-widget-wrap elementor-element-populated\">\n\t\t\t\t\t\t<div class=\"elementor-element elementor-element-601cf1d elementor-widget__width-auto elementor-widget-mobile__width-auto elementor-widget elementor-widget-jet-listing-dynamic-field\" data-id=\"601cf1d\" data-element_type=\"widget\" data-e-type=\"widget\" data-widget_type=\"jet-listing-dynamic-field.default\">\n\t\t\t\t<div class=\"elementor-widget-container\">\n\t\t\t\t\t<div class=\"jet-listing jet-listing-dynamic-field display-inline\"><div class=\"jet-listing-dynamic-field__inline-wrap\"><span class=\"jet-listing-dynamic-field__content\"><p>Poligono industrial Eitua, 3a,<br \/>\n48240 Berriz, Bizkaia<\/p>\n<\/span><\/div><\/div>\t\t\t\t<\/div>\n\t\t\t\t<\/div>\n\t\t\t\t<div class=\"elementor-element elementor-element-1898eca elementor-widget elementor-widget-jet-listing-dynamic-link\" data-id=\"1898eca\" data-element_type=\"widget\" data-e-type=\"widget\" data-widget_type=\"jet-listing-dynamic-link.default\">\n\t\t\t\t<div class=\"elementor-widget-container\">\n\t\t\t\t\t<span class=\"jet-listing jet-listing-dynamic-link\"><a href=\"tel:946212279\" class=\"jet-listing-dynamic-link__link\"><i class=\"jet-listing-dynamic-link__icon fas fa-phone-alt\" aria-hidden=\"true\"><\/i><span class=\"jet-listing-dynamic-link__label\">946212279<\/span><\/a><\/span>\t\t\t\t<\/div>\n\t\t\t\t<\/div>\n\t\t\t\t<div class=\"elementor-element elementor-element-0329474 elementor-hidden-phone elementor-widget elementor-widget-jet-listing-dynamic-link\" data-id=\"0329474\" data-element_type=\"widget\" data-e-type=\"widget\" data-widget_type=\"jet-listing-dynamic-link.default\">\n\t\t\t\t<div class=\"elementor-widget-container\">\n\t\t\t\t\t<span class=\"jet-listing jet-listing-dynamic-link\"><a href=\"tel:629450819\" class=\"jet-listing-dynamic-link__link\"><i class=\"jet-listing-dynamic-link__icon oi oi-phone\" aria-hidden=\"true\"><\/i><span class=\"jet-listing-dynamic-link__label\">629450819<\/span><\/a><\/span>\t\t\t\t<\/div>\n\t\t\t\t<\/div>\n\t\t\t\t\t<\/div>\n\t\t<\/div>\n\t\t\t\t\t<\/div>\n\t\t<\/section>\n\t\t\t\t\t<\/div>\n\t\t<\/div>\n\t\t\t\t<div class=\"elementor-column elementor-col-50 elementor-top-column elementor-element elementor-element-bb24a8e\" data-id=\"bb24a8e\" data-element_type=\"column\" data-e-type=\"column\">\n\t\t\t<div class=\"elementor-widget-wrap elementor-element-populated\">\n\t\t\t\t\t\t<div class=\"elementor-element elementor-element-b78d0e4 elementor-widget elementor-widget-image\" data-id=\"b78d0e4\" data-element_type=\"widget\" data-e-type=\"widget\" data-widget_type=\"image.default\">\n\t\t\t\t<div class=\"elementor-widget-container\">\n\t\t\t\t\t\t\t\t\t\t\t\t\t\t\t\t<a href=\"https:\/\/www.expertservicecar.com\/pt-pt\/taller\/berriz-motor-sport-sl\/\">\n\t\t\t\t\t\t\t<img loading=\"lazy\" decoding=\"async\" width=\"300\" height=\"168\" src=\"https:\/\/www.expertservicecar.com\/wp-content\/uploads\/2023\/02\/Captura-de-pantalla-2023-02-28-102154-300x168.jpg\" class=\"attachment-medium size-medium wp-image-6653\" alt=\"\" srcset=\"https:\/\/www.expertservicecar.com\/wp-content\/uploads\/2023\/02\/Captura-de-pantalla-2023-02-28-102154-300x168.jpg 300w, https:\/\/www.expertservicecar.com\/wp-content\/uploads\/2023\/02\/Captura-de-pantalla-2023-02-28-102154-1024x572.jpg 1024w, https:\/\/www.expertservicecar.com\/wp-content\/uploads\/2023\/02\/Captura-de-pantalla-2023-02-28-102154-768x429.jpg 768w, https:\/\/www.expertservicecar.com\/wp-content\/uploads\/2023\/02\/Captura-de-pantalla-2023-02-28-102154-150x85.jpg 150w, https:\/\/www.expertservicecar.com\/wp-content\/uploads\/2023\/02\/Captura-de-pantalla-2023-02-28-102154-1170x650.jpg 1170w, https:\/\/www.expertservicecar.com\/wp-content\/uploads\/2023\/02\/Captura-de-pantalla-2023-02-28-102154-600x335.jpg 600w, https:\/\/www.expertservicecar.com\/wp-content\/uploads\/2023\/02\/Captura-de-pantalla-2023-02-28-102154.jpg 1229w\" sizes=\"(max-width: 300px) 100vw, 300px\" title=\"\">\t\t\t\t\t\t\t\t<\/a>\n\t\t\t\t\t\t\t\t\t\t\t\t\t\t\t<\/div>\n\t\t\t\t<\/div>\n\t\t\t\t\t<\/div>\n\t\t<\/div>\n\t\t\t\t\t<\/div>\n\t\t<\/section>\n\t\t\t\t<\/div>\n\t\t<\/div><div class=\"jet-listing-grid__item jet-listing-dynamic-post-5428 jet-equal-columns\" data-post-id=\"5428\" >\t\t<div data-elementor-type=\"jet-listing-items\" data-elementor-id=\"524\" class=\"elementor elementor-524\" data-elementor-post-type=\"jet-engine\">\n\t\t\t\t\t\t<section class=\"elementor-section elementor-top-section elementor-element elementor-element-ef0c760 elementor-section-content-middle elementor-section-boxed elementor-section-height-default elementor-section-height-default\" data-id=\"ef0c760\" data-element_type=\"section\" data-e-type=\"section\" data-settings=\"{&quot;background_background&quot;:&quot;classic&quot;}\">\n\t\t\t\t\t\t<div class=\"elementor-container elementor-column-gap-default\">\n\t\t\t\t\t<div class=\"elementor-column elementor-col-50 elementor-top-column elementor-element elementor-element-f3770a2\" data-id=\"f3770a2\" data-element_type=\"column\" data-e-type=\"column\">\n\t\t\t<div class=\"elementor-widget-wrap elementor-element-populated\">\n\t\t\t\t\t\t<div class=\"elementor-element elementor-element-6788ee3 elementor-widget__width-auto elementor-widget elementor-widget-theme-post-title elementor-page-title elementor-widget-heading\" data-id=\"6788ee3\" data-element_type=\"widget\" data-e-type=\"widget\" data-widget_type=\"theme-post-title.default\">\n\t\t\t\t<div class=\"elementor-widget-container\">\n\t\t\t\t\t<h5 class=\"elementor-heading-title elementor-size-default\"><a href=\"https:\/\/www.expertservicecar.com\/pt-pt\/taller\/bisbal-motor-s-a\/\">Bisbal Motor S.A.<\/a><\/h5>\t\t\t\t<\/div>\n\t\t\t\t<\/div>\n\t\t\t\t<section class=\"elementor-section elementor-inner-section elementor-element elementor-element-dcd0ceb elementor-section-boxed elementor-section-height-default elementor-section-height-default\" data-id=\"dcd0ceb\" data-element_type=\"section\" data-e-type=\"section\">\n\t\t\t\t\t\t<div class=\"elementor-container elementor-column-gap-default\">\n\t\t\t\t\t<div class=\"elementor-column elementor-col-100 elementor-inner-column elementor-element elementor-element-aed0068\" data-id=\"aed0068\" data-element_type=\"column\" data-e-type=\"column\">\n\t\t\t<div class=\"elementor-widget-wrap elementor-element-populated\">\n\t\t\t\t\t\t<div class=\"elementor-element elementor-element-601cf1d elementor-widget__width-auto elementor-widget-mobile__width-auto elementor-widget elementor-widget-jet-listing-dynamic-field\" data-id=\"601cf1d\" data-element_type=\"widget\" data-e-type=\"widget\" data-widget_type=\"jet-listing-dynamic-field.default\">\n\t\t\t\t<div class=\"elementor-widget-container\">\n\t\t\t\t\t<div class=\"jet-listing jet-listing-dynamic-field display-inline\"><div class=\"jet-listing-dynamic-field__inline-wrap\"><span class=\"jet-listing-dynamic-field__content\"><p>Carrer de Carme Carles, 29,<br \/>\n17111 Vulpellac,<br \/>\nGirona<\/p>\n<\/span><\/div><\/div>\t\t\t\t<\/div>\n\t\t\t\t<\/div>\n\t\t\t\t<div class=\"elementor-element elementor-element-1898eca elementor-widget elementor-widget-jet-listing-dynamic-link\" data-id=\"1898eca\" data-element_type=\"widget\" data-e-type=\"widget\" data-widget_type=\"jet-listing-dynamic-link.default\">\n\t\t\t\t<div class=\"elementor-widget-container\">\n\t\t\t\t\t<span class=\"jet-listing jet-listing-dynamic-link\"><a href=\"tel:972 641 338\" class=\"jet-listing-dynamic-link__link\"><i class=\"jet-listing-dynamic-link__icon fas fa-phone-alt\" aria-hidden=\"true\"><\/i><span class=\"jet-listing-dynamic-link__label\">972 641 338<\/span><\/a><\/span>\t\t\t\t<\/div>\n\t\t\t\t<\/div>\n\t\t\t\t<div class=\"elementor-element elementor-element-0329474 elementor-hidden-phone elementor-widget elementor-widget-jet-listing-dynamic-link\" data-id=\"0329474\" data-element_type=\"widget\" data-e-type=\"widget\" data-widget_type=\"jet-listing-dynamic-link.default\">\n\t\t\t\t<div class=\"elementor-widget-container\">\n\t\t\t\t\t<span class=\"jet-listing jet-listing-dynamic-link\"><a href=\"tel:673571087\" class=\"jet-listing-dynamic-link__link\"><i class=\"jet-listing-dynamic-link__icon oi oi-phone\" aria-hidden=\"true\"><\/i><span class=\"jet-listing-dynamic-link__label\">673571087<\/span><\/a><\/span>\t\t\t\t<\/div>\n\t\t\t\t<\/div>\n\t\t\t\t\t<\/div>\n\t\t<\/div>\n\t\t\t\t\t<\/div>\n\t\t<\/section>\n\t\t\t\t\t<\/div>\n\t\t<\/div>\n\t\t\t\t<div class=\"elementor-column elementor-col-50 elementor-top-column elementor-element elementor-element-bb24a8e\" data-id=\"bb24a8e\" data-element_type=\"column\" data-e-type=\"column\">\n\t\t\t<div class=\"elementor-widget-wrap elementor-element-populated\">\n\t\t\t\t\t\t<div class=\"elementor-element elementor-element-b78d0e4 elementor-widget elementor-widget-image\" data-id=\"b78d0e4\" data-element_type=\"widget\" data-e-type=\"widget\" data-widget_type=\"image.default\">\n\t\t\t\t<div class=\"elementor-widget-container\">\n\t\t\t\t\t\t\t\t\t\t\t\t\t\t\t\t<a href=\"https:\/\/www.expertservicecar.com\/pt-pt\/taller\/bisbal-motor-s-a\/\">\n\t\t\t\t\t\t\t<img loading=\"lazy\" decoding=\"async\" width=\"300\" height=\"231\" src=\"https:\/\/www.expertservicecar.com\/wp-content\/uploads\/2021\/08\/exterior_1883_bisbal_motor_sa_90d0c95c-b787-4642-88da-61f7da361e22_original-1-300x231.jpg\" class=\"attachment-medium size-medium wp-image-5549\" alt=\"\" srcset=\"https:\/\/www.expertservicecar.com\/wp-content\/uploads\/2021\/08\/exterior_1883_bisbal_motor_sa_90d0c95c-b787-4642-88da-61f7da361e22_original-1-300x231.jpg 300w, https:\/\/www.expertservicecar.com\/wp-content\/uploads\/2021\/08\/exterior_1883_bisbal_motor_sa_90d0c95c-b787-4642-88da-61f7da361e22_original-1-768x591.jpg 768w, https:\/\/www.expertservicecar.com\/wp-content\/uploads\/2021\/08\/exterior_1883_bisbal_motor_sa_90d0c95c-b787-4642-88da-61f7da361e22_original-1-600x462.jpg 600w, https:\/\/www.expertservicecar.com\/wp-content\/uploads\/2021\/08\/exterior_1883_bisbal_motor_sa_90d0c95c-b787-4642-88da-61f7da361e22_original-1.jpg 998w\" sizes=\"(max-width: 300px) 100vw, 300px\" title=\"\">\t\t\t\t\t\t\t\t<\/a>\n\t\t\t\t\t\t\t\t\t\t\t\t\t\t\t<\/div>\n\t\t\t\t<\/div>\n\t\t\t\t\t<\/div>\n\t\t<\/div>\n\t\t\t\t\t<\/div>\n\t\t<\/section>\n\t\t\t\t<\/div>\n\t\t<\/div><div class=\"jet-listing-grid__item jet-listing-dynamic-post-6246 jet-equal-columns\" data-post-id=\"6246\" >\t\t<div data-elementor-type=\"jet-listing-items\" data-elementor-id=\"524\" class=\"elementor elementor-524\" data-elementor-post-type=\"jet-engine\">\n\t\t\t\t\t\t<section class=\"elementor-section elementor-top-section elementor-element elementor-element-ef0c760 elementor-section-content-middle elementor-section-boxed elementor-section-height-default elementor-section-height-default\" data-id=\"ef0c760\" data-element_type=\"section\" data-e-type=\"section\" data-settings=\"{&quot;background_background&quot;:&quot;classic&quot;}\">\n\t\t\t\t\t\t<div class=\"elementor-container elementor-column-gap-default\">\n\t\t\t\t\t<div class=\"elementor-column elementor-col-50 elementor-top-column elementor-element elementor-element-f3770a2\" data-id=\"f3770a2\" data-element_type=\"column\" data-e-type=\"column\">\n\t\t\t<div class=\"elementor-widget-wrap elementor-element-populated\">\n\t\t\t\t\t\t<div class=\"elementor-element elementor-element-6788ee3 elementor-widget__width-auto elementor-widget elementor-widget-theme-post-title elementor-page-title elementor-widget-heading\" data-id=\"6788ee3\" data-element_type=\"widget\" data-e-type=\"widget\" data-widget_type=\"theme-post-title.default\">\n\t\t\t\t<div class=\"elementor-widget-container\">\n\t\t\t\t\t<h5 class=\"elementor-heading-title elementor-size-default\"><a href=\"https:\/\/www.expertservicecar.com\/pt-pt\/taller\/bj-talleres\/\">BJ Talleres<\/a><\/h5>\t\t\t\t<\/div>\n\t\t\t\t<\/div>\n\t\t\t\t<section class=\"elementor-section elementor-inner-section elementor-element elementor-element-dcd0ceb elementor-section-boxed elementor-section-height-default elementor-section-height-default\" data-id=\"dcd0ceb\" data-element_type=\"section\" data-e-type=\"section\">\n\t\t\t\t\t\t<div class=\"elementor-container elementor-column-gap-default\">\n\t\t\t\t\t<div class=\"elementor-column elementor-col-100 elementor-inner-column elementor-element elementor-element-aed0068\" data-id=\"aed0068\" data-element_type=\"column\" data-e-type=\"column\">\n\t\t\t<div class=\"elementor-widget-wrap elementor-element-populated\">\n\t\t\t\t\t\t<div class=\"elementor-element elementor-element-601cf1d elementor-widget__width-auto elementor-widget-mobile__width-auto elementor-widget elementor-widget-jet-listing-dynamic-field\" data-id=\"601cf1d\" data-element_type=\"widget\" data-e-type=\"widget\" data-widget_type=\"jet-listing-dynamic-field.default\">\n\t\t\t\t<div class=\"elementor-widget-container\">\n\t\t\t\t\t<div class=\"jet-listing jet-listing-dynamic-field display-inline\"><div class=\"jet-listing-dynamic-field__inline-wrap\"><span class=\"jet-listing-dynamic-field__content\"><p>C. Mast\u00edn, 34,<br \/>\n41007 Sevilla<\/p>\n<\/span><\/div><\/div>\t\t\t\t<\/div>\n\t\t\t\t<\/div>\n\t\t\t\t<div class=\"elementor-element elementor-element-1898eca elementor-widget elementor-widget-jet-listing-dynamic-link\" data-id=\"1898eca\" data-element_type=\"widget\" data-e-type=\"widget\" data-widget_type=\"jet-listing-dynamic-link.default\">\n\t\t\t\t<div class=\"elementor-widget-container\">\n\t\t\t\t\t<span class=\"jet-listing jet-listing-dynamic-link\"><a href=\"tel:954256243\" class=\"jet-listing-dynamic-link__link\"><i class=\"jet-listing-dynamic-link__icon fas fa-phone-alt\" aria-hidden=\"true\"><\/i><span class=\"jet-listing-dynamic-link__label\">954256243<\/span><\/a><\/span>\t\t\t\t<\/div>\n\t\t\t\t<\/div>\n\t\t\t\t\t<\/div>\n\t\t<\/div>\n\t\t\t\t\t<\/div>\n\t\t<\/section>\n\t\t\t\t\t<\/div>\n\t\t<\/div>\n\t\t\t\t<div class=\"elementor-column elementor-col-50 elementor-top-column elementor-element elementor-element-bb24a8e\" data-id=\"bb24a8e\" data-element_type=\"column\" data-e-type=\"column\">\n\t\t\t<div class=\"elementor-widget-wrap elementor-element-populated\">\n\t\t\t\t\t\t<div class=\"elementor-element elementor-element-b78d0e4 elementor-widget elementor-widget-image\" data-id=\"b78d0e4\" data-element_type=\"widget\" data-e-type=\"widget\" data-widget_type=\"image.default\">\n\t\t\t\t<div class=\"elementor-widget-container\">\n\t\t\t\t\t\t\t\t\t\t\t\t\t\t\t\t<a href=\"https:\/\/www.expertservicecar.com\/pt-pt\/taller\/bj-talleres\/\">\n\t\t\t\t\t\t\t<img loading=\"lazy\" decoding=\"async\" width=\"300\" height=\"182\" src=\"https:\/\/www.expertservicecar.com\/wp-content\/uploads\/2022\/06\/bjtalleres-300x182.jpg\" class=\"attachment-medium size-medium wp-image-6247\" alt=\"BJ talleres\" srcset=\"https:\/\/www.expertservicecar.com\/wp-content\/uploads\/2022\/06\/bjtalleres-300x182.jpg 300w, https:\/\/www.expertservicecar.com\/wp-content\/uploads\/2022\/06\/bjtalleres-1024x621.jpg 1024w, https:\/\/www.expertservicecar.com\/wp-content\/uploads\/2022\/06\/bjtalleres-768x466.jpg 768w, https:\/\/www.expertservicecar.com\/wp-content\/uploads\/2022\/06\/bjtalleres-600x364.jpg 600w, https:\/\/www.expertservicecar.com\/wp-content\/uploads\/2022\/06\/bjtalleres.jpg 1301w\" sizes=\"(max-width: 300px) 100vw, 300px\" title=\"\">\t\t\t\t\t\t\t\t<\/a>\n\t\t\t\t\t\t\t\t\t\t\t\t\t\t\t<\/div>\n\t\t\t\t<\/div>\n\t\t\t\t\t<\/div>\n\t\t<\/div>\n\t\t\t\t\t<\/div>\n\t\t<\/section>\n\t\t\t\t<\/div>\n\t\t<\/div><div class=\"jet-listing-grid__item jet-listing-dynamic-post-6283 jet-equal-columns\" data-post-id=\"6283\" >\t\t<div data-elementor-type=\"jet-listing-items\" data-elementor-id=\"524\" class=\"elementor elementor-524\" data-elementor-post-type=\"jet-engine\">\n\t\t\t\t\t\t<section class=\"elementor-section elementor-top-section elementor-element elementor-element-ef0c760 elementor-section-content-middle elementor-section-boxed elementor-section-height-default elementor-section-height-default\" data-id=\"ef0c760\" data-element_type=\"section\" data-e-type=\"section\" data-settings=\"{&quot;background_background&quot;:&quot;classic&quot;}\">\n\t\t\t\t\t\t<div class=\"elementor-container elementor-column-gap-default\">\n\t\t\t\t\t<div class=\"elementor-column elementor-col-50 elementor-top-column elementor-element elementor-element-f3770a2\" data-id=\"f3770a2\" data-element_type=\"column\" data-e-type=\"column\">\n\t\t\t<div class=\"elementor-widget-wrap elementor-element-populated\">\n\t\t\t\t\t\t<div class=\"elementor-element elementor-element-6788ee3 elementor-widget__width-auto elementor-widget elementor-widget-theme-post-title elementor-page-title elementor-widget-heading\" data-id=\"6788ee3\" data-element_type=\"widget\" data-e-type=\"widget\" data-widget_type=\"theme-post-title.default\">\n\t\t\t\t<div class=\"elementor-widget-container\">\n\t\t\t\t\t<h5 class=\"elementor-heading-title elementor-size-default\"><a href=\"https:\/\/www.expertservicecar.com\/pt-pt\/taller\/borauto-motor\/\">Borauto Motor<\/a><\/h5>\t\t\t\t<\/div>\n\t\t\t\t<\/div>\n\t\t\t\t<section class=\"elementor-section elementor-inner-section elementor-element elementor-element-dcd0ceb elementor-section-boxed elementor-section-height-default elementor-section-height-default\" data-id=\"dcd0ceb\" data-element_type=\"section\" data-e-type=\"section\">\n\t\t\t\t\t\t<div class=\"elementor-container elementor-column-gap-default\">\n\t\t\t\t\t<div class=\"elementor-column elementor-col-100 elementor-inner-column elementor-element elementor-element-aed0068\" data-id=\"aed0068\" data-element_type=\"column\" data-e-type=\"column\">\n\t\t\t<div class=\"elementor-widget-wrap elementor-element-populated\">\n\t\t\t\t\t\t<div class=\"elementor-element elementor-element-601cf1d elementor-widget__width-auto elementor-widget-mobile__width-auto elementor-widget elementor-widget-jet-listing-dynamic-field\" data-id=\"601cf1d\" data-element_type=\"widget\" data-e-type=\"widget\" data-widget_type=\"jet-listing-dynamic-field.default\">\n\t\t\t\t<div class=\"elementor-widget-container\">\n\t\t\t\t\t<div class=\"jet-listing jet-listing-dynamic-field display-inline\"><div class=\"jet-listing-dynamic-field__inline-wrap\"><span class=\"jet-listing-dynamic-field__content\"><p>C. R\u00edo Lubierre,<br \/>\n 22700 Jaca<br \/>\nHuesca<\/p>\n<\/span><\/div><\/div>\t\t\t\t<\/div>\n\t\t\t\t<\/div>\n\t\t\t\t<div class=\"elementor-element elementor-element-1898eca elementor-widget elementor-widget-jet-listing-dynamic-link\" data-id=\"1898eca\" data-element_type=\"widget\" data-e-type=\"widget\" data-widget_type=\"jet-listing-dynamic-link.default\">\n\t\t\t\t<div class=\"elementor-widget-container\">\n\t\t\t\t\t<span class=\"jet-listing jet-listing-dynamic-link\"><a href=\"tel:974058829\" class=\"jet-listing-dynamic-link__link\"><i class=\"jet-listing-dynamic-link__icon fas fa-phone-alt\" aria-hidden=\"true\"><\/i><span class=\"jet-listing-dynamic-link__label\">974058829<\/span><\/a><\/span>\t\t\t\t<\/div>\n\t\t\t\t<\/div>\n\t\t\t\t<div class=\"elementor-element elementor-element-0329474 elementor-hidden-phone elementor-widget elementor-widget-jet-listing-dynamic-link\" data-id=\"0329474\" data-element_type=\"widget\" data-e-type=\"widget\" data-widget_type=\"jet-listing-dynamic-link.default\">\n\t\t\t\t<div class=\"elementor-widget-container\">\n\t\t\t\t\t<span class=\"jet-listing jet-listing-dynamic-link\"><a href=\"tel:+34 636 25 36 29\" class=\"jet-listing-dynamic-link__link\"><i class=\"jet-listing-dynamic-link__icon oi oi-phone\" aria-hidden=\"true\"><\/i><span class=\"jet-listing-dynamic-link__label\">+34 636 25 36 29<\/span><\/a><\/span>\t\t\t\t<\/div>\n\t\t\t\t<\/div>\n\t\t\t\t\t<\/div>\n\t\t<\/div>\n\t\t\t\t\t<\/div>\n\t\t<\/section>\n\t\t\t\t\t<\/div>\n\t\t<\/div>\n\t\t\t\t<div class=\"elementor-column elementor-col-50 elementor-top-column elementor-element elementor-element-bb24a8e\" data-id=\"bb24a8e\" data-element_type=\"column\" data-e-type=\"column\">\n\t\t\t<div class=\"elementor-widget-wrap elementor-element-populated\">\n\t\t\t\t\t\t<div class=\"elementor-element elementor-element-b78d0e4 elementor-widget elementor-widget-image\" data-id=\"b78d0e4\" data-element_type=\"widget\" data-e-type=\"widget\" data-widget_type=\"image.default\">\n\t\t\t\t<div class=\"elementor-widget-container\">\n\t\t\t\t\t\t\t\t\t\t\t\t\t\t\t\t<a href=\"https:\/\/www.expertservicecar.com\/pt-pt\/taller\/borauto-motor\/\">\n\t\t\t\t\t\t\t<img loading=\"lazy\" decoding=\"async\" width=\"300\" height=\"222\" src=\"https:\/\/www.expertservicecar.com\/wp-content\/uploads\/2022\/06\/borauto-300x222.jpg\" class=\"attachment-medium size-medium wp-image-6284\" alt=\"borauto\" srcset=\"https:\/\/www.expertservicecar.com\/wp-content\/uploads\/2022\/06\/borauto-300x222.jpg 300w, https:\/\/www.expertservicecar.com\/wp-content\/uploads\/2022\/06\/borauto-768x569.jpg 768w, https:\/\/www.expertservicecar.com\/wp-content\/uploads\/2022\/06\/borauto-600x444.jpg 600w, https:\/\/www.expertservicecar.com\/wp-content\/uploads\/2022\/06\/borauto.jpg 982w\" sizes=\"(max-width: 300px) 100vw, 300px\" title=\"\">\t\t\t\t\t\t\t\t<\/a>\n\t\t\t\t\t\t\t\t\t\t\t\t\t\t\t<\/div>\n\t\t\t\t<\/div>\n\t\t\t\t\t<\/div>\n\t\t<\/div>\n\t\t\t\t\t<\/div>\n\t\t<\/section>\n\t\t\t\t<\/div>\n\t\t<\/div><div class=\"jet-listing-grid__item jet-listing-dynamic-post-1238 jet-equal-columns\" data-post-id=\"1238\" >\t\t<div data-elementor-type=\"jet-listing-items\" data-elementor-id=\"524\" class=\"elementor elementor-524\" data-elementor-post-type=\"jet-engine\">\n\t\t\t\t\t\t<section class=\"elementor-section elementor-top-section elementor-element elementor-element-ef0c760 elementor-section-content-middle elementor-section-boxed elementor-section-height-default elementor-section-height-default\" data-id=\"ef0c760\" data-element_type=\"section\" data-e-type=\"section\" data-settings=\"{&quot;background_background&quot;:&quot;classic&quot;}\">\n\t\t\t\t\t\t<div class=\"elementor-container elementor-column-gap-default\">\n\t\t\t\t\t<div class=\"elementor-column elementor-col-50 elementor-top-column elementor-element elementor-element-f3770a2\" data-id=\"f3770a2\" data-element_type=\"column\" data-e-type=\"column\">\n\t\t\t<div class=\"elementor-widget-wrap elementor-element-populated\">\n\t\t\t\t\t\t<div class=\"elementor-element elementor-element-6788ee3 elementor-widget__width-auto elementor-widget elementor-widget-theme-post-title elementor-page-title elementor-widget-heading\" data-id=\"6788ee3\" data-element_type=\"widget\" data-e-type=\"widget\" data-widget_type=\"theme-post-title.default\">\n\t\t\t\t<div class=\"elementor-widget-container\">\n\t\t\t\t\t<h5 class=\"elementor-heading-title elementor-size-default\"><a href=\"https:\/\/www.expertservicecar.com\/pt-pt\/taller\/car-rovira\/\">Car Rovira<\/a><\/h5>\t\t\t\t<\/div>\n\t\t\t\t<\/div>\n\t\t\t\t<section class=\"elementor-section elementor-inner-section elementor-element elementor-element-dcd0ceb elementor-section-boxed elementor-section-height-default elementor-section-height-default\" data-id=\"dcd0ceb\" data-element_type=\"section\" data-e-type=\"section\">\n\t\t\t\t\t\t<div class=\"elementor-container elementor-column-gap-default\">\n\t\t\t\t\t<div class=\"elementor-column elementor-col-100 elementor-inner-column elementor-element elementor-element-aed0068\" data-id=\"aed0068\" data-element_type=\"column\" data-e-type=\"column\">\n\t\t\t<div class=\"elementor-widget-wrap elementor-element-populated\">\n\t\t\t\t\t\t<div class=\"elementor-element elementor-element-601cf1d elementor-widget__width-auto elementor-widget-mobile__width-auto elementor-widget elementor-widget-jet-listing-dynamic-field\" data-id=\"601cf1d\" data-element_type=\"widget\" data-e-type=\"widget\" data-widget_type=\"jet-listing-dynamic-field.default\">\n\t\t\t\t<div class=\"elementor-widget-container\">\n\t\t\t\t\t<div class=\"jet-listing jet-listing-dynamic-field display-inline\"><div class=\"jet-listing-dynamic-field__inline-wrap\"><span class=\"jet-listing-dynamic-field__content\"><p>Avinguda de Pi i Margall, 160<br \/>\n08140 Caldes de Montbui<br \/>\nBarcelona<\/p>\n<\/span><\/div><\/div>\t\t\t\t<\/div>\n\t\t\t\t<\/div>\n\t\t\t\t<div class=\"elementor-element elementor-element-1898eca elementor-widget elementor-widget-jet-listing-dynamic-link\" data-id=\"1898eca\" data-element_type=\"widget\" data-e-type=\"widget\" data-widget_type=\"jet-listing-dynamic-link.default\">\n\t\t\t\t<div class=\"elementor-widget-container\">\n\t\t\t\t\t<span class=\"jet-listing jet-listing-dynamic-link\"><a href=\"tel:+34 938 652 150\" class=\"jet-listing-dynamic-link__link\"><i class=\"jet-listing-dynamic-link__icon fas fa-phone-alt\" aria-hidden=\"true\"><\/i><span class=\"jet-listing-dynamic-link__label\">+34 938 652 150<\/span><\/a><\/span>\t\t\t\t<\/div>\n\t\t\t\t<\/div>\n\t\t\t\t\t<\/div>\n\t\t<\/div>\n\t\t\t\t\t<\/div>\n\t\t<\/section>\n\t\t\t\t\t<\/div>\n\t\t<\/div>\n\t\t\t\t<div class=\"elementor-column elementor-col-50 elementor-top-column elementor-element elementor-element-bb24a8e\" data-id=\"bb24a8e\" data-element_type=\"column\" data-e-type=\"column\">\n\t\t\t<div class=\"elementor-widget-wrap elementor-element-populated\">\n\t\t\t\t\t\t<div class=\"elementor-element elementor-element-b78d0e4 elementor-widget elementor-widget-image\" data-id=\"b78d0e4\" data-element_type=\"widget\" data-e-type=\"widget\" data-widget_type=\"image.default\">\n\t\t\t\t<div class=\"elementor-widget-container\">\n\t\t\t\t\t\t\t\t\t\t\t\t\t\t\t\t<a href=\"https:\/\/www.expertservicecar.com\/pt-pt\/taller\/car-rovira\/\">\n\t\t\t\t\t\t\t<img loading=\"lazy\" decoding=\"async\" width=\"300\" height=\"231\" src=\"https:\/\/www.expertservicecar.com\/wp-content\/uploads\/2021\/04\/car-rovira-300x231.jpg\" class=\"attachment-medium size-medium wp-image-1239\" alt=\"Car Rovira\" srcset=\"https:\/\/www.expertservicecar.com\/wp-content\/uploads\/2021\/04\/car-rovira-300x231.jpg 300w, https:\/\/www.expertservicecar.com\/wp-content\/uploads\/2021\/04\/car-rovira-768x591.jpg 768w, https:\/\/www.expertservicecar.com\/wp-content\/uploads\/2021\/04\/car-rovira.jpg 900w\" sizes=\"(max-width: 300px) 100vw, 300px\" title=\"\">\t\t\t\t\t\t\t\t<\/a>\n\t\t\t\t\t\t\t\t\t\t\t\t\t\t\t<\/div>\n\t\t\t\t<\/div>\n\t\t\t\t\t<\/div>\n\t\t<\/div>\n\t\t\t\t\t<\/div>\n\t\t<\/section>\n\t\t\t\t<\/div>\n\t\t<\/div><div class=\"jet-listing-grid__item jet-listing-dynamic-post-1258 jet-equal-columns\" data-post-id=\"1258\" >\t\t<div data-elementor-type=\"jet-listing-items\" data-elementor-id=\"524\" class=\"elementor elementor-524\" data-elementor-post-type=\"jet-engine\">\n\t\t\t\t\t\t<section class=\"elementor-section elementor-top-section elementor-element elementor-element-ef0c760 elementor-section-content-middle elementor-section-boxed elementor-section-height-default elementor-section-height-default\" data-id=\"ef0c760\" data-element_type=\"section\" data-e-type=\"section\" data-settings=\"{&quot;background_background&quot;:&quot;classic&quot;}\">\n\t\t\t\t\t\t<div class=\"elementor-container elementor-column-gap-default\">\n\t\t\t\t\t<div class=\"elementor-column elementor-col-50 elementor-top-column elementor-element elementor-element-f3770a2\" data-id=\"f3770a2\" data-element_type=\"column\" data-e-type=\"column\">\n\t\t\t<div class=\"elementor-widget-wrap elementor-element-populated\">\n\t\t\t\t\t\t<div class=\"elementor-element elementor-element-6788ee3 elementor-widget__width-auto elementor-widget elementor-widget-theme-post-title elementor-page-title elementor-widget-heading\" data-id=\"6788ee3\" data-element_type=\"widget\" data-e-type=\"widget\" data-widget_type=\"theme-post-title.default\">\n\t\t\t\t<div class=\"elementor-widget-container\">\n\t\t\t\t\t<h5 class=\"elementor-heading-title elementor-size-default\"><a href=\"https:\/\/www.expertservicecar.com\/pt-pt\/taller\/codines-motor\/\">Codines Motor<\/a><\/h5>\t\t\t\t<\/div>\n\t\t\t\t<\/div>\n\t\t\t\t<section class=\"elementor-section elementor-inner-section elementor-element elementor-element-dcd0ceb elementor-section-boxed elementor-section-height-default elementor-section-height-default\" data-id=\"dcd0ceb\" data-element_type=\"section\" data-e-type=\"section\">\n\t\t\t\t\t\t<div class=\"elementor-container elementor-column-gap-default\">\n\t\t\t\t\t<div class=\"elementor-column elementor-col-100 elementor-inner-column elementor-element elementor-element-aed0068\" data-id=\"aed0068\" data-element_type=\"column\" data-e-type=\"column\">\n\t\t\t<div class=\"elementor-widget-wrap elementor-element-populated\">\n\t\t\t\t\t\t<div class=\"elementor-element elementor-element-601cf1d elementor-widget__width-auto elementor-widget-mobile__width-auto elementor-widget elementor-widget-jet-listing-dynamic-field\" data-id=\"601cf1d\" data-element_type=\"widget\" data-e-type=\"widget\" data-widget_type=\"jet-listing-dynamic-field.default\">\n\t\t\t\t<div class=\"elementor-widget-container\">\n\t\t\t\t\t<div class=\"jet-listing jet-listing-dynamic-field display-inline\"><div class=\"jet-listing-dynamic-field__inline-wrap\"><span class=\"jet-listing-dynamic-field__content\"><p>Carrer Moss\u00e8n Baldell\u00f3, 8<br \/>\n08182 Sant Feliu de Codines<br \/>\nBarcelona<\/p>\n<\/span><\/div><\/div>\t\t\t\t<\/div>\n\t\t\t\t<\/div>\n\t\t\t\t<div class=\"elementor-element elementor-element-1898eca elementor-widget elementor-widget-jet-listing-dynamic-link\" data-id=\"1898eca\" data-element_type=\"widget\" data-e-type=\"widget\" data-widget_type=\"jet-listing-dynamic-link.default\">\n\t\t\t\t<div class=\"elementor-widget-container\">\n\t\t\t\t\t<span class=\"jet-listing jet-listing-dynamic-link\"><a href=\"tel:+34 93 8661351\" class=\"jet-listing-dynamic-link__link\"><i class=\"jet-listing-dynamic-link__icon fas fa-phone-alt\" aria-hidden=\"true\"><\/i><span class=\"jet-listing-dynamic-link__label\">+34 93 8661351<\/span><\/a><\/span>\t\t\t\t<\/div>\n\t\t\t\t<\/div>\n\t\t\t\t\t<\/div>\n\t\t<\/div>\n\t\t\t\t\t<\/div>\n\t\t<\/section>\n\t\t\t\t\t<\/div>\n\t\t<\/div>\n\t\t\t\t<div class=\"elementor-column elementor-col-50 elementor-top-column elementor-element elementor-element-bb24a8e\" data-id=\"bb24a8e\" data-element_type=\"column\" data-e-type=\"column\">\n\t\t\t<div class=\"elementor-widget-wrap elementor-element-populated\">\n\t\t\t\t\t\t<div class=\"elementor-element elementor-element-b78d0e4 elementor-widget elementor-widget-image\" data-id=\"b78d0e4\" data-element_type=\"widget\" data-e-type=\"widget\" data-widget_type=\"image.default\">\n\t\t\t\t<div class=\"elementor-widget-container\">\n\t\t\t\t\t\t\t\t\t\t\t\t\t\t\t\t<a href=\"https:\/\/www.expertservicecar.com\/pt-pt\/taller\/codines-motor\/\">\n\t\t\t\t\t\t\t<img loading=\"lazy\" decoding=\"async\" width=\"300\" height=\"231\" src=\"https:\/\/www.expertservicecar.com\/wp-content\/uploads\/2021\/04\/codines-motor-300x231.jpg\" class=\"attachment-medium size-medium wp-image-1259\" alt=\"Codines Motor\" srcset=\"https:\/\/www.expertservicecar.com\/wp-content\/uploads\/2021\/04\/codines-motor-300x231.jpg 300w, https:\/\/www.expertservicecar.com\/wp-content\/uploads\/2021\/04\/codines-motor-768x591.jpg 768w, https:\/\/www.expertservicecar.com\/wp-content\/uploads\/2021\/04\/codines-motor.jpg 900w\" sizes=\"(max-width: 300px) 100vw, 300px\" title=\"\">\t\t\t\t\t\t\t\t<\/a>\n\t\t\t\t\t\t\t\t\t\t\t\t\t\t\t<\/div>\n\t\t\t\t<\/div>\n\t\t\t\t\t<\/div>\n\t\t<\/div>\n\t\t\t\t\t<\/div>\n\t\t<\/section>\n\t\t\t\t<\/div>\n\t\t<\/div><div class=\"jet-listing-grid__item jet-listing-dynamic-post-6175 jet-equal-columns\" data-post-id=\"6175\" >\t\t<div data-elementor-type=\"jet-listing-items\" data-elementor-id=\"524\" class=\"elementor elementor-524\" data-elementor-post-type=\"jet-engine\">\n\t\t\t\t\t\t<section class=\"elementor-section elementor-top-section elementor-element elementor-element-ef0c760 elementor-section-content-middle elementor-section-boxed elementor-section-height-default elementor-section-height-default\" data-id=\"ef0c760\" data-element_type=\"section\" data-e-type=\"section\" data-settings=\"{&quot;background_background&quot;:&quot;classic&quot;}\">\n\t\t\t\t\t\t<div class=\"elementor-container elementor-column-gap-default\">\n\t\t\t\t\t<div class=\"elementor-column elementor-col-50 elementor-top-column elementor-element elementor-element-f3770a2\" data-id=\"f3770a2\" data-element_type=\"column\" data-e-type=\"column\">\n\t\t\t<div class=\"elementor-widget-wrap elementor-element-populated\">\n\t\t\t\t\t\t<div class=\"elementor-element elementor-element-6788ee3 elementor-widget__width-auto elementor-widget elementor-widget-theme-post-title elementor-page-title elementor-widget-heading\" data-id=\"6788ee3\" data-element_type=\"widget\" data-e-type=\"widget\" data-widget_type=\"theme-post-title.default\">\n\t\t\t\t<div class=\"elementor-widget-container\">\n\t\t\t\t\t<h5 class=\"elementor-heading-title elementor-size-default\"><a href=\"https:\/\/www.expertservicecar.com\/pt-pt\/taller\/coti-motor\/\">Coti Motor<\/a><\/h5>\t\t\t\t<\/div>\n\t\t\t\t<\/div>\n\t\t\t\t<section class=\"elementor-section elementor-inner-section elementor-element elementor-element-dcd0ceb elementor-section-boxed elementor-section-height-default elementor-section-height-default\" data-id=\"dcd0ceb\" data-element_type=\"section\" data-e-type=\"section\">\n\t\t\t\t\t\t<div class=\"elementor-container elementor-column-gap-default\">\n\t\t\t\t\t<div class=\"elementor-column elementor-col-100 elementor-inner-column elementor-element elementor-element-aed0068\" data-id=\"aed0068\" data-element_type=\"column\" data-e-type=\"column\">\n\t\t\t<div class=\"elementor-widget-wrap elementor-element-populated\">\n\t\t\t\t\t\t<div class=\"elementor-element elementor-element-601cf1d elementor-widget__width-auto elementor-widget-mobile__width-auto elementor-widget elementor-widget-jet-listing-dynamic-field\" data-id=\"601cf1d\" data-element_type=\"widget\" data-e-type=\"widget\" data-widget_type=\"jet-listing-dynamic-field.default\">\n\t\t\t\t<div class=\"elementor-widget-container\">\n\t\t\t\t\t<div class=\"jet-listing jet-listing-dynamic-field display-inline\"><div class=\"jet-listing-dynamic-field__inline-wrap\"><span class=\"jet-listing-dynamic-field__content\"><p>C. de Belmonte de Tajo, 67, Carabanchel,<br \/>\n28019 Madrid<\/p>\n<\/span><\/div><\/div>\t\t\t\t<\/div>\n\t\t\t\t<\/div>\n\t\t\t\t<div class=\"elementor-element elementor-element-1898eca elementor-widget elementor-widget-jet-listing-dynamic-link\" data-id=\"1898eca\" data-element_type=\"widget\" data-e-type=\"widget\" data-widget_type=\"jet-listing-dynamic-link.default\">\n\t\t\t\t<div class=\"elementor-widget-container\">\n\t\t\t\t\t<span class=\"jet-listing jet-listing-dynamic-link\"><a href=\"tel:918217874\" class=\"jet-listing-dynamic-link__link\"><i class=\"jet-listing-dynamic-link__icon fas fa-phone-alt\" aria-hidden=\"true\"><\/i><span class=\"jet-listing-dynamic-link__label\">918217874<\/span><\/a><\/span>\t\t\t\t<\/div>\n\t\t\t\t<\/div>\n\t\t\t\t<div class=\"elementor-element elementor-element-0329474 elementor-hidden-phone elementor-widget elementor-widget-jet-listing-dynamic-link\" data-id=\"0329474\" data-element_type=\"widget\" data-e-type=\"widget\" data-widget_type=\"jet-listing-dynamic-link.default\">\n\t\t\t\t<div class=\"elementor-widget-container\">\n\t\t\t\t\t<span class=\"jet-listing jet-listing-dynamic-link\"><a href=\"tel:687255075\" class=\"jet-listing-dynamic-link__link\"><i class=\"jet-listing-dynamic-link__icon oi oi-phone\" aria-hidden=\"true\"><\/i><span class=\"jet-listing-dynamic-link__label\">687255075<\/span><\/a><\/span>\t\t\t\t<\/div>\n\t\t\t\t<\/div>\n\t\t\t\t\t<\/div>\n\t\t<\/div>\n\t\t\t\t\t<\/div>\n\t\t<\/section>\n\t\t\t\t\t<\/div>\n\t\t<\/div>\n\t\t\t\t<div class=\"elementor-column elementor-col-50 elementor-top-column elementor-element elementor-element-bb24a8e\" data-id=\"bb24a8e\" data-element_type=\"column\" data-e-type=\"column\">\n\t\t\t<div class=\"elementor-widget-wrap elementor-element-populated\">\n\t\t\t\t\t\t<div class=\"elementor-element elementor-element-b78d0e4 elementor-widget elementor-widget-image\" data-id=\"b78d0e4\" data-element_type=\"widget\" data-e-type=\"widget\" data-widget_type=\"image.default\">\n\t\t\t\t<div class=\"elementor-widget-container\">\n\t\t\t\t\t\t\t\t\t\t\t\t\t\t\t\t<a href=\"https:\/\/www.expertservicecar.com\/pt-pt\/taller\/coti-motor\/\">\n\t\t\t\t\t\t\t<img loading=\"lazy\" decoding=\"async\" width=\"300\" height=\"225\" src=\"https:\/\/www.expertservicecar.com\/wp-content\/uploads\/2022\/05\/Captura-de-pantalla-2022-05-17-085847-300x225.jpg\" class=\"attachment-medium size-medium wp-image-6176\" alt=\"Coti Motor\" srcset=\"https:\/\/www.expertservicecar.com\/wp-content\/uploads\/2022\/05\/Captura-de-pantalla-2022-05-17-085847-300x225.jpg 300w, https:\/\/www.expertservicecar.com\/wp-content\/uploads\/2022\/05\/Captura-de-pantalla-2022-05-17-085847-1024x767.jpg 1024w, https:\/\/www.expertservicecar.com\/wp-content\/uploads\/2022\/05\/Captura-de-pantalla-2022-05-17-085847-768x575.jpg 768w, https:\/\/www.expertservicecar.com\/wp-content\/uploads\/2022\/05\/Captura-de-pantalla-2022-05-17-085847-600x449.jpg 600w, https:\/\/www.expertservicecar.com\/wp-content\/uploads\/2022\/05\/Captura-de-pantalla-2022-05-17-085847.jpg 1074w\" sizes=\"(max-width: 300px) 100vw, 300px\" title=\"\">\t\t\t\t\t\t\t\t<\/a>\n\t\t\t\t\t\t\t\t\t\t\t\t\t\t\t<\/div>\n\t\t\t\t<\/div>\n\t\t\t\t\t<\/div>\n\t\t<\/div>\n\t\t\t\t\t<\/div>\n\t\t<\/section>\n\t\t\t\t<\/div>\n\t\t<\/div><div class=\"jet-listing-grid__item jet-listing-dynamic-post-7437 jet-equal-columns\" data-post-id=\"7437\" >\t\t<div data-elementor-type=\"jet-listing-items\" data-elementor-id=\"524\" class=\"elementor elementor-524\" data-elementor-post-type=\"jet-engine\">\n\t\t\t\t\t\t<section class=\"elementor-section elementor-top-section elementor-element elementor-element-ef0c760 elementor-section-content-middle elementor-section-boxed elementor-section-height-default elementor-section-height-default\" data-id=\"ef0c760\" data-element_type=\"section\" data-e-type=\"section\" data-settings=\"{&quot;background_background&quot;:&quot;classic&quot;}\">\n\t\t\t\t\t\t<div class=\"elementor-container elementor-column-gap-default\">\n\t\t\t\t\t<div class=\"elementor-column elementor-col-50 elementor-top-column elementor-element elementor-element-f3770a2\" data-id=\"f3770a2\" data-element_type=\"column\" data-e-type=\"column\">\n\t\t\t<div class=\"elementor-widget-wrap elementor-element-populated\">\n\t\t\t\t\t\t<div class=\"elementor-element elementor-element-6788ee3 elementor-widget__width-auto elementor-widget elementor-widget-theme-post-title elementor-page-title elementor-widget-heading\" data-id=\"6788ee3\" data-element_type=\"widget\" data-e-type=\"widget\" data-widget_type=\"theme-post-title.default\">\n\t\t\t\t<div class=\"elementor-widget-container\">\n\t\t\t\t\t<h5 class=\"elementor-heading-title elementor-size-default\"><a href=\"https:\/\/www.expertservicecar.com\/pt-pt\/taller\/covesa-sermobis\/\">COVESA-SERMOBIS<\/a><\/h5>\t\t\t\t<\/div>\n\t\t\t\t<\/div>\n\t\t\t\t<section class=\"elementor-section elementor-inner-section elementor-element elementor-element-dcd0ceb elementor-section-boxed elementor-section-height-default elementor-section-height-default\" data-id=\"dcd0ceb\" data-element_type=\"section\" data-e-type=\"section\">\n\t\t\t\t\t\t<div class=\"elementor-container elementor-column-gap-default\">\n\t\t\t\t\t<div class=\"elementor-column elementor-col-100 elementor-inner-column elementor-element elementor-element-aed0068\" data-id=\"aed0068\" data-element_type=\"column\" data-e-type=\"column\">\n\t\t\t<div class=\"elementor-widget-wrap elementor-element-populated\">\n\t\t\t\t\t\t<div class=\"elementor-element elementor-element-601cf1d elementor-widget__width-auto elementor-widget-mobile__width-auto elementor-widget elementor-widget-jet-listing-dynamic-field\" data-id=\"601cf1d\" data-element_type=\"widget\" data-e-type=\"widget\" data-widget_type=\"jet-listing-dynamic-field.default\">\n\t\t\t\t<div class=\"elementor-widget-container\">\n\t\t\t\t\t<div class=\"jet-listing jet-listing-dynamic-field display-inline\"><div class=\"jet-listing-dynamic-field__inline-wrap\"><span class=\"jet-listing-dynamic-field__content\"><p>Acc\u00e9s, Ctra. Acc\u00e9s Costa Brava, 138, A,<br \/>\n17300 Blanes, Girona<\/p>\n<\/span><\/div><\/div>\t\t\t\t<\/div>\n\t\t\t\t<\/div>\n\t\t\t\t<div class=\"elementor-element elementor-element-1898eca elementor-widget elementor-widget-jet-listing-dynamic-link\" data-id=\"1898eca\" data-element_type=\"widget\" data-e-type=\"widget\" data-widget_type=\"jet-listing-dynamic-link.default\">\n\t\t\t\t<div class=\"elementor-widget-container\">\n\t\t\t\t\t<span class=\"jet-listing jet-listing-dynamic-link\"><a href=\"tel:972796704\" class=\"jet-listing-dynamic-link__link\"><i class=\"jet-listing-dynamic-link__icon fas fa-phone-alt\" aria-hidden=\"true\"><\/i><span class=\"jet-listing-dynamic-link__label\">972796704<\/span><\/a><\/span>\t\t\t\t<\/div>\n\t\t\t\t<\/div>\n\t\t\t\t<div class=\"elementor-element elementor-element-0329474 elementor-hidden-phone elementor-widget elementor-widget-jet-listing-dynamic-link\" data-id=\"0329474\" data-element_type=\"widget\" data-e-type=\"widget\" data-widget_type=\"jet-listing-dynamic-link.default\">\n\t\t\t\t<div class=\"elementor-widget-container\">\n\t\t\t\t\t<span class=\"jet-listing jet-listing-dynamic-link\"><a href=\"tel:689 89 39 41\" class=\"jet-listing-dynamic-link__link\"><i class=\"jet-listing-dynamic-link__icon oi oi-phone\" aria-hidden=\"true\"><\/i><span class=\"jet-listing-dynamic-link__label\">689 89 39 41<\/span><\/a><\/span>\t\t\t\t<\/div>\n\t\t\t\t<\/div>\n\t\t\t\t\t<\/div>\n\t\t<\/div>\n\t\t\t\t\t<\/div>\n\t\t<\/section>\n\t\t\t\t\t<\/div>\n\t\t<\/div>\n\t\t\t\t<div class=\"elementor-column elementor-col-50 elementor-top-column elementor-element elementor-element-bb24a8e\" data-id=\"bb24a8e\" data-element_type=\"column\" data-e-type=\"column\">\n\t\t\t<div class=\"elementor-widget-wrap elementor-element-populated\">\n\t\t\t\t\t\t<div class=\"elementor-element elementor-element-b78d0e4 elementor-widget elementor-widget-image\" data-id=\"b78d0e4\" data-element_type=\"widget\" data-e-type=\"widget\" data-widget_type=\"image.default\">\n\t\t\t\t<div class=\"elementor-widget-container\">\n\t\t\t\t\t\t\t\t\t\t\t\t\t\t\t\t<a href=\"https:\/\/www.expertservicecar.com\/pt-pt\/taller\/covesa-sermobis\/\">\n\t\t\t\t\t\t\t<img loading=\"lazy\" decoding=\"async\" width=\"300\" height=\"231\" src=\"https:\/\/www.expertservicecar.com\/wp-content\/uploads\/2024\/03\/covesa-sermobis-03-300x231.jpg\" class=\"attachment-medium size-medium wp-image-7439\" alt=\"\" srcset=\"https:\/\/www.expertservicecar.com\/wp-content\/uploads\/2024\/03\/covesa-sermobis-03-300x231.jpg 300w, https:\/\/www.expertservicecar.com\/wp-content\/uploads\/2024\/03\/covesa-sermobis-03-768x591.jpg 768w, https:\/\/www.expertservicecar.com\/wp-content\/uploads\/2024\/03\/covesa-sermobis-03-600x462.jpg 600w, https:\/\/www.expertservicecar.com\/wp-content\/uploads\/2024\/03\/covesa-sermobis-03.jpg 900w\" sizes=\"(max-width: 300px) 100vw, 300px\" title=\"\">\t\t\t\t\t\t\t\t<\/a>\n\t\t\t\t\t\t\t\t\t\t\t\t\t\t\t<\/div>\n\t\t\t\t<\/div>\n\t\t\t\t\t<\/div>\n\t\t<\/div>\n\t\t\t\t\t<\/div>\n\t\t<\/section>\n\t\t\t\t<\/div>\n\t\t<\/div><div class=\"jet-listing-grid__item jet-listing-dynamic-post-7364 jet-equal-columns\" data-post-id=\"7364\" >\t\t<div data-elementor-type=\"jet-listing-items\" data-elementor-id=\"524\" class=\"elementor elementor-524\" data-elementor-post-type=\"jet-engine\">\n\t\t\t\t\t\t<section class=\"elementor-section elementor-top-section elementor-element elementor-element-ef0c760 elementor-section-content-middle elementor-section-boxed elementor-section-height-default elementor-section-height-default\" data-id=\"ef0c760\" data-element_type=\"section\" data-e-type=\"section\" data-settings=\"{&quot;background_background&quot;:&quot;classic&quot;}\">\n\t\t\t\t\t\t<div class=\"elementor-container elementor-column-gap-default\">\n\t\t\t\t\t<div class=\"elementor-column elementor-col-50 elementor-top-column elementor-element elementor-element-f3770a2\" data-id=\"f3770a2\" data-element_type=\"column\" data-e-type=\"column\">\n\t\t\t<div class=\"elementor-widget-wrap elementor-element-populated\">\n\t\t\t\t\t\t<div class=\"elementor-element elementor-element-6788ee3 elementor-widget__width-auto elementor-widget elementor-widget-theme-post-title elementor-page-title elementor-widget-heading\" data-id=\"6788ee3\" data-element_type=\"widget\" data-e-type=\"widget\" data-widget_type=\"theme-post-title.default\">\n\t\t\t\t<div class=\"elementor-widget-container\">\n\t\t\t\t\t<h5 class=\"elementor-heading-title elementor-size-default\"><a href=\"https:\/\/www.expertservicecar.com\/pt-pt\/taller\/dgr-automocion-madrid\/\">D.G.R. AUTOMOCI\u00d3N MADRID<\/a><\/h5>\t\t\t\t<\/div>\n\t\t\t\t<\/div>\n\t\t\t\t<section class=\"elementor-section elementor-inner-section elementor-element elementor-element-dcd0ceb elementor-section-boxed elementor-section-height-default elementor-section-height-default\" data-id=\"dcd0ceb\" data-element_type=\"section\" data-e-type=\"section\">\n\t\t\t\t\t\t<div class=\"elementor-container elementor-column-gap-default\">\n\t\t\t\t\t<div class=\"elementor-column elementor-col-100 elementor-inner-column elementor-element elementor-element-aed0068\" data-id=\"aed0068\" data-element_type=\"column\" data-e-type=\"column\">\n\t\t\t<div class=\"elementor-widget-wrap elementor-element-populated\">\n\t\t\t\t\t\t<div class=\"elementor-element elementor-element-601cf1d elementor-widget__width-auto elementor-widget-mobile__width-auto elementor-widget elementor-widget-jet-listing-dynamic-field\" data-id=\"601cf1d\" data-element_type=\"widget\" data-e-type=\"widget\" data-widget_type=\"jet-listing-dynamic-field.default\">\n\t\t\t\t<div class=\"elementor-widget-container\">\n\t\t\t\t\t<div class=\"jet-listing jet-listing-dynamic-field display-inline\"><div class=\"jet-listing-dynamic-field__inline-wrap\"><span class=\"jet-listing-dynamic-field__content\"><p>Rda. Don Bosco, 18, Carabanchel,<br \/>\n28044 Madrid<\/p>\n<\/span><\/div><\/div>\t\t\t\t<\/div>\n\t\t\t\t<\/div>\n\t\t\t\t<div class=\"elementor-element elementor-element-1898eca elementor-widget elementor-widget-jet-listing-dynamic-link\" data-id=\"1898eca\" data-element_type=\"widget\" data-e-type=\"widget\" data-widget_type=\"jet-listing-dynamic-link.default\">\n\t\t\t\t<div class=\"elementor-widget-container\">\n\t\t\t\t\t<span class=\"jet-listing jet-listing-dynamic-link\"><a href=\"tel:914626194\" class=\"jet-listing-dynamic-link__link\"><i class=\"jet-listing-dynamic-link__icon fas fa-phone-alt\" aria-hidden=\"true\"><\/i><span class=\"jet-listing-dynamic-link__label\">914626194<\/span><\/a><\/span>\t\t\t\t<\/div>\n\t\t\t\t<\/div>\n\t\t\t\t<div class=\"elementor-element elementor-element-0329474 elementor-hidden-phone elementor-widget elementor-widget-jet-listing-dynamic-link\" data-id=\"0329474\" data-element_type=\"widget\" data-e-type=\"widget\" data-widget_type=\"jet-listing-dynamic-link.default\">\n\t\t\t\t<div class=\"elementor-widget-container\">\n\t\t\t\t\t<span class=\"jet-listing jet-listing-dynamic-link\"><a href=\"tel:696499069\" class=\"jet-listing-dynamic-link__link\"><i class=\"jet-listing-dynamic-link__icon oi oi-phone\" aria-hidden=\"true\"><\/i><span class=\"jet-listing-dynamic-link__label\">696499069<\/span><\/a><\/span>\t\t\t\t<\/div>\n\t\t\t\t<\/div>\n\t\t\t\t\t<\/div>\n\t\t<\/div>\n\t\t\t\t\t<\/div>\n\t\t<\/section>\n\t\t\t\t\t<\/div>\n\t\t<\/div>\n\t\t\t\t<div class=\"elementor-column elementor-col-50 elementor-top-column elementor-element elementor-element-bb24a8e\" data-id=\"bb24a8e\" data-element_type=\"column\" data-e-type=\"column\">\n\t\t\t<div class=\"elementor-widget-wrap elementor-element-populated\">\n\t\t\t\t\t\t<div class=\"elementor-element elementor-element-b78d0e4 elementor-widget elementor-widget-image\" data-id=\"b78d0e4\" data-element_type=\"widget\" data-e-type=\"widget\" data-widget_type=\"image.default\">\n\t\t\t\t<div class=\"elementor-widget-container\">\n\t\t\t\t\t\t\t\t\t\t\t\t\t\t\t\t<a href=\"https:\/\/www.expertservicecar.com\/pt-pt\/taller\/dgr-automocion-madrid\/\">\n\t\t\t\t\t\t\t<img loading=\"lazy\" decoding=\"async\" width=\"300\" height=\"245\" src=\"https:\/\/www.expertservicecar.com\/wp-content\/uploads\/2024\/03\/dgrautomocion-300x245.jpg\" class=\"attachment-medium size-medium wp-image-7365\" alt=\"\" srcset=\"https:\/\/www.expertservicecar.com\/wp-content\/uploads\/2024\/03\/dgrautomocion-300x245.jpg 300w, https:\/\/www.expertservicecar.com\/wp-content\/uploads\/2024\/03\/dgrautomocion-1024x835.jpg 1024w, https:\/\/www.expertservicecar.com\/wp-content\/uploads\/2024\/03\/dgrautomocion-768x626.jpg 768w, https:\/\/www.expertservicecar.com\/wp-content\/uploads\/2024\/03\/dgrautomocion-600x489.jpg 600w, https:\/\/www.expertservicecar.com\/wp-content\/uploads\/2024\/03\/dgrautomocion.jpg 1384w\" sizes=\"(max-width: 300px) 100vw, 300px\" title=\"\">\t\t\t\t\t\t\t\t<\/a>\n\t\t\t\t\t\t\t\t\t\t\t\t\t\t\t<\/div>\n\t\t\t\t<\/div>\n\t\t\t\t\t<\/div>\n\t\t<\/div>\n\t\t\t\t\t<\/div>\n\t\t<\/section>\n\t\t\t\t<\/div>\n\t\t<\/div><div class=\"jet-listing-grid__item jet-listing-dynamic-post-6073 jet-equal-columns\" data-post-id=\"6073\" >\t\t<div data-elementor-type=\"jet-listing-items\" data-elementor-id=\"524\" class=\"elementor elementor-524\" data-elementor-post-type=\"jet-engine\">\n\t\t\t\t\t\t<section class=\"elementor-section elementor-top-section elementor-element elementor-element-ef0c760 elementor-section-content-middle elementor-section-boxed elementor-section-height-default elementor-section-height-default\" data-id=\"ef0c760\" data-element_type=\"section\" data-e-type=\"section\" data-settings=\"{&quot;background_background&quot;:&quot;classic&quot;}\">\n\t\t\t\t\t\t<div class=\"elementor-container elementor-column-gap-default\">\n\t\t\t\t\t<div class=\"elementor-column elementor-col-50 elementor-top-column elementor-element elementor-element-f3770a2\" data-id=\"f3770a2\" data-element_type=\"column\" data-e-type=\"column\">\n\t\t\t<div class=\"elementor-widget-wrap elementor-element-populated\">\n\t\t\t\t\t\t<div class=\"elementor-element elementor-element-6788ee3 elementor-widget__width-auto elementor-widget elementor-widget-theme-post-title elementor-page-title elementor-widget-heading\" data-id=\"6788ee3\" data-element_type=\"widget\" data-e-type=\"widget\" data-widget_type=\"theme-post-title.default\">\n\t\t\t\t<div class=\"elementor-widget-container\">\n\t\t\t\t\t<h5 class=\"elementor-heading-title elementor-size-default\"><a href=\"https:\/\/www.expertservicecar.com\/pt-pt\/taller\/dafer-arias\/\">Dafer Arias<\/a><\/h5>\t\t\t\t<\/div>\n\t\t\t\t<\/div>\n\t\t\t\t<section class=\"elementor-section elementor-inner-section elementor-element elementor-element-dcd0ceb elementor-section-boxed elementor-section-height-default elementor-section-height-default\" data-id=\"dcd0ceb\" data-element_type=\"section\" data-e-type=\"section\">\n\t\t\t\t\t\t<div class=\"elementor-container elementor-column-gap-default\">\n\t\t\t\t\t<div class=\"elementor-column elementor-col-100 elementor-inner-column elementor-element elementor-element-aed0068\" data-id=\"aed0068\" data-element_type=\"column\" data-e-type=\"column\">\n\t\t\t<div class=\"elementor-widget-wrap elementor-element-populated\">\n\t\t\t\t\t\t<div class=\"elementor-element elementor-element-601cf1d elementor-widget__width-auto elementor-widget-mobile__width-auto elementor-widget elementor-widget-jet-listing-dynamic-field\" data-id=\"601cf1d\" data-element_type=\"widget\" data-e-type=\"widget\" data-widget_type=\"jet-listing-dynamic-field.default\">\n\t\t\t\t<div class=\"elementor-widget-container\">\n\t\t\t\t\t<div class=\"jet-listing jet-listing-dynamic-field display-inline\"><div class=\"jet-listing-dynamic-field__inline-wrap\"><span class=\"jet-listing-dynamic-field__content\"><p>C\/ Aranjuez, Nave 604<br \/>\n28805 Alcal\u00e1 de Henares<br \/>\nMadrid<\/p>\n<\/span><\/div><\/div>\t\t\t\t<\/div>\n\t\t\t\t<\/div>\n\t\t\t\t<div class=\"elementor-element elementor-element-1898eca elementor-widget elementor-widget-jet-listing-dynamic-link\" data-id=\"1898eca\" data-element_type=\"widget\" data-e-type=\"widget\" data-widget_type=\"jet-listing-dynamic-link.default\">\n\t\t\t\t<div class=\"elementor-widget-container\">\n\t\t\t\t\t<span class=\"jet-listing jet-listing-dynamic-link\"><a href=\"tel:918834422\" class=\"jet-listing-dynamic-link__link\"><i class=\"jet-listing-dynamic-link__icon fas fa-phone-alt\" aria-hidden=\"true\"><\/i><span class=\"jet-listing-dynamic-link__label\">918834422<\/span><\/a><\/span>\t\t\t\t<\/div>\n\t\t\t\t<\/div>\n\t\t\t\t\t<\/div>\n\t\t<\/div>\n\t\t\t\t\t<\/div>\n\t\t<\/section>\n\t\t\t\t\t<\/div>\n\t\t<\/div>\n\t\t\t\t<div class=\"elementor-column elementor-col-50 elementor-top-column elementor-element elementor-element-bb24a8e\" data-id=\"bb24a8e\" data-element_type=\"column\" data-e-type=\"column\">\n\t\t\t<div class=\"elementor-widget-wrap elementor-element-populated\">\n\t\t\t\t\t\t<div class=\"elementor-element elementor-element-b78d0e4 elementor-widget elementor-widget-image\" data-id=\"b78d0e4\" data-element_type=\"widget\" data-e-type=\"widget\" data-widget_type=\"image.default\">\n\t\t\t\t<div class=\"elementor-widget-container\">\n\t\t\t\t\t\t\t\t\t\t\t\t\t\t\t\t<a href=\"https:\/\/www.expertservicecar.com\/pt-pt\/taller\/dafer-arias\/\">\n\t\t\t\t\t\t\t<img loading=\"lazy\" decoding=\"async\" width=\"300\" height=\"217\" src=\"https:\/\/www.expertservicecar.com\/wp-content\/uploads\/2022\/04\/exterior_1077_dafer_arias_dafer_arias_original-copia-300x217.jpg\" class=\"attachment-medium size-medium wp-image-6077\" alt=\"\" srcset=\"https:\/\/www.expertservicecar.com\/wp-content\/uploads\/2022\/04\/exterior_1077_dafer_arias_dafer_arias_original-copia-300x217.jpg 300w, https:\/\/www.expertservicecar.com\/wp-content\/uploads\/2022\/04\/exterior_1077_dafer_arias_dafer_arias_original-copia-1024x739.jpg 1024w, https:\/\/www.expertservicecar.com\/wp-content\/uploads\/2022\/04\/exterior_1077_dafer_arias_dafer_arias_original-copia-768x554.jpg 768w, https:\/\/www.expertservicecar.com\/wp-content\/uploads\/2022\/04\/exterior_1077_dafer_arias_dafer_arias_original-copia-1536x1109.jpg 1536w, https:\/\/www.expertservicecar.com\/wp-content\/uploads\/2022\/04\/exterior_1077_dafer_arias_dafer_arias_original-copia-2048x1478.jpg 2048w, https:\/\/www.expertservicecar.com\/wp-content\/uploads\/2022\/04\/exterior_1077_dafer_arias_dafer_arias_original-copia-600x433.jpg 600w\" sizes=\"(max-width: 300px) 100vw, 300px\" title=\"\">\t\t\t\t\t\t\t\t<\/a>\n\t\t\t\t\t\t\t\t\t\t\t\t\t\t\t<\/div>\n\t\t\t\t<\/div>\n\t\t\t\t\t<\/div>\n\t\t<\/div>\n\t\t\t\t\t<\/div>\n\t\t<\/section>\n\t\t\t\t<\/div>\n\t\t<\/div><div class=\"jet-listing-grid__item jet-listing-dynamic-post-5430 jet-equal-columns\" data-post-id=\"5430\" >\t\t<div data-elementor-type=\"jet-listing-items\" data-elementor-id=\"524\" class=\"elementor elementor-524\" data-elementor-post-type=\"jet-engine\">\n\t\t\t\t\t\t<section class=\"elementor-section elementor-top-section elementor-element elementor-element-ef0c760 elementor-section-content-middle elementor-section-boxed elementor-section-height-default elementor-section-height-default\" data-id=\"ef0c760\" data-element_type=\"section\" data-e-type=\"section\" data-settings=\"{&quot;background_background&quot;:&quot;classic&quot;}\">\n\t\t\t\t\t\t<div class=\"elementor-container elementor-column-gap-default\">\n\t\t\t\t\t<div class=\"elementor-column elementor-col-50 elementor-top-column elementor-element elementor-element-f3770a2\" data-id=\"f3770a2\" data-element_type=\"column\" data-e-type=\"column\">\n\t\t\t<div class=\"elementor-widget-wrap elementor-element-populated\">\n\t\t\t\t\t\t<div class=\"elementor-element elementor-element-6788ee3 elementor-widget__width-auto elementor-widget elementor-widget-theme-post-title elementor-page-title elementor-widget-heading\" data-id=\"6788ee3\" data-element_type=\"widget\" data-e-type=\"widget\" data-widget_type=\"theme-post-title.default\">\n\t\t\t\t<div class=\"elementor-widget-container\">\n\t\t\t\t\t<h5 class=\"elementor-heading-title elementor-size-default\"><a href=\"https:\/\/www.expertservicecar.com\/pt-pt\/taller\/decklid-auto-service\/\">Decklid Auto Service<\/a><\/h5>\t\t\t\t<\/div>\n\t\t\t\t<\/div>\n\t\t\t\t<section class=\"elementor-section elementor-inner-section elementor-element elementor-element-dcd0ceb elementor-section-boxed elementor-section-height-default elementor-section-height-default\" data-id=\"dcd0ceb\" data-element_type=\"section\" data-e-type=\"section\">\n\t\t\t\t\t\t<div class=\"elementor-container elementor-column-gap-default\">\n\t\t\t\t\t<div class=\"elementor-column elementor-col-100 elementor-inner-column elementor-element elementor-element-aed0068\" data-id=\"aed0068\" data-element_type=\"column\" data-e-type=\"column\">\n\t\t\t<div class=\"elementor-widget-wrap elementor-element-populated\">\n\t\t\t\t\t\t<div class=\"elementor-element elementor-element-601cf1d elementor-widget__width-auto elementor-widget-mobile__width-auto elementor-widget elementor-widget-jet-listing-dynamic-field\" data-id=\"601cf1d\" data-element_type=\"widget\" data-e-type=\"widget\" data-widget_type=\"jet-listing-dynamic-field.default\">\n\t\t\t\t<div class=\"elementor-widget-container\">\n\t\t\t\t\t<div class=\"jet-listing jet-listing-dynamic-field display-inline\"><div class=\"jet-listing-dynamic-field__inline-wrap\"><span class=\"jet-listing-dynamic-field__content\"><p>Avenida de las Moreras s\/n<br \/>\n30870 Mazarr\u00f3n,<br \/>\nMurcia<\/p>\n<\/span><\/div><\/div>\t\t\t\t<\/div>\n\t\t\t\t<\/div>\n\t\t\t\t<div class=\"elementor-element elementor-element-1898eca elementor-widget elementor-widget-jet-listing-dynamic-link\" data-id=\"1898eca\" data-element_type=\"widget\" data-e-type=\"widget\" data-widget_type=\"jet-listing-dynamic-link.default\">\n\t\t\t\t<div class=\"elementor-widget-container\">\n\t\t\t\t\t<span class=\"jet-listing jet-listing-dynamic-link\"><a href=\"tel:868 056 278\" class=\"jet-listing-dynamic-link__link\"><i class=\"jet-listing-dynamic-link__icon fas fa-phone-alt\" aria-hidden=\"true\"><\/i><span class=\"jet-listing-dynamic-link__label\">868 056 278<\/span><\/a><\/span>\t\t\t\t<\/div>\n\t\t\t\t<\/div>\n\t\t\t\t<div class=\"elementor-element elementor-element-0329474 elementor-hidden-phone elementor-widget elementor-widget-jet-listing-dynamic-link\" data-id=\"0329474\" data-element_type=\"widget\" data-e-type=\"widget\" data-widget_type=\"jet-listing-dynamic-link.default\">\n\t\t\t\t<div class=\"elementor-widget-container\">\n\t\t\t\t\t<span class=\"jet-listing jet-listing-dynamic-link\"><a href=\"tel:626678840 (Solo whatsapp)\" class=\"jet-listing-dynamic-link__link\"><i class=\"jet-listing-dynamic-link__icon oi oi-phone\" aria-hidden=\"true\"><\/i><span class=\"jet-listing-dynamic-link__label\">626678840 (Solo whatsapp)<\/span><\/a><\/span>\t\t\t\t<\/div>\n\t\t\t\t<\/div>\n\t\t\t\t\t<\/div>\n\t\t<\/div>\n\t\t\t\t\t<\/div>\n\t\t<\/section>\n\t\t\t\t\t<\/div>\n\t\t<\/div>\n\t\t\t\t<div class=\"elementor-column elementor-col-50 elementor-top-column elementor-element elementor-element-bb24a8e\" data-id=\"bb24a8e\" data-element_type=\"column\" data-e-type=\"column\">\n\t\t\t<div class=\"elementor-widget-wrap elementor-element-populated\">\n\t\t\t\t\t\t<div class=\"elementor-element elementor-element-b78d0e4 elementor-widget elementor-widget-image\" data-id=\"b78d0e4\" data-element_type=\"widget\" data-e-type=\"widget\" data-widget_type=\"image.default\">\n\t\t\t\t<div class=\"elementor-widget-container\">\n\t\t\t\t\t\t\t\t\t\t\t\t\t\t\t\t<a href=\"https:\/\/www.expertservicecar.com\/pt-pt\/taller\/decklid-auto-service\/\">\n\t\t\t\t\t\t\t<img loading=\"lazy\" decoding=\"async\" width=\"300\" height=\"198\" src=\"https:\/\/www.expertservicecar.com\/wp-content\/uploads\/2021\/08\/exterior_1915_decklid_auto_service_whatsapp_image_2021-07-02_at_17.17.501_original-300x198.jpeg\" class=\"attachment-medium size-medium wp-image-5451\" alt=\"\" srcset=\"https:\/\/www.expertservicecar.com\/wp-content\/uploads\/2021\/08\/exterior_1915_decklid_auto_service_whatsapp_image_2021-07-02_at_17.17.501_original-300x198.jpeg 300w, https:\/\/www.expertservicecar.com\/wp-content\/uploads\/2021\/08\/exterior_1915_decklid_auto_service_whatsapp_image_2021-07-02_at_17.17.501_original-1024x675.jpeg 1024w, https:\/\/www.expertservicecar.com\/wp-content\/uploads\/2021\/08\/exterior_1915_decklid_auto_service_whatsapp_image_2021-07-02_at_17.17.501_original-768x506.jpeg 768w, https:\/\/www.expertservicecar.com\/wp-content\/uploads\/2021\/08\/exterior_1915_decklid_auto_service_whatsapp_image_2021-07-02_at_17.17.501_original-1536x1013.jpeg 1536w, https:\/\/www.expertservicecar.com\/wp-content\/uploads\/2021\/08\/exterior_1915_decklid_auto_service_whatsapp_image_2021-07-02_at_17.17.501_original-600x396.jpeg 600w, https:\/\/www.expertservicecar.com\/wp-content\/uploads\/2021\/08\/exterior_1915_decklid_auto_service_whatsapp_image_2021-07-02_at_17.17.501_original.jpeg 2048w\" sizes=\"(max-width: 300px) 100vw, 300px\" title=\"\">\t\t\t\t\t\t\t\t<\/a>\n\t\t\t\t\t\t\t\t\t\t\t\t\t\t\t<\/div>\n\t\t\t\t<\/div>\n\t\t\t\t\t<\/div>\n\t\t<\/div>\n\t\t\t\t\t<\/div>\n\t\t<\/section>\n\t\t\t\t<\/div>\n\t\t<\/div><div class=\"jet-listing-grid__item jet-listing-dynamic-post-6444 jet-equal-columns\" data-post-id=\"6444\" >\t\t<div data-elementor-type=\"jet-listing-items\" data-elementor-id=\"524\" class=\"elementor elementor-524\" data-elementor-post-type=\"jet-engine\">\n\t\t\t\t\t\t<section class=\"elementor-section elementor-top-section elementor-element elementor-element-ef0c760 elementor-section-content-middle elementor-section-boxed elementor-section-height-default elementor-section-height-default\" data-id=\"ef0c760\" data-element_type=\"section\" data-e-type=\"section\" data-settings=\"{&quot;background_background&quot;:&quot;classic&quot;}\">\n\t\t\t\t\t\t<div class=\"elementor-container elementor-column-gap-default\">\n\t\t\t\t\t<div class=\"elementor-column elementor-col-50 elementor-top-column elementor-element elementor-element-f3770a2\" data-id=\"f3770a2\" data-element_type=\"column\" data-e-type=\"column\">\n\t\t\t<div class=\"elementor-widget-wrap elementor-element-populated\">\n\t\t\t\t\t\t<div class=\"elementor-element elementor-element-6788ee3 elementor-widget__width-auto elementor-widget elementor-widget-theme-post-title elementor-page-title elementor-widget-heading\" data-id=\"6788ee3\" data-element_type=\"widget\" data-e-type=\"widget\" data-widget_type=\"theme-post-title.default\">\n\t\t\t\t<div class=\"elementor-widget-container\">\n\t\t\t\t\t<h5 class=\"elementor-heading-title elementor-size-default\"><a href=\"https:\/\/www.expertservicecar.com\/pt-pt\/taller\/del-valle-motor\/\">Del Valle Motor<\/a><\/h5>\t\t\t\t<\/div>\n\t\t\t\t<\/div>\n\t\t\t\t<section class=\"elementor-section elementor-inner-section elementor-element elementor-element-dcd0ceb elementor-section-boxed elementor-section-height-default elementor-section-height-default\" data-id=\"dcd0ceb\" data-element_type=\"section\" data-e-type=\"section\">\n\t\t\t\t\t\t<div class=\"elementor-container elementor-column-gap-default\">\n\t\t\t\t\t<div class=\"elementor-column elementor-col-100 elementor-inner-column elementor-element elementor-element-aed0068\" data-id=\"aed0068\" data-element_type=\"column\" data-e-type=\"column\">\n\t\t\t<div class=\"elementor-widget-wrap elementor-element-populated\">\n\t\t\t\t\t\t<div class=\"elementor-element elementor-element-601cf1d elementor-widget__width-auto elementor-widget-mobile__width-auto elementor-widget elementor-widget-jet-listing-dynamic-field\" data-id=\"601cf1d\" data-element_type=\"widget\" data-e-type=\"widget\" data-widget_type=\"jet-listing-dynamic-field.default\">\n\t\t\t\t<div class=\"elementor-widget-container\">\n\t\t\t\t\t<div class=\"jet-listing jet-listing-dynamic-field display-inline\"><div class=\"jet-listing-dynamic-field__inline-wrap\"><span class=\"jet-listing-dynamic-field__content\"><p>Carretera Antigua N-I, Km 52,<br \/>\n28721 Cabanillas de la Sierra, Madrid<\/p>\n<\/span><\/div><\/div>\t\t\t\t<\/div>\n\t\t\t\t<\/div>\n\t\t\t\t<div class=\"elementor-element elementor-element-1898eca elementor-widget elementor-widget-jet-listing-dynamic-link\" data-id=\"1898eca\" data-element_type=\"widget\" data-e-type=\"widget\" data-widget_type=\"jet-listing-dynamic-link.default\">\n\t\t\t\t<div class=\"elementor-widget-container\">\n\t\t\t\t\t<span class=\"jet-listing jet-listing-dynamic-link\"><a href=\"tel:915 776875\" class=\"jet-listing-dynamic-link__link\"><i class=\"jet-listing-dynamic-link__icon fas fa-phone-alt\" aria-hidden=\"true\"><\/i><span class=\"jet-listing-dynamic-link__label\">915 776875<\/span><\/a><\/span>\t\t\t\t<\/div>\n\t\t\t\t<\/div>\n\t\t\t\t<div class=\"elementor-element elementor-element-0329474 elementor-hidden-phone elementor-widget elementor-widget-jet-listing-dynamic-link\" data-id=\"0329474\" data-element_type=\"widget\" data-e-type=\"widget\" data-widget_type=\"jet-listing-dynamic-link.default\">\n\t\t\t\t<div class=\"elementor-widget-container\">\n\t\t\t\t\t<span class=\"jet-listing jet-listing-dynamic-link\"><a href=\"tel:659252807\" class=\"jet-listing-dynamic-link__link\"><i class=\"jet-listing-dynamic-link__icon oi oi-phone\" aria-hidden=\"true\"><\/i><span class=\"jet-listing-dynamic-link__label\">659252807<\/span><\/a><\/span>\t\t\t\t<\/div>\n\t\t\t\t<\/div>\n\t\t\t\t\t<\/div>\n\t\t<\/div>\n\t\t\t\t\t<\/div>\n\t\t<\/section>\n\t\t\t\t\t<\/div>\n\t\t<\/div>\n\t\t\t\t<div class=\"elementor-column elementor-col-50 elementor-top-column elementor-element elementor-element-bb24a8e\" data-id=\"bb24a8e\" data-element_type=\"column\" data-e-type=\"column\">\n\t\t\t<div class=\"elementor-widget-wrap elementor-element-populated\">\n\t\t\t\t\t\t<div class=\"elementor-element elementor-element-b78d0e4 elementor-widget elementor-widget-image\" data-id=\"b78d0e4\" data-element_type=\"widget\" data-e-type=\"widget\" data-widget_type=\"image.default\">\n\t\t\t\t<div class=\"elementor-widget-container\">\n\t\t\t\t\t\t\t\t\t\t\t\t\t\t\t\t<a href=\"https:\/\/www.expertservicecar.com\/pt-pt\/taller\/del-valle-motor\/\">\n\t\t\t\t\t\t\t<img loading=\"lazy\" decoding=\"async\" width=\"300\" height=\"184\" src=\"https:\/\/www.expertservicecar.com\/wp-content\/uploads\/2022\/09\/DELVALLE_MOTOR-300x184.jpg\" class=\"attachment-medium size-medium wp-image-6445\" alt=\"\" srcset=\"https:\/\/www.expertservicecar.com\/wp-content\/uploads\/2022\/09\/DELVALLE_MOTOR-300x184.jpg 300w, https:\/\/www.expertservicecar.com\/wp-content\/uploads\/2022\/09\/DELVALLE_MOTOR-1024x628.jpg 1024w, https:\/\/www.expertservicecar.com\/wp-content\/uploads\/2022\/09\/DELVALLE_MOTOR-768x471.jpg 768w, https:\/\/www.expertservicecar.com\/wp-content\/uploads\/2022\/09\/DELVALLE_MOTOR-600x368.jpg 600w, https:\/\/www.expertservicecar.com\/wp-content\/uploads\/2022\/09\/DELVALLE_MOTOR.jpg 1310w\" sizes=\"(max-width: 300px) 100vw, 300px\" title=\"\">\t\t\t\t\t\t\t\t<\/a>\n\t\t\t\t\t\t\t\t\t\t\t\t\t\t\t<\/div>\n\t\t\t\t<\/div>\n\t\t\t\t\t<\/div>\n\t\t<\/div>\n\t\t\t\t\t<\/div>\n\t\t<\/section>\n\t\t\t\t<\/div>\n\t\t<\/div><div class=\"jet-listing-grid__item jet-listing-dynamic-post-3688 jet-equal-columns\" data-post-id=\"3688\" >\t\t<div data-elementor-type=\"jet-listing-items\" data-elementor-id=\"524\" class=\"elementor elementor-524\" data-elementor-post-type=\"jet-engine\">\n\t\t\t\t\t\t<section class=\"elementor-section elementor-top-section elementor-element elementor-element-ef0c760 elementor-section-content-middle elementor-section-boxed elementor-section-height-default elementor-section-height-default\" data-id=\"ef0c760\" data-element_type=\"section\" data-e-type=\"section\" data-settings=\"{&quot;background_background&quot;:&quot;classic&quot;}\">\n\t\t\t\t\t\t<div class=\"elementor-container elementor-column-gap-default\">\n\t\t\t\t\t<div class=\"elementor-column elementor-col-50 elementor-top-column elementor-element elementor-element-f3770a2\" data-id=\"f3770a2\" data-element_type=\"column\" data-e-type=\"column\">\n\t\t\t<div class=\"elementor-widget-wrap elementor-element-populated\">\n\t\t\t\t\t\t<div class=\"elementor-element elementor-element-6788ee3 elementor-widget__width-auto elementor-widget elementor-widget-theme-post-title elementor-page-title elementor-widget-heading\" data-id=\"6788ee3\" data-element_type=\"widget\" data-e-type=\"widget\" data-widget_type=\"theme-post-title.default\">\n\t\t\t\t<div class=\"elementor-widget-container\">\n\t\t\t\t\t<h5 class=\"elementor-heading-title elementor-size-default\"><a href=\"https:\/\/www.expertservicecar.com\/pt-pt\/taller\/denak\/\">Denak<\/a><\/h5>\t\t\t\t<\/div>\n\t\t\t\t<\/div>\n\t\t\t\t<section class=\"elementor-section elementor-inner-section elementor-element elementor-element-dcd0ceb elementor-section-boxed elementor-section-height-default elementor-section-height-default\" data-id=\"dcd0ceb\" data-element_type=\"section\" data-e-type=\"section\">\n\t\t\t\t\t\t<div class=\"elementor-container elementor-column-gap-default\">\n\t\t\t\t\t<div class=\"elementor-column elementor-col-100 elementor-inner-column elementor-element elementor-element-aed0068\" data-id=\"aed0068\" data-element_type=\"column\" data-e-type=\"column\">\n\t\t\t<div class=\"elementor-widget-wrap elementor-element-populated\">\n\t\t\t\t\t\t<div class=\"elementor-element elementor-element-601cf1d elementor-widget__width-auto elementor-widget-mobile__width-auto elementor-widget elementor-widget-jet-listing-dynamic-field\" data-id=\"601cf1d\" data-element_type=\"widget\" data-e-type=\"widget\" data-widget_type=\"jet-listing-dynamic-field.default\">\n\t\t\t\t<div class=\"elementor-widget-container\">\n\t\t\t\t\t<div class=\"jet-listing jet-listing-dynamic-field display-inline\"><div class=\"jet-listing-dynamic-field__inline-wrap\"><span class=\"jet-listing-dynamic-field__content\"><p>Pol\u00edgono Industrial Isasia, 11<br \/>\n31800 Alsasua<br \/>\nNavarra<\/p>\n<\/span><\/div><\/div>\t\t\t\t<\/div>\n\t\t\t\t<\/div>\n\t\t\t\t<div class=\"elementor-element elementor-element-1898eca elementor-widget elementor-widget-jet-listing-dynamic-link\" data-id=\"1898eca\" data-element_type=\"widget\" data-e-type=\"widget\" data-widget_type=\"jet-listing-dynamic-link.default\">\n\t\t\t\t<div class=\"elementor-widget-container\">\n\t\t\t\t\t<span class=\"jet-listing jet-listing-dynamic-link\"><a href=\"tel:+34 948 564013\" class=\"jet-listing-dynamic-link__link\"><i class=\"jet-listing-dynamic-link__icon fas fa-phone-alt\" aria-hidden=\"true\"><\/i><span class=\"jet-listing-dynamic-link__label\">+34 948 564013<\/span><\/a><\/span>\t\t\t\t<\/div>\n\t\t\t\t<\/div>\n\t\t\t\t<div class=\"elementor-element elementor-element-0329474 elementor-hidden-phone elementor-widget elementor-widget-jet-listing-dynamic-link\" data-id=\"0329474\" data-element_type=\"widget\" data-e-type=\"widget\" data-widget_type=\"jet-listing-dynamic-link.default\">\n\t\t\t\t<div class=\"elementor-widget-container\">\n\t\t\t\t\t<span class=\"jet-listing jet-listing-dynamic-link\"><a href=\"tel:+34 606 696 674\" class=\"jet-listing-dynamic-link__link\"><i class=\"jet-listing-dynamic-link__icon oi oi-phone\" aria-hidden=\"true\"><\/i><span class=\"jet-listing-dynamic-link__label\">+34 606 696 674<\/span><\/a><\/span>\t\t\t\t<\/div>\n\t\t\t\t<\/div>\n\t\t\t\t\t<\/div>\n\t\t<\/div>\n\t\t\t\t\t<\/div>\n\t\t<\/section>\n\t\t\t\t\t<\/div>\n\t\t<\/div>\n\t\t\t\t<div class=\"elementor-column elementor-col-50 elementor-top-column elementor-element elementor-element-bb24a8e\" data-id=\"bb24a8e\" data-element_type=\"column\" data-e-type=\"column\">\n\t\t\t<div class=\"elementor-widget-wrap elementor-element-populated\">\n\t\t\t\t\t\t<div class=\"elementor-element elementor-element-b78d0e4 elementor-widget elementor-widget-image\" data-id=\"b78d0e4\" data-element_type=\"widget\" data-e-type=\"widget\" data-widget_type=\"image.default\">\n\t\t\t\t<div class=\"elementor-widget-container\">\n\t\t\t\t\t\t\t\t\t\t\t\t\t\t\t\t<a href=\"https:\/\/www.expertservicecar.com\/pt-pt\/taller\/denak\/\">\n\t\t\t\t\t\t\t<img loading=\"lazy\" decoding=\"async\" width=\"300\" height=\"231\" src=\"https:\/\/www.expertservicecar.com\/wp-content\/uploads\/2021\/06\/denak-300x231.jpg\" class=\"attachment-medium size-medium wp-image-3690\" alt=\"Denak\" srcset=\"https:\/\/www.expertservicecar.com\/wp-content\/uploads\/2021\/06\/denak-300x231.jpg 300w, https:\/\/www.expertservicecar.com\/wp-content\/uploads\/2021\/06\/denak-768x591.jpg 768w, https:\/\/www.expertservicecar.com\/wp-content\/uploads\/2021\/06\/denak-600x462.jpg 600w, https:\/\/www.expertservicecar.com\/wp-content\/uploads\/2021\/06\/denak.jpg 900w\" sizes=\"(max-width: 300px) 100vw, 300px\" title=\"\">\t\t\t\t\t\t\t\t<\/a>\n\t\t\t\t\t\t\t\t\t\t\t\t\t\t\t<\/div>\n\t\t\t\t<\/div>\n\t\t\t\t\t<\/div>\n\t\t<\/div>\n\t\t\t\t\t<\/div>\n\t\t<\/section>\n\t\t\t\t<\/div>\n\t\t<\/div><div class=\"jet-listing-grid__item jet-listing-dynamic-post-6543 jet-equal-columns\" data-post-id=\"6543\" >\t\t<div data-elementor-type=\"jet-listing-items\" data-elementor-id=\"524\" class=\"elementor elementor-524\" data-elementor-post-type=\"jet-engine\">\n\t\t\t\t\t\t<section class=\"elementor-section elementor-top-section elementor-element elementor-element-ef0c760 elementor-section-content-middle elementor-section-boxed elementor-section-height-default elementor-section-height-default\" data-id=\"ef0c760\" data-element_type=\"section\" data-e-type=\"section\" data-settings=\"{&quot;background_background&quot;:&quot;classic&quot;}\">\n\t\t\t\t\t\t<div class=\"elementor-container elementor-column-gap-default\">\n\t\t\t\t\t<div class=\"elementor-column elementor-col-50 elementor-top-column elementor-element elementor-element-f3770a2\" data-id=\"f3770a2\" data-element_type=\"column\" data-e-type=\"column\">\n\t\t\t<div class=\"elementor-widget-wrap elementor-element-populated\">\n\t\t\t\t\t\t<div class=\"elementor-element elementor-element-6788ee3 elementor-widget__width-auto elementor-widget elementor-widget-theme-post-title elementor-page-title elementor-widget-heading\" data-id=\"6788ee3\" data-element_type=\"widget\" data-e-type=\"widget\" data-widget_type=\"theme-post-title.default\">\n\t\t\t\t<div class=\"elementor-widget-container\">\n\t\t\t\t\t<h5 class=\"elementor-heading-title elementor-size-default\"><a href=\"https:\/\/www.expertservicecar.com\/pt-pt\/taller\/dgm-tecnoauto\/\">DGM TECNOAUTO<\/a><\/h5>\t\t\t\t<\/div>\n\t\t\t\t<\/div>\n\t\t\t\t<section class=\"elementor-section elementor-inner-section elementor-element elementor-element-dcd0ceb elementor-section-boxed elementor-section-height-default elementor-section-height-default\" data-id=\"dcd0ceb\" data-element_type=\"section\" data-e-type=\"section\">\n\t\t\t\t\t\t<div class=\"elementor-container elementor-column-gap-default\">\n\t\t\t\t\t<div class=\"elementor-column elementor-col-100 elementor-inner-column elementor-element elementor-element-aed0068\" data-id=\"aed0068\" data-element_type=\"column\" data-e-type=\"column\">\n\t\t\t<div class=\"elementor-widget-wrap elementor-element-populated\">\n\t\t\t\t\t\t<div class=\"elementor-element elementor-element-601cf1d elementor-widget__width-auto elementor-widget-mobile__width-auto elementor-widget elementor-widget-jet-listing-dynamic-field\" data-id=\"601cf1d\" data-element_type=\"widget\" data-e-type=\"widget\" data-widget_type=\"jet-listing-dynamic-field.default\">\n\t\t\t\t<div class=\"elementor-widget-container\">\n\t\t\t\t\t<div class=\"jet-listing jet-listing-dynamic-field display-inline\"><div class=\"jet-listing-dynamic-field__inline-wrap\"><span class=\"jet-listing-dynamic-field__content\"><p>C. Guatemala, 12,<br \/>\n37184 Villares de la Reina, Salamanca<\/p>\n<\/span><\/div><\/div>\t\t\t\t<\/div>\n\t\t\t\t<\/div>\n\t\t\t\t<div class=\"elementor-element elementor-element-1898eca elementor-widget elementor-widget-jet-listing-dynamic-link\" data-id=\"1898eca\" data-element_type=\"widget\" data-e-type=\"widget\" data-widget_type=\"jet-listing-dynamic-link.default\">\n\t\t\t\t<div class=\"elementor-widget-container\">\n\t\t\t\t\t<span class=\"jet-listing jet-listing-dynamic-link\"><a href=\"tel:923204613\" class=\"jet-listing-dynamic-link__link\"><i class=\"jet-listing-dynamic-link__icon fas fa-phone-alt\" aria-hidden=\"true\"><\/i><span class=\"jet-listing-dynamic-link__label\">923204613<\/span><\/a><\/span>\t\t\t\t<\/div>\n\t\t\t\t<\/div>\n\t\t\t\t<div class=\"elementor-element elementor-element-0329474 elementor-hidden-phone elementor-widget elementor-widget-jet-listing-dynamic-link\" data-id=\"0329474\" data-element_type=\"widget\" data-e-type=\"widget\" data-widget_type=\"jet-listing-dynamic-link.default\">\n\t\t\t\t<div class=\"elementor-widget-container\">\n\t\t\t\t\t<span class=\"jet-listing jet-listing-dynamic-link\"><a href=\"tel:699056607\" class=\"jet-listing-dynamic-link__link\"><i class=\"jet-listing-dynamic-link__icon oi oi-phone\" aria-hidden=\"true\"><\/i><span class=\"jet-listing-dynamic-link__label\">699056607<\/span><\/a><\/span>\t\t\t\t<\/div>\n\t\t\t\t<\/div>\n\t\t\t\t\t<\/div>\n\t\t<\/div>\n\t\t\t\t\t<\/div>\n\t\t<\/section>\n\t\t\t\t\t<\/div>\n\t\t<\/div>\n\t\t\t\t<div class=\"elementor-column elementor-col-50 elementor-top-column elementor-element elementor-element-bb24a8e\" data-id=\"bb24a8e\" data-element_type=\"column\" data-e-type=\"column\">\n\t\t\t<div class=\"elementor-widget-wrap elementor-element-populated\">\n\t\t\t\t\t\t<div class=\"elementor-element elementor-element-b78d0e4 elementor-widget elementor-widget-image\" data-id=\"b78d0e4\" data-element_type=\"widget\" data-e-type=\"widget\" data-widget_type=\"image.default\">\n\t\t\t\t<div class=\"elementor-widget-container\">\n\t\t\t\t\t\t\t\t\t\t\t\t\t\t\t\t<a href=\"https:\/\/www.expertservicecar.com\/pt-pt\/taller\/dgm-tecnoauto\/\">\n\t\t\t\t\t\t\t<img loading=\"lazy\" decoding=\"async\" width=\"225\" height=\"300\" src=\"https:\/\/www.expertservicecar.com\/wp-content\/uploads\/2022\/11\/dgmauto-225x300.jpg\" class=\"attachment-medium size-medium wp-image-6544\" alt=\"\" srcset=\"https:\/\/www.expertservicecar.com\/wp-content\/uploads\/2022\/11\/dgmauto-225x300.jpg 225w, https:\/\/www.expertservicecar.com\/wp-content\/uploads\/2022\/11\/dgmauto.jpg 592w\" sizes=\"(max-width: 225px) 100vw, 225px\" title=\"\">\t\t\t\t\t\t\t\t<\/a>\n\t\t\t\t\t\t\t\t\t\t\t\t\t\t\t<\/div>\n\t\t\t\t<\/div>\n\t\t\t\t\t<\/div>\n\t\t<\/div>\n\t\t\t\t\t<\/div>\n\t\t<\/section>\n\t\t\t\t<\/div>\n\t\t<\/div><div class=\"jet-listing-grid__item jet-listing-dynamic-post-5159 jet-equal-columns\" data-post-id=\"5159\" >\t\t<div data-elementor-type=\"jet-listing-items\" data-elementor-id=\"524\" class=\"elementor elementor-524\" data-elementor-post-type=\"jet-engine\">\n\t\t\t\t\t\t<section class=\"elementor-section elementor-top-section elementor-element elementor-element-ef0c760 elementor-section-content-middle elementor-section-boxed elementor-section-height-default elementor-section-height-default\" data-id=\"ef0c760\" data-element_type=\"section\" data-e-type=\"section\" data-settings=\"{&quot;background_background&quot;:&quot;classic&quot;}\">\n\t\t\t\t\t\t<div class=\"elementor-container elementor-column-gap-default\">\n\t\t\t\t\t<div class=\"elementor-column elementor-col-50 elementor-top-column elementor-element elementor-element-f3770a2\" data-id=\"f3770a2\" data-element_type=\"column\" data-e-type=\"column\">\n\t\t\t<div class=\"elementor-widget-wrap elementor-element-populated\">\n\t\t\t\t\t\t<div class=\"elementor-element elementor-element-6788ee3 elementor-widget__width-auto elementor-widget elementor-widget-theme-post-title elementor-page-title elementor-widget-heading\" data-id=\"6788ee3\" data-element_type=\"widget\" data-e-type=\"widget\" data-widget_type=\"theme-post-title.default\">\n\t\t\t\t<div class=\"elementor-widget-container\">\n\t\t\t\t\t<h5 class=\"elementor-heading-title elementor-size-default\"><a href=\"https:\/\/www.expertservicecar.com\/pt-pt\/taller\/dicauto\/\">Dicauto<\/a><\/h5>\t\t\t\t<\/div>\n\t\t\t\t<\/div>\n\t\t\t\t<section class=\"elementor-section elementor-inner-section elementor-element elementor-element-dcd0ceb elementor-section-boxed elementor-section-height-default elementor-section-height-default\" data-id=\"dcd0ceb\" data-element_type=\"section\" data-e-type=\"section\">\n\t\t\t\t\t\t<div class=\"elementor-container elementor-column-gap-default\">\n\t\t\t\t\t<div class=\"elementor-column elementor-col-100 elementor-inner-column elementor-element elementor-element-aed0068\" data-id=\"aed0068\" data-element_type=\"column\" data-e-type=\"column\">\n\t\t\t<div class=\"elementor-widget-wrap elementor-element-populated\">\n\t\t\t\t\t\t<div class=\"elementor-element elementor-element-601cf1d elementor-widget__width-auto elementor-widget-mobile__width-auto elementor-widget elementor-widget-jet-listing-dynamic-field\" data-id=\"601cf1d\" data-element_type=\"widget\" data-e-type=\"widget\" data-widget_type=\"jet-listing-dynamic-field.default\">\n\t\t\t\t<div class=\"elementor-widget-container\">\n\t\t\t\t\t<div class=\"jet-listing jet-listing-dynamic-field display-inline\"><div class=\"jet-listing-dynamic-field__inline-wrap\"><span class=\"jet-listing-dynamic-field__content\"><p>Carrer Artesans, 71<br \/>\n43800 Valls<br \/>\nTarragona<\/p>\n<\/span><\/div><\/div>\t\t\t\t<\/div>\n\t\t\t\t<\/div>\n\t\t\t\t<div class=\"elementor-element elementor-element-1898eca elementor-widget elementor-widget-jet-listing-dynamic-link\" data-id=\"1898eca\" data-element_type=\"widget\" data-e-type=\"widget\" data-widget_type=\"jet-listing-dynamic-link.default\">\n\t\t\t\t<div class=\"elementor-widget-container\">\n\t\t\t\t\t<span class=\"jet-listing jet-listing-dynamic-link\"><a href=\"tel:+34 977 606 030\" class=\"jet-listing-dynamic-link__link\"><i class=\"jet-listing-dynamic-link__icon fas fa-phone-alt\" aria-hidden=\"true\"><\/i><span class=\"jet-listing-dynamic-link__label\">+34 977 606 030<\/span><\/a><\/span>\t\t\t\t<\/div>\n\t\t\t\t<\/div>\n\t\t\t\t\t<\/div>\n\t\t<\/div>\n\t\t\t\t\t<\/div>\n\t\t<\/section>\n\t\t\t\t\t<\/div>\n\t\t<\/div>\n\t\t\t\t<div class=\"elementor-column elementor-col-50 elementor-top-column elementor-element elementor-element-bb24a8e\" data-id=\"bb24a8e\" data-element_type=\"column\" data-e-type=\"column\">\n\t\t\t<div class=\"elementor-widget-wrap elementor-element-populated\">\n\t\t\t\t\t\t<div class=\"elementor-element elementor-element-b78d0e4 elementor-widget elementor-widget-image\" data-id=\"b78d0e4\" data-element_type=\"widget\" data-e-type=\"widget\" data-widget_type=\"image.default\">\n\t\t\t\t<div class=\"elementor-widget-container\">\n\t\t\t\t\t\t\t\t\t\t\t\t\t\t\t\t<a href=\"https:\/\/www.expertservicecar.com\/pt-pt\/taller\/dicauto\/\">\n\t\t\t\t\t\t\t<img loading=\"lazy\" decoding=\"async\" width=\"300\" height=\"217\" src=\"https:\/\/www.expertservicecar.com\/wp-content\/uploads\/2021\/07\/dicauto-01-300x217.jpg\" class=\"attachment-medium size-medium wp-image-5160\" alt=\"Dicauto\" srcset=\"https:\/\/www.expertservicecar.com\/wp-content\/uploads\/2021\/07\/dicauto-01-300x217.jpg 300w, https:\/\/www.expertservicecar.com\/wp-content\/uploads\/2021\/07\/dicauto-01-768x555.jpg 768w, https:\/\/www.expertservicecar.com\/wp-content\/uploads\/2021\/07\/dicauto-01-600x434.jpg 600w, https:\/\/www.expertservicecar.com\/wp-content\/uploads\/2021\/07\/dicauto-01.jpg 960w\" sizes=\"(max-width: 300px) 100vw, 300px\" title=\"\">\t\t\t\t\t\t\t\t<\/a>\n\t\t\t\t\t\t\t\t\t\t\t\t\t\t\t<\/div>\n\t\t\t\t<\/div>\n\t\t\t\t\t<\/div>\n\t\t<\/div>\n\t\t\t\t\t<\/div>\n\t\t<\/section>\n\t\t\t\t<\/div>\n\t\t<\/div><div class=\"jet-listing-grid__item jet-listing-dynamic-post-5991 jet-equal-columns\" data-post-id=\"5991\" >\t\t<div data-elementor-type=\"jet-listing-items\" data-elementor-id=\"524\" class=\"elementor elementor-524\" data-elementor-post-type=\"jet-engine\">\n\t\t\t\t\t\t<section class=\"elementor-section elementor-top-section elementor-element elementor-element-ef0c760 elementor-section-content-middle elementor-section-boxed elementor-section-height-default elementor-section-height-default\" data-id=\"ef0c760\" data-element_type=\"section\" data-e-type=\"section\" data-settings=\"{&quot;background_background&quot;:&quot;classic&quot;}\">\n\t\t\t\t\t\t<div class=\"elementor-container elementor-column-gap-default\">\n\t\t\t\t\t<div class=\"elementor-column elementor-col-50 elementor-top-column elementor-element elementor-element-f3770a2\" data-id=\"f3770a2\" data-element_type=\"column\" data-e-type=\"column\">\n\t\t\t<div class=\"elementor-widget-wrap elementor-element-populated\">\n\t\t\t\t\t\t<div class=\"elementor-element elementor-element-6788ee3 elementor-widget__width-auto elementor-widget elementor-widget-theme-post-title elementor-page-title elementor-widget-heading\" data-id=\"6788ee3\" data-element_type=\"widget\" data-e-type=\"widget\" data-widget_type=\"theme-post-title.default\">\n\t\t\t\t<div class=\"elementor-widget-container\">\n\t\t\t\t\t<h5 class=\"elementor-heading-title elementor-size-default\"><a href=\"https:\/\/www.expertservicecar.com\/pt-pt\/taller\/divemotor\/\">Divemotor<\/a><\/h5>\t\t\t\t<\/div>\n\t\t\t\t<\/div>\n\t\t\t\t<section class=\"elementor-section elementor-inner-section elementor-element elementor-element-dcd0ceb elementor-section-boxed elementor-section-height-default elementor-section-height-default\" data-id=\"dcd0ceb\" data-element_type=\"section\" data-e-type=\"section\">\n\t\t\t\t\t\t<div class=\"elementor-container elementor-column-gap-default\">\n\t\t\t\t\t<div class=\"elementor-column elementor-col-100 elementor-inner-column elementor-element elementor-element-aed0068\" data-id=\"aed0068\" data-element_type=\"column\" data-e-type=\"column\">\n\t\t\t<div class=\"elementor-widget-wrap elementor-element-populated\">\n\t\t\t\t\t\t<div class=\"elementor-element elementor-element-601cf1d elementor-widget__width-auto elementor-widget-mobile__width-auto elementor-widget elementor-widget-jet-listing-dynamic-field\" data-id=\"601cf1d\" data-element_type=\"widget\" data-e-type=\"widget\" data-widget_type=\"jet-listing-dynamic-field.default\">\n\t\t\t\t<div class=\"elementor-widget-container\">\n\t\t\t\t\t<div class=\"jet-listing jet-listing-dynamic-field display-inline\"><div class=\"jet-listing-dynamic-field__inline-wrap\"><span class=\"jet-listing-dynamic-field__content\"><p>Ctra. Salamanca 106<br \/>\n37700 Bejar<br \/>\nSalamanca<\/p>\n<\/span><\/div><\/div>\t\t\t\t<\/div>\n\t\t\t\t<\/div>\n\t\t\t\t<div class=\"elementor-element elementor-element-1898eca elementor-widget elementor-widget-jet-listing-dynamic-link\" data-id=\"1898eca\" data-element_type=\"widget\" data-e-type=\"widget\" data-widget_type=\"jet-listing-dynamic-link.default\">\n\t\t\t\t<div class=\"elementor-widget-container\">\n\t\t\t\t\t<span class=\"jet-listing jet-listing-dynamic-link\"><a href=\"tel:923880038\" class=\"jet-listing-dynamic-link__link\"><i class=\"jet-listing-dynamic-link__icon fas fa-phone-alt\" aria-hidden=\"true\"><\/i><span class=\"jet-listing-dynamic-link__label\">923880038<\/span><\/a><\/span>\t\t\t\t<\/div>\n\t\t\t\t<\/div>\n\t\t\t\t\t<\/div>\n\t\t<\/div>\n\t\t\t\t\t<\/div>\n\t\t<\/section>\n\t\t\t\t\t<\/div>\n\t\t<\/div>\n\t\t\t\t<div class=\"elementor-column elementor-col-50 elementor-top-column elementor-element elementor-element-bb24a8e\" data-id=\"bb24a8e\" data-element_type=\"column\" data-e-type=\"column\">\n\t\t\t<div class=\"elementor-widget-wrap elementor-element-populated\">\n\t\t\t\t\t\t<div class=\"elementor-element elementor-element-b78d0e4 elementor-widget elementor-widget-image\" data-id=\"b78d0e4\" data-element_type=\"widget\" data-e-type=\"widget\" data-widget_type=\"image.default\">\n\t\t\t\t<div class=\"elementor-widget-container\">\n\t\t\t\t\t\t\t\t\t\t\t\t\t\t\t\t<a href=\"https:\/\/www.expertservicecar.com\/pt-pt\/taller\/divemotor\/\">\n\t\t\t\t\t\t\t<img loading=\"lazy\" decoding=\"async\" width=\"300\" height=\"217\" src=\"https:\/\/www.expertservicecar.com\/wp-content\/uploads\/2021\/12\/exterior_1938_divemotor_1638173108622_original-copia-300x217.jpg\" class=\"attachment-medium size-medium wp-image-5994\" alt=\"\" srcset=\"https:\/\/www.expertservicecar.com\/wp-content\/uploads\/2021\/12\/exterior_1938_divemotor_1638173108622_original-copia-300x217.jpg 300w, https:\/\/www.expertservicecar.com\/wp-content\/uploads\/2021\/12\/exterior_1938_divemotor_1638173108622_original-copia-1024x739.jpg 1024w, https:\/\/www.expertservicecar.com\/wp-content\/uploads\/2021\/12\/exterior_1938_divemotor_1638173108622_original-copia-768x554.jpg 768w, https:\/\/www.expertservicecar.com\/wp-content\/uploads\/2021\/12\/exterior_1938_divemotor_1638173108622_original-copia-1536x1109.jpg 1536w, https:\/\/www.expertservicecar.com\/wp-content\/uploads\/2021\/12\/exterior_1938_divemotor_1638173108622_original-copia-600x433.jpg 600w, https:\/\/www.expertservicecar.com\/wp-content\/uploads\/2021\/12\/exterior_1938_divemotor_1638173108622_original-copia.jpg 1600w\" sizes=\"(max-width: 300px) 100vw, 300px\" title=\"\">\t\t\t\t\t\t\t\t<\/a>\n\t\t\t\t\t\t\t\t\t\t\t\t\t\t\t<\/div>\n\t\t\t\t<\/div>\n\t\t\t\t\t<\/div>\n\t\t<\/div>\n\t\t\t\t\t<\/div>\n\t\t<\/section>\n\t\t\t\t<\/div>\n\t\t<\/div><div class=\"jet-listing-grid__item jet-listing-dynamic-post-3692 jet-equal-columns\" data-post-id=\"3692\" >\t\t<div data-elementor-type=\"jet-listing-items\" data-elementor-id=\"524\" class=\"elementor elementor-524\" data-elementor-post-type=\"jet-engine\">\n\t\t\t\t\t\t<section class=\"elementor-section elementor-top-section elementor-element elementor-element-ef0c760 elementor-section-content-middle elementor-section-boxed elementor-section-height-default elementor-section-height-default\" data-id=\"ef0c760\" data-element_type=\"section\" data-e-type=\"section\" data-settings=\"{&quot;background_background&quot;:&quot;classic&quot;}\">\n\t\t\t\t\t\t<div class=\"elementor-container elementor-column-gap-default\">\n\t\t\t\t\t<div class=\"elementor-column elementor-col-50 elementor-top-column elementor-element elementor-element-f3770a2\" data-id=\"f3770a2\" data-element_type=\"column\" data-e-type=\"column\">\n\t\t\t<div class=\"elementor-widget-wrap elementor-element-populated\">\n\t\t\t\t\t\t<div class=\"elementor-element elementor-element-6788ee3 elementor-widget__width-auto elementor-widget elementor-widget-theme-post-title elementor-page-title elementor-widget-heading\" data-id=\"6788ee3\" data-element_type=\"widget\" data-e-type=\"widget\" data-widget_type=\"theme-post-title.default\">\n\t\t\t\t<div class=\"elementor-widget-container\">\n\t\t\t\t\t<h5 class=\"elementor-heading-title elementor-size-default\"><a href=\"https:\/\/www.expertservicecar.com\/pt-pt\/taller\/electromecanica-oncineda\/\">Electromec\u00e1nica Oncineda<\/a><\/h5>\t\t\t\t<\/div>\n\t\t\t\t<\/div>\n\t\t\t\t<section class=\"elementor-section elementor-inner-section elementor-element elementor-element-dcd0ceb elementor-section-boxed elementor-section-height-default elementor-section-height-default\" data-id=\"dcd0ceb\" data-element_type=\"section\" data-e-type=\"section\">\n\t\t\t\t\t\t<div class=\"elementor-container elementor-column-gap-default\">\n\t\t\t\t\t<div class=\"elementor-column elementor-col-100 elementor-inner-column elementor-element elementor-element-aed0068\" data-id=\"aed0068\" data-element_type=\"column\" data-e-type=\"column\">\n\t\t\t<div class=\"elementor-widget-wrap elementor-element-populated\">\n\t\t\t\t\t\t<div class=\"elementor-element elementor-element-601cf1d elementor-widget__width-auto elementor-widget-mobile__width-auto elementor-widget elementor-widget-jet-listing-dynamic-field\" data-id=\"601cf1d\" data-element_type=\"widget\" data-e-type=\"widget\" data-widget_type=\"jet-listing-dynamic-field.default\">\n\t\t\t\t<div class=\"elementor-widget-container\">\n\t\t\t\t\t<div class=\"jet-listing jet-listing-dynamic-field display-inline\"><div class=\"jet-listing-dynamic-field__inline-wrap\"><span class=\"jet-listing-dynamic-field__content\"><p>Calle Carlos VII, 13<br \/>\n31200 Estella<br \/>\nNavarra<\/p>\n<\/span><\/div><\/div>\t\t\t\t<\/div>\n\t\t\t\t<\/div>\n\t\t\t\t<div class=\"elementor-element elementor-element-1898eca elementor-widget elementor-widget-jet-listing-dynamic-link\" data-id=\"1898eca\" data-element_type=\"widget\" data-e-type=\"widget\" data-widget_type=\"jet-listing-dynamic-link.default\">\n\t\t\t\t<div class=\"elementor-widget-container\">\n\t\t\t\t\t<span class=\"jet-listing jet-listing-dynamic-link\"><a href=\"tel:+34 948 554186\" class=\"jet-listing-dynamic-link__link\"><i class=\"jet-listing-dynamic-link__icon fas fa-phone-alt\" aria-hidden=\"true\"><\/i><span class=\"jet-listing-dynamic-link__label\">+34 948 554186<\/span><\/a><\/span>\t\t\t\t<\/div>\n\t\t\t\t<\/div>\n\t\t\t\t<div class=\"elementor-element elementor-element-0329474 elementor-hidden-phone elementor-widget elementor-widget-jet-listing-dynamic-link\" data-id=\"0329474\" data-element_type=\"widget\" data-e-type=\"widget\" data-widget_type=\"jet-listing-dynamic-link.default\">\n\t\t\t\t<div class=\"elementor-widget-container\">\n\t\t\t\t\t<span class=\"jet-listing jet-listing-dynamic-link\"><a href=\"tel:+34 662 377 401\" class=\"jet-listing-dynamic-link__link\"><i class=\"jet-listing-dynamic-link__icon oi oi-phone\" aria-hidden=\"true\"><\/i><span class=\"jet-listing-dynamic-link__label\">+34 662 377 401<\/span><\/a><\/span>\t\t\t\t<\/div>\n\t\t\t\t<\/div>\n\t\t\t\t\t<\/div>\n\t\t<\/div>\n\t\t\t\t\t<\/div>\n\t\t<\/section>\n\t\t\t\t\t<\/div>\n\t\t<\/div>\n\t\t\t\t<div class=\"elementor-column elementor-col-50 elementor-top-column elementor-element elementor-element-bb24a8e\" data-id=\"bb24a8e\" data-element_type=\"column\" data-e-type=\"column\">\n\t\t\t<div class=\"elementor-widget-wrap elementor-element-populated\">\n\t\t\t\t\t\t<div class=\"elementor-element elementor-element-b78d0e4 elementor-widget elementor-widget-image\" data-id=\"b78d0e4\" data-element_type=\"widget\" data-e-type=\"widget\" data-widget_type=\"image.default\">\n\t\t\t\t<div class=\"elementor-widget-container\">\n\t\t\t\t\t\t\t\t\t\t\t\t\t\t\t\t<a href=\"https:\/\/www.expertservicecar.com\/pt-pt\/taller\/electromecanica-oncineda\/\">\n\t\t\t\t\t\t\t<img loading=\"lazy\" decoding=\"async\" width=\"300\" height=\"231\" src=\"https:\/\/www.expertservicecar.com\/wp-content\/uploads\/2021\/06\/electromecanica-oncineda-300x231.jpg\" class=\"attachment-medium size-medium wp-image-3693\" alt=\"Electromec\u00e1nica Oncineda\" srcset=\"https:\/\/www.expertservicecar.com\/wp-content\/uploads\/2021\/06\/electromecanica-oncineda-300x231.jpg 300w, https:\/\/www.expertservicecar.com\/wp-content\/uploads\/2021\/06\/electromecanica-oncineda-768x591.jpg 768w, https:\/\/www.expertservicecar.com\/wp-content\/uploads\/2021\/06\/electromecanica-oncineda-600x462.jpg 600w, https:\/\/www.expertservicecar.com\/wp-content\/uploads\/2021\/06\/electromecanica-oncineda.jpg 900w\" sizes=\"(max-width: 300px) 100vw, 300px\" title=\"\">\t\t\t\t\t\t\t\t<\/a>\n\t\t\t\t\t\t\t\t\t\t\t\t\t\t\t<\/div>\n\t\t\t\t<\/div>\n\t\t\t\t\t<\/div>\n\t\t<\/div>\n\t\t\t\t\t<\/div>\n\t\t<\/section>\n\t\t\t\t<\/div>\n\t\t<\/div><div class=\"jet-listing-grid__item jet-listing-dynamic-post-7087 jet-equal-columns\" data-post-id=\"7087\" >\t\t<div data-elementor-type=\"jet-listing-items\" data-elementor-id=\"524\" class=\"elementor elementor-524\" data-elementor-post-type=\"jet-engine\">\n\t\t\t\t\t\t<section class=\"elementor-section elementor-top-section elementor-element elementor-element-ef0c760 elementor-section-content-middle elementor-section-boxed elementor-section-height-default elementor-section-height-default\" data-id=\"ef0c760\" data-element_type=\"section\" data-e-type=\"section\" data-settings=\"{&quot;background_background&quot;:&quot;classic&quot;}\">\n\t\t\t\t\t\t<div class=\"elementor-container elementor-column-gap-default\">\n\t\t\t\t\t<div class=\"elementor-column elementor-col-50 elementor-top-column elementor-element elementor-element-f3770a2\" data-id=\"f3770a2\" data-element_type=\"column\" data-e-type=\"column\">\n\t\t\t<div class=\"elementor-widget-wrap elementor-element-populated\">\n\t\t\t\t\t\t<div class=\"elementor-element elementor-element-6788ee3 elementor-widget__width-auto elementor-widget elementor-widget-theme-post-title elementor-page-title elementor-widget-heading\" data-id=\"6788ee3\" data-element_type=\"widget\" data-e-type=\"widget\" data-widget_type=\"theme-post-title.default\">\n\t\t\t\t<div class=\"elementor-widget-container\">\n\t\t\t\t\t<h5 class=\"elementor-heading-title elementor-size-default\"><a href=\"https:\/\/www.expertservicecar.com\/pt-pt\/taller\/epacars\/\">Epacars<\/a><\/h5>\t\t\t\t<\/div>\n\t\t\t\t<\/div>\n\t\t\t\t<section class=\"elementor-section elementor-inner-section elementor-element elementor-element-dcd0ceb elementor-section-boxed elementor-section-height-default elementor-section-height-default\" data-id=\"dcd0ceb\" data-element_type=\"section\" data-e-type=\"section\">\n\t\t\t\t\t\t<div class=\"elementor-container elementor-column-gap-default\">\n\t\t\t\t\t<div class=\"elementor-column elementor-col-100 elementor-inner-column elementor-element elementor-element-aed0068\" data-id=\"aed0068\" data-element_type=\"column\" data-e-type=\"column\">\n\t\t\t<div class=\"elementor-widget-wrap elementor-element-populated\">\n\t\t\t\t\t\t<div class=\"elementor-element elementor-element-601cf1d elementor-widget__width-auto elementor-widget-mobile__width-auto elementor-widget elementor-widget-jet-listing-dynamic-field\" data-id=\"601cf1d\" data-element_type=\"widget\" data-e-type=\"widget\" data-widget_type=\"jet-listing-dynamic-field.default\">\n\t\t\t\t<div class=\"elementor-widget-container\">\n\t\t\t\t\t<div class=\"jet-listing jet-listing-dynamic-field display-inline\"><div class=\"jet-listing-dynamic-field__inline-wrap\"><span class=\"jet-listing-dynamic-field__content\"><p>Carrer de Quart, 60,<br \/>\n46113 Montcada, Valencia<\/p>\n<\/span><\/div><\/div>\t\t\t\t<\/div>\n\t\t\t\t<\/div>\n\t\t\t\t<div class=\"elementor-element elementor-element-1898eca elementor-widget elementor-widget-jet-listing-dynamic-link\" data-id=\"1898eca\" data-element_type=\"widget\" data-e-type=\"widget\" data-widget_type=\"jet-listing-dynamic-link.default\">\n\t\t\t\t<div class=\"elementor-widget-container\">\n\t\t\t\t\t<span class=\"jet-listing jet-listing-dynamic-link\"><a href=\"tel:960 62 31 03\" class=\"jet-listing-dynamic-link__link\"><i class=\"jet-listing-dynamic-link__icon fas fa-phone-alt\" aria-hidden=\"true\"><\/i><span class=\"jet-listing-dynamic-link__label\">960 62 31 03<\/span><\/a><\/span>\t\t\t\t<\/div>\n\t\t\t\t<\/div>\n\t\t\t\t\t<\/div>\n\t\t<\/div>\n\t\t\t\t\t<\/div>\n\t\t<\/section>\n\t\t\t\t\t<\/div>\n\t\t<\/div>\n\t\t\t\t<div class=\"elementor-column elementor-col-50 elementor-top-column elementor-element elementor-element-bb24a8e\" data-id=\"bb24a8e\" data-element_type=\"column\" data-e-type=\"column\">\n\t\t\t<div class=\"elementor-widget-wrap elementor-element-populated\">\n\t\t\t\t\t\t<div class=\"elementor-element elementor-element-b78d0e4 elementor-widget elementor-widget-image\" data-id=\"b78d0e4\" data-element_type=\"widget\" data-e-type=\"widget\" data-widget_type=\"image.default\">\n\t\t\t\t<div class=\"elementor-widget-container\">\n\t\t\t\t\t\t\t\t\t\t\t\t\t\t\t\t<a href=\"https:\/\/www.expertservicecar.com\/pt-pt\/taller\/epacars\/\">\n\t\t\t\t\t\t\t<img loading=\"lazy\" decoding=\"async\" width=\"300\" height=\"203\" src=\"https:\/\/www.expertservicecar.com\/wp-content\/uploads\/2023\/09\/epacars-300x203.jpg\" class=\"attachment-medium size-medium wp-image-7088\" alt=\"\" srcset=\"https:\/\/www.expertservicecar.com\/wp-content\/uploads\/2023\/09\/epacars-300x203.jpg 300w, https:\/\/www.expertservicecar.com\/wp-content\/uploads\/2023\/09\/epacars-1024x692.jpg 1024w, https:\/\/www.expertservicecar.com\/wp-content\/uploads\/2023\/09\/epacars-768x519.jpg 768w, https:\/\/www.expertservicecar.com\/wp-content\/uploads\/2023\/09\/epacars-600x405.jpg 600w, https:\/\/www.expertservicecar.com\/wp-content\/uploads\/2023\/09\/epacars.jpg 1292w\" sizes=\"(max-width: 300px) 100vw, 300px\" title=\"\">\t\t\t\t\t\t\t\t<\/a>\n\t\t\t\t\t\t\t\t\t\t\t\t\t\t\t<\/div>\n\t\t\t\t<\/div>\n\t\t\t\t\t<\/div>\n\t\t<\/div>\n\t\t\t\t\t<\/div>\n\t\t<\/section>\n\t\t\t\t<\/div>\n\t\t<\/div><div class=\"jet-listing-grid__item jet-listing-dynamic-post-6943 jet-equal-columns\" data-post-id=\"6943\" >\t\t<div data-elementor-type=\"jet-listing-items\" data-elementor-id=\"524\" class=\"elementor elementor-524\" data-elementor-post-type=\"jet-engine\">\n\t\t\t\t\t\t<section class=\"elementor-section elementor-top-section elementor-element elementor-element-ef0c760 elementor-section-content-middle elementor-section-boxed elementor-section-height-default elementor-section-height-default\" data-id=\"ef0c760\" data-element_type=\"section\" data-e-type=\"section\" data-settings=\"{&quot;background_background&quot;:&quot;classic&quot;}\">\n\t\t\t\t\t\t<div class=\"elementor-container elementor-column-gap-default\">\n\t\t\t\t\t<div class=\"elementor-column elementor-col-50 elementor-top-column elementor-element elementor-element-f3770a2\" data-id=\"f3770a2\" data-element_type=\"column\" data-e-type=\"column\">\n\t\t\t<div class=\"elementor-widget-wrap elementor-element-populated\">\n\t\t\t\t\t\t<div class=\"elementor-element elementor-element-6788ee3 elementor-widget__width-auto elementor-widget elementor-widget-theme-post-title elementor-page-title elementor-widget-heading\" data-id=\"6788ee3\" data-element_type=\"widget\" data-e-type=\"widget\" data-widget_type=\"theme-post-title.default\">\n\t\t\t\t<div class=\"elementor-widget-container\">\n\t\t\t\t\t<h5 class=\"elementor-heading-title elementor-size-default\"><a href=\"https:\/\/www.expertservicecar.com\/pt-pt\/taller\/estil-auto-3\/\">Estil Auto<\/a><\/h5>\t\t\t\t<\/div>\n\t\t\t\t<\/div>\n\t\t\t\t<section class=\"elementor-section elementor-inner-section elementor-element elementor-element-dcd0ceb elementor-section-boxed elementor-section-height-default elementor-section-height-default\" data-id=\"dcd0ceb\" data-element_type=\"section\" data-e-type=\"section\">\n\t\t\t\t\t\t<div class=\"elementor-container elementor-column-gap-default\">\n\t\t\t\t\t<div class=\"elementor-column elementor-col-100 elementor-inner-column elementor-element elementor-element-aed0068\" data-id=\"aed0068\" data-element_type=\"column\" data-e-type=\"column\">\n\t\t\t<div class=\"elementor-widget-wrap elementor-element-populated\">\n\t\t\t\t\t\t<div class=\"elementor-element elementor-element-601cf1d elementor-widget__width-auto elementor-widget-mobile__width-auto elementor-widget elementor-widget-jet-listing-dynamic-field\" data-id=\"601cf1d\" data-element_type=\"widget\" data-e-type=\"widget\" data-widget_type=\"jet-listing-dynamic-field.default\">\n\t\t\t\t<div class=\"elementor-widget-container\">\n\t\t\t\t\t<div class=\"jet-listing jet-listing-dynamic-field display-inline\"><div class=\"jet-listing-dynamic-field__inline-wrap\"><span class=\"jet-listing-dynamic-field__content\"><p>Carrer Osca, Nave 5,<br \/>\n12530 Burriana (Castell\u00f3n)<\/p>\n<\/span><\/div><\/div>\t\t\t\t<\/div>\n\t\t\t\t<\/div>\n\t\t\t\t<div class=\"elementor-element elementor-element-1898eca elementor-widget elementor-widget-jet-listing-dynamic-link\" data-id=\"1898eca\" data-element_type=\"widget\" data-e-type=\"widget\" data-widget_type=\"jet-listing-dynamic-link.default\">\n\t\t\t\t<div class=\"elementor-widget-container\">\n\t\t\t\t\t<span class=\"jet-listing jet-listing-dynamic-link\"><a href=\"tel:964570478\" class=\"jet-listing-dynamic-link__link\"><i class=\"jet-listing-dynamic-link__icon fas fa-phone-alt\" aria-hidden=\"true\"><\/i><span class=\"jet-listing-dynamic-link__label\">964570478<\/span><\/a><\/span>\t\t\t\t<\/div>\n\t\t\t\t<\/div>\n\t\t\t\t\t<\/div>\n\t\t<\/div>\n\t\t\t\t\t<\/div>\n\t\t<\/section>\n\t\t\t\t\t<\/div>\n\t\t<\/div>\n\t\t\t\t<div class=\"elementor-column elementor-col-50 elementor-top-column elementor-element elementor-element-bb24a8e\" data-id=\"bb24a8e\" data-element_type=\"column\" data-e-type=\"column\">\n\t\t\t<div class=\"elementor-widget-wrap elementor-element-populated\">\n\t\t\t\t\t\t<div class=\"elementor-element elementor-element-b78d0e4 elementor-widget elementor-widget-image\" data-id=\"b78d0e4\" data-element_type=\"widget\" data-e-type=\"widget\" data-widget_type=\"image.default\">\n\t\t\t\t<div class=\"elementor-widget-container\">\n\t\t\t\t\t\t\t\t\t\t\t\t\t\t\t\t<a href=\"https:\/\/www.expertservicecar.com\/pt-pt\/taller\/estil-auto-3\/\">\n\t\t\t\t\t\t\t<img loading=\"lazy\" decoding=\"async\" width=\"264\" height=\"300\" src=\"https:\/\/www.expertservicecar.com\/wp-content\/uploads\/2023\/06\/estil-auto-264x300.jpg\" class=\"attachment-medium size-medium wp-image-6944\" alt=\"\" srcset=\"https:\/\/www.expertservicecar.com\/wp-content\/uploads\/2023\/06\/estil-auto-264x300.jpg 264w, https:\/\/www.expertservicecar.com\/wp-content\/uploads\/2023\/06\/estil-auto-902x1024.jpg 902w, https:\/\/www.expertservicecar.com\/wp-content\/uploads\/2023\/06\/estil-auto-768x872.jpg 768w, https:\/\/www.expertservicecar.com\/wp-content\/uploads\/2023\/06\/estil-auto-600x681.jpg 600w, https:\/\/www.expertservicecar.com\/wp-content\/uploads\/2023\/06\/estil-auto.jpg 916w\" sizes=\"(max-width: 264px) 100vw, 264px\" title=\"\">\t\t\t\t\t\t\t\t<\/a>\n\t\t\t\t\t\t\t\t\t\t\t\t\t\t\t<\/div>\n\t\t\t\t<\/div>\n\t\t\t\t\t<\/div>\n\t\t<\/div>\n\t\t\t\t\t<\/div>\n\t\t<\/section>\n\t\t\t\t<\/div>\n\t\t<\/div><div class=\"jet-listing-grid__item jet-listing-dynamic-post-7772 jet-equal-columns\" data-post-id=\"7772\" >\t\t<div data-elementor-type=\"jet-listing-items\" data-elementor-id=\"524\" class=\"elementor elementor-524\" data-elementor-post-type=\"jet-engine\">\n\t\t\t\t\t\t<section class=\"elementor-section elementor-top-section elementor-element elementor-element-ef0c760 elementor-section-content-middle elementor-section-boxed elementor-section-height-default elementor-section-height-default\" data-id=\"ef0c760\" data-element_type=\"section\" data-e-type=\"section\" data-settings=\"{&quot;background_background&quot;:&quot;classic&quot;}\">\n\t\t\t\t\t\t<div class=\"elementor-container elementor-column-gap-default\">\n\t\t\t\t\t<div class=\"elementor-column elementor-col-50 elementor-top-column elementor-element elementor-element-f3770a2\" data-id=\"f3770a2\" data-element_type=\"column\" data-e-type=\"column\">\n\t\t\t<div class=\"elementor-widget-wrap elementor-element-populated\">\n\t\t\t\t\t\t<div class=\"elementor-element elementor-element-6788ee3 elementor-widget__width-auto elementor-widget elementor-widget-theme-post-title elementor-page-title elementor-widget-heading\" data-id=\"6788ee3\" data-element_type=\"widget\" data-e-type=\"widget\" data-widget_type=\"theme-post-title.default\">\n\t\t\t\t<div class=\"elementor-widget-container\">\n\t\t\t\t\t<h5 class=\"elementor-heading-title elementor-size-default\"><a href=\"https:\/\/www.expertservicecar.com\/pt-pt\/taller\/ferali-automocion\/\">Ferali Automoci\u00f3n<\/a><\/h5>\t\t\t\t<\/div>\n\t\t\t\t<\/div>\n\t\t\t\t<section class=\"elementor-section elementor-inner-section elementor-element elementor-element-dcd0ceb elementor-section-boxed elementor-section-height-default elementor-section-height-default\" data-id=\"dcd0ceb\" data-element_type=\"section\" data-e-type=\"section\">\n\t\t\t\t\t\t<div class=\"elementor-container elementor-column-gap-default\">\n\t\t\t\t\t<div class=\"elementor-column elementor-col-100 elementor-inner-column elementor-element elementor-element-aed0068\" data-id=\"aed0068\" data-element_type=\"column\" data-e-type=\"column\">\n\t\t\t<div class=\"elementor-widget-wrap elementor-element-populated\">\n\t\t\t\t\t\t<div class=\"elementor-element elementor-element-601cf1d elementor-widget__width-auto elementor-widget-mobile__width-auto elementor-widget elementor-widget-jet-listing-dynamic-field\" data-id=\"601cf1d\" data-element_type=\"widget\" data-e-type=\"widget\" data-widget_type=\"jet-listing-dynamic-field.default\">\n\t\t\t\t<div class=\"elementor-widget-container\">\n\t\t\t\t\t<div class=\"jet-listing jet-listing-dynamic-field display-inline\"><div class=\"jet-listing-dynamic-field__inline-wrap\"><span class=\"jet-listing-dynamic-field__content\"><p>CARRETERA PUESTA EN RIESGO, KM 3.8<br \/>\nLA BARQUERA (VILLARRUBIA) 14710, C\u00f3rdoba<\/p>\n<\/span><\/div><\/div>\t\t\t\t<\/div>\n\t\t\t\t<\/div>\n\t\t\t\t<div class=\"elementor-element elementor-element-1898eca elementor-widget elementor-widget-jet-listing-dynamic-link\" data-id=\"1898eca\" data-element_type=\"widget\" data-e-type=\"widget\" data-widget_type=\"jet-listing-dynamic-link.default\">\n\t\t\t\t<div class=\"elementor-widget-container\">\n\t\t\t\t\t<span class=\"jet-listing jet-listing-dynamic-link\"><a href=\"tel:\" class=\"jet-listing-dynamic-link__link\"><i class=\"jet-listing-dynamic-link__icon fas fa-phone-alt\" aria-hidden=\"true\"><\/i><\/a><\/span>\t\t\t\t<\/div>\n\t\t\t\t<\/div>\n\t\t\t\t<div class=\"elementor-element elementor-element-0329474 elementor-hidden-phone elementor-widget elementor-widget-jet-listing-dynamic-link\" data-id=\"0329474\" data-element_type=\"widget\" data-e-type=\"widget\" data-widget_type=\"jet-listing-dynamic-link.default\">\n\t\t\t\t<div class=\"elementor-widget-container\">\n\t\t\t\t\t<span class=\"jet-listing jet-listing-dynamic-link\"><a href=\"tel:654828940\" class=\"jet-listing-dynamic-link__link\"><i class=\"jet-listing-dynamic-link__icon oi oi-phone\" aria-hidden=\"true\"><\/i><span class=\"jet-listing-dynamic-link__label\">654828940<\/span><\/a><\/span>\t\t\t\t<\/div>\n\t\t\t\t<\/div>\n\t\t\t\t\t<\/div>\n\t\t<\/div>\n\t\t\t\t\t<\/div>\n\t\t<\/section>\n\t\t\t\t\t<\/div>\n\t\t<\/div>\n\t\t\t\t<div class=\"elementor-column elementor-col-50 elementor-top-column elementor-element elementor-element-bb24a8e\" data-id=\"bb24a8e\" data-element_type=\"column\" data-e-type=\"column\">\n\t\t\t<div class=\"elementor-widget-wrap elementor-element-populated\">\n\t\t\t\t\t\t<div class=\"elementor-element elementor-element-b78d0e4 elementor-widget elementor-widget-image\" data-id=\"b78d0e4\" data-element_type=\"widget\" data-e-type=\"widget\" data-widget_type=\"image.default\">\n\t\t\t\t<div class=\"elementor-widget-container\">\n\t\t\t\t\t\t\t\t\t\t\t\t\t\t\t\t<a href=\"https:\/\/www.expertservicecar.com\/pt-pt\/taller\/ferali-automocion\/\">\n\t\t\t\t\t\t\t<img loading=\"lazy\" decoding=\"async\" width=\"283\" height=\"300\" src=\"https:\/\/www.expertservicecar.com\/wp-content\/uploads\/2025\/03\/Captura-de-pantalla-2025-03-03-163104-283x300.jpg\" class=\"attachment-medium size-medium wp-image-7773\" alt=\"\" srcset=\"https:\/\/www.expertservicecar.com\/wp-content\/uploads\/2025\/03\/Captura-de-pantalla-2025-03-03-163104-283x300.jpg 283w, https:\/\/www.expertservicecar.com\/wp-content\/uploads\/2025\/03\/Captura-de-pantalla-2025-03-03-163104-768x814.jpg 768w, https:\/\/www.expertservicecar.com\/wp-content\/uploads\/2025\/03\/Captura-de-pantalla-2025-03-03-163104-600x636.jpg 600w, https:\/\/www.expertservicecar.com\/wp-content\/uploads\/2025\/03\/Captura-de-pantalla-2025-03-03-163104.jpg 964w\" sizes=\"(max-width: 283px) 100vw, 283px\" title=\"\">\t\t\t\t\t\t\t\t<\/a>\n\t\t\t\t\t\t\t\t\t\t\t\t\t\t\t<\/div>\n\t\t\t\t<\/div>\n\t\t\t\t\t<\/div>\n\t\t<\/div>\n\t\t\t\t\t<\/div>\n\t\t<\/section>\n\t\t\t\t<\/div>\n\t\t<\/div><div class=\"jet-listing-grid__item jet-listing-dynamic-post-5433 jet-equal-columns\" data-post-id=\"5433\" >\t\t<div data-elementor-type=\"jet-listing-items\" data-elementor-id=\"524\" class=\"elementor elementor-524\" data-elementor-post-type=\"jet-engine\">\n\t\t\t\t\t\t<section class=\"elementor-section elementor-top-section elementor-element elementor-element-ef0c760 elementor-section-content-middle elementor-section-boxed elementor-section-height-default elementor-section-height-default\" data-id=\"ef0c760\" data-element_type=\"section\" data-e-type=\"section\" data-settings=\"{&quot;background_background&quot;:&quot;classic&quot;}\">\n\t\t\t\t\t\t<div class=\"elementor-container elementor-column-gap-default\">\n\t\t\t\t\t<div class=\"elementor-column elementor-col-50 elementor-top-column elementor-element elementor-element-f3770a2\" data-id=\"f3770a2\" data-element_type=\"column\" data-e-type=\"column\">\n\t\t\t<div class=\"elementor-widget-wrap elementor-element-populated\">\n\t\t\t\t\t\t<div class=\"elementor-element elementor-element-6788ee3 elementor-widget__width-auto elementor-widget elementor-widget-theme-post-title elementor-page-title elementor-widget-heading\" data-id=\"6788ee3\" data-element_type=\"widget\" data-e-type=\"widget\" data-widget_type=\"theme-post-title.default\">\n\t\t\t\t<div class=\"elementor-widget-container\">\n\t\t\t\t\t<h5 class=\"elementor-heading-title elementor-size-default\"><a href=\"https:\/\/www.expertservicecar.com\/pt-pt\/taller\/fergomez-automocion\/\">Ferg\u00f3mez Automoci\u00f3n<\/a><\/h5>\t\t\t\t<\/div>\n\t\t\t\t<\/div>\n\t\t\t\t<section class=\"elementor-section elementor-inner-section elementor-element elementor-element-dcd0ceb elementor-section-boxed elementor-section-height-default elementor-section-height-default\" data-id=\"dcd0ceb\" data-element_type=\"section\" data-e-type=\"section\">\n\t\t\t\t\t\t<div class=\"elementor-container elementor-column-gap-default\">\n\t\t\t\t\t<div class=\"elementor-column elementor-col-100 elementor-inner-column elementor-element elementor-element-aed0068\" data-id=\"aed0068\" data-element_type=\"column\" data-e-type=\"column\">\n\t\t\t<div class=\"elementor-widget-wrap elementor-element-populated\">\n\t\t\t\t\t\t<div class=\"elementor-element elementor-element-601cf1d elementor-widget__width-auto elementor-widget-mobile__width-auto elementor-widget elementor-widget-jet-listing-dynamic-field\" data-id=\"601cf1d\" data-element_type=\"widget\" data-e-type=\"widget\" data-widget_type=\"jet-listing-dynamic-field.default\">\n\t\t\t\t<div class=\"elementor-widget-container\">\n\t\t\t\t\t<div class=\"jet-listing jet-listing-dynamic-field display-inline\"><div class=\"jet-listing-dynamic-field__inline-wrap\"><span class=\"jet-listing-dynamic-field__content\"><p>Calle Oca\u00f1a, 5-7<br \/>\n45500 Torrijos<br \/>\nToledo<\/p>\n<\/span><\/div><\/div>\t\t\t\t<\/div>\n\t\t\t\t<\/div>\n\t\t\t\t<div class=\"elementor-element elementor-element-1898eca elementor-widget elementor-widget-jet-listing-dynamic-link\" data-id=\"1898eca\" data-element_type=\"widget\" data-e-type=\"widget\" data-widget_type=\"jet-listing-dynamic-link.default\">\n\t\t\t\t<div class=\"elementor-widget-container\">\n\t\t\t\t\t<span class=\"jet-listing jet-listing-dynamic-link\"><a href=\"tel:925771370\" class=\"jet-listing-dynamic-link__link\"><i class=\"jet-listing-dynamic-link__icon fas fa-phone-alt\" aria-hidden=\"true\"><\/i><span class=\"jet-listing-dynamic-link__label\">925771370<\/span><\/a><\/span>\t\t\t\t<\/div>\n\t\t\t\t<\/div>\n\t\t\t\t\t<\/div>\n\t\t<\/div>\n\t\t\t\t\t<\/div>\n\t\t<\/section>\n\t\t\t\t\t<\/div>\n\t\t<\/div>\n\t\t\t\t<div class=\"elementor-column elementor-col-50 elementor-top-column elementor-element elementor-element-bb24a8e\" data-id=\"bb24a8e\" data-element_type=\"column\" data-e-type=\"column\">\n\t\t\t<div class=\"elementor-widget-wrap elementor-element-populated\">\n\t\t\t\t\t\t<div class=\"elementor-element elementor-element-b78d0e4 elementor-widget elementor-widget-image\" data-id=\"b78d0e4\" data-element_type=\"widget\" data-e-type=\"widget\" data-widget_type=\"image.default\">\n\t\t\t\t<div class=\"elementor-widget-container\">\n\t\t\t\t\t\t\t\t\t\t\t\t\t\t\t\t<a href=\"https:\/\/www.expertservicecar.com\/pt-pt\/taller\/fergomez-automocion\/\">\n\t\t\t\t\t\t\t<img loading=\"lazy\" decoding=\"async\" width=\"300\" height=\"231\" src=\"https:\/\/www.expertservicecar.com\/wp-content\/uploads\/2021\/08\/exterior_1875_fergomez_automocion_20210729_162026_original-300x231.jpg\" class=\"attachment-medium size-medium wp-image-5541\" alt=\"\" srcset=\"https:\/\/www.expertservicecar.com\/wp-content\/uploads\/2021\/08\/exterior_1875_fergomez_automocion_20210729_162026_original-300x231.jpg 300w, https:\/\/www.expertservicecar.com\/wp-content\/uploads\/2021\/08\/exterior_1875_fergomez_automocion_20210729_162026_original-1024x789.jpg 1024w, https:\/\/www.expertservicecar.com\/wp-content\/uploads\/2021\/08\/exterior_1875_fergomez_automocion_20210729_162026_original-768x591.jpg 768w, https:\/\/www.expertservicecar.com\/wp-content\/uploads\/2021\/08\/exterior_1875_fergomez_automocion_20210729_162026_original-1536x1183.jpg 1536w, https:\/\/www.expertservicecar.com\/wp-content\/uploads\/2021\/08\/exterior_1875_fergomez_automocion_20210729_162026_original-2048x1577.jpg 2048w, https:\/\/www.expertservicecar.com\/wp-content\/uploads\/2021\/08\/exterior_1875_fergomez_automocion_20210729_162026_original-600x462.jpg 600w\" sizes=\"(max-width: 300px) 100vw, 300px\" title=\"\">\t\t\t\t\t\t\t\t<\/a>\n\t\t\t\t\t\t\t\t\t\t\t\t\t\t\t<\/div>\n\t\t\t\t<\/div>\n\t\t\t\t\t<\/div>\n\t\t<\/div>\n\t\t\t\t\t<\/div>\n\t\t<\/section>\n\t\t\t\t<\/div>\n\t\t<\/div><div class=\"jet-listing-grid__item jet-listing-dynamic-post-6253 jet-equal-columns\" data-post-id=\"6253\" >\t\t<div data-elementor-type=\"jet-listing-items\" data-elementor-id=\"524\" class=\"elementor elementor-524\" data-elementor-post-type=\"jet-engine\">\n\t\t\t\t\t\t<section class=\"elementor-section elementor-top-section elementor-element elementor-element-ef0c760 elementor-section-content-middle elementor-section-boxed elementor-section-height-default elementor-section-height-default\" data-id=\"ef0c760\" data-element_type=\"section\" data-e-type=\"section\" data-settings=\"{&quot;background_background&quot;:&quot;classic&quot;}\">\n\t\t\t\t\t\t<div class=\"elementor-container elementor-column-gap-default\">\n\t\t\t\t\t<div class=\"elementor-column elementor-col-50 elementor-top-column elementor-element elementor-element-f3770a2\" data-id=\"f3770a2\" data-element_type=\"column\" data-e-type=\"column\">\n\t\t\t<div class=\"elementor-widget-wrap elementor-element-populated\">\n\t\t\t\t\t\t<div class=\"elementor-element elementor-element-6788ee3 elementor-widget__width-auto elementor-widget elementor-widget-theme-post-title elementor-page-title elementor-widget-heading\" data-id=\"6788ee3\" data-element_type=\"widget\" data-e-type=\"widget\" data-widget_type=\"theme-post-title.default\">\n\t\t\t\t<div class=\"elementor-widget-container\">\n\t\t\t\t\t<h5 class=\"elementor-heading-title elementor-size-default\"><a href=\"https:\/\/www.expertservicecar.com\/pt-pt\/taller\/fernandez-center\/\">FERNANDEZ CENTER<\/a><\/h5>\t\t\t\t<\/div>\n\t\t\t\t<\/div>\n\t\t\t\t<section class=\"elementor-section elementor-inner-section elementor-element elementor-element-dcd0ceb elementor-section-boxed elementor-section-height-default elementor-section-height-default\" data-id=\"dcd0ceb\" data-element_type=\"section\" data-e-type=\"section\">\n\t\t\t\t\t\t<div class=\"elementor-container elementor-column-gap-default\">\n\t\t\t\t\t<div class=\"elementor-column elementor-col-100 elementor-inner-column elementor-element elementor-element-aed0068\" data-id=\"aed0068\" data-element_type=\"column\" data-e-type=\"column\">\n\t\t\t<div class=\"elementor-widget-wrap elementor-element-populated\">\n\t\t\t\t\t\t<div class=\"elementor-element elementor-element-601cf1d elementor-widget__width-auto elementor-widget-mobile__width-auto elementor-widget elementor-widget-jet-listing-dynamic-field\" data-id=\"601cf1d\" data-element_type=\"widget\" data-e-type=\"widget\" data-widget_type=\"jet-listing-dynamic-field.default\">\n\t\t\t\t<div class=\"elementor-widget-container\">\n\t\t\t\t\t<div class=\"jet-listing jet-listing-dynamic-field display-inline\"><div class=\"jet-listing-dynamic-field__inline-wrap\"><span class=\"jet-listing-dynamic-field__content\"><p>C. Pino Siberia, 21,<br \/>\n41016 Sevilla<\/p>\n<\/span><\/div><\/div>\t\t\t\t<\/div>\n\t\t\t\t<\/div>\n\t\t\t\t<div class=\"elementor-element elementor-element-1898eca elementor-widget elementor-widget-jet-listing-dynamic-link\" data-id=\"1898eca\" data-element_type=\"widget\" data-e-type=\"widget\" data-widget_type=\"jet-listing-dynamic-link.default\">\n\t\t\t\t<div class=\"elementor-widget-container\">\n\t\t\t\t\t<span class=\"jet-listing jet-listing-dynamic-link\"><a href=\"tel:\" class=\"jet-listing-dynamic-link__link\"><i class=\"jet-listing-dynamic-link__icon fas fa-phone-alt\" aria-hidden=\"true\"><\/i><\/a><\/span>\t\t\t\t<\/div>\n\t\t\t\t<\/div>\n\t\t\t\t<div class=\"elementor-element elementor-element-0329474 elementor-hidden-phone elementor-widget elementor-widget-jet-listing-dynamic-link\" data-id=\"0329474\" data-element_type=\"widget\" data-e-type=\"widget\" data-widget_type=\"jet-listing-dynamic-link.default\">\n\t\t\t\t<div class=\"elementor-widget-container\">\n\t\t\t\t\t<span class=\"jet-listing jet-listing-dynamic-link\"><a href=\"tel:659935456\" class=\"jet-listing-dynamic-link__link\"><i class=\"jet-listing-dynamic-link__icon oi oi-phone\" aria-hidden=\"true\"><\/i><span class=\"jet-listing-dynamic-link__label\">659935456<\/span><\/a><\/span>\t\t\t\t<\/div>\n\t\t\t\t<\/div>\n\t\t\t\t\t<\/div>\n\t\t<\/div>\n\t\t\t\t\t<\/div>\n\t\t<\/section>\n\t\t\t\t\t<\/div>\n\t\t<\/div>\n\t\t\t\t<div class=\"elementor-column elementor-col-50 elementor-top-column elementor-element elementor-element-bb24a8e\" data-id=\"bb24a8e\" data-element_type=\"column\" data-e-type=\"column\">\n\t\t\t<div class=\"elementor-widget-wrap elementor-element-populated\">\n\t\t\t\t\t\t<div class=\"elementor-element elementor-element-b78d0e4 elementor-widget elementor-widget-image\" data-id=\"b78d0e4\" data-element_type=\"widget\" data-e-type=\"widget\" data-widget_type=\"image.default\">\n\t\t\t\t<div class=\"elementor-widget-container\">\n\t\t\t\t\t\t\t\t\t\t\t\t\t\t\t\t<a href=\"https:\/\/www.expertservicecar.com\/pt-pt\/taller\/fernandez-center\/\">\n\t\t\t\t\t\t\t<img loading=\"lazy\" decoding=\"async\" width=\"300\" height=\"222\" src=\"https:\/\/www.expertservicecar.com\/wp-content\/uploads\/2022\/06\/fernandezcenter-1-300x222.jpg\" class=\"attachment-medium size-medium wp-image-6256\" alt=\"FERNANDEZ CENTER\" srcset=\"https:\/\/www.expertservicecar.com\/wp-content\/uploads\/2022\/06\/fernandezcenter-1-300x222.jpg 300w, https:\/\/www.expertservicecar.com\/wp-content\/uploads\/2022\/06\/fernandezcenter-1-1024x758.jpg 1024w, https:\/\/www.expertservicecar.com\/wp-content\/uploads\/2022\/06\/fernandezcenter-1-768x569.jpg 768w, https:\/\/www.expertservicecar.com\/wp-content\/uploads\/2022\/06\/fernandezcenter-1-600x444.jpg 600w, https:\/\/www.expertservicecar.com\/wp-content\/uploads\/2022\/06\/fernandezcenter-1.jpg 1184w\" sizes=\"(max-width: 300px) 100vw, 300px\" title=\"\">\t\t\t\t\t\t\t\t<\/a>\n\t\t\t\t\t\t\t\t\t\t\t\t\t\t\t<\/div>\n\t\t\t\t<\/div>\n\t\t\t\t\t<\/div>\n\t\t<\/div>\n\t\t\t\t\t<\/div>\n\t\t<\/section>\n\t\t\t\t<\/div>\n\t\t<\/div><div class=\"jet-listing-grid__item jet-listing-dynamic-post-6021 jet-equal-columns\" data-post-id=\"6021\" >\t\t<div data-elementor-type=\"jet-listing-items\" data-elementor-id=\"524\" class=\"elementor elementor-524\" data-elementor-post-type=\"jet-engine\">\n\t\t\t\t\t\t<section class=\"elementor-section elementor-top-section elementor-element elementor-element-ef0c760 elementor-section-content-middle elementor-section-boxed elementor-section-height-default elementor-section-height-default\" data-id=\"ef0c760\" data-element_type=\"section\" data-e-type=\"section\" data-settings=\"{&quot;background_background&quot;:&quot;classic&quot;}\">\n\t\t\t\t\t\t<div class=\"elementor-container elementor-column-gap-default\">\n\t\t\t\t\t<div class=\"elementor-column elementor-col-50 elementor-top-column elementor-element elementor-element-f3770a2\" data-id=\"f3770a2\" data-element_type=\"column\" data-e-type=\"column\">\n\t\t\t<div class=\"elementor-widget-wrap elementor-element-populated\">\n\t\t\t\t\t\t<div class=\"elementor-element elementor-element-6788ee3 elementor-widget__width-auto elementor-widget elementor-widget-theme-post-title elementor-page-title elementor-widget-heading\" data-id=\"6788ee3\" data-element_type=\"widget\" data-e-type=\"widget\" data-widget_type=\"theme-post-title.default\">\n\t\t\t\t<div class=\"elementor-widget-container\">\n\t\t\t\t\t<h5 class=\"elementor-heading-title elementor-size-default\"><a href=\"https:\/\/www.expertservicecar.com\/pt-pt\/taller\/garatge-esgleyes\/\">Garatge Esgleyes<\/a><\/h5>\t\t\t\t<\/div>\n\t\t\t\t<\/div>\n\t\t\t\t<section class=\"elementor-section elementor-inner-section elementor-element elementor-element-dcd0ceb elementor-section-boxed elementor-section-height-default elementor-section-height-default\" data-id=\"dcd0ceb\" data-element_type=\"section\" data-e-type=\"section\">\n\t\t\t\t\t\t<div class=\"elementor-container elementor-column-gap-default\">\n\t\t\t\t\t<div class=\"elementor-column elementor-col-100 elementor-inner-column elementor-element elementor-element-aed0068\" data-id=\"aed0068\" data-element_type=\"column\" data-e-type=\"column\">\n\t\t\t<div class=\"elementor-widget-wrap elementor-element-populated\">\n\t\t\t\t\t\t<div class=\"elementor-element elementor-element-601cf1d elementor-widget__width-auto elementor-widget-mobile__width-auto elementor-widget elementor-widget-jet-listing-dynamic-field\" data-id=\"601cf1d\" data-element_type=\"widget\" data-e-type=\"widget\" data-widget_type=\"jet-listing-dynamic-field.default\">\n\t\t\t\t<div class=\"elementor-widget-container\">\n\t\t\t\t\t<div class=\"jet-listing jet-listing-dynamic-field display-inline\"><div class=\"jet-listing-dynamic-field__inline-wrap\"><span class=\"jet-listing-dynamic-field__content\"><p>Carretera Nacional II Km 705<br \/>\n17457 Riudellots de la Selva<br \/>\nGirona<\/p>\n<\/span><\/div><\/div>\t\t\t\t<\/div>\n\t\t\t\t<\/div>\n\t\t\t\t<div class=\"elementor-element elementor-element-1898eca elementor-widget elementor-widget-jet-listing-dynamic-link\" data-id=\"1898eca\" data-element_type=\"widget\" data-e-type=\"widget\" data-widget_type=\"jet-listing-dynamic-link.default\">\n\t\t\t\t<div class=\"elementor-widget-container\">\n\t\t\t\t\t<span class=\"jet-listing jet-listing-dynamic-link\"><a href=\"tel:972477208\" class=\"jet-listing-dynamic-link__link\"><i class=\"jet-listing-dynamic-link__icon fas fa-phone-alt\" aria-hidden=\"true\"><\/i><span class=\"jet-listing-dynamic-link__label\">972477208<\/span><\/a><\/span>\t\t\t\t<\/div>\n\t\t\t\t<\/div>\n\t\t\t\t<div class=\"elementor-element elementor-element-0329474 elementor-hidden-phone elementor-widget elementor-widget-jet-listing-dynamic-link\" data-id=\"0329474\" data-element_type=\"widget\" data-e-type=\"widget\" data-widget_type=\"jet-listing-dynamic-link.default\">\n\t\t\t\t<div class=\"elementor-widget-container\">\n\t\t\t\t\t<span class=\"jet-listing jet-listing-dynamic-link\"><a href=\"tel:628724141\" class=\"jet-listing-dynamic-link__link\"><i class=\"jet-listing-dynamic-link__icon oi oi-phone\" aria-hidden=\"true\"><\/i><span class=\"jet-listing-dynamic-link__label\">628724141<\/span><\/a><\/span>\t\t\t\t<\/div>\n\t\t\t\t<\/div>\n\t\t\t\t\t<\/div>\n\t\t<\/div>\n\t\t\t\t\t<\/div>\n\t\t<\/section>\n\t\t\t\t\t<\/div>\n\t\t<\/div>\n\t\t\t\t<div class=\"elementor-column elementor-col-50 elementor-top-column elementor-element elementor-element-bb24a8e\" data-id=\"bb24a8e\" data-element_type=\"column\" data-e-type=\"column\">\n\t\t\t<div class=\"elementor-widget-wrap elementor-element-populated\">\n\t\t\t\t\t\t<div class=\"elementor-element elementor-element-b78d0e4 elementor-widget elementor-widget-image\" data-id=\"b78d0e4\" data-element_type=\"widget\" data-e-type=\"widget\" data-widget_type=\"image.default\">\n\t\t\t\t<div class=\"elementor-widget-container\">\n\t\t\t\t\t\t\t\t\t\t\t\t\t\t\t\t<a href=\"https:\/\/www.expertservicecar.com\/pt-pt\/taller\/garatge-esgleyes\/\">\n\t\t\t\t\t\t\t<img loading=\"lazy\" decoding=\"async\" width=\"300\" height=\"194\" src=\"https:\/\/www.expertservicecar.com\/wp-content\/uploads\/2021\/12\/Imagen-de-WhatsApp-2023-06-06-a-las-11.36.30-300x194.jpg\" class=\"attachment-medium size-medium wp-image-7809\" alt=\"\" srcset=\"https:\/\/www.expertservicecar.com\/wp-content\/uploads\/2021\/12\/Imagen-de-WhatsApp-2023-06-06-a-las-11.36.30-300x194.jpg 300w, https:\/\/www.expertservicecar.com\/wp-content\/uploads\/2021\/12\/Imagen-de-WhatsApp-2023-06-06-a-las-11.36.30-1024x661.jpg 1024w, https:\/\/www.expertservicecar.com\/wp-content\/uploads\/2021\/12\/Imagen-de-WhatsApp-2023-06-06-a-las-11.36.30-768x496.jpg 768w, https:\/\/www.expertservicecar.com\/wp-content\/uploads\/2021\/12\/Imagen-de-WhatsApp-2023-06-06-a-las-11.36.30-600x387.jpg 600w, https:\/\/www.expertservicecar.com\/wp-content\/uploads\/2021\/12\/Imagen-de-WhatsApp-2023-06-06-a-las-11.36.30.jpg 1536w\" sizes=\"(max-width: 300px) 100vw, 300px\" title=\"\">\t\t\t\t\t\t\t\t<\/a>\n\t\t\t\t\t\t\t\t\t\t\t\t\t\t\t<\/div>\n\t\t\t\t<\/div>\n\t\t\t\t\t<\/div>\n\t\t<\/div>\n\t\t\t\t\t<\/div>\n\t\t<\/section>\n\t\t\t\t<\/div>\n\t\t<\/div><div class=\"jet-listing-grid__item jet-listing-dynamic-post-1142 jet-equal-columns\" data-post-id=\"1142\" >\t\t<div data-elementor-type=\"jet-listing-items\" data-elementor-id=\"524\" class=\"elementor elementor-524\" data-elementor-post-type=\"jet-engine\">\n\t\t\t\t\t\t<section class=\"elementor-section elementor-top-section elementor-element elementor-element-ef0c760 elementor-section-content-middle elementor-section-boxed elementor-section-height-default elementor-section-height-default\" data-id=\"ef0c760\" data-element_type=\"section\" data-e-type=\"section\" data-settings=\"{&quot;background_background&quot;:&quot;classic&quot;}\">\n\t\t\t\t\t\t<div class=\"elementor-container elementor-column-gap-default\">\n\t\t\t\t\t<div class=\"elementor-column elementor-col-50 elementor-top-column elementor-element elementor-element-f3770a2\" data-id=\"f3770a2\" data-element_type=\"column\" data-e-type=\"column\">\n\t\t\t<div class=\"elementor-widget-wrap elementor-element-populated\">\n\t\t\t\t\t\t<div class=\"elementor-element elementor-element-6788ee3 elementor-widget__width-auto elementor-widget elementor-widget-theme-post-title elementor-page-title elementor-widget-heading\" data-id=\"6788ee3\" data-element_type=\"widget\" data-e-type=\"widget\" data-widget_type=\"theme-post-title.default\">\n\t\t\t\t<div class=\"elementor-widget-container\">\n\t\t\t\t\t<h5 class=\"elementor-heading-title elementor-size-default\"><a href=\"https:\/\/www.expertservicecar.com\/pt-pt\/taller\/garatge-fumado\/\">Garatge Fumad\u00f3<\/a><\/h5>\t\t\t\t<\/div>\n\t\t\t\t<\/div>\n\t\t\t\t<section class=\"elementor-section elementor-inner-section elementor-element elementor-element-dcd0ceb elementor-section-boxed elementor-section-height-default elementor-section-height-default\" data-id=\"dcd0ceb\" data-element_type=\"section\" data-e-type=\"section\">\n\t\t\t\t\t\t<div class=\"elementor-container elementor-column-gap-default\">\n\t\t\t\t\t<div class=\"elementor-column elementor-col-100 elementor-inner-column elementor-element elementor-element-aed0068\" data-id=\"aed0068\" data-element_type=\"column\" data-e-type=\"column\">\n\t\t\t<div class=\"elementor-widget-wrap elementor-element-populated\">\n\t\t\t\t\t\t<div class=\"elementor-element elementor-element-601cf1d elementor-widget__width-auto elementor-widget-mobile__width-auto elementor-widget elementor-widget-jet-listing-dynamic-field\" data-id=\"601cf1d\" data-element_type=\"widget\" data-e-type=\"widget\" data-widget_type=\"jet-listing-dynamic-field.default\">\n\t\t\t\t<div class=\"elementor-widget-container\">\n\t\t\t\t\t<div class=\"jet-listing jet-listing-dynamic-field display-inline\"><div class=\"jet-listing-dynamic-field__inline-wrap\"><span class=\"jet-listing-dynamic-field__content\"><p>Carrer Closa d'en Llop, 34, BJ<br \/>\n17130 L'Escala<br \/>\nGirona<\/p>\n<\/span><\/div><\/div>\t\t\t\t<\/div>\n\t\t\t\t<\/div>\n\t\t\t\t<div class=\"elementor-element elementor-element-1898eca elementor-widget elementor-widget-jet-listing-dynamic-link\" data-id=\"1898eca\" data-element_type=\"widget\" data-e-type=\"widget\" data-widget_type=\"jet-listing-dynamic-link.default\">\n\t\t\t\t<div class=\"elementor-widget-container\">\n\t\t\t\t\t<span class=\"jet-listing jet-listing-dynamic-link\"><a href=\"tel:+34 972 772 301\" class=\"jet-listing-dynamic-link__link\"><i class=\"jet-listing-dynamic-link__icon fas fa-phone-alt\" aria-hidden=\"true\"><\/i><span class=\"jet-listing-dynamic-link__label\">+34 972 772 301<\/span><\/a><\/span>\t\t\t\t<\/div>\n\t\t\t\t<\/div>\n\t\t\t\t<div class=\"elementor-element elementor-element-0329474 elementor-hidden-phone elementor-widget elementor-widget-jet-listing-dynamic-link\" data-id=\"0329474\" data-element_type=\"widget\" data-e-type=\"widget\" data-widget_type=\"jet-listing-dynamic-link.default\">\n\t\t\t\t<div class=\"elementor-widget-container\">\n\t\t\t\t\t<span class=\"jet-listing jet-listing-dynamic-link\"><a href=\"tel:+34 639 583 927\" class=\"jet-listing-dynamic-link__link\"><i class=\"jet-listing-dynamic-link__icon oi oi-phone\" aria-hidden=\"true\"><\/i><span class=\"jet-listing-dynamic-link__label\">+34 639 583 927<\/span><\/a><\/span>\t\t\t\t<\/div>\n\t\t\t\t<\/div>\n\t\t\t\t\t<\/div>\n\t\t<\/div>\n\t\t\t\t\t<\/div>\n\t\t<\/section>\n\t\t\t\t\t<\/div>\n\t\t<\/div>\n\t\t\t\t<div class=\"elementor-column elementor-col-50 elementor-top-column elementor-element elementor-element-bb24a8e\" data-id=\"bb24a8e\" data-element_type=\"column\" data-e-type=\"column\">\n\t\t\t<div class=\"elementor-widget-wrap elementor-element-populated\">\n\t\t\t\t\t\t<div class=\"elementor-element elementor-element-b78d0e4 elementor-widget elementor-widget-image\" data-id=\"b78d0e4\" data-element_type=\"widget\" data-e-type=\"widget\" data-widget_type=\"image.default\">\n\t\t\t\t<div class=\"elementor-widget-container\">\n\t\t\t\t\t\t\t\t\t\t\t\t\t\t\t\t<a href=\"https:\/\/www.expertservicecar.com\/pt-pt\/taller\/garatge-fumado\/\">\n\t\t\t\t\t\t\t<img loading=\"lazy\" decoding=\"async\" width=\"300\" height=\"231\" src=\"https:\/\/www.expertservicecar.com\/wp-content\/uploads\/2021\/04\/garatge-fumado-01-300x231.jpg\" class=\"attachment-medium size-medium wp-image-2410\" alt=\"\" srcset=\"https:\/\/www.expertservicecar.com\/wp-content\/uploads\/2021\/04\/garatge-fumado-01-300x231.jpg 300w, https:\/\/www.expertservicecar.com\/wp-content\/uploads\/2021\/04\/garatge-fumado-01-768x591.jpg 768w, https:\/\/www.expertservicecar.com\/wp-content\/uploads\/2021\/04\/garatge-fumado-01-600x462.jpg 600w, https:\/\/www.expertservicecar.com\/wp-content\/uploads\/2021\/04\/garatge-fumado-01.jpg 900w\" sizes=\"(max-width: 300px) 100vw, 300px\" title=\"\">\t\t\t\t\t\t\t\t<\/a>\n\t\t\t\t\t\t\t\t\t\t\t\t\t\t\t<\/div>\n\t\t\t\t<\/div>\n\t\t\t\t\t<\/div>\n\t\t<\/div>\n\t\t\t\t\t<\/div>\n\t\t<\/section>\n\t\t\t\t<\/div>\n\t\t<\/div><div class=\"jet-listing-grid__item jet-listing-dynamic-post-6634 jet-equal-columns\" data-post-id=\"6634\" >\t\t<div data-elementor-type=\"jet-listing-items\" data-elementor-id=\"524\" class=\"elementor elementor-524\" data-elementor-post-type=\"jet-engine\">\n\t\t\t\t\t\t<section class=\"elementor-section elementor-top-section elementor-element elementor-element-ef0c760 elementor-section-content-middle elementor-section-boxed elementor-section-height-default elementor-section-height-default\" data-id=\"ef0c760\" data-element_type=\"section\" data-e-type=\"section\" data-settings=\"{&quot;background_background&quot;:&quot;classic&quot;}\">\n\t\t\t\t\t\t<div class=\"elementor-container elementor-column-gap-default\">\n\t\t\t\t\t<div class=\"elementor-column elementor-col-50 elementor-top-column elementor-element elementor-element-f3770a2\" data-id=\"f3770a2\" data-element_type=\"column\" data-e-type=\"column\">\n\t\t\t<div class=\"elementor-widget-wrap elementor-element-populated\">\n\t\t\t\t\t\t<div class=\"elementor-element elementor-element-6788ee3 elementor-widget__width-auto elementor-widget elementor-widget-theme-post-title elementor-page-title elementor-widget-heading\" data-id=\"6788ee3\" data-element_type=\"widget\" data-e-type=\"widget\" data-widget_type=\"theme-post-title.default\">\n\t\t\t\t<div class=\"elementor-widget-container\">\n\t\t\t\t\t<h5 class=\"elementor-heading-title elementor-size-default\"><a href=\"https:\/\/www.expertservicecar.com\/pt-pt\/taller\/garatge-garriga\/\">GARATGE GARRIGA<\/a><\/h5>\t\t\t\t<\/div>\n\t\t\t\t<\/div>\n\t\t\t\t<section class=\"elementor-section elementor-inner-section elementor-element elementor-element-dcd0ceb elementor-section-boxed elementor-section-height-default elementor-section-height-default\" data-id=\"dcd0ceb\" data-element_type=\"section\" data-e-type=\"section\">\n\t\t\t\t\t\t<div class=\"elementor-container elementor-column-gap-default\">\n\t\t\t\t\t<div class=\"elementor-column elementor-col-100 elementor-inner-column elementor-element elementor-element-aed0068\" data-id=\"aed0068\" data-element_type=\"column\" data-e-type=\"column\">\n\t\t\t<div class=\"elementor-widget-wrap elementor-element-populated\">\n\t\t\t\t\t\t<div class=\"elementor-element elementor-element-601cf1d elementor-widget__width-auto elementor-widget-mobile__width-auto elementor-widget elementor-widget-jet-listing-dynamic-field\" data-id=\"601cf1d\" data-element_type=\"widget\" data-e-type=\"widget\" data-widget_type=\"jet-listing-dynamic-field.default\">\n\t\t\t\t<div class=\"elementor-widget-container\">\n\t\t\t\t\t<div class=\"jet-listing jet-listing-dynamic-field display-inline\"><div class=\"jet-listing-dynamic-field__inline-wrap\"><span class=\"jet-listing-dynamic-field__content\"><p>Avinguda d'Europa, 1,<br \/>\n17490 Llan\u00e7\u00e0, Girona<\/p>\n<\/span><\/div><\/div>\t\t\t\t<\/div>\n\t\t\t\t<\/div>\n\t\t\t\t<div class=\"elementor-element elementor-element-1898eca elementor-widget elementor-widget-jet-listing-dynamic-link\" data-id=\"1898eca\" data-element_type=\"widget\" data-e-type=\"widget\" data-widget_type=\"jet-listing-dynamic-link.default\">\n\t\t\t\t<div class=\"elementor-widget-container\">\n\t\t\t\t\t<span class=\"jet-listing jet-listing-dynamic-link\"><a href=\"tel:972380148\" class=\"jet-listing-dynamic-link__link\"><i class=\"jet-listing-dynamic-link__icon fas fa-phone-alt\" aria-hidden=\"true\"><\/i><span class=\"jet-listing-dynamic-link__label\">972380148<\/span><\/a><\/span>\t\t\t\t<\/div>\n\t\t\t\t<\/div>\n\t\t\t\t<div class=\"elementor-element elementor-element-0329474 elementor-hidden-phone elementor-widget elementor-widget-jet-listing-dynamic-link\" data-id=\"0329474\" data-element_type=\"widget\" data-e-type=\"widget\" data-widget_type=\"jet-listing-dynamic-link.default\">\n\t\t\t\t<div class=\"elementor-widget-container\">\n\t\t\t\t\t<span class=\"jet-listing jet-listing-dynamic-link\"><a href=\"tel:629360336\" class=\"jet-listing-dynamic-link__link\"><i class=\"jet-listing-dynamic-link__icon oi oi-phone\" aria-hidden=\"true\"><\/i><span class=\"jet-listing-dynamic-link__label\">629360336<\/span><\/a><\/span>\t\t\t\t<\/div>\n\t\t\t\t<\/div>\n\t\t\t\t\t<\/div>\n\t\t<\/div>\n\t\t\t\t\t<\/div>\n\t\t<\/section>\n\t\t\t\t\t<\/div>\n\t\t<\/div>\n\t\t\t\t<div class=\"elementor-column elementor-col-50 elementor-top-column elementor-element elementor-element-bb24a8e\" data-id=\"bb24a8e\" data-element_type=\"column\" data-e-type=\"column\">\n\t\t\t<div class=\"elementor-widget-wrap elementor-element-populated\">\n\t\t\t\t\t\t<div class=\"elementor-element elementor-element-b78d0e4 elementor-widget elementor-widget-image\" data-id=\"b78d0e4\" data-element_type=\"widget\" data-e-type=\"widget\" data-widget_type=\"image.default\">\n\t\t\t\t<div class=\"elementor-widget-container\">\n\t\t\t\t\t\t\t\t\t\t\t\t\t\t\t\t<a href=\"https:\/\/www.expertservicecar.com\/pt-pt\/taller\/garatge-garriga\/\">\n\t\t\t\t\t\t\t<img loading=\"lazy\" decoding=\"async\" width=\"239\" height=\"300\" src=\"https:\/\/www.expertservicecar.com\/wp-content\/uploads\/2023\/02\/Captura-de-pantalla-2023-02-21-160515-239x300.jpg\" class=\"attachment-medium size-medium wp-image-6635\" alt=\"\" srcset=\"https:\/\/www.expertservicecar.com\/wp-content\/uploads\/2023\/02\/Captura-de-pantalla-2023-02-21-160515-239x300.jpg 239w, https:\/\/www.expertservicecar.com\/wp-content\/uploads\/2023\/02\/Captura-de-pantalla-2023-02-21-160515.jpg 599w\" sizes=\"(max-width: 239px) 100vw, 239px\" title=\"\">\t\t\t\t\t\t\t\t<\/a>\n\t\t\t\t\t\t\t\t\t\t\t\t\t\t\t<\/div>\n\t\t\t\t<\/div>\n\t\t\t\t\t<\/div>\n\t\t<\/div>\n\t\t\t\t\t<\/div>\n\t\t<\/section>\n\t\t\t\t<\/div>\n\t\t<\/div><div class=\"jet-listing-grid__item jet-listing-dynamic-post-6957 jet-equal-columns\" data-post-id=\"6957\" >\t\t<div data-elementor-type=\"jet-listing-items\" data-elementor-id=\"524\" class=\"elementor elementor-524\" data-elementor-post-type=\"jet-engine\">\n\t\t\t\t\t\t<section class=\"elementor-section elementor-top-section elementor-element elementor-element-ef0c760 elementor-section-content-middle elementor-section-boxed elementor-section-height-default elementor-section-height-default\" data-id=\"ef0c760\" data-element_type=\"section\" data-e-type=\"section\" data-settings=\"{&quot;background_background&quot;:&quot;classic&quot;}\">\n\t\t\t\t\t\t<div class=\"elementor-container elementor-column-gap-default\">\n\t\t\t\t\t<div class=\"elementor-column elementor-col-50 elementor-top-column elementor-element elementor-element-f3770a2\" data-id=\"f3770a2\" data-element_type=\"column\" data-e-type=\"column\">\n\t\t\t<div class=\"elementor-widget-wrap elementor-element-populated\">\n\t\t\t\t\t\t<div class=\"elementor-element elementor-element-6788ee3 elementor-widget__width-auto elementor-widget elementor-widget-theme-post-title elementor-page-title elementor-widget-heading\" data-id=\"6788ee3\" data-element_type=\"widget\" data-e-type=\"widget\" data-widget_type=\"theme-post-title.default\">\n\t\t\t\t<div class=\"elementor-widget-container\">\n\t\t\t\t\t<h5 class=\"elementor-heading-title elementor-size-default\"><a href=\"https:\/\/www.expertservicecar.com\/pt-pt\/taller\/garatge-javier\/\">Garatge Javier<\/a><\/h5>\t\t\t\t<\/div>\n\t\t\t\t<\/div>\n\t\t\t\t<section class=\"elementor-section elementor-inner-section elementor-element elementor-element-dcd0ceb elementor-section-boxed elementor-section-height-default elementor-section-height-default\" data-id=\"dcd0ceb\" data-element_type=\"section\" data-e-type=\"section\">\n\t\t\t\t\t\t<div class=\"elementor-container elementor-column-gap-default\">\n\t\t\t\t\t<div class=\"elementor-column elementor-col-100 elementor-inner-column elementor-element elementor-element-aed0068\" data-id=\"aed0068\" data-element_type=\"column\" data-e-type=\"column\">\n\t\t\t<div class=\"elementor-widget-wrap elementor-element-populated\">\n\t\t\t\t\t\t<div class=\"elementor-element elementor-element-601cf1d elementor-widget__width-auto elementor-widget-mobile__width-auto elementor-widget elementor-widget-jet-listing-dynamic-field\" data-id=\"601cf1d\" data-element_type=\"widget\" data-e-type=\"widget\" data-widget_type=\"jet-listing-dynamic-field.default\">\n\t\t\t\t<div class=\"elementor-widget-container\">\n\t\t\t\t\t<div class=\"jet-listing jet-listing-dynamic-field display-inline\"><div class=\"jet-listing-dynamic-field__inline-wrap\"><span class=\"jet-listing-dynamic-field__content\"><p>Avinguda Nules, 81, 12530 Burriana, Castell\u00f3n<\/p>\n<\/span><\/div><\/div>\t\t\t\t<\/div>\n\t\t\t\t<\/div>\n\t\t\t\t<div class=\"elementor-element elementor-element-1898eca elementor-widget elementor-widget-jet-listing-dynamic-link\" data-id=\"1898eca\" data-element_type=\"widget\" data-e-type=\"widget\" data-widget_type=\"jet-listing-dynamic-link.default\">\n\t\t\t\t<div class=\"elementor-widget-container\">\n\t\t\t\t\t<span class=\"jet-listing jet-listing-dynamic-link\"><a href=\"tel:964591549\" class=\"jet-listing-dynamic-link__link\"><i class=\"jet-listing-dynamic-link__icon fas fa-phone-alt\" aria-hidden=\"true\"><\/i><span class=\"jet-listing-dynamic-link__label\">964591549<\/span><\/a><\/span>\t\t\t\t<\/div>\n\t\t\t\t<\/div>\n\t\t\t\t\t<\/div>\n\t\t<\/div>\n\t\t\t\t\t<\/div>\n\t\t<\/section>\n\t\t\t\t\t<\/div>\n\t\t<\/div>\n\t\t\t\t<div class=\"elementor-column elementor-col-50 elementor-top-column elementor-element elementor-element-bb24a8e\" data-id=\"bb24a8e\" data-element_type=\"column\" data-e-type=\"column\">\n\t\t\t<div class=\"elementor-widget-wrap elementor-element-populated\">\n\t\t\t\t\t\t<div class=\"elementor-element elementor-element-b78d0e4 elementor-widget elementor-widget-image\" data-id=\"b78d0e4\" data-element_type=\"widget\" data-e-type=\"widget\" data-widget_type=\"image.default\">\n\t\t\t\t<div class=\"elementor-widget-container\">\n\t\t\t\t\t\t\t\t\t\t\t\t\t\t\t\t<a href=\"https:\/\/www.expertservicecar.com\/pt-pt\/taller\/garatge-javier\/\">\n\t\t\t\t\t\t\t<img loading=\"lazy\" decoding=\"async\" width=\"300\" height=\"135\" src=\"https:\/\/www.expertservicecar.com\/wp-content\/uploads\/2023\/07\/GARATGE-JAVIER-2-300x135.jpeg\" class=\"attachment-medium size-medium wp-image-6958\" alt=\"\" srcset=\"https:\/\/www.expertservicecar.com\/wp-content\/uploads\/2023\/07\/GARATGE-JAVIER-2-300x135.jpeg 300w, https:\/\/www.expertservicecar.com\/wp-content\/uploads\/2023\/07\/GARATGE-JAVIER-2-1024x461.jpeg 1024w, https:\/\/www.expertservicecar.com\/wp-content\/uploads\/2023\/07\/GARATGE-JAVIER-2-768x346.jpeg 768w, https:\/\/www.expertservicecar.com\/wp-content\/uploads\/2023\/07\/GARATGE-JAVIER-2-1536x691.jpeg 1536w, https:\/\/www.expertservicecar.com\/wp-content\/uploads\/2023\/07\/GARATGE-JAVIER-2-600x270.jpeg 600w, https:\/\/www.expertservicecar.com\/wp-content\/uploads\/2023\/07\/GARATGE-JAVIER-2.jpeg 1600w\" sizes=\"(max-width: 300px) 100vw, 300px\" title=\"\">\t\t\t\t\t\t\t\t<\/a>\n\t\t\t\t\t\t\t\t\t\t\t\t\t\t\t<\/div>\n\t\t\t\t<\/div>\n\t\t\t\t\t<\/div>\n\t\t<\/div>\n\t\t\t\t\t<\/div>\n\t\t<\/section>\n\t\t\t\t<\/div>\n\t\t<\/div><div class=\"jet-listing-grid__item jet-listing-dynamic-post-6459 jet-equal-columns\" data-post-id=\"6459\" >\t\t<div data-elementor-type=\"jet-listing-items\" data-elementor-id=\"524\" class=\"elementor elementor-524\" data-elementor-post-type=\"jet-engine\">\n\t\t\t\t\t\t<section class=\"elementor-section elementor-top-section elementor-element elementor-element-ef0c760 elementor-section-content-middle elementor-section-boxed elementor-section-height-default elementor-section-height-default\" data-id=\"ef0c760\" data-element_type=\"section\" data-e-type=\"section\" data-settings=\"{&quot;background_background&quot;:&quot;classic&quot;}\">\n\t\t\t\t\t\t<div class=\"elementor-container elementor-column-gap-default\">\n\t\t\t\t\t<div class=\"elementor-column elementor-col-50 elementor-top-column elementor-element elementor-element-f3770a2\" data-id=\"f3770a2\" data-element_type=\"column\" data-e-type=\"column\">\n\t\t\t<div class=\"elementor-widget-wrap elementor-element-populated\">\n\t\t\t\t\t\t<div class=\"elementor-element elementor-element-6788ee3 elementor-widget__width-auto elementor-widget elementor-widget-theme-post-title elementor-page-title elementor-widget-heading\" data-id=\"6788ee3\" data-element_type=\"widget\" data-e-type=\"widget\" data-widget_type=\"theme-post-title.default\">\n\t\t\t\t<div class=\"elementor-widget-container\">\n\t\t\t\t\t<h5 class=\"elementor-heading-title elementor-size-default\"><a href=\"https:\/\/www.expertservicecar.com\/pt-pt\/taller\/garatge-jordi\/\">Garatge Jordi<\/a><\/h5>\t\t\t\t<\/div>\n\t\t\t\t<\/div>\n\t\t\t\t<section class=\"elementor-section elementor-inner-section elementor-element elementor-element-dcd0ceb elementor-section-boxed elementor-section-height-default elementor-section-height-default\" data-id=\"dcd0ceb\" data-element_type=\"section\" data-e-type=\"section\">\n\t\t\t\t\t\t<div class=\"elementor-container elementor-column-gap-default\">\n\t\t\t\t\t<div class=\"elementor-column elementor-col-100 elementor-inner-column elementor-element elementor-element-aed0068\" data-id=\"aed0068\" data-element_type=\"column\" data-e-type=\"column\">\n\t\t\t<div class=\"elementor-widget-wrap elementor-element-populated\">\n\t\t\t\t\t\t<div class=\"elementor-element elementor-element-601cf1d elementor-widget__width-auto elementor-widget-mobile__width-auto elementor-widget elementor-widget-jet-listing-dynamic-field\" data-id=\"601cf1d\" data-element_type=\"widget\" data-e-type=\"widget\" data-widget_type=\"jet-listing-dynamic-field.default\">\n\t\t\t\t<div class=\"elementor-widget-container\">\n\t\t\t\t\t<div class=\"jet-listing jet-listing-dynamic-field display-inline\"><div class=\"jet-listing-dynamic-field__inline-wrap\"><span class=\"jet-listing-dynamic-field__content\"><p>Carretera de Sant Joan, 14,<br \/>\n17867 Camprodon, Girona<\/p>\n<\/span><\/div><\/div>\t\t\t\t<\/div>\n\t\t\t\t<\/div>\n\t\t\t\t<div class=\"elementor-element elementor-element-1898eca elementor-widget elementor-widget-jet-listing-dynamic-link\" data-id=\"1898eca\" data-element_type=\"widget\" data-e-type=\"widget\" data-widget_type=\"jet-listing-dynamic-link.default\">\n\t\t\t\t<div class=\"elementor-widget-container\">\n\t\t\t\t\t<span class=\"jet-listing jet-listing-dynamic-link\"><a href=\"tel:972 74 10 49\" class=\"jet-listing-dynamic-link__link\"><i class=\"jet-listing-dynamic-link__icon fas fa-phone-alt\" aria-hidden=\"true\"><\/i><span class=\"jet-listing-dynamic-link__label\">972 74 10 49<\/span><\/a><\/span>\t\t\t\t<\/div>\n\t\t\t\t<\/div>\n\t\t\t\t<div class=\"elementor-element elementor-element-0329474 elementor-hidden-phone elementor-widget elementor-widget-jet-listing-dynamic-link\" data-id=\"0329474\" data-element_type=\"widget\" data-e-type=\"widget\" data-widget_type=\"jet-listing-dynamic-link.default\">\n\t\t\t\t<div class=\"elementor-widget-container\">\n\t\t\t\t\t<span class=\"jet-listing jet-listing-dynamic-link\"><a href=\"tel:609309646\" class=\"jet-listing-dynamic-link__link\"><i class=\"jet-listing-dynamic-link__icon oi oi-phone\" aria-hidden=\"true\"><\/i><span class=\"jet-listing-dynamic-link__label\">609309646<\/span><\/a><\/span>\t\t\t\t<\/div>\n\t\t\t\t<\/div>\n\t\t\t\t\t<\/div>\n\t\t<\/div>\n\t\t\t\t\t<\/div>\n\t\t<\/section>\n\t\t\t\t\t<\/div>\n\t\t<\/div>\n\t\t\t\t<div class=\"elementor-column elementor-col-50 elementor-top-column elementor-element elementor-element-bb24a8e\" data-id=\"bb24a8e\" data-element_type=\"column\" data-e-type=\"column\">\n\t\t\t<div class=\"elementor-widget-wrap elementor-element-populated\">\n\t\t\t\t\t\t<div class=\"elementor-element elementor-element-b78d0e4 elementor-widget elementor-widget-image\" data-id=\"b78d0e4\" data-element_type=\"widget\" data-e-type=\"widget\" data-widget_type=\"image.default\">\n\t\t\t\t<div class=\"elementor-widget-container\">\n\t\t\t\t\t\t\t\t\t\t\t\t\t\t\t\t<a href=\"https:\/\/www.expertservicecar.com\/pt-pt\/taller\/garatge-jordi\/\">\n\t\t\t\t\t\t\t<img loading=\"lazy\" decoding=\"async\" width=\"300\" height=\"225\" src=\"https:\/\/www.expertservicecar.com\/wp-content\/uploads\/2022\/09\/GARATGE_JORDI-300x225.jpg\" class=\"attachment-medium size-medium wp-image-6460\" alt=\"\" srcset=\"https:\/\/www.expertservicecar.com\/wp-content\/uploads\/2022\/09\/GARATGE_JORDI-300x225.jpg 300w, https:\/\/www.expertservicecar.com\/wp-content\/uploads\/2022\/09\/GARATGE_JORDI-1024x769.jpg 1024w, https:\/\/www.expertservicecar.com\/wp-content\/uploads\/2022\/09\/GARATGE_JORDI-768x576.jpg 768w, https:\/\/www.expertservicecar.com\/wp-content\/uploads\/2022\/09\/GARATGE_JORDI-600x450.jpg 600w, https:\/\/www.expertservicecar.com\/wp-content\/uploads\/2022\/09\/GARATGE_JORDI.jpg 1199w\" sizes=\"(max-width: 300px) 100vw, 300px\" title=\"\">\t\t\t\t\t\t\t\t<\/a>\n\t\t\t\t\t\t\t\t\t\t\t\t\t\t\t<\/div>\n\t\t\t\t<\/div>\n\t\t\t\t\t<\/div>\n\t\t<\/div>\n\t\t\t\t\t<\/div>\n\t\t<\/section>\n\t\t\t\t<\/div>\n\t\t<\/div><div class=\"jet-listing-grid__item jet-listing-dynamic-post-3245 jet-equal-columns\" data-post-id=\"3245\" >\t\t<div data-elementor-type=\"jet-listing-items\" data-elementor-id=\"524\" class=\"elementor elementor-524\" data-elementor-post-type=\"jet-engine\">\n\t\t\t\t\t\t<section class=\"elementor-section elementor-top-section elementor-element elementor-element-ef0c760 elementor-section-content-middle elementor-section-boxed elementor-section-height-default elementor-section-height-default\" data-id=\"ef0c760\" data-element_type=\"section\" data-e-type=\"section\" data-settings=\"{&quot;background_background&quot;:&quot;classic&quot;}\">\n\t\t\t\t\t\t<div class=\"elementor-container elementor-column-gap-default\">\n\t\t\t\t\t<div class=\"elementor-column elementor-col-50 elementor-top-column elementor-element elementor-element-f3770a2\" data-id=\"f3770a2\" data-element_type=\"column\" data-e-type=\"column\">\n\t\t\t<div class=\"elementor-widget-wrap elementor-element-populated\">\n\t\t\t\t\t\t<div class=\"elementor-element elementor-element-6788ee3 elementor-widget__width-auto elementor-widget elementor-widget-theme-post-title elementor-page-title elementor-widget-heading\" data-id=\"6788ee3\" data-element_type=\"widget\" data-e-type=\"widget\" data-widget_type=\"theme-post-title.default\">\n\t\t\t\t<div class=\"elementor-widget-container\">\n\t\t\t\t\t<h5 class=\"elementor-heading-title elementor-size-default\"><a href=\"https:\/\/www.expertservicecar.com\/pt-pt\/taller\/garatge-salmar-ribas\/\">Garatge Salmar Ribas<\/a><\/h5>\t\t\t\t<\/div>\n\t\t\t\t<\/div>\n\t\t\t\t<section class=\"elementor-section elementor-inner-section elementor-element elementor-element-dcd0ceb elementor-section-boxed elementor-section-height-default elementor-section-height-default\" data-id=\"dcd0ceb\" data-element_type=\"section\" data-e-type=\"section\">\n\t\t\t\t\t\t<div class=\"elementor-container elementor-column-gap-default\">\n\t\t\t\t\t<div class=\"elementor-column elementor-col-100 elementor-inner-column elementor-element elementor-element-aed0068\" data-id=\"aed0068\" data-element_type=\"column\" data-e-type=\"column\">\n\t\t\t<div class=\"elementor-widget-wrap elementor-element-populated\">\n\t\t\t\t\t\t<div class=\"elementor-element elementor-element-601cf1d elementor-widget__width-auto elementor-widget-mobile__width-auto elementor-widget elementor-widget-jet-listing-dynamic-field\" data-id=\"601cf1d\" data-element_type=\"widget\" data-e-type=\"widget\" data-widget_type=\"jet-listing-dynamic-field.default\">\n\t\t\t\t<div class=\"elementor-widget-container\">\n\t\t\t\t\t<div class=\"jet-listing jet-listing-dynamic-field display-inline\"><div class=\"jet-listing-dynamic-field__inline-wrap\"><span class=\"jet-listing-dynamic-field__content\"><p>Can Cuca, Carretera C-63, 22<br \/>\nPoligono Industrial Bosc<br \/>\n17410 Sils<br \/>\nGirona<\/p>\n<\/span><\/div><\/div>\t\t\t\t<\/div>\n\t\t\t\t<\/div>\n\t\t\t\t<div class=\"elementor-element elementor-element-1898eca elementor-widget elementor-widget-jet-listing-dynamic-link\" data-id=\"1898eca\" data-element_type=\"widget\" data-e-type=\"widget\" data-widget_type=\"jet-listing-dynamic-link.default\">\n\t\t\t\t<div class=\"elementor-widget-container\">\n\t\t\t\t\t<span class=\"jet-listing jet-listing-dynamic-link\"><a href=\"tel:+34 972 853 938\" class=\"jet-listing-dynamic-link__link\"><i class=\"jet-listing-dynamic-link__icon fas fa-phone-alt\" aria-hidden=\"true\"><\/i><span class=\"jet-listing-dynamic-link__label\">+34 972 853 938<\/span><\/a><\/span>\t\t\t\t<\/div>\n\t\t\t\t<\/div>\n\t\t\t\t<div class=\"elementor-element elementor-element-0329474 elementor-hidden-phone elementor-widget elementor-widget-jet-listing-dynamic-link\" data-id=\"0329474\" data-element_type=\"widget\" data-e-type=\"widget\" data-widget_type=\"jet-listing-dynamic-link.default\">\n\t\t\t\t<div class=\"elementor-widget-container\">\n\t\t\t\t\t<span class=\"jet-listing jet-listing-dynamic-link\"><a href=\"tel:+34 686 722 819\" class=\"jet-listing-dynamic-link__link\"><i class=\"jet-listing-dynamic-link__icon oi oi-phone\" aria-hidden=\"true\"><\/i><span class=\"jet-listing-dynamic-link__label\">+34 686 722 819<\/span><\/a><\/span>\t\t\t\t<\/div>\n\t\t\t\t<\/div>\n\t\t\t\t\t<\/div>\n\t\t<\/div>\n\t\t\t\t\t<\/div>\n\t\t<\/section>\n\t\t\t\t\t<\/div>\n\t\t<\/div>\n\t\t\t\t<div class=\"elementor-column elementor-col-50 elementor-top-column elementor-element elementor-element-bb24a8e\" data-id=\"bb24a8e\" data-element_type=\"column\" data-e-type=\"column\">\n\t\t\t<div class=\"elementor-widget-wrap elementor-element-populated\">\n\t\t\t\t\t\t<div class=\"elementor-element elementor-element-b78d0e4 elementor-widget elementor-widget-image\" data-id=\"b78d0e4\" data-element_type=\"widget\" data-e-type=\"widget\" data-widget_type=\"image.default\">\n\t\t\t\t<div class=\"elementor-widget-container\">\n\t\t\t\t\t\t\t\t\t\t\t\t\t\t\t\t<a href=\"https:\/\/www.expertservicecar.com\/pt-pt\/taller\/garatge-salmar-ribas\/\">\n\t\t\t\t\t\t\t<img loading=\"lazy\" decoding=\"async\" width=\"300\" height=\"231\" src=\"https:\/\/www.expertservicecar.com\/wp-content\/uploads\/2021\/06\/garatge-salmar-ribas-01-300x231.jpg\" class=\"attachment-medium size-medium wp-image-3246\" alt=\"\" srcset=\"https:\/\/www.expertservicecar.com\/wp-content\/uploads\/2021\/06\/garatge-salmar-ribas-01-300x231.jpg 300w, https:\/\/www.expertservicecar.com\/wp-content\/uploads\/2021\/06\/garatge-salmar-ribas-01-768x591.jpg 768w, https:\/\/www.expertservicecar.com\/wp-content\/uploads\/2021\/06\/garatge-salmar-ribas-01-600x462.jpg 600w, https:\/\/www.expertservicecar.com\/wp-content\/uploads\/2021\/06\/garatge-salmar-ribas-01.jpg 900w\" sizes=\"(max-width: 300px) 100vw, 300px\" title=\"\">\t\t\t\t\t\t\t\t<\/a>\n\t\t\t\t\t\t\t\t\t\t\t\t\t\t\t<\/div>\n\t\t\t\t<\/div>\n\t\t\t\t\t<\/div>\n\t\t<\/div>\n\t\t\t\t\t<\/div>\n\t\t<\/section>\n\t\t\t\t<\/div>\n\t\t<\/div><div class=\"jet-listing-grid__item jet-listing-dynamic-post-5233 jet-equal-columns\" data-post-id=\"5233\" >\t\t<div data-elementor-type=\"jet-listing-items\" data-elementor-id=\"524\" class=\"elementor elementor-524\" data-elementor-post-type=\"jet-engine\">\n\t\t\t\t\t\t<section class=\"elementor-section elementor-top-section elementor-element elementor-element-ef0c760 elementor-section-content-middle elementor-section-boxed elementor-section-height-default elementor-section-height-default\" data-id=\"ef0c760\" data-element_type=\"section\" data-e-type=\"section\" data-settings=\"{&quot;background_background&quot;:&quot;classic&quot;}\">\n\t\t\t\t\t\t<div class=\"elementor-container elementor-column-gap-default\">\n\t\t\t\t\t<div class=\"elementor-column elementor-col-50 elementor-top-column elementor-element elementor-element-f3770a2\" data-id=\"f3770a2\" data-element_type=\"column\" data-e-type=\"column\">\n\t\t\t<div class=\"elementor-widget-wrap elementor-element-populated\">\n\t\t\t\t\t\t<div class=\"elementor-element elementor-element-6788ee3 elementor-widget__width-auto elementor-widget elementor-widget-theme-post-title elementor-page-title elementor-widget-heading\" data-id=\"6788ee3\" data-element_type=\"widget\" data-e-type=\"widget\" data-widget_type=\"theme-post-title.default\">\n\t\t\t\t<div class=\"elementor-widget-container\">\n\t\t\t\t\t<h5 class=\"elementor-heading-title elementor-size-default\"><a href=\"https:\/\/www.expertservicecar.com\/pt-pt\/taller\/garatge-vacarisses\/\">Garatge Vacarisses<\/a><\/h5>\t\t\t\t<\/div>\n\t\t\t\t<\/div>\n\t\t\t\t<section class=\"elementor-section elementor-inner-section elementor-element elementor-element-dcd0ceb elementor-section-boxed elementor-section-height-default elementor-section-height-default\" data-id=\"dcd0ceb\" data-element_type=\"section\" data-e-type=\"section\">\n\t\t\t\t\t\t<div class=\"elementor-container elementor-column-gap-default\">\n\t\t\t\t\t<div class=\"elementor-column elementor-col-100 elementor-inner-column elementor-element elementor-element-aed0068\" data-id=\"aed0068\" data-element_type=\"column\" data-e-type=\"column\">\n\t\t\t<div class=\"elementor-widget-wrap elementor-element-populated\">\n\t\t\t\t\t\t<div class=\"elementor-element elementor-element-601cf1d elementor-widget__width-auto elementor-widget-mobile__width-auto elementor-widget elementor-widget-jet-listing-dynamic-field\" data-id=\"601cf1d\" data-element_type=\"widget\" data-e-type=\"widget\" data-widget_type=\"jet-listing-dynamic-field.default\">\n\t\t\t\t<div class=\"elementor-widget-container\">\n\t\t\t\t\t<div class=\"jet-listing jet-listing-dynamic-field display-inline\"><div class=\"jet-listing-dynamic-field__inline-wrap\"><span class=\"jet-listing-dynamic-field__content\"><p>Carrer Berlin, 9<br \/>\n08233 Vacarisses<br \/>\nBarcelona<\/p>\n<\/span><\/div><\/div>\t\t\t\t<\/div>\n\t\t\t\t<\/div>\n\t\t\t\t<div class=\"elementor-element elementor-element-1898eca elementor-widget elementor-widget-jet-listing-dynamic-link\" data-id=\"1898eca\" data-element_type=\"widget\" data-e-type=\"widget\" data-widget_type=\"jet-listing-dynamic-link.default\">\n\t\t\t\t<div class=\"elementor-widget-container\">\n\t\t\t\t\t<span class=\"jet-listing jet-listing-dynamic-link\"><a href=\"tel:+34 93 8280393\" class=\"jet-listing-dynamic-link__link\"><i class=\"jet-listing-dynamic-link__icon fas fa-phone-alt\" aria-hidden=\"true\"><\/i><span class=\"jet-listing-dynamic-link__label\">+34 93 8280393<\/span><\/a><\/span>\t\t\t\t<\/div>\n\t\t\t\t<\/div>\n\t\t\t\t\t<\/div>\n\t\t<\/div>\n\t\t\t\t\t<\/div>\n\t\t<\/section>\n\t\t\t\t\t<\/div>\n\t\t<\/div>\n\t\t\t\t<div class=\"elementor-column elementor-col-50 elementor-top-column elementor-element elementor-element-bb24a8e\" data-id=\"bb24a8e\" data-element_type=\"column\" data-e-type=\"column\">\n\t\t\t<div class=\"elementor-widget-wrap elementor-element-populated\">\n\t\t\t\t\t\t<div class=\"elementor-element elementor-element-b78d0e4 elementor-widget elementor-widget-image\" data-id=\"b78d0e4\" data-element_type=\"widget\" data-e-type=\"widget\" data-widget_type=\"image.default\">\n\t\t\t\t<div class=\"elementor-widget-container\">\n\t\t\t\t\t\t\t\t\t\t\t\t\t\t\t\t<a href=\"https:\/\/www.expertservicecar.com\/pt-pt\/taller\/garatge-vacarisses\/\">\n\t\t\t\t\t\t\t<img loading=\"lazy\" decoding=\"async\" width=\"300\" height=\"217\" src=\"https:\/\/www.expertservicecar.com\/wp-content\/uploads\/2021\/07\/garatge-vacarisses-01-300x217.jpg\" class=\"attachment-medium size-medium wp-image-5234\" alt=\"Garatge Vacarisses\" srcset=\"https:\/\/www.expertservicecar.com\/wp-content\/uploads\/2021\/07\/garatge-vacarisses-01-300x217.jpg 300w, https:\/\/www.expertservicecar.com\/wp-content\/uploads\/2021\/07\/garatge-vacarisses-01-768x554.jpg 768w, https:\/\/www.expertservicecar.com\/wp-content\/uploads\/2021\/07\/garatge-vacarisses-01-600x433.jpg 600w, https:\/\/www.expertservicecar.com\/wp-content\/uploads\/2021\/07\/garatge-vacarisses-01.jpg 960w\" sizes=\"(max-width: 300px) 100vw, 300px\" title=\"\">\t\t\t\t\t\t\t\t<\/a>\n\t\t\t\t\t\t\t\t\t\t\t\t\t\t\t<\/div>\n\t\t\t\t<\/div>\n\t\t\t\t\t<\/div>\n\t\t<\/div>\n\t\t\t\t\t<\/div>\n\t\t<\/section>\n\t\t\t\t<\/div>\n\t\t<\/div><div class=\"jet-listing-grid__item jet-listing-dynamic-post-5165 jet-equal-columns\" data-post-id=\"5165\" >\t\t<div data-elementor-type=\"jet-listing-items\" data-elementor-id=\"524\" class=\"elementor elementor-524\" data-elementor-post-type=\"jet-engine\">\n\t\t\t\t\t\t<section class=\"elementor-section elementor-top-section elementor-element elementor-element-ef0c760 elementor-section-content-middle elementor-section-boxed elementor-section-height-default elementor-section-height-default\" data-id=\"ef0c760\" data-element_type=\"section\" data-e-type=\"section\" data-settings=\"{&quot;background_background&quot;:&quot;classic&quot;}\">\n\t\t\t\t\t\t<div class=\"elementor-container elementor-column-gap-default\">\n\t\t\t\t\t<div class=\"elementor-column elementor-col-50 elementor-top-column elementor-element elementor-element-f3770a2\" data-id=\"f3770a2\" data-element_type=\"column\" data-e-type=\"column\">\n\t\t\t<div class=\"elementor-widget-wrap elementor-element-populated\">\n\t\t\t\t\t\t<div class=\"elementor-element elementor-element-6788ee3 elementor-widget__width-auto elementor-widget elementor-widget-theme-post-title elementor-page-title elementor-widget-heading\" data-id=\"6788ee3\" data-element_type=\"widget\" data-e-type=\"widget\" data-widget_type=\"theme-post-title.default\">\n\t\t\t\t<div class=\"elementor-widget-container\">\n\t\t\t\t\t<h5 class=\"elementor-heading-title elementor-size-default\"><a href=\"https:\/\/www.expertservicecar.com\/pt-pt\/taller\/gp-motor\/\">GP Motor<\/a><\/h5>\t\t\t\t<\/div>\n\t\t\t\t<\/div>\n\t\t\t\t<section class=\"elementor-section elementor-inner-section elementor-element elementor-element-dcd0ceb elementor-section-boxed elementor-section-height-default elementor-section-height-default\" data-id=\"dcd0ceb\" data-element_type=\"section\" data-e-type=\"section\">\n\t\t\t\t\t\t<div class=\"elementor-container elementor-column-gap-default\">\n\t\t\t\t\t<div class=\"elementor-column elementor-col-100 elementor-inner-column elementor-element elementor-element-aed0068\" data-id=\"aed0068\" data-element_type=\"column\" data-e-type=\"column\">\n\t\t\t<div class=\"elementor-widget-wrap elementor-element-populated\">\n\t\t\t\t\t\t<div class=\"elementor-element elementor-element-601cf1d elementor-widget__width-auto elementor-widget-mobile__width-auto elementor-widget elementor-widget-jet-listing-dynamic-field\" data-id=\"601cf1d\" data-element_type=\"widget\" data-e-type=\"widget\" data-widget_type=\"jet-listing-dynamic-field.default\">\n\t\t\t\t<div class=\"elementor-widget-container\">\n\t\t\t\t\t<div class=\"jet-listing jet-listing-dynamic-field display-inline\"><div class=\"jet-listing-dynamic-field__inline-wrap\"><span class=\"jet-listing-dynamic-field__content\"><p>Pol. Ind. Venta Nova<br \/>\nAv\/Glen H.Hinner, 71<br \/>\n43894 Camarles<br \/>\nTarragona<\/p>\n<\/span><\/div><\/div>\t\t\t\t<\/div>\n\t\t\t\t<\/div>\n\t\t\t\t<div class=\"elementor-element elementor-element-1898eca elementor-widget elementor-widget-jet-listing-dynamic-link\" data-id=\"1898eca\" data-element_type=\"widget\" data-e-type=\"widget\" data-widget_type=\"jet-listing-dynamic-link.default\">\n\t\t\t\t<div class=\"elementor-widget-container\">\n\t\t\t\t\t<span class=\"jet-listing jet-listing-dynamic-link\"><a href=\"tel:+34 977 470 527\" class=\"jet-listing-dynamic-link__link\"><i class=\"jet-listing-dynamic-link__icon fas fa-phone-alt\" aria-hidden=\"true\"><\/i><span class=\"jet-listing-dynamic-link__label\">+34 977 470 527<\/span><\/a><\/span>\t\t\t\t<\/div>\n\t\t\t\t<\/div>\n\t\t\t\t\t<\/div>\n\t\t<\/div>\n\t\t\t\t\t<\/div>\n\t\t<\/section>\n\t\t\t\t\t<\/div>\n\t\t<\/div>\n\t\t\t\t<div class=\"elementor-column elementor-col-50 elementor-top-column elementor-element elementor-element-bb24a8e\" data-id=\"bb24a8e\" data-element_type=\"column\" data-e-type=\"column\">\n\t\t\t<div class=\"elementor-widget-wrap elementor-element-populated\">\n\t\t\t\t\t\t<div class=\"elementor-element elementor-element-b78d0e4 elementor-widget elementor-widget-image\" data-id=\"b78d0e4\" data-element_type=\"widget\" data-e-type=\"widget\" data-widget_type=\"image.default\">\n\t\t\t\t<div class=\"elementor-widget-container\">\n\t\t\t\t\t\t\t\t\t\t\t\t\t\t\t\t<a href=\"https:\/\/www.expertservicecar.com\/pt-pt\/taller\/gp-motor\/\">\n\t\t\t\t\t\t\t<img loading=\"lazy\" decoding=\"async\" width=\"300\" height=\"217\" src=\"https:\/\/www.expertservicecar.com\/wp-content\/uploads\/2021\/07\/gpmotor-01-300x217.jpg\" class=\"attachment-medium size-medium wp-image-5170\" alt=\"\" srcset=\"https:\/\/www.expertservicecar.com\/wp-content\/uploads\/2021\/07\/gpmotor-01-300x217.jpg 300w, https:\/\/www.expertservicecar.com\/wp-content\/uploads\/2021\/07\/gpmotor-01-768x555.jpg 768w, https:\/\/www.expertservicecar.com\/wp-content\/uploads\/2021\/07\/gpmotor-01-600x434.jpg 600w, https:\/\/www.expertservicecar.com\/wp-content\/uploads\/2021\/07\/gpmotor-01.jpg 960w\" sizes=\"(max-width: 300px) 100vw, 300px\" title=\"\">\t\t\t\t\t\t\t\t<\/a>\n\t\t\t\t\t\t\t\t\t\t\t\t\t\t\t<\/div>\n\t\t\t\t<\/div>\n\t\t\t\t\t<\/div>\n\t\t<\/div>\n\t\t\t\t\t<\/div>\n\t\t<\/section>\n\t\t\t\t<\/div>\n\t\t<\/div><div class=\"jet-listing-grid__item jet-listing-dynamic-post-7250 jet-equal-columns\" data-post-id=\"7250\" >\t\t<div data-elementor-type=\"jet-listing-items\" data-elementor-id=\"524\" class=\"elementor elementor-524\" data-elementor-post-type=\"jet-engine\">\n\t\t\t\t\t\t<section class=\"elementor-section elementor-top-section elementor-element elementor-element-ef0c760 elementor-section-content-middle elementor-section-boxed elementor-section-height-default elementor-section-height-default\" data-id=\"ef0c760\" data-element_type=\"section\" data-e-type=\"section\" data-settings=\"{&quot;background_background&quot;:&quot;classic&quot;}\">\n\t\t\t\t\t\t<div class=\"elementor-container elementor-column-gap-default\">\n\t\t\t\t\t<div class=\"elementor-column elementor-col-50 elementor-top-column elementor-element elementor-element-f3770a2\" data-id=\"f3770a2\" data-element_type=\"column\" data-e-type=\"column\">\n\t\t\t<div class=\"elementor-widget-wrap elementor-element-populated\">\n\t\t\t\t\t\t<div class=\"elementor-element elementor-element-6788ee3 elementor-widget__width-auto elementor-widget elementor-widget-theme-post-title elementor-page-title elementor-widget-heading\" data-id=\"6788ee3\" data-element_type=\"widget\" data-e-type=\"widget\" data-widget_type=\"theme-post-title.default\">\n\t\t\t\t<div class=\"elementor-widget-container\">\n\t\t\t\t\t<h5 class=\"elementor-heading-title elementor-size-default\"><a href=\"https:\/\/www.expertservicecar.com\/pt-pt\/taller\/grupo-asf\/\">Grupo ASF<\/a><\/h5>\t\t\t\t<\/div>\n\t\t\t\t<\/div>\n\t\t\t\t<section class=\"elementor-section elementor-inner-section elementor-element elementor-element-dcd0ceb elementor-section-boxed elementor-section-height-default elementor-section-height-default\" data-id=\"dcd0ceb\" data-element_type=\"section\" data-e-type=\"section\">\n\t\t\t\t\t\t<div class=\"elementor-container elementor-column-gap-default\">\n\t\t\t\t\t<div class=\"elementor-column elementor-col-100 elementor-inner-column elementor-element elementor-element-aed0068\" data-id=\"aed0068\" data-element_type=\"column\" data-e-type=\"column\">\n\t\t\t<div class=\"elementor-widget-wrap elementor-element-populated\">\n\t\t\t\t\t\t<div class=\"elementor-element elementor-element-601cf1d elementor-widget__width-auto elementor-widget-mobile__width-auto elementor-widget elementor-widget-jet-listing-dynamic-field\" data-id=\"601cf1d\" data-element_type=\"widget\" data-e-type=\"widget\" data-widget_type=\"jet-listing-dynamic-field.default\">\n\t\t\t\t<div class=\"elementor-widget-container\">\n\t\t\t\t\t<div class=\"jet-listing jet-listing-dynamic-field display-inline\"><div class=\"jet-listing-dynamic-field__inline-wrap\"><span class=\"jet-listing-dynamic-field__content\"><p>Pol\u00edgono Industrial El C\u00e1\u00f1amo II,<br \/>\nC. Louis Pasteur, 11-13,<br \/>\n41300 San Jos\u00e9 de la Rinconada, Sevilla<\/p>\n<\/span><\/div><\/div>\t\t\t\t<\/div>\n\t\t\t\t<\/div>\n\t\t\t\t<div class=\"elementor-element elementor-element-1898eca elementor-widget elementor-widget-jet-listing-dynamic-link\" data-id=\"1898eca\" data-element_type=\"widget\" data-e-type=\"widget\" data-widget_type=\"jet-listing-dynamic-link.default\">\n\t\t\t\t<div class=\"elementor-widget-container\">\n\t\t\t\t\t<span class=\"jet-listing jet-listing-dynamic-link\"><a href=\"tel:955790039\" class=\"jet-listing-dynamic-link__link\"><i class=\"jet-listing-dynamic-link__icon fas fa-phone-alt\" aria-hidden=\"true\"><\/i><span class=\"jet-listing-dynamic-link__label\">955790039<\/span><\/a><\/span>\t\t\t\t<\/div>\n\t\t\t\t<\/div>\n\t\t\t\t<div class=\"elementor-element elementor-element-0329474 elementor-hidden-phone elementor-widget elementor-widget-jet-listing-dynamic-link\" data-id=\"0329474\" data-element_type=\"widget\" data-e-type=\"widget\" data-widget_type=\"jet-listing-dynamic-link.default\">\n\t\t\t\t<div class=\"elementor-widget-container\">\n\t\t\t\t\t<span class=\"jet-listing jet-listing-dynamic-link\"><a href=\"tel:659969078\" class=\"jet-listing-dynamic-link__link\"><i class=\"jet-listing-dynamic-link__icon oi oi-phone\" aria-hidden=\"true\"><\/i><span class=\"jet-listing-dynamic-link__label\">659969078<\/span><\/a><\/span>\t\t\t\t<\/div>\n\t\t\t\t<\/div>\n\t\t\t\t\t<\/div>\n\t\t<\/div>\n\t\t\t\t\t<\/div>\n\t\t<\/section>\n\t\t\t\t\t<\/div>\n\t\t<\/div>\n\t\t\t\t<div class=\"elementor-column elementor-col-50 elementor-top-column elementor-element elementor-element-bb24a8e\" data-id=\"bb24a8e\" data-element_type=\"column\" data-e-type=\"column\">\n\t\t\t<div class=\"elementor-widget-wrap elementor-element-populated\">\n\t\t\t\t\t\t\t<\/div>\n\t\t<\/div>\n\t\t\t\t\t<\/div>\n\t\t<\/section>\n\t\t\t\t<\/div>\n\t\t<\/div><div class=\"jet-listing-grid__item jet-listing-dynamic-post-3277 jet-equal-columns\" data-post-id=\"3277\" >\t\t<div data-elementor-type=\"jet-listing-items\" data-elementor-id=\"524\" class=\"elementor elementor-524\" data-elementor-post-type=\"jet-engine\">\n\t\t\t\t\t\t<section class=\"elementor-section elementor-top-section elementor-element elementor-element-ef0c760 elementor-section-content-middle elementor-section-boxed elementor-section-height-default elementor-section-height-default\" data-id=\"ef0c760\" data-element_type=\"section\" data-e-type=\"section\" data-settings=\"{&quot;background_background&quot;:&quot;classic&quot;}\">\n\t\t\t\t\t\t<div class=\"elementor-container elementor-column-gap-default\">\n\t\t\t\t\t<div class=\"elementor-column elementor-col-50 elementor-top-column elementor-element elementor-element-f3770a2\" data-id=\"f3770a2\" data-element_type=\"column\" data-e-type=\"column\">\n\t\t\t<div class=\"elementor-widget-wrap elementor-element-populated\">\n\t\t\t\t\t\t<div class=\"elementor-element elementor-element-6788ee3 elementor-widget__width-auto elementor-widget elementor-widget-theme-post-title elementor-page-title elementor-widget-heading\" data-id=\"6788ee3\" data-element_type=\"widget\" data-e-type=\"widget\" data-widget_type=\"theme-post-title.default\">\n\t\t\t\t<div class=\"elementor-widget-container\">\n\t\t\t\t\t<h5 class=\"elementor-heading-title elementor-size-default\"><a href=\"https:\/\/www.expertservicecar.com\/pt-pt\/taller\/hermanos-miralles-tena\/\">Hermanos Miralles Tena<\/a><\/h5>\t\t\t\t<\/div>\n\t\t\t\t<\/div>\n\t\t\t\t<section class=\"elementor-section elementor-inner-section elementor-element elementor-element-dcd0ceb elementor-section-boxed elementor-section-height-default elementor-section-height-default\" data-id=\"dcd0ceb\" data-element_type=\"section\" data-e-type=\"section\">\n\t\t\t\t\t\t<div class=\"elementor-container elementor-column-gap-default\">\n\t\t\t\t\t<div class=\"elementor-column elementor-col-100 elementor-inner-column elementor-element elementor-element-aed0068\" data-id=\"aed0068\" data-element_type=\"column\" data-e-type=\"column\">\n\t\t\t<div class=\"elementor-widget-wrap elementor-element-populated\">\n\t\t\t\t\t\t<div class=\"elementor-element elementor-element-601cf1d elementor-widget__width-auto elementor-widget-mobile__width-auto elementor-widget elementor-widget-jet-listing-dynamic-field\" data-id=\"601cf1d\" data-element_type=\"widget\" data-e-type=\"widget\" data-widget_type=\"jet-listing-dynamic-field.default\">\n\t\t\t\t<div class=\"elementor-widget-container\">\n\t\t\t\t\t<div class=\"jet-listing jet-listing-dynamic-field display-inline\"><div class=\"jet-listing-dynamic-field__inline-wrap\"><span class=\"jet-listing-dynamic-field__content\"><p>Av. Castell\u00f3n<br \/>\n12166 Els Ivarsos<br \/>\nCastell\u00f3n<\/p>\n<\/span><\/div><\/div>\t\t\t\t<\/div>\n\t\t\t\t<\/div>\n\t\t\t\t<div class=\"elementor-element elementor-element-1898eca elementor-widget elementor-widget-jet-listing-dynamic-link\" data-id=\"1898eca\" data-element_type=\"widget\" data-e-type=\"widget\" data-widget_type=\"jet-listing-dynamic-link.default\">\n\t\t\t\t<div class=\"elementor-widget-container\">\n\t\t\t\t\t<span class=\"jet-listing jet-listing-dynamic-link\"><a href=\"tel:\" class=\"jet-listing-dynamic-link__link\"><i class=\"jet-listing-dynamic-link__icon fas fa-phone-alt\" aria-hidden=\"true\"><\/i><\/a><\/span>\t\t\t\t<\/div>\n\t\t\t\t<\/div>\n\t\t\t\t\t<\/div>\n\t\t<\/div>\n\t\t\t\t\t<\/div>\n\t\t<\/section>\n\t\t\t\t\t<\/div>\n\t\t<\/div>\n\t\t\t\t<div class=\"elementor-column elementor-col-50 elementor-top-column elementor-element elementor-element-bb24a8e\" data-id=\"bb24a8e\" data-element_type=\"column\" data-e-type=\"column\">\n\t\t\t<div class=\"elementor-widget-wrap elementor-element-populated\">\n\t\t\t\t\t\t<div class=\"elementor-element elementor-element-b78d0e4 elementor-widget elementor-widget-image\" data-id=\"b78d0e4\" data-element_type=\"widget\" data-e-type=\"widget\" data-widget_type=\"image.default\">\n\t\t\t\t<div class=\"elementor-widget-container\">\n\t\t\t\t\t\t\t\t\t\t\t\t\t\t\t\t<a href=\"https:\/\/www.expertservicecar.com\/pt-pt\/taller\/hermanos-miralles-tena\/\">\n\t\t\t\t\t\t\t<img loading=\"lazy\" decoding=\"async\" width=\"300\" height=\"231\" src=\"https:\/\/www.expertservicecar.com\/wp-content\/uploads\/2021\/06\/hnos-miralles-tena-300x231.jpg\" class=\"attachment-medium size-medium wp-image-3278\" alt=\"\" srcset=\"https:\/\/www.expertservicecar.com\/wp-content\/uploads\/2021\/06\/hnos-miralles-tena-300x231.jpg 300w, https:\/\/www.expertservicecar.com\/wp-content\/uploads\/2021\/06\/hnos-miralles-tena-768x591.jpg 768w, https:\/\/www.expertservicecar.com\/wp-content\/uploads\/2021\/06\/hnos-miralles-tena-600x462.jpg 600w, https:\/\/www.expertservicecar.com\/wp-content\/uploads\/2021\/06\/hnos-miralles-tena.jpg 900w\" sizes=\"(max-width: 300px) 100vw, 300px\" title=\"\">\t\t\t\t\t\t\t\t<\/a>\n\t\t\t\t\t\t\t\t\t\t\t\t\t\t\t<\/div>\n\t\t\t\t<\/div>\n\t\t\t\t\t<\/div>\n\t\t<\/div>\n\t\t\t\t\t<\/div>\n\t\t<\/section>\n\t\t\t\t<\/div>\n\t\t<\/div><div class=\"jet-listing-grid__item jet-listing-dynamic-post-7802 jet-equal-columns\" data-post-id=\"7802\" >\t\t<div data-elementor-type=\"jet-listing-items\" data-elementor-id=\"524\" class=\"elementor elementor-524\" data-elementor-post-type=\"jet-engine\">\n\t\t\t\t\t\t<section class=\"elementor-section elementor-top-section elementor-element elementor-element-ef0c760 elementor-section-content-middle elementor-section-boxed elementor-section-height-default elementor-section-height-default\" data-id=\"ef0c760\" data-element_type=\"section\" data-e-type=\"section\" data-settings=\"{&quot;background_background&quot;:&quot;classic&quot;}\">\n\t\t\t\t\t\t<div class=\"elementor-container elementor-column-gap-default\">\n\t\t\t\t\t<div class=\"elementor-column elementor-col-50 elementor-top-column elementor-element elementor-element-f3770a2\" data-id=\"f3770a2\" data-element_type=\"column\" data-e-type=\"column\">\n\t\t\t<div class=\"elementor-widget-wrap elementor-element-populated\">\n\t\t\t\t\t\t<div class=\"elementor-element elementor-element-6788ee3 elementor-widget__width-auto elementor-widget elementor-widget-theme-post-title elementor-page-title elementor-widget-heading\" data-id=\"6788ee3\" data-element_type=\"widget\" data-e-type=\"widget\" data-widget_type=\"theme-post-title.default\">\n\t\t\t\t<div class=\"elementor-widget-container\">\n\t\t\t\t\t<h5 class=\"elementor-heading-title elementor-size-default\"><a href=\"https:\/\/www.expertservicecar.com\/pt-pt\/taller\/higuera-motor\/\">HIGUERA MOTOR<\/a><\/h5>\t\t\t\t<\/div>\n\t\t\t\t<\/div>\n\t\t\t\t<section class=\"elementor-section elementor-inner-section elementor-element elementor-element-dcd0ceb elementor-section-boxed elementor-section-height-default elementor-section-height-default\" data-id=\"dcd0ceb\" data-element_type=\"section\" data-e-type=\"section\">\n\t\t\t\t\t\t<div class=\"elementor-container elementor-column-gap-default\">\n\t\t\t\t\t<div class=\"elementor-column elementor-col-100 elementor-inner-column elementor-element elementor-element-aed0068\" data-id=\"aed0068\" data-element_type=\"column\" data-e-type=\"column\">\n\t\t\t<div class=\"elementor-widget-wrap elementor-element-populated\">\n\t\t\t\t\t\t<div class=\"elementor-element elementor-element-601cf1d elementor-widget__width-auto elementor-widget-mobile__width-auto elementor-widget elementor-widget-jet-listing-dynamic-field\" data-id=\"601cf1d\" data-element_type=\"widget\" data-e-type=\"widget\" data-widget_type=\"jet-listing-dynamic-field.default\">\n\t\t\t\t<div class=\"elementor-widget-container\">\n\t\t\t\t\t<div class=\"jet-listing jet-listing-dynamic-field display-inline\"><div class=\"jet-listing-dynamic-field__inline-wrap\"><span class=\"jet-listing-dynamic-field__content\"><p>Calle Col\u00f3n, 87-88, P.I. La chacara, C. Col\u00f3n, 87,<br \/>\n06350 Higuera la Real, Badajoz<\/p>\n<\/span><\/div><\/div>\t\t\t\t<\/div>\n\t\t\t\t<\/div>\n\t\t\t\t<div class=\"elementor-element elementor-element-1898eca elementor-widget elementor-widget-jet-listing-dynamic-link\" data-id=\"1898eca\" data-element_type=\"widget\" data-e-type=\"widget\" data-widget_type=\"jet-listing-dynamic-link.default\">\n\t\t\t\t<div class=\"elementor-widget-container\">\n\t\t\t\t\t<span class=\"jet-listing jet-listing-dynamic-link\"><a href=\"tel:924723500\" class=\"jet-listing-dynamic-link__link\"><i class=\"jet-listing-dynamic-link__icon fas fa-phone-alt\" aria-hidden=\"true\"><\/i><span class=\"jet-listing-dynamic-link__label\">924723500<\/span><\/a><\/span>\t\t\t\t<\/div>\n\t\t\t\t<\/div>\n\t\t\t\t\t<\/div>\n\t\t<\/div>\n\t\t\t\t\t<\/div>\n\t\t<\/section>\n\t\t\t\t\t<\/div>\n\t\t<\/div>\n\t\t\t\t<div class=\"elementor-column elementor-col-50 elementor-top-column elementor-element elementor-element-bb24a8e\" data-id=\"bb24a8e\" data-element_type=\"column\" data-e-type=\"column\">\n\t\t\t<div class=\"elementor-widget-wrap elementor-element-populated\">\n\t\t\t\t\t\t<div class=\"elementor-element elementor-element-b78d0e4 elementor-widget elementor-widget-image\" data-id=\"b78d0e4\" data-element_type=\"widget\" data-e-type=\"widget\" data-widget_type=\"image.default\">\n\t\t\t\t<div class=\"elementor-widget-container\">\n\t\t\t\t\t\t\t\t\t\t\t\t\t\t\t\t<a href=\"https:\/\/www.expertservicecar.com\/pt-pt\/taller\/higuera-motor\/\">\n\t\t\t\t\t\t\t<img loading=\"lazy\" decoding=\"async\" width=\"300\" height=\"220\" src=\"https:\/\/www.expertservicecar.com\/wp-content\/uploads\/2025\/05\/Captura-de-pantalla-2025-05-19-102927-300x220.jpg\" class=\"attachment-medium size-medium wp-image-7803\" alt=\"\" srcset=\"https:\/\/www.expertservicecar.com\/wp-content\/uploads\/2025\/05\/Captura-de-pantalla-2025-05-19-102927-300x220.jpg 300w, https:\/\/www.expertservicecar.com\/wp-content\/uploads\/2025\/05\/Captura-de-pantalla-2025-05-19-102927-1024x749.jpg 1024w, https:\/\/www.expertservicecar.com\/wp-content\/uploads\/2025\/05\/Captura-de-pantalla-2025-05-19-102927-768x562.jpg 768w, https:\/\/www.expertservicecar.com\/wp-content\/uploads\/2025\/05\/Captura-de-pantalla-2025-05-19-102927-600x439.jpg 600w, https:\/\/www.expertservicecar.com\/wp-content\/uploads\/2025\/05\/Captura-de-pantalla-2025-05-19-102927.jpg 1312w\" sizes=\"(max-width: 300px) 100vw, 300px\" title=\"\">\t\t\t\t\t\t\t\t<\/a>\n\t\t\t\t\t\t\t\t\t\t\t\t\t\t\t<\/div>\n\t\t\t\t<\/div>\n\t\t\t\t\t<\/div>\n\t\t<\/div>\n\t\t\t\t\t<\/div>\n\t\t<\/section>\n\t\t\t\t<\/div>\n\t\t<\/div><div class=\"jet-listing-grid__item jet-listing-dynamic-post-3696 jet-equal-columns\" data-post-id=\"3696\" >\t\t<div data-elementor-type=\"jet-listing-items\" data-elementor-id=\"524\" class=\"elementor elementor-524\" data-elementor-post-type=\"jet-engine\">\n\t\t\t\t\t\t<section class=\"elementor-section elementor-top-section elementor-element elementor-element-ef0c760 elementor-section-content-middle elementor-section-boxed elementor-section-height-default elementor-section-height-default\" data-id=\"ef0c760\" data-element_type=\"section\" data-e-type=\"section\" data-settings=\"{&quot;background_background&quot;:&quot;classic&quot;}\">\n\t\t\t\t\t\t<div class=\"elementor-container elementor-column-gap-default\">\n\t\t\t\t\t<div class=\"elementor-column elementor-col-50 elementor-top-column elementor-element elementor-element-f3770a2\" data-id=\"f3770a2\" data-element_type=\"column\" data-e-type=\"column\">\n\t\t\t<div class=\"elementor-widget-wrap elementor-element-populated\">\n\t\t\t\t\t\t<div class=\"elementor-element elementor-element-6788ee3 elementor-widget__width-auto elementor-widget elementor-widget-theme-post-title elementor-page-title elementor-widget-heading\" data-id=\"6788ee3\" data-element_type=\"widget\" data-e-type=\"widget\" data-widget_type=\"theme-post-title.default\">\n\t\t\t\t<div class=\"elementor-widget-container\">\n\t\t\t\t\t<h5 class=\"elementor-heading-title elementor-size-default\"><a href=\"https:\/\/www.expertservicecar.com\/pt-pt\/taller\/iruna-motor-tatin\/\">Iru\u00f1a Motor Tatin<\/a><\/h5>\t\t\t\t<\/div>\n\t\t\t\t<\/div>\n\t\t\t\t<section class=\"elementor-section elementor-inner-section elementor-element elementor-element-dcd0ceb elementor-section-boxed elementor-section-height-default elementor-section-height-default\" data-id=\"dcd0ceb\" data-element_type=\"section\" data-e-type=\"section\">\n\t\t\t\t\t\t<div class=\"elementor-container elementor-column-gap-default\">\n\t\t\t\t\t<div class=\"elementor-column elementor-col-100 elementor-inner-column elementor-element elementor-element-aed0068\" data-id=\"aed0068\" data-element_type=\"column\" data-e-type=\"column\">\n\t\t\t<div class=\"elementor-widget-wrap elementor-element-populated\">\n\t\t\t\t\t\t<div class=\"elementor-element elementor-element-601cf1d elementor-widget__width-auto elementor-widget-mobile__width-auto elementor-widget elementor-widget-jet-listing-dynamic-field\" data-id=\"601cf1d\" data-element_type=\"widget\" data-e-type=\"widget\" data-widget_type=\"jet-listing-dynamic-field.default\">\n\t\t\t\t<div class=\"elementor-widget-container\">\n\t\t\t\t\t<div class=\"jet-listing jet-listing-dynamic-field display-inline\"><div class=\"jet-listing-dynamic-field__inline-wrap\"><span class=\"jet-listing-dynamic-field__content\"><p>Pol\u00edgono Industrial Talluntxe, 0 Nave 7-9<br \/>\n31110 Noain<br \/>\nNavarra<\/p>\n<\/span><\/div><\/div>\t\t\t\t<\/div>\n\t\t\t\t<\/div>\n\t\t\t\t<div class=\"elementor-element elementor-element-1898eca elementor-widget elementor-widget-jet-listing-dynamic-link\" data-id=\"1898eca\" data-element_type=\"widget\" data-e-type=\"widget\" data-widget_type=\"jet-listing-dynamic-link.default\">\n\t\t\t\t<div class=\"elementor-widget-container\">\n\t\t\t\t\t<span class=\"jet-listing jet-listing-dynamic-link\"><a href=\"tel:+34 948 318555\" class=\"jet-listing-dynamic-link__link\"><i class=\"jet-listing-dynamic-link__icon fas fa-phone-alt\" aria-hidden=\"true\"><\/i><span class=\"jet-listing-dynamic-link__label\">+34 948 318555<\/span><\/a><\/span>\t\t\t\t<\/div>\n\t\t\t\t<\/div>\n\t\t\t\t<div class=\"elementor-element elementor-element-0329474 elementor-hidden-phone elementor-widget elementor-widget-jet-listing-dynamic-link\" data-id=\"0329474\" data-element_type=\"widget\" data-e-type=\"widget\" data-widget_type=\"jet-listing-dynamic-link.default\">\n\t\t\t\t<div class=\"elementor-widget-container\">\n\t\t\t\t\t<span class=\"jet-listing jet-listing-dynamic-link\"><a href=\"tel:+34 629 405 656\" class=\"jet-listing-dynamic-link__link\"><i class=\"jet-listing-dynamic-link__icon oi oi-phone\" aria-hidden=\"true\"><\/i><span class=\"jet-listing-dynamic-link__label\">+34 629 405 656<\/span><\/a><\/span>\t\t\t\t<\/div>\n\t\t\t\t<\/div>\n\t\t\t\t\t<\/div>\n\t\t<\/div>\n\t\t\t\t\t<\/div>\n\t\t<\/section>\n\t\t\t\t\t<\/div>\n\t\t<\/div>\n\t\t\t\t<div class=\"elementor-column elementor-col-50 elementor-top-column elementor-element elementor-element-bb24a8e\" data-id=\"bb24a8e\" data-element_type=\"column\" data-e-type=\"column\">\n\t\t\t<div class=\"elementor-widget-wrap elementor-element-populated\">\n\t\t\t\t\t\t<div class=\"elementor-element elementor-element-b78d0e4 elementor-widget elementor-widget-image\" data-id=\"b78d0e4\" data-element_type=\"widget\" data-e-type=\"widget\" data-widget_type=\"image.default\">\n\t\t\t\t<div class=\"elementor-widget-container\">\n\t\t\t\t\t\t\t\t\t\t\t\t\t\t\t\t<a href=\"https:\/\/www.expertservicecar.com\/pt-pt\/taller\/iruna-motor-tatin\/\">\n\t\t\t\t\t\t\t<img loading=\"lazy\" decoding=\"async\" width=\"300\" height=\"231\" src=\"https:\/\/www.expertservicecar.com\/wp-content\/uploads\/2021\/06\/iruna-motor-tatin-300x231.jpg\" class=\"attachment-medium size-medium wp-image-3697\" alt=\"Iru\u00f1a Motor Tatin\" srcset=\"https:\/\/www.expertservicecar.com\/wp-content\/uploads\/2021\/06\/iruna-motor-tatin-300x231.jpg 300w, https:\/\/www.expertservicecar.com\/wp-content\/uploads\/2021\/06\/iruna-motor-tatin-768x591.jpg 768w, https:\/\/www.expertservicecar.com\/wp-content\/uploads\/2021\/06\/iruna-motor-tatin-600x462.jpg 600w, https:\/\/www.expertservicecar.com\/wp-content\/uploads\/2021\/06\/iruna-motor-tatin.jpg 900w\" sizes=\"(max-width: 300px) 100vw, 300px\" title=\"\">\t\t\t\t\t\t\t\t<\/a>\n\t\t\t\t\t\t\t\t\t\t\t\t\t\t\t<\/div>\n\t\t\t\t<\/div>\n\t\t\t\t\t<\/div>\n\t\t<\/div>\n\t\t\t\t\t<\/div>\n\t\t<\/section>\n\t\t\t\t<\/div>\n\t\t<\/div><div class=\"jet-listing-grid__item jet-listing-dynamic-post-7840 jet-equal-columns\" data-post-id=\"7840\" >\t\t<div data-elementor-type=\"jet-listing-items\" data-elementor-id=\"524\" class=\"elementor elementor-524\" data-elementor-post-type=\"jet-engine\">\n\t\t\t\t\t\t<section class=\"elementor-section elementor-top-section elementor-element elementor-element-ef0c760 elementor-section-content-middle elementor-section-boxed elementor-section-height-default elementor-section-height-default\" data-id=\"ef0c760\" data-element_type=\"section\" data-e-type=\"section\" data-settings=\"{&quot;background_background&quot;:&quot;classic&quot;}\">\n\t\t\t\t\t\t<div class=\"elementor-container elementor-column-gap-default\">\n\t\t\t\t\t<div class=\"elementor-column elementor-col-50 elementor-top-column elementor-element elementor-element-f3770a2\" data-id=\"f3770a2\" data-element_type=\"column\" data-e-type=\"column\">\n\t\t\t<div class=\"elementor-widget-wrap elementor-element-populated\">\n\t\t\t\t\t\t<div class=\"elementor-element elementor-element-6788ee3 elementor-widget__width-auto elementor-widget elementor-widget-theme-post-title elementor-page-title elementor-widget-heading\" data-id=\"6788ee3\" data-element_type=\"widget\" data-e-type=\"widget\" data-widget_type=\"theme-post-title.default\">\n\t\t\t\t<div class=\"elementor-widget-container\">\n\t\t\t\t\t<h5 class=\"elementor-heading-title elementor-size-default\"><a href=\"https:\/\/www.expertservicecar.com\/pt-pt\/taller\/j-f-humanes-perez-c-b\/\">J.F.HUMANES PEREZ, C.B.<\/a><\/h5>\t\t\t\t<\/div>\n\t\t\t\t<\/div>\n\t\t\t\t<section class=\"elementor-section elementor-inner-section elementor-element elementor-element-dcd0ceb elementor-section-boxed elementor-section-height-default elementor-section-height-default\" data-id=\"dcd0ceb\" data-element_type=\"section\" data-e-type=\"section\">\n\t\t\t\t\t\t<div class=\"elementor-container elementor-column-gap-default\">\n\t\t\t\t\t<div class=\"elementor-column elementor-col-100 elementor-inner-column elementor-element elementor-element-aed0068\" data-id=\"aed0068\" data-element_type=\"column\" data-e-type=\"column\">\n\t\t\t<div class=\"elementor-widget-wrap elementor-element-populated\">\n\t\t\t\t\t\t<div class=\"elementor-element elementor-element-601cf1d elementor-widget__width-auto elementor-widget-mobile__width-auto elementor-widget elementor-widget-jet-listing-dynamic-field\" data-id=\"601cf1d\" data-element_type=\"widget\" data-e-type=\"widget\" data-widget_type=\"jet-listing-dynamic-field.default\">\n\t\t\t\t<div class=\"elementor-widget-container\">\n\t\t\t\t\t<div class=\"jet-listing jet-listing-dynamic-field display-inline\"><div class=\"jet-listing-dynamic-field__inline-wrap\"><span class=\"jet-listing-dynamic-field__content\"><p>C. Picasso, 6,<br \/>\n45270 Mocej\u00f3n,<br \/>\nToledo<\/p>\n<\/span><\/div><\/div>\t\t\t\t<\/div>\n\t\t\t\t<\/div>\n\t\t\t\t<div class=\"elementor-element elementor-element-1898eca elementor-widget elementor-widget-jet-listing-dynamic-link\" data-id=\"1898eca\" data-element_type=\"widget\" data-e-type=\"widget\" data-widget_type=\"jet-listing-dynamic-link.default\">\n\t\t\t\t<div class=\"elementor-widget-container\">\n\t\t\t\t\t<span class=\"jet-listing jet-listing-dynamic-link\"><a href=\"tel:925360513\" class=\"jet-listing-dynamic-link__link\"><i class=\"jet-listing-dynamic-link__icon fas fa-phone-alt\" aria-hidden=\"true\"><\/i><span class=\"jet-listing-dynamic-link__label\">925360513<\/span><\/a><\/span>\t\t\t\t<\/div>\n\t\t\t\t<\/div>\n\t\t\t\t<div class=\"elementor-element elementor-element-0329474 elementor-hidden-phone elementor-widget elementor-widget-jet-listing-dynamic-link\" data-id=\"0329474\" data-element_type=\"widget\" data-e-type=\"widget\" data-widget_type=\"jet-listing-dynamic-link.default\">\n\t\t\t\t<div class=\"elementor-widget-container\">\n\t\t\t\t\t<span class=\"jet-listing jet-listing-dynamic-link\"><a href=\"tel:654312737\" class=\"jet-listing-dynamic-link__link\"><i class=\"jet-listing-dynamic-link__icon oi oi-phone\" aria-hidden=\"true\"><\/i><span class=\"jet-listing-dynamic-link__label\">654312737<\/span><\/a><\/span>\t\t\t\t<\/div>\n\t\t\t\t<\/div>\n\t\t\t\t\t<\/div>\n\t\t<\/div>\n\t\t\t\t\t<\/div>\n\t\t<\/section>\n\t\t\t\t\t<\/div>\n\t\t<\/div>\n\t\t\t\t<div class=\"elementor-column elementor-col-50 elementor-top-column elementor-element elementor-element-bb24a8e\" data-id=\"bb24a8e\" data-element_type=\"column\" data-e-type=\"column\">\n\t\t\t<div class=\"elementor-widget-wrap elementor-element-populated\">\n\t\t\t\t\t\t<div class=\"elementor-element elementor-element-b78d0e4 elementor-widget elementor-widget-image\" data-id=\"b78d0e4\" data-element_type=\"widget\" data-e-type=\"widget\" data-widget_type=\"image.default\">\n\t\t\t\t<div class=\"elementor-widget-container\">\n\t\t\t\t\t\t\t\t\t\t\t\t\t\t\t\t<a href=\"https:\/\/www.expertservicecar.com\/pt-pt\/taller\/j-f-humanes-perez-c-b\/\">\n\t\t\t\t\t\t\t<img loading=\"lazy\" decoding=\"async\" width=\"300\" height=\"169\" src=\"https:\/\/www.expertservicecar.com\/wp-content\/uploads\/2025\/09\/WhatsApp-Image-2025-03-20-at-10.28.21-2-300x169.jpeg\" class=\"attachment-medium size-medium wp-image-7841\" alt=\"\" srcset=\"https:\/\/www.expertservicecar.com\/wp-content\/uploads\/2025\/09\/WhatsApp-Image-2025-03-20-at-10.28.21-2-300x169.jpeg 300w, https:\/\/www.expertservicecar.com\/wp-content\/uploads\/2025\/09\/WhatsApp-Image-2025-03-20-at-10.28.21-2-1024x576.jpeg 1024w, https:\/\/www.expertservicecar.com\/wp-content\/uploads\/2025\/09\/WhatsApp-Image-2025-03-20-at-10.28.21-2-768x432.jpeg 768w, https:\/\/www.expertservicecar.com\/wp-content\/uploads\/2025\/09\/WhatsApp-Image-2025-03-20-at-10.28.21-2-1536x864.jpeg 1536w, https:\/\/www.expertservicecar.com\/wp-content\/uploads\/2025\/09\/WhatsApp-Image-2025-03-20-at-10.28.21-2-150x85.jpeg 150w, https:\/\/www.expertservicecar.com\/wp-content\/uploads\/2025\/09\/WhatsApp-Image-2025-03-20-at-10.28.21-2-600x337.jpeg 600w, https:\/\/www.expertservicecar.com\/wp-content\/uploads\/2025\/09\/WhatsApp-Image-2025-03-20-at-10.28.21-2.jpeg 1599w\" sizes=\"(max-width: 300px) 100vw, 300px\" title=\"\">\t\t\t\t\t\t\t\t<\/a>\n\t\t\t\t\t\t\t\t\t\t\t\t\t\t\t<\/div>\n\t\t\t\t<\/div>\n\t\t\t\t\t<\/div>\n\t\t<\/div>\n\t\t\t\t\t<\/div>\n\t\t<\/section>\n\t\t\t\t<\/div>\n\t\t<\/div><div class=\"jet-listing-grid__item jet-listing-dynamic-post-7097 jet-equal-columns\" data-post-id=\"7097\" >\t\t<div data-elementor-type=\"jet-listing-items\" data-elementor-id=\"524\" class=\"elementor elementor-524\" data-elementor-post-type=\"jet-engine\">\n\t\t\t\t\t\t<section class=\"elementor-section elementor-top-section elementor-element elementor-element-ef0c760 elementor-section-content-middle elementor-section-boxed elementor-section-height-default elementor-section-height-default\" data-id=\"ef0c760\" data-element_type=\"section\" data-e-type=\"section\" data-settings=\"{&quot;background_background&quot;:&quot;classic&quot;}\">\n\t\t\t\t\t\t<div class=\"elementor-container elementor-column-gap-default\">\n\t\t\t\t\t<div class=\"elementor-column elementor-col-50 elementor-top-column elementor-element elementor-element-f3770a2\" data-id=\"f3770a2\" data-element_type=\"column\" data-e-type=\"column\">\n\t\t\t<div class=\"elementor-widget-wrap elementor-element-populated\">\n\t\t\t\t\t\t<div class=\"elementor-element elementor-element-6788ee3 elementor-widget__width-auto elementor-widget elementor-widget-theme-post-title elementor-page-title elementor-widget-heading\" data-id=\"6788ee3\" data-element_type=\"widget\" data-e-type=\"widget\" data-widget_type=\"theme-post-title.default\">\n\t\t\t\t<div class=\"elementor-widget-container\">\n\t\t\t\t\t<h5 class=\"elementor-heading-title elementor-size-default\"><a href=\"https:\/\/www.expertservicecar.com\/pt-pt\/taller\/jj-automocion\/\">J&#038;J Automoci\u00f3n<\/a><\/h5>\t\t\t\t<\/div>\n\t\t\t\t<\/div>\n\t\t\t\t<section class=\"elementor-section elementor-inner-section elementor-element elementor-element-dcd0ceb elementor-section-boxed elementor-section-height-default elementor-section-height-default\" data-id=\"dcd0ceb\" data-element_type=\"section\" data-e-type=\"section\">\n\t\t\t\t\t\t<div class=\"elementor-container elementor-column-gap-default\">\n\t\t\t\t\t<div class=\"elementor-column elementor-col-100 elementor-inner-column elementor-element elementor-element-aed0068\" data-id=\"aed0068\" data-element_type=\"column\" data-e-type=\"column\">\n\t\t\t<div class=\"elementor-widget-wrap elementor-element-populated\">\n\t\t\t\t\t\t<div class=\"elementor-element elementor-element-601cf1d elementor-widget__width-auto elementor-widget-mobile__width-auto elementor-widget elementor-widget-jet-listing-dynamic-field\" data-id=\"601cf1d\" data-element_type=\"widget\" data-e-type=\"widget\" data-widget_type=\"jet-listing-dynamic-field.default\">\n\t\t\t\t<div class=\"elementor-widget-container\">\n\t\t\t\t\t<div class=\"jet-listing jet-listing-dynamic-field display-inline\"><div class=\"jet-listing-dynamic-field__inline-wrap\"><span class=\"jet-listing-dynamic-field__content\"><p>R\u00faa do Casti\u00f1eiri\u00f1o, 29-A,<br \/>\n15702 Santiago de Compostela<br \/>\nA Coru\u00f1a<\/p>\n<\/span><\/div><\/div>\t\t\t\t<\/div>\n\t\t\t\t<\/div>\n\t\t\t\t<div class=\"elementor-element elementor-element-1898eca elementor-widget elementor-widget-jet-listing-dynamic-link\" data-id=\"1898eca\" data-element_type=\"widget\" data-e-type=\"widget\" data-widget_type=\"jet-listing-dynamic-link.default\">\n\t\t\t\t<div class=\"elementor-widget-container\">\n\t\t\t\t\t<span class=\"jet-listing jet-listing-dynamic-link\"><a href=\"tel:981522366\" class=\"jet-listing-dynamic-link__link\"><i class=\"jet-listing-dynamic-link__icon fas fa-phone-alt\" aria-hidden=\"true\"><\/i><span class=\"jet-listing-dynamic-link__label\">981522366<\/span><\/a><\/span>\t\t\t\t<\/div>\n\t\t\t\t<\/div>\n\t\t\t\t<div class=\"elementor-element elementor-element-0329474 elementor-hidden-phone elementor-widget elementor-widget-jet-listing-dynamic-link\" data-id=\"0329474\" data-element_type=\"widget\" data-e-type=\"widget\" data-widget_type=\"jet-listing-dynamic-link.default\">\n\t\t\t\t<div class=\"elementor-widget-container\">\n\t\t\t\t\t<span class=\"jet-listing jet-listing-dynamic-link\"><a href=\"tel:689531544\" class=\"jet-listing-dynamic-link__link\"><i class=\"jet-listing-dynamic-link__icon oi oi-phone\" aria-hidden=\"true\"><\/i><span class=\"jet-listing-dynamic-link__label\">689531544<\/span><\/a><\/span>\t\t\t\t<\/div>\n\t\t\t\t<\/div>\n\t\t\t\t\t<\/div>\n\t\t<\/div>\n\t\t\t\t\t<\/div>\n\t\t<\/section>\n\t\t\t\t\t<\/div>\n\t\t<\/div>\n\t\t\t\t<div class=\"elementor-column elementor-col-50 elementor-top-column elementor-element elementor-element-bb24a8e\" data-id=\"bb24a8e\" data-element_type=\"column\" data-e-type=\"column\">\n\t\t\t<div class=\"elementor-widget-wrap elementor-element-populated\">\n\t\t\t\t\t\t<div class=\"elementor-element elementor-element-b78d0e4 elementor-widget elementor-widget-image\" data-id=\"b78d0e4\" data-element_type=\"widget\" data-e-type=\"widget\" data-widget_type=\"image.default\">\n\t\t\t\t<div class=\"elementor-widget-container\">\n\t\t\t\t\t\t\t\t\t\t\t\t\t\t\t\t<a href=\"https:\/\/www.expertservicecar.com\/pt-pt\/taller\/jj-automocion\/\">\n\t\t\t\t\t\t\t<img loading=\"lazy\" decoding=\"async\" width=\"300\" height=\"225\" src=\"https:\/\/www.expertservicecar.com\/wp-content\/uploads\/2023\/09\/PORTAL-CON-MECANICO-300x225.jpg\" class=\"attachment-medium size-medium wp-image-7098\" alt=\"\" srcset=\"https:\/\/www.expertservicecar.com\/wp-content\/uploads\/2023\/09\/PORTAL-CON-MECANICO-300x225.jpg 300w, https:\/\/www.expertservicecar.com\/wp-content\/uploads\/2023\/09\/PORTAL-CON-MECANICO-1024x768.jpg 1024w, https:\/\/www.expertservicecar.com\/wp-content\/uploads\/2023\/09\/PORTAL-CON-MECANICO-768x576.jpg 768w, https:\/\/www.expertservicecar.com\/wp-content\/uploads\/2023\/09\/PORTAL-CON-MECANICO-1536x1152.jpg 1536w, https:\/\/www.expertservicecar.com\/wp-content\/uploads\/2023\/09\/PORTAL-CON-MECANICO-2048x1536.jpg 2048w, https:\/\/www.expertservicecar.com\/wp-content\/uploads\/2023\/09\/PORTAL-CON-MECANICO-600x450.jpg 600w\" sizes=\"(max-width: 300px) 100vw, 300px\" title=\"\">\t\t\t\t\t\t\t\t<\/a>\n\t\t\t\t\t\t\t\t\t\t\t\t\t\t\t<\/div>\n\t\t\t\t<\/div>\n\t\t\t\t\t<\/div>\n\t\t<\/div>\n\t\t\t\t\t<\/div>\n\t\t<\/section>\n\t\t\t\t<\/div>\n\t\t<\/div><div class=\"jet-listing-grid__item jet-listing-dynamic-post-6235 jet-equal-columns\" data-post-id=\"6235\" >\t\t<div data-elementor-type=\"jet-listing-items\" data-elementor-id=\"524\" class=\"elementor elementor-524\" data-elementor-post-type=\"jet-engine\">\n\t\t\t\t\t\t<section class=\"elementor-section elementor-top-section elementor-element elementor-element-ef0c760 elementor-section-content-middle elementor-section-boxed elementor-section-height-default elementor-section-height-default\" data-id=\"ef0c760\" data-element_type=\"section\" data-e-type=\"section\" data-settings=\"{&quot;background_background&quot;:&quot;classic&quot;}\">\n\t\t\t\t\t\t<div class=\"elementor-container elementor-column-gap-default\">\n\t\t\t\t\t<div class=\"elementor-column elementor-col-50 elementor-top-column elementor-element elementor-element-f3770a2\" data-id=\"f3770a2\" data-element_type=\"column\" data-e-type=\"column\">\n\t\t\t<div class=\"elementor-widget-wrap elementor-element-populated\">\n\t\t\t\t\t\t<div class=\"elementor-element elementor-element-6788ee3 elementor-widget__width-auto elementor-widget elementor-widget-theme-post-title elementor-page-title elementor-widget-heading\" data-id=\"6788ee3\" data-element_type=\"widget\" data-e-type=\"widget\" data-widget_type=\"theme-post-title.default\">\n\t\t\t\t<div class=\"elementor-widget-container\">\n\t\t\t\t\t<h5 class=\"elementor-heading-title elementor-size-default\"><a href=\"https:\/\/www.expertservicecar.com\/pt-pt\/taller\/jaenwagen\/\">Jaenwagen<\/a><\/h5>\t\t\t\t<\/div>\n\t\t\t\t<\/div>\n\t\t\t\t<section class=\"elementor-section elementor-inner-section elementor-element elementor-element-dcd0ceb elementor-section-boxed elementor-section-height-default elementor-section-height-default\" data-id=\"dcd0ceb\" data-element_type=\"section\" data-e-type=\"section\">\n\t\t\t\t\t\t<div class=\"elementor-container elementor-column-gap-default\">\n\t\t\t\t\t<div class=\"elementor-column elementor-col-100 elementor-inner-column elementor-element elementor-element-aed0068\" data-id=\"aed0068\" data-element_type=\"column\" data-e-type=\"column\">\n\t\t\t<div class=\"elementor-widget-wrap elementor-element-populated\">\n\t\t\t\t\t\t<div class=\"elementor-element elementor-element-601cf1d elementor-widget__width-auto elementor-widget-mobile__width-auto elementor-widget elementor-widget-jet-listing-dynamic-field\" data-id=\"601cf1d\" data-element_type=\"widget\" data-e-type=\"widget\" data-widget_type=\"jet-listing-dynamic-field.default\">\n\t\t\t\t<div class=\"elementor-widget-container\">\n\t\t\t\t\t<div class=\"jet-listing jet-listing-dynamic-field display-inline\"><div class=\"jet-listing-dynamic-field__inline-wrap\"><span class=\"jet-listing-dynamic-field__content\"><p>Pol\u00edgono Industrial Los Olivares,<br \/>\nC. Mancha Real, 49<br \/>\n23009 Ja\u00e9n<\/p>\n<\/span><\/div><\/div>\t\t\t\t<\/div>\n\t\t\t\t<\/div>\n\t\t\t\t<div class=\"elementor-element elementor-element-1898eca elementor-widget elementor-widget-jet-listing-dynamic-link\" data-id=\"1898eca\" data-element_type=\"widget\" data-e-type=\"widget\" data-widget_type=\"jet-listing-dynamic-link.default\">\n\t\t\t\t<div class=\"elementor-widget-container\">\n\t\t\t\t\t<span class=\"jet-listing jet-listing-dynamic-link\"><a href=\"tel:953284681\" class=\"jet-listing-dynamic-link__link\"><i class=\"jet-listing-dynamic-link__icon fas fa-phone-alt\" aria-hidden=\"true\"><\/i><span class=\"jet-listing-dynamic-link__label\">953284681<\/span><\/a><\/span>\t\t\t\t<\/div>\n\t\t\t\t<\/div>\n\t\t\t\t\t<\/div>\n\t\t<\/div>\n\t\t\t\t\t<\/div>\n\t\t<\/section>\n\t\t\t\t\t<\/div>\n\t\t<\/div>\n\t\t\t\t<div class=\"elementor-column elementor-col-50 elementor-top-column elementor-element elementor-element-bb24a8e\" data-id=\"bb24a8e\" data-element_type=\"column\" data-e-type=\"column\">\n\t\t\t<div class=\"elementor-widget-wrap elementor-element-populated\">\n\t\t\t\t\t\t<div class=\"elementor-element elementor-element-b78d0e4 elementor-widget elementor-widget-image\" data-id=\"b78d0e4\" data-element_type=\"widget\" data-e-type=\"widget\" data-widget_type=\"image.default\">\n\t\t\t\t<div class=\"elementor-widget-container\">\n\t\t\t\t\t\t\t\t\t\t\t\t\t\t\t\t<a href=\"https:\/\/www.expertservicecar.com\/pt-pt\/taller\/jaenwagen\/\">\n\t\t\t\t\t\t\t<img loading=\"lazy\" decoding=\"async\" width=\"300\" height=\"168\" src=\"https:\/\/www.expertservicecar.com\/wp-content\/uploads\/2022\/06\/jaenwagen-300x168.jpg\" class=\"attachment-medium size-medium wp-image-6236\" alt=\"jaenwagen\" srcset=\"https:\/\/www.expertservicecar.com\/wp-content\/uploads\/2022\/06\/jaenwagen-300x168.jpg 300w, https:\/\/www.expertservicecar.com\/wp-content\/uploads\/2022\/06\/jaenwagen-1024x572.jpg 1024w, https:\/\/www.expertservicecar.com\/wp-content\/uploads\/2022\/06\/jaenwagen-768x429.jpg 768w, https:\/\/www.expertservicecar.com\/wp-content\/uploads\/2022\/06\/jaenwagen-150x85.jpg 150w, https:\/\/www.expertservicecar.com\/wp-content\/uploads\/2022\/06\/jaenwagen-1170x650.jpg 1170w, https:\/\/www.expertservicecar.com\/wp-content\/uploads\/2022\/06\/jaenwagen-600x335.jpg 600w, https:\/\/www.expertservicecar.com\/wp-content\/uploads\/2022\/06\/jaenwagen.jpg 1418w\" sizes=\"(max-width: 300px) 100vw, 300px\" title=\"\">\t\t\t\t\t\t\t\t<\/a>\n\t\t\t\t\t\t\t\t\t\t\t\t\t\t\t<\/div>\n\t\t\t\t<\/div>\n\t\t\t\t\t<\/div>\n\t\t<\/div>\n\t\t\t\t\t<\/div>\n\t\t<\/section>\n\t\t\t\t<\/div>\n\t\t<\/div><div class=\"jet-listing-grid__item jet-listing-dynamic-post-6951 jet-equal-columns\" data-post-id=\"6951\" >\t\t<div data-elementor-type=\"jet-listing-items\" data-elementor-id=\"524\" class=\"elementor elementor-524\" data-elementor-post-type=\"jet-engine\">\n\t\t\t\t\t\t<section class=\"elementor-section elementor-top-section elementor-element elementor-element-ef0c760 elementor-section-content-middle elementor-section-boxed elementor-section-height-default elementor-section-height-default\" data-id=\"ef0c760\" data-element_type=\"section\" data-e-type=\"section\" data-settings=\"{&quot;background_background&quot;:&quot;classic&quot;}\">\n\t\t\t\t\t\t<div class=\"elementor-container elementor-column-gap-default\">\n\t\t\t\t\t<div class=\"elementor-column elementor-col-50 elementor-top-column elementor-element elementor-element-f3770a2\" data-id=\"f3770a2\" data-element_type=\"column\" data-e-type=\"column\">\n\t\t\t<div class=\"elementor-widget-wrap elementor-element-populated\">\n\t\t\t\t\t\t<div class=\"elementor-element elementor-element-6788ee3 elementor-widget__width-auto elementor-widget elementor-widget-theme-post-title elementor-page-title elementor-widget-heading\" data-id=\"6788ee3\" data-element_type=\"widget\" data-e-type=\"widget\" data-widget_type=\"theme-post-title.default\">\n\t\t\t\t<div class=\"elementor-widget-container\">\n\t\t\t\t\t<h5 class=\"elementor-heading-title elementor-size-default\"><a href=\"https:\/\/www.expertservicecar.com\/pt-pt\/taller\/jaferauto-automocion-s-l\/\">JAFERAUTO AUTOMOCION S.L.<\/a><\/h5>\t\t\t\t<\/div>\n\t\t\t\t<\/div>\n\t\t\t\t<section class=\"elementor-section elementor-inner-section elementor-element elementor-element-dcd0ceb elementor-section-boxed elementor-section-height-default elementor-section-height-default\" data-id=\"dcd0ceb\" data-element_type=\"section\" data-e-type=\"section\">\n\t\t\t\t\t\t<div class=\"elementor-container elementor-column-gap-default\">\n\t\t\t\t\t<div class=\"elementor-column elementor-col-100 elementor-inner-column elementor-element elementor-element-aed0068\" data-id=\"aed0068\" data-element_type=\"column\" data-e-type=\"column\">\n\t\t\t<div class=\"elementor-widget-wrap elementor-element-populated\">\n\t\t\t\t\t\t<div class=\"elementor-element elementor-element-601cf1d elementor-widget__width-auto elementor-widget-mobile__width-auto elementor-widget elementor-widget-jet-listing-dynamic-field\" data-id=\"601cf1d\" data-element_type=\"widget\" data-e-type=\"widget\" data-widget_type=\"jet-listing-dynamic-field.default\">\n\t\t\t\t<div class=\"elementor-widget-container\">\n\t\t\t\t\t<div class=\"jet-listing jet-listing-dynamic-field display-inline\"><div class=\"jet-listing-dynamic-field__inline-wrap\"><span class=\"jet-listing-dynamic-field__content\"><p>Pol. Ind. Macarena, C. Termodin\u00e1mica, 19,<br \/>\n41015 Sevilla<\/p>\n<\/span><\/div><\/div>\t\t\t\t<\/div>\n\t\t\t\t<\/div>\n\t\t\t\t<div class=\"elementor-element elementor-element-1898eca elementor-widget elementor-widget-jet-listing-dynamic-link\" data-id=\"1898eca\" data-element_type=\"widget\" data-e-type=\"widget\" data-widget_type=\"jet-listing-dynamic-link.default\">\n\t\t\t\t<div class=\"elementor-widget-container\">\n\t\t\t\t\t<span class=\"jet-listing jet-listing-dynamic-link\"><a href=\"tel:\" class=\"jet-listing-dynamic-link__link\"><i class=\"jet-listing-dynamic-link__icon fas fa-phone-alt\" aria-hidden=\"true\"><\/i><\/a><\/span>\t\t\t\t<\/div>\n\t\t\t\t<\/div>\n\t\t\t\t<div class=\"elementor-element elementor-element-0329474 elementor-hidden-phone elementor-widget elementor-widget-jet-listing-dynamic-link\" data-id=\"0329474\" data-element_type=\"widget\" data-e-type=\"widget\" data-widget_type=\"jet-listing-dynamic-link.default\">\n\t\t\t\t<div class=\"elementor-widget-container\">\n\t\t\t\t\t<span class=\"jet-listing jet-listing-dynamic-link\"><a href=\"tel:667705731\" class=\"jet-listing-dynamic-link__link\"><i class=\"jet-listing-dynamic-link__icon oi oi-phone\" aria-hidden=\"true\"><\/i><span class=\"jet-listing-dynamic-link__label\">667705731<\/span><\/a><\/span>\t\t\t\t<\/div>\n\t\t\t\t<\/div>\n\t\t\t\t\t<\/div>\n\t\t<\/div>\n\t\t\t\t\t<\/div>\n\t\t<\/section>\n\t\t\t\t\t<\/div>\n\t\t<\/div>\n\t\t\t\t<div class=\"elementor-column elementor-col-50 elementor-top-column elementor-element elementor-element-bb24a8e\" data-id=\"bb24a8e\" data-element_type=\"column\" data-e-type=\"column\">\n\t\t\t<div class=\"elementor-widget-wrap elementor-element-populated\">\n\t\t\t\t\t\t<div class=\"elementor-element elementor-element-b78d0e4 elementor-widget elementor-widget-image\" data-id=\"b78d0e4\" data-element_type=\"widget\" data-e-type=\"widget\" data-widget_type=\"image.default\">\n\t\t\t\t<div class=\"elementor-widget-container\">\n\t\t\t\t\t\t\t\t\t\t\t\t\t\t\t\t<a href=\"https:\/\/www.expertservicecar.com\/pt-pt\/taller\/jaferauto-automocion-s-l\/\">\n\t\t\t\t\t\t\t<img loading=\"lazy\" decoding=\"async\" width=\"300\" height=\"139\" src=\"https:\/\/www.expertservicecar.com\/wp-content\/uploads\/2023\/06\/jaferauto-300x139.jpg\" class=\"attachment-medium size-medium wp-image-6952\" alt=\"\" srcset=\"https:\/\/www.expertservicecar.com\/wp-content\/uploads\/2023\/06\/jaferauto-300x139.jpg 300w, https:\/\/www.expertservicecar.com\/wp-content\/uploads\/2023\/06\/jaferauto-1024x476.jpg 1024w, https:\/\/www.expertservicecar.com\/wp-content\/uploads\/2023\/06\/jaferauto-768x357.jpg 768w, https:\/\/www.expertservicecar.com\/wp-content\/uploads\/2023\/06\/jaferauto-1536x714.jpg 1536w, https:\/\/www.expertservicecar.com\/wp-content\/uploads\/2023\/06\/jaferauto-600x279.jpg 600w, https:\/\/www.expertservicecar.com\/wp-content\/uploads\/2023\/06\/jaferauto.jpg 1685w\" sizes=\"(max-width: 300px) 100vw, 300px\" title=\"\">\t\t\t\t\t\t\t\t<\/a>\n\t\t\t\t\t\t\t\t\t\t\t\t\t\t\t<\/div>\n\t\t\t\t<\/div>\n\t\t\t\t\t<\/div>\n\t\t<\/div>\n\t\t\t\t\t<\/div>\n\t\t<\/section>\n\t\t\t\t<\/div>\n\t\t<\/div><div class=\"jet-listing-grid__item jet-listing-dynamic-post-7471 jet-equal-columns\" data-post-id=\"7471\" >\t\t<div data-elementor-type=\"jet-listing-items\" data-elementor-id=\"524\" class=\"elementor elementor-524\" data-elementor-post-type=\"jet-engine\">\n\t\t\t\t\t\t<section class=\"elementor-section elementor-top-section elementor-element elementor-element-ef0c760 elementor-section-content-middle elementor-section-boxed elementor-section-height-default elementor-section-height-default\" data-id=\"ef0c760\" data-element_type=\"section\" data-e-type=\"section\" data-settings=\"{&quot;background_background&quot;:&quot;classic&quot;}\">\n\t\t\t\t\t\t<div class=\"elementor-container elementor-column-gap-default\">\n\t\t\t\t\t<div class=\"elementor-column elementor-col-50 elementor-top-column elementor-element elementor-element-f3770a2\" data-id=\"f3770a2\" data-element_type=\"column\" data-e-type=\"column\">\n\t\t\t<div class=\"elementor-widget-wrap elementor-element-populated\">\n\t\t\t\t\t\t<div class=\"elementor-element elementor-element-6788ee3 elementor-widget__width-auto elementor-widget elementor-widget-theme-post-title elementor-page-title elementor-widget-heading\" data-id=\"6788ee3\" data-element_type=\"widget\" data-e-type=\"widget\" data-widget_type=\"theme-post-title.default\">\n\t\t\t\t<div class=\"elementor-widget-container\">\n\t\t\t\t\t<h5 class=\"elementor-heading-title elementor-size-default\"><a href=\"https:\/\/www.expertservicecar.com\/pt-pt\/taller\/la-villa-motor\/\">La Villa Motor Sport<\/a><\/h5>\t\t\t\t<\/div>\n\t\t\t\t<\/div>\n\t\t\t\t<section class=\"elementor-section elementor-inner-section elementor-element elementor-element-dcd0ceb elementor-section-boxed elementor-section-height-default elementor-section-height-default\" data-id=\"dcd0ceb\" data-element_type=\"section\" data-e-type=\"section\">\n\t\t\t\t\t\t<div class=\"elementor-container elementor-column-gap-default\">\n\t\t\t\t\t<div class=\"elementor-column elementor-col-100 elementor-inner-column elementor-element elementor-element-aed0068\" data-id=\"aed0068\" data-element_type=\"column\" data-e-type=\"column\">\n\t\t\t<div class=\"elementor-widget-wrap elementor-element-populated\">\n\t\t\t\t\t\t<div class=\"elementor-element elementor-element-601cf1d elementor-widget__width-auto elementor-widget-mobile__width-auto elementor-widget elementor-widget-jet-listing-dynamic-field\" data-id=\"601cf1d\" data-element_type=\"widget\" data-e-type=\"widget\" data-widget_type=\"jet-listing-dynamic-field.default\">\n\t\t\t\t<div class=\"elementor-widget-container\">\n\t\t\t\t\t<div class=\"jet-listing jet-listing-dynamic-field display-inline\"><div class=\"jet-listing-dynamic-field__inline-wrap\"><span class=\"jet-listing-dynamic-field__content\"><p>Poligono el Cubo, 2,<br \/>\n05491 Mombeltr\u00e1n, \u00c1vila<\/p>\n<\/span><\/div><\/div>\t\t\t\t<\/div>\n\t\t\t\t<\/div>\n\t\t\t\t<div class=\"elementor-element elementor-element-1898eca elementor-widget elementor-widget-jet-listing-dynamic-link\" data-id=\"1898eca\" data-element_type=\"widget\" data-e-type=\"widget\" data-widget_type=\"jet-listing-dynamic-link.default\">\n\t\t\t\t<div class=\"elementor-widget-container\">\n\t\t\t\t\t<span class=\"jet-listing jet-listing-dynamic-link\"><a href=\"tel:\" class=\"jet-listing-dynamic-link__link\"><i class=\"jet-listing-dynamic-link__icon fas fa-phone-alt\" aria-hidden=\"true\"><\/i><\/a><\/span>\t\t\t\t<\/div>\n\t\t\t\t<\/div>\n\t\t\t\t<div class=\"elementor-element elementor-element-0329474 elementor-hidden-phone elementor-widget elementor-widget-jet-listing-dynamic-link\" data-id=\"0329474\" data-element_type=\"widget\" data-e-type=\"widget\" data-widget_type=\"jet-listing-dynamic-link.default\">\n\t\t\t\t<div class=\"elementor-widget-container\">\n\t\t\t\t\t<span class=\"jet-listing jet-listing-dynamic-link\"><a href=\"tel:660768771\" class=\"jet-listing-dynamic-link__link\"><i class=\"jet-listing-dynamic-link__icon oi oi-phone\" aria-hidden=\"true\"><\/i><span class=\"jet-listing-dynamic-link__label\">660768771<\/span><\/a><\/span>\t\t\t\t<\/div>\n\t\t\t\t<\/div>\n\t\t\t\t\t<\/div>\n\t\t<\/div>\n\t\t\t\t\t<\/div>\n\t\t<\/section>\n\t\t\t\t\t<\/div>\n\t\t<\/div>\n\t\t\t\t<div class=\"elementor-column elementor-col-50 elementor-top-column elementor-element elementor-element-bb24a8e\" data-id=\"bb24a8e\" data-element_type=\"column\" data-e-type=\"column\">\n\t\t\t<div class=\"elementor-widget-wrap elementor-element-populated\">\n\t\t\t\t\t\t<div class=\"elementor-element elementor-element-b78d0e4 elementor-widget elementor-widget-image\" data-id=\"b78d0e4\" data-element_type=\"widget\" data-e-type=\"widget\" data-widget_type=\"image.default\">\n\t\t\t\t<div class=\"elementor-widget-container\">\n\t\t\t\t\t\t\t\t\t\t\t\t\t\t\t\t<a href=\"https:\/\/www.expertservicecar.com\/pt-pt\/taller\/la-villa-motor\/\">\n\t\t\t\t\t\t\t<img loading=\"lazy\" decoding=\"async\" width=\"300\" height=\"224\" src=\"https:\/\/www.expertservicecar.com\/wp-content\/uploads\/2024\/04\/lavillamotor-300x224.jpg\" class=\"attachment-medium size-medium wp-image-7473\" alt=\"\" srcset=\"https:\/\/www.expertservicecar.com\/wp-content\/uploads\/2024\/04\/lavillamotor-300x224.jpg 300w, https:\/\/www.expertservicecar.com\/wp-content\/uploads\/2024\/04\/lavillamotor-1024x765.jpg 1024w, https:\/\/www.expertservicecar.com\/wp-content\/uploads\/2024\/04\/lavillamotor-768x573.jpg 768w, https:\/\/www.expertservicecar.com\/wp-content\/uploads\/2024\/04\/lavillamotor-600x448.jpg 600w, https:\/\/www.expertservicecar.com\/wp-content\/uploads\/2024\/04\/lavillamotor.jpg 1137w\" sizes=\"(max-width: 300px) 100vw, 300px\" title=\"\">\t\t\t\t\t\t\t\t<\/a>\n\t\t\t\t\t\t\t\t\t\t\t\t\t\t\t<\/div>\n\t\t\t\t<\/div>\n\t\t\t\t\t<\/div>\n\t\t<\/div>\n\t\t\t\t\t<\/div>\n\t\t<\/section>\n\t\t\t\t<\/div>\n\t\t<\/div><div class=\"jet-listing-grid__item jet-listing-dynamic-post-3251 jet-equal-columns\" data-post-id=\"3251\" >\t\t<div data-elementor-type=\"jet-listing-items\" data-elementor-id=\"524\" class=\"elementor elementor-524\" data-elementor-post-type=\"jet-engine\">\n\t\t\t\t\t\t<section class=\"elementor-section elementor-top-section elementor-element elementor-element-ef0c760 elementor-section-content-middle elementor-section-boxed elementor-section-height-default elementor-section-height-default\" data-id=\"ef0c760\" data-element_type=\"section\" data-e-type=\"section\" data-settings=\"{&quot;background_background&quot;:&quot;classic&quot;}\">\n\t\t\t\t\t\t<div class=\"elementor-container elementor-column-gap-default\">\n\t\t\t\t\t<div class=\"elementor-column elementor-col-50 elementor-top-column elementor-element elementor-element-f3770a2\" data-id=\"f3770a2\" data-element_type=\"column\" data-e-type=\"column\">\n\t\t\t<div class=\"elementor-widget-wrap elementor-element-populated\">\n\t\t\t\t\t\t<div class=\"elementor-element elementor-element-6788ee3 elementor-widget__width-auto elementor-widget elementor-widget-theme-post-title elementor-page-title elementor-widget-heading\" data-id=\"6788ee3\" data-element_type=\"widget\" data-e-type=\"widget\" data-widget_type=\"theme-post-title.default\">\n\t\t\t\t<div class=\"elementor-widget-container\">\n\t\t\t\t\t<h5 class=\"elementor-heading-title elementor-size-default\"><a href=\"https:\/\/www.expertservicecar.com\/pt-pt\/taller\/leonardo-da-vinci\/\">Leonardo Da Vinci<\/a><\/h5>\t\t\t\t<\/div>\n\t\t\t\t<\/div>\n\t\t\t\t<section class=\"elementor-section elementor-inner-section elementor-element elementor-element-dcd0ceb elementor-section-boxed elementor-section-height-default elementor-section-height-default\" data-id=\"dcd0ceb\" data-element_type=\"section\" data-e-type=\"section\">\n\t\t\t\t\t\t<div class=\"elementor-container elementor-column-gap-default\">\n\t\t\t\t\t<div class=\"elementor-column elementor-col-100 elementor-inner-column elementor-element elementor-element-aed0068\" data-id=\"aed0068\" data-element_type=\"column\" data-e-type=\"column\">\n\t\t\t<div class=\"elementor-widget-wrap elementor-element-populated\">\n\t\t\t\t\t\t<div class=\"elementor-element elementor-element-601cf1d elementor-widget__width-auto elementor-widget-mobile__width-auto elementor-widget elementor-widget-jet-listing-dynamic-field\" data-id=\"601cf1d\" data-element_type=\"widget\" data-e-type=\"widget\" data-widget_type=\"jet-listing-dynamic-field.default\">\n\t\t\t\t<div class=\"elementor-widget-container\">\n\t\t\t\t\t<div class=\"jet-listing jet-listing-dynamic-field display-inline\"><div class=\"jet-listing-dynamic-field__inline-wrap\"><span class=\"jet-listing-dynamic-field__content\"><p>Carrer Vict\u00f2ria, 75<br \/>\n08830 Sant Boi de Llobregat<br \/>\nBarcelona<\/p>\n<\/span><\/div><\/div>\t\t\t\t<\/div>\n\t\t\t\t<\/div>\n\t\t\t\t<div class=\"elementor-element elementor-element-1898eca elementor-widget elementor-widget-jet-listing-dynamic-link\" data-id=\"1898eca\" data-element_type=\"widget\" data-e-type=\"widget\" data-widget_type=\"jet-listing-dynamic-link.default\">\n\t\t\t\t<div class=\"elementor-widget-container\">\n\t\t\t\t\t<span class=\"jet-listing jet-listing-dynamic-link\"><a href=\"tel:+34 93 640 24 60\" class=\"jet-listing-dynamic-link__link\"><i class=\"jet-listing-dynamic-link__icon fas fa-phone-alt\" aria-hidden=\"true\"><\/i><span class=\"jet-listing-dynamic-link__label\">+34 93 640 24 60<\/span><\/a><\/span>\t\t\t\t<\/div>\n\t\t\t\t<\/div>\n\t\t\t\t\t<\/div>\n\t\t<\/div>\n\t\t\t\t\t<\/div>\n\t\t<\/section>\n\t\t\t\t\t<\/div>\n\t\t<\/div>\n\t\t\t\t<div class=\"elementor-column elementor-col-50 elementor-top-column elementor-element elementor-element-bb24a8e\" data-id=\"bb24a8e\" data-element_type=\"column\" data-e-type=\"column\">\n\t\t\t<div class=\"elementor-widget-wrap elementor-element-populated\">\n\t\t\t\t\t\t<div class=\"elementor-element elementor-element-b78d0e4 elementor-widget elementor-widget-image\" data-id=\"b78d0e4\" data-element_type=\"widget\" data-e-type=\"widget\" data-widget_type=\"image.default\">\n\t\t\t\t<div class=\"elementor-widget-container\">\n\t\t\t\t\t\t\t\t\t\t\t\t\t\t\t\t<a href=\"https:\/\/www.expertservicecar.com\/pt-pt\/taller\/leonardo-da-vinci\/\">\n\t\t\t\t\t\t\t<img loading=\"lazy\" decoding=\"async\" width=\"300\" height=\"231\" src=\"https:\/\/www.expertservicecar.com\/wp-content\/uploads\/2021\/06\/leonardo-da-vinci-01-300x231.jpg\" class=\"attachment-medium size-medium wp-image-3252\" alt=\"Leonardo Da Vinci\" srcset=\"https:\/\/www.expertservicecar.com\/wp-content\/uploads\/2021\/06\/leonardo-da-vinci-01-300x231.jpg 300w, https:\/\/www.expertservicecar.com\/wp-content\/uploads\/2021\/06\/leonardo-da-vinci-01-768x591.jpg 768w, https:\/\/www.expertservicecar.com\/wp-content\/uploads\/2021\/06\/leonardo-da-vinci-01-600x462.jpg 600w, https:\/\/www.expertservicecar.com\/wp-content\/uploads\/2021\/06\/leonardo-da-vinci-01.jpg 900w\" sizes=\"(max-width: 300px) 100vw, 300px\" title=\"\">\t\t\t\t\t\t\t\t<\/a>\n\t\t\t\t\t\t\t\t\t\t\t\t\t\t\t<\/div>\n\t\t\t\t<\/div>\n\t\t\t\t\t<\/div>\n\t\t<\/div>\n\t\t\t\t\t<\/div>\n\t\t<\/section>\n\t\t\t\t<\/div>\n\t\t<\/div><div class=\"jet-listing-grid__item jet-listing-dynamic-post-7847 jet-equal-columns\" data-post-id=\"7847\" >\t\t<div data-elementor-type=\"jet-listing-items\" data-elementor-id=\"524\" class=\"elementor elementor-524\" data-elementor-post-type=\"jet-engine\">\n\t\t\t\t\t\t<section class=\"elementor-section elementor-top-section elementor-element elementor-element-ef0c760 elementor-section-content-middle elementor-section-boxed elementor-section-height-default elementor-section-height-default\" data-id=\"ef0c760\" data-element_type=\"section\" data-e-type=\"section\" data-settings=\"{&quot;background_background&quot;:&quot;classic&quot;}\">\n\t\t\t\t\t\t<div class=\"elementor-container elementor-column-gap-default\">\n\t\t\t\t\t<div class=\"elementor-column elementor-col-50 elementor-top-column elementor-element elementor-element-f3770a2\" data-id=\"f3770a2\" data-element_type=\"column\" data-e-type=\"column\">\n\t\t\t<div class=\"elementor-widget-wrap elementor-element-populated\">\n\t\t\t\t\t\t<div class=\"elementor-element elementor-element-6788ee3 elementor-widget__width-auto elementor-widget elementor-widget-theme-post-title elementor-page-title elementor-widget-heading\" data-id=\"6788ee3\" data-element_type=\"widget\" data-e-type=\"widget\" data-widget_type=\"theme-post-title.default\">\n\t\t\t\t<div class=\"elementor-widget-container\">\n\t\t\t\t\t<h5 class=\"elementor-heading-title elementor-size-default\"><a href=\"https:\/\/www.expertservicecar.com\/pt-pt\/taller\/mas-motor-jaymar\/\">MAS MOTOR JAYMAR<\/a><\/h5>\t\t\t\t<\/div>\n\t\t\t\t<\/div>\n\t\t\t\t<section class=\"elementor-section elementor-inner-section elementor-element elementor-element-dcd0ceb elementor-section-boxed elementor-section-height-default elementor-section-height-default\" data-id=\"dcd0ceb\" data-element_type=\"section\" data-e-type=\"section\">\n\t\t\t\t\t\t<div class=\"elementor-container elementor-column-gap-default\">\n\t\t\t\t\t<div class=\"elementor-column elementor-col-100 elementor-inner-column elementor-element elementor-element-aed0068\" data-id=\"aed0068\" data-element_type=\"column\" data-e-type=\"column\">\n\t\t\t<div class=\"elementor-widget-wrap elementor-element-populated\">\n\t\t\t\t\t\t<div class=\"elementor-element elementor-element-601cf1d elementor-widget__width-auto elementor-widget-mobile__width-auto elementor-widget elementor-widget-jet-listing-dynamic-field\" data-id=\"601cf1d\" data-element_type=\"widget\" data-e-type=\"widget\" data-widget_type=\"jet-listing-dynamic-field.default\">\n\t\t\t\t<div class=\"elementor-widget-container\">\n\t\t\t\t\t<div class=\"jet-listing jet-listing-dynamic-field display-inline\"><div class=\"jet-listing-dynamic-field__inline-wrap\"><span class=\"jet-listing-dynamic-field__content\"><p>Calle del Buril, 27, Poligono Industrial P29,<br \/>\n28400 Collado Villalba,<br \/>\nMadrid<\/p>\n<\/span><\/div><\/div>\t\t\t\t<\/div>\n\t\t\t\t<\/div>\n\t\t\t\t<div class=\"elementor-element elementor-element-1898eca elementor-widget elementor-widget-jet-listing-dynamic-link\" data-id=\"1898eca\" data-element_type=\"widget\" data-e-type=\"widget\" data-widget_type=\"jet-listing-dynamic-link.default\">\n\t\t\t\t<div class=\"elementor-widget-container\">\n\t\t\t\t\t<span class=\"jet-listing jet-listing-dynamic-link\"><a href=\"tel:918515502\" class=\"jet-listing-dynamic-link__link\"><i class=\"jet-listing-dynamic-link__icon fas fa-phone-alt\" aria-hidden=\"true\"><\/i><span class=\"jet-listing-dynamic-link__label\">918515502<\/span><\/a><\/span>\t\t\t\t<\/div>\n\t\t\t\t<\/div>\n\t\t\t\t<div class=\"elementor-element elementor-element-0329474 elementor-hidden-phone elementor-widget elementor-widget-jet-listing-dynamic-link\" data-id=\"0329474\" data-element_type=\"widget\" data-e-type=\"widget\" data-widget_type=\"jet-listing-dynamic-link.default\">\n\t\t\t\t<div class=\"elementor-widget-container\">\n\t\t\t\t\t<span class=\"jet-listing jet-listing-dynamic-link\"><a href=\"tel:609055767\" class=\"jet-listing-dynamic-link__link\"><i class=\"jet-listing-dynamic-link__icon oi oi-phone\" aria-hidden=\"true\"><\/i><span class=\"jet-listing-dynamic-link__label\">609055767<\/span><\/a><\/span>\t\t\t\t<\/div>\n\t\t\t\t<\/div>\n\t\t\t\t\t<\/div>\n\t\t<\/div>\n\t\t\t\t\t<\/div>\n\t\t<\/section>\n\t\t\t\t\t<\/div>\n\t\t<\/div>\n\t\t\t\t<div class=\"elementor-column elementor-col-50 elementor-top-column elementor-element elementor-element-bb24a8e\" data-id=\"bb24a8e\" data-element_type=\"column\" data-e-type=\"column\">\n\t\t\t<div class=\"elementor-widget-wrap elementor-element-populated\">\n\t\t\t\t\t\t<div class=\"elementor-element elementor-element-b78d0e4 elementor-widget elementor-widget-image\" data-id=\"b78d0e4\" data-element_type=\"widget\" data-e-type=\"widget\" data-widget_type=\"image.default\">\n\t\t\t\t<div class=\"elementor-widget-container\">\n\t\t\t\t\t\t\t\t\t\t\t\t\t\t\t\t<a href=\"https:\/\/www.expertservicecar.com\/pt-pt\/taller\/mas-motor-jaymar\/\">\n\t\t\t\t\t\t\t<img loading=\"lazy\" decoding=\"async\" width=\"300\" height=\"206\" src=\"https:\/\/www.expertservicecar.com\/wp-content\/uploads\/2025\/09\/JAYMAR-1-300x206.jpg\" class=\"attachment-medium size-medium wp-image-7848\" alt=\"\" srcset=\"https:\/\/www.expertservicecar.com\/wp-content\/uploads\/2025\/09\/JAYMAR-1-300x206.jpg 300w, https:\/\/www.expertservicecar.com\/wp-content\/uploads\/2025\/09\/JAYMAR-1-1024x704.jpg 1024w, https:\/\/www.expertservicecar.com\/wp-content\/uploads\/2025\/09\/JAYMAR-1-768x528.jpg 768w, https:\/\/www.expertservicecar.com\/wp-content\/uploads\/2025\/09\/JAYMAR-1-600x412.jpg 600w, https:\/\/www.expertservicecar.com\/wp-content\/uploads\/2025\/09\/JAYMAR-1.jpg 1275w\" sizes=\"(max-width: 300px) 100vw, 300px\" title=\"\">\t\t\t\t\t\t\t\t<\/a>\n\t\t\t\t\t\t\t\t\t\t\t\t\t\t\t<\/div>\n\t\t\t\t<\/div>\n\t\t\t\t\t<\/div>\n\t\t<\/div>\n\t\t\t\t\t<\/div>\n\t\t<\/section>\n\t\t\t\t<\/div>\n\t\t<\/div><div class=\"jet-listing-grid__item jet-listing-dynamic-post-7659 jet-equal-columns\" data-post-id=\"7659\" >\t\t<div data-elementor-type=\"jet-listing-items\" data-elementor-id=\"524\" class=\"elementor elementor-524\" data-elementor-post-type=\"jet-engine\">\n\t\t\t\t\t\t<section class=\"elementor-section elementor-top-section elementor-element elementor-element-ef0c760 elementor-section-content-middle elementor-section-boxed elementor-section-height-default elementor-section-height-default\" data-id=\"ef0c760\" data-element_type=\"section\" data-e-type=\"section\" data-settings=\"{&quot;background_background&quot;:&quot;classic&quot;}\">\n\t\t\t\t\t\t<div class=\"elementor-container elementor-column-gap-default\">\n\t\t\t\t\t<div class=\"elementor-column elementor-col-50 elementor-top-column elementor-element elementor-element-f3770a2\" data-id=\"f3770a2\" data-element_type=\"column\" data-e-type=\"column\">\n\t\t\t<div class=\"elementor-widget-wrap elementor-element-populated\">\n\t\t\t\t\t\t<div class=\"elementor-element elementor-element-6788ee3 elementor-widget__width-auto elementor-widget elementor-widget-theme-post-title elementor-page-title elementor-widget-heading\" data-id=\"6788ee3\" data-element_type=\"widget\" data-e-type=\"widget\" data-widget_type=\"theme-post-title.default\">\n\t\t\t\t<div class=\"elementor-widget-container\">\n\t\t\t\t\t<h5 class=\"elementor-heading-title elementor-size-default\"><a href=\"https:\/\/www.expertservicecar.com\/pt-pt\/taller\/mechanic-cars\/\">Mechanic Cars<\/a><\/h5>\t\t\t\t<\/div>\n\t\t\t\t<\/div>\n\t\t\t\t<section class=\"elementor-section elementor-inner-section elementor-element elementor-element-dcd0ceb elementor-section-boxed elementor-section-height-default elementor-section-height-default\" data-id=\"dcd0ceb\" data-element_type=\"section\" data-e-type=\"section\">\n\t\t\t\t\t\t<div class=\"elementor-container elementor-column-gap-default\">\n\t\t\t\t\t<div class=\"elementor-column elementor-col-100 elementor-inner-column elementor-element elementor-element-aed0068\" data-id=\"aed0068\" data-element_type=\"column\" data-e-type=\"column\">\n\t\t\t<div class=\"elementor-widget-wrap elementor-element-populated\">\n\t\t\t\t\t\t<div class=\"elementor-element elementor-element-601cf1d elementor-widget__width-auto elementor-widget-mobile__width-auto elementor-widget elementor-widget-jet-listing-dynamic-field\" data-id=\"601cf1d\" data-element_type=\"widget\" data-e-type=\"widget\" data-widget_type=\"jet-listing-dynamic-field.default\">\n\t\t\t\t<div class=\"elementor-widget-container\">\n\t\t\t\t\t<div class=\"jet-listing jet-listing-dynamic-field display-inline\"><div class=\"jet-listing-dynamic-field__inline-wrap\"><span class=\"jet-listing-dynamic-field__content\"><p>Av. Francisco Aguirre, 409,<br \/>\n45600 Talavera de la Reina, Toledo<\/p>\n<\/span><\/div><\/div>\t\t\t\t<\/div>\n\t\t\t\t<\/div>\n\t\t\t\t<div class=\"elementor-element elementor-element-1898eca elementor-widget elementor-widget-jet-listing-dynamic-link\" data-id=\"1898eca\" data-element_type=\"widget\" data-e-type=\"widget\" data-widget_type=\"jet-listing-dynamic-link.default\">\n\t\t\t\t<div class=\"elementor-widget-container\">\n\t\t\t\t\t<span class=\"jet-listing jet-listing-dynamic-link\"><a href=\"tel:925092453\" class=\"jet-listing-dynamic-link__link\"><i class=\"jet-listing-dynamic-link__icon fas fa-phone-alt\" aria-hidden=\"true\"><\/i><span class=\"jet-listing-dynamic-link__label\">925092453<\/span><\/a><\/span>\t\t\t\t<\/div>\n\t\t\t\t<\/div>\n\t\t\t\t<div class=\"elementor-element elementor-element-0329474 elementor-hidden-phone elementor-widget elementor-widget-jet-listing-dynamic-link\" data-id=\"0329474\" data-element_type=\"widget\" data-e-type=\"widget\" data-widget_type=\"jet-listing-dynamic-link.default\">\n\t\t\t\t<div class=\"elementor-widget-container\">\n\t\t\t\t\t<span class=\"jet-listing jet-listing-dynamic-link\"><a href=\"tel:615648100\" class=\"jet-listing-dynamic-link__link\"><i class=\"jet-listing-dynamic-link__icon oi oi-phone\" aria-hidden=\"true\"><\/i><span class=\"jet-listing-dynamic-link__label\">615648100<\/span><\/a><\/span>\t\t\t\t<\/div>\n\t\t\t\t<\/div>\n\t\t\t\t\t<\/div>\n\t\t<\/div>\n\t\t\t\t\t<\/div>\n\t\t<\/section>\n\t\t\t\t\t<\/div>\n\t\t<\/div>\n\t\t\t\t<div class=\"elementor-column elementor-col-50 elementor-top-column elementor-element elementor-element-bb24a8e\" data-id=\"bb24a8e\" data-element_type=\"column\" data-e-type=\"column\">\n\t\t\t<div class=\"elementor-widget-wrap elementor-element-populated\">\n\t\t\t\t\t\t<div class=\"elementor-element elementor-element-b78d0e4 elementor-widget elementor-widget-image\" data-id=\"b78d0e4\" data-element_type=\"widget\" data-e-type=\"widget\" data-widget_type=\"image.default\">\n\t\t\t\t<div class=\"elementor-widget-container\">\n\t\t\t\t\t\t\t\t\t\t\t\t\t\t\t\t<a href=\"https:\/\/www.expertservicecar.com\/pt-pt\/taller\/mechanic-cars\/\">\n\t\t\t\t\t\t\t<img loading=\"lazy\" decoding=\"async\" width=\"300\" height=\"125\" src=\"https:\/\/www.expertservicecar.com\/wp-content\/uploads\/2024\/07\/MECHANIC-CARS-300x125.png\" class=\"attachment-medium size-medium wp-image-7660\" alt=\"\" srcset=\"https:\/\/www.expertservicecar.com\/wp-content\/uploads\/2024\/07\/MECHANIC-CARS-300x125.png 300w, https:\/\/www.expertservicecar.com\/wp-content\/uploads\/2024\/07\/MECHANIC-CARS-1024x427.png 1024w, https:\/\/www.expertservicecar.com\/wp-content\/uploads\/2024\/07\/MECHANIC-CARS-768x320.png 768w, https:\/\/www.expertservicecar.com\/wp-content\/uploads\/2024\/07\/MECHANIC-CARS-600x250.png 600w, https:\/\/www.expertservicecar.com\/wp-content\/uploads\/2024\/07\/MECHANIC-CARS.png 1489w\" sizes=\"(max-width: 300px) 100vw, 300px\" title=\"\">\t\t\t\t\t\t\t\t<\/a>\n\t\t\t\t\t\t\t\t\t\t\t\t\t\t\t<\/div>\n\t\t\t\t<\/div>\n\t\t\t\t\t<\/div>\n\t\t<\/div>\n\t\t\t\t\t<\/div>\n\t\t<\/section>\n\t\t\t\t<\/div>\n\t\t<\/div><div class=\"jet-listing-grid__item jet-listing-dynamic-post-3327 jet-equal-columns\" data-post-id=\"3327\" >\t\t<div data-elementor-type=\"jet-listing-items\" data-elementor-id=\"524\" class=\"elementor elementor-524\" data-elementor-post-type=\"jet-engine\">\n\t\t\t\t\t\t<section class=\"elementor-section elementor-top-section elementor-element elementor-element-ef0c760 elementor-section-content-middle elementor-section-boxed elementor-section-height-default elementor-section-height-default\" data-id=\"ef0c760\" data-element_type=\"section\" data-e-type=\"section\" data-settings=\"{&quot;background_background&quot;:&quot;classic&quot;}\">\n\t\t\t\t\t\t<div class=\"elementor-container elementor-column-gap-default\">\n\t\t\t\t\t<div class=\"elementor-column elementor-col-50 elementor-top-column elementor-element elementor-element-f3770a2\" data-id=\"f3770a2\" data-element_type=\"column\" data-e-type=\"column\">\n\t\t\t<div class=\"elementor-widget-wrap elementor-element-populated\">\n\t\t\t\t\t\t<div class=\"elementor-element elementor-element-6788ee3 elementor-widget__width-auto elementor-widget elementor-widget-theme-post-title elementor-page-title elementor-widget-heading\" data-id=\"6788ee3\" data-element_type=\"widget\" data-e-type=\"widget\" data-widget_type=\"theme-post-title.default\">\n\t\t\t\t<div class=\"elementor-widget-container\">\n\t\t\t\t\t<h5 class=\"elementor-heading-title elementor-size-default\"><a href=\"https:\/\/www.expertservicecar.com\/pt-pt\/taller\/miguel-angel-garcia-ramon\/\">Miguel Angel Garcia Ram\u00f3n<\/a><\/h5>\t\t\t\t<\/div>\n\t\t\t\t<\/div>\n\t\t\t\t<section class=\"elementor-section elementor-inner-section elementor-element elementor-element-dcd0ceb elementor-section-boxed elementor-section-height-default elementor-section-height-default\" data-id=\"dcd0ceb\" data-element_type=\"section\" data-e-type=\"section\">\n\t\t\t\t\t\t<div class=\"elementor-container elementor-column-gap-default\">\n\t\t\t\t\t<div class=\"elementor-column elementor-col-100 elementor-inner-column elementor-element elementor-element-aed0068\" data-id=\"aed0068\" data-element_type=\"column\" data-e-type=\"column\">\n\t\t\t<div class=\"elementor-widget-wrap elementor-element-populated\">\n\t\t\t\t\t\t<div class=\"elementor-element elementor-element-601cf1d elementor-widget__width-auto elementor-widget-mobile__width-auto elementor-widget elementor-widget-jet-listing-dynamic-field\" data-id=\"601cf1d\" data-element_type=\"widget\" data-e-type=\"widget\" data-widget_type=\"jet-listing-dynamic-field.default\">\n\t\t\t\t<div class=\"elementor-widget-container\">\n\t\t\t\t\t<div class=\"jet-listing jet-listing-dynamic-field display-inline\"><div class=\"jet-listing-dynamic-field__inline-wrap\"><span class=\"jet-listing-dynamic-field__content\"><p>Carrer Cam\u00ed a la Mar, n\u00ba 8<br \/>\n46120 Alboraia<br \/>\nValencia<\/p>\n<\/span><\/div><\/div>\t\t\t\t<\/div>\n\t\t\t\t<\/div>\n\t\t\t\t<div class=\"elementor-element elementor-element-1898eca elementor-widget elementor-widget-jet-listing-dynamic-link\" data-id=\"1898eca\" data-element_type=\"widget\" data-e-type=\"widget\" data-widget_type=\"jet-listing-dynamic-link.default\">\n\t\t\t\t<div class=\"elementor-widget-container\">\n\t\t\t\t\t<span class=\"jet-listing jet-listing-dynamic-link\"><a href=\"tel:+34 961 858627\" class=\"jet-listing-dynamic-link__link\"><i class=\"jet-listing-dynamic-link__icon fas fa-phone-alt\" aria-hidden=\"true\"><\/i><span class=\"jet-listing-dynamic-link__label\">+34 961 858627<\/span><\/a><\/span>\t\t\t\t<\/div>\n\t\t\t\t<\/div>\n\t\t\t\t<div class=\"elementor-element elementor-element-0329474 elementor-hidden-phone elementor-widget elementor-widget-jet-listing-dynamic-link\" data-id=\"0329474\" data-element_type=\"widget\" data-e-type=\"widget\" data-widget_type=\"jet-listing-dynamic-link.default\">\n\t\t\t\t<div class=\"elementor-widget-container\">\n\t\t\t\t\t<span class=\"jet-listing jet-listing-dynamic-link\"><a href=\"tel:+34 646 695 551\" class=\"jet-listing-dynamic-link__link\"><i class=\"jet-listing-dynamic-link__icon oi oi-phone\" aria-hidden=\"true\"><\/i><span class=\"jet-listing-dynamic-link__label\">+34 646 695 551<\/span><\/a><\/span>\t\t\t\t<\/div>\n\t\t\t\t<\/div>\n\t\t\t\t\t<\/div>\n\t\t<\/div>\n\t\t\t\t\t<\/div>\n\t\t<\/section>\n\t\t\t\t\t<\/div>\n\t\t<\/div>\n\t\t\t\t<div class=\"elementor-column elementor-col-50 elementor-top-column elementor-element elementor-element-bb24a8e\" data-id=\"bb24a8e\" data-element_type=\"column\" data-e-type=\"column\">\n\t\t\t<div class=\"elementor-widget-wrap elementor-element-populated\">\n\t\t\t\t\t\t<div class=\"elementor-element elementor-element-b78d0e4 elementor-widget elementor-widget-image\" data-id=\"b78d0e4\" data-element_type=\"widget\" data-e-type=\"widget\" data-widget_type=\"image.default\">\n\t\t\t\t<div class=\"elementor-widget-container\">\n\t\t\t\t\t\t\t\t\t\t\t\t\t\t\t\t<a href=\"https:\/\/www.expertservicecar.com\/pt-pt\/taller\/miguel-angel-garcia-ramon\/\">\n\t\t\t\t\t\t\t<img loading=\"lazy\" decoding=\"async\" width=\"300\" height=\"231\" src=\"https:\/\/www.expertservicecar.com\/wp-content\/uploads\/2021\/06\/miguel-anegl-garcia-ramon-300x231.jpg\" class=\"attachment-medium size-medium wp-image-3346\" alt=\"Miguel Angel Garcia Ram\u00f3n\" srcset=\"https:\/\/www.expertservicecar.com\/wp-content\/uploads\/2021\/06\/miguel-anegl-garcia-ramon-300x231.jpg 300w, https:\/\/www.expertservicecar.com\/wp-content\/uploads\/2021\/06\/miguel-anegl-garcia-ramon-768x592.jpg 768w, https:\/\/www.expertservicecar.com\/wp-content\/uploads\/2021\/06\/miguel-anegl-garcia-ramon-600x463.jpg 600w, https:\/\/www.expertservicecar.com\/wp-content\/uploads\/2021\/06\/miguel-anegl-garcia-ramon.jpg 900w\" sizes=\"(max-width: 300px) 100vw, 300px\" title=\"\">\t\t\t\t\t\t\t\t<\/a>\n\t\t\t\t\t\t\t\t\t\t\t\t\t\t\t<\/div>\n\t\t\t\t<\/div>\n\t\t\t\t\t<\/div>\n\t\t<\/div>\n\t\t\t\t\t<\/div>\n\t\t<\/section>\n\t\t\t\t<\/div>\n\t\t<\/div><div class=\"jet-listing-grid__item jet-listing-dynamic-post-6219 jet-equal-columns\" data-post-id=\"6219\" >\t\t<div data-elementor-type=\"jet-listing-items\" data-elementor-id=\"524\" class=\"elementor elementor-524\" data-elementor-post-type=\"jet-engine\">\n\t\t\t\t\t\t<section class=\"elementor-section elementor-top-section elementor-element elementor-element-ef0c760 elementor-section-content-middle elementor-section-boxed elementor-section-height-default elementor-section-height-default\" data-id=\"ef0c760\" data-element_type=\"section\" data-e-type=\"section\" data-settings=\"{&quot;background_background&quot;:&quot;classic&quot;}\">\n\t\t\t\t\t\t<div class=\"elementor-container elementor-column-gap-default\">\n\t\t\t\t\t<div class=\"elementor-column elementor-col-50 elementor-top-column elementor-element elementor-element-f3770a2\" data-id=\"f3770a2\" data-element_type=\"column\" data-e-type=\"column\">\n\t\t\t<div class=\"elementor-widget-wrap elementor-element-populated\">\n\t\t\t\t\t\t<div class=\"elementor-element elementor-element-6788ee3 elementor-widget__width-auto elementor-widget elementor-widget-theme-post-title elementor-page-title elementor-widget-heading\" data-id=\"6788ee3\" data-element_type=\"widget\" data-e-type=\"widget\" data-widget_type=\"theme-post-title.default\">\n\t\t\t\t<div class=\"elementor-widget-container\">\n\t\t\t\t\t<h5 class=\"elementor-heading-title elementor-size-default\"><a href=\"https:\/\/www.expertservicecar.com\/pt-pt\/taller\/montoya-auto\/\">MONTOYA AUTO<\/a><\/h5>\t\t\t\t<\/div>\n\t\t\t\t<\/div>\n\t\t\t\t<section class=\"elementor-section elementor-inner-section elementor-element elementor-element-dcd0ceb elementor-section-boxed elementor-section-height-default elementor-section-height-default\" data-id=\"dcd0ceb\" data-element_type=\"section\" data-e-type=\"section\">\n\t\t\t\t\t\t<div class=\"elementor-container elementor-column-gap-default\">\n\t\t\t\t\t<div class=\"elementor-column elementor-col-100 elementor-inner-column elementor-element elementor-element-aed0068\" data-id=\"aed0068\" data-element_type=\"column\" data-e-type=\"column\">\n\t\t\t<div class=\"elementor-widget-wrap elementor-element-populated\">\n\t\t\t\t\t\t<div class=\"elementor-element elementor-element-601cf1d elementor-widget__width-auto elementor-widget-mobile__width-auto elementor-widget elementor-widget-jet-listing-dynamic-field\" data-id=\"601cf1d\" data-element_type=\"widget\" data-e-type=\"widget\" data-widget_type=\"jet-listing-dynamic-field.default\">\n\t\t\t\t<div class=\"elementor-widget-container\">\n\t\t\t\t\t<div class=\"jet-listing jet-listing-dynamic-field display-inline\"><div class=\"jet-listing-dynamic-field__inline-wrap\"><span class=\"jet-listing-dynamic-field__content\"><p>CARRIL GREGORIOS, 40<br \/>\n30110, Cabezo de Torres<br \/>\nMurcia<\/p>\n<\/span><\/div><\/div>\t\t\t\t<\/div>\n\t\t\t\t<\/div>\n\t\t\t\t<div class=\"elementor-element elementor-element-1898eca elementor-widget elementor-widget-jet-listing-dynamic-link\" data-id=\"1898eca\" data-element_type=\"widget\" data-e-type=\"widget\" data-widget_type=\"jet-listing-dynamic-link.default\">\n\t\t\t\t<div class=\"elementor-widget-container\">\n\t\t\t\t\t<span class=\"jet-listing jet-listing-dynamic-link\"><a href=\"tel:968208277\" class=\"jet-listing-dynamic-link__link\"><i class=\"jet-listing-dynamic-link__icon fas fa-phone-alt\" aria-hidden=\"true\"><\/i><span class=\"jet-listing-dynamic-link__label\">968208277<\/span><\/a><\/span>\t\t\t\t<\/div>\n\t\t\t\t<\/div>\n\t\t\t\t<div class=\"elementor-element elementor-element-0329474 elementor-hidden-phone elementor-widget elementor-widget-jet-listing-dynamic-link\" data-id=\"0329474\" data-element_type=\"widget\" data-e-type=\"widget\" data-widget_type=\"jet-listing-dynamic-link.default\">\n\t\t\t\t<div class=\"elementor-widget-container\">\n\t\t\t\t\t<span class=\"jet-listing jet-listing-dynamic-link\"><a href=\"tel:609710262\" class=\"jet-listing-dynamic-link__link\"><i class=\"jet-listing-dynamic-link__icon oi oi-phone\" aria-hidden=\"true\"><\/i><span class=\"jet-listing-dynamic-link__label\">609710262<\/span><\/a><\/span>\t\t\t\t<\/div>\n\t\t\t\t<\/div>\n\t\t\t\t\t<\/div>\n\t\t<\/div>\n\t\t\t\t\t<\/div>\n\t\t<\/section>\n\t\t\t\t\t<\/div>\n\t\t<\/div>\n\t\t\t\t<div class=\"elementor-column elementor-col-50 elementor-top-column elementor-element elementor-element-bb24a8e\" data-id=\"bb24a8e\" data-element_type=\"column\" data-e-type=\"column\">\n\t\t\t<div class=\"elementor-widget-wrap elementor-element-populated\">\n\t\t\t\t\t\t<div class=\"elementor-element elementor-element-b78d0e4 elementor-widget elementor-widget-image\" data-id=\"b78d0e4\" data-element_type=\"widget\" data-e-type=\"widget\" data-widget_type=\"image.default\">\n\t\t\t\t<div class=\"elementor-widget-container\">\n\t\t\t\t\t\t\t\t\t\t\t\t\t\t\t\t<a href=\"https:\/\/www.expertservicecar.com\/pt-pt\/taller\/montoya-auto\/\">\n\t\t\t\t\t\t\t<img loading=\"lazy\" decoding=\"async\" width=\"300\" height=\"134\" src=\"https:\/\/www.expertservicecar.com\/wp-content\/uploads\/2022\/05\/montoyaauto_adpenalver-300x134.jpg\" class=\"attachment-medium size-medium wp-image-6220\" alt=\"Montoya Auto\" srcset=\"https:\/\/www.expertservicecar.com\/wp-content\/uploads\/2022\/05\/montoyaauto_adpenalver-300x134.jpg 300w, https:\/\/www.expertservicecar.com\/wp-content\/uploads\/2022\/05\/montoyaauto_adpenalver-1024x458.jpg 1024w, https:\/\/www.expertservicecar.com\/wp-content\/uploads\/2022\/05\/montoyaauto_adpenalver-768x343.jpg 768w, https:\/\/www.expertservicecar.com\/wp-content\/uploads\/2022\/05\/montoyaauto_adpenalver-600x268.jpg 600w, https:\/\/www.expertservicecar.com\/wp-content\/uploads\/2022\/05\/montoyaauto_adpenalver.jpg 1381w\" sizes=\"(max-width: 300px) 100vw, 300px\" title=\"\">\t\t\t\t\t\t\t\t<\/a>\n\t\t\t\t\t\t\t\t\t\t\t\t\t\t\t<\/div>\n\t\t\t\t<\/div>\n\t\t\t\t\t<\/div>\n\t\t<\/div>\n\t\t\t\t\t<\/div>\n\t\t<\/section>\n\t\t\t\t<\/div>\n\t\t<\/div><div class=\"jet-listing-grid__item jet-listing-dynamic-post-6241 jet-equal-columns\" data-post-id=\"6241\" >\t\t<div data-elementor-type=\"jet-listing-items\" data-elementor-id=\"524\" class=\"elementor elementor-524\" data-elementor-post-type=\"jet-engine\">\n\t\t\t\t\t\t<section class=\"elementor-section elementor-top-section elementor-element elementor-element-ef0c760 elementor-section-content-middle elementor-section-boxed elementor-section-height-default elementor-section-height-default\" data-id=\"ef0c760\" data-element_type=\"section\" data-e-type=\"section\" data-settings=\"{&quot;background_background&quot;:&quot;classic&quot;}\">\n\t\t\t\t\t\t<div class=\"elementor-container elementor-column-gap-default\">\n\t\t\t\t\t<div class=\"elementor-column elementor-col-50 elementor-top-column elementor-element elementor-element-f3770a2\" data-id=\"f3770a2\" data-element_type=\"column\" data-e-type=\"column\">\n\t\t\t<div class=\"elementor-widget-wrap elementor-element-populated\">\n\t\t\t\t\t\t<div class=\"elementor-element elementor-element-6788ee3 elementor-widget__width-auto elementor-widget elementor-widget-theme-post-title elementor-page-title elementor-widget-heading\" data-id=\"6788ee3\" data-element_type=\"widget\" data-e-type=\"widget\" data-widget_type=\"theme-post-title.default\">\n\t\t\t\t<div class=\"elementor-widget-container\">\n\t\t\t\t\t<h5 class=\"elementor-heading-title elementor-size-default\"><a href=\"https:\/\/www.expertservicecar.com\/pt-pt\/taller\/morales-y-verdun\/\">Morales y Verd\u00fan, S.L.<\/a><\/h5>\t\t\t\t<\/div>\n\t\t\t\t<\/div>\n\t\t\t\t<section class=\"elementor-section elementor-inner-section elementor-element elementor-element-dcd0ceb elementor-section-boxed elementor-section-height-default elementor-section-height-default\" data-id=\"dcd0ceb\" data-element_type=\"section\" data-e-type=\"section\">\n\t\t\t\t\t\t<div class=\"elementor-container elementor-column-gap-default\">\n\t\t\t\t\t<div class=\"elementor-column elementor-col-100 elementor-inner-column elementor-element elementor-element-aed0068\" data-id=\"aed0068\" data-element_type=\"column\" data-e-type=\"column\">\n\t\t\t<div class=\"elementor-widget-wrap elementor-element-populated\">\n\t\t\t\t\t\t<div class=\"elementor-element elementor-element-601cf1d elementor-widget__width-auto elementor-widget-mobile__width-auto elementor-widget elementor-widget-jet-listing-dynamic-field\" data-id=\"601cf1d\" data-element_type=\"widget\" data-e-type=\"widget\" data-widget_type=\"jet-listing-dynamic-field.default\">\n\t\t\t\t<div class=\"elementor-widget-container\">\n\t\t\t\t\t<div class=\"jet-listing jet-listing-dynamic-field display-inline\"><div class=\"jet-listing-dynamic-field__inline-wrap\"><span class=\"jet-listing-dynamic-field__content\"><p>San Silvestre de Guzm\u00e1n 13<br \/>\n21400 Huelva<\/p>\n<\/span><\/div><\/div>\t\t\t\t<\/div>\n\t\t\t\t<\/div>\n\t\t\t\t<div class=\"elementor-element elementor-element-1898eca elementor-widget elementor-widget-jet-listing-dynamic-link\" data-id=\"1898eca\" data-element_type=\"widget\" data-e-type=\"widget\" data-widget_type=\"jet-listing-dynamic-link.default\">\n\t\t\t\t<div class=\"elementor-widget-container\">\n\t\t\t\t\t<span class=\"jet-listing jet-listing-dynamic-link\"><a href=\"tel:959320482\" class=\"jet-listing-dynamic-link__link\"><i class=\"jet-listing-dynamic-link__icon fas fa-phone-alt\" aria-hidden=\"true\"><\/i><span class=\"jet-listing-dynamic-link__label\">959320482<\/span><\/a><\/span>\t\t\t\t<\/div>\n\t\t\t\t<\/div>\n\t\t\t\t\t<\/div>\n\t\t<\/div>\n\t\t\t\t\t<\/div>\n\t\t<\/section>\n\t\t\t\t\t<\/div>\n\t\t<\/div>\n\t\t\t\t<div class=\"elementor-column elementor-col-50 elementor-top-column elementor-element elementor-element-bb24a8e\" data-id=\"bb24a8e\" data-element_type=\"column\" data-e-type=\"column\">\n\t\t\t<div class=\"elementor-widget-wrap elementor-element-populated\">\n\t\t\t\t\t\t<div class=\"elementor-element elementor-element-b78d0e4 elementor-widget elementor-widget-image\" data-id=\"b78d0e4\" data-element_type=\"widget\" data-e-type=\"widget\" data-widget_type=\"image.default\">\n\t\t\t\t<div class=\"elementor-widget-container\">\n\t\t\t\t\t\t\t\t\t\t\t\t\t\t\t\t<a href=\"https:\/\/www.expertservicecar.com\/pt-pt\/taller\/morales-y-verdun\/\">\n\t\t\t\t\t\t\t<img loading=\"lazy\" decoding=\"async\" width=\"300\" height=\"215\" src=\"https:\/\/www.expertservicecar.com\/wp-content\/uploads\/2022\/06\/moralesyverdun-300x215.jpg\" class=\"attachment-medium size-medium wp-image-6242\" alt=\"morales y verd\u00fan\" srcset=\"https:\/\/www.expertservicecar.com\/wp-content\/uploads\/2022\/06\/moralesyverdun-300x215.jpg 300w, https:\/\/www.expertservicecar.com\/wp-content\/uploads\/2022\/06\/moralesyverdun-1024x733.jpg 1024w, https:\/\/www.expertservicecar.com\/wp-content\/uploads\/2022\/06\/moralesyverdun-768x550.jpg 768w, https:\/\/www.expertservicecar.com\/wp-content\/uploads\/2022\/06\/moralesyverdun-370x265.jpg 370w, https:\/\/www.expertservicecar.com\/wp-content\/uploads\/2022\/06\/moralesyverdun-600x429.jpg 600w, https:\/\/www.expertservicecar.com\/wp-content\/uploads\/2022\/06\/moralesyverdun.jpg 1094w\" sizes=\"(max-width: 300px) 100vw, 300px\" title=\"\">\t\t\t\t\t\t\t\t<\/a>\n\t\t\t\t\t\t\t\t\t\t\t\t\t\t\t<\/div>\n\t\t\t\t<\/div>\n\t\t\t\t\t<\/div>\n\t\t<\/div>\n\t\t\t\t\t<\/div>\n\t\t<\/section>\n\t\t\t\t<\/div>\n\t\t<\/div><div class=\"jet-listing-grid__item jet-listing-dynamic-post-5479 jet-equal-columns\" data-post-id=\"5479\" >\t\t<div data-elementor-type=\"jet-listing-items\" data-elementor-id=\"524\" class=\"elementor elementor-524\" data-elementor-post-type=\"jet-engine\">\n\t\t\t\t\t\t<section class=\"elementor-section elementor-top-section elementor-element elementor-element-ef0c760 elementor-section-content-middle elementor-section-boxed elementor-section-height-default elementor-section-height-default\" data-id=\"ef0c760\" data-element_type=\"section\" data-e-type=\"section\" data-settings=\"{&quot;background_background&quot;:&quot;classic&quot;}\">\n\t\t\t\t\t\t<div class=\"elementor-container elementor-column-gap-default\">\n\t\t\t\t\t<div class=\"elementor-column elementor-col-50 elementor-top-column elementor-element elementor-element-f3770a2\" data-id=\"f3770a2\" data-element_type=\"column\" data-e-type=\"column\">\n\t\t\t<div class=\"elementor-widget-wrap elementor-element-populated\">\n\t\t\t\t\t\t<div class=\"elementor-element elementor-element-6788ee3 elementor-widget__width-auto elementor-widget elementor-widget-theme-post-title elementor-page-title elementor-widget-heading\" data-id=\"6788ee3\" data-element_type=\"widget\" data-e-type=\"widget\" data-widget_type=\"theme-post-title.default\">\n\t\t\t\t<div class=\"elementor-widget-container\">\n\t\t\t\t\t<h5 class=\"elementor-heading-title elementor-size-default\"><a href=\"https:\/\/www.expertservicecar.com\/pt-pt\/taller\/moto-auto-juni\/\">Moto Auto Juni<\/a><\/h5>\t\t\t\t<\/div>\n\t\t\t\t<\/div>\n\t\t\t\t<section class=\"elementor-section elementor-inner-section elementor-element elementor-element-dcd0ceb elementor-section-boxed elementor-section-height-default elementor-section-height-default\" data-id=\"dcd0ceb\" data-element_type=\"section\" data-e-type=\"section\">\n\t\t\t\t\t\t<div class=\"elementor-container elementor-column-gap-default\">\n\t\t\t\t\t<div class=\"elementor-column elementor-col-100 elementor-inner-column elementor-element elementor-element-aed0068\" data-id=\"aed0068\" data-element_type=\"column\" data-e-type=\"column\">\n\t\t\t<div class=\"elementor-widget-wrap elementor-element-populated\">\n\t\t\t\t\t\t<div class=\"elementor-element elementor-element-601cf1d elementor-widget__width-auto elementor-widget-mobile__width-auto elementor-widget elementor-widget-jet-listing-dynamic-field\" data-id=\"601cf1d\" data-element_type=\"widget\" data-e-type=\"widget\" data-widget_type=\"jet-listing-dynamic-field.default\">\n\t\t\t\t<div class=\"elementor-widget-container\">\n\t\t\t\t\t<div class=\"jet-listing jet-listing-dynamic-field display-inline\"><div class=\"jet-listing-dynamic-field__inline-wrap\"><span class=\"jet-listing-dynamic-field__content\"><p>Calle de la Trepadella, 1,<br \/>\n08755 Castellbisbal,<br \/>\nBarcelona<\/p>\n<\/span><\/div><\/div>\t\t\t\t<\/div>\n\t\t\t\t<\/div>\n\t\t\t\t<div class=\"elementor-element elementor-element-1898eca elementor-widget elementor-widget-jet-listing-dynamic-link\" data-id=\"1898eca\" data-element_type=\"widget\" data-e-type=\"widget\" data-widget_type=\"jet-listing-dynamic-link.default\">\n\t\t\t\t<div class=\"elementor-widget-container\">\n\t\t\t\t\t<span class=\"jet-listing jet-listing-dynamic-link\"><a href=\"tel:937711860\" class=\"jet-listing-dynamic-link__link\"><i class=\"jet-listing-dynamic-link__icon fas fa-phone-alt\" aria-hidden=\"true\"><\/i><span class=\"jet-listing-dynamic-link__label\">937711860<\/span><\/a><\/span>\t\t\t\t<\/div>\n\t\t\t\t<\/div>\n\t\t\t\t\t<\/div>\n\t\t<\/div>\n\t\t\t\t\t<\/div>\n\t\t<\/section>\n\t\t\t\t\t<\/div>\n\t\t<\/div>\n\t\t\t\t<div class=\"elementor-column elementor-col-50 elementor-top-column elementor-element elementor-element-bb24a8e\" data-id=\"bb24a8e\" data-element_type=\"column\" data-e-type=\"column\">\n\t\t\t<div class=\"elementor-widget-wrap elementor-element-populated\">\n\t\t\t\t\t\t<div class=\"elementor-element elementor-element-b78d0e4 elementor-widget elementor-widget-image\" data-id=\"b78d0e4\" data-element_type=\"widget\" data-e-type=\"widget\" data-widget_type=\"image.default\">\n\t\t\t\t<div class=\"elementor-widget-container\">\n\t\t\t\t\t\t\t\t\t\t\t\t\t\t\t\t<a href=\"https:\/\/www.expertservicecar.com\/pt-pt\/taller\/moto-auto-juni\/\">\n\t\t\t\t\t\t\t<img loading=\"lazy\" decoding=\"async\" width=\"300\" height=\"231\" src=\"https:\/\/www.expertservicecar.com\/wp-content\/uploads\/2021\/08\/exterior_326_moto_auto_juni_img-20210709-wa0003_original-2-300x231.jpg\" class=\"attachment-medium size-medium wp-image-5589\" alt=\"\" srcset=\"https:\/\/www.expertservicecar.com\/wp-content\/uploads\/2021\/08\/exterior_326_moto_auto_juni_img-20210709-wa0003_original-2-300x231.jpg 300w, https:\/\/www.expertservicecar.com\/wp-content\/uploads\/2021\/08\/exterior_326_moto_auto_juni_img-20210709-wa0003_original-2-1024x789.jpg 1024w, https:\/\/www.expertservicecar.com\/wp-content\/uploads\/2021\/08\/exterior_326_moto_auto_juni_img-20210709-wa0003_original-2-768x592.jpg 768w, https:\/\/www.expertservicecar.com\/wp-content\/uploads\/2021\/08\/exterior_326_moto_auto_juni_img-20210709-wa0003_original-2-1536x1183.jpg 1536w, https:\/\/www.expertservicecar.com\/wp-content\/uploads\/2021\/08\/exterior_326_moto_auto_juni_img-20210709-wa0003_original-2-600x462.jpg 600w, https:\/\/www.expertservicecar.com\/wp-content\/uploads\/2021\/08\/exterior_326_moto_auto_juni_img-20210709-wa0003_original-2.jpg 1994w\" sizes=\"(max-width: 300px) 100vw, 300px\" title=\"\">\t\t\t\t\t\t\t\t<\/a>\n\t\t\t\t\t\t\t\t\t\t\t\t\t\t\t<\/div>\n\t\t\t\t<\/div>\n\t\t\t\t\t<\/div>\n\t\t<\/div>\n\t\t\t\t\t<\/div>\n\t\t<\/section>\n\t\t\t\t<\/div>\n\t\t<\/div><div class=\"jet-listing-grid__item jet-listing-dynamic-post-7376 jet-equal-columns\" data-post-id=\"7376\" >\t\t<div data-elementor-type=\"jet-listing-items\" data-elementor-id=\"524\" class=\"elementor elementor-524\" data-elementor-post-type=\"jet-engine\">\n\t\t\t\t\t\t<section class=\"elementor-section elementor-top-section elementor-element elementor-element-ef0c760 elementor-section-content-middle elementor-section-boxed elementor-section-height-default elementor-section-height-default\" data-id=\"ef0c760\" data-element_type=\"section\" data-e-type=\"section\" data-settings=\"{&quot;background_background&quot;:&quot;classic&quot;}\">\n\t\t\t\t\t\t<div class=\"elementor-container elementor-column-gap-default\">\n\t\t\t\t\t<div class=\"elementor-column elementor-col-50 elementor-top-column elementor-element elementor-element-f3770a2\" data-id=\"f3770a2\" data-element_type=\"column\" data-e-type=\"column\">\n\t\t\t<div class=\"elementor-widget-wrap elementor-element-populated\">\n\t\t\t\t\t\t<div class=\"elementor-element elementor-element-6788ee3 elementor-widget__width-auto elementor-widget elementor-widget-theme-post-title elementor-page-title elementor-widget-heading\" data-id=\"6788ee3\" data-element_type=\"widget\" data-e-type=\"widget\" data-widget_type=\"theme-post-title.default\">\n\t\t\t\t<div class=\"elementor-widget-container\">\n\t\t\t\t\t<h5 class=\"elementor-heading-title elementor-size-default\"><a href=\"https:\/\/www.expertservicecar.com\/pt-pt\/taller\/motorplus-2016\/\">Motorplus 2016<\/a><\/h5>\t\t\t\t<\/div>\n\t\t\t\t<\/div>\n\t\t\t\t<section class=\"elementor-section elementor-inner-section elementor-element elementor-element-dcd0ceb elementor-section-boxed elementor-section-height-default elementor-section-height-default\" data-id=\"dcd0ceb\" data-element_type=\"section\" data-e-type=\"section\">\n\t\t\t\t\t\t<div class=\"elementor-container elementor-column-gap-default\">\n\t\t\t\t\t<div class=\"elementor-column elementor-col-100 elementor-inner-column elementor-element elementor-element-aed0068\" data-id=\"aed0068\" data-element_type=\"column\" data-e-type=\"column\">\n\t\t\t<div class=\"elementor-widget-wrap elementor-element-populated\">\n\t\t\t\t\t\t<div class=\"elementor-element elementor-element-601cf1d elementor-widget__width-auto elementor-widget-mobile__width-auto elementor-widget elementor-widget-jet-listing-dynamic-field\" data-id=\"601cf1d\" data-element_type=\"widget\" data-e-type=\"widget\" data-widget_type=\"jet-listing-dynamic-field.default\">\n\t\t\t\t<div class=\"elementor-widget-container\">\n\t\t\t\t\t<div class=\"jet-listing jet-listing-dynamic-field display-inline\"><div class=\"jet-listing-dynamic-field__inline-wrap\"><span class=\"jet-listing-dynamic-field__content\"><p>C. Severo Ochoa, 25,<br \/>\n28914 Legan\u00e9s, Madrid<\/p>\n<\/span><\/div><\/div>\t\t\t\t<\/div>\n\t\t\t\t<\/div>\n\t\t\t\t<div class=\"elementor-element elementor-element-1898eca elementor-widget elementor-widget-jet-listing-dynamic-link\" data-id=\"1898eca\" data-element_type=\"widget\" data-e-type=\"widget\" data-widget_type=\"jet-listing-dynamic-link.default\">\n\t\t\t\t<div class=\"elementor-widget-container\">\n\t\t\t\t\t<span class=\"jet-listing jet-listing-dynamic-link\"><a href=\"tel:912918484\" class=\"jet-listing-dynamic-link__link\"><i class=\"jet-listing-dynamic-link__icon fas fa-phone-alt\" aria-hidden=\"true\"><\/i><span class=\"jet-listing-dynamic-link__label\">912918484<\/span><\/a><\/span>\t\t\t\t<\/div>\n\t\t\t\t<\/div>\n\t\t\t\t<div class=\"elementor-element elementor-element-0329474 elementor-hidden-phone elementor-widget elementor-widget-jet-listing-dynamic-link\" data-id=\"0329474\" data-element_type=\"widget\" data-e-type=\"widget\" data-widget_type=\"jet-listing-dynamic-link.default\">\n\t\t\t\t<div class=\"elementor-widget-container\">\n\t\t\t\t\t<span class=\"jet-listing jet-listing-dynamic-link\"><a href=\"tel:669808030\" class=\"jet-listing-dynamic-link__link\"><i class=\"jet-listing-dynamic-link__icon oi oi-phone\" aria-hidden=\"true\"><\/i><span class=\"jet-listing-dynamic-link__label\">669808030<\/span><\/a><\/span>\t\t\t\t<\/div>\n\t\t\t\t<\/div>\n\t\t\t\t\t<\/div>\n\t\t<\/div>\n\t\t\t\t\t<\/div>\n\t\t<\/section>\n\t\t\t\t\t<\/div>\n\t\t<\/div>\n\t\t\t\t<div class=\"elementor-column elementor-col-50 elementor-top-column elementor-element elementor-element-bb24a8e\" data-id=\"bb24a8e\" data-element_type=\"column\" data-e-type=\"column\">\n\t\t\t<div class=\"elementor-widget-wrap elementor-element-populated\">\n\t\t\t\t\t\t<div class=\"elementor-element elementor-element-b78d0e4 elementor-widget elementor-widget-image\" data-id=\"b78d0e4\" data-element_type=\"widget\" data-e-type=\"widget\" data-widget_type=\"image.default\">\n\t\t\t\t<div class=\"elementor-widget-container\">\n\t\t\t\t\t\t\t\t\t\t\t\t\t\t\t\t<a href=\"https:\/\/www.expertservicecar.com\/pt-pt\/taller\/motorplus-2016\/\">\n\t\t\t\t\t\t\t<img loading=\"lazy\" decoding=\"async\" width=\"300\" height=\"221\" src=\"https:\/\/www.expertservicecar.com\/wp-content\/uploads\/2024\/03\/motorplus-300x221.jpg\" class=\"attachment-medium size-medium wp-image-7377\" alt=\"\" srcset=\"https:\/\/www.expertservicecar.com\/wp-content\/uploads\/2024\/03\/motorplus-300x221.jpg 300w, https:\/\/www.expertservicecar.com\/wp-content\/uploads\/2024\/03\/motorplus-1024x756.jpg 1024w, https:\/\/www.expertservicecar.com\/wp-content\/uploads\/2024\/03\/motorplus-768x567.jpg 768w, https:\/\/www.expertservicecar.com\/wp-content\/uploads\/2024\/03\/motorplus-600x443.jpg 600w, https:\/\/www.expertservicecar.com\/wp-content\/uploads\/2024\/03\/motorplus.jpg 1341w\" sizes=\"(max-width: 300px) 100vw, 300px\" title=\"\">\t\t\t\t\t\t\t\t<\/a>\n\t\t\t\t\t\t\t\t\t\t\t\t\t\t\t<\/div>\n\t\t\t\t<\/div>\n\t\t\t\t\t<\/div>\n\t\t<\/div>\n\t\t\t\t\t<\/div>\n\t\t<\/section>\n\t\t\t\t<\/div>\n\t\t<\/div><div class=\"jet-listing-grid__item jet-listing-dynamic-post-1213 jet-equal-columns\" data-post-id=\"1213\" >\t\t<div data-elementor-type=\"jet-listing-items\" data-elementor-id=\"524\" class=\"elementor elementor-524\" data-elementor-post-type=\"jet-engine\">\n\t\t\t\t\t\t<section class=\"elementor-section elementor-top-section elementor-element elementor-element-ef0c760 elementor-section-content-middle elementor-section-boxed elementor-section-height-default elementor-section-height-default\" data-id=\"ef0c760\" data-element_type=\"section\" data-e-type=\"section\" data-settings=\"{&quot;background_background&quot;:&quot;classic&quot;}\">\n\t\t\t\t\t\t<div class=\"elementor-container elementor-column-gap-default\">\n\t\t\t\t\t<div class=\"elementor-column elementor-col-50 elementor-top-column elementor-element elementor-element-f3770a2\" data-id=\"f3770a2\" data-element_type=\"column\" data-e-type=\"column\">\n\t\t\t<div class=\"elementor-widget-wrap elementor-element-populated\">\n\t\t\t\t\t\t<div class=\"elementor-element elementor-element-6788ee3 elementor-widget__width-auto elementor-widget elementor-widget-theme-post-title elementor-page-title elementor-widget-heading\" data-id=\"6788ee3\" data-element_type=\"widget\" data-e-type=\"widget\" data-widget_type=\"theme-post-title.default\">\n\t\t\t\t<div class=\"elementor-widget-container\">\n\t\t\t\t\t<h5 class=\"elementor-heading-title elementor-size-default\"><a href=\"https:\/\/www.expertservicecar.com\/pt-pt\/taller\/multiautos-expert-service-car\/\">Multiautos Expert Service Car<\/a><\/h5>\t\t\t\t<\/div>\n\t\t\t\t<\/div>\n\t\t\t\t<section class=\"elementor-section elementor-inner-section elementor-element elementor-element-dcd0ceb elementor-section-boxed elementor-section-height-default elementor-section-height-default\" data-id=\"dcd0ceb\" data-element_type=\"section\" data-e-type=\"section\">\n\t\t\t\t\t\t<div class=\"elementor-container elementor-column-gap-default\">\n\t\t\t\t\t<div class=\"elementor-column elementor-col-100 elementor-inner-column elementor-element elementor-element-aed0068\" data-id=\"aed0068\" data-element_type=\"column\" data-e-type=\"column\">\n\t\t\t<div class=\"elementor-widget-wrap elementor-element-populated\">\n\t\t\t\t\t\t<div class=\"elementor-element elementor-element-601cf1d elementor-widget__width-auto elementor-widget-mobile__width-auto elementor-widget elementor-widget-jet-listing-dynamic-field\" data-id=\"601cf1d\" data-element_type=\"widget\" data-e-type=\"widget\" data-widget_type=\"jet-listing-dynamic-field.default\">\n\t\t\t\t<div class=\"elementor-widget-container\">\n\t\t\t\t\t<div class=\"jet-listing jet-listing-dynamic-field display-inline\"><div class=\"jet-listing-dynamic-field__inline-wrap\"><span class=\"jet-listing-dynamic-field__content\"><p>Poligono industrial torres<br \/>\nCarrer dels Ferrers, num 5<br \/>\n03570 Villajoyosa<br \/>\nAlicante<\/p>\n<\/span><\/div><\/div>\t\t\t\t<\/div>\n\t\t\t\t<\/div>\n\t\t\t\t<div class=\"elementor-element elementor-element-1898eca elementor-widget elementor-widget-jet-listing-dynamic-link\" data-id=\"1898eca\" data-element_type=\"widget\" data-e-type=\"widget\" data-widget_type=\"jet-listing-dynamic-link.default\">\n\t\t\t\t<div class=\"elementor-widget-container\">\n\t\t\t\t\t<span class=\"jet-listing jet-listing-dynamic-link\"><a href=\"tel:966810589\" class=\"jet-listing-dynamic-link__link\"><i class=\"jet-listing-dynamic-link__icon fas fa-phone-alt\" aria-hidden=\"true\"><\/i><span class=\"jet-listing-dynamic-link__label\">966810589<\/span><\/a><\/span>\t\t\t\t<\/div>\n\t\t\t\t<\/div>\n\t\t\t\t<div class=\"elementor-element elementor-element-0329474 elementor-hidden-phone elementor-widget elementor-widget-jet-listing-dynamic-link\" data-id=\"0329474\" data-element_type=\"widget\" data-e-type=\"widget\" data-widget_type=\"jet-listing-dynamic-link.default\">\n\t\t\t\t<div class=\"elementor-widget-container\">\n\t\t\t\t\t<span class=\"jet-listing jet-listing-dynamic-link\"><a href=\"tel:696454029\" class=\"jet-listing-dynamic-link__link\"><i class=\"jet-listing-dynamic-link__icon oi oi-phone\" aria-hidden=\"true\"><\/i><span class=\"jet-listing-dynamic-link__label\">696454029<\/span><\/a><\/span>\t\t\t\t<\/div>\n\t\t\t\t<\/div>\n\t\t\t\t\t<\/div>\n\t\t<\/div>\n\t\t\t\t\t<\/div>\n\t\t<\/section>\n\t\t\t\t\t<\/div>\n\t\t<\/div>\n\t\t\t\t<div class=\"elementor-column elementor-col-50 elementor-top-column elementor-element elementor-element-bb24a8e\" data-id=\"bb24a8e\" data-element_type=\"column\" data-e-type=\"column\">\n\t\t\t<div class=\"elementor-widget-wrap elementor-element-populated\">\n\t\t\t\t\t\t<div class=\"elementor-element elementor-element-b78d0e4 elementor-widget elementor-widget-image\" data-id=\"b78d0e4\" data-element_type=\"widget\" data-e-type=\"widget\" data-widget_type=\"image.default\">\n\t\t\t\t<div class=\"elementor-widget-container\">\n\t\t\t\t\t\t\t\t\t\t\t\t\t\t\t\t<a href=\"https:\/\/www.expertservicecar.com\/pt-pt\/taller\/multiautos-expert-service-car\/\">\n\t\t\t\t\t\t\t<img loading=\"lazy\" decoding=\"async\" width=\"300\" height=\"231\" src=\"https:\/\/www.expertservicecar.com\/wp-content\/uploads\/2021\/04\/multiautos-01-300x231.jpg\" class=\"attachment-medium size-medium wp-image-3669\" alt=\"\" srcset=\"https:\/\/www.expertservicecar.com\/wp-content\/uploads\/2021\/04\/multiautos-01-300x231.jpg 300w, https:\/\/www.expertservicecar.com\/wp-content\/uploads\/2021\/04\/multiautos-01-768x591.jpg 768w, https:\/\/www.expertservicecar.com\/wp-content\/uploads\/2021\/04\/multiautos-01-600x462.jpg 600w, https:\/\/www.expertservicecar.com\/wp-content\/uploads\/2021\/04\/multiautos-01.jpg 900w\" sizes=\"(max-width: 300px) 100vw, 300px\" title=\"\">\t\t\t\t\t\t\t\t<\/a>\n\t\t\t\t\t\t\t\t\t\t\t\t\t\t\t<\/div>\n\t\t\t\t<\/div>\n\t\t\t\t\t<\/div>\n\t\t<\/div>\n\t\t\t\t\t<\/div>\n\t\t<\/section>\n\t\t\t\t<\/div>\n\t\t<\/div><div class=\"jet-listing-grid__item jet-listing-dynamic-post-6935 jet-equal-columns\" data-post-id=\"6935\" >\t\t<div data-elementor-type=\"jet-listing-items\" data-elementor-id=\"524\" class=\"elementor elementor-524\" data-elementor-post-type=\"jet-engine\">\n\t\t\t\t\t\t<section class=\"elementor-section elementor-top-section elementor-element elementor-element-ef0c760 elementor-section-content-middle elementor-section-boxed elementor-section-height-default elementor-section-height-default\" data-id=\"ef0c760\" data-element_type=\"section\" data-e-type=\"section\" data-settings=\"{&quot;background_background&quot;:&quot;classic&quot;}\">\n\t\t\t\t\t\t<div class=\"elementor-container elementor-column-gap-default\">\n\t\t\t\t\t<div class=\"elementor-column elementor-col-50 elementor-top-column elementor-element elementor-element-f3770a2\" data-id=\"f3770a2\" data-element_type=\"column\" data-e-type=\"column\">\n\t\t\t<div class=\"elementor-widget-wrap elementor-element-populated\">\n\t\t\t\t\t\t<div class=\"elementor-element elementor-element-6788ee3 elementor-widget__width-auto elementor-widget elementor-widget-theme-post-title elementor-page-title elementor-widget-heading\" data-id=\"6788ee3\" data-element_type=\"widget\" data-e-type=\"widget\" data-widget_type=\"theme-post-title.default\">\n\t\t\t\t<div class=\"elementor-widget-container\">\n\t\t\t\t\t<h5 class=\"elementor-heading-title elementor-size-default\"><a href=\"https:\/\/www.expertservicecar.com\/pt-pt\/taller\/mundo-motors\/\">Mundo Motors<\/a><\/h5>\t\t\t\t<\/div>\n\t\t\t\t<\/div>\n\t\t\t\t<section class=\"elementor-section elementor-inner-section elementor-element elementor-element-dcd0ceb elementor-section-boxed elementor-section-height-default elementor-section-height-default\" data-id=\"dcd0ceb\" data-element_type=\"section\" data-e-type=\"section\">\n\t\t\t\t\t\t<div class=\"elementor-container elementor-column-gap-default\">\n\t\t\t\t\t<div class=\"elementor-column elementor-col-100 elementor-inner-column elementor-element elementor-element-aed0068\" data-id=\"aed0068\" data-element_type=\"column\" data-e-type=\"column\">\n\t\t\t<div class=\"elementor-widget-wrap elementor-element-populated\">\n\t\t\t\t\t\t<div class=\"elementor-element elementor-element-601cf1d elementor-widget__width-auto elementor-widget-mobile__width-auto elementor-widget elementor-widget-jet-listing-dynamic-field\" data-id=\"601cf1d\" data-element_type=\"widget\" data-e-type=\"widget\" data-widget_type=\"jet-listing-dynamic-field.default\">\n\t\t\t\t<div class=\"elementor-widget-container\">\n\t\t\t\t\t<div class=\"jet-listing jet-listing-dynamic-field display-inline\"><div class=\"jet-listing-dynamic-field__inline-wrap\"><span class=\"jet-listing-dynamic-field__content\"><p>Av. de Navarra, 79, 50010 Zaragoza<\/p>\n<\/span><\/div><\/div>\t\t\t\t<\/div>\n\t\t\t\t<\/div>\n\t\t\t\t<div class=\"elementor-element elementor-element-1898eca elementor-widget elementor-widget-jet-listing-dynamic-link\" data-id=\"1898eca\" data-element_type=\"widget\" data-e-type=\"widget\" data-widget_type=\"jet-listing-dynamic-link.default\">\n\t\t\t\t<div class=\"elementor-widget-container\">\n\t\t\t\t\t<span class=\"jet-listing jet-listing-dynamic-link\"><a href=\"tel:976469060\" class=\"jet-listing-dynamic-link__link\"><i class=\"jet-listing-dynamic-link__icon fas fa-phone-alt\" aria-hidden=\"true\"><\/i><span class=\"jet-listing-dynamic-link__label\">976469060<\/span><\/a><\/span>\t\t\t\t<\/div>\n\t\t\t\t<\/div>\n\t\t\t\t<div class=\"elementor-element elementor-element-0329474 elementor-hidden-phone elementor-widget elementor-widget-jet-listing-dynamic-link\" data-id=\"0329474\" data-element_type=\"widget\" data-e-type=\"widget\" data-widget_type=\"jet-listing-dynamic-link.default\">\n\t\t\t\t<div class=\"elementor-widget-container\">\n\t\t\t\t\t<span class=\"jet-listing jet-listing-dynamic-link\"><a href=\"tel:\u00a0608\u00a088\u00a088\u00a088\" class=\"jet-listing-dynamic-link__link\"><i class=\"jet-listing-dynamic-link__icon oi oi-phone\" aria-hidden=\"true\"><\/i><span class=\"jet-listing-dynamic-link__label\">\u00a0608\u00a088\u00a088\u00a088<\/span><\/a><\/span>\t\t\t\t<\/div>\n\t\t\t\t<\/div>\n\t\t\t\t\t<\/div>\n\t\t<\/div>\n\t\t\t\t\t<\/div>\n\t\t<\/section>\n\t\t\t\t\t<\/div>\n\t\t<\/div>\n\t\t\t\t<div class=\"elementor-column elementor-col-50 elementor-top-column elementor-element elementor-element-bb24a8e\" data-id=\"bb24a8e\" data-element_type=\"column\" data-e-type=\"column\">\n\t\t\t<div class=\"elementor-widget-wrap elementor-element-populated\">\n\t\t\t\t\t\t<div class=\"elementor-element elementor-element-b78d0e4 elementor-widget elementor-widget-image\" data-id=\"b78d0e4\" data-element_type=\"widget\" data-e-type=\"widget\" data-widget_type=\"image.default\">\n\t\t\t\t<div class=\"elementor-widget-container\">\n\t\t\t\t\t\t\t\t\t\t\t\t\t\t\t\t<a href=\"https:\/\/www.expertservicecar.com\/pt-pt\/taller\/mundo-motors\/\">\n\t\t\t\t\t\t\t<img loading=\"lazy\" decoding=\"async\" width=\"300\" height=\"168\" src=\"https:\/\/www.expertservicecar.com\/wp-content\/uploads\/2023\/06\/mundo-motors-300x168.jpg\" class=\"attachment-medium size-medium wp-image-6936\" alt=\"\" srcset=\"https:\/\/www.expertservicecar.com\/wp-content\/uploads\/2023\/06\/mundo-motors-300x168.jpg 300w, https:\/\/www.expertservicecar.com\/wp-content\/uploads\/2023\/06\/mundo-motors-1024x572.jpg 1024w, https:\/\/www.expertservicecar.com\/wp-content\/uploads\/2023\/06\/mundo-motors-768x429.jpg 768w, https:\/\/www.expertservicecar.com\/wp-content\/uploads\/2023\/06\/mundo-motors-1536x859.jpg 1536w, https:\/\/www.expertservicecar.com\/wp-content\/uploads\/2023\/06\/mundo-motors-150x85.jpg 150w, https:\/\/www.expertservicecar.com\/wp-content\/uploads\/2023\/06\/mundo-motors-1170x650.jpg 1170w, https:\/\/www.expertservicecar.com\/wp-content\/uploads\/2023\/06\/mundo-motors-600x335.jpg 600w, https:\/\/www.expertservicecar.com\/wp-content\/uploads\/2023\/06\/mundo-motors.jpg 1601w\" sizes=\"(max-width: 300px) 100vw, 300px\" title=\"\">\t\t\t\t\t\t\t\t<\/a>\n\t\t\t\t\t\t\t\t\t\t\t\t\t\t\t<\/div>\n\t\t\t\t<\/div>\n\t\t\t\t\t<\/div>\n\t\t<\/div>\n\t\t\t\t\t<\/div>\n\t\t<\/section>\n\t\t\t\t<\/div>\n\t\t<\/div><div class=\"jet-listing-grid__item jet-listing-dynamic-post-7260 jet-equal-columns\" data-post-id=\"7260\" >\t\t<div data-elementor-type=\"jet-listing-items\" data-elementor-id=\"524\" class=\"elementor elementor-524\" data-elementor-post-type=\"jet-engine\">\n\t\t\t\t\t\t<section class=\"elementor-section elementor-top-section elementor-element elementor-element-ef0c760 elementor-section-content-middle elementor-section-boxed elementor-section-height-default elementor-section-height-default\" data-id=\"ef0c760\" data-element_type=\"section\" data-e-type=\"section\" data-settings=\"{&quot;background_background&quot;:&quot;classic&quot;}\">\n\t\t\t\t\t\t<div class=\"elementor-container elementor-column-gap-default\">\n\t\t\t\t\t<div class=\"elementor-column elementor-col-50 elementor-top-column elementor-element elementor-element-f3770a2\" data-id=\"f3770a2\" data-element_type=\"column\" data-e-type=\"column\">\n\t\t\t<div class=\"elementor-widget-wrap elementor-element-populated\">\n\t\t\t\t\t\t<div class=\"elementor-element elementor-element-6788ee3 elementor-widget__width-auto elementor-widget elementor-widget-theme-post-title elementor-page-title elementor-widget-heading\" data-id=\"6788ee3\" data-element_type=\"widget\" data-e-type=\"widget\" data-widget_type=\"theme-post-title.default\">\n\t\t\t\t<div class=\"elementor-widget-container\">\n\t\t\t\t\t<h5 class=\"elementor-heading-title elementor-size-default\"><a href=\"https:\/\/www.expertservicecar.com\/pt-pt\/taller\/mv-automocion\/\">MV AUTOMOCI\u00d3N<\/a><\/h5>\t\t\t\t<\/div>\n\t\t\t\t<\/div>\n\t\t\t\t<section class=\"elementor-section elementor-inner-section elementor-element elementor-element-dcd0ceb elementor-section-boxed elementor-section-height-default elementor-section-height-default\" data-id=\"dcd0ceb\" data-element_type=\"section\" data-e-type=\"section\">\n\t\t\t\t\t\t<div class=\"elementor-container elementor-column-gap-default\">\n\t\t\t\t\t<div class=\"elementor-column elementor-col-100 elementor-inner-column elementor-element elementor-element-aed0068\" data-id=\"aed0068\" data-element_type=\"column\" data-e-type=\"column\">\n\t\t\t<div class=\"elementor-widget-wrap elementor-element-populated\">\n\t\t\t\t\t\t<div class=\"elementor-element elementor-element-601cf1d elementor-widget__width-auto elementor-widget-mobile__width-auto elementor-widget elementor-widget-jet-listing-dynamic-field\" data-id=\"601cf1d\" data-element_type=\"widget\" data-e-type=\"widget\" data-widget_type=\"jet-listing-dynamic-field.default\">\n\t\t\t\t<div class=\"elementor-widget-container\">\n\t\t\t\t\t<div class=\"jet-listing jet-listing-dynamic-field display-inline\"><div class=\"jet-listing-dynamic-field__inline-wrap\"><span class=\"jet-listing-dynamic-field__content\"><p>C. Saturno, 10,<br \/>\n28229 Villanueva del Pardillo, Madrid<\/p>\n<\/span><\/div><\/div>\t\t\t\t<\/div>\n\t\t\t\t<\/div>\n\t\t\t\t<div class=\"elementor-element elementor-element-1898eca elementor-widget elementor-widget-jet-listing-dynamic-link\" data-id=\"1898eca\" data-element_type=\"widget\" data-e-type=\"widget\" data-widget_type=\"jet-listing-dynamic-link.default\">\n\t\t\t\t<div class=\"elementor-widget-container\">\n\t\t\t\t\t<span class=\"jet-listing jet-listing-dynamic-link\"><a href=\"tel:918978197\" class=\"jet-listing-dynamic-link__link\"><i class=\"jet-listing-dynamic-link__icon fas fa-phone-alt\" aria-hidden=\"true\"><\/i><span class=\"jet-listing-dynamic-link__label\">918978197<\/span><\/a><\/span>\t\t\t\t<\/div>\n\t\t\t\t<\/div>\n\t\t\t\t<div class=\"elementor-element elementor-element-0329474 elementor-hidden-phone elementor-widget elementor-widget-jet-listing-dynamic-link\" data-id=\"0329474\" data-element_type=\"widget\" data-e-type=\"widget\" data-widget_type=\"jet-listing-dynamic-link.default\">\n\t\t\t\t<div class=\"elementor-widget-container\">\n\t\t\t\t\t<span class=\"jet-listing jet-listing-dynamic-link\"><a href=\"tel:694476933\" class=\"jet-listing-dynamic-link__link\"><i class=\"jet-listing-dynamic-link__icon oi oi-phone\" aria-hidden=\"true\"><\/i><span class=\"jet-listing-dynamic-link__label\">694476933<\/span><\/a><\/span>\t\t\t\t<\/div>\n\t\t\t\t<\/div>\n\t\t\t\t\t<\/div>\n\t\t<\/div>\n\t\t\t\t\t<\/div>\n\t\t<\/section>\n\t\t\t\t\t<\/div>\n\t\t<\/div>\n\t\t\t\t<div class=\"elementor-column elementor-col-50 elementor-top-column elementor-element elementor-element-bb24a8e\" data-id=\"bb24a8e\" data-element_type=\"column\" data-e-type=\"column\">\n\t\t\t<div class=\"elementor-widget-wrap elementor-element-populated\">\n\t\t\t\t\t\t<div class=\"elementor-element elementor-element-b78d0e4 elementor-widget elementor-widget-image\" data-id=\"b78d0e4\" data-element_type=\"widget\" data-e-type=\"widget\" data-widget_type=\"image.default\">\n\t\t\t\t<div class=\"elementor-widget-container\">\n\t\t\t\t\t\t\t\t\t\t\t\t\t\t\t\t<a href=\"https:\/\/www.expertservicecar.com\/pt-pt\/taller\/mv-automocion\/\">\n\t\t\t\t\t\t\t<img loading=\"lazy\" decoding=\"async\" width=\"300\" height=\"224\" src=\"https:\/\/www.expertservicecar.com\/wp-content\/uploads\/2024\/01\/Captura-de-pantalla-2024-01-10-095044-300x224.jpg\" class=\"attachment-medium size-medium wp-image-7261\" alt=\"\" srcset=\"https:\/\/www.expertservicecar.com\/wp-content\/uploads\/2024\/01\/Captura-de-pantalla-2024-01-10-095044-300x224.jpg 300w, https:\/\/www.expertservicecar.com\/wp-content\/uploads\/2024\/01\/Captura-de-pantalla-2024-01-10-095044-1024x763.jpg 1024w, https:\/\/www.expertservicecar.com\/wp-content\/uploads\/2024\/01\/Captura-de-pantalla-2024-01-10-095044-768x572.jpg 768w, https:\/\/www.expertservicecar.com\/wp-content\/uploads\/2024\/01\/Captura-de-pantalla-2024-01-10-095044-600x447.jpg 600w, https:\/\/www.expertservicecar.com\/wp-content\/uploads\/2024\/01\/Captura-de-pantalla-2024-01-10-095044.jpg 1232w\" sizes=\"(max-width: 300px) 100vw, 300px\" title=\"\">\t\t\t\t\t\t\t\t<\/a>\n\t\t\t\t\t\t\t\t\t\t\t\t\t\t\t<\/div>\n\t\t\t\t<\/div>\n\t\t\t\t\t<\/div>\n\t\t<\/div>\n\t\t\t\t\t<\/div>\n\t\t<\/section>\n\t\t\t\t<\/div>\n\t\t<\/div><div class=\"jet-listing-grid__item jet-listing-dynamic-post-6260 jet-equal-columns\" data-post-id=\"6260\" >\t\t<div data-elementor-type=\"jet-listing-items\" data-elementor-id=\"524\" class=\"elementor elementor-524\" data-elementor-post-type=\"jet-engine\">\n\t\t\t\t\t\t<section class=\"elementor-section elementor-top-section elementor-element elementor-element-ef0c760 elementor-section-content-middle elementor-section-boxed elementor-section-height-default elementor-section-height-default\" data-id=\"ef0c760\" data-element_type=\"section\" data-e-type=\"section\" data-settings=\"{&quot;background_background&quot;:&quot;classic&quot;}\">\n\t\t\t\t\t\t<div class=\"elementor-container elementor-column-gap-default\">\n\t\t\t\t\t<div class=\"elementor-column elementor-col-50 elementor-top-column elementor-element elementor-element-f3770a2\" data-id=\"f3770a2\" data-element_type=\"column\" data-e-type=\"column\">\n\t\t\t<div class=\"elementor-widget-wrap elementor-element-populated\">\n\t\t\t\t\t\t<div class=\"elementor-element elementor-element-6788ee3 elementor-widget__width-auto elementor-widget elementor-widget-theme-post-title elementor-page-title elementor-widget-heading\" data-id=\"6788ee3\" data-element_type=\"widget\" data-e-type=\"widget\" data-widget_type=\"theme-post-title.default\">\n\t\t\t\t<div class=\"elementor-widget-container\">\n\t\t\t\t\t<h5 class=\"elementor-heading-title elementor-size-default\"><a href=\"https:\/\/www.expertservicecar.com\/pt-pt\/taller\/padrisa-automocion\/\">Padrisa<\/a><\/h5>\t\t\t\t<\/div>\n\t\t\t\t<\/div>\n\t\t\t\t<section class=\"elementor-section elementor-inner-section elementor-element elementor-element-dcd0ceb elementor-section-boxed elementor-section-height-default elementor-section-height-default\" data-id=\"dcd0ceb\" data-element_type=\"section\" data-e-type=\"section\">\n\t\t\t\t\t\t<div class=\"elementor-container elementor-column-gap-default\">\n\t\t\t\t\t<div class=\"elementor-column elementor-col-100 elementor-inner-column elementor-element elementor-element-aed0068\" data-id=\"aed0068\" data-element_type=\"column\" data-e-type=\"column\">\n\t\t\t<div class=\"elementor-widget-wrap elementor-element-populated\">\n\t\t\t\t\t\t<div class=\"elementor-element elementor-element-601cf1d elementor-widget__width-auto elementor-widget-mobile__width-auto elementor-widget elementor-widget-jet-listing-dynamic-field\" data-id=\"601cf1d\" data-element_type=\"widget\" data-e-type=\"widget\" data-widget_type=\"jet-listing-dynamic-field.default\">\n\t\t\t\t<div class=\"elementor-widget-container\">\n\t\t\t\t\t<div class=\"jet-listing jet-listing-dynamic-field display-inline\"><div class=\"jet-listing-dynamic-field__inline-wrap\"><span class=\"jet-listing-dynamic-field__content\"><p>C. Roma, 1 bis,<br \/>\n28342 Valdemoro, Madrid<\/p>\n<\/span><\/div><\/div>\t\t\t\t<\/div>\n\t\t\t\t<\/div>\n\t\t\t\t<div class=\"elementor-element elementor-element-1898eca elementor-widget elementor-widget-jet-listing-dynamic-link\" data-id=\"1898eca\" data-element_type=\"widget\" data-e-type=\"widget\" data-widget_type=\"jet-listing-dynamic-link.default\">\n\t\t\t\t<div class=\"elementor-widget-container\">\n\t\t\t\t\t<span class=\"jet-listing jet-listing-dynamic-link\"><a href=\"tel:606 87 87 29\" class=\"jet-listing-dynamic-link__link\"><i class=\"jet-listing-dynamic-link__icon fas fa-phone-alt\" aria-hidden=\"true\"><\/i><span class=\"jet-listing-dynamic-link__label\">606 87 87 29<\/span><\/a><\/span>\t\t\t\t<\/div>\n\t\t\t\t<\/div>\n\t\t\t\t\t<\/div>\n\t\t<\/div>\n\t\t\t\t\t<\/div>\n\t\t<\/section>\n\t\t\t\t\t<\/div>\n\t\t<\/div>\n\t\t\t\t<div class=\"elementor-column elementor-col-50 elementor-top-column elementor-element elementor-element-bb24a8e\" data-id=\"bb24a8e\" data-element_type=\"column\" data-e-type=\"column\">\n\t\t\t<div class=\"elementor-widget-wrap elementor-element-populated\">\n\t\t\t\t\t\t<div class=\"elementor-element elementor-element-b78d0e4 elementor-widget elementor-widget-image\" data-id=\"b78d0e4\" data-element_type=\"widget\" data-e-type=\"widget\" data-widget_type=\"image.default\">\n\t\t\t\t<div class=\"elementor-widget-container\">\n\t\t\t\t\t\t\t\t\t\t\t\t\t\t\t\t<a href=\"https:\/\/www.expertservicecar.com\/pt-pt\/taller\/padrisa-automocion\/\">\n\t\t\t\t\t\t\t<img loading=\"lazy\" decoding=\"async\" width=\"300\" height=\"223\" src=\"https:\/\/www.expertservicecar.com\/wp-content\/uploads\/2022\/06\/padrisa-1-300x223.jpg\" class=\"attachment-medium size-medium wp-image-6272\" alt=\"PADRISA\" srcset=\"https:\/\/www.expertservicecar.com\/wp-content\/uploads\/2022\/06\/padrisa-1-300x223.jpg 300w, https:\/\/www.expertservicecar.com\/wp-content\/uploads\/2022\/06\/padrisa-1-1024x760.jpg 1024w, https:\/\/www.expertservicecar.com\/wp-content\/uploads\/2022\/06\/padrisa-1-768x570.jpg 768w, https:\/\/www.expertservicecar.com\/wp-content\/uploads\/2022\/06\/padrisa-1-600x445.jpg 600w, https:\/\/www.expertservicecar.com\/wp-content\/uploads\/2022\/06\/padrisa-1.jpg 1056w\" sizes=\"(max-width: 300px) 100vw, 300px\" title=\"\">\t\t\t\t\t\t\t\t<\/a>\n\t\t\t\t\t\t\t\t\t\t\t\t\t\t\t<\/div>\n\t\t\t\t<\/div>\n\t\t\t\t\t<\/div>\n\t\t<\/div>\n\t\t\t\t\t<\/div>\n\t\t<\/section>\n\t\t\t\t<\/div>\n\t\t<\/div><div class=\"jet-listing-grid__item jet-listing-dynamic-post-7388 jet-equal-columns\" data-post-id=\"7388\" >\t\t<div data-elementor-type=\"jet-listing-items\" data-elementor-id=\"524\" class=\"elementor elementor-524\" data-elementor-post-type=\"jet-engine\">\n\t\t\t\t\t\t<section class=\"elementor-section elementor-top-section elementor-element elementor-element-ef0c760 elementor-section-content-middle elementor-section-boxed elementor-section-height-default elementor-section-height-default\" data-id=\"ef0c760\" data-element_type=\"section\" data-e-type=\"section\" data-settings=\"{&quot;background_background&quot;:&quot;classic&quot;}\">\n\t\t\t\t\t\t<div class=\"elementor-container elementor-column-gap-default\">\n\t\t\t\t\t<div class=\"elementor-column elementor-col-50 elementor-top-column elementor-element elementor-element-f3770a2\" data-id=\"f3770a2\" data-element_type=\"column\" data-e-type=\"column\">\n\t\t\t<div class=\"elementor-widget-wrap elementor-element-populated\">\n\t\t\t\t\t\t<div class=\"elementor-element elementor-element-6788ee3 elementor-widget__width-auto elementor-widget elementor-widget-theme-post-title elementor-page-title elementor-widget-heading\" data-id=\"6788ee3\" data-element_type=\"widget\" data-e-type=\"widget\" data-widget_type=\"theme-post-title.default\">\n\t\t\t\t<div class=\"elementor-widget-container\">\n\t\t\t\t\t<h5 class=\"elementor-heading-title elementor-size-default\"><a href=\"https:\/\/www.expertservicecar.com\/pt-pt\/taller\/penaranda-motor\/\">Pe\u00f1aranda Motor<\/a><\/h5>\t\t\t\t<\/div>\n\t\t\t\t<\/div>\n\t\t\t\t<section class=\"elementor-section elementor-inner-section elementor-element elementor-element-dcd0ceb elementor-section-boxed elementor-section-height-default elementor-section-height-default\" data-id=\"dcd0ceb\" data-element_type=\"section\" data-e-type=\"section\">\n\t\t\t\t\t\t<div class=\"elementor-container elementor-column-gap-default\">\n\t\t\t\t\t<div class=\"elementor-column elementor-col-100 elementor-inner-column elementor-element elementor-element-aed0068\" data-id=\"aed0068\" data-element_type=\"column\" data-e-type=\"column\">\n\t\t\t<div class=\"elementor-widget-wrap elementor-element-populated\">\n\t\t\t\t\t\t<div class=\"elementor-element elementor-element-601cf1d elementor-widget__width-auto elementor-widget-mobile__width-auto elementor-widget elementor-widget-jet-listing-dynamic-field\" data-id=\"601cf1d\" data-element_type=\"widget\" data-e-type=\"widget\" data-widget_type=\"jet-listing-dynamic-field.default\">\n\t\t\t\t<div class=\"elementor-widget-container\">\n\t\t\t\t\t<div class=\"jet-listing jet-listing-dynamic-field display-inline\"><div class=\"jet-listing-dynamic-field__inline-wrap\"><span class=\"jet-listing-dynamic-field__content\"><p>Carretera Alba de Tormes, 8,<br \/>\n37300 Pe\u00f1aranda de Bracamonte, Salamanca<\/p>\n<\/span><\/div><\/div>\t\t\t\t<\/div>\n\t\t\t\t<\/div>\n\t\t\t\t<div class=\"elementor-element elementor-element-1898eca elementor-widget elementor-widget-jet-listing-dynamic-link\" data-id=\"1898eca\" data-element_type=\"widget\" data-e-type=\"widget\" data-widget_type=\"jet-listing-dynamic-link.default\">\n\t\t\t\t<div class=\"elementor-widget-container\">\n\t\t\t\t\t<span class=\"jet-listing jet-listing-dynamic-link\"><a href=\"tel:923542107\" class=\"jet-listing-dynamic-link__link\"><i class=\"jet-listing-dynamic-link__icon fas fa-phone-alt\" aria-hidden=\"true\"><\/i><span class=\"jet-listing-dynamic-link__label\">923542107<\/span><\/a><\/span>\t\t\t\t<\/div>\n\t\t\t\t<\/div>\n\t\t\t\t<div class=\"elementor-element elementor-element-0329474 elementor-hidden-phone elementor-widget elementor-widget-jet-listing-dynamic-link\" data-id=\"0329474\" data-element_type=\"widget\" data-e-type=\"widget\" data-widget_type=\"jet-listing-dynamic-link.default\">\n\t\t\t\t<div class=\"elementor-widget-container\">\n\t\t\t\t\t<span class=\"jet-listing jet-listing-dynamic-link\"><a href=\"tel:618141532\" class=\"jet-listing-dynamic-link__link\"><i class=\"jet-listing-dynamic-link__icon oi oi-phone\" aria-hidden=\"true\"><\/i><span class=\"jet-listing-dynamic-link__label\">618141532<\/span><\/a><\/span>\t\t\t\t<\/div>\n\t\t\t\t<\/div>\n\t\t\t\t\t<\/div>\n\t\t<\/div>\n\t\t\t\t\t<\/div>\n\t\t<\/section>\n\t\t\t\t\t<\/div>\n\t\t<\/div>\n\t\t\t\t<div class=\"elementor-column elementor-col-50 elementor-top-column elementor-element elementor-element-bb24a8e\" data-id=\"bb24a8e\" data-element_type=\"column\" data-e-type=\"column\">\n\t\t\t<div class=\"elementor-widget-wrap elementor-element-populated\">\n\t\t\t\t\t\t<div class=\"elementor-element elementor-element-b78d0e4 elementor-widget elementor-widget-image\" data-id=\"b78d0e4\" data-element_type=\"widget\" data-e-type=\"widget\" data-widget_type=\"image.default\">\n\t\t\t\t<div class=\"elementor-widget-container\">\n\t\t\t\t\t\t\t\t\t\t\t\t\t\t\t\t<a href=\"https:\/\/www.expertservicecar.com\/pt-pt\/taller\/penaranda-motor\/\">\n\t\t\t\t\t\t\t<img loading=\"lazy\" decoding=\"async\" width=\"300\" height=\"146\" src=\"https:\/\/www.expertservicecar.com\/wp-content\/uploads\/2024\/03\/penarandamotor-300x146.jpg\" class=\"attachment-medium size-medium wp-image-7389\" alt=\"\" srcset=\"https:\/\/www.expertservicecar.com\/wp-content\/uploads\/2024\/03\/penarandamotor-300x146.jpg 300w, https:\/\/www.expertservicecar.com\/wp-content\/uploads\/2024\/03\/penarandamotor-1024x500.jpg 1024w, https:\/\/www.expertservicecar.com\/wp-content\/uploads\/2024\/03\/penarandamotor-768x375.jpg 768w, https:\/\/www.expertservicecar.com\/wp-content\/uploads\/2024\/03\/penarandamotor-1536x750.jpg 1536w, https:\/\/www.expertservicecar.com\/wp-content\/uploads\/2024\/03\/penarandamotor-600x293.jpg 600w, https:\/\/www.expertservicecar.com\/wp-content\/uploads\/2024\/03\/penarandamotor.jpg 1784w\" sizes=\"(max-width: 300px) 100vw, 300px\" title=\"\">\t\t\t\t\t\t\t\t<\/a>\n\t\t\t\t\t\t\t\t\t\t\t\t\t\t\t<\/div>\n\t\t\t\t<\/div>\n\t\t\t\t\t<\/div>\n\t\t<\/div>\n\t\t\t\t\t<\/div>\n\t\t<\/section>\n\t\t\t\t<\/div>\n\t\t<\/div><div class=\"jet-listing-grid__item jet-listing-dynamic-post-7161 jet-equal-columns\" data-post-id=\"7161\" >\t\t<div data-elementor-type=\"jet-listing-items\" data-elementor-id=\"524\" class=\"elementor elementor-524\" data-elementor-post-type=\"jet-engine\">\n\t\t\t\t\t\t<section class=\"elementor-section elementor-top-section elementor-element elementor-element-ef0c760 elementor-section-content-middle elementor-section-boxed elementor-section-height-default elementor-section-height-default\" data-id=\"ef0c760\" data-element_type=\"section\" data-e-type=\"section\" data-settings=\"{&quot;background_background&quot;:&quot;classic&quot;}\">\n\t\t\t\t\t\t<div class=\"elementor-container elementor-column-gap-default\">\n\t\t\t\t\t<div class=\"elementor-column elementor-col-50 elementor-top-column elementor-element elementor-element-f3770a2\" data-id=\"f3770a2\" data-element_type=\"column\" data-e-type=\"column\">\n\t\t\t<div class=\"elementor-widget-wrap elementor-element-populated\">\n\t\t\t\t\t\t<div class=\"elementor-element elementor-element-6788ee3 elementor-widget__width-auto elementor-widget elementor-widget-theme-post-title elementor-page-title elementor-widget-heading\" data-id=\"6788ee3\" data-element_type=\"widget\" data-e-type=\"widget\" data-widget_type=\"theme-post-title.default\">\n\t\t\t\t<div class=\"elementor-widget-container\">\n\t\t\t\t\t<h5 class=\"elementor-heading-title elementor-size-default\"><a href=\"https:\/\/www.expertservicecar.com\/pt-pt\/taller\/plamarmotor-s-l\/\">Plamarmotor, S.L.<\/a><\/h5>\t\t\t\t<\/div>\n\t\t\t\t<\/div>\n\t\t\t\t<section class=\"elementor-section elementor-inner-section elementor-element elementor-element-dcd0ceb elementor-section-boxed elementor-section-height-default elementor-section-height-default\" data-id=\"dcd0ceb\" data-element_type=\"section\" data-e-type=\"section\">\n\t\t\t\t\t\t<div class=\"elementor-container elementor-column-gap-default\">\n\t\t\t\t\t<div class=\"elementor-column elementor-col-100 elementor-inner-column elementor-element elementor-element-aed0068\" data-id=\"aed0068\" data-element_type=\"column\" data-e-type=\"column\">\n\t\t\t<div class=\"elementor-widget-wrap elementor-element-populated\">\n\t\t\t\t\t\t<div class=\"elementor-element elementor-element-601cf1d elementor-widget__width-auto elementor-widget-mobile__width-auto elementor-widget elementor-widget-jet-listing-dynamic-field\" data-id=\"601cf1d\" data-element_type=\"widget\" data-e-type=\"widget\" data-widget_type=\"jet-listing-dynamic-field.default\">\n\t\t\t\t<div class=\"elementor-widget-container\">\n\t\t\t\t\t<div class=\"jet-listing jet-listing-dynamic-field display-inline\"><div class=\"jet-listing-dynamic-field__inline-wrap\"><span class=\"jet-listing-dynamic-field__content\"><p>n\u00famero 38, C. Hoyo Bolero, 04745 La Mojonera, Almer\u00eda<\/p>\n<\/span><\/div><\/div>\t\t\t\t<\/div>\n\t\t\t\t<\/div>\n\t\t\t\t<div class=\"elementor-element elementor-element-1898eca elementor-widget elementor-widget-jet-listing-dynamic-link\" data-id=\"1898eca\" data-element_type=\"widget\" data-e-type=\"widget\" data-widget_type=\"jet-listing-dynamic-link.default\">\n\t\t\t\t<div class=\"elementor-widget-container\">\n\t\t\t\t\t<span class=\"jet-listing jet-listing-dynamic-link\"><a href=\"tel:950330784\" class=\"jet-listing-dynamic-link__link\"><i class=\"jet-listing-dynamic-link__icon fas fa-phone-alt\" aria-hidden=\"true\"><\/i><span class=\"jet-listing-dynamic-link__label\">950330784<\/span><\/a><\/span>\t\t\t\t<\/div>\n\t\t\t\t<\/div>\n\t\t\t\t\t<\/div>\n\t\t<\/div>\n\t\t\t\t\t<\/div>\n\t\t<\/section>\n\t\t\t\t\t<\/div>\n\t\t<\/div>\n\t\t\t\t<div class=\"elementor-column elementor-col-50 elementor-top-column elementor-element elementor-element-bb24a8e\" data-id=\"bb24a8e\" data-element_type=\"column\" data-e-type=\"column\">\n\t\t\t<div class=\"elementor-widget-wrap elementor-element-populated\">\n\t\t\t\t\t\t<div class=\"elementor-element elementor-element-b78d0e4 elementor-widget elementor-widget-image\" data-id=\"b78d0e4\" data-element_type=\"widget\" data-e-type=\"widget\" data-widget_type=\"image.default\">\n\t\t\t\t<div class=\"elementor-widget-container\">\n\t\t\t\t\t\t\t\t\t\t\t\t\t\t\t\t<a href=\"https:\/\/www.expertservicecar.com\/pt-pt\/taller\/plamarmotor-s-l\/\">\n\t\t\t\t\t\t\t<img loading=\"lazy\" decoding=\"async\" width=\"300\" height=\"183\" src=\"https:\/\/www.expertservicecar.com\/wp-content\/uploads\/2023\/10\/plamarmotor-300x183.jpg\" class=\"attachment-medium size-medium wp-image-7162\" alt=\"\" srcset=\"https:\/\/www.expertservicecar.com\/wp-content\/uploads\/2023\/10\/plamarmotor-300x183.jpg 300w, https:\/\/www.expertservicecar.com\/wp-content\/uploads\/2023\/10\/plamarmotor-1024x624.jpg 1024w, https:\/\/www.expertservicecar.com\/wp-content\/uploads\/2023\/10\/plamarmotor-768x468.jpg 768w, https:\/\/www.expertservicecar.com\/wp-content\/uploads\/2023\/10\/plamarmotor-600x366.jpg 600w, https:\/\/www.expertservicecar.com\/wp-content\/uploads\/2023\/10\/plamarmotor.jpg 1325w\" sizes=\"(max-width: 300px) 100vw, 300px\" title=\"\">\t\t\t\t\t\t\t\t<\/a>\n\t\t\t\t\t\t\t\t\t\t\t\t\t\t\t<\/div>\n\t\t\t\t<\/div>\n\t\t\t\t\t<\/div>\n\t\t<\/div>\n\t\t\t\t\t<\/div>\n\t\t<\/section>\n\t\t\t\t<\/div>\n\t\t<\/div><div class=\"jet-listing-grid__item jet-listing-dynamic-post-1186 jet-equal-columns\" data-post-id=\"1186\" >\t\t<div data-elementor-type=\"jet-listing-items\" data-elementor-id=\"524\" class=\"elementor elementor-524\" data-elementor-post-type=\"jet-engine\">\n\t\t\t\t\t\t<section class=\"elementor-section elementor-top-section elementor-element elementor-element-ef0c760 elementor-section-content-middle elementor-section-boxed elementor-section-height-default elementor-section-height-default\" data-id=\"ef0c760\" data-element_type=\"section\" data-e-type=\"section\" data-settings=\"{&quot;background_background&quot;:&quot;classic&quot;}\">\n\t\t\t\t\t\t<div class=\"elementor-container elementor-column-gap-default\">\n\t\t\t\t\t<div class=\"elementor-column elementor-col-50 elementor-top-column elementor-element elementor-element-f3770a2\" data-id=\"f3770a2\" data-element_type=\"column\" data-e-type=\"column\">\n\t\t\t<div class=\"elementor-widget-wrap elementor-element-populated\">\n\t\t\t\t\t\t<div class=\"elementor-element elementor-element-6788ee3 elementor-widget__width-auto elementor-widget elementor-widget-theme-post-title elementor-page-title elementor-widget-heading\" data-id=\"6788ee3\" data-element_type=\"widget\" data-e-type=\"widget\" data-widget_type=\"theme-post-title.default\">\n\t\t\t\t<div class=\"elementor-widget-container\">\n\t\t\t\t\t<h5 class=\"elementor-heading-title elementor-size-default\"><a href=\"https:\/\/www.expertservicecar.com\/pt-pt\/taller\/porto-automocion\/\">Porto Automoci\u00f3n<\/a><\/h5>\t\t\t\t<\/div>\n\t\t\t\t<\/div>\n\t\t\t\t<section class=\"elementor-section elementor-inner-section elementor-element elementor-element-dcd0ceb elementor-section-boxed elementor-section-height-default elementor-section-height-default\" data-id=\"dcd0ceb\" data-element_type=\"section\" data-e-type=\"section\">\n\t\t\t\t\t\t<div class=\"elementor-container elementor-column-gap-default\">\n\t\t\t\t\t<div class=\"elementor-column elementor-col-100 elementor-inner-column elementor-element elementor-element-aed0068\" data-id=\"aed0068\" data-element_type=\"column\" data-e-type=\"column\">\n\t\t\t<div class=\"elementor-widget-wrap elementor-element-populated\">\n\t\t\t\t\t\t<div class=\"elementor-element elementor-element-601cf1d elementor-widget__width-auto elementor-widget-mobile__width-auto elementor-widget elementor-widget-jet-listing-dynamic-field\" data-id=\"601cf1d\" data-element_type=\"widget\" data-e-type=\"widget\" data-widget_type=\"jet-listing-dynamic-field.default\">\n\t\t\t\t<div class=\"elementor-widget-container\">\n\t\t\t\t\t<div class=\"jet-listing jet-listing-dynamic-field display-inline\"><div class=\"jet-listing-dynamic-field__inline-wrap\"><span class=\"jet-listing-dynamic-field__content\"><p>M\u00aa Angeles de la G\u00e1ndara,14<br \/>\nPoligono del Tambre<br \/>\n15898 Santiago de Compostela<br \/>\nA Coru\u00f1a<\/p>\n<\/span><\/div><\/div>\t\t\t\t<\/div>\n\t\t\t\t<\/div>\n\t\t\t\t<div class=\"elementor-element elementor-element-1898eca elementor-widget elementor-widget-jet-listing-dynamic-link\" data-id=\"1898eca\" data-element_type=\"widget\" data-e-type=\"widget\" data-widget_type=\"jet-listing-dynamic-link.default\">\n\t\t\t\t<div class=\"elementor-widget-container\">\n\t\t\t\t\t<span class=\"jet-listing jet-listing-dynamic-link\"><a href=\"tel:+34 881 023 131\" class=\"jet-listing-dynamic-link__link\"><i class=\"jet-listing-dynamic-link__icon fas fa-phone-alt\" aria-hidden=\"true\"><\/i><span class=\"jet-listing-dynamic-link__label\">+34 881 023 131<\/span><\/a><\/span>\t\t\t\t<\/div>\n\t\t\t\t<\/div>\n\t\t\t\t\t<\/div>\n\t\t<\/div>\n\t\t\t\t\t<\/div>\n\t\t<\/section>\n\t\t\t\t\t<\/div>\n\t\t<\/div>\n\t\t\t\t<div class=\"elementor-column elementor-col-50 elementor-top-column elementor-element elementor-element-bb24a8e\" data-id=\"bb24a8e\" data-element_type=\"column\" data-e-type=\"column\">\n\t\t\t<div class=\"elementor-widget-wrap elementor-element-populated\">\n\t\t\t\t\t\t<div class=\"elementor-element elementor-element-b78d0e4 elementor-widget elementor-widget-image\" data-id=\"b78d0e4\" data-element_type=\"widget\" data-e-type=\"widget\" data-widget_type=\"image.default\">\n\t\t\t\t<div class=\"elementor-widget-container\">\n\t\t\t\t\t\t\t\t\t\t\t\t\t\t\t\t<a href=\"https:\/\/www.expertservicecar.com\/pt-pt\/taller\/porto-automocion\/\">\n\t\t\t\t\t\t\t<img loading=\"lazy\" decoding=\"async\" width=\"300\" height=\"231\" src=\"https:\/\/www.expertservicecar.com\/wp-content\/uploads\/2021\/04\/porto-automocion-300x231.jpg\" class=\"attachment-medium size-medium wp-image-1187\" alt=\"Porto Automoci\u00f3n\" srcset=\"https:\/\/www.expertservicecar.com\/wp-content\/uploads\/2021\/04\/porto-automocion-300x231.jpg 300w, https:\/\/www.expertservicecar.com\/wp-content\/uploads\/2021\/04\/porto-automocion-768x591.jpg 768w, https:\/\/www.expertservicecar.com\/wp-content\/uploads\/2021\/04\/porto-automocion.jpg 900w\" sizes=\"(max-width: 300px) 100vw, 300px\" title=\"\">\t\t\t\t\t\t\t\t<\/a>\n\t\t\t\t\t\t\t\t\t\t\t\t\t\t\t<\/div>\n\t\t\t\t<\/div>\n\t\t\t\t\t<\/div>\n\t\t<\/div>\n\t\t\t\t\t<\/div>\n\t\t<\/section>\n\t\t\t\t<\/div>\n\t\t<\/div><div class=\"jet-listing-grid__item jet-listing-dynamic-post-7275 jet-equal-columns\" data-post-id=\"7275\" >\t\t<div data-elementor-type=\"jet-listing-items\" data-elementor-id=\"524\" class=\"elementor elementor-524\" data-elementor-post-type=\"jet-engine\">\n\t\t\t\t\t\t<section class=\"elementor-section elementor-top-section elementor-element elementor-element-ef0c760 elementor-section-content-middle elementor-section-boxed elementor-section-height-default elementor-section-height-default\" data-id=\"ef0c760\" data-element_type=\"section\" data-e-type=\"section\" data-settings=\"{&quot;background_background&quot;:&quot;classic&quot;}\">\n\t\t\t\t\t\t<div class=\"elementor-container elementor-column-gap-default\">\n\t\t\t\t\t<div class=\"elementor-column elementor-col-50 elementor-top-column elementor-element elementor-element-f3770a2\" data-id=\"f3770a2\" data-element_type=\"column\" data-e-type=\"column\">\n\t\t\t<div class=\"elementor-widget-wrap elementor-element-populated\">\n\t\t\t\t\t\t<div class=\"elementor-element elementor-element-6788ee3 elementor-widget__width-auto elementor-widget elementor-widget-theme-post-title elementor-page-title elementor-widget-heading\" data-id=\"6788ee3\" data-element_type=\"widget\" data-e-type=\"widget\" data-widget_type=\"theme-post-title.default\">\n\t\t\t\t<div class=\"elementor-widget-container\">\n\t\t\t\t\t<h5 class=\"elementor-heading-title elementor-size-default\"><a href=\"https:\/\/www.expertservicecar.com\/pt-pt\/taller\/rafael-moviauto-s-l\/\">Rafael Moviauto S.L.<\/a><\/h5>\t\t\t\t<\/div>\n\t\t\t\t<\/div>\n\t\t\t\t<section class=\"elementor-section elementor-inner-section elementor-element elementor-element-dcd0ceb elementor-section-boxed elementor-section-height-default elementor-section-height-default\" data-id=\"dcd0ceb\" data-element_type=\"section\" data-e-type=\"section\">\n\t\t\t\t\t\t<div class=\"elementor-container elementor-column-gap-default\">\n\t\t\t\t\t<div class=\"elementor-column elementor-col-100 elementor-inner-column elementor-element elementor-element-aed0068\" data-id=\"aed0068\" data-element_type=\"column\" data-e-type=\"column\">\n\t\t\t<div class=\"elementor-widget-wrap elementor-element-populated\">\n\t\t\t\t\t\t<div class=\"elementor-element elementor-element-601cf1d elementor-widget__width-auto elementor-widget-mobile__width-auto elementor-widget elementor-widget-jet-listing-dynamic-field\" data-id=\"601cf1d\" data-element_type=\"widget\" data-e-type=\"widget\" data-widget_type=\"jet-listing-dynamic-field.default\">\n\t\t\t\t<div class=\"elementor-widget-container\">\n\t\t\t\t\t<div class=\"jet-listing jet-listing-dynamic-field display-inline\"><div class=\"jet-listing-dynamic-field__inline-wrap\"><span class=\"jet-listing-dynamic-field__content\"><p>C. Palmera, 12, 41500 Alcal\u00e1 de Guada\u00edra, Sevilla<\/p>\n<\/span><\/div><\/div>\t\t\t\t<\/div>\n\t\t\t\t<\/div>\n\t\t\t\t<div class=\"elementor-element elementor-element-1898eca elementor-widget elementor-widget-jet-listing-dynamic-link\" data-id=\"1898eca\" data-element_type=\"widget\" data-e-type=\"widget\" data-widget_type=\"jet-listing-dynamic-link.default\">\n\t\t\t\t<div class=\"elementor-widget-container\">\n\t\t\t\t\t<span class=\"jet-listing jet-listing-dynamic-link\"><a href=\"tel:955195076\" class=\"jet-listing-dynamic-link__link\"><i class=\"jet-listing-dynamic-link__icon fas fa-phone-alt\" aria-hidden=\"true\"><\/i><span class=\"jet-listing-dynamic-link__label\">955195076<\/span><\/a><\/span>\t\t\t\t<\/div>\n\t\t\t\t<\/div>\n\t\t\t\t<div class=\"elementor-element elementor-element-0329474 elementor-hidden-phone elementor-widget elementor-widget-jet-listing-dynamic-link\" data-id=\"0329474\" data-element_type=\"widget\" data-e-type=\"widget\" data-widget_type=\"jet-listing-dynamic-link.default\">\n\t\t\t\t<div class=\"elementor-widget-container\">\n\t\t\t\t\t<span class=\"jet-listing jet-listing-dynamic-link\"><a href=\"tel:658544348\" class=\"jet-listing-dynamic-link__link\"><i class=\"jet-listing-dynamic-link__icon oi oi-phone\" aria-hidden=\"true\"><\/i><span class=\"jet-listing-dynamic-link__label\">658544348<\/span><\/a><\/span>\t\t\t\t<\/div>\n\t\t\t\t<\/div>\n\t\t\t\t\t<\/div>\n\t\t<\/div>\n\t\t\t\t\t<\/div>\n\t\t<\/section>\n\t\t\t\t\t<\/div>\n\t\t<\/div>\n\t\t\t\t<div class=\"elementor-column elementor-col-50 elementor-top-column elementor-element elementor-element-bb24a8e\" data-id=\"bb24a8e\" data-element_type=\"column\" data-e-type=\"column\">\n\t\t\t<div class=\"elementor-widget-wrap elementor-element-populated\">\n\t\t\t\t\t\t<div class=\"elementor-element elementor-element-b78d0e4 elementor-widget elementor-widget-image\" data-id=\"b78d0e4\" data-element_type=\"widget\" data-e-type=\"widget\" data-widget_type=\"image.default\">\n\t\t\t\t<div class=\"elementor-widget-container\">\n\t\t\t\t\t\t\t\t\t\t\t\t\t\t\t\t<a href=\"https:\/\/www.expertservicecar.com\/pt-pt\/taller\/rafael-moviauto-s-l\/\">\n\t\t\t\t\t\t\t<img loading=\"lazy\" decoding=\"async\" width=\"300\" height=\"200\" src=\"https:\/\/www.expertservicecar.com\/wp-content\/uploads\/2024\/01\/Captura-de-pantalla-2024-01-10-101031-300x200.jpg\" class=\"attachment-medium size-medium wp-image-7276\" alt=\"\" srcset=\"https:\/\/www.expertservicecar.com\/wp-content\/uploads\/2024\/01\/Captura-de-pantalla-2024-01-10-101031-300x200.jpg 300w, https:\/\/www.expertservicecar.com\/wp-content\/uploads\/2024\/01\/Captura-de-pantalla-2024-01-10-101031-1024x682.jpg 1024w, https:\/\/www.expertservicecar.com\/wp-content\/uploads\/2024\/01\/Captura-de-pantalla-2024-01-10-101031-768x511.jpg 768w, https:\/\/www.expertservicecar.com\/wp-content\/uploads\/2024\/01\/Captura-de-pantalla-2024-01-10-101031-600x399.jpg 600w, https:\/\/www.expertservicecar.com\/wp-content\/uploads\/2024\/01\/Captura-de-pantalla-2024-01-10-101031.jpg 1394w\" sizes=\"(max-width: 300px) 100vw, 300px\" title=\"\">\t\t\t\t\t\t\t\t<\/a>\n\t\t\t\t\t\t\t\t\t\t\t\t\t\t\t<\/div>\n\t\t\t\t<\/div>\n\t\t\t\t\t<\/div>\n\t\t<\/div>\n\t\t\t\t\t<\/div>\n\t\t<\/section>\n\t\t\t\t<\/div>\n\t\t<\/div><div class=\"jet-listing-grid__item jet-listing-dynamic-post-6110 jet-equal-columns\" data-post-id=\"6110\" >\t\t<div data-elementor-type=\"jet-listing-items\" data-elementor-id=\"524\" class=\"elementor elementor-524\" data-elementor-post-type=\"jet-engine\">\n\t\t\t\t\t\t<section class=\"elementor-section elementor-top-section elementor-element elementor-element-ef0c760 elementor-section-content-middle elementor-section-boxed elementor-section-height-default elementor-section-height-default\" data-id=\"ef0c760\" data-element_type=\"section\" data-e-type=\"section\" data-settings=\"{&quot;background_background&quot;:&quot;classic&quot;}\">\n\t\t\t\t\t\t<div class=\"elementor-container elementor-column-gap-default\">\n\t\t\t\t\t<div class=\"elementor-column elementor-col-50 elementor-top-column elementor-element elementor-element-f3770a2\" data-id=\"f3770a2\" data-element_type=\"column\" data-e-type=\"column\">\n\t\t\t<div class=\"elementor-widget-wrap elementor-element-populated\">\n\t\t\t\t\t\t<div class=\"elementor-element elementor-element-6788ee3 elementor-widget__width-auto elementor-widget elementor-widget-theme-post-title elementor-page-title elementor-widget-heading\" data-id=\"6788ee3\" data-element_type=\"widget\" data-e-type=\"widget\" data-widget_type=\"theme-post-title.default\">\n\t\t\t\t<div class=\"elementor-widget-container\">\n\t\t\t\t\t<h5 class=\"elementor-heading-title elementor-size-default\"><a href=\"https:\/\/www.expertservicecar.com\/pt-pt\/taller\/reparaciones-garcia-hnos\/\">Reparaciones Garc\u00eda Hnos<\/a><\/h5>\t\t\t\t<\/div>\n\t\t\t\t<\/div>\n\t\t\t\t<section class=\"elementor-section elementor-inner-section elementor-element elementor-element-dcd0ceb elementor-section-boxed elementor-section-height-default elementor-section-height-default\" data-id=\"dcd0ceb\" data-element_type=\"section\" data-e-type=\"section\">\n\t\t\t\t\t\t<div class=\"elementor-container elementor-column-gap-default\">\n\t\t\t\t\t<div class=\"elementor-column elementor-col-100 elementor-inner-column elementor-element elementor-element-aed0068\" data-id=\"aed0068\" data-element_type=\"column\" data-e-type=\"column\">\n\t\t\t<div class=\"elementor-widget-wrap elementor-element-populated\">\n\t\t\t\t\t\t<div class=\"elementor-element elementor-element-601cf1d elementor-widget__width-auto elementor-widget-mobile__width-auto elementor-widget elementor-widget-jet-listing-dynamic-field\" data-id=\"601cf1d\" data-element_type=\"widget\" data-e-type=\"widget\" data-widget_type=\"jet-listing-dynamic-field.default\">\n\t\t\t\t<div class=\"elementor-widget-container\">\n\t\t\t\t\t<div class=\"jet-listing jet-listing-dynamic-field display-inline\"><div class=\"jet-listing-dynamic-field__inline-wrap\"><span class=\"jet-listing-dynamic-field__content\"><p>C\/Mercurio, 7<br \/>\n28918 Legan\u00e9s<br \/>\nMadrid<\/p>\n<\/span><\/div><\/div>\t\t\t\t<\/div>\n\t\t\t\t<\/div>\n\t\t\t\t<div class=\"elementor-element elementor-element-1898eca elementor-widget elementor-widget-jet-listing-dynamic-link\" data-id=\"1898eca\" data-element_type=\"widget\" data-e-type=\"widget\" data-widget_type=\"jet-listing-dynamic-link.default\">\n\t\t\t\t<div class=\"elementor-widget-container\">\n\t\t\t\t\t<span class=\"jet-listing jet-listing-dynamic-link\"><a href=\"tel:916125712\" class=\"jet-listing-dynamic-link__link\"><i class=\"jet-listing-dynamic-link__icon fas fa-phone-alt\" aria-hidden=\"true\"><\/i><span class=\"jet-listing-dynamic-link__label\">916125712<\/span><\/a><\/span>\t\t\t\t<\/div>\n\t\t\t\t<\/div>\n\t\t\t\t<div class=\"elementor-element elementor-element-0329474 elementor-hidden-phone elementor-widget elementor-widget-jet-listing-dynamic-link\" data-id=\"0329474\" data-element_type=\"widget\" data-e-type=\"widget\" data-widget_type=\"jet-listing-dynamic-link.default\">\n\t\t\t\t<div class=\"elementor-widget-container\">\n\t\t\t\t\t<span class=\"jet-listing jet-listing-dynamic-link\"><a href=\"tel:607284673\" class=\"jet-listing-dynamic-link__link\"><i class=\"jet-listing-dynamic-link__icon oi oi-phone\" aria-hidden=\"true\"><\/i><span class=\"jet-listing-dynamic-link__label\">607284673<\/span><\/a><\/span>\t\t\t\t<\/div>\n\t\t\t\t<\/div>\n\t\t\t\t\t<\/div>\n\t\t<\/div>\n\t\t\t\t\t<\/div>\n\t\t<\/section>\n\t\t\t\t\t<\/div>\n\t\t<\/div>\n\t\t\t\t<div class=\"elementor-column elementor-col-50 elementor-top-column elementor-element elementor-element-bb24a8e\" data-id=\"bb24a8e\" data-element_type=\"column\" data-e-type=\"column\">\n\t\t\t<div class=\"elementor-widget-wrap elementor-element-populated\">\n\t\t\t\t\t\t<div class=\"elementor-element elementor-element-b78d0e4 elementor-widget elementor-widget-image\" data-id=\"b78d0e4\" data-element_type=\"widget\" data-e-type=\"widget\" data-widget_type=\"image.default\">\n\t\t\t\t<div class=\"elementor-widget-container\">\n\t\t\t\t\t\t\t\t\t\t\t\t\t\t\t\t<a href=\"https:\/\/www.expertservicecar.com\/pt-pt\/taller\/reparaciones-garcia-hnos\/\">\n\t\t\t\t\t\t\t<img loading=\"lazy\" decoding=\"async\" width=\"300\" height=\"135\" src=\"https:\/\/www.expertservicecar.com\/wp-content\/uploads\/2022\/04\/exterior_1940_reparaciones_garcia_hnos_20220105_114858_original-300x135.jpg\" class=\"attachment-medium size-medium wp-image-6116\" alt=\"\" srcset=\"https:\/\/www.expertservicecar.com\/wp-content\/uploads\/2022\/04\/exterior_1940_reparaciones_garcia_hnos_20220105_114858_original-300x135.jpg 300w, https:\/\/www.expertservicecar.com\/wp-content\/uploads\/2022\/04\/exterior_1940_reparaciones_garcia_hnos_20220105_114858_original-1024x462.jpg 1024w, https:\/\/www.expertservicecar.com\/wp-content\/uploads\/2022\/04\/exterior_1940_reparaciones_garcia_hnos_20220105_114858_original-768x346.jpg 768w, https:\/\/www.expertservicecar.com\/wp-content\/uploads\/2022\/04\/exterior_1940_reparaciones_garcia_hnos_20220105_114858_original-1536x692.jpg 1536w, https:\/\/www.expertservicecar.com\/wp-content\/uploads\/2022\/04\/exterior_1940_reparaciones_garcia_hnos_20220105_114858_original-2048x923.jpg 2048w, https:\/\/www.expertservicecar.com\/wp-content\/uploads\/2022\/04\/exterior_1940_reparaciones_garcia_hnos_20220105_114858_original-600x270.jpg 600w\" sizes=\"(max-width: 300px) 100vw, 300px\" title=\"\">\t\t\t\t\t\t\t\t<\/a>\n\t\t\t\t\t\t\t\t\t\t\t\t\t\t\t<\/div>\n\t\t\t\t<\/div>\n\t\t\t\t\t<\/div>\n\t\t<\/div>\n\t\t\t\t\t<\/div>\n\t\t<\/section>\n\t\t\t\t<\/div>\n\t\t<\/div><div class=\"jet-listing-grid__item jet-listing-dynamic-post-7370 jet-equal-columns\" data-post-id=\"7370\" >\t\t<div data-elementor-type=\"jet-listing-items\" data-elementor-id=\"524\" class=\"elementor elementor-524\" data-elementor-post-type=\"jet-engine\">\n\t\t\t\t\t\t<section class=\"elementor-section elementor-top-section elementor-element elementor-element-ef0c760 elementor-section-content-middle elementor-section-boxed elementor-section-height-default elementor-section-height-default\" data-id=\"ef0c760\" data-element_type=\"section\" data-e-type=\"section\" data-settings=\"{&quot;background_background&quot;:&quot;classic&quot;}\">\n\t\t\t\t\t\t<div class=\"elementor-container elementor-column-gap-default\">\n\t\t\t\t\t<div class=\"elementor-column elementor-col-50 elementor-top-column elementor-element elementor-element-f3770a2\" data-id=\"f3770a2\" data-element_type=\"column\" data-e-type=\"column\">\n\t\t\t<div class=\"elementor-widget-wrap elementor-element-populated\">\n\t\t\t\t\t\t<div class=\"elementor-element elementor-element-6788ee3 elementor-widget__width-auto elementor-widget elementor-widget-theme-post-title elementor-page-title elementor-widget-heading\" data-id=\"6788ee3\" data-element_type=\"widget\" data-e-type=\"widget\" data-widget_type=\"theme-post-title.default\">\n\t\t\t\t<div class=\"elementor-widget-container\">\n\t\t\t\t\t<h5 class=\"elementor-heading-title elementor-size-default\"><a href=\"https:\/\/www.expertservicecar.com\/pt-pt\/taller\/repuestos-moya\/\">Repuestos Moya<\/a><\/h5>\t\t\t\t<\/div>\n\t\t\t\t<\/div>\n\t\t\t\t<section class=\"elementor-section elementor-inner-section elementor-element elementor-element-dcd0ceb elementor-section-boxed elementor-section-height-default elementor-section-height-default\" data-id=\"dcd0ceb\" data-element_type=\"section\" data-e-type=\"section\">\n\t\t\t\t\t\t<div class=\"elementor-container elementor-column-gap-default\">\n\t\t\t\t\t<div class=\"elementor-column elementor-col-100 elementor-inner-column elementor-element elementor-element-aed0068\" data-id=\"aed0068\" data-element_type=\"column\" data-e-type=\"column\">\n\t\t\t<div class=\"elementor-widget-wrap elementor-element-populated\">\n\t\t\t\t\t\t<div class=\"elementor-element elementor-element-601cf1d elementor-widget__width-auto elementor-widget-mobile__width-auto elementor-widget elementor-widget-jet-listing-dynamic-field\" data-id=\"601cf1d\" data-element_type=\"widget\" data-e-type=\"widget\" data-widget_type=\"jet-listing-dynamic-field.default\">\n\t\t\t\t<div class=\"elementor-widget-container\">\n\t\t\t\t\t<div class=\"jet-listing jet-listing-dynamic-field display-inline\"><div class=\"jet-listing-dynamic-field__inline-wrap\"><span class=\"jet-listing-dynamic-field__content\"><p>CM-3115,<br \/>\n13710 Argamasilla de Alba, Ciudad Real<\/p>\n<\/span><\/div><\/div>\t\t\t\t<\/div>\n\t\t\t\t<\/div>\n\t\t\t\t<div class=\"elementor-element elementor-element-1898eca elementor-widget elementor-widget-jet-listing-dynamic-link\" data-id=\"1898eca\" data-element_type=\"widget\" data-e-type=\"widget\" data-widget_type=\"jet-listing-dynamic-link.default\">\n\t\t\t\t<div class=\"elementor-widget-container\">\n\t\t\t\t\t<span class=\"jet-listing jet-listing-dynamic-link\"><a href=\"tel:926521083\" class=\"jet-listing-dynamic-link__link\"><i class=\"jet-listing-dynamic-link__icon fas fa-phone-alt\" aria-hidden=\"true\"><\/i><span class=\"jet-listing-dynamic-link__label\">926521083<\/span><\/a><\/span>\t\t\t\t<\/div>\n\t\t\t\t<\/div>\n\t\t\t\t<div class=\"elementor-element elementor-element-0329474 elementor-hidden-phone elementor-widget elementor-widget-jet-listing-dynamic-link\" data-id=\"0329474\" data-element_type=\"widget\" data-e-type=\"widget\" data-widget_type=\"jet-listing-dynamic-link.default\">\n\t\t\t\t<div class=\"elementor-widget-container\">\n\t\t\t\t\t<span class=\"jet-listing jet-listing-dynamic-link\"><a href=\"tel:693618602\" class=\"jet-listing-dynamic-link__link\"><i class=\"jet-listing-dynamic-link__icon oi oi-phone\" aria-hidden=\"true\"><\/i><span class=\"jet-listing-dynamic-link__label\">693618602<\/span><\/a><\/span>\t\t\t\t<\/div>\n\t\t\t\t<\/div>\n\t\t\t\t\t<\/div>\n\t\t<\/div>\n\t\t\t\t\t<\/div>\n\t\t<\/section>\n\t\t\t\t\t<\/div>\n\t\t<\/div>\n\t\t\t\t<div class=\"elementor-column elementor-col-50 elementor-top-column elementor-element elementor-element-bb24a8e\" data-id=\"bb24a8e\" data-element_type=\"column\" data-e-type=\"column\">\n\t\t\t<div class=\"elementor-widget-wrap elementor-element-populated\">\n\t\t\t\t\t\t<div class=\"elementor-element elementor-element-b78d0e4 elementor-widget elementor-widget-image\" data-id=\"b78d0e4\" data-element_type=\"widget\" data-e-type=\"widget\" data-widget_type=\"image.default\">\n\t\t\t\t<div class=\"elementor-widget-container\">\n\t\t\t\t\t\t\t\t\t\t\t\t\t\t\t\t<a href=\"https:\/\/www.expertservicecar.com\/pt-pt\/taller\/repuestos-moya\/\">\n\t\t\t\t\t\t\t<img loading=\"lazy\" decoding=\"async\" width=\"300\" height=\"216\" src=\"https:\/\/www.expertservicecar.com\/wp-content\/uploads\/2024\/03\/repuestosmoya-300x216.jpg\" class=\"attachment-medium size-medium wp-image-7371\" alt=\"\" srcset=\"https:\/\/www.expertservicecar.com\/wp-content\/uploads\/2024\/03\/repuestosmoya-300x216.jpg 300w, https:\/\/www.expertservicecar.com\/wp-content\/uploads\/2024\/03\/repuestosmoya-1024x736.jpg 1024w, https:\/\/www.expertservicecar.com\/wp-content\/uploads\/2024\/03\/repuestosmoya-768x552.jpg 768w, https:\/\/www.expertservicecar.com\/wp-content\/uploads\/2024\/03\/repuestosmoya-370x265.jpg 370w, https:\/\/www.expertservicecar.com\/wp-content\/uploads\/2024\/03\/repuestosmoya-600x431.jpg 600w, https:\/\/www.expertservicecar.com\/wp-content\/uploads\/2024\/03\/repuestosmoya.jpg 1195w\" sizes=\"(max-width: 300px) 100vw, 300px\" title=\"\">\t\t\t\t\t\t\t\t<\/a>\n\t\t\t\t\t\t\t\t\t\t\t\t\t\t\t<\/div>\n\t\t\t\t<\/div>\n\t\t\t\t\t<\/div>\n\t\t<\/div>\n\t\t\t\t\t<\/div>\n\t\t<\/section>\n\t\t\t\t<\/div>\n\t\t<\/div><div class=\"jet-listing-grid__item jet-listing-dynamic-post-7075 jet-equal-columns\" data-post-id=\"7075\" >\t\t<div data-elementor-type=\"jet-listing-items\" data-elementor-id=\"524\" class=\"elementor elementor-524\" data-elementor-post-type=\"jet-engine\">\n\t\t\t\t\t\t<section class=\"elementor-section elementor-top-section elementor-element elementor-element-ef0c760 elementor-section-content-middle elementor-section-boxed elementor-section-height-default elementor-section-height-default\" data-id=\"ef0c760\" data-element_type=\"section\" data-e-type=\"section\" data-settings=\"{&quot;background_background&quot;:&quot;classic&quot;}\">\n\t\t\t\t\t\t<div class=\"elementor-container elementor-column-gap-default\">\n\t\t\t\t\t<div class=\"elementor-column elementor-col-50 elementor-top-column elementor-element elementor-element-f3770a2\" data-id=\"f3770a2\" data-element_type=\"column\" data-e-type=\"column\">\n\t\t\t<div class=\"elementor-widget-wrap elementor-element-populated\">\n\t\t\t\t\t\t<div class=\"elementor-element elementor-element-6788ee3 elementor-widget__width-auto elementor-widget elementor-widget-theme-post-title elementor-page-title elementor-widget-heading\" data-id=\"6788ee3\" data-element_type=\"widget\" data-e-type=\"widget\" data-widget_type=\"theme-post-title.default\">\n\t\t\t\t<div class=\"elementor-widget-container\">\n\t\t\t\t\t<h5 class=\"elementor-heading-title elementor-size-default\"><a href=\"https:\/\/www.expertservicecar.com\/pt-pt\/taller\/rodabox\/\">Rodabox<\/a><\/h5>\t\t\t\t<\/div>\n\t\t\t\t<\/div>\n\t\t\t\t<section class=\"elementor-section elementor-inner-section elementor-element elementor-element-dcd0ceb elementor-section-boxed elementor-section-height-default elementor-section-height-default\" data-id=\"dcd0ceb\" data-element_type=\"section\" data-e-type=\"section\">\n\t\t\t\t\t\t<div class=\"elementor-container elementor-column-gap-default\">\n\t\t\t\t\t<div class=\"elementor-column elementor-col-100 elementor-inner-column elementor-element elementor-element-aed0068\" data-id=\"aed0068\" data-element_type=\"column\" data-e-type=\"column\">\n\t\t\t<div class=\"elementor-widget-wrap elementor-element-populated\">\n\t\t\t\t\t\t<div class=\"elementor-element elementor-element-601cf1d elementor-widget__width-auto elementor-widget-mobile__width-auto elementor-widget elementor-widget-jet-listing-dynamic-field\" data-id=\"601cf1d\" data-element_type=\"widget\" data-e-type=\"widget\" data-widget_type=\"jet-listing-dynamic-field.default\">\n\t\t\t\t<div class=\"elementor-widget-container\">\n\t\t\t\t\t<div class=\"jet-listing jet-listing-dynamic-field display-inline\"><div class=\"jet-listing-dynamic-field__inline-wrap\"><span class=\"jet-listing-dynamic-field__content\"><p>Cam\u00ed del Riu, 3,<br \/>\n25181 Soses, Lleida<\/p>\n<\/span><\/div><\/div>\t\t\t\t<\/div>\n\t\t\t\t<\/div>\n\t\t\t\t<div class=\"elementor-element elementor-element-1898eca elementor-widget elementor-widget-jet-listing-dynamic-link\" data-id=\"1898eca\" data-element_type=\"widget\" data-e-type=\"widget\" data-widget_type=\"jet-listing-dynamic-link.default\">\n\t\t\t\t<div class=\"elementor-widget-container\">\n\t\t\t\t\t<span class=\"jet-listing jet-listing-dynamic-link\"><a href=\"tel:973797129\" class=\"jet-listing-dynamic-link__link\"><i class=\"jet-listing-dynamic-link__icon fas fa-phone-alt\" aria-hidden=\"true\"><\/i><span class=\"jet-listing-dynamic-link__label\">973797129<\/span><\/a><\/span>\t\t\t\t<\/div>\n\t\t\t\t<\/div>\n\t\t\t\t<div class=\"elementor-element elementor-element-0329474 elementor-hidden-phone elementor-widget elementor-widget-jet-listing-dynamic-link\" data-id=\"0329474\" data-element_type=\"widget\" data-e-type=\"widget\" data-widget_type=\"jet-listing-dynamic-link.default\">\n\t\t\t\t<div class=\"elementor-widget-container\">\n\t\t\t\t\t<span class=\"jet-listing jet-listing-dynamic-link\"><a href=\"tel:651303597\" class=\"jet-listing-dynamic-link__link\"><i class=\"jet-listing-dynamic-link__icon oi oi-phone\" aria-hidden=\"true\"><\/i><span class=\"jet-listing-dynamic-link__label\">651303597<\/span><\/a><\/span>\t\t\t\t<\/div>\n\t\t\t\t<\/div>\n\t\t\t\t\t<\/div>\n\t\t<\/div>\n\t\t\t\t\t<\/div>\n\t\t<\/section>\n\t\t\t\t\t<\/div>\n\t\t<\/div>\n\t\t\t\t<div class=\"elementor-column elementor-col-50 elementor-top-column elementor-element elementor-element-bb24a8e\" data-id=\"bb24a8e\" data-element_type=\"column\" data-e-type=\"column\">\n\t\t\t<div class=\"elementor-widget-wrap elementor-element-populated\">\n\t\t\t\t\t\t<div class=\"elementor-element elementor-element-b78d0e4 elementor-widget elementor-widget-image\" data-id=\"b78d0e4\" data-element_type=\"widget\" data-e-type=\"widget\" data-widget_type=\"image.default\">\n\t\t\t\t<div class=\"elementor-widget-container\">\n\t\t\t\t\t\t\t\t\t\t\t\t\t\t\t\t<a href=\"https:\/\/www.expertservicecar.com\/pt-pt\/taller\/rodabox\/\">\n\t\t\t\t\t\t\t<img loading=\"lazy\" decoding=\"async\" width=\"300\" height=\"134\" src=\"https:\/\/www.expertservicecar.com\/wp-content\/uploads\/2023\/08\/rodabox-300x134.jpg\" class=\"attachment-medium size-medium wp-image-7076\" alt=\"\" srcset=\"https:\/\/www.expertservicecar.com\/wp-content\/uploads\/2023\/08\/rodabox-300x134.jpg 300w, https:\/\/www.expertservicecar.com\/wp-content\/uploads\/2023\/08\/rodabox-1024x457.jpg 1024w, https:\/\/www.expertservicecar.com\/wp-content\/uploads\/2023\/08\/rodabox-768x342.jpg 768w, https:\/\/www.expertservicecar.com\/wp-content\/uploads\/2023\/08\/rodabox-600x268.jpg 600w, https:\/\/www.expertservicecar.com\/wp-content\/uploads\/2023\/08\/rodabox.jpg 1478w\" sizes=\"(max-width: 300px) 100vw, 300px\" title=\"\">\t\t\t\t\t\t\t\t<\/a>\n\t\t\t\t\t\t\t\t\t\t\t\t\t\t\t<\/div>\n\t\t\t\t<\/div>\n\t\t\t\t\t<\/div>\n\t\t<\/div>\n\t\t\t\t\t<\/div>\n\t\t<\/section>\n\t\t\t\t<\/div>\n\t\t<\/div><div class=\"jet-listing-grid__item jet-listing-dynamic-post-6539 jet-equal-columns\" data-post-id=\"6539\" >\t\t<div data-elementor-type=\"jet-listing-items\" data-elementor-id=\"524\" class=\"elementor elementor-524\" data-elementor-post-type=\"jet-engine\">\n\t\t\t\t\t\t<section class=\"elementor-section elementor-top-section elementor-element elementor-element-ef0c760 elementor-section-content-middle elementor-section-boxed elementor-section-height-default elementor-section-height-default\" data-id=\"ef0c760\" data-element_type=\"section\" data-e-type=\"section\" data-settings=\"{&quot;background_background&quot;:&quot;classic&quot;}\">\n\t\t\t\t\t\t<div class=\"elementor-container elementor-column-gap-default\">\n\t\t\t\t\t<div class=\"elementor-column elementor-col-50 elementor-top-column elementor-element elementor-element-f3770a2\" data-id=\"f3770a2\" data-element_type=\"column\" data-e-type=\"column\">\n\t\t\t<div class=\"elementor-widget-wrap elementor-element-populated\">\n\t\t\t\t\t\t<div class=\"elementor-element elementor-element-6788ee3 elementor-widget__width-auto elementor-widget elementor-widget-theme-post-title elementor-page-title elementor-widget-heading\" data-id=\"6788ee3\" data-element_type=\"widget\" data-e-type=\"widget\" data-widget_type=\"theme-post-title.default\">\n\t\t\t\t<div class=\"elementor-widget-container\">\n\t\t\t\t\t<h5 class=\"elementor-heading-title elementor-size-default\"><a href=\"https:\/\/www.expertservicecar.com\/pt-pt\/taller\/santon-motor\/\">SANTON MOTOR<\/a><\/h5>\t\t\t\t<\/div>\n\t\t\t\t<\/div>\n\t\t\t\t<section class=\"elementor-section elementor-inner-section elementor-element elementor-element-dcd0ceb elementor-section-boxed elementor-section-height-default elementor-section-height-default\" data-id=\"dcd0ceb\" data-element_type=\"section\" data-e-type=\"section\">\n\t\t\t\t\t\t<div class=\"elementor-container elementor-column-gap-default\">\n\t\t\t\t\t<div class=\"elementor-column elementor-col-100 elementor-inner-column elementor-element elementor-element-aed0068\" data-id=\"aed0068\" data-element_type=\"column\" data-e-type=\"column\">\n\t\t\t<div class=\"elementor-widget-wrap elementor-element-populated\">\n\t\t\t\t\t\t<div class=\"elementor-element elementor-element-601cf1d elementor-widget__width-auto elementor-widget-mobile__width-auto elementor-widget elementor-widget-jet-listing-dynamic-field\" data-id=\"601cf1d\" data-element_type=\"widget\" data-e-type=\"widget\" data-widget_type=\"jet-listing-dynamic-field.default\">\n\t\t\t\t<div class=\"elementor-widget-container\">\n\t\t\t\t\t<div class=\"jet-listing jet-listing-dynamic-field display-inline\"><div class=\"jet-listing-dynamic-field__inline-wrap\"><span class=\"jet-listing-dynamic-field__content\"><p>SANTON MOTOR<br \/>\nAv. de Roanne, 12,<br \/>\n19180 Marchamalo, Guadalajara<\/p>\n<\/span><\/div><\/div>\t\t\t\t<\/div>\n\t\t\t\t<\/div>\n\t\t\t\t<div class=\"elementor-element elementor-element-1898eca elementor-widget elementor-widget-jet-listing-dynamic-link\" data-id=\"1898eca\" data-element_type=\"widget\" data-e-type=\"widget\" data-widget_type=\"jet-listing-dynamic-link.default\">\n\t\t\t\t<div class=\"elementor-widget-container\">\n\t\t\t\t\t<span class=\"jet-listing jet-listing-dynamic-link\"><a href=\"tel:949223392\" class=\"jet-listing-dynamic-link__link\"><i class=\"jet-listing-dynamic-link__icon fas fa-phone-alt\" aria-hidden=\"true\"><\/i><span class=\"jet-listing-dynamic-link__label\">949223392<\/span><\/a><\/span>\t\t\t\t<\/div>\n\t\t\t\t<\/div>\n\t\t\t\t<div class=\"elementor-element elementor-element-0329474 elementor-hidden-phone elementor-widget elementor-widget-jet-listing-dynamic-link\" data-id=\"0329474\" data-element_type=\"widget\" data-e-type=\"widget\" data-widget_type=\"jet-listing-dynamic-link.default\">\n\t\t\t\t<div class=\"elementor-widget-container\">\n\t\t\t\t\t<span class=\"jet-listing jet-listing-dynamic-link\"><a href=\"tel:659117506\" class=\"jet-listing-dynamic-link__link\"><i class=\"jet-listing-dynamic-link__icon oi oi-phone\" aria-hidden=\"true\"><\/i><span class=\"jet-listing-dynamic-link__label\">659117506<\/span><\/a><\/span>\t\t\t\t<\/div>\n\t\t\t\t<\/div>\n\t\t\t\t\t<\/div>\n\t\t<\/div>\n\t\t\t\t\t<\/div>\n\t\t<\/section>\n\t\t\t\t\t<\/div>\n\t\t<\/div>\n\t\t\t\t<div class=\"elementor-column elementor-col-50 elementor-top-column elementor-element elementor-element-bb24a8e\" data-id=\"bb24a8e\" data-element_type=\"column\" data-e-type=\"column\">\n\t\t\t<div class=\"elementor-widget-wrap elementor-element-populated\">\n\t\t\t\t\t\t<div class=\"elementor-element elementor-element-b78d0e4 elementor-widget elementor-widget-image\" data-id=\"b78d0e4\" data-element_type=\"widget\" data-e-type=\"widget\" data-widget_type=\"image.default\">\n\t\t\t\t<div class=\"elementor-widget-container\">\n\t\t\t\t\t\t\t\t\t\t\t\t\t\t\t\t<a href=\"https:\/\/www.expertservicecar.com\/pt-pt\/taller\/santon-motor\/\">\n\t\t\t\t\t\t\t<img loading=\"lazy\" decoding=\"async\" width=\"300\" height=\"134\" src=\"https:\/\/www.expertservicecar.com\/wp-content\/uploads\/2022\/11\/santonmotor-300x134.jpg\" class=\"attachment-medium size-medium wp-image-6540\" alt=\"\" srcset=\"https:\/\/www.expertservicecar.com\/wp-content\/uploads\/2022\/11\/santonmotor-300x134.jpg 300w, https:\/\/www.expertservicecar.com\/wp-content\/uploads\/2022\/11\/santonmotor-1024x457.jpg 1024w, https:\/\/www.expertservicecar.com\/wp-content\/uploads\/2022\/11\/santonmotor-768x343.jpg 768w, https:\/\/www.expertservicecar.com\/wp-content\/uploads\/2022\/11\/santonmotor-600x268.jpg 600w, https:\/\/www.expertservicecar.com\/wp-content\/uploads\/2022\/11\/santonmotor.jpg 1430w\" sizes=\"(max-width: 300px) 100vw, 300px\" title=\"\">\t\t\t\t\t\t\t\t<\/a>\n\t\t\t\t\t\t\t\t\t\t\t\t\t\t\t<\/div>\n\t\t\t\t<\/div>\n\t\t\t\t\t<\/div>\n\t\t<\/div>\n\t\t\t\t\t<\/div>\n\t\t<\/section>\n\t\t\t\t<\/div>\n\t\t<\/div><div class=\"jet-listing-grid__item jet-listing-dynamic-post-6522 jet-equal-columns\" data-post-id=\"6522\" >\t\t<div data-elementor-type=\"jet-listing-items\" data-elementor-id=\"524\" class=\"elementor elementor-524\" data-elementor-post-type=\"jet-engine\">\n\t\t\t\t\t\t<section class=\"elementor-section elementor-top-section elementor-element elementor-element-ef0c760 elementor-section-content-middle elementor-section-boxed elementor-section-height-default elementor-section-height-default\" data-id=\"ef0c760\" data-element_type=\"section\" data-e-type=\"section\" data-settings=\"{&quot;background_background&quot;:&quot;classic&quot;}\">\n\t\t\t\t\t\t<div class=\"elementor-container elementor-column-gap-default\">\n\t\t\t\t\t<div class=\"elementor-column elementor-col-50 elementor-top-column elementor-element elementor-element-f3770a2\" data-id=\"f3770a2\" data-element_type=\"column\" data-e-type=\"column\">\n\t\t\t<div class=\"elementor-widget-wrap elementor-element-populated\">\n\t\t\t\t\t\t<div class=\"elementor-element elementor-element-6788ee3 elementor-widget__width-auto elementor-widget elementor-widget-theme-post-title elementor-page-title elementor-widget-heading\" data-id=\"6788ee3\" data-element_type=\"widget\" data-e-type=\"widget\" data-widget_type=\"theme-post-title.default\">\n\t\t\t\t<div class=\"elementor-widget-container\">\n\t\t\t\t\t<h5 class=\"elementor-heading-title elementor-size-default\"><a href=\"https:\/\/www.expertservicecar.com\/pt-pt\/taller\/saymacar-s-c\/\">SAYMACAR, S.C.<\/a><\/h5>\t\t\t\t<\/div>\n\t\t\t\t<\/div>\n\t\t\t\t<section class=\"elementor-section elementor-inner-section elementor-element elementor-element-dcd0ceb elementor-section-boxed elementor-section-height-default elementor-section-height-default\" data-id=\"dcd0ceb\" data-element_type=\"section\" data-e-type=\"section\">\n\t\t\t\t\t\t<div class=\"elementor-container elementor-column-gap-default\">\n\t\t\t\t\t<div class=\"elementor-column elementor-col-100 elementor-inner-column elementor-element elementor-element-aed0068\" data-id=\"aed0068\" data-element_type=\"column\" data-e-type=\"column\">\n\t\t\t<div class=\"elementor-widget-wrap elementor-element-populated\">\n\t\t\t\t\t\t<div class=\"elementor-element elementor-element-601cf1d elementor-widget__width-auto elementor-widget-mobile__width-auto elementor-widget elementor-widget-jet-listing-dynamic-field\" data-id=\"601cf1d\" data-element_type=\"widget\" data-e-type=\"widget\" data-widget_type=\"jet-listing-dynamic-field.default\">\n\t\t\t\t<div class=\"elementor-widget-container\">\n\t\t\t\t\t<div class=\"jet-listing jet-listing-dynamic-field display-inline\"><div class=\"jet-listing-dynamic-field__inline-wrap\"><span class=\"jet-listing-dynamic-field__content\"><p>Ctra. Torralba (POL. INDUSTRIAL, NAVE 4,<br \/>\n22240 Tardienta, Huesca<\/p>\n<\/span><\/div><\/div>\t\t\t\t<\/div>\n\t\t\t\t<\/div>\n\t\t\t\t<div class=\"elementor-element elementor-element-1898eca elementor-widget elementor-widget-jet-listing-dynamic-link\" data-id=\"1898eca\" data-element_type=\"widget\" data-e-type=\"widget\" data-widget_type=\"jet-listing-dynamic-link.default\">\n\t\t\t\t<div class=\"elementor-widget-container\">\n\t\t\t\t\t<span class=\"jet-listing jet-listing-dynamic-link\"><a href=\"tel:974391145\" class=\"jet-listing-dynamic-link__link\"><i class=\"jet-listing-dynamic-link__icon fas fa-phone-alt\" aria-hidden=\"true\"><\/i><span class=\"jet-listing-dynamic-link__label\">974391145<\/span><\/a><\/span>\t\t\t\t<\/div>\n\t\t\t\t<\/div>\n\t\t\t\t\t<\/div>\n\t\t<\/div>\n\t\t\t\t\t<\/div>\n\t\t<\/section>\n\t\t\t\t\t<\/div>\n\t\t<\/div>\n\t\t\t\t<div class=\"elementor-column elementor-col-50 elementor-top-column elementor-element elementor-element-bb24a8e\" data-id=\"bb24a8e\" data-element_type=\"column\" data-e-type=\"column\">\n\t\t\t<div class=\"elementor-widget-wrap elementor-element-populated\">\n\t\t\t\t\t\t<div class=\"elementor-element elementor-element-b78d0e4 elementor-widget elementor-widget-image\" data-id=\"b78d0e4\" data-element_type=\"widget\" data-e-type=\"widget\" data-widget_type=\"image.default\">\n\t\t\t\t<div class=\"elementor-widget-container\">\n\t\t\t\t\t\t\t\t\t\t\t\t\t\t\t\t<a href=\"https:\/\/www.expertservicecar.com\/pt-pt\/taller\/saymacar-s-c\/\">\n\t\t\t\t\t\t\t<img loading=\"lazy\" decoding=\"async\" width=\"300\" height=\"269\" src=\"https:\/\/www.expertservicecar.com\/wp-content\/uploads\/2022\/10\/1664555758373-300x269.jpg\" class=\"attachment-medium size-medium wp-image-6523\" alt=\"\" srcset=\"https:\/\/www.expertservicecar.com\/wp-content\/uploads\/2022\/10\/1664555758373-300x269.jpg 300w, https:\/\/www.expertservicecar.com\/wp-content\/uploads\/2022\/10\/1664555758373-1024x919.jpg 1024w, https:\/\/www.expertservicecar.com\/wp-content\/uploads\/2022\/10\/1664555758373-768x689.jpg 768w, https:\/\/www.expertservicecar.com\/wp-content\/uploads\/2022\/10\/1664555758373-1536x1379.jpg 1536w, https:\/\/www.expertservicecar.com\/wp-content\/uploads\/2022\/10\/1664555758373-2048x1838.jpg 2048w, https:\/\/www.expertservicecar.com\/wp-content\/uploads\/2022\/10\/1664555758373-600x539.jpg 600w\" sizes=\"(max-width: 300px) 100vw, 300px\" title=\"\">\t\t\t\t\t\t\t\t<\/a>\n\t\t\t\t\t\t\t\t\t\t\t\t\t\t\t<\/div>\n\t\t\t\t<\/div>\n\t\t\t\t\t<\/div>\n\t\t<\/div>\n\t\t\t\t\t<\/div>\n\t\t<\/section>\n\t\t\t\t<\/div>\n\t\t<\/div><div class=\"jet-listing-grid__item jet-listing-dynamic-post-3237 jet-equal-columns\" data-post-id=\"3237\" >\t\t<div data-elementor-type=\"jet-listing-items\" data-elementor-id=\"524\" class=\"elementor elementor-524\" data-elementor-post-type=\"jet-engine\">\n\t\t\t\t\t\t<section class=\"elementor-section elementor-top-section elementor-element elementor-element-ef0c760 elementor-section-content-middle elementor-section-boxed elementor-section-height-default elementor-section-height-default\" data-id=\"ef0c760\" data-element_type=\"section\" data-e-type=\"section\" data-settings=\"{&quot;background_background&quot;:&quot;classic&quot;}\">\n\t\t\t\t\t\t<div class=\"elementor-container elementor-column-gap-default\">\n\t\t\t\t\t<div class=\"elementor-column elementor-col-50 elementor-top-column elementor-element elementor-element-f3770a2\" data-id=\"f3770a2\" data-element_type=\"column\" data-e-type=\"column\">\n\t\t\t<div class=\"elementor-widget-wrap elementor-element-populated\">\n\t\t\t\t\t\t<div class=\"elementor-element elementor-element-6788ee3 elementor-widget__width-auto elementor-widget elementor-widget-theme-post-title elementor-page-title elementor-widget-heading\" data-id=\"6788ee3\" data-element_type=\"widget\" data-e-type=\"widget\" data-widget_type=\"theme-post-title.default\">\n\t\t\t\t<div class=\"elementor-widget-container\">\n\t\t\t\t\t<h5 class=\"elementor-heading-title elementor-size-default\"><a href=\"https:\/\/www.expertservicecar.com\/pt-pt\/taller\/servirapid-nolla\/\">Servir\u00e0pid Nolla<\/a><\/h5>\t\t\t\t<\/div>\n\t\t\t\t<\/div>\n\t\t\t\t<section class=\"elementor-section elementor-inner-section elementor-element elementor-element-dcd0ceb elementor-section-boxed elementor-section-height-default elementor-section-height-default\" data-id=\"dcd0ceb\" data-element_type=\"section\" data-e-type=\"section\">\n\t\t\t\t\t\t<div class=\"elementor-container elementor-column-gap-default\">\n\t\t\t\t\t<div class=\"elementor-column elementor-col-100 elementor-inner-column elementor-element elementor-element-aed0068\" data-id=\"aed0068\" data-element_type=\"column\" data-e-type=\"column\">\n\t\t\t<div class=\"elementor-widget-wrap elementor-element-populated\">\n\t\t\t\t\t\t<div class=\"elementor-element elementor-element-601cf1d elementor-widget__width-auto elementor-widget-mobile__width-auto elementor-widget elementor-widget-jet-listing-dynamic-field\" data-id=\"601cf1d\" data-element_type=\"widget\" data-e-type=\"widget\" data-widget_type=\"jet-listing-dynamic-field.default\">\n\t\t\t\t<div class=\"elementor-widget-container\">\n\t\t\t\t\t<div class=\"jet-listing jet-listing-dynamic-field display-inline\"><div class=\"jet-listing-dynamic-field__inline-wrap\"><span class=\"jet-listing-dynamic-field__content\"><p>Acc\u00e9s Carretera Costa Brava, 138 A<br \/>\n17300 Blanes<br \/>\nGirona<\/p>\n<\/span><\/div><\/div>\t\t\t\t<\/div>\n\t\t\t\t<\/div>\n\t\t\t\t<div class=\"elementor-element elementor-element-1898eca elementor-widget elementor-widget-jet-listing-dynamic-link\" data-id=\"1898eca\" data-element_type=\"widget\" data-e-type=\"widget\" data-widget_type=\"jet-listing-dynamic-link.default\">\n\t\t\t\t<div class=\"elementor-widget-container\">\n\t\t\t\t\t<span class=\"jet-listing jet-listing-dynamic-link\"><a href=\"tel:+34 972 353 275\" class=\"jet-listing-dynamic-link__link\"><i class=\"jet-listing-dynamic-link__icon fas fa-phone-alt\" aria-hidden=\"true\"><\/i><span class=\"jet-listing-dynamic-link__label\">+34 972 353 275<\/span><\/a><\/span>\t\t\t\t<\/div>\n\t\t\t\t<\/div>\n\t\t\t\t<div class=\"elementor-element elementor-element-0329474 elementor-hidden-phone elementor-widget elementor-widget-jet-listing-dynamic-link\" data-id=\"0329474\" data-element_type=\"widget\" data-e-type=\"widget\" data-widget_type=\"jet-listing-dynamic-link.default\">\n\t\t\t\t<div class=\"elementor-widget-container\">\n\t\t\t\t\t<span class=\"jet-listing jet-listing-dynamic-link\"><a href=\"tel:+34 689 89 39 41\" class=\"jet-listing-dynamic-link__link\"><i class=\"jet-listing-dynamic-link__icon oi oi-phone\" aria-hidden=\"true\"><\/i><span class=\"jet-listing-dynamic-link__label\">+34 689 89 39 41<\/span><\/a><\/span>\t\t\t\t<\/div>\n\t\t\t\t<\/div>\n\t\t\t\t\t<\/div>\n\t\t<\/div>\n\t\t\t\t\t<\/div>\n\t\t<\/section>\n\t\t\t\t\t<\/div>\n\t\t<\/div>\n\t\t\t\t<div class=\"elementor-column elementor-col-50 elementor-top-column elementor-element elementor-element-bb24a8e\" data-id=\"bb24a8e\" data-element_type=\"column\" data-e-type=\"column\">\n\t\t\t<div class=\"elementor-widget-wrap elementor-element-populated\">\n\t\t\t\t\t\t<div class=\"elementor-element elementor-element-b78d0e4 elementor-widget elementor-widget-image\" data-id=\"b78d0e4\" data-element_type=\"widget\" data-e-type=\"widget\" data-widget_type=\"image.default\">\n\t\t\t\t<div class=\"elementor-widget-container\">\n\t\t\t\t\t\t\t\t\t\t\t\t\t\t\t\t<a href=\"https:\/\/www.expertservicecar.com\/pt-pt\/taller\/servirapid-nolla\/\">\n\t\t\t\t\t\t\t<img loading=\"lazy\" decoding=\"async\" width=\"300\" height=\"195\" src=\"https:\/\/www.expertservicecar.com\/wp-content\/uploads\/2021\/06\/20151006_162723-300x195.jpg\" class=\"attachment-medium size-medium wp-image-6850\" alt=\"\" srcset=\"https:\/\/www.expertservicecar.com\/wp-content\/uploads\/2021\/06\/20151006_162723-300x195.jpg 300w, https:\/\/www.expertservicecar.com\/wp-content\/uploads\/2021\/06\/20151006_162723-600x391.jpg 600w, https:\/\/www.expertservicecar.com\/wp-content\/uploads\/2021\/06\/20151006_162723.jpg 768w\" sizes=\"(max-width: 300px) 100vw, 300px\" title=\"\">\t\t\t\t\t\t\t\t<\/a>\n\t\t\t\t\t\t\t\t\t\t\t\t\t\t\t<\/div>\n\t\t\t\t<\/div>\n\t\t\t\t\t<\/div>\n\t\t<\/div>\n\t\t\t\t\t<\/div>\n\t\t<\/section>\n\t\t\t\t<\/div>\n\t\t<\/div><div class=\"jet-listing-grid__item jet-listing-dynamic-post-7636 jet-equal-columns\" data-post-id=\"7636\" >\t\t<div data-elementor-type=\"jet-listing-items\" data-elementor-id=\"524\" class=\"elementor elementor-524\" data-elementor-post-type=\"jet-engine\">\n\t\t\t\t\t\t<section class=\"elementor-section elementor-top-section elementor-element elementor-element-ef0c760 elementor-section-content-middle elementor-section-boxed elementor-section-height-default elementor-section-height-default\" data-id=\"ef0c760\" data-element_type=\"section\" data-e-type=\"section\" data-settings=\"{&quot;background_background&quot;:&quot;classic&quot;}\">\n\t\t\t\t\t\t<div class=\"elementor-container elementor-column-gap-default\">\n\t\t\t\t\t<div class=\"elementor-column elementor-col-50 elementor-top-column elementor-element elementor-element-f3770a2\" data-id=\"f3770a2\" data-element_type=\"column\" data-e-type=\"column\">\n\t\t\t<div class=\"elementor-widget-wrap elementor-element-populated\">\n\t\t\t\t\t\t<div class=\"elementor-element elementor-element-6788ee3 elementor-widget__width-auto elementor-widget elementor-widget-theme-post-title elementor-page-title elementor-widget-heading\" data-id=\"6788ee3\" data-element_type=\"widget\" data-e-type=\"widget\" data-widget_type=\"theme-post-title.default\">\n\t\t\t\t<div class=\"elementor-widget-container\">\n\t\t\t\t\t<h5 class=\"elementor-heading-title elementor-size-default\"><a href=\"https:\/\/www.expertservicecar.com\/pt-pt\/taller\/servitech\/\">Servitech<\/a><\/h5>\t\t\t\t<\/div>\n\t\t\t\t<\/div>\n\t\t\t\t<section class=\"elementor-section elementor-inner-section elementor-element elementor-element-dcd0ceb elementor-section-boxed elementor-section-height-default elementor-section-height-default\" data-id=\"dcd0ceb\" data-element_type=\"section\" data-e-type=\"section\">\n\t\t\t\t\t\t<div class=\"elementor-container elementor-column-gap-default\">\n\t\t\t\t\t<div class=\"elementor-column elementor-col-100 elementor-inner-column elementor-element elementor-element-aed0068\" data-id=\"aed0068\" data-element_type=\"column\" data-e-type=\"column\">\n\t\t\t<div class=\"elementor-widget-wrap elementor-element-populated\">\n\t\t\t\t\t\t<div class=\"elementor-element elementor-element-601cf1d elementor-widget__width-auto elementor-widget-mobile__width-auto elementor-widget elementor-widget-jet-listing-dynamic-field\" data-id=\"601cf1d\" data-element_type=\"widget\" data-e-type=\"widget\" data-widget_type=\"jet-listing-dynamic-field.default\">\n\t\t\t\t<div class=\"elementor-widget-container\">\n\t\t\t\t\t<div class=\"jet-listing jet-listing-dynamic-field display-inline\"><div class=\"jet-listing-dynamic-field__inline-wrap\"><span class=\"jet-listing-dynamic-field__content\"><p>C. 1, 7, 50600<br \/>\nEjea de los Caballeros, Zaragoza<\/p>\n<\/span><\/div><\/div>\t\t\t\t<\/div>\n\t\t\t\t<\/div>\n\t\t\t\t<div class=\"elementor-element elementor-element-1898eca elementor-widget elementor-widget-jet-listing-dynamic-link\" data-id=\"1898eca\" data-element_type=\"widget\" data-e-type=\"widget\" data-widget_type=\"jet-listing-dynamic-link.default\">\n\t\t\t\t<div class=\"elementor-widget-container\">\n\t\t\t\t\t<span class=\"jet-listing jet-listing-dynamic-link\"><a href=\"tel:\" class=\"jet-listing-dynamic-link__link\"><i class=\"jet-listing-dynamic-link__icon fas fa-phone-alt\" aria-hidden=\"true\"><\/i><\/a><\/span>\t\t\t\t<\/div>\n\t\t\t\t<\/div>\n\t\t\t\t<div class=\"elementor-element elementor-element-0329474 elementor-hidden-phone elementor-widget elementor-widget-jet-listing-dynamic-link\" data-id=\"0329474\" data-element_type=\"widget\" data-e-type=\"widget\" data-widget_type=\"jet-listing-dynamic-link.default\">\n\t\t\t\t<div class=\"elementor-widget-container\">\n\t\t\t\t\t<span class=\"jet-listing jet-listing-dynamic-link\"><a href=\"tel:699552871\" class=\"jet-listing-dynamic-link__link\"><i class=\"jet-listing-dynamic-link__icon oi oi-phone\" aria-hidden=\"true\"><\/i><span class=\"jet-listing-dynamic-link__label\">699552871<\/span><\/a><\/span>\t\t\t\t<\/div>\n\t\t\t\t<\/div>\n\t\t\t\t\t<\/div>\n\t\t<\/div>\n\t\t\t\t\t<\/div>\n\t\t<\/section>\n\t\t\t\t\t<\/div>\n\t\t<\/div>\n\t\t\t\t<div class=\"elementor-column elementor-col-50 elementor-top-column elementor-element elementor-element-bb24a8e\" data-id=\"bb24a8e\" data-element_type=\"column\" data-e-type=\"column\">\n\t\t\t<div class=\"elementor-widget-wrap elementor-element-populated\">\n\t\t\t\t\t\t<div class=\"elementor-element elementor-element-b78d0e4 elementor-widget elementor-widget-image\" data-id=\"b78d0e4\" data-element_type=\"widget\" data-e-type=\"widget\" data-widget_type=\"image.default\">\n\t\t\t\t<div class=\"elementor-widget-container\">\n\t\t\t\t\t\t\t\t\t\t\t\t\t\t\t\t<a href=\"https:\/\/www.expertservicecar.com\/pt-pt\/taller\/servitech\/\">\n\t\t\t\t\t\t\t<img loading=\"lazy\" decoding=\"async\" width=\"300\" height=\"198\" src=\"https:\/\/www.expertservicecar.com\/wp-content\/uploads\/2024\/05\/servitech-300x198.jpg\" class=\"attachment-medium size-medium wp-image-7637\" alt=\"\" srcset=\"https:\/\/www.expertservicecar.com\/wp-content\/uploads\/2024\/05\/servitech-300x198.jpg 300w, https:\/\/www.expertservicecar.com\/wp-content\/uploads\/2024\/05\/servitech-1024x677.jpg 1024w, https:\/\/www.expertservicecar.com\/wp-content\/uploads\/2024\/05\/servitech-768x507.jpg 768w, https:\/\/www.expertservicecar.com\/wp-content\/uploads\/2024\/05\/servitech-600x396.jpg 600w, https:\/\/www.expertservicecar.com\/wp-content\/uploads\/2024\/05\/servitech.jpg 1403w\" sizes=\"(max-width: 300px) 100vw, 300px\" title=\"\">\t\t\t\t\t\t\t\t<\/a>\n\t\t\t\t\t\t\t\t\t\t\t\t\t\t\t<\/div>\n\t\t\t\t<\/div>\n\t\t\t\t\t<\/div>\n\t\t<\/div>\n\t\t\t\t\t<\/div>\n\t\t<\/section>\n\t\t\t\t<\/div>\n\t\t<\/div><div class=\"jet-listing-grid__item jet-listing-dynamic-post-6548 jet-equal-columns\" data-post-id=\"6548\" >\t\t<div data-elementor-type=\"jet-listing-items\" data-elementor-id=\"524\" class=\"elementor elementor-524\" data-elementor-post-type=\"jet-engine\">\n\t\t\t\t\t\t<section class=\"elementor-section elementor-top-section elementor-element elementor-element-ef0c760 elementor-section-content-middle elementor-section-boxed elementor-section-height-default elementor-section-height-default\" data-id=\"ef0c760\" data-element_type=\"section\" data-e-type=\"section\" data-settings=\"{&quot;background_background&quot;:&quot;classic&quot;}\">\n\t\t\t\t\t\t<div class=\"elementor-container elementor-column-gap-default\">\n\t\t\t\t\t<div class=\"elementor-column elementor-col-50 elementor-top-column elementor-element elementor-element-f3770a2\" data-id=\"f3770a2\" data-element_type=\"column\" data-e-type=\"column\">\n\t\t\t<div class=\"elementor-widget-wrap elementor-element-populated\">\n\t\t\t\t\t\t<div class=\"elementor-element elementor-element-6788ee3 elementor-widget__width-auto elementor-widget elementor-widget-theme-post-title elementor-page-title elementor-widget-heading\" data-id=\"6788ee3\" data-element_type=\"widget\" data-e-type=\"widget\" data-widget_type=\"theme-post-title.default\">\n\t\t\t\t<div class=\"elementor-widget-container\">\n\t\t\t\t\t<h5 class=\"elementor-heading-title elementor-size-default\"><a href=\"https:\/\/www.expertservicecar.com\/pt-pt\/taller\/sierra-gt\/\">SIERRA GT<\/a><\/h5>\t\t\t\t<\/div>\n\t\t\t\t<\/div>\n\t\t\t\t<section class=\"elementor-section elementor-inner-section elementor-element elementor-element-dcd0ceb elementor-section-boxed elementor-section-height-default elementor-section-height-default\" data-id=\"dcd0ceb\" data-element_type=\"section\" data-e-type=\"section\">\n\t\t\t\t\t\t<div class=\"elementor-container elementor-column-gap-default\">\n\t\t\t\t\t<div class=\"elementor-column elementor-col-100 elementor-inner-column elementor-element elementor-element-aed0068\" data-id=\"aed0068\" data-element_type=\"column\" data-e-type=\"column\">\n\t\t\t<div class=\"elementor-widget-wrap elementor-element-populated\">\n\t\t\t\t\t\t<div class=\"elementor-element elementor-element-601cf1d elementor-widget__width-auto elementor-widget-mobile__width-auto elementor-widget elementor-widget-jet-listing-dynamic-field\" data-id=\"601cf1d\" data-element_type=\"widget\" data-e-type=\"widget\" data-widget_type=\"jet-listing-dynamic-field.default\">\n\t\t\t\t<div class=\"elementor-widget-container\">\n\t\t\t\t\t<div class=\"jet-listing jet-listing-dynamic-field display-inline\"><div class=\"jet-listing-dynamic-field__inline-wrap\"><span class=\"jet-listing-dynamic-field__content\"><p>C. Cam. de Pradovera, 22,<br \/>\n28440 Guadarrama<br \/>\nMadrid<\/p>\n<\/span><\/div><\/div>\t\t\t\t<\/div>\n\t\t\t\t<\/div>\n\t\t\t\t<div class=\"elementor-element elementor-element-1898eca elementor-widget elementor-widget-jet-listing-dynamic-link\" data-id=\"1898eca\" data-element_type=\"widget\" data-e-type=\"widget\" data-widget_type=\"jet-listing-dynamic-link.default\">\n\t\t\t\t<div class=\"elementor-widget-container\">\n\t\t\t\t\t<span class=\"jet-listing jet-listing-dynamic-link\"><a href=\"tel:918521643\" class=\"jet-listing-dynamic-link__link\"><i class=\"jet-listing-dynamic-link__icon fas fa-phone-alt\" aria-hidden=\"true\"><\/i><span class=\"jet-listing-dynamic-link__label\">918521643<\/span><\/a><\/span>\t\t\t\t<\/div>\n\t\t\t\t<\/div>\n\t\t\t\t<div class=\"elementor-element elementor-element-0329474 elementor-hidden-phone elementor-widget elementor-widget-jet-listing-dynamic-link\" data-id=\"0329474\" data-element_type=\"widget\" data-e-type=\"widget\" data-widget_type=\"jet-listing-dynamic-link.default\">\n\t\t\t\t<div class=\"elementor-widget-container\">\n\t\t\t\t\t<span class=\"jet-listing jet-listing-dynamic-link\"><a href=\"tel:639271501\" class=\"jet-listing-dynamic-link__link\"><i class=\"jet-listing-dynamic-link__icon oi oi-phone\" aria-hidden=\"true\"><\/i><span class=\"jet-listing-dynamic-link__label\">639271501<\/span><\/a><\/span>\t\t\t\t<\/div>\n\t\t\t\t<\/div>\n\t\t\t\t\t<\/div>\n\t\t<\/div>\n\t\t\t\t\t<\/div>\n\t\t<\/section>\n\t\t\t\t\t<\/div>\n\t\t<\/div>\n\t\t\t\t<div class=\"elementor-column elementor-col-50 elementor-top-column elementor-element elementor-element-bb24a8e\" data-id=\"bb24a8e\" data-element_type=\"column\" data-e-type=\"column\">\n\t\t\t<div class=\"elementor-widget-wrap elementor-element-populated\">\n\t\t\t\t\t\t<div class=\"elementor-element elementor-element-b78d0e4 elementor-widget elementor-widget-image\" data-id=\"b78d0e4\" data-element_type=\"widget\" data-e-type=\"widget\" data-widget_type=\"image.default\">\n\t\t\t\t<div class=\"elementor-widget-container\">\n\t\t\t\t\t\t\t\t\t\t\t\t\t\t\t\t<a href=\"https:\/\/www.expertservicecar.com\/pt-pt\/taller\/sierra-gt\/\">\n\t\t\t\t\t\t\t<img loading=\"lazy\" decoding=\"async\" width=\"300\" height=\"225\" src=\"https:\/\/www.expertservicecar.com\/wp-content\/uploads\/2022\/11\/sierragt-300x225.jpg\" class=\"attachment-medium size-medium wp-image-6549\" alt=\"\" srcset=\"https:\/\/www.expertservicecar.com\/wp-content\/uploads\/2022\/11\/sierragt-300x225.jpg 300w, https:\/\/www.expertservicecar.com\/wp-content\/uploads\/2022\/11\/sierragt-1024x768.jpg 1024w, https:\/\/www.expertservicecar.com\/wp-content\/uploads\/2022\/11\/sierragt-768x576.jpg 768w, https:\/\/www.expertservicecar.com\/wp-content\/uploads\/2022\/11\/sierragt-600x450.jpg 600w, https:\/\/www.expertservicecar.com\/wp-content\/uploads\/2022\/11\/sierragt.jpg 1045w\" sizes=\"(max-width: 300px) 100vw, 300px\" title=\"\">\t\t\t\t\t\t\t\t<\/a>\n\t\t\t\t\t\t\t\t\t\t\t\t\t\t\t<\/div>\n\t\t\t\t<\/div>\n\t\t\t\t\t<\/div>\n\t\t<\/div>\n\t\t\t\t\t<\/div>\n\t\t<\/section>\n\t\t\t\t<\/div>\n\t\t<\/div><div class=\"jet-listing-grid__item jet-listing-dynamic-post-7865 jet-equal-columns\" data-post-id=\"7865\" >\t\t<div data-elementor-type=\"jet-listing-items\" data-elementor-id=\"524\" class=\"elementor elementor-524\" data-elementor-post-type=\"jet-engine\">\n\t\t\t\t\t\t<section class=\"elementor-section elementor-top-section elementor-element elementor-element-ef0c760 elementor-section-content-middle elementor-section-boxed elementor-section-height-default elementor-section-height-default\" data-id=\"ef0c760\" data-element_type=\"section\" data-e-type=\"section\" data-settings=\"{&quot;background_background&quot;:&quot;classic&quot;}\">\n\t\t\t\t\t\t<div class=\"elementor-container elementor-column-gap-default\">\n\t\t\t\t\t<div class=\"elementor-column elementor-col-50 elementor-top-column elementor-element elementor-element-f3770a2\" data-id=\"f3770a2\" data-element_type=\"column\" data-e-type=\"column\">\n\t\t\t<div class=\"elementor-widget-wrap elementor-element-populated\">\n\t\t\t\t\t\t<div class=\"elementor-element elementor-element-6788ee3 elementor-widget__width-auto elementor-widget elementor-widget-theme-post-title elementor-page-title elementor-widget-heading\" data-id=\"6788ee3\" data-element_type=\"widget\" data-e-type=\"widget\" data-widget_type=\"theme-post-title.default\">\n\t\t\t\t<div class=\"elementor-widget-container\">\n\t\t\t\t\t<h5 class=\"elementor-heading-title elementor-size-default\"><a href=\"https:\/\/www.expertservicecar.com\/pt-pt\/taller\/taller-ameijeiras\/\">Taller Ameijeiras<\/a><\/h5>\t\t\t\t<\/div>\n\t\t\t\t<\/div>\n\t\t\t\t<section class=\"elementor-section elementor-inner-section elementor-element elementor-element-dcd0ceb elementor-section-boxed elementor-section-height-default elementor-section-height-default\" data-id=\"dcd0ceb\" data-element_type=\"section\" data-e-type=\"section\">\n\t\t\t\t\t\t<div class=\"elementor-container elementor-column-gap-default\">\n\t\t\t\t\t<div class=\"elementor-column elementor-col-100 elementor-inner-column elementor-element elementor-element-aed0068\" data-id=\"aed0068\" data-element_type=\"column\" data-e-type=\"column\">\n\t\t\t<div class=\"elementor-widget-wrap elementor-element-populated\">\n\t\t\t\t\t\t<div class=\"elementor-element elementor-element-601cf1d elementor-widget__width-auto elementor-widget-mobile__width-auto elementor-widget elementor-widget-jet-listing-dynamic-field\" data-id=\"601cf1d\" data-element_type=\"widget\" data-e-type=\"widget\" data-widget_type=\"jet-listing-dynamic-field.default\">\n\t\t\t\t<div class=\"elementor-widget-container\">\n\t\t\t\t\t<div class=\"jet-listing jet-listing-dynamic-field display-inline\"><div class=\"jet-listing-dynamic-field__inline-wrap\"><span class=\"jet-listing-dynamic-field__content\"><p>Avinguda Mas Vil\u00e0, 147,<br \/>\n17457 Riudellots de la Selva,<br \/>\nGirona<\/p>\n<\/span><\/div><\/div>\t\t\t\t<\/div>\n\t\t\t\t<\/div>\n\t\t\t\t<div class=\"elementor-element elementor-element-1898eca elementor-widget elementor-widget-jet-listing-dynamic-link\" data-id=\"1898eca\" data-element_type=\"widget\" data-e-type=\"widget\" data-widget_type=\"jet-listing-dynamic-link.default\">\n\t\t\t\t<div class=\"elementor-widget-container\">\n\t\t\t\t\t<span class=\"jet-listing jet-listing-dynamic-link\"><a href=\"tel:972397000\" class=\"jet-listing-dynamic-link__link\"><i class=\"jet-listing-dynamic-link__icon fas fa-phone-alt\" aria-hidden=\"true\"><\/i><span class=\"jet-listing-dynamic-link__label\">972397000<\/span><\/a><\/span>\t\t\t\t<\/div>\n\t\t\t\t<\/div>\n\t\t\t\t\t<\/div>\n\t\t<\/div>\n\t\t\t\t\t<\/div>\n\t\t<\/section>\n\t\t\t\t\t<\/div>\n\t\t<\/div>\n\t\t\t\t<div class=\"elementor-column elementor-col-50 elementor-top-column elementor-element elementor-element-bb24a8e\" data-id=\"bb24a8e\" data-element_type=\"column\" data-e-type=\"column\">\n\t\t\t<div class=\"elementor-widget-wrap elementor-element-populated\">\n\t\t\t\t\t\t<div class=\"elementor-element elementor-element-b78d0e4 elementor-widget elementor-widget-image\" data-id=\"b78d0e4\" data-element_type=\"widget\" data-e-type=\"widget\" data-widget_type=\"image.default\">\n\t\t\t\t<div class=\"elementor-widget-container\">\n\t\t\t\t\t\t\t\t\t\t\t\t\t\t\t\t<a href=\"https:\/\/www.expertservicecar.com\/pt-pt\/taller\/taller-ameijeiras\/\">\n\t\t\t\t\t\t\t<img loading=\"lazy\" decoding=\"async\" width=\"300\" height=\"231\" src=\"https:\/\/www.expertservicecar.com\/wp-content\/uploads\/2024\/03\/covesa-sermobis-03-300x231.jpg\" class=\"attachment-medium size-medium wp-image-7439\" alt=\"\" srcset=\"https:\/\/www.expertservicecar.com\/wp-content\/uploads\/2024\/03\/covesa-sermobis-03-300x231.jpg 300w, https:\/\/www.expertservicecar.com\/wp-content\/uploads\/2024\/03\/covesa-sermobis-03-768x591.jpg 768w, https:\/\/www.expertservicecar.com\/wp-content\/uploads\/2024\/03\/covesa-sermobis-03-600x462.jpg 600w, https:\/\/www.expertservicecar.com\/wp-content\/uploads\/2024\/03\/covesa-sermobis-03.jpg 900w\" sizes=\"(max-width: 300px) 100vw, 300px\" title=\"\">\t\t\t\t\t\t\t\t<\/a>\n\t\t\t\t\t\t\t\t\t\t\t\t\t\t\t<\/div>\n\t\t\t\t<\/div>\n\t\t\t\t\t<\/div>\n\t\t<\/div>\n\t\t\t\t\t<\/div>\n\t\t<\/section>\n\t\t\t\t<\/div>\n\t\t<\/div><div class=\"jet-listing-grid__item jet-listing-dynamic-post-6557 jet-equal-columns\" data-post-id=\"6557\" >\t\t<div data-elementor-type=\"jet-listing-items\" data-elementor-id=\"524\" class=\"elementor elementor-524\" data-elementor-post-type=\"jet-engine\">\n\t\t\t\t\t\t<section class=\"elementor-section elementor-top-section elementor-element elementor-element-ef0c760 elementor-section-content-middle elementor-section-boxed elementor-section-height-default elementor-section-height-default\" data-id=\"ef0c760\" data-element_type=\"section\" data-e-type=\"section\" data-settings=\"{&quot;background_background&quot;:&quot;classic&quot;}\">\n\t\t\t\t\t\t<div class=\"elementor-container elementor-column-gap-default\">\n\t\t\t\t\t<div class=\"elementor-column elementor-col-50 elementor-top-column elementor-element elementor-element-f3770a2\" data-id=\"f3770a2\" data-element_type=\"column\" data-e-type=\"column\">\n\t\t\t<div class=\"elementor-widget-wrap elementor-element-populated\">\n\t\t\t\t\t\t<div class=\"elementor-element elementor-element-6788ee3 elementor-widget__width-auto elementor-widget elementor-widget-theme-post-title elementor-page-title elementor-widget-heading\" data-id=\"6788ee3\" data-element_type=\"widget\" data-e-type=\"widget\" data-widget_type=\"theme-post-title.default\">\n\t\t\t\t<div class=\"elementor-widget-container\">\n\t\t\t\t\t<h5 class=\"elementor-heading-title elementor-size-default\"><a href=\"https:\/\/www.expertservicecar.com\/pt-pt\/taller\/taller-bartolome-diaz\/\">TALLER BARTOLOME DIAZ<\/a><\/h5>\t\t\t\t<\/div>\n\t\t\t\t<\/div>\n\t\t\t\t<section class=\"elementor-section elementor-inner-section elementor-element elementor-element-dcd0ceb elementor-section-boxed elementor-section-height-default elementor-section-height-default\" data-id=\"dcd0ceb\" data-element_type=\"section\" data-e-type=\"section\">\n\t\t\t\t\t\t<div class=\"elementor-container elementor-column-gap-default\">\n\t\t\t\t\t<div class=\"elementor-column elementor-col-100 elementor-inner-column elementor-element elementor-element-aed0068\" data-id=\"aed0068\" data-element_type=\"column\" data-e-type=\"column\">\n\t\t\t<div class=\"elementor-widget-wrap elementor-element-populated\">\n\t\t\t\t\t\t<div class=\"elementor-element elementor-element-601cf1d elementor-widget__width-auto elementor-widget-mobile__width-auto elementor-widget elementor-widget-jet-listing-dynamic-field\" data-id=\"601cf1d\" data-element_type=\"widget\" data-e-type=\"widget\" data-widget_type=\"jet-listing-dynamic-field.default\">\n\t\t\t\t<div class=\"elementor-widget-container\">\n\t\t\t\t\t<div class=\"jet-listing jet-listing-dynamic-field display-inline\"><div class=\"jet-listing-dynamic-field__inline-wrap\"><span class=\"jet-listing-dynamic-field__content\"><p>TALLER BARTOLOME DIAZ<br \/>\nC. Marcona, 30,<br \/>\nPol. Ind, 30593 La Palma<br \/>\nMurcia<\/p>\n<\/span><\/div><\/div>\t\t\t\t<\/div>\n\t\t\t\t<\/div>\n\t\t\t\t<div class=\"elementor-element elementor-element-1898eca elementor-widget elementor-widget-jet-listing-dynamic-link\" data-id=\"1898eca\" data-element_type=\"widget\" data-e-type=\"widget\" data-widget_type=\"jet-listing-dynamic-link.default\">\n\t\t\t\t<div class=\"elementor-widget-container\">\n\t\t\t\t\t<span class=\"jet-listing jet-listing-dynamic-link\"><a href=\"tel:968165198\" class=\"jet-listing-dynamic-link__link\"><i class=\"jet-listing-dynamic-link__icon fas fa-phone-alt\" aria-hidden=\"true\"><\/i><span class=\"jet-listing-dynamic-link__label\">968165198<\/span><\/a><\/span>\t\t\t\t<\/div>\n\t\t\t\t<\/div>\n\t\t\t\t<div class=\"elementor-element elementor-element-0329474 elementor-hidden-phone elementor-widget elementor-widget-jet-listing-dynamic-link\" data-id=\"0329474\" data-element_type=\"widget\" data-e-type=\"widget\" data-widget_type=\"jet-listing-dynamic-link.default\">\n\t\t\t\t<div class=\"elementor-widget-container\">\n\t\t\t\t\t<span class=\"jet-listing jet-listing-dynamic-link\"><a href=\"tel:686964202\" class=\"jet-listing-dynamic-link__link\"><i class=\"jet-listing-dynamic-link__icon oi oi-phone\" aria-hidden=\"true\"><\/i><span class=\"jet-listing-dynamic-link__label\">686964202<\/span><\/a><\/span>\t\t\t\t<\/div>\n\t\t\t\t<\/div>\n\t\t\t\t\t<\/div>\n\t\t<\/div>\n\t\t\t\t\t<\/div>\n\t\t<\/section>\n\t\t\t\t\t<\/div>\n\t\t<\/div>\n\t\t\t\t<div class=\"elementor-column elementor-col-50 elementor-top-column elementor-element elementor-element-bb24a8e\" data-id=\"bb24a8e\" data-element_type=\"column\" data-e-type=\"column\">\n\t\t\t<div class=\"elementor-widget-wrap elementor-element-populated\">\n\t\t\t\t\t\t<div class=\"elementor-element elementor-element-b78d0e4 elementor-widget elementor-widget-image\" data-id=\"b78d0e4\" data-element_type=\"widget\" data-e-type=\"widget\" data-widget_type=\"image.default\">\n\t\t\t\t<div class=\"elementor-widget-container\">\n\t\t\t\t\t\t\t\t\t\t\t\t\t\t\t\t<a href=\"https:\/\/www.expertservicecar.com\/pt-pt\/taller\/taller-bartolome-diaz\/\">\n\t\t\t\t\t\t\t<img loading=\"lazy\" decoding=\"async\" width=\"300\" height=\"228\" src=\"https:\/\/www.expertservicecar.com\/wp-content\/uploads\/2022\/11\/bartolomediaz-300x228.jpg\" class=\"attachment-medium size-medium wp-image-6558\" alt=\"\" srcset=\"https:\/\/www.expertservicecar.com\/wp-content\/uploads\/2022\/11\/bartolomediaz-300x228.jpg 300w, https:\/\/www.expertservicecar.com\/wp-content\/uploads\/2022\/11\/bartolomediaz-1024x778.jpg 1024w, https:\/\/www.expertservicecar.com\/wp-content\/uploads\/2022\/11\/bartolomediaz-768x583.jpg 768w, https:\/\/www.expertservicecar.com\/wp-content\/uploads\/2022\/11\/bartolomediaz-600x456.jpg 600w, https:\/\/www.expertservicecar.com\/wp-content\/uploads\/2022\/11\/bartolomediaz.jpg 1048w\" sizes=\"(max-width: 300px) 100vw, 300px\" title=\"\">\t\t\t\t\t\t\t\t<\/a>\n\t\t\t\t\t\t\t\t\t\t\t\t\t\t\t<\/div>\n\t\t\t\t<\/div>\n\t\t\t\t\t<\/div>\n\t\t<\/div>\n\t\t\t\t\t<\/div>\n\t\t<\/section>\n\t\t\t\t<\/div>\n\t\t<\/div><div class=\"jet-listing-grid__item jet-listing-dynamic-post-5948 jet-equal-columns\" data-post-id=\"5948\" >\t\t<div data-elementor-type=\"jet-listing-items\" data-elementor-id=\"524\" class=\"elementor elementor-524\" data-elementor-post-type=\"jet-engine\">\n\t\t\t\t\t\t<section class=\"elementor-section elementor-top-section elementor-element elementor-element-ef0c760 elementor-section-content-middle elementor-section-boxed elementor-section-height-default elementor-section-height-default\" data-id=\"ef0c760\" data-element_type=\"section\" data-e-type=\"section\" data-settings=\"{&quot;background_background&quot;:&quot;classic&quot;}\">\n\t\t\t\t\t\t<div class=\"elementor-container elementor-column-gap-default\">\n\t\t\t\t\t<div class=\"elementor-column elementor-col-50 elementor-top-column elementor-element elementor-element-f3770a2\" data-id=\"f3770a2\" data-element_type=\"column\" data-e-type=\"column\">\n\t\t\t<div class=\"elementor-widget-wrap elementor-element-populated\">\n\t\t\t\t\t\t<div class=\"elementor-element elementor-element-6788ee3 elementor-widget__width-auto elementor-widget elementor-widget-theme-post-title elementor-page-title elementor-widget-heading\" data-id=\"6788ee3\" data-element_type=\"widget\" data-e-type=\"widget\" data-widget_type=\"theme-post-title.default\">\n\t\t\t\t<div class=\"elementor-widget-container\">\n\t\t\t\t\t<h5 class=\"elementor-heading-title elementor-size-default\"><a href=\"https:\/\/www.expertservicecar.com\/pt-pt\/taller\/taller-danauto\/\">Taller Danauto<\/a><\/h5>\t\t\t\t<\/div>\n\t\t\t\t<\/div>\n\t\t\t\t<section class=\"elementor-section elementor-inner-section elementor-element elementor-element-dcd0ceb elementor-section-boxed elementor-section-height-default elementor-section-height-default\" data-id=\"dcd0ceb\" data-element_type=\"section\" data-e-type=\"section\">\n\t\t\t\t\t\t<div class=\"elementor-container elementor-column-gap-default\">\n\t\t\t\t\t<div class=\"elementor-column elementor-col-100 elementor-inner-column elementor-element elementor-element-aed0068\" data-id=\"aed0068\" data-element_type=\"column\" data-e-type=\"column\">\n\t\t\t<div class=\"elementor-widget-wrap elementor-element-populated\">\n\t\t\t\t\t\t<div class=\"elementor-element elementor-element-601cf1d elementor-widget__width-auto elementor-widget-mobile__width-auto elementor-widget elementor-widget-jet-listing-dynamic-field\" data-id=\"601cf1d\" data-element_type=\"widget\" data-e-type=\"widget\" data-widget_type=\"jet-listing-dynamic-field.default\">\n\t\t\t\t<div class=\"elementor-widget-container\">\n\t\t\t\t\t<div class=\"jet-listing jet-listing-dynamic-field display-inline\"><div class=\"jet-listing-dynamic-field__inline-wrap\"><span class=\"jet-listing-dynamic-field__content\"><p>Pol.Ind.La Mina - C\/ Madro\u00f1o, 6. Nave 23,<br \/>\n28770 Colmenar Viejo<br \/>\nMadrid<\/p>\n<\/span><\/div><\/div>\t\t\t\t<\/div>\n\t\t\t\t<\/div>\n\t\t\t\t<div class=\"elementor-element elementor-element-1898eca elementor-widget elementor-widget-jet-listing-dynamic-link\" data-id=\"1898eca\" data-element_type=\"widget\" data-e-type=\"widget\" data-widget_type=\"jet-listing-dynamic-link.default\">\n\t\t\t\t<div class=\"elementor-widget-container\">\n\t\t\t\t\t<span class=\"jet-listing jet-listing-dynamic-link\"><a href=\"tel:918473223\" class=\"jet-listing-dynamic-link__link\"><i class=\"jet-listing-dynamic-link__icon fas fa-phone-alt\" aria-hidden=\"true\"><\/i><span class=\"jet-listing-dynamic-link__label\">918473223<\/span><\/a><\/span>\t\t\t\t<\/div>\n\t\t\t\t<\/div>\n\t\t\t\t\t<\/div>\n\t\t<\/div>\n\t\t\t\t\t<\/div>\n\t\t<\/section>\n\t\t\t\t\t<\/div>\n\t\t<\/div>\n\t\t\t\t<div class=\"elementor-column elementor-col-50 elementor-top-column elementor-element elementor-element-bb24a8e\" data-id=\"bb24a8e\" data-element_type=\"column\" data-e-type=\"column\">\n\t\t\t<div class=\"elementor-widget-wrap elementor-element-populated\">\n\t\t\t\t\t\t<div class=\"elementor-element elementor-element-b78d0e4 elementor-widget elementor-widget-image\" data-id=\"b78d0e4\" data-element_type=\"widget\" data-e-type=\"widget\" data-widget_type=\"image.default\">\n\t\t\t\t<div class=\"elementor-widget-container\">\n\t\t\t\t\t\t\t\t\t\t\t\t\t\t\t\t<a href=\"https:\/\/www.expertservicecar.com\/pt-pt\/taller\/taller-danauto\/\">\n\t\t\t\t\t\t\t<img loading=\"lazy\" decoding=\"async\" width=\"300\" height=\"216\" src=\"https:\/\/www.expertservicecar.com\/wp-content\/uploads\/2021\/10\/exterior_1878_danauto_20210908_154140_danauto_2_original-copia-300x216.jpg\" class=\"attachment-medium size-medium wp-image-5949\" alt=\"\" srcset=\"https:\/\/www.expertservicecar.com\/wp-content\/uploads\/2021\/10\/exterior_1878_danauto_20210908_154140_danauto_2_original-copia-300x216.jpg 300w, https:\/\/www.expertservicecar.com\/wp-content\/uploads\/2021\/10\/exterior_1878_danauto_20210908_154140_danauto_2_original-copia-1024x739.jpg 1024w, https:\/\/www.expertservicecar.com\/wp-content\/uploads\/2021\/10\/exterior_1878_danauto_20210908_154140_danauto_2_original-copia-768x554.jpg 768w, https:\/\/www.expertservicecar.com\/wp-content\/uploads\/2021\/10\/exterior_1878_danauto_20210908_154140_danauto_2_original-copia-1536x1108.jpg 1536w, https:\/\/www.expertservicecar.com\/wp-content\/uploads\/2021\/10\/exterior_1878_danauto_20210908_154140_danauto_2_original-copia-370x265.jpg 370w, https:\/\/www.expertservicecar.com\/wp-content\/uploads\/2021\/10\/exterior_1878_danauto_20210908_154140_danauto_2_original-copia-600x433.jpg 600w, https:\/\/www.expertservicecar.com\/wp-content\/uploads\/2021\/10\/exterior_1878_danauto_20210908_154140_danauto_2_original-copia.jpg 1672w\" sizes=\"(max-width: 300px) 100vw, 300px\" title=\"\">\t\t\t\t\t\t\t\t<\/a>\n\t\t\t\t\t\t\t\t\t\t\t\t\t\t\t<\/div>\n\t\t\t\t<\/div>\n\t\t\t\t\t<\/div>\n\t\t<\/div>\n\t\t\t\t\t<\/div>\n\t\t<\/section>\n\t\t\t\t<\/div>\n\t\t<\/div><div class=\"jet-listing-grid__item jet-listing-dynamic-post-7794 jet-equal-columns\" data-post-id=\"7794\" >\t\t<div data-elementor-type=\"jet-listing-items\" data-elementor-id=\"524\" class=\"elementor elementor-524\" data-elementor-post-type=\"jet-engine\">\n\t\t\t\t\t\t<section class=\"elementor-section elementor-top-section elementor-element elementor-element-ef0c760 elementor-section-content-middle elementor-section-boxed elementor-section-height-default elementor-section-height-default\" data-id=\"ef0c760\" data-element_type=\"section\" data-e-type=\"section\" data-settings=\"{&quot;background_background&quot;:&quot;classic&quot;}\">\n\t\t\t\t\t\t<div class=\"elementor-container elementor-column-gap-default\">\n\t\t\t\t\t<div class=\"elementor-column elementor-col-50 elementor-top-column elementor-element elementor-element-f3770a2\" data-id=\"f3770a2\" data-element_type=\"column\" data-e-type=\"column\">\n\t\t\t<div class=\"elementor-widget-wrap elementor-element-populated\">\n\t\t\t\t\t\t<div class=\"elementor-element elementor-element-6788ee3 elementor-widget__width-auto elementor-widget elementor-widget-theme-post-title elementor-page-title elementor-widget-heading\" data-id=\"6788ee3\" data-element_type=\"widget\" data-e-type=\"widget\" data-widget_type=\"theme-post-title.default\">\n\t\t\t\t<div class=\"elementor-widget-container\">\n\t\t\t\t\t<h5 class=\"elementor-heading-title elementor-size-default\"><a href=\"https:\/\/www.expertservicecar.com\/pt-pt\/taller\/taller-ferreiro\/\">TALLER FERREIRO<\/a><\/h5>\t\t\t\t<\/div>\n\t\t\t\t<\/div>\n\t\t\t\t<section class=\"elementor-section elementor-inner-section elementor-element elementor-element-dcd0ceb elementor-section-boxed elementor-section-height-default elementor-section-height-default\" data-id=\"dcd0ceb\" data-element_type=\"section\" data-e-type=\"section\">\n\t\t\t\t\t\t<div class=\"elementor-container elementor-column-gap-default\">\n\t\t\t\t\t<div class=\"elementor-column elementor-col-100 elementor-inner-column elementor-element elementor-element-aed0068\" data-id=\"aed0068\" data-element_type=\"column\" data-e-type=\"column\">\n\t\t\t<div class=\"elementor-widget-wrap elementor-element-populated\">\n\t\t\t\t\t\t<div class=\"elementor-element elementor-element-601cf1d elementor-widget__width-auto elementor-widget-mobile__width-auto elementor-widget elementor-widget-jet-listing-dynamic-field\" data-id=\"601cf1d\" data-element_type=\"widget\" data-e-type=\"widget\" data-widget_type=\"jet-listing-dynamic-field.default\">\n\t\t\t\t<div class=\"elementor-widget-container\">\n\t\t\t\t\t<div class=\"jet-listing jet-listing-dynamic-field display-inline\"><div class=\"jet-listing-dynamic-field__inline-wrap\"><span class=\"jet-listing-dynamic-field__content\"><p>C. Goleta, 5,<br \/>\n11379 Los Barrios, C\u00e1diz<\/p>\n<\/span><\/div><\/div>\t\t\t\t<\/div>\n\t\t\t\t<\/div>\n\t\t\t\t<div class=\"elementor-element elementor-element-1898eca elementor-widget elementor-widget-jet-listing-dynamic-link\" data-id=\"1898eca\" data-element_type=\"widget\" data-e-type=\"widget\" data-widget_type=\"jet-listing-dynamic-link.default\">\n\t\t\t\t<div class=\"elementor-widget-container\">\n\t\t\t\t\t<span class=\"jet-listing jet-listing-dynamic-link\"><a href=\"tel:\" class=\"jet-listing-dynamic-link__link\"><i class=\"jet-listing-dynamic-link__icon fas fa-phone-alt\" aria-hidden=\"true\"><\/i><\/a><\/span>\t\t\t\t<\/div>\n\t\t\t\t<\/div>\n\t\t\t\t<div class=\"elementor-element elementor-element-0329474 elementor-hidden-phone elementor-widget elementor-widget-jet-listing-dynamic-link\" data-id=\"0329474\" data-element_type=\"widget\" data-e-type=\"widget\" data-widget_type=\"jet-listing-dynamic-link.default\">\n\t\t\t\t<div class=\"elementor-widget-container\">\n\t\t\t\t\t<span class=\"jet-listing jet-listing-dynamic-link\"><a href=\"tel:638715631\" class=\"jet-listing-dynamic-link__link\"><i class=\"jet-listing-dynamic-link__icon oi oi-phone\" aria-hidden=\"true\"><\/i><span class=\"jet-listing-dynamic-link__label\">638715631<\/span><\/a><\/span>\t\t\t\t<\/div>\n\t\t\t\t<\/div>\n\t\t\t\t\t<\/div>\n\t\t<\/div>\n\t\t\t\t\t<\/div>\n\t\t<\/section>\n\t\t\t\t\t<\/div>\n\t\t<\/div>\n\t\t\t\t<div class=\"elementor-column elementor-col-50 elementor-top-column elementor-element elementor-element-bb24a8e\" data-id=\"bb24a8e\" data-element_type=\"column\" data-e-type=\"column\">\n\t\t\t<div class=\"elementor-widget-wrap elementor-element-populated\">\n\t\t\t\t\t\t<div class=\"elementor-element elementor-element-b78d0e4 elementor-widget elementor-widget-image\" data-id=\"b78d0e4\" data-element_type=\"widget\" data-e-type=\"widget\" data-widget_type=\"image.default\">\n\t\t\t\t<div class=\"elementor-widget-container\">\n\t\t\t\t\t\t\t\t\t\t\t\t\t\t\t\t<a href=\"https:\/\/www.expertservicecar.com\/pt-pt\/taller\/taller-ferreiro\/\">\n\t\t\t\t\t\t\t<img loading=\"lazy\" decoding=\"async\" width=\"300\" height=\"161\" src=\"https:\/\/www.expertservicecar.com\/wp-content\/uploads\/2025\/05\/Captura-de-pantalla-2025-05-19-101506-300x161.jpg\" class=\"attachment-medium size-medium wp-image-7795\" alt=\"\" srcset=\"https:\/\/www.expertservicecar.com\/wp-content\/uploads\/2025\/05\/Captura-de-pantalla-2025-05-19-101506-300x161.jpg 300w, https:\/\/www.expertservicecar.com\/wp-content\/uploads\/2025\/05\/Captura-de-pantalla-2025-05-19-101506-1024x550.jpg 1024w, https:\/\/www.expertservicecar.com\/wp-content\/uploads\/2025\/05\/Captura-de-pantalla-2025-05-19-101506-768x413.jpg 768w, https:\/\/www.expertservicecar.com\/wp-content\/uploads\/2025\/05\/Captura-de-pantalla-2025-05-19-101506-1536x825.jpg 1536w, https:\/\/www.expertservicecar.com\/wp-content\/uploads\/2025\/05\/Captura-de-pantalla-2025-05-19-101506-600x322.jpg 600w, https:\/\/www.expertservicecar.com\/wp-content\/uploads\/2025\/05\/Captura-de-pantalla-2025-05-19-101506.jpg 1604w\" sizes=\"(max-width: 300px) 100vw, 300px\" title=\"\">\t\t\t\t\t\t\t\t<\/a>\n\t\t\t\t\t\t\t\t\t\t\t\t\t\t\t<\/div>\n\t\t\t\t<\/div>\n\t\t\t\t\t<\/div>\n\t\t<\/div>\n\t\t\t\t\t<\/div>\n\t\t<\/section>\n\t\t\t\t<\/div>\n\t\t<\/div><div class=\"jet-listing-grid__item jet-listing-dynamic-post-7817 jet-equal-columns\" data-post-id=\"7817\" >\t\t<div data-elementor-type=\"jet-listing-items\" data-elementor-id=\"524\" class=\"elementor elementor-524\" data-elementor-post-type=\"jet-engine\">\n\t\t\t\t\t\t<section class=\"elementor-section elementor-top-section elementor-element elementor-element-ef0c760 elementor-section-content-middle elementor-section-boxed elementor-section-height-default elementor-section-height-default\" data-id=\"ef0c760\" data-element_type=\"section\" data-e-type=\"section\" data-settings=\"{&quot;background_background&quot;:&quot;classic&quot;}\">\n\t\t\t\t\t\t<div class=\"elementor-container elementor-column-gap-default\">\n\t\t\t\t\t<div class=\"elementor-column elementor-col-50 elementor-top-column elementor-element elementor-element-f3770a2\" data-id=\"f3770a2\" data-element_type=\"column\" data-e-type=\"column\">\n\t\t\t<div class=\"elementor-widget-wrap elementor-element-populated\">\n\t\t\t\t\t\t<div class=\"elementor-element elementor-element-6788ee3 elementor-widget__width-auto elementor-widget elementor-widget-theme-post-title elementor-page-title elementor-widget-heading\" data-id=\"6788ee3\" data-element_type=\"widget\" data-e-type=\"widget\" data-widget_type=\"theme-post-title.default\">\n\t\t\t\t<div class=\"elementor-widget-container\">\n\t\t\t\t\t<h5 class=\"elementor-heading-title elementor-size-default\"><a href=\"https:\/\/www.expertservicecar.com\/pt-pt\/taller\/taller-gines\/\">TALLER GINES<\/a><\/h5>\t\t\t\t<\/div>\n\t\t\t\t<\/div>\n\t\t\t\t<section class=\"elementor-section elementor-inner-section elementor-element elementor-element-dcd0ceb elementor-section-boxed elementor-section-height-default elementor-section-height-default\" data-id=\"dcd0ceb\" data-element_type=\"section\" data-e-type=\"section\">\n\t\t\t\t\t\t<div class=\"elementor-container elementor-column-gap-default\">\n\t\t\t\t\t<div class=\"elementor-column elementor-col-100 elementor-inner-column elementor-element elementor-element-aed0068\" data-id=\"aed0068\" data-element_type=\"column\" data-e-type=\"column\">\n\t\t\t<div class=\"elementor-widget-wrap elementor-element-populated\">\n\t\t\t\t\t\t<div class=\"elementor-element elementor-element-601cf1d elementor-widget__width-auto elementor-widget-mobile__width-auto elementor-widget elementor-widget-jet-listing-dynamic-field\" data-id=\"601cf1d\" data-element_type=\"widget\" data-e-type=\"widget\" data-widget_type=\"jet-listing-dynamic-field.default\">\n\t\t\t\t<div class=\"elementor-widget-container\">\n\t\t\t\t\t<div class=\"jet-listing jet-listing-dynamic-field display-inline\"><div class=\"jet-listing-dynamic-field__inline-wrap\"><span class=\"jet-listing-dynamic-field__content\"><p>P\u00f3ligo Servialsa, calle H - nave 17,<br \/>\n41960 Gines, Sevilla<\/p>\n<\/span><\/div><\/div>\t\t\t\t<\/div>\n\t\t\t\t<\/div>\n\t\t\t\t<div class=\"elementor-element elementor-element-1898eca elementor-widget elementor-widget-jet-listing-dynamic-link\" data-id=\"1898eca\" data-element_type=\"widget\" data-e-type=\"widget\" data-widget_type=\"jet-listing-dynamic-link.default\">\n\t\t\t\t<div class=\"elementor-widget-container\">\n\t\t\t\t\t<span class=\"jet-listing jet-listing-dynamic-link\"><a href=\"tel:954715147\" class=\"jet-listing-dynamic-link__link\"><i class=\"jet-listing-dynamic-link__icon fas fa-phone-alt\" aria-hidden=\"true\"><\/i><span class=\"jet-listing-dynamic-link__label\">954715147<\/span><\/a><\/span>\t\t\t\t<\/div>\n\t\t\t\t<\/div>\n\t\t\t\t<div class=\"elementor-element elementor-element-0329474 elementor-hidden-phone elementor-widget elementor-widget-jet-listing-dynamic-link\" data-id=\"0329474\" data-element_type=\"widget\" data-e-type=\"widget\" data-widget_type=\"jet-listing-dynamic-link.default\">\n\t\t\t\t<div class=\"elementor-widget-container\">\n\t\t\t\t\t<span class=\"jet-listing jet-listing-dynamic-link\"><a href=\"tel:699964839\" class=\"jet-listing-dynamic-link__link\"><i class=\"jet-listing-dynamic-link__icon oi oi-phone\" aria-hidden=\"true\"><\/i><span class=\"jet-listing-dynamic-link__label\">699964839<\/span><\/a><\/span>\t\t\t\t<\/div>\n\t\t\t\t<\/div>\n\t\t\t\t\t<\/div>\n\t\t<\/div>\n\t\t\t\t\t<\/div>\n\t\t<\/section>\n\t\t\t\t\t<\/div>\n\t\t<\/div>\n\t\t\t\t<div class=\"elementor-column elementor-col-50 elementor-top-column elementor-element elementor-element-bb24a8e\" data-id=\"bb24a8e\" data-element_type=\"column\" data-e-type=\"column\">\n\t\t\t<div class=\"elementor-widget-wrap elementor-element-populated\">\n\t\t\t\t\t\t<div class=\"elementor-element elementor-element-b78d0e4 elementor-widget elementor-widget-image\" data-id=\"b78d0e4\" data-element_type=\"widget\" data-e-type=\"widget\" data-widget_type=\"image.default\">\n\t\t\t\t<div class=\"elementor-widget-container\">\n\t\t\t\t\t\t\t\t\t\t\t\t\t\t\t\t<a href=\"https:\/\/www.expertservicecar.com\/pt-pt\/taller\/taller-gines\/\">\n\t\t\t\t\t\t\t<img loading=\"lazy\" decoding=\"async\" width=\"300\" height=\"225\" src=\"https:\/\/www.expertservicecar.com\/wp-content\/uploads\/2025\/08\/exterior_2198_taller_gines_fachada-2_resized-300x225.png\" class=\"attachment-medium size-medium wp-image-7818\" alt=\"\" srcset=\"https:\/\/www.expertservicecar.com\/wp-content\/uploads\/2025\/08\/exterior_2198_taller_gines_fachada-2_resized-300x225.png 300w, https:\/\/www.expertservicecar.com\/wp-content\/uploads\/2025\/08\/exterior_2198_taller_gines_fachada-2_resized-1024x768.png 1024w, https:\/\/www.expertservicecar.com\/wp-content\/uploads\/2025\/08\/exterior_2198_taller_gines_fachada-2_resized-768x576.png 768w, https:\/\/www.expertservicecar.com\/wp-content\/uploads\/2025\/08\/exterior_2198_taller_gines_fachada-2_resized-1536x1152.png 1536w, https:\/\/www.expertservicecar.com\/wp-content\/uploads\/2025\/08\/exterior_2198_taller_gines_fachada-2_resized-600x450.png 600w, https:\/\/www.expertservicecar.com\/wp-content\/uploads\/2025\/08\/exterior_2198_taller_gines_fachada-2_resized.png 1600w\" sizes=\"(max-width: 300px) 100vw, 300px\" title=\"\">\t\t\t\t\t\t\t\t<\/a>\n\t\t\t\t\t\t\t\t\t\t\t\t\t\t\t<\/div>\n\t\t\t\t<\/div>\n\t\t\t\t\t<\/div>\n\t\t<\/div>\n\t\t\t\t\t<\/div>\n\t\t<\/section>\n\t\t\t\t<\/div>\n\t\t<\/div><div class=\"jet-listing-grid__item jet-listing-dynamic-post-3259 jet-equal-columns\" data-post-id=\"3259\" >\t\t<div data-elementor-type=\"jet-listing-items\" data-elementor-id=\"524\" class=\"elementor elementor-524\" data-elementor-post-type=\"jet-engine\">\n\t\t\t\t\t\t<section class=\"elementor-section elementor-top-section elementor-element elementor-element-ef0c760 elementor-section-content-middle elementor-section-boxed elementor-section-height-default elementor-section-height-default\" data-id=\"ef0c760\" data-element_type=\"section\" data-e-type=\"section\" data-settings=\"{&quot;background_background&quot;:&quot;classic&quot;}\">\n\t\t\t\t\t\t<div class=\"elementor-container elementor-column-gap-default\">\n\t\t\t\t\t<div class=\"elementor-column elementor-col-50 elementor-top-column elementor-element elementor-element-f3770a2\" data-id=\"f3770a2\" data-element_type=\"column\" data-e-type=\"column\">\n\t\t\t<div class=\"elementor-widget-wrap elementor-element-populated\">\n\t\t\t\t\t\t<div class=\"elementor-element elementor-element-6788ee3 elementor-widget__width-auto elementor-widget elementor-widget-theme-post-title elementor-page-title elementor-widget-heading\" data-id=\"6788ee3\" data-element_type=\"widget\" data-e-type=\"widget\" data-widget_type=\"theme-post-title.default\">\n\t\t\t\t<div class=\"elementor-widget-container\">\n\t\t\t\t\t<h5 class=\"elementor-heading-title elementor-size-default\"><a href=\"https:\/\/www.expertservicecar.com\/pt-pt\/taller\/taller-jordi-carreras\/\">Taller Jordi Carreras<\/a><\/h5>\t\t\t\t<\/div>\n\t\t\t\t<\/div>\n\t\t\t\t<section class=\"elementor-section elementor-inner-section elementor-element elementor-element-dcd0ceb elementor-section-boxed elementor-section-height-default elementor-section-height-default\" data-id=\"dcd0ceb\" data-element_type=\"section\" data-e-type=\"section\">\n\t\t\t\t\t\t<div class=\"elementor-container elementor-column-gap-default\">\n\t\t\t\t\t<div class=\"elementor-column elementor-col-100 elementor-inner-column elementor-element elementor-element-aed0068\" data-id=\"aed0068\" data-element_type=\"column\" data-e-type=\"column\">\n\t\t\t<div class=\"elementor-widget-wrap elementor-element-populated\">\n\t\t\t\t\t\t<div class=\"elementor-element elementor-element-601cf1d elementor-widget__width-auto elementor-widget-mobile__width-auto elementor-widget elementor-widget-jet-listing-dynamic-field\" data-id=\"601cf1d\" data-element_type=\"widget\" data-e-type=\"widget\" data-widget_type=\"jet-listing-dynamic-field.default\">\n\t\t\t\t<div class=\"elementor-widget-container\">\n\t\t\t\t\t<div class=\"jet-listing jet-listing-dynamic-field display-inline\"><div class=\"jet-listing-dynamic-field__inline-wrap\"><span class=\"jet-listing-dynamic-field__content\"><p>Ctra. Antiga d'Amer, 12<br \/>\n17007 Girona<\/p>\n<\/span><\/div><\/div>\t\t\t\t<\/div>\n\t\t\t\t<\/div>\n\t\t\t\t<div class=\"elementor-element elementor-element-1898eca elementor-widget elementor-widget-jet-listing-dynamic-link\" data-id=\"1898eca\" data-element_type=\"widget\" data-e-type=\"widget\" data-widget_type=\"jet-listing-dynamic-link.default\">\n\t\t\t\t<div class=\"elementor-widget-container\">\n\t\t\t\t\t<span class=\"jet-listing jet-listing-dynamic-link\"><a href=\"tel:+34 972 213 710\" class=\"jet-listing-dynamic-link__link\"><i class=\"jet-listing-dynamic-link__icon fas fa-phone-alt\" aria-hidden=\"true\"><\/i><span class=\"jet-listing-dynamic-link__label\">+34 972 213 710<\/span><\/a><\/span>\t\t\t\t<\/div>\n\t\t\t\t<\/div>\n\t\t\t\t\t<\/div>\n\t\t<\/div>\n\t\t\t\t\t<\/div>\n\t\t<\/section>\n\t\t\t\t\t<\/div>\n\t\t<\/div>\n\t\t\t\t<div class=\"elementor-column elementor-col-50 elementor-top-column elementor-element elementor-element-bb24a8e\" data-id=\"bb24a8e\" data-element_type=\"column\" data-e-type=\"column\">\n\t\t\t<div class=\"elementor-widget-wrap elementor-element-populated\">\n\t\t\t\t\t\t<div class=\"elementor-element elementor-element-b78d0e4 elementor-widget elementor-widget-image\" data-id=\"b78d0e4\" data-element_type=\"widget\" data-e-type=\"widget\" data-widget_type=\"image.default\">\n\t\t\t\t<div class=\"elementor-widget-container\">\n\t\t\t\t\t\t\t\t\t\t\t\t\t\t\t\t<a href=\"https:\/\/www.expertservicecar.com\/pt-pt\/taller\/taller-jordi-carreras\/\">\n\t\t\t\t\t\t\t<img loading=\"lazy\" decoding=\"async\" width=\"300\" height=\"231\" src=\"https:\/\/www.expertservicecar.com\/wp-content\/uploads\/2021\/06\/taller-jordi-carreras-01-300x231.jpg\" class=\"attachment-medium size-medium wp-image-3260\" alt=\"Taller Jordi Carreras\" srcset=\"https:\/\/www.expertservicecar.com\/wp-content\/uploads\/2021\/06\/taller-jordi-carreras-01-300x231.jpg 300w, https:\/\/www.expertservicecar.com\/wp-content\/uploads\/2021\/06\/taller-jordi-carreras-01-768x591.jpg 768w, https:\/\/www.expertservicecar.com\/wp-content\/uploads\/2021\/06\/taller-jordi-carreras-01-600x462.jpg 600w, https:\/\/www.expertservicecar.com\/wp-content\/uploads\/2021\/06\/taller-jordi-carreras-01.jpg 900w\" sizes=\"(max-width: 300px) 100vw, 300px\" title=\"\">\t\t\t\t\t\t\t\t<\/a>\n\t\t\t\t\t\t\t\t\t\t\t\t\t\t\t<\/div>\n\t\t\t\t<\/div>\n\t\t\t\t\t<\/div>\n\t\t<\/div>\n\t\t\t\t\t<\/div>\n\t\t<\/section>\n\t\t\t\t<\/div>\n\t\t<\/div><div class=\"jet-listing-grid__item jet-listing-dynamic-post-5983 jet-equal-columns\" data-post-id=\"5983\" >\t\t<div data-elementor-type=\"jet-listing-items\" data-elementor-id=\"524\" class=\"elementor elementor-524\" data-elementor-post-type=\"jet-engine\">\n\t\t\t\t\t\t<section class=\"elementor-section elementor-top-section elementor-element elementor-element-ef0c760 elementor-section-content-middle elementor-section-boxed elementor-section-height-default elementor-section-height-default\" data-id=\"ef0c760\" data-element_type=\"section\" data-e-type=\"section\" data-settings=\"{&quot;background_background&quot;:&quot;classic&quot;}\">\n\t\t\t\t\t\t<div class=\"elementor-container elementor-column-gap-default\">\n\t\t\t\t\t<div class=\"elementor-column elementor-col-50 elementor-top-column elementor-element elementor-element-f3770a2\" data-id=\"f3770a2\" data-element_type=\"column\" data-e-type=\"column\">\n\t\t\t<div class=\"elementor-widget-wrap elementor-element-populated\">\n\t\t\t\t\t\t<div class=\"elementor-element elementor-element-6788ee3 elementor-widget__width-auto elementor-widget elementor-widget-theme-post-title elementor-page-title elementor-widget-heading\" data-id=\"6788ee3\" data-element_type=\"widget\" data-e-type=\"widget\" data-widget_type=\"theme-post-title.default\">\n\t\t\t\t<div class=\"elementor-widget-container\">\n\t\t\t\t\t<h5 class=\"elementor-heading-title elementor-size-default\"><a href=\"https:\/\/www.expertservicecar.com\/pt-pt\/taller\/taller-jose-a-fortuoso\/\">Taller Jose A. Fortuoso<\/a><\/h5>\t\t\t\t<\/div>\n\t\t\t\t<\/div>\n\t\t\t\t<section class=\"elementor-section elementor-inner-section elementor-element elementor-element-dcd0ceb elementor-section-boxed elementor-section-height-default elementor-section-height-default\" data-id=\"dcd0ceb\" data-element_type=\"section\" data-e-type=\"section\">\n\t\t\t\t\t\t<div class=\"elementor-container elementor-column-gap-default\">\n\t\t\t\t\t<div class=\"elementor-column elementor-col-100 elementor-inner-column elementor-element elementor-element-aed0068\" data-id=\"aed0068\" data-element_type=\"column\" data-e-type=\"column\">\n\t\t\t<div class=\"elementor-widget-wrap elementor-element-populated\">\n\t\t\t\t\t\t<div class=\"elementor-element elementor-element-601cf1d elementor-widget__width-auto elementor-widget-mobile__width-auto elementor-widget elementor-widget-jet-listing-dynamic-field\" data-id=\"601cf1d\" data-element_type=\"widget\" data-e-type=\"widget\" data-widget_type=\"jet-listing-dynamic-field.default\">\n\t\t\t\t<div class=\"elementor-widget-container\">\n\t\t\t\t\t<div class=\"jet-listing jet-listing-dynamic-field display-inline\"><div class=\"jet-listing-dynamic-field__inline-wrap\"><span class=\"jet-listing-dynamic-field__content\"><p>Pol\u00edgono Industrial Toro Norte, 0 S\/N Parcela 5 - E<br \/>\n49800 Toro<br \/>\nZamora<\/p>\n<\/span><\/div><\/div>\t\t\t\t<\/div>\n\t\t\t\t<\/div>\n\t\t\t\t<div class=\"elementor-element elementor-element-1898eca elementor-widget elementor-widget-jet-listing-dynamic-link\" data-id=\"1898eca\" data-element_type=\"widget\" data-e-type=\"widget\" data-widget_type=\"jet-listing-dynamic-link.default\">\n\t\t\t\t<div class=\"elementor-widget-container\">\n\t\t\t\t\t<span class=\"jet-listing jet-listing-dynamic-link\"><a href=\"tel:980693296\" class=\"jet-listing-dynamic-link__link\"><i class=\"jet-listing-dynamic-link__icon fas fa-phone-alt\" aria-hidden=\"true\"><\/i><span class=\"jet-listing-dynamic-link__label\">980693296<\/span><\/a><\/span>\t\t\t\t<\/div>\n\t\t\t\t<\/div>\n\t\t\t\t\t<\/div>\n\t\t<\/div>\n\t\t\t\t\t<\/div>\n\t\t<\/section>\n\t\t\t\t\t<\/div>\n\t\t<\/div>\n\t\t\t\t<div class=\"elementor-column elementor-col-50 elementor-top-column elementor-element elementor-element-bb24a8e\" data-id=\"bb24a8e\" data-element_type=\"column\" data-e-type=\"column\">\n\t\t\t<div class=\"elementor-widget-wrap elementor-element-populated\">\n\t\t\t\t\t\t<div class=\"elementor-element elementor-element-b78d0e4 elementor-widget elementor-widget-image\" data-id=\"b78d0e4\" data-element_type=\"widget\" data-e-type=\"widget\" data-widget_type=\"image.default\">\n\t\t\t\t<div class=\"elementor-widget-container\">\n\t\t\t\t\t\t\t\t\t\t\t\t\t\t\t\t<a href=\"https:\/\/www.expertservicecar.com\/pt-pt\/taller\/taller-jose-a-fortuoso\/\">\n\t\t\t\t\t\t\t<img loading=\"lazy\" decoding=\"async\" width=\"300\" height=\"217\" src=\"https:\/\/www.expertservicecar.com\/wp-content\/uploads\/2021\/12\/exterior_1874_jose_a._fortuoso_1635354365486_original-copia-300x217.jpg\" class=\"attachment-medium size-medium wp-image-5986\" alt=\"\" srcset=\"https:\/\/www.expertservicecar.com\/wp-content\/uploads\/2021\/12\/exterior_1874_jose_a._fortuoso_1635354365486_original-copia-300x217.jpg 300w, https:\/\/www.expertservicecar.com\/wp-content\/uploads\/2021\/12\/exterior_1874_jose_a._fortuoso_1635354365486_original-copia-1024x739.jpg 1024w, https:\/\/www.expertservicecar.com\/wp-content\/uploads\/2021\/12\/exterior_1874_jose_a._fortuoso_1635354365486_original-copia-768x554.jpg 768w, https:\/\/www.expertservicecar.com\/wp-content\/uploads\/2021\/12\/exterior_1874_jose_a._fortuoso_1635354365486_original-copia-1536x1109.jpg 1536w, https:\/\/www.expertservicecar.com\/wp-content\/uploads\/2021\/12\/exterior_1874_jose_a._fortuoso_1635354365486_original-copia-600x433.jpg 600w, https:\/\/www.expertservicecar.com\/wp-content\/uploads\/2021\/12\/exterior_1874_jose_a._fortuoso_1635354365486_original-copia.jpg 1600w\" sizes=\"(max-width: 300px) 100vw, 300px\" title=\"\">\t\t\t\t\t\t\t\t<\/a>\n\t\t\t\t\t\t\t\t\t\t\t\t\t\t\t<\/div>\n\t\t\t\t<\/div>\n\t\t\t\t\t<\/div>\n\t\t<\/div>\n\t\t\t\t\t<\/div>\n\t\t<\/section>\n\t\t\t\t<\/div>\n\t\t<\/div><div class=\"jet-listing-grid__item jet-listing-dynamic-post-5468 jet-equal-columns\" data-post-id=\"5468\" >\t\t<div data-elementor-type=\"jet-listing-items\" data-elementor-id=\"524\" class=\"elementor elementor-524\" data-elementor-post-type=\"jet-engine\">\n\t\t\t\t\t\t<section class=\"elementor-section elementor-top-section elementor-element elementor-element-ef0c760 elementor-section-content-middle elementor-section-boxed elementor-section-height-default elementor-section-height-default\" data-id=\"ef0c760\" data-element_type=\"section\" data-e-type=\"section\" data-settings=\"{&quot;background_background&quot;:&quot;classic&quot;}\">\n\t\t\t\t\t\t<div class=\"elementor-container elementor-column-gap-default\">\n\t\t\t\t\t<div class=\"elementor-column elementor-col-50 elementor-top-column elementor-element elementor-element-f3770a2\" data-id=\"f3770a2\" data-element_type=\"column\" data-e-type=\"column\">\n\t\t\t<div class=\"elementor-widget-wrap elementor-element-populated\">\n\t\t\t\t\t\t<div class=\"elementor-element elementor-element-6788ee3 elementor-widget__width-auto elementor-widget elementor-widget-theme-post-title elementor-page-title elementor-widget-heading\" data-id=\"6788ee3\" data-element_type=\"widget\" data-e-type=\"widget\" data-widget_type=\"theme-post-title.default\">\n\t\t\t\t<div class=\"elementor-widget-container\">\n\t\t\t\t\t<h5 class=\"elementor-heading-title elementor-size-default\"><a href=\"https:\/\/www.expertservicecar.com\/pt-pt\/taller\/taller-lopez-motor\/\">Taller L\u00f3pez Motor<\/a><\/h5>\t\t\t\t<\/div>\n\t\t\t\t<\/div>\n\t\t\t\t<section class=\"elementor-section elementor-inner-section elementor-element elementor-element-dcd0ceb elementor-section-boxed elementor-section-height-default elementor-section-height-default\" data-id=\"dcd0ceb\" data-element_type=\"section\" data-e-type=\"section\">\n\t\t\t\t\t\t<div class=\"elementor-container elementor-column-gap-default\">\n\t\t\t\t\t<div class=\"elementor-column elementor-col-100 elementor-inner-column elementor-element elementor-element-aed0068\" data-id=\"aed0068\" data-element_type=\"column\" data-e-type=\"column\">\n\t\t\t<div class=\"elementor-widget-wrap elementor-element-populated\">\n\t\t\t\t\t\t<div class=\"elementor-element elementor-element-601cf1d elementor-widget__width-auto elementor-widget-mobile__width-auto elementor-widget elementor-widget-jet-listing-dynamic-field\" data-id=\"601cf1d\" data-element_type=\"widget\" data-e-type=\"widget\" data-widget_type=\"jet-listing-dynamic-field.default\">\n\t\t\t\t<div class=\"elementor-widget-container\">\n\t\t\t\t\t<div class=\"jet-listing jet-listing-dynamic-field display-inline\"><div class=\"jet-listing-dynamic-field__inline-wrap\"><span class=\"jet-listing-dynamic-field__content\"><p>C. Delta del Misisipi, 5,<br \/>\n30385 Los Belones,<br \/>\nMurcia<\/p>\n<\/span><\/div><\/div>\t\t\t\t<\/div>\n\t\t\t\t<\/div>\n\t\t\t\t<div class=\"elementor-element elementor-element-1898eca elementor-widget elementor-widget-jet-listing-dynamic-link\" data-id=\"1898eca\" data-element_type=\"widget\" data-e-type=\"widget\" data-widget_type=\"jet-listing-dynamic-link.default\">\n\t\t\t\t<div class=\"elementor-widget-container\">\n\t\t\t\t\t<span class=\"jet-listing jet-listing-dynamic-link\"><a href=\"tel:968569328\" class=\"jet-listing-dynamic-link__link\"><i class=\"jet-listing-dynamic-link__icon fas fa-phone-alt\" aria-hidden=\"true\"><\/i><span class=\"jet-listing-dynamic-link__label\">968569328<\/span><\/a><\/span>\t\t\t\t<\/div>\n\t\t\t\t<\/div>\n\t\t\t\t<div class=\"elementor-element elementor-element-0329474 elementor-hidden-phone elementor-widget elementor-widget-jet-listing-dynamic-link\" data-id=\"0329474\" data-element_type=\"widget\" data-e-type=\"widget\" data-widget_type=\"jet-listing-dynamic-link.default\">\n\t\t\t\t<div class=\"elementor-widget-container\">\n\t\t\t\t\t<span class=\"jet-listing jet-listing-dynamic-link\"><a href=\"tel:626919149\" class=\"jet-listing-dynamic-link__link\"><i class=\"jet-listing-dynamic-link__icon oi oi-phone\" aria-hidden=\"true\"><\/i><span class=\"jet-listing-dynamic-link__label\">626919149<\/span><\/a><\/span>\t\t\t\t<\/div>\n\t\t\t\t<\/div>\n\t\t\t\t\t<\/div>\n\t\t<\/div>\n\t\t\t\t\t<\/div>\n\t\t<\/section>\n\t\t\t\t\t<\/div>\n\t\t<\/div>\n\t\t\t\t<div class=\"elementor-column elementor-col-50 elementor-top-column elementor-element elementor-element-bb24a8e\" data-id=\"bb24a8e\" data-element_type=\"column\" data-e-type=\"column\">\n\t\t\t<div class=\"elementor-widget-wrap elementor-element-populated\">\n\t\t\t\t\t\t<div class=\"elementor-element elementor-element-b78d0e4 elementor-widget elementor-widget-image\" data-id=\"b78d0e4\" data-element_type=\"widget\" data-e-type=\"widget\" data-widget_type=\"image.default\">\n\t\t\t\t<div class=\"elementor-widget-container\">\n\t\t\t\t\t\t\t\t\t\t\t\t\t\t\t\t<a href=\"https:\/\/www.expertservicecar.com\/pt-pt\/taller\/taller-lopez-motor\/\">\n\t\t\t\t\t\t\t<img loading=\"lazy\" decoding=\"async\" width=\"300\" height=\"231\" src=\"https:\/\/www.expertservicecar.com\/wp-content\/uploads\/2021\/08\/exterior_511_lopez_motor_whatsapp_image_2021-07-02_at_10.21.47_original-300x231.jpg\" class=\"attachment-medium size-medium wp-image-5533\" alt=\"lopez motor exterior\" srcset=\"https:\/\/www.expertservicecar.com\/wp-content\/uploads\/2021\/08\/exterior_511_lopez_motor_whatsapp_image_2021-07-02_at_10.21.47_original-300x231.jpg 300w, https:\/\/www.expertservicecar.com\/wp-content\/uploads\/2021\/08\/exterior_511_lopez_motor_whatsapp_image_2021-07-02_at_10.21.47_original-1024x789.jpg 1024w, https:\/\/www.expertservicecar.com\/wp-content\/uploads\/2021\/08\/exterior_511_lopez_motor_whatsapp_image_2021-07-02_at_10.21.47_original-768x592.jpg 768w, https:\/\/www.expertservicecar.com\/wp-content\/uploads\/2021\/08\/exterior_511_lopez_motor_whatsapp_image_2021-07-02_at_10.21.47_original-600x462.jpg 600w, https:\/\/www.expertservicecar.com\/wp-content\/uploads\/2021\/08\/exterior_511_lopez_motor_whatsapp_image_2021-07-02_at_10.21.47_original.jpg 1167w\" sizes=\"(max-width: 300px) 100vw, 300px\" title=\"\">\t\t\t\t\t\t\t\t<\/a>\n\t\t\t\t\t\t\t\t\t\t\t\t\t\t\t<\/div>\n\t\t\t\t<\/div>\n\t\t\t\t\t<\/div>\n\t\t<\/div>\n\t\t\t\t\t<\/div>\n\t\t<\/section>\n\t\t\t\t<\/div>\n\t\t<\/div><div class=\"jet-listing-grid__item jet-listing-dynamic-post-1227 jet-equal-columns\" data-post-id=\"1227\" >\t\t<div data-elementor-type=\"jet-listing-items\" data-elementor-id=\"524\" class=\"elementor elementor-524\" data-elementor-post-type=\"jet-engine\">\n\t\t\t\t\t\t<section class=\"elementor-section elementor-top-section elementor-element elementor-element-ef0c760 elementor-section-content-middle elementor-section-boxed elementor-section-height-default elementor-section-height-default\" data-id=\"ef0c760\" data-element_type=\"section\" data-e-type=\"section\" data-settings=\"{&quot;background_background&quot;:&quot;classic&quot;}\">\n\t\t\t\t\t\t<div class=\"elementor-container elementor-column-gap-default\">\n\t\t\t\t\t<div class=\"elementor-column elementor-col-50 elementor-top-column elementor-element elementor-element-f3770a2\" data-id=\"f3770a2\" data-element_type=\"column\" data-e-type=\"column\">\n\t\t\t<div class=\"elementor-widget-wrap elementor-element-populated\">\n\t\t\t\t\t\t<div class=\"elementor-element elementor-element-6788ee3 elementor-widget__width-auto elementor-widget elementor-widget-theme-post-title elementor-page-title elementor-widget-heading\" data-id=\"6788ee3\" data-element_type=\"widget\" data-e-type=\"widget\" data-widget_type=\"theme-post-title.default\">\n\t\t\t\t<div class=\"elementor-widget-container\">\n\t\t\t\t\t<h5 class=\"elementor-heading-title elementor-size-default\"><a href=\"https:\/\/www.expertservicecar.com\/pt-pt\/taller\/taller-mecanico-el-regueron\/\">Taller Mec\u00e1nico El Reguer\u00f3n<\/a><\/h5>\t\t\t\t<\/div>\n\t\t\t\t<\/div>\n\t\t\t\t<section class=\"elementor-section elementor-inner-section elementor-element elementor-element-dcd0ceb elementor-section-boxed elementor-section-height-default elementor-section-height-default\" data-id=\"dcd0ceb\" data-element_type=\"section\" data-e-type=\"section\">\n\t\t\t\t\t\t<div class=\"elementor-container elementor-column-gap-default\">\n\t\t\t\t\t<div class=\"elementor-column elementor-col-100 elementor-inner-column elementor-element elementor-element-aed0068\" data-id=\"aed0068\" data-element_type=\"column\" data-e-type=\"column\">\n\t\t\t<div class=\"elementor-widget-wrap elementor-element-populated\">\n\t\t\t\t\t\t<div class=\"elementor-element elementor-element-601cf1d elementor-widget__width-auto elementor-widget-mobile__width-auto elementor-widget elementor-widget-jet-listing-dynamic-field\" data-id=\"601cf1d\" data-element_type=\"widget\" data-e-type=\"widget\" data-widget_type=\"jet-listing-dynamic-field.default\">\n\t\t\t\t<div class=\"elementor-widget-container\">\n\t\t\t\t\t<div class=\"jet-listing jet-listing-dynamic-field display-inline\"><div class=\"jet-listing-dynamic-field__inline-wrap\"><span class=\"jet-listing-dynamic-field__content\"><p>Carretera de Pelugano<br \/>\n33686 Levinco<br \/>\nAsturias<\/p>\n<\/span><\/div><\/div>\t\t\t\t<\/div>\n\t\t\t\t<\/div>\n\t\t\t\t<div class=\"elementor-element elementor-element-1898eca elementor-widget elementor-widget-jet-listing-dynamic-link\" data-id=\"1898eca\" data-element_type=\"widget\" data-e-type=\"widget\" data-widget_type=\"jet-listing-dynamic-link.default\">\n\t\t\t\t<div class=\"elementor-widget-container\">\n\t\t\t\t\t<span class=\"jet-listing jet-listing-dynamic-link\"><a href=\"tel:+34 98 5487504\" class=\"jet-listing-dynamic-link__link\"><i class=\"jet-listing-dynamic-link__icon fas fa-phone-alt\" aria-hidden=\"true\"><\/i><span class=\"jet-listing-dynamic-link__label\">+34 98 5487504<\/span><\/a><\/span>\t\t\t\t<\/div>\n\t\t\t\t<\/div>\n\t\t\t\t\t<\/div>\n\t\t<\/div>\n\t\t\t\t\t<\/div>\n\t\t<\/section>\n\t\t\t\t\t<\/div>\n\t\t<\/div>\n\t\t\t\t<div class=\"elementor-column elementor-col-50 elementor-top-column elementor-element elementor-element-bb24a8e\" data-id=\"bb24a8e\" data-element_type=\"column\" data-e-type=\"column\">\n\t\t\t<div class=\"elementor-widget-wrap elementor-element-populated\">\n\t\t\t\t\t\t<div class=\"elementor-element elementor-element-b78d0e4 elementor-widget elementor-widget-image\" data-id=\"b78d0e4\" data-element_type=\"widget\" data-e-type=\"widget\" data-widget_type=\"image.default\">\n\t\t\t\t<div class=\"elementor-widget-container\">\n\t\t\t\t\t\t\t\t\t\t\t\t\t\t\t\t<a href=\"https:\/\/www.expertservicecar.com\/pt-pt\/taller\/taller-mecanico-el-regueron\/\">\n\t\t\t\t\t\t\t<img loading=\"lazy\" decoding=\"async\" width=\"300\" height=\"231\" src=\"https:\/\/www.expertservicecar.com\/wp-content\/uploads\/2021\/04\/taller-mecanico-el-regueron-300x231.jpg\" class=\"attachment-medium size-medium wp-image-1228\" alt=\"Taller Mec\u00e1nico El Reguer\u00f3n\" srcset=\"https:\/\/www.expertservicecar.com\/wp-content\/uploads\/2021\/04\/taller-mecanico-el-regueron-300x231.jpg 300w, https:\/\/www.expertservicecar.com\/wp-content\/uploads\/2021\/04\/taller-mecanico-el-regueron-768x591.jpg 768w, https:\/\/www.expertservicecar.com\/wp-content\/uploads\/2021\/04\/taller-mecanico-el-regueron.jpg 900w\" sizes=\"(max-width: 300px) 100vw, 300px\" title=\"\">\t\t\t\t\t\t\t\t<\/a>\n\t\t\t\t\t\t\t\t\t\t\t\t\t\t\t<\/div>\n\t\t\t\t<\/div>\n\t\t\t\t\t<\/div>\n\t\t<\/div>\n\t\t\t\t\t<\/div>\n\t\t<\/section>\n\t\t\t\t<\/div>\n\t\t<\/div><div class=\"jet-listing-grid__item jet-listing-dynamic-post-6001 jet-equal-columns\" data-post-id=\"6001\" >\t\t<div data-elementor-type=\"jet-listing-items\" data-elementor-id=\"524\" class=\"elementor elementor-524\" data-elementor-post-type=\"jet-engine\">\n\t\t\t\t\t\t<section class=\"elementor-section elementor-top-section elementor-element elementor-element-ef0c760 elementor-section-content-middle elementor-section-boxed elementor-section-height-default elementor-section-height-default\" data-id=\"ef0c760\" data-element_type=\"section\" data-e-type=\"section\" data-settings=\"{&quot;background_background&quot;:&quot;classic&quot;}\">\n\t\t\t\t\t\t<div class=\"elementor-container elementor-column-gap-default\">\n\t\t\t\t\t<div class=\"elementor-column elementor-col-50 elementor-top-column elementor-element elementor-element-f3770a2\" data-id=\"f3770a2\" data-element_type=\"column\" data-e-type=\"column\">\n\t\t\t<div class=\"elementor-widget-wrap elementor-element-populated\">\n\t\t\t\t\t\t<div class=\"elementor-element elementor-element-6788ee3 elementor-widget__width-auto elementor-widget elementor-widget-theme-post-title elementor-page-title elementor-widget-heading\" data-id=\"6788ee3\" data-element_type=\"widget\" data-e-type=\"widget\" data-widget_type=\"theme-post-title.default\">\n\t\t\t\t<div class=\"elementor-widget-container\">\n\t\t\t\t\t<h5 class=\"elementor-heading-title elementor-size-default\"><a href=\"https:\/\/www.expertservicecar.com\/pt-pt\/taller\/taller-p-j-autocarsa\/\">Taller P.J. Autocarsa<\/a><\/h5>\t\t\t\t<\/div>\n\t\t\t\t<\/div>\n\t\t\t\t<section class=\"elementor-section elementor-inner-section elementor-element elementor-element-dcd0ceb elementor-section-boxed elementor-section-height-default elementor-section-height-default\" data-id=\"dcd0ceb\" data-element_type=\"section\" data-e-type=\"section\">\n\t\t\t\t\t\t<div class=\"elementor-container elementor-column-gap-default\">\n\t\t\t\t\t<div class=\"elementor-column elementor-col-100 elementor-inner-column elementor-element elementor-element-aed0068\" data-id=\"aed0068\" data-element_type=\"column\" data-e-type=\"column\">\n\t\t\t<div class=\"elementor-widget-wrap elementor-element-populated\">\n\t\t\t\t\t\t<div class=\"elementor-element elementor-element-601cf1d elementor-widget__width-auto elementor-widget-mobile__width-auto elementor-widget elementor-widget-jet-listing-dynamic-field\" data-id=\"601cf1d\" data-element_type=\"widget\" data-e-type=\"widget\" data-widget_type=\"jet-listing-dynamic-field.default\">\n\t\t\t\t<div class=\"elementor-widget-container\">\n\t\t\t\t\t<div class=\"jet-listing jet-listing-dynamic-field display-inline\"><div class=\"jet-listing-dynamic-field__inline-wrap\"><span class=\"jet-listing-dynamic-field__content\"><p>C\/ Madrid, 18. Nave 2<br \/>\n28813 Torres de la Alameda<br \/>\nMadrid<\/p>\n<\/span><\/div><\/div>\t\t\t\t<\/div>\n\t\t\t\t<\/div>\n\t\t\t\t<div class=\"elementor-element elementor-element-1898eca elementor-widget elementor-widget-jet-listing-dynamic-link\" data-id=\"1898eca\" data-element_type=\"widget\" data-e-type=\"widget\" data-widget_type=\"jet-listing-dynamic-link.default\">\n\t\t\t\t<div class=\"elementor-widget-container\">\n\t\t\t\t\t<span class=\"jet-listing jet-listing-dynamic-link\"><a href=\"tel:918868443\" class=\"jet-listing-dynamic-link__link\"><i class=\"jet-listing-dynamic-link__icon fas fa-phone-alt\" aria-hidden=\"true\"><\/i><span class=\"jet-listing-dynamic-link__label\">918868443<\/span><\/a><\/span>\t\t\t\t<\/div>\n\t\t\t\t<\/div>\n\t\t\t\t<div class=\"elementor-element elementor-element-0329474 elementor-hidden-phone elementor-widget elementor-widget-jet-listing-dynamic-link\" data-id=\"0329474\" data-element_type=\"widget\" data-e-type=\"widget\" data-widget_type=\"jet-listing-dynamic-link.default\">\n\t\t\t\t<div class=\"elementor-widget-container\">\n\t\t\t\t\t<span class=\"jet-listing jet-listing-dynamic-link\"><a href=\"tel:637103477\" class=\"jet-listing-dynamic-link__link\"><i class=\"jet-listing-dynamic-link__icon oi oi-phone\" aria-hidden=\"true\"><\/i><span class=\"jet-listing-dynamic-link__label\">637103477<\/span><\/a><\/span>\t\t\t\t<\/div>\n\t\t\t\t<\/div>\n\t\t\t\t\t<\/div>\n\t\t<\/div>\n\t\t\t\t\t<\/div>\n\t\t<\/section>\n\t\t\t\t\t<\/div>\n\t\t<\/div>\n\t\t\t\t<div class=\"elementor-column elementor-col-50 elementor-top-column elementor-element elementor-element-bb24a8e\" data-id=\"bb24a8e\" data-element_type=\"column\" data-e-type=\"column\">\n\t\t\t<div class=\"elementor-widget-wrap elementor-element-populated\">\n\t\t\t\t\t\t<div class=\"elementor-element elementor-element-b78d0e4 elementor-widget elementor-widget-image\" data-id=\"b78d0e4\" data-element_type=\"widget\" data-e-type=\"widget\" data-widget_type=\"image.default\">\n\t\t\t\t<div class=\"elementor-widget-container\">\n\t\t\t\t\t\t\t\t\t\t\t\t\t\t\t\t<a href=\"https:\/\/www.expertservicecar.com\/pt-pt\/taller\/taller-p-j-autocarsa\/\">\n\t\t\t\t\t\t\t<img loading=\"lazy\" decoding=\"async\" width=\"300\" height=\"217\" src=\"https:\/\/www.expertservicecar.com\/wp-content\/uploads\/2021\/12\/exterior_1937_pj_autocarsa_img-20211126-wa00021_original-copia-300x217.jpg\" class=\"attachment-medium size-medium wp-image-6002\" alt=\"\" srcset=\"https:\/\/www.expertservicecar.com\/wp-content\/uploads\/2021\/12\/exterior_1937_pj_autocarsa_img-20211126-wa00021_original-copia-300x217.jpg 300w, https:\/\/www.expertservicecar.com\/wp-content\/uploads\/2021\/12\/exterior_1937_pj_autocarsa_img-20211126-wa00021_original-copia-768x555.jpg 768w, https:\/\/www.expertservicecar.com\/wp-content\/uploads\/2021\/12\/exterior_1937_pj_autocarsa_img-20211126-wa00021_original-copia-600x433.jpg 600w, https:\/\/www.expertservicecar.com\/wp-content\/uploads\/2021\/12\/exterior_1937_pj_autocarsa_img-20211126-wa00021_original-copia.jpg 998w\" sizes=\"(max-width: 300px) 100vw, 300px\" title=\"\">\t\t\t\t\t\t\t\t<\/a>\n\t\t\t\t\t\t\t\t\t\t\t\t\t\t\t<\/div>\n\t\t\t\t<\/div>\n\t\t\t\t\t<\/div>\n\t\t<\/div>\n\t\t\t\t\t<\/div>\n\t\t<\/section>\n\t\t\t\t<\/div>\n\t\t<\/div><div class=\"jet-listing-grid__item jet-listing-dynamic-post-6962 jet-equal-columns\" data-post-id=\"6962\" >\t\t<div data-elementor-type=\"jet-listing-items\" data-elementor-id=\"524\" class=\"elementor elementor-524\" data-elementor-post-type=\"jet-engine\">\n\t\t\t\t\t\t<section class=\"elementor-section elementor-top-section elementor-element elementor-element-ef0c760 elementor-section-content-middle elementor-section-boxed elementor-section-height-default elementor-section-height-default\" data-id=\"ef0c760\" data-element_type=\"section\" data-e-type=\"section\" data-settings=\"{&quot;background_background&quot;:&quot;classic&quot;}\">\n\t\t\t\t\t\t<div class=\"elementor-container elementor-column-gap-default\">\n\t\t\t\t\t<div class=\"elementor-column elementor-col-50 elementor-top-column elementor-element elementor-element-f3770a2\" data-id=\"f3770a2\" data-element_type=\"column\" data-e-type=\"column\">\n\t\t\t<div class=\"elementor-widget-wrap elementor-element-populated\">\n\t\t\t\t\t\t<div class=\"elementor-element elementor-element-6788ee3 elementor-widget__width-auto elementor-widget elementor-widget-theme-post-title elementor-page-title elementor-widget-heading\" data-id=\"6788ee3\" data-element_type=\"widget\" data-e-type=\"widget\" data-widget_type=\"theme-post-title.default\">\n\t\t\t\t<div class=\"elementor-widget-container\">\n\t\t\t\t\t<h5 class=\"elementor-heading-title elementor-size-default\"><a href=\"https:\/\/www.expertservicecar.com\/pt-pt\/taller\/taller-san-martin\/\">Taller San Mart\u00edn<\/a><\/h5>\t\t\t\t<\/div>\n\t\t\t\t<\/div>\n\t\t\t\t<section class=\"elementor-section elementor-inner-section elementor-element elementor-element-dcd0ceb elementor-section-boxed elementor-section-height-default elementor-section-height-default\" data-id=\"dcd0ceb\" data-element_type=\"section\" data-e-type=\"section\">\n\t\t\t\t\t\t<div class=\"elementor-container elementor-column-gap-default\">\n\t\t\t\t\t<div class=\"elementor-column elementor-col-100 elementor-inner-column elementor-element elementor-element-aed0068\" data-id=\"aed0068\" data-element_type=\"column\" data-e-type=\"column\">\n\t\t\t<div class=\"elementor-widget-wrap elementor-element-populated\">\n\t\t\t\t\t\t<div class=\"elementor-element elementor-element-601cf1d elementor-widget__width-auto elementor-widget-mobile__width-auto elementor-widget elementor-widget-jet-listing-dynamic-field\" data-id=\"601cf1d\" data-element_type=\"widget\" data-e-type=\"widget\" data-widget_type=\"jet-listing-dynamic-field.default\">\n\t\t\t\t<div class=\"elementor-widget-container\">\n\t\t\t\t\t<div class=\"jet-listing jet-listing-dynamic-field display-inline\"><div class=\"jet-listing-dynamic-field__inline-wrap\"><span class=\"jet-listing-dynamic-field__content\"><p>Av, Tarragona n 73, AD500 Andorra la Vella, Andorra<\/p>\n<\/span><\/div><\/div>\t\t\t\t<\/div>\n\t\t\t\t<\/div>\n\t\t\t\t<div class=\"elementor-element elementor-element-1898eca elementor-widget elementor-widget-jet-listing-dynamic-link\" data-id=\"1898eca\" data-element_type=\"widget\" data-e-type=\"widget\" data-widget_type=\"jet-listing-dynamic-link.default\">\n\t\t\t\t<div class=\"elementor-widget-container\">\n\t\t\t\t\t<span class=\"jet-listing jet-listing-dynamic-link\"><a href=\"tel:00376 376826618\" class=\"jet-listing-dynamic-link__link\"><i class=\"jet-listing-dynamic-link__icon fas fa-phone-alt\" aria-hidden=\"true\"><\/i><span class=\"jet-listing-dynamic-link__label\">00376 376826618<\/span><\/a><\/span>\t\t\t\t<\/div>\n\t\t\t\t<\/div>\n\t\t\t\t<div class=\"elementor-element elementor-element-0329474 elementor-hidden-phone elementor-widget elementor-widget-jet-listing-dynamic-link\" data-id=\"0329474\" data-element_type=\"widget\" data-e-type=\"widget\" data-widget_type=\"jet-listing-dynamic-link.default\">\n\t\t\t\t<div class=\"elementor-widget-container\">\n\t\t\t\t\t<span class=\"jet-listing jet-listing-dynamic-link\"><a href=\"tel:+376824209\" class=\"jet-listing-dynamic-link__link\"><i class=\"jet-listing-dynamic-link__icon oi oi-phone\" aria-hidden=\"true\"><\/i><span class=\"jet-listing-dynamic-link__label\">+376824209<\/span><\/a><\/span>\t\t\t\t<\/div>\n\t\t\t\t<\/div>\n\t\t\t\t\t<\/div>\n\t\t<\/div>\n\t\t\t\t\t<\/div>\n\t\t<\/section>\n\t\t\t\t\t<\/div>\n\t\t<\/div>\n\t\t\t\t<div class=\"elementor-column elementor-col-50 elementor-top-column elementor-element elementor-element-bb24a8e\" data-id=\"bb24a8e\" data-element_type=\"column\" data-e-type=\"column\">\n\t\t\t<div class=\"elementor-widget-wrap elementor-element-populated\">\n\t\t\t\t\t\t<div class=\"elementor-element elementor-element-b78d0e4 elementor-widget elementor-widget-image\" data-id=\"b78d0e4\" data-element_type=\"widget\" data-e-type=\"widget\" data-widget_type=\"image.default\">\n\t\t\t\t<div class=\"elementor-widget-container\">\n\t\t\t\t\t\t\t\t\t\t\t\t\t\t\t\t<a href=\"https:\/\/www.expertservicecar.com\/pt-pt\/taller\/taller-san-martin\/\">\n\t\t\t\t\t\t\t<img loading=\"lazy\" decoding=\"async\" width=\"300\" height=\"200\" src=\"https:\/\/www.expertservicecar.com\/wp-content\/uploads\/2023\/07\/san-martin-ANDORRA-300x200.jpg\" class=\"attachment-medium size-medium wp-image-6963\" alt=\"\" srcset=\"https:\/\/www.expertservicecar.com\/wp-content\/uploads\/2023\/07\/san-martin-ANDORRA-300x200.jpg 300w, https:\/\/www.expertservicecar.com\/wp-content\/uploads\/2023\/07\/san-martin-ANDORRA-1024x683.jpg 1024w, https:\/\/www.expertservicecar.com\/wp-content\/uploads\/2023\/07\/san-martin-ANDORRA-768x512.jpg 768w, https:\/\/www.expertservicecar.com\/wp-content\/uploads\/2023\/07\/san-martin-ANDORRA-600x400.jpg 600w, https:\/\/www.expertservicecar.com\/wp-content\/uploads\/2023\/07\/san-martin-ANDORRA.jpg 1350w\" sizes=\"(max-width: 300px) 100vw, 300px\" title=\"\">\t\t\t\t\t\t\t\t<\/a>\n\t\t\t\t\t\t\t\t\t\t\t\t\t\t\t<\/div>\n\t\t\t\t<\/div>\n\t\t\t\t\t<\/div>\n\t\t<\/div>\n\t\t\t\t\t<\/div>\n\t\t<\/section>\n\t\t\t\t<\/div>\n\t\t<\/div><div class=\"jet-listing-grid__item jet-listing-dynamic-post-6120 jet-equal-columns\" data-post-id=\"6120\" >\t\t<div data-elementor-type=\"jet-listing-items\" data-elementor-id=\"524\" class=\"elementor elementor-524\" data-elementor-post-type=\"jet-engine\">\n\t\t\t\t\t\t<section class=\"elementor-section elementor-top-section elementor-element elementor-element-ef0c760 elementor-section-content-middle elementor-section-boxed elementor-section-height-default elementor-section-height-default\" data-id=\"ef0c760\" data-element_type=\"section\" data-e-type=\"section\" data-settings=\"{&quot;background_background&quot;:&quot;classic&quot;}\">\n\t\t\t\t\t\t<div class=\"elementor-container elementor-column-gap-default\">\n\t\t\t\t\t<div class=\"elementor-column elementor-col-50 elementor-top-column elementor-element elementor-element-f3770a2\" data-id=\"f3770a2\" data-element_type=\"column\" data-e-type=\"column\">\n\t\t\t<div class=\"elementor-widget-wrap elementor-element-populated\">\n\t\t\t\t\t\t<div class=\"elementor-element elementor-element-6788ee3 elementor-widget__width-auto elementor-widget elementor-widget-theme-post-title elementor-page-title elementor-widget-heading\" data-id=\"6788ee3\" data-element_type=\"widget\" data-e-type=\"widget\" data-widget_type=\"theme-post-title.default\">\n\t\t\t\t<div class=\"elementor-widget-container\">\n\t\t\t\t\t<h5 class=\"elementor-heading-title elementor-size-default\"><a href=\"https:\/\/www.expertservicecar.com\/pt-pt\/taller\/taller-santi-fesavi\/\">Taller Santi Fesavi<\/a><\/h5>\t\t\t\t<\/div>\n\t\t\t\t<\/div>\n\t\t\t\t<section class=\"elementor-section elementor-inner-section elementor-element elementor-element-dcd0ceb elementor-section-boxed elementor-section-height-default elementor-section-height-default\" data-id=\"dcd0ceb\" data-element_type=\"section\" data-e-type=\"section\">\n\t\t\t\t\t\t<div class=\"elementor-container elementor-column-gap-default\">\n\t\t\t\t\t<div class=\"elementor-column elementor-col-100 elementor-inner-column elementor-element elementor-element-aed0068\" data-id=\"aed0068\" data-element_type=\"column\" data-e-type=\"column\">\n\t\t\t<div class=\"elementor-widget-wrap elementor-element-populated\">\n\t\t\t\t\t\t<div class=\"elementor-element elementor-element-601cf1d elementor-widget__width-auto elementor-widget-mobile__width-auto elementor-widget elementor-widget-jet-listing-dynamic-field\" data-id=\"601cf1d\" data-element_type=\"widget\" data-e-type=\"widget\" data-widget_type=\"jet-listing-dynamic-field.default\">\n\t\t\t\t<div class=\"elementor-widget-container\">\n\t\t\t\t\t<div class=\"jet-listing jet-listing-dynamic-field display-inline\"><div class=\"jet-listing-dynamic-field__inline-wrap\"><span class=\"jet-listing-dynamic-field__content\"><p>C\/ Alonso Quijano, 5<br \/>\n45007 Toledo<br \/>\nToledo<\/p>\n<\/span><\/div><\/div>\t\t\t\t<\/div>\n\t\t\t\t<\/div>\n\t\t\t\t<div class=\"elementor-element elementor-element-1898eca elementor-widget elementor-widget-jet-listing-dynamic-link\" data-id=\"1898eca\" data-element_type=\"widget\" data-e-type=\"widget\" data-widget_type=\"jet-listing-dynamic-link.default\">\n\t\t\t\t<div class=\"elementor-widget-container\">\n\t\t\t\t\t<span class=\"jet-listing jet-listing-dynamic-link\"><a href=\"tel:925234178\" class=\"jet-listing-dynamic-link__link\"><i class=\"jet-listing-dynamic-link__icon fas fa-phone-alt\" aria-hidden=\"true\"><\/i><span class=\"jet-listing-dynamic-link__label\">925234178<\/span><\/a><\/span>\t\t\t\t<\/div>\n\t\t\t\t<\/div>\n\t\t\t\t<div class=\"elementor-element elementor-element-0329474 elementor-hidden-phone elementor-widget elementor-widget-jet-listing-dynamic-link\" data-id=\"0329474\" data-element_type=\"widget\" data-e-type=\"widget\" data-widget_type=\"jet-listing-dynamic-link.default\">\n\t\t\t\t<div class=\"elementor-widget-container\">\n\t\t\t\t\t<span class=\"jet-listing jet-listing-dynamic-link\"><a href=\"tel:626580459\" class=\"jet-listing-dynamic-link__link\"><i class=\"jet-listing-dynamic-link__icon oi oi-phone\" aria-hidden=\"true\"><\/i><span class=\"jet-listing-dynamic-link__label\">626580459<\/span><\/a><\/span>\t\t\t\t<\/div>\n\t\t\t\t<\/div>\n\t\t\t\t\t<\/div>\n\t\t<\/div>\n\t\t\t\t\t<\/div>\n\t\t<\/section>\n\t\t\t\t\t<\/div>\n\t\t<\/div>\n\t\t\t\t<div class=\"elementor-column elementor-col-50 elementor-top-column elementor-element elementor-element-bb24a8e\" data-id=\"bb24a8e\" data-element_type=\"column\" data-e-type=\"column\">\n\t\t\t<div class=\"elementor-widget-wrap elementor-element-populated\">\n\t\t\t\t\t\t<div class=\"elementor-element elementor-element-b78d0e4 elementor-widget elementor-widget-image\" data-id=\"b78d0e4\" data-element_type=\"widget\" data-e-type=\"widget\" data-widget_type=\"image.default\">\n\t\t\t\t<div class=\"elementor-widget-container\">\n\t\t\t\t\t\t\t\t\t\t\t\t\t\t\t\t<a href=\"https:\/\/www.expertservicecar.com\/pt-pt\/taller\/taller-santi-fesavi\/\">\n\t\t\t\t\t\t\t<img loading=\"lazy\" decoding=\"async\" width=\"300\" height=\"225\" src=\"https:\/\/www.expertservicecar.com\/wp-content\/uploads\/2022\/04\/exterior_1881_santi_fesavi_fesavi_1_original-300x225.jpeg\" class=\"attachment-medium size-medium wp-image-6121\" alt=\"\" srcset=\"https:\/\/www.expertservicecar.com\/wp-content\/uploads\/2022\/04\/exterior_1881_santi_fesavi_fesavi_1_original-300x225.jpeg 300w, https:\/\/www.expertservicecar.com\/wp-content\/uploads\/2022\/04\/exterior_1881_santi_fesavi_fesavi_1_original-768x576.jpeg 768w, https:\/\/www.expertservicecar.com\/wp-content\/uploads\/2022\/04\/exterior_1881_santi_fesavi_fesavi_1_original-600x450.jpeg 600w, https:\/\/www.expertservicecar.com\/wp-content\/uploads\/2022\/04\/exterior_1881_santi_fesavi_fesavi_1_original.jpeg 1024w\" sizes=\"(max-width: 300px) 100vw, 300px\" title=\"\">\t\t\t\t\t\t\t\t<\/a>\n\t\t\t\t\t\t\t\t\t\t\t\t\t\t\t<\/div>\n\t\t\t\t<\/div>\n\t\t\t\t\t<\/div>\n\t\t<\/div>\n\t\t\t\t\t<\/div>\n\t\t<\/section>\n\t\t\t\t<\/div>\n\t\t<\/div><div class=\"jet-listing-grid__item jet-listing-dynamic-post-3318 jet-equal-columns\" data-post-id=\"3318\" >\t\t<div data-elementor-type=\"jet-listing-items\" data-elementor-id=\"524\" class=\"elementor elementor-524\" data-elementor-post-type=\"jet-engine\">\n\t\t\t\t\t\t<section class=\"elementor-section elementor-top-section elementor-element elementor-element-ef0c760 elementor-section-content-middle elementor-section-boxed elementor-section-height-default elementor-section-height-default\" data-id=\"ef0c760\" data-element_type=\"section\" data-e-type=\"section\" data-settings=\"{&quot;background_background&quot;:&quot;classic&quot;}\">\n\t\t\t\t\t\t<div class=\"elementor-container elementor-column-gap-default\">\n\t\t\t\t\t<div class=\"elementor-column elementor-col-50 elementor-top-column elementor-element elementor-element-f3770a2\" data-id=\"f3770a2\" data-element_type=\"column\" data-e-type=\"column\">\n\t\t\t<div class=\"elementor-widget-wrap elementor-element-populated\">\n\t\t\t\t\t\t<div class=\"elementor-element elementor-element-6788ee3 elementor-widget__width-auto elementor-widget elementor-widget-theme-post-title elementor-page-title elementor-widget-heading\" data-id=\"6788ee3\" data-element_type=\"widget\" data-e-type=\"widget\" data-widget_type=\"theme-post-title.default\">\n\t\t\t\t<div class=\"elementor-widget-container\">\n\t\t\t\t\t<h5 class=\"elementor-heading-title elementor-size-default\"><a href=\"https:\/\/www.expertservicecar.com\/pt-pt\/taller\/taller-vimacar\/\">Taller Vimacar<\/a><\/h5>\t\t\t\t<\/div>\n\t\t\t\t<\/div>\n\t\t\t\t<section class=\"elementor-section elementor-inner-section elementor-element elementor-element-dcd0ceb elementor-section-boxed elementor-section-height-default elementor-section-height-default\" data-id=\"dcd0ceb\" data-element_type=\"section\" data-e-type=\"section\">\n\t\t\t\t\t\t<div class=\"elementor-container elementor-column-gap-default\">\n\t\t\t\t\t<div class=\"elementor-column elementor-col-100 elementor-inner-column elementor-element elementor-element-aed0068\" data-id=\"aed0068\" data-element_type=\"column\" data-e-type=\"column\">\n\t\t\t<div class=\"elementor-widget-wrap elementor-element-populated\">\n\t\t\t\t\t\t<div class=\"elementor-element elementor-element-601cf1d elementor-widget__width-auto elementor-widget-mobile__width-auto elementor-widget elementor-widget-jet-listing-dynamic-field\" data-id=\"601cf1d\" data-element_type=\"widget\" data-e-type=\"widget\" data-widget_type=\"jet-listing-dynamic-field.default\">\n\t\t\t\t<div class=\"elementor-widget-container\">\n\t\t\t\t\t<div class=\"jet-listing jet-listing-dynamic-field display-inline\"><div class=\"jet-listing-dynamic-field__inline-wrap\"><span class=\"jet-listing-dynamic-field__content\"><p>Calle Progreso, 10<br \/>\n45100 Sonseca<br \/>\nToledo<\/p>\n<\/span><\/div><\/div>\t\t\t\t<\/div>\n\t\t\t\t<\/div>\n\t\t\t\t<div class=\"elementor-element elementor-element-1898eca elementor-widget elementor-widget-jet-listing-dynamic-link\" data-id=\"1898eca\" data-element_type=\"widget\" data-e-type=\"widget\" data-widget_type=\"jet-listing-dynamic-link.default\">\n\t\t\t\t<div class=\"elementor-widget-container\">\n\t\t\t\t\t<span class=\"jet-listing jet-listing-dynamic-link\"><a href=\"tel:+34 925 382959\" class=\"jet-listing-dynamic-link__link\"><i class=\"jet-listing-dynamic-link__icon fas fa-phone-alt\" aria-hidden=\"true\"><\/i><span class=\"jet-listing-dynamic-link__label\">+34 925 382959<\/span><\/a><\/span>\t\t\t\t<\/div>\n\t\t\t\t<\/div>\n\t\t\t\t\t<\/div>\n\t\t<\/div>\n\t\t\t\t\t<\/div>\n\t\t<\/section>\n\t\t\t\t\t<\/div>\n\t\t<\/div>\n\t\t\t\t<div class=\"elementor-column elementor-col-50 elementor-top-column elementor-element elementor-element-bb24a8e\" data-id=\"bb24a8e\" data-element_type=\"column\" data-e-type=\"column\">\n\t\t\t<div class=\"elementor-widget-wrap elementor-element-populated\">\n\t\t\t\t\t\t<div class=\"elementor-element elementor-element-b78d0e4 elementor-widget elementor-widget-image\" data-id=\"b78d0e4\" data-element_type=\"widget\" data-e-type=\"widget\" data-widget_type=\"image.default\">\n\t\t\t\t<div class=\"elementor-widget-container\">\n\t\t\t\t\t\t\t\t\t\t\t\t\t\t\t\t<a href=\"https:\/\/www.expertservicecar.com\/pt-pt\/taller\/taller-vimacar\/\">\n\t\t\t\t\t\t\t<img loading=\"lazy\" decoding=\"async\" width=\"300\" height=\"231\" src=\"https:\/\/www.expertservicecar.com\/wp-content\/uploads\/2021\/06\/exterior_1075_vimacar_vimacar_buena_definitiva_para_la_web_menor_tamano_original-1-300x231.jpg\" class=\"attachment-medium size-medium wp-image-5612\" alt=\"vimacar\" srcset=\"https:\/\/www.expertservicecar.com\/wp-content\/uploads\/2021\/06\/exterior_1075_vimacar_vimacar_buena_definitiva_para_la_web_menor_tamano_original-1-300x231.jpg 300w, https:\/\/www.expertservicecar.com\/wp-content\/uploads\/2021\/06\/exterior_1075_vimacar_vimacar_buena_definitiva_para_la_web_menor_tamano_original-1-1024x788.jpg 1024w, https:\/\/www.expertservicecar.com\/wp-content\/uploads\/2021\/06\/exterior_1075_vimacar_vimacar_buena_definitiva_para_la_web_menor_tamano_original-1-768x591.jpg 768w, https:\/\/www.expertservicecar.com\/wp-content\/uploads\/2021\/06\/exterior_1075_vimacar_vimacar_buena_definitiva_para_la_web_menor_tamano_original-1-1536x1182.jpg 1536w, https:\/\/www.expertservicecar.com\/wp-content\/uploads\/2021\/06\/exterior_1075_vimacar_vimacar_buena_definitiva_para_la_web_menor_tamano_original-1-2048x1576.jpg 2048w, https:\/\/www.expertservicecar.com\/wp-content\/uploads\/2021\/06\/exterior_1075_vimacar_vimacar_buena_definitiva_para_la_web_menor_tamano_original-1-600x462.jpg 600w\" sizes=\"(max-width: 300px) 100vw, 300px\" title=\"\">\t\t\t\t\t\t\t\t<\/a>\n\t\t\t\t\t\t\t\t\t\t\t\t\t\t\t<\/div>\n\t\t\t\t<\/div>\n\t\t\t\t\t<\/div>\n\t\t<\/div>\n\t\t\t\t\t<\/div>\n\t\t<\/section>\n\t\t\t\t<\/div>\n\t\t<\/div><div class=\"jet-listing-grid__item jet-listing-dynamic-post-5966 jet-equal-columns\" data-post-id=\"5966\" >\t\t<div data-elementor-type=\"jet-listing-items\" data-elementor-id=\"524\" class=\"elementor elementor-524\" data-elementor-post-type=\"jet-engine\">\n\t\t\t\t\t\t<section class=\"elementor-section elementor-top-section elementor-element elementor-element-ef0c760 elementor-section-content-middle elementor-section-boxed elementor-section-height-default elementor-section-height-default\" data-id=\"ef0c760\" data-element_type=\"section\" data-e-type=\"section\" data-settings=\"{&quot;background_background&quot;:&quot;classic&quot;}\">\n\t\t\t\t\t\t<div class=\"elementor-container elementor-column-gap-default\">\n\t\t\t\t\t<div class=\"elementor-column elementor-col-50 elementor-top-column elementor-element elementor-element-f3770a2\" data-id=\"f3770a2\" data-element_type=\"column\" data-e-type=\"column\">\n\t\t\t<div class=\"elementor-widget-wrap elementor-element-populated\">\n\t\t\t\t\t\t<div class=\"elementor-element elementor-element-6788ee3 elementor-widget__width-auto elementor-widget elementor-widget-theme-post-title elementor-page-title elementor-widget-heading\" data-id=\"6788ee3\" data-element_type=\"widget\" data-e-type=\"widget\" data-widget_type=\"theme-post-title.default\">\n\t\t\t\t<div class=\"elementor-widget-container\">\n\t\t\t\t\t<h5 class=\"elementor-heading-title elementor-size-default\"><a href=\"https:\/\/www.expertservicecar.com\/pt-pt\/taller\/taller-vinssac\/\">Taller Vinssac<\/a><\/h5>\t\t\t\t<\/div>\n\t\t\t\t<\/div>\n\t\t\t\t<section class=\"elementor-section elementor-inner-section elementor-element elementor-element-dcd0ceb elementor-section-boxed elementor-section-height-default elementor-section-height-default\" data-id=\"dcd0ceb\" data-element_type=\"section\" data-e-type=\"section\">\n\t\t\t\t\t\t<div class=\"elementor-container elementor-column-gap-default\">\n\t\t\t\t\t<div class=\"elementor-column elementor-col-100 elementor-inner-column elementor-element elementor-element-aed0068\" data-id=\"aed0068\" data-element_type=\"column\" data-e-type=\"column\">\n\t\t\t<div class=\"elementor-widget-wrap elementor-element-populated\">\n\t\t\t\t\t\t<div class=\"elementor-element elementor-element-601cf1d elementor-widget__width-auto elementor-widget-mobile__width-auto elementor-widget elementor-widget-jet-listing-dynamic-field\" data-id=\"601cf1d\" data-element_type=\"widget\" data-e-type=\"widget\" data-widget_type=\"jet-listing-dynamic-field.default\">\n\t\t\t\t<div class=\"elementor-widget-container\">\n\t\t\t\t\t<div class=\"jet-listing jet-listing-dynamic-field display-inline\"><div class=\"jet-listing-dynamic-field__inline-wrap\"><span class=\"jet-listing-dynamic-field__content\"><p>C\/Cristobal De Bustamente S\/N Galer\u00eda Comercial Boisan II Local 34<br \/>\n28804 Alcal\u00e1 de Henares<br \/>\nMadrid<\/p>\n<\/span><\/div><\/div>\t\t\t\t<\/div>\n\t\t\t\t<\/div>\n\t\t\t\t<div class=\"elementor-element elementor-element-1898eca elementor-widget elementor-widget-jet-listing-dynamic-link\" data-id=\"1898eca\" data-element_type=\"widget\" data-e-type=\"widget\" data-widget_type=\"jet-listing-dynamic-link.default\">\n\t\t\t\t<div class=\"elementor-widget-container\">\n\t\t\t\t\t<span class=\"jet-listing jet-listing-dynamic-link\"><a href=\"tel:918886613\" class=\"jet-listing-dynamic-link__link\"><i class=\"jet-listing-dynamic-link__icon fas fa-phone-alt\" aria-hidden=\"true\"><\/i><span class=\"jet-listing-dynamic-link__label\">918886613<\/span><\/a><\/span>\t\t\t\t<\/div>\n\t\t\t\t<\/div>\n\t\t\t\t<div class=\"elementor-element elementor-element-0329474 elementor-hidden-phone elementor-widget elementor-widget-jet-listing-dynamic-link\" data-id=\"0329474\" data-element_type=\"widget\" data-e-type=\"widget\" data-widget_type=\"jet-listing-dynamic-link.default\">\n\t\t\t\t<div class=\"elementor-widget-container\">\n\t\t\t\t\t<span class=\"jet-listing jet-listing-dynamic-link\"><a href=\"tel:696256105\" class=\"jet-listing-dynamic-link__link\"><i class=\"jet-listing-dynamic-link__icon oi oi-phone\" aria-hidden=\"true\"><\/i><span class=\"jet-listing-dynamic-link__label\">696256105<\/span><\/a><\/span>\t\t\t\t<\/div>\n\t\t\t\t<\/div>\n\t\t\t\t\t<\/div>\n\t\t<\/div>\n\t\t\t\t\t<\/div>\n\t\t<\/section>\n\t\t\t\t\t<\/div>\n\t\t<\/div>\n\t\t\t\t<div class=\"elementor-column elementor-col-50 elementor-top-column elementor-element elementor-element-bb24a8e\" data-id=\"bb24a8e\" data-element_type=\"column\" data-e-type=\"column\">\n\t\t\t<div class=\"elementor-widget-wrap elementor-element-populated\">\n\t\t\t\t\t\t<div class=\"elementor-element elementor-element-b78d0e4 elementor-widget elementor-widget-image\" data-id=\"b78d0e4\" data-element_type=\"widget\" data-e-type=\"widget\" data-widget_type=\"image.default\">\n\t\t\t\t<div class=\"elementor-widget-container\">\n\t\t\t\t\t\t\t\t\t\t\t\t\t\t\t\t<a href=\"https:\/\/www.expertservicecar.com\/pt-pt\/taller\/taller-vinssac\/\">\n\t\t\t\t\t\t\t<img loading=\"lazy\" decoding=\"async\" width=\"300\" height=\"217\" src=\"https:\/\/www.expertservicecar.com\/wp-content\/uploads\/2021\/10\/exterior_1917_hermanos_cantero_captura_de_pantalla_2021-10-06_a_las_13.02.05_original-copia-300x217.png\" class=\"attachment-medium size-medium wp-image-5969\" alt=\"\" srcset=\"https:\/\/www.expertservicecar.com\/wp-content\/uploads\/2021\/10\/exterior_1917_hermanos_cantero_captura_de_pantalla_2021-10-06_a_las_13.02.05_original-copia-300x217.png 300w, https:\/\/www.expertservicecar.com\/wp-content\/uploads\/2021\/10\/exterior_1917_hermanos_cantero_captura_de_pantalla_2021-10-06_a_las_13.02.05_original-copia-600x434.png 600w, https:\/\/www.expertservicecar.com\/wp-content\/uploads\/2021\/10\/exterior_1917_hermanos_cantero_captura_de_pantalla_2021-10-06_a_las_13.02.05_original-copia.png 743w\" sizes=\"(max-width: 300px) 100vw, 300px\" title=\"\">\t\t\t\t\t\t\t\t<\/a>\n\t\t\t\t\t\t\t\t\t\t\t\t\t\t\t<\/div>\n\t\t\t\t<\/div>\n\t\t\t\t\t<\/div>\n\t\t<\/div>\n\t\t\t\t\t<\/div>\n\t\t<\/section>\n\t\t\t\t<\/div>\n\t\t<\/div><div class=\"jet-listing-grid__item jet-listing-dynamic-post-3686 jet-equal-columns\" data-post-id=\"3686\" >\t\t<div data-elementor-type=\"jet-listing-items\" data-elementor-id=\"524\" class=\"elementor elementor-524\" data-elementor-post-type=\"jet-engine\">\n\t\t\t\t\t\t<section class=\"elementor-section elementor-top-section elementor-element elementor-element-ef0c760 elementor-section-content-middle elementor-section-boxed elementor-section-height-default elementor-section-height-default\" data-id=\"ef0c760\" data-element_type=\"section\" data-e-type=\"section\" data-settings=\"{&quot;background_background&quot;:&quot;classic&quot;}\">\n\t\t\t\t\t\t<div class=\"elementor-container elementor-column-gap-default\">\n\t\t\t\t\t<div class=\"elementor-column elementor-col-50 elementor-top-column elementor-element elementor-element-f3770a2\" data-id=\"f3770a2\" data-element_type=\"column\" data-e-type=\"column\">\n\t\t\t<div class=\"elementor-widget-wrap elementor-element-populated\">\n\t\t\t\t\t\t<div class=\"elementor-element elementor-element-6788ee3 elementor-widget__width-auto elementor-widget elementor-widget-theme-post-title elementor-page-title elementor-widget-heading\" data-id=\"6788ee3\" data-element_type=\"widget\" data-e-type=\"widget\" data-widget_type=\"theme-post-title.default\">\n\t\t\t\t<div class=\"elementor-widget-container\">\n\t\t\t\t\t<h5 class=\"elementor-heading-title elementor-size-default\"><a href=\"https:\/\/www.expertservicecar.com\/pt-pt\/taller\/talleres-alameda-motor\/\">Talleres Alameda Motor<\/a><\/h5>\t\t\t\t<\/div>\n\t\t\t\t<\/div>\n\t\t\t\t<section class=\"elementor-section elementor-inner-section elementor-element elementor-element-dcd0ceb elementor-section-boxed elementor-section-height-default elementor-section-height-default\" data-id=\"dcd0ceb\" data-element_type=\"section\" data-e-type=\"section\">\n\t\t\t\t\t\t<div class=\"elementor-container elementor-column-gap-default\">\n\t\t\t\t\t<div class=\"elementor-column elementor-col-100 elementor-inner-column elementor-element elementor-element-aed0068\" data-id=\"aed0068\" data-element_type=\"column\" data-e-type=\"column\">\n\t\t\t<div class=\"elementor-widget-wrap elementor-element-populated\">\n\t\t\t\t\t\t<div class=\"elementor-element elementor-element-601cf1d elementor-widget__width-auto elementor-widget-mobile__width-auto elementor-widget elementor-widget-jet-listing-dynamic-field\" data-id=\"601cf1d\" data-element_type=\"widget\" data-e-type=\"widget\" data-widget_type=\"jet-listing-dynamic-field.default\">\n\t\t\t\t<div class=\"elementor-widget-container\">\n\t\t\t\t\t<div class=\"jet-listing jet-listing-dynamic-field display-inline\"><div class=\"jet-listing-dynamic-field__inline-wrap\"><span class=\"jet-listing-dynamic-field__content\"><p>Calle Flauta M\u00e1gica, 32<br \/>\n29006 M\u00e1laga<br \/>\nEspa\u00f1a<\/p>\n<\/span><\/div><\/div>\t\t\t\t<\/div>\n\t\t\t\t<\/div>\n\t\t\t\t<div class=\"elementor-element elementor-element-1898eca elementor-widget elementor-widget-jet-listing-dynamic-link\" data-id=\"1898eca\" data-element_type=\"widget\" data-e-type=\"widget\" data-widget_type=\"jet-listing-dynamic-link.default\">\n\t\t\t\t<div class=\"elementor-widget-container\">\n\t\t\t\t\t<span class=\"jet-listing jet-listing-dynamic-link\"><a href=\"tel:+34 951 771773\" class=\"jet-listing-dynamic-link__link\"><i class=\"jet-listing-dynamic-link__icon fas fa-phone-alt\" aria-hidden=\"true\"><\/i><span class=\"jet-listing-dynamic-link__label\">+34 951 771773<\/span><\/a><\/span>\t\t\t\t<\/div>\n\t\t\t\t<\/div>\n\t\t\t\t\t<\/div>\n\t\t<\/div>\n\t\t\t\t\t<\/div>\n\t\t<\/section>\n\t\t\t\t\t<\/div>\n\t\t<\/div>\n\t\t\t\t<div class=\"elementor-column elementor-col-50 elementor-top-column elementor-element elementor-element-bb24a8e\" data-id=\"bb24a8e\" data-element_type=\"column\" data-e-type=\"column\">\n\t\t\t<div class=\"elementor-widget-wrap elementor-element-populated\">\n\t\t\t\t\t\t<div class=\"elementor-element elementor-element-b78d0e4 elementor-widget elementor-widget-image\" data-id=\"b78d0e4\" data-element_type=\"widget\" data-e-type=\"widget\" data-widget_type=\"image.default\">\n\t\t\t\t<div class=\"elementor-widget-container\">\n\t\t\t\t\t\t\t\t\t\t\t\t\t\t\t\t<a href=\"https:\/\/www.expertservicecar.com\/pt-pt\/taller\/talleres-alameda-motor\/\">\n\t\t\t\t\t\t\t<img loading=\"lazy\" decoding=\"async\" width=\"300\" height=\"231\" src=\"https:\/\/www.expertservicecar.com\/wp-content\/uploads\/2021\/06\/talleres-munuera-300x231.jpg\" class=\"attachment-medium size-medium wp-image-5030\" alt=\"Talleres Munuera\" srcset=\"https:\/\/www.expertservicecar.com\/wp-content\/uploads\/2021\/06\/talleres-munuera-300x231.jpg 300w, https:\/\/www.expertservicecar.com\/wp-content\/uploads\/2021\/06\/talleres-munuera-768x591.jpg 768w, https:\/\/www.expertservicecar.com\/wp-content\/uploads\/2021\/06\/talleres-munuera-600x462.jpg 600w, https:\/\/www.expertservicecar.com\/wp-content\/uploads\/2021\/06\/talleres-munuera.jpg 900w\" sizes=\"(max-width: 300px) 100vw, 300px\" title=\"\">\t\t\t\t\t\t\t\t<\/a>\n\t\t\t\t\t\t\t\t\t\t\t\t\t\t\t<\/div>\n\t\t\t\t<\/div>\n\t\t\t\t\t<\/div>\n\t\t<\/div>\n\t\t\t\t\t<\/div>\n\t\t<\/section>\n\t\t\t\t<\/div>\n\t\t<\/div><div class=\"jet-listing-grid__item jet-listing-dynamic-post-495 jet-equal-columns\" data-post-id=\"495\" >\t\t<div data-elementor-type=\"jet-listing-items\" data-elementor-id=\"524\" class=\"elementor elementor-524\" data-elementor-post-type=\"jet-engine\">\n\t\t\t\t\t\t<section class=\"elementor-section elementor-top-section elementor-element elementor-element-ef0c760 elementor-section-content-middle elementor-section-boxed elementor-section-height-default elementor-section-height-default\" data-id=\"ef0c760\" data-element_type=\"section\" data-e-type=\"section\" data-settings=\"{&quot;background_background&quot;:&quot;classic&quot;}\">\n\t\t\t\t\t\t<div class=\"elementor-container elementor-column-gap-default\">\n\t\t\t\t\t<div class=\"elementor-column elementor-col-50 elementor-top-column elementor-element elementor-element-f3770a2\" data-id=\"f3770a2\" data-element_type=\"column\" data-e-type=\"column\">\n\t\t\t<div class=\"elementor-widget-wrap elementor-element-populated\">\n\t\t\t\t\t\t<div class=\"elementor-element elementor-element-6788ee3 elementor-widget__width-auto elementor-widget elementor-widget-theme-post-title elementor-page-title elementor-widget-heading\" data-id=\"6788ee3\" data-element_type=\"widget\" data-e-type=\"widget\" data-widget_type=\"theme-post-title.default\">\n\t\t\t\t<div class=\"elementor-widget-container\">\n\t\t\t\t\t<h5 class=\"elementor-heading-title elementor-size-default\"><a href=\"https:\/\/www.expertservicecar.com\/pt-pt\/taller\/talleres-angel-vaquer\/\">Talleres Angel Vaquer<\/a><\/h5>\t\t\t\t<\/div>\n\t\t\t\t<\/div>\n\t\t\t\t<section class=\"elementor-section elementor-inner-section elementor-element elementor-element-dcd0ceb elementor-section-boxed elementor-section-height-default elementor-section-height-default\" data-id=\"dcd0ceb\" data-element_type=\"section\" data-e-type=\"section\">\n\t\t\t\t\t\t<div class=\"elementor-container elementor-column-gap-default\">\n\t\t\t\t\t<div class=\"elementor-column elementor-col-100 elementor-inner-column elementor-element elementor-element-aed0068\" data-id=\"aed0068\" data-element_type=\"column\" data-e-type=\"column\">\n\t\t\t<div class=\"elementor-widget-wrap elementor-element-populated\">\n\t\t\t\t\t\t<div class=\"elementor-element elementor-element-601cf1d elementor-widget__width-auto elementor-widget-mobile__width-auto elementor-widget elementor-widget-jet-listing-dynamic-field\" data-id=\"601cf1d\" data-element_type=\"widget\" data-e-type=\"widget\" data-widget_type=\"jet-listing-dynamic-field.default\">\n\t\t\t\t<div class=\"elementor-widget-container\">\n\t\t\t\t\t<div class=\"jet-listing jet-listing-dynamic-field display-inline\"><div class=\"jet-listing-dynamic-field__inline-wrap\"><span class=\"jet-listing-dynamic-field__content\"><p>Carrer Reial de Montroi, 5<br \/>\n46450 Benifai\u00f3, Valencia<\/p>\n<\/span><\/div><\/div>\t\t\t\t<\/div>\n\t\t\t\t<\/div>\n\t\t\t\t<div class=\"elementor-element elementor-element-1898eca elementor-widget elementor-widget-jet-listing-dynamic-link\" data-id=\"1898eca\" data-element_type=\"widget\" data-e-type=\"widget\" data-widget_type=\"jet-listing-dynamic-link.default\">\n\t\t\t\t<div class=\"elementor-widget-container\">\n\t\t\t\t\t<span class=\"jet-listing jet-listing-dynamic-link\"><a href=\"tel:+34 960 919691\" class=\"jet-listing-dynamic-link__link\"><i class=\"jet-listing-dynamic-link__icon fas fa-phone-alt\" aria-hidden=\"true\"><\/i><span class=\"jet-listing-dynamic-link__label\">+34 960 919691<\/span><\/a><\/span>\t\t\t\t<\/div>\n\t\t\t\t<\/div>\n\t\t\t\t\t<\/div>\n\t\t<\/div>\n\t\t\t\t\t<\/div>\n\t\t<\/section>\n\t\t\t\t\t<\/div>\n\t\t<\/div>\n\t\t\t\t<div class=\"elementor-column elementor-col-50 elementor-top-column elementor-element elementor-element-bb24a8e\" data-id=\"bb24a8e\" data-element_type=\"column\" data-e-type=\"column\">\n\t\t\t<div class=\"elementor-widget-wrap elementor-element-populated\">\n\t\t\t\t\t\t<div class=\"elementor-element elementor-element-b78d0e4 elementor-widget elementor-widget-image\" data-id=\"b78d0e4\" data-element_type=\"widget\" data-e-type=\"widget\" data-widget_type=\"image.default\">\n\t\t\t\t<div class=\"elementor-widget-container\">\n\t\t\t\t\t\t\t\t\t\t\t\t\t\t\t\t<a href=\"https:\/\/www.expertservicecar.com\/pt-pt\/taller\/talleres-angel-vaquer\/\">\n\t\t\t\t\t\t\t<img loading=\"lazy\" decoding=\"async\" width=\"300\" height=\"231\" src=\"https:\/\/www.expertservicecar.com\/wp-content\/uploads\/2021\/04\/talleres-angel-vaquer-300x231.jpg\" class=\"attachment-medium size-medium wp-image-2587\" alt=\"Talleres Angel Vaquer\" srcset=\"https:\/\/www.expertservicecar.com\/wp-content\/uploads\/2021\/04\/talleres-angel-vaquer-300x231.jpg 300w, https:\/\/www.expertservicecar.com\/wp-content\/uploads\/2021\/04\/talleres-angel-vaquer-768x591.jpg 768w, https:\/\/www.expertservicecar.com\/wp-content\/uploads\/2021\/04\/talleres-angel-vaquer-600x462.jpg 600w, https:\/\/www.expertservicecar.com\/wp-content\/uploads\/2021\/04\/talleres-angel-vaquer.jpg 900w\" sizes=\"(max-width: 300px) 100vw, 300px\" title=\"\">\t\t\t\t\t\t\t\t<\/a>\n\t\t\t\t\t\t\t\t\t\t\t\t\t\t\t<\/div>\n\t\t\t\t<\/div>\n\t\t\t\t\t<\/div>\n\t\t<\/div>\n\t\t\t\t\t<\/div>\n\t\t<\/section>\n\t\t\t\t<\/div>\n\t\t<\/div><div class=\"jet-listing-grid__item jet-listing-dynamic-post-7751 jet-equal-columns\" data-post-id=\"7751\" >\t\t<div data-elementor-type=\"jet-listing-items\" data-elementor-id=\"524\" class=\"elementor elementor-524\" data-elementor-post-type=\"jet-engine\">\n\t\t\t\t\t\t<section class=\"elementor-section elementor-top-section elementor-element elementor-element-ef0c760 elementor-section-content-middle elementor-section-boxed elementor-section-height-default elementor-section-height-default\" data-id=\"ef0c760\" data-element_type=\"section\" data-e-type=\"section\" data-settings=\"{&quot;background_background&quot;:&quot;classic&quot;}\">\n\t\t\t\t\t\t<div class=\"elementor-container elementor-column-gap-default\">\n\t\t\t\t\t<div class=\"elementor-column elementor-col-50 elementor-top-column elementor-element elementor-element-f3770a2\" data-id=\"f3770a2\" data-element_type=\"column\" data-e-type=\"column\">\n\t\t\t<div class=\"elementor-widget-wrap elementor-element-populated\">\n\t\t\t\t\t\t<div class=\"elementor-element elementor-element-6788ee3 elementor-widget__width-auto elementor-widget elementor-widget-theme-post-title elementor-page-title elementor-widget-heading\" data-id=\"6788ee3\" data-element_type=\"widget\" data-e-type=\"widget\" data-widget_type=\"theme-post-title.default\">\n\t\t\t\t<div class=\"elementor-widget-container\">\n\t\t\t\t\t<h5 class=\"elementor-heading-title elementor-size-default\"><a href=\"https:\/\/www.expertservicecar.com\/pt-pt\/taller\/talleres-anromavic\/\">Talleres Anromavic<\/a><\/h5>\t\t\t\t<\/div>\n\t\t\t\t<\/div>\n\t\t\t\t<section class=\"elementor-section elementor-inner-section elementor-element elementor-element-dcd0ceb elementor-section-boxed elementor-section-height-default elementor-section-height-default\" data-id=\"dcd0ceb\" data-element_type=\"section\" data-e-type=\"section\">\n\t\t\t\t\t\t<div class=\"elementor-container elementor-column-gap-default\">\n\t\t\t\t\t<div class=\"elementor-column elementor-col-100 elementor-inner-column elementor-element elementor-element-aed0068\" data-id=\"aed0068\" data-element_type=\"column\" data-e-type=\"column\">\n\t\t\t<div class=\"elementor-widget-wrap elementor-element-populated\">\n\t\t\t\t\t\t<div class=\"elementor-element elementor-element-601cf1d elementor-widget__width-auto elementor-widget-mobile__width-auto elementor-widget elementor-widget-jet-listing-dynamic-field\" data-id=\"601cf1d\" data-element_type=\"widget\" data-e-type=\"widget\" data-widget_type=\"jet-listing-dynamic-field.default\">\n\t\t\t\t<div class=\"elementor-widget-container\">\n\t\t\t\t\t<div class=\"jet-listing jet-listing-dynamic-field display-inline\"><div class=\"jet-listing-dynamic-field__inline-wrap\"><span class=\"jet-listing-dynamic-field__content\"><p>C. Rinc\u00f3n de las Delicias, 1,<br \/>\n30565 Las Torres de Cotillas, Murcia<\/p>\n<\/span><\/div><\/div>\t\t\t\t<\/div>\n\t\t\t\t<\/div>\n\t\t\t\t<div class=\"elementor-element elementor-element-1898eca elementor-widget elementor-widget-jet-listing-dynamic-link\" data-id=\"1898eca\" data-element_type=\"widget\" data-e-type=\"widget\" data-widget_type=\"jet-listing-dynamic-link.default\">\n\t\t\t\t<div class=\"elementor-widget-container\">\n\t\t\t\t\t<span class=\"jet-listing jet-listing-dynamic-link\"><a href=\"tel:968627055\" class=\"jet-listing-dynamic-link__link\"><i class=\"jet-listing-dynamic-link__icon fas fa-phone-alt\" aria-hidden=\"true\"><\/i><span class=\"jet-listing-dynamic-link__label\">968627055<\/span><\/a><\/span>\t\t\t\t<\/div>\n\t\t\t\t<\/div>\n\t\t\t\t<div class=\"elementor-element elementor-element-0329474 elementor-hidden-phone elementor-widget elementor-widget-jet-listing-dynamic-link\" data-id=\"0329474\" data-element_type=\"widget\" data-e-type=\"widget\" data-widget_type=\"jet-listing-dynamic-link.default\">\n\t\t\t\t<div class=\"elementor-widget-container\">\n\t\t\t\t\t<span class=\"jet-listing jet-listing-dynamic-link\"><a href=\"tel:616811014\" class=\"jet-listing-dynamic-link__link\"><i class=\"jet-listing-dynamic-link__icon oi oi-phone\" aria-hidden=\"true\"><\/i><span class=\"jet-listing-dynamic-link__label\">616811014<\/span><\/a><\/span>\t\t\t\t<\/div>\n\t\t\t\t<\/div>\n\t\t\t\t\t<\/div>\n\t\t<\/div>\n\t\t\t\t\t<\/div>\n\t\t<\/section>\n\t\t\t\t\t<\/div>\n\t\t<\/div>\n\t\t\t\t<div class=\"elementor-column elementor-col-50 elementor-top-column elementor-element elementor-element-bb24a8e\" data-id=\"bb24a8e\" data-element_type=\"column\" data-e-type=\"column\">\n\t\t\t<div class=\"elementor-widget-wrap elementor-element-populated\">\n\t\t\t\t\t\t<div class=\"elementor-element elementor-element-b78d0e4 elementor-widget elementor-widget-image\" data-id=\"b78d0e4\" data-element_type=\"widget\" data-e-type=\"widget\" data-widget_type=\"image.default\">\n\t\t\t\t<div class=\"elementor-widget-container\">\n\t\t\t\t\t\t\t\t\t\t\t\t\t\t\t\t<a href=\"https:\/\/www.expertservicecar.com\/pt-pt\/taller\/talleres-anromavic\/\">\n\t\t\t\t\t\t\t<img loading=\"lazy\" decoding=\"async\" width=\"300\" height=\"226\" src=\"https:\/\/www.expertservicecar.com\/wp-content\/uploads\/2025\/02\/Captura-de-pantalla-2025-02-28-085548-300x226.jpg\" class=\"attachment-medium size-medium wp-image-7752\" alt=\"\" srcset=\"https:\/\/www.expertservicecar.com\/wp-content\/uploads\/2025\/02\/Captura-de-pantalla-2025-02-28-085548-300x226.jpg 300w, https:\/\/www.expertservicecar.com\/wp-content\/uploads\/2025\/02\/Captura-de-pantalla-2025-02-28-085548-1024x771.jpg 1024w, https:\/\/www.expertservicecar.com\/wp-content\/uploads\/2025\/02\/Captura-de-pantalla-2025-02-28-085548-768x578.jpg 768w, https:\/\/www.expertservicecar.com\/wp-content\/uploads\/2025\/02\/Captura-de-pantalla-2025-02-28-085548-600x452.jpg 600w, https:\/\/www.expertservicecar.com\/wp-content\/uploads\/2025\/02\/Captura-de-pantalla-2025-02-28-085548.jpg 1289w\" sizes=\"(max-width: 300px) 100vw, 300px\" title=\"\">\t\t\t\t\t\t\t\t<\/a>\n\t\t\t\t\t\t\t\t\t\t\t\t\t\t\t<\/div>\n\t\t\t\t<\/div>\n\t\t\t\t\t<\/div>\n\t\t<\/div>\n\t\t\t\t\t<\/div>\n\t\t<\/section>\n\t\t\t\t<\/div>\n\t\t<\/div><div class=\"jet-listing-grid__item jet-listing-dynamic-post-7669 jet-equal-columns\" data-post-id=\"7669\" >\t\t<div data-elementor-type=\"jet-listing-items\" data-elementor-id=\"524\" class=\"elementor elementor-524\" data-elementor-post-type=\"jet-engine\">\n\t\t\t\t\t\t<section class=\"elementor-section elementor-top-section elementor-element elementor-element-ef0c760 elementor-section-content-middle elementor-section-boxed elementor-section-height-default elementor-section-height-default\" data-id=\"ef0c760\" data-element_type=\"section\" data-e-type=\"section\" data-settings=\"{&quot;background_background&quot;:&quot;classic&quot;}\">\n\t\t\t\t\t\t<div class=\"elementor-container elementor-column-gap-default\">\n\t\t\t\t\t<div class=\"elementor-column elementor-col-50 elementor-top-column elementor-element elementor-element-f3770a2\" data-id=\"f3770a2\" data-element_type=\"column\" data-e-type=\"column\">\n\t\t\t<div class=\"elementor-widget-wrap elementor-element-populated\">\n\t\t\t\t\t\t<div class=\"elementor-element elementor-element-6788ee3 elementor-widget__width-auto elementor-widget elementor-widget-theme-post-title elementor-page-title elementor-widget-heading\" data-id=\"6788ee3\" data-element_type=\"widget\" data-e-type=\"widget\" data-widget_type=\"theme-post-title.default\">\n\t\t\t\t<div class=\"elementor-widget-container\">\n\t\t\t\t\t<h5 class=\"elementor-heading-title elementor-size-default\"><a href=\"https:\/\/www.expertservicecar.com\/pt-pt\/taller\/talleres-benasque\/\">Talleres Benasque<\/a><\/h5>\t\t\t\t<\/div>\n\t\t\t\t<\/div>\n\t\t\t\t<section class=\"elementor-section elementor-inner-section elementor-element elementor-element-dcd0ceb elementor-section-boxed elementor-section-height-default elementor-section-height-default\" data-id=\"dcd0ceb\" data-element_type=\"section\" data-e-type=\"section\">\n\t\t\t\t\t\t<div class=\"elementor-container elementor-column-gap-default\">\n\t\t\t\t\t<div class=\"elementor-column elementor-col-100 elementor-inner-column elementor-element elementor-element-aed0068\" data-id=\"aed0068\" data-element_type=\"column\" data-e-type=\"column\">\n\t\t\t<div class=\"elementor-widget-wrap elementor-element-populated\">\n\t\t\t\t\t\t<div class=\"elementor-element elementor-element-601cf1d elementor-widget__width-auto elementor-widget-mobile__width-auto elementor-widget elementor-widget-jet-listing-dynamic-field\" data-id=\"601cf1d\" data-element_type=\"widget\" data-e-type=\"widget\" data-widget_type=\"jet-listing-dynamic-field.default\">\n\t\t\t\t<div class=\"elementor-widget-container\">\n\t\t\t\t\t<div class=\"jet-listing jet-listing-dynamic-field display-inline\"><div class=\"jet-listing-dynamic-field__inline-wrap\"><span class=\"jet-listing-dynamic-field__content\"><p>Taller Benasque, Inspecci\u00f3n T\u00e9cnica de Veh\u00edculos,<br \/>\nPol\u00edgono la Rodiella, 22440<br \/>\nBenasque, Huesca, Espa\u00f1a<\/p>\n<\/span><\/div><\/div>\t\t\t\t<\/div>\n\t\t\t\t<\/div>\n\t\t\t\t<div class=\"elementor-element elementor-element-1898eca elementor-widget elementor-widget-jet-listing-dynamic-link\" data-id=\"1898eca\" data-element_type=\"widget\" data-e-type=\"widget\" data-widget_type=\"jet-listing-dynamic-link.default\">\n\t\t\t\t<div class=\"elementor-widget-container\">\n\t\t\t\t\t<span class=\"jet-listing jet-listing-dynamic-link\"><a href=\"tel:974551216\" class=\"jet-listing-dynamic-link__link\"><i class=\"jet-listing-dynamic-link__icon fas fa-phone-alt\" aria-hidden=\"true\"><\/i><span class=\"jet-listing-dynamic-link__label\">974551216<\/span><\/a><\/span>\t\t\t\t<\/div>\n\t\t\t\t<\/div>\n\t\t\t\t<div class=\"elementor-element elementor-element-0329474 elementor-hidden-phone elementor-widget elementor-widget-jet-listing-dynamic-link\" data-id=\"0329474\" data-element_type=\"widget\" data-e-type=\"widget\" data-widget_type=\"jet-listing-dynamic-link.default\">\n\t\t\t\t<div class=\"elementor-widget-container\">\n\t\t\t\t\t<span class=\"jet-listing jet-listing-dynamic-link\"><a href=\"tel:696499809\" class=\"jet-listing-dynamic-link__link\"><i class=\"jet-listing-dynamic-link__icon oi oi-phone\" aria-hidden=\"true\"><\/i><span class=\"jet-listing-dynamic-link__label\">696499809<\/span><\/a><\/span>\t\t\t\t<\/div>\n\t\t\t\t<\/div>\n\t\t\t\t\t<\/div>\n\t\t<\/div>\n\t\t\t\t\t<\/div>\n\t\t<\/section>\n\t\t\t\t\t<\/div>\n\t\t<\/div>\n\t\t\t\t<div class=\"elementor-column elementor-col-50 elementor-top-column elementor-element elementor-element-bb24a8e\" data-id=\"bb24a8e\" data-element_type=\"column\" data-e-type=\"column\">\n\t\t\t<div class=\"elementor-widget-wrap elementor-element-populated\">\n\t\t\t\t\t\t<div class=\"elementor-element elementor-element-b78d0e4 elementor-widget elementor-widget-image\" data-id=\"b78d0e4\" data-element_type=\"widget\" data-e-type=\"widget\" data-widget_type=\"image.default\">\n\t\t\t\t<div class=\"elementor-widget-container\">\n\t\t\t\t\t\t\t\t\t\t\t\t\t\t\t\t<a href=\"https:\/\/www.expertservicecar.com\/pt-pt\/taller\/talleres-benasque\/\">\n\t\t\t\t\t\t\t<img loading=\"lazy\" decoding=\"async\" width=\"300\" height=\"214\" src=\"https:\/\/www.expertservicecar.com\/wp-content\/uploads\/2024\/09\/Captura-de-pantalla-2024-09-10-104639-300x214.jpg\" class=\"attachment-medium size-medium wp-image-7671\" alt=\"\" srcset=\"https:\/\/www.expertservicecar.com\/wp-content\/uploads\/2024\/09\/Captura-de-pantalla-2024-09-10-104639-300x214.jpg 300w, https:\/\/www.expertservicecar.com\/wp-content\/uploads\/2024\/09\/Captura-de-pantalla-2024-09-10-104639-1024x731.jpg 1024w, https:\/\/www.expertservicecar.com\/wp-content\/uploads\/2024\/09\/Captura-de-pantalla-2024-09-10-104639-768x548.jpg 768w, https:\/\/www.expertservicecar.com\/wp-content\/uploads\/2024\/09\/Captura-de-pantalla-2024-09-10-104639-370x265.jpg 370w, https:\/\/www.expertservicecar.com\/wp-content\/uploads\/2024\/09\/Captura-de-pantalla-2024-09-10-104639-600x428.jpg 600w, https:\/\/www.expertservicecar.com\/wp-content\/uploads\/2024\/09\/Captura-de-pantalla-2024-09-10-104639.jpg 1040w\" sizes=\"(max-width: 300px) 100vw, 300px\" title=\"\">\t\t\t\t\t\t\t\t<\/a>\n\t\t\t\t\t\t\t\t\t\t\t\t\t\t\t<\/div>\n\t\t\t\t<\/div>\n\t\t\t\t\t<\/div>\n\t\t<\/div>\n\t\t\t\t\t<\/div>\n\t\t<\/section>\n\t\t\t\t<\/div>\n\t\t<\/div><div class=\"jet-listing-grid__item jet-listing-dynamic-post-3676 jet-equal-columns\" data-post-id=\"3676\" >\t\t<div data-elementor-type=\"jet-listing-items\" data-elementor-id=\"524\" class=\"elementor elementor-524\" data-elementor-post-type=\"jet-engine\">\n\t\t\t\t\t\t<section class=\"elementor-section elementor-top-section elementor-element elementor-element-ef0c760 elementor-section-content-middle elementor-section-boxed elementor-section-height-default elementor-section-height-default\" data-id=\"ef0c760\" data-element_type=\"section\" data-e-type=\"section\" data-settings=\"{&quot;background_background&quot;:&quot;classic&quot;}\">\n\t\t\t\t\t\t<div class=\"elementor-container elementor-column-gap-default\">\n\t\t\t\t\t<div class=\"elementor-column elementor-col-50 elementor-top-column elementor-element elementor-element-f3770a2\" data-id=\"f3770a2\" data-element_type=\"column\" data-e-type=\"column\">\n\t\t\t<div class=\"elementor-widget-wrap elementor-element-populated\">\n\t\t\t\t\t\t<div class=\"elementor-element elementor-element-6788ee3 elementor-widget__width-auto elementor-widget elementor-widget-theme-post-title elementor-page-title elementor-widget-heading\" data-id=\"6788ee3\" data-element_type=\"widget\" data-e-type=\"widget\" data-widget_type=\"theme-post-title.default\">\n\t\t\t\t<div class=\"elementor-widget-container\">\n\t\t\t\t\t<h5 class=\"elementor-heading-title elementor-size-default\"><a href=\"https:\/\/www.expertservicecar.com\/pt-pt\/taller\/talleres-berna\/\">Talleres Berna<\/a><\/h5>\t\t\t\t<\/div>\n\t\t\t\t<\/div>\n\t\t\t\t<section class=\"elementor-section elementor-inner-section elementor-element elementor-element-dcd0ceb elementor-section-boxed elementor-section-height-default elementor-section-height-default\" data-id=\"dcd0ceb\" data-element_type=\"section\" data-e-type=\"section\">\n\t\t\t\t\t\t<div class=\"elementor-container elementor-column-gap-default\">\n\t\t\t\t\t<div class=\"elementor-column elementor-col-100 elementor-inner-column elementor-element elementor-element-aed0068\" data-id=\"aed0068\" data-element_type=\"column\" data-e-type=\"column\">\n\t\t\t<div class=\"elementor-widget-wrap elementor-element-populated\">\n\t\t\t\t\t\t<div class=\"elementor-element elementor-element-601cf1d elementor-widget__width-auto elementor-widget-mobile__width-auto elementor-widget elementor-widget-jet-listing-dynamic-field\" data-id=\"601cf1d\" data-element_type=\"widget\" data-e-type=\"widget\" data-widget_type=\"jet-listing-dynamic-field.default\">\n\t\t\t\t<div class=\"elementor-widget-container\">\n\t\t\t\t\t<div class=\"jet-listing jet-listing-dynamic-field display-inline\"><div class=\"jet-listing-dynamic-field__inline-wrap\"><span class=\"jet-listing-dynamic-field__content\"><p>Calle Circunde, 6D<br \/>\nPol Ind. La Portalada<br \/>\n26006 Logro\u00f1o<br \/>\nLa Rioja<\/p>\n<\/span><\/div><\/div>\t\t\t\t<\/div>\n\t\t\t\t<\/div>\n\t\t\t\t<div class=\"elementor-element elementor-element-1898eca elementor-widget elementor-widget-jet-listing-dynamic-link\" data-id=\"1898eca\" data-element_type=\"widget\" data-e-type=\"widget\" data-widget_type=\"jet-listing-dynamic-link.default\">\n\t\t\t\t<div class=\"elementor-widget-container\">\n\t\t\t\t\t<span class=\"jet-listing jet-listing-dynamic-link\"><a href=\"tel:+34 941 256816\" class=\"jet-listing-dynamic-link__link\"><i class=\"jet-listing-dynamic-link__icon fas fa-phone-alt\" aria-hidden=\"true\"><\/i><span class=\"jet-listing-dynamic-link__label\">+34 941 256816<\/span><\/a><\/span>\t\t\t\t<\/div>\n\t\t\t\t<\/div>\n\t\t\t\t<div class=\"elementor-element elementor-element-0329474 elementor-hidden-phone elementor-widget elementor-widget-jet-listing-dynamic-link\" data-id=\"0329474\" data-element_type=\"widget\" data-e-type=\"widget\" data-widget_type=\"jet-listing-dynamic-link.default\">\n\t\t\t\t<div class=\"elementor-widget-container\">\n\t\t\t\t\t<span class=\"jet-listing jet-listing-dynamic-link\"><a href=\"tel:+34 608 106 933\" class=\"jet-listing-dynamic-link__link\"><i class=\"jet-listing-dynamic-link__icon oi oi-phone\" aria-hidden=\"true\"><\/i><span class=\"jet-listing-dynamic-link__label\">+34 608 106 933<\/span><\/a><\/span>\t\t\t\t<\/div>\n\t\t\t\t<\/div>\n\t\t\t\t\t<\/div>\n\t\t<\/div>\n\t\t\t\t\t<\/div>\n\t\t<\/section>\n\t\t\t\t\t<\/div>\n\t\t<\/div>\n\t\t\t\t<div class=\"elementor-column elementor-col-50 elementor-top-column elementor-element elementor-element-bb24a8e\" data-id=\"bb24a8e\" data-element_type=\"column\" data-e-type=\"column\">\n\t\t\t<div class=\"elementor-widget-wrap elementor-element-populated\">\n\t\t\t\t\t\t<div class=\"elementor-element elementor-element-b78d0e4 elementor-widget elementor-widget-image\" data-id=\"b78d0e4\" data-element_type=\"widget\" data-e-type=\"widget\" data-widget_type=\"image.default\">\n\t\t\t\t<div class=\"elementor-widget-container\">\n\t\t\t\t\t\t\t\t\t\t\t\t\t\t\t\t<a href=\"https:\/\/www.expertservicecar.com\/pt-pt\/taller\/talleres-berna\/\">\n\t\t\t\t\t\t\t<img loading=\"lazy\" decoding=\"async\" width=\"300\" height=\"231\" src=\"https:\/\/www.expertservicecar.com\/wp-content\/uploads\/2021\/06\/talleres-berna-300x231.jpg\" class=\"attachment-medium size-medium wp-image-3677\" alt=\"Talleres Berna\" srcset=\"https:\/\/www.expertservicecar.com\/wp-content\/uploads\/2021\/06\/talleres-berna-300x231.jpg 300w, https:\/\/www.expertservicecar.com\/wp-content\/uploads\/2021\/06\/talleres-berna-768x592.jpg 768w, https:\/\/www.expertservicecar.com\/wp-content\/uploads\/2021\/06\/talleres-berna-600x463.jpg 600w, https:\/\/www.expertservicecar.com\/wp-content\/uploads\/2021\/06\/talleres-berna.jpg 900w\" sizes=\"(max-width: 300px) 100vw, 300px\" title=\"\">\t\t\t\t\t\t\t\t<\/a>\n\t\t\t\t\t\t\t\t\t\t\t\t\t\t\t<\/div>\n\t\t\t\t<\/div>\n\t\t\t\t\t<\/div>\n\t\t<\/div>\n\t\t\t\t\t<\/div>\n\t\t<\/section>\n\t\t\t\t<\/div>\n\t\t<\/div><div class=\"jet-listing-grid__item jet-listing-dynamic-post-7069 jet-equal-columns\" data-post-id=\"7069\" >\t\t<div data-elementor-type=\"jet-listing-items\" data-elementor-id=\"524\" class=\"elementor elementor-524\" data-elementor-post-type=\"jet-engine\">\n\t\t\t\t\t\t<section class=\"elementor-section elementor-top-section elementor-element elementor-element-ef0c760 elementor-section-content-middle elementor-section-boxed elementor-section-height-default elementor-section-height-default\" data-id=\"ef0c760\" data-element_type=\"section\" data-e-type=\"section\" data-settings=\"{&quot;background_background&quot;:&quot;classic&quot;}\">\n\t\t\t\t\t\t<div class=\"elementor-container elementor-column-gap-default\">\n\t\t\t\t\t<div class=\"elementor-column elementor-col-50 elementor-top-column elementor-element elementor-element-f3770a2\" data-id=\"f3770a2\" data-element_type=\"column\" data-e-type=\"column\">\n\t\t\t<div class=\"elementor-widget-wrap elementor-element-populated\">\n\t\t\t\t\t\t<div class=\"elementor-element elementor-element-6788ee3 elementor-widget__width-auto elementor-widget elementor-widget-theme-post-title elementor-page-title elementor-widget-heading\" data-id=\"6788ee3\" data-element_type=\"widget\" data-e-type=\"widget\" data-widget_type=\"theme-post-title.default\">\n\t\t\t\t<div class=\"elementor-widget-container\">\n\t\t\t\t\t<h5 class=\"elementor-heading-title elementor-size-default\"><a href=\"https:\/\/www.expertservicecar.com\/pt-pt\/taller\/talleres-el-plano-s-l\/\">TALLERES EL PLANO, S.L.<\/a><\/h5>\t\t\t\t<\/div>\n\t\t\t\t<\/div>\n\t\t\t\t<section class=\"elementor-section elementor-inner-section elementor-element elementor-element-dcd0ceb elementor-section-boxed elementor-section-height-default elementor-section-height-default\" data-id=\"dcd0ceb\" data-element_type=\"section\" data-e-type=\"section\">\n\t\t\t\t\t\t<div class=\"elementor-container elementor-column-gap-default\">\n\t\t\t\t\t<div class=\"elementor-column elementor-col-100 elementor-inner-column elementor-element elementor-element-aed0068\" data-id=\"aed0068\" data-element_type=\"column\" data-e-type=\"column\">\n\t\t\t<div class=\"elementor-widget-wrap elementor-element-populated\">\n\t\t\t\t\t\t<div class=\"elementor-element elementor-element-601cf1d elementor-widget__width-auto elementor-widget-mobile__width-auto elementor-widget elementor-widget-jet-listing-dynamic-field\" data-id=\"601cf1d\" data-element_type=\"widget\" data-e-type=\"widget\" data-widget_type=\"jet-listing-dynamic-field.default\">\n\t\t\t\t<div class=\"elementor-widget-container\">\n\t\t\t\t\t<div class=\"jet-listing jet-listing-dynamic-field display-inline\"><div class=\"jet-listing-dynamic-field__inline-wrap\"><span class=\"jet-listing-dynamic-field__content\"><p>Crta Sagunto Burgos, km 94, 500<br \/>\n44450, Teruel<\/p>\n<\/span><\/div><\/div>\t\t\t\t<\/div>\n\t\t\t\t<\/div>\n\t\t\t\t<div class=\"elementor-element elementor-element-1898eca elementor-widget elementor-widget-jet-listing-dynamic-link\" data-id=\"1898eca\" data-element_type=\"widget\" data-e-type=\"widget\" data-widget_type=\"jet-listing-dynamic-link.default\">\n\t\t\t\t<div class=\"elementor-widget-container\">\n\t\t\t\t\t<span class=\"jet-listing jet-listing-dynamic-link\"><a href=\"tel:978670233\" class=\"jet-listing-dynamic-link__link\"><i class=\"jet-listing-dynamic-link__icon fas fa-phone-alt\" aria-hidden=\"true\"><\/i><span class=\"jet-listing-dynamic-link__label\">978670233<\/span><\/a><\/span>\t\t\t\t<\/div>\n\t\t\t\t<\/div>\n\t\t\t\t\t<\/div>\n\t\t<\/div>\n\t\t\t\t\t<\/div>\n\t\t<\/section>\n\t\t\t\t\t<\/div>\n\t\t<\/div>\n\t\t\t\t<div class=\"elementor-column elementor-col-50 elementor-top-column elementor-element elementor-element-bb24a8e\" data-id=\"bb24a8e\" data-element_type=\"column\" data-e-type=\"column\">\n\t\t\t<div class=\"elementor-widget-wrap elementor-element-populated\">\n\t\t\t\t\t\t<div class=\"elementor-element elementor-element-b78d0e4 elementor-widget elementor-widget-image\" data-id=\"b78d0e4\" data-element_type=\"widget\" data-e-type=\"widget\" data-widget_type=\"image.default\">\n\t\t\t\t<div class=\"elementor-widget-container\">\n\t\t\t\t\t\t\t\t\t\t\t\t\t\t\t\t<a href=\"https:\/\/www.expertservicecar.com\/pt-pt\/taller\/talleres-el-plano-s-l\/\">\n\t\t\t\t\t\t\t<img loading=\"lazy\" decoding=\"async\" width=\"300\" height=\"225\" src=\"https:\/\/www.expertservicecar.com\/wp-content\/uploads\/2023\/08\/el-plano-300x225.jpg\" class=\"attachment-medium size-medium wp-image-7070\" alt=\"\" srcset=\"https:\/\/www.expertservicecar.com\/wp-content\/uploads\/2023\/08\/el-plano-300x225.jpg 300w, https:\/\/www.expertservicecar.com\/wp-content\/uploads\/2023\/08\/el-plano-1024x768.jpg 1024w, https:\/\/www.expertservicecar.com\/wp-content\/uploads\/2023\/08\/el-plano-768x576.jpg 768w, https:\/\/www.expertservicecar.com\/wp-content\/uploads\/2023\/08\/el-plano-600x450.jpg 600w, https:\/\/www.expertservicecar.com\/wp-content\/uploads\/2023\/08\/el-plano.jpg 1174w\" sizes=\"(max-width: 300px) 100vw, 300px\" title=\"\">\t\t\t\t\t\t\t\t<\/a>\n\t\t\t\t\t\t\t\t\t\t\t\t\t\t\t<\/div>\n\t\t\t\t<\/div>\n\t\t\t\t\t<\/div>\n\t\t<\/div>\n\t\t\t\t\t<\/div>\n\t\t<\/section>\n\t\t\t\t<\/div>\n\t\t<\/div><div class=\"jet-listing-grid__item jet-listing-dynamic-post-6229 jet-equal-columns\" data-post-id=\"6229\" >\t\t<div data-elementor-type=\"jet-listing-items\" data-elementor-id=\"524\" class=\"elementor elementor-524\" data-elementor-post-type=\"jet-engine\">\n\t\t\t\t\t\t<section class=\"elementor-section elementor-top-section elementor-element elementor-element-ef0c760 elementor-section-content-middle elementor-section-boxed elementor-section-height-default elementor-section-height-default\" data-id=\"ef0c760\" data-element_type=\"section\" data-e-type=\"section\" data-settings=\"{&quot;background_background&quot;:&quot;classic&quot;}\">\n\t\t\t\t\t\t<div class=\"elementor-container elementor-column-gap-default\">\n\t\t\t\t\t<div class=\"elementor-column elementor-col-50 elementor-top-column elementor-element elementor-element-f3770a2\" data-id=\"f3770a2\" data-element_type=\"column\" data-e-type=\"column\">\n\t\t\t<div class=\"elementor-widget-wrap elementor-element-populated\">\n\t\t\t\t\t\t<div class=\"elementor-element elementor-element-6788ee3 elementor-widget__width-auto elementor-widget elementor-widget-theme-post-title elementor-page-title elementor-widget-heading\" data-id=\"6788ee3\" data-element_type=\"widget\" data-e-type=\"widget\" data-widget_type=\"theme-post-title.default\">\n\t\t\t\t<div class=\"elementor-widget-container\">\n\t\t\t\t\t<h5 class=\"elementor-heading-title elementor-size-default\"><a href=\"https:\/\/www.expertservicecar.com\/pt-pt\/taller\/talleres-fuente-montero\/\">Talleres Fuente Montero<\/a><\/h5>\t\t\t\t<\/div>\n\t\t\t\t<\/div>\n\t\t\t\t<section class=\"elementor-section elementor-inner-section elementor-element elementor-element-dcd0ceb elementor-section-boxed elementor-section-height-default elementor-section-height-default\" data-id=\"dcd0ceb\" data-element_type=\"section\" data-e-type=\"section\">\n\t\t\t\t\t\t<div class=\"elementor-container elementor-column-gap-default\">\n\t\t\t\t\t<div class=\"elementor-column elementor-col-100 elementor-inner-column elementor-element elementor-element-aed0068\" data-id=\"aed0068\" data-element_type=\"column\" data-e-type=\"column\">\n\t\t\t<div class=\"elementor-widget-wrap elementor-element-populated\">\n\t\t\t\t\t\t<div class=\"elementor-element elementor-element-601cf1d elementor-widget__width-auto elementor-widget-mobile__width-auto elementor-widget elementor-widget-jet-listing-dynamic-field\" data-id=\"601cf1d\" data-element_type=\"widget\" data-e-type=\"widget\" data-widget_type=\"jet-listing-dynamic-field.default\">\n\t\t\t\t<div class=\"elementor-widget-container\">\n\t\t\t\t\t<div class=\"jet-listing jet-listing-dynamic-field display-inline\"><div class=\"jet-listing-dynamic-field__inline-wrap\"><span class=\"jet-listing-dynamic-field__content\"><p>Av. de Fuenlabrada, 47,<br \/>\n28970 Humanes de Madrid, Madrid<\/p>\n<\/span><\/div><\/div>\t\t\t\t<\/div>\n\t\t\t\t<\/div>\n\t\t\t\t<div class=\"elementor-element elementor-element-1898eca elementor-widget elementor-widget-jet-listing-dynamic-link\" data-id=\"1898eca\" data-element_type=\"widget\" data-e-type=\"widget\" data-widget_type=\"jet-listing-dynamic-link.default\">\n\t\t\t\t<div class=\"elementor-widget-container\">\n\t\t\t\t\t<span class=\"jet-listing jet-listing-dynamic-link\"><a href=\"tel:910514336\" class=\"jet-listing-dynamic-link__link\"><i class=\"jet-listing-dynamic-link__icon fas fa-phone-alt\" aria-hidden=\"true\"><\/i><span class=\"jet-listing-dynamic-link__label\">910514336<\/span><\/a><\/span>\t\t\t\t<\/div>\n\t\t\t\t<\/div>\n\t\t\t\t<div class=\"elementor-element elementor-element-0329474 elementor-hidden-phone elementor-widget elementor-widget-jet-listing-dynamic-link\" data-id=\"0329474\" data-element_type=\"widget\" data-e-type=\"widget\" data-widget_type=\"jet-listing-dynamic-link.default\">\n\t\t\t\t<div class=\"elementor-widget-container\">\n\t\t\t\t\t<span class=\"jet-listing jet-listing-dynamic-link\"><a href=\"tel:616908926\" class=\"jet-listing-dynamic-link__link\"><i class=\"jet-listing-dynamic-link__icon oi oi-phone\" aria-hidden=\"true\"><\/i><span class=\"jet-listing-dynamic-link__label\">616908926<\/span><\/a><\/span>\t\t\t\t<\/div>\n\t\t\t\t<\/div>\n\t\t\t\t\t<\/div>\n\t\t<\/div>\n\t\t\t\t\t<\/div>\n\t\t<\/section>\n\t\t\t\t\t<\/div>\n\t\t<\/div>\n\t\t\t\t<div class=\"elementor-column elementor-col-50 elementor-top-column elementor-element elementor-element-bb24a8e\" data-id=\"bb24a8e\" data-element_type=\"column\" data-e-type=\"column\">\n\t\t\t<div class=\"elementor-widget-wrap elementor-element-populated\">\n\t\t\t\t\t\t<div class=\"elementor-element elementor-element-b78d0e4 elementor-widget elementor-widget-image\" data-id=\"b78d0e4\" data-element_type=\"widget\" data-e-type=\"widget\" data-widget_type=\"image.default\">\n\t\t\t\t<div class=\"elementor-widget-container\">\n\t\t\t\t\t\t\t\t\t\t\t\t\t\t\t\t<a href=\"https:\/\/www.expertservicecar.com\/pt-pt\/taller\/talleres-fuente-montero\/\">\n\t\t\t\t\t\t\t<img loading=\"lazy\" decoding=\"async\" width=\"300\" height=\"226\" src=\"https:\/\/www.expertservicecar.com\/wp-content\/uploads\/2022\/06\/talleres_fuentemontero-1-300x226.jpg\" class=\"attachment-medium size-medium wp-image-6438\" alt=\"\" srcset=\"https:\/\/www.expertservicecar.com\/wp-content\/uploads\/2022\/06\/talleres_fuentemontero-1-300x226.jpg 300w, https:\/\/www.expertservicecar.com\/wp-content\/uploads\/2022\/06\/talleres_fuentemontero-1-1024x771.jpg 1024w, https:\/\/www.expertservicecar.com\/wp-content\/uploads\/2022\/06\/talleres_fuentemontero-1-768x579.jpg 768w, https:\/\/www.expertservicecar.com\/wp-content\/uploads\/2022\/06\/talleres_fuentemontero-1-600x452.jpg 600w, https:\/\/www.expertservicecar.com\/wp-content\/uploads\/2022\/06\/talleres_fuentemontero-1.jpg 1200w\" sizes=\"(max-width: 300px) 100vw, 300px\" title=\"\">\t\t\t\t\t\t\t\t<\/a>\n\t\t\t\t\t\t\t\t\t\t\t\t\t\t\t<\/div>\n\t\t\t\t<\/div>\n\t\t\t\t\t<\/div>\n\t\t<\/div>\n\t\t\t\t\t<\/div>\n\t\t<\/section>\n\t\t\t\t<\/div>\n\t\t<\/div><div class=\"jet-listing-grid__item jet-listing-dynamic-post-6647 jet-equal-columns\" data-post-id=\"6647\" >\t\t<div data-elementor-type=\"jet-listing-items\" data-elementor-id=\"524\" class=\"elementor elementor-524\" data-elementor-post-type=\"jet-engine\">\n\t\t\t\t\t\t<section class=\"elementor-section elementor-top-section elementor-element elementor-element-ef0c760 elementor-section-content-middle elementor-section-boxed elementor-section-height-default elementor-section-height-default\" data-id=\"ef0c760\" data-element_type=\"section\" data-e-type=\"section\" data-settings=\"{&quot;background_background&quot;:&quot;classic&quot;}\">\n\t\t\t\t\t\t<div class=\"elementor-container elementor-column-gap-default\">\n\t\t\t\t\t<div class=\"elementor-column elementor-col-50 elementor-top-column elementor-element elementor-element-f3770a2\" data-id=\"f3770a2\" data-element_type=\"column\" data-e-type=\"column\">\n\t\t\t<div class=\"elementor-widget-wrap elementor-element-populated\">\n\t\t\t\t\t\t<div class=\"elementor-element elementor-element-6788ee3 elementor-widget__width-auto elementor-widget elementor-widget-theme-post-title elementor-page-title elementor-widget-heading\" data-id=\"6788ee3\" data-element_type=\"widget\" data-e-type=\"widget\" data-widget_type=\"theme-post-title.default\">\n\t\t\t\t<div class=\"elementor-widget-container\">\n\t\t\t\t\t<h5 class=\"elementor-heading-title elementor-size-default\"><a href=\"https:\/\/www.expertservicecar.com\/pt-pt\/taller\/talleres-galkar\/\">Talleres Galkar<\/a><\/h5>\t\t\t\t<\/div>\n\t\t\t\t<\/div>\n\t\t\t\t<section class=\"elementor-section elementor-inner-section elementor-element elementor-element-dcd0ceb elementor-section-boxed elementor-section-height-default elementor-section-height-default\" data-id=\"dcd0ceb\" data-element_type=\"section\" data-e-type=\"section\">\n\t\t\t\t\t\t<div class=\"elementor-container elementor-column-gap-default\">\n\t\t\t\t\t<div class=\"elementor-column elementor-col-100 elementor-inner-column elementor-element elementor-element-aed0068\" data-id=\"aed0068\" data-element_type=\"column\" data-e-type=\"column\">\n\t\t\t<div class=\"elementor-widget-wrap elementor-element-populated\">\n\t\t\t\t\t\t<div class=\"elementor-element elementor-element-601cf1d elementor-widget__width-auto elementor-widget-mobile__width-auto elementor-widget elementor-widget-jet-listing-dynamic-field\" data-id=\"601cf1d\" data-element_type=\"widget\" data-e-type=\"widget\" data-widget_type=\"jet-listing-dynamic-field.default\">\n\t\t\t\t<div class=\"elementor-widget-container\">\n\t\t\t\t\t<div class=\"jet-listing jet-listing-dynamic-field display-inline\"><div class=\"jet-listing-dynamic-field__inline-wrap\"><span class=\"jet-listing-dynamic-field__content\"><p>Barrio Ambasaguas 66A,<br \/>\n48891, Vizcaya<\/p>\n<\/span><\/div><\/div>\t\t\t\t<\/div>\n\t\t\t\t<\/div>\n\t\t\t\t<div class=\"elementor-element elementor-element-1898eca elementor-widget elementor-widget-jet-listing-dynamic-link\" data-id=\"1898eca\" data-element_type=\"widget\" data-e-type=\"widget\" data-widget_type=\"jet-listing-dynamic-link.default\">\n\t\t\t\t<div class=\"elementor-widget-container\">\n\t\t\t\t\t<span class=\"jet-listing jet-listing-dynamic-link\"><a href=\"tel:\" class=\"jet-listing-dynamic-link__link\"><i class=\"jet-listing-dynamic-link__icon fas fa-phone-alt\" aria-hidden=\"true\"><\/i><\/a><\/span>\t\t\t\t<\/div>\n\t\t\t\t<\/div>\n\t\t\t\t<div class=\"elementor-element elementor-element-0329474 elementor-hidden-phone elementor-widget elementor-widget-jet-listing-dynamic-link\" data-id=\"0329474\" data-element_type=\"widget\" data-e-type=\"widget\" data-widget_type=\"jet-listing-dynamic-link.default\">\n\t\t\t\t<div class=\"elementor-widget-container\">\n\t\t\t\t\t<span class=\"jet-listing jet-listing-dynamic-link\"><a href=\"tel:675702971\" class=\"jet-listing-dynamic-link__link\"><i class=\"jet-listing-dynamic-link__icon oi oi-phone\" aria-hidden=\"true\"><\/i><span class=\"jet-listing-dynamic-link__label\">675702971<\/span><\/a><\/span>\t\t\t\t<\/div>\n\t\t\t\t<\/div>\n\t\t\t\t\t<\/div>\n\t\t<\/div>\n\t\t\t\t\t<\/div>\n\t\t<\/section>\n\t\t\t\t\t<\/div>\n\t\t<\/div>\n\t\t\t\t<div class=\"elementor-column elementor-col-50 elementor-top-column elementor-element elementor-element-bb24a8e\" data-id=\"bb24a8e\" data-element_type=\"column\" data-e-type=\"column\">\n\t\t\t<div class=\"elementor-widget-wrap elementor-element-populated\">\n\t\t\t\t\t\t<div class=\"elementor-element elementor-element-b78d0e4 elementor-widget elementor-widget-image\" data-id=\"b78d0e4\" data-element_type=\"widget\" data-e-type=\"widget\" data-widget_type=\"image.default\">\n\t\t\t\t<div class=\"elementor-widget-container\">\n\t\t\t\t\t\t\t\t\t\t\t\t\t\t\t\t<a href=\"https:\/\/www.expertservicecar.com\/pt-pt\/taller\/talleres-galkar\/\">\n\t\t\t\t\t\t\t<img loading=\"lazy\" decoding=\"async\" width=\"300\" height=\"167\" src=\"https:\/\/www.expertservicecar.com\/wp-content\/uploads\/2023\/02\/Captura-de-pantalla-2023-02-28-101826-300x167.jpg\" class=\"attachment-medium size-medium wp-image-6648\" alt=\"\" srcset=\"https:\/\/www.expertservicecar.com\/wp-content\/uploads\/2023\/02\/Captura-de-pantalla-2023-02-28-101826-300x167.jpg 300w, https:\/\/www.expertservicecar.com\/wp-content\/uploads\/2023\/02\/Captura-de-pantalla-2023-02-28-101826-1024x572.jpg 1024w, https:\/\/www.expertservicecar.com\/wp-content\/uploads\/2023\/02\/Captura-de-pantalla-2023-02-28-101826-768x429.jpg 768w, https:\/\/www.expertservicecar.com\/wp-content\/uploads\/2023\/02\/Captura-de-pantalla-2023-02-28-101826-150x85.jpg 150w, https:\/\/www.expertservicecar.com\/wp-content\/uploads\/2023\/02\/Captura-de-pantalla-2023-02-28-101826-1170x650.jpg 1170w, https:\/\/www.expertservicecar.com\/wp-content\/uploads\/2023\/02\/Captura-de-pantalla-2023-02-28-101826-600x335.jpg 600w, https:\/\/www.expertservicecar.com\/wp-content\/uploads\/2023\/02\/Captura-de-pantalla-2023-02-28-101826.jpg 1238w\" sizes=\"(max-width: 300px) 100vw, 300px\" title=\"\">\t\t\t\t\t\t\t\t<\/a>\n\t\t\t\t\t\t\t\t\t\t\t\t\t\t\t<\/div>\n\t\t\t\t<\/div>\n\t\t\t\t\t<\/div>\n\t\t<\/div>\n\t\t\t\t\t<\/div>\n\t\t<\/section>\n\t\t\t\t<\/div>\n\t\t<\/div><div class=\"jet-listing-grid__item jet-listing-dynamic-post-7382 jet-equal-columns\" data-post-id=\"7382\" >\t\t<div data-elementor-type=\"jet-listing-items\" data-elementor-id=\"524\" class=\"elementor elementor-524\" data-elementor-post-type=\"jet-engine\">\n\t\t\t\t\t\t<section class=\"elementor-section elementor-top-section elementor-element elementor-element-ef0c760 elementor-section-content-middle elementor-section-boxed elementor-section-height-default elementor-section-height-default\" data-id=\"ef0c760\" data-element_type=\"section\" data-e-type=\"section\" data-settings=\"{&quot;background_background&quot;:&quot;classic&quot;}\">\n\t\t\t\t\t\t<div class=\"elementor-container elementor-column-gap-default\">\n\t\t\t\t\t<div class=\"elementor-column elementor-col-50 elementor-top-column elementor-element elementor-element-f3770a2\" data-id=\"f3770a2\" data-element_type=\"column\" data-e-type=\"column\">\n\t\t\t<div class=\"elementor-widget-wrap elementor-element-populated\">\n\t\t\t\t\t\t<div class=\"elementor-element elementor-element-6788ee3 elementor-widget__width-auto elementor-widget elementor-widget-theme-post-title elementor-page-title elementor-widget-heading\" data-id=\"6788ee3\" data-element_type=\"widget\" data-e-type=\"widget\" data-widget_type=\"theme-post-title.default\">\n\t\t\t\t<div class=\"elementor-widget-container\">\n\t\t\t\t\t<h5 class=\"elementor-heading-title elementor-size-default\"><a href=\"https:\/\/www.expertservicecar.com\/pt-pt\/taller\/talleres-gilmar\/\">Talleres Gilmar<\/a><\/h5>\t\t\t\t<\/div>\n\t\t\t\t<\/div>\n\t\t\t\t<section class=\"elementor-section elementor-inner-section elementor-element elementor-element-dcd0ceb elementor-section-boxed elementor-section-height-default elementor-section-height-default\" data-id=\"dcd0ceb\" data-element_type=\"section\" data-e-type=\"section\">\n\t\t\t\t\t\t<div class=\"elementor-container elementor-column-gap-default\">\n\t\t\t\t\t<div class=\"elementor-column elementor-col-100 elementor-inner-column elementor-element elementor-element-aed0068\" data-id=\"aed0068\" data-element_type=\"column\" data-e-type=\"column\">\n\t\t\t<div class=\"elementor-widget-wrap elementor-element-populated\">\n\t\t\t\t\t\t<div class=\"elementor-element elementor-element-601cf1d elementor-widget__width-auto elementor-widget-mobile__width-auto elementor-widget elementor-widget-jet-listing-dynamic-field\" data-id=\"601cf1d\" data-element_type=\"widget\" data-e-type=\"widget\" data-widget_type=\"jet-listing-dynamic-field.default\">\n\t\t\t\t<div class=\"elementor-widget-container\">\n\t\t\t\t\t<div class=\"jet-listing jet-listing-dynamic-field display-inline\"><div class=\"jet-listing-dynamic-field__inline-wrap\"><span class=\"jet-listing-dynamic-field__content\"><p>C. Somosierra, 32,<br \/>\n40006 Segovia<\/p>\n<\/span><\/div><\/div>\t\t\t\t<\/div>\n\t\t\t\t<\/div>\n\t\t\t\t<div class=\"elementor-element elementor-element-1898eca elementor-widget elementor-widget-jet-listing-dynamic-link\" data-id=\"1898eca\" data-element_type=\"widget\" data-e-type=\"widget\" data-widget_type=\"jet-listing-dynamic-link.default\">\n\t\t\t\t<div class=\"elementor-widget-container\">\n\t\t\t\t\t<span class=\"jet-listing jet-listing-dynamic-link\"><a href=\"tel:921428647\" class=\"jet-listing-dynamic-link__link\"><i class=\"jet-listing-dynamic-link__icon fas fa-phone-alt\" aria-hidden=\"true\"><\/i><span class=\"jet-listing-dynamic-link__label\">921428647<\/span><\/a><\/span>\t\t\t\t<\/div>\n\t\t\t\t<\/div>\n\t\t\t\t<div class=\"elementor-element elementor-element-0329474 elementor-hidden-phone elementor-widget elementor-widget-jet-listing-dynamic-link\" data-id=\"0329474\" data-element_type=\"widget\" data-e-type=\"widget\" data-widget_type=\"jet-listing-dynamic-link.default\">\n\t\t\t\t<div class=\"elementor-widget-container\">\n\t\t\t\t\t<span class=\"jet-listing jet-listing-dynamic-link\"><a href=\"tel:692453111\" class=\"jet-listing-dynamic-link__link\"><i class=\"jet-listing-dynamic-link__icon oi oi-phone\" aria-hidden=\"true\"><\/i><span class=\"jet-listing-dynamic-link__label\">692453111<\/span><\/a><\/span>\t\t\t\t<\/div>\n\t\t\t\t<\/div>\n\t\t\t\t\t<\/div>\n\t\t<\/div>\n\t\t\t\t\t<\/div>\n\t\t<\/section>\n\t\t\t\t\t<\/div>\n\t\t<\/div>\n\t\t\t\t<div class=\"elementor-column elementor-col-50 elementor-top-column elementor-element elementor-element-bb24a8e\" data-id=\"bb24a8e\" data-element_type=\"column\" data-e-type=\"column\">\n\t\t\t<div class=\"elementor-widget-wrap elementor-element-populated\">\n\t\t\t\t\t\t<div class=\"elementor-element elementor-element-b78d0e4 elementor-widget elementor-widget-image\" data-id=\"b78d0e4\" data-element_type=\"widget\" data-e-type=\"widget\" data-widget_type=\"image.default\">\n\t\t\t\t<div class=\"elementor-widget-container\">\n\t\t\t\t\t\t\t\t\t\t\t\t\t\t\t\t<a href=\"https:\/\/www.expertservicecar.com\/pt-pt\/taller\/talleres-gilmar\/\">\n\t\t\t\t\t\t\t<img loading=\"lazy\" decoding=\"async\" width=\"300\" height=\"267\" src=\"https:\/\/www.expertservicecar.com\/wp-content\/uploads\/2024\/03\/gilmar-300x267.jpg\" class=\"attachment-medium size-medium wp-image-7383\" alt=\"\" srcset=\"https:\/\/www.expertservicecar.com\/wp-content\/uploads\/2024\/03\/gilmar-300x267.jpg 300w, https:\/\/www.expertservicecar.com\/wp-content\/uploads\/2024\/03\/gilmar-768x684.jpg 768w, https:\/\/www.expertservicecar.com\/wp-content\/uploads\/2024\/03\/gilmar-600x535.jpg 600w, https:\/\/www.expertservicecar.com\/wp-content\/uploads\/2024\/03\/gilmar.jpg 1018w\" sizes=\"(max-width: 300px) 100vw, 300px\" title=\"\">\t\t\t\t\t\t\t\t<\/a>\n\t\t\t\t\t\t\t\t\t\t\t\t\t\t\t<\/div>\n\t\t\t\t<\/div>\n\t\t\t\t\t<\/div>\n\t\t<\/div>\n\t\t\t\t\t<\/div>\n\t\t<\/section>\n\t\t\t\t<\/div>\n\t\t<\/div><div class=\"jet-listing-grid__item jet-listing-dynamic-post-6455 jet-equal-columns\" data-post-id=\"6455\" >\t\t<div data-elementor-type=\"jet-listing-items\" data-elementor-id=\"524\" class=\"elementor elementor-524\" data-elementor-post-type=\"jet-engine\">\n\t\t\t\t\t\t<section class=\"elementor-section elementor-top-section elementor-element elementor-element-ef0c760 elementor-section-content-middle elementor-section-boxed elementor-section-height-default elementor-section-height-default\" data-id=\"ef0c760\" data-element_type=\"section\" data-e-type=\"section\" data-settings=\"{&quot;background_background&quot;:&quot;classic&quot;}\">\n\t\t\t\t\t\t<div class=\"elementor-container elementor-column-gap-default\">\n\t\t\t\t\t<div class=\"elementor-column elementor-col-50 elementor-top-column elementor-element elementor-element-f3770a2\" data-id=\"f3770a2\" data-element_type=\"column\" data-e-type=\"column\">\n\t\t\t<div class=\"elementor-widget-wrap elementor-element-populated\">\n\t\t\t\t\t\t<div class=\"elementor-element elementor-element-6788ee3 elementor-widget__width-auto elementor-widget elementor-widget-theme-post-title elementor-page-title elementor-widget-heading\" data-id=\"6788ee3\" data-element_type=\"widget\" data-e-type=\"widget\" data-widget_type=\"theme-post-title.default\">\n\t\t\t\t<div class=\"elementor-widget-container\">\n\t\t\t\t\t<h5 class=\"elementor-heading-title elementor-size-default\"><a href=\"https:\/\/www.expertservicecar.com\/pt-pt\/taller\/talleres-gonzalez-arteixo\/\">TALLERES GONZ\u00c1LEZ ARTEIXO<\/a><\/h5>\t\t\t\t<\/div>\n\t\t\t\t<\/div>\n\t\t\t\t<section class=\"elementor-section elementor-inner-section elementor-element elementor-element-dcd0ceb elementor-section-boxed elementor-section-height-default elementor-section-height-default\" data-id=\"dcd0ceb\" data-element_type=\"section\" data-e-type=\"section\">\n\t\t\t\t\t\t<div class=\"elementor-container elementor-column-gap-default\">\n\t\t\t\t\t<div class=\"elementor-column elementor-col-100 elementor-inner-column elementor-element elementor-element-aed0068\" data-id=\"aed0068\" data-element_type=\"column\" data-e-type=\"column\">\n\t\t\t<div class=\"elementor-widget-wrap elementor-element-populated\">\n\t\t\t\t\t\t<div class=\"elementor-element elementor-element-601cf1d elementor-widget__width-auto elementor-widget-mobile__width-auto elementor-widget elementor-widget-jet-listing-dynamic-field\" data-id=\"601cf1d\" data-element_type=\"widget\" data-e-type=\"widget\" data-widget_type=\"jet-listing-dynamic-field.default\">\n\t\t\t\t<div class=\"elementor-widget-container\">\n\t\t\t\t\t<div class=\"jet-listing jet-listing-dynamic-field display-inline\"><div class=\"jet-listing-dynamic-field__inline-wrap\"><span class=\"jet-listing-dynamic-field__content\"><p>Traves\u00eda de Arteixo, 256,<br \/>\n15142 Arteixo, A Coru\u00f1a<\/p>\n<\/span><\/div><\/div>\t\t\t\t<\/div>\n\t\t\t\t<\/div>\n\t\t\t\t<div class=\"elementor-element elementor-element-1898eca elementor-widget elementor-widget-jet-listing-dynamic-link\" data-id=\"1898eca\" data-element_type=\"widget\" data-e-type=\"widget\" data-widget_type=\"jet-listing-dynamic-link.default\">\n\t\t\t\t<div class=\"elementor-widget-container\">\n\t\t\t\t\t<span class=\"jet-listing jet-listing-dynamic-link\"><a href=\"tel:981600614\" class=\"jet-listing-dynamic-link__link\"><i class=\"jet-listing-dynamic-link__icon fas fa-phone-alt\" aria-hidden=\"true\"><\/i><span class=\"jet-listing-dynamic-link__label\">981600614<\/span><\/a><\/span>\t\t\t\t<\/div>\n\t\t\t\t<\/div>\n\t\t\t\t<div class=\"elementor-element elementor-element-0329474 elementor-hidden-phone elementor-widget elementor-widget-jet-listing-dynamic-link\" data-id=\"0329474\" data-element_type=\"widget\" data-e-type=\"widget\" data-widget_type=\"jet-listing-dynamic-link.default\">\n\t\t\t\t<div class=\"elementor-widget-container\">\n\t\t\t\t\t<span class=\"jet-listing jet-listing-dynamic-link\"><a href=\"tel:699565496\" class=\"jet-listing-dynamic-link__link\"><i class=\"jet-listing-dynamic-link__icon oi oi-phone\" aria-hidden=\"true\"><\/i><span class=\"jet-listing-dynamic-link__label\">699565496<\/span><\/a><\/span>\t\t\t\t<\/div>\n\t\t\t\t<\/div>\n\t\t\t\t\t<\/div>\n\t\t<\/div>\n\t\t\t\t\t<\/div>\n\t\t<\/section>\n\t\t\t\t\t<\/div>\n\t\t<\/div>\n\t\t\t\t<div class=\"elementor-column elementor-col-50 elementor-top-column elementor-element elementor-element-bb24a8e\" data-id=\"bb24a8e\" data-element_type=\"column\" data-e-type=\"column\">\n\t\t\t<div class=\"elementor-widget-wrap elementor-element-populated\">\n\t\t\t\t\t\t<div class=\"elementor-element elementor-element-b78d0e4 elementor-widget elementor-widget-image\" data-id=\"b78d0e4\" data-element_type=\"widget\" data-e-type=\"widget\" data-widget_type=\"image.default\">\n\t\t\t\t<div class=\"elementor-widget-container\">\n\t\t\t\t\t\t\t\t\t\t\t\t\t\t\t\t<a href=\"https:\/\/www.expertservicecar.com\/pt-pt\/taller\/talleres-gonzalez-arteixo\/\">\n\t\t\t\t\t\t\t<img loading=\"lazy\" decoding=\"async\" width=\"300\" height=\"222\" src=\"https:\/\/www.expertservicecar.com\/wp-content\/uploads\/2022\/09\/ARTEIXO-300x222.jpg\" class=\"attachment-medium size-medium wp-image-6456\" alt=\"\" srcset=\"https:\/\/www.expertservicecar.com\/wp-content\/uploads\/2022\/09\/ARTEIXO-300x222.jpg 300w, https:\/\/www.expertservicecar.com\/wp-content\/uploads\/2022\/09\/ARTEIXO-1024x757.jpg 1024w, https:\/\/www.expertservicecar.com\/wp-content\/uploads\/2022\/09\/ARTEIXO-768x568.jpg 768w, https:\/\/www.expertservicecar.com\/wp-content\/uploads\/2022\/09\/ARTEIXO-600x444.jpg 600w, https:\/\/www.expertservicecar.com\/wp-content\/uploads\/2022\/09\/ARTEIXO.jpg 1204w\" sizes=\"(max-width: 300px) 100vw, 300px\" title=\"\">\t\t\t\t\t\t\t\t<\/a>\n\t\t\t\t\t\t\t\t\t\t\t\t\t\t\t<\/div>\n\t\t\t\t<\/div>\n\t\t\t\t\t<\/div>\n\t\t<\/div>\n\t\t\t\t\t<\/div>\n\t\t<\/section>\n\t\t\t\t<\/div>\n\t\t<\/div><div class=\"jet-listing-grid__item jet-listing-dynamic-post-6190 jet-equal-columns\" data-post-id=\"6190\" >\t\t<div data-elementor-type=\"jet-listing-items\" data-elementor-id=\"524\" class=\"elementor elementor-524\" data-elementor-post-type=\"jet-engine\">\n\t\t\t\t\t\t<section class=\"elementor-section elementor-top-section elementor-element elementor-element-ef0c760 elementor-section-content-middle elementor-section-boxed elementor-section-height-default elementor-section-height-default\" data-id=\"ef0c760\" data-element_type=\"section\" data-e-type=\"section\" data-settings=\"{&quot;background_background&quot;:&quot;classic&quot;}\">\n\t\t\t\t\t\t<div class=\"elementor-container elementor-column-gap-default\">\n\t\t\t\t\t<div class=\"elementor-column elementor-col-50 elementor-top-column elementor-element elementor-element-f3770a2\" data-id=\"f3770a2\" data-element_type=\"column\" data-e-type=\"column\">\n\t\t\t<div class=\"elementor-widget-wrap elementor-element-populated\">\n\t\t\t\t\t\t<div class=\"elementor-element elementor-element-6788ee3 elementor-widget__width-auto elementor-widget elementor-widget-theme-post-title elementor-page-title elementor-widget-heading\" data-id=\"6788ee3\" data-element_type=\"widget\" data-e-type=\"widget\" data-widget_type=\"theme-post-title.default\">\n\t\t\t\t<div class=\"elementor-widget-container\">\n\t\t\t\t\t<h5 class=\"elementor-heading-title elementor-size-default\"><a href=\"https:\/\/www.expertservicecar.com\/pt-pt\/taller\/talleres-gonzalez-de-luis\/\">TALLERES GONZALEZ DE LUIS<\/a><\/h5>\t\t\t\t<\/div>\n\t\t\t\t<\/div>\n\t\t\t\t<section class=\"elementor-section elementor-inner-section elementor-element elementor-element-dcd0ceb elementor-section-boxed elementor-section-height-default elementor-section-height-default\" data-id=\"dcd0ceb\" data-element_type=\"section\" data-e-type=\"section\">\n\t\t\t\t\t\t<div class=\"elementor-container elementor-column-gap-default\">\n\t\t\t\t\t<div class=\"elementor-column elementor-col-100 elementor-inner-column elementor-element elementor-element-aed0068\" data-id=\"aed0068\" data-element_type=\"column\" data-e-type=\"column\">\n\t\t\t<div class=\"elementor-widget-wrap elementor-element-populated\">\n\t\t\t\t\t\t<div class=\"elementor-element elementor-element-601cf1d elementor-widget__width-auto elementor-widget-mobile__width-auto elementor-widget elementor-widget-jet-listing-dynamic-field\" data-id=\"601cf1d\" data-element_type=\"widget\" data-e-type=\"widget\" data-widget_type=\"jet-listing-dynamic-field.default\">\n\t\t\t\t<div class=\"elementor-widget-container\">\n\t\t\t\t\t<div class=\"jet-listing jet-listing-dynamic-field display-inline\"><div class=\"jet-listing-dynamic-field__inline-wrap\"><span class=\"jet-listing-dynamic-field__content\"><p>C. de Jaen, 5, BAJO NAVE<br \/>\n28850 Torrej\u00f3n de Ardoz, Madrid<\/p>\n<\/span><\/div><\/div>\t\t\t\t<\/div>\n\t\t\t\t<\/div>\n\t\t\t\t<div class=\"elementor-element elementor-element-1898eca elementor-widget elementor-widget-jet-listing-dynamic-link\" data-id=\"1898eca\" data-element_type=\"widget\" data-e-type=\"widget\" data-widget_type=\"jet-listing-dynamic-link.default\">\n\t\t\t\t<div class=\"elementor-widget-container\">\n\t\t\t\t\t<span class=\"jet-listing jet-listing-dynamic-link\"><a href=\"tel:916773989\" class=\"jet-listing-dynamic-link__link\"><i class=\"jet-listing-dynamic-link__icon fas fa-phone-alt\" aria-hidden=\"true\"><\/i><span class=\"jet-listing-dynamic-link__label\">916773989<\/span><\/a><\/span>\t\t\t\t<\/div>\n\t\t\t\t<\/div>\n\t\t\t\t<div class=\"elementor-element elementor-element-0329474 elementor-hidden-phone elementor-widget elementor-widget-jet-listing-dynamic-link\" data-id=\"0329474\" data-element_type=\"widget\" data-e-type=\"widget\" data-widget_type=\"jet-listing-dynamic-link.default\">\n\t\t\t\t<div class=\"elementor-widget-container\">\n\t\t\t\t\t<span class=\"jet-listing jet-listing-dynamic-link\"><a href=\"tel:609906212\" class=\"jet-listing-dynamic-link__link\"><i class=\"jet-listing-dynamic-link__icon oi oi-phone\" aria-hidden=\"true\"><\/i><span class=\"jet-listing-dynamic-link__label\">609906212<\/span><\/a><\/span>\t\t\t\t<\/div>\n\t\t\t\t<\/div>\n\t\t\t\t\t<\/div>\n\t\t<\/div>\n\t\t\t\t\t<\/div>\n\t\t<\/section>\n\t\t\t\t\t<\/div>\n\t\t<\/div>\n\t\t\t\t<div class=\"elementor-column elementor-col-50 elementor-top-column elementor-element elementor-element-bb24a8e\" data-id=\"bb24a8e\" data-element_type=\"column\" data-e-type=\"column\">\n\t\t\t<div class=\"elementor-widget-wrap elementor-element-populated\">\n\t\t\t\t\t\t<div class=\"elementor-element elementor-element-b78d0e4 elementor-widget elementor-widget-image\" data-id=\"b78d0e4\" data-element_type=\"widget\" data-e-type=\"widget\" data-widget_type=\"image.default\">\n\t\t\t\t<div class=\"elementor-widget-container\">\n\t\t\t\t\t\t\t\t\t\t\t\t\t\t\t\t<a href=\"https:\/\/www.expertservicecar.com\/pt-pt\/taller\/talleres-gonzalez-de-luis\/\">\n\t\t\t\t\t\t\t<img loading=\"lazy\" decoding=\"async\" width=\"300\" height=\"134\" src=\"https:\/\/www.expertservicecar.com\/wp-content\/uploads\/2022\/05\/Captura-de-pantalla-2022-05-24-115234-300x134.jpg\" class=\"attachment-medium size-medium wp-image-6192\" alt=\"Talleres Gonzalez de Luis\" srcset=\"https:\/\/www.expertservicecar.com\/wp-content\/uploads\/2022\/05\/Captura-de-pantalla-2022-05-24-115234-300x134.jpg 300w, https:\/\/www.expertservicecar.com\/wp-content\/uploads\/2022\/05\/Captura-de-pantalla-2022-05-24-115234-1024x457.jpg 1024w, https:\/\/www.expertservicecar.com\/wp-content\/uploads\/2022\/05\/Captura-de-pantalla-2022-05-24-115234-768x343.jpg 768w, https:\/\/www.expertservicecar.com\/wp-content\/uploads\/2022\/05\/Captura-de-pantalla-2022-05-24-115234-600x268.jpg 600w, https:\/\/www.expertservicecar.com\/wp-content\/uploads\/2022\/05\/Captura-de-pantalla-2022-05-24-115234.jpg 1512w\" sizes=\"(max-width: 300px) 100vw, 300px\" title=\"\">\t\t\t\t\t\t\t\t<\/a>\n\t\t\t\t\t\t\t\t\t\t\t\t\t\t\t<\/div>\n\t\t\t\t<\/div>\n\t\t\t\t\t<\/div>\n\t\t<\/div>\n\t\t\t\t\t<\/div>\n\t\t<\/section>\n\t\t\t\t<\/div>\n\t\t<\/div><div class=\"jet-listing-grid__item jet-listing-dynamic-post-3704 jet-equal-columns\" data-post-id=\"3704\" >\t\t<div data-elementor-type=\"jet-listing-items\" data-elementor-id=\"524\" class=\"elementor elementor-524\" data-elementor-post-type=\"jet-engine\">\n\t\t\t\t\t\t<section class=\"elementor-section elementor-top-section elementor-element elementor-element-ef0c760 elementor-section-content-middle elementor-section-boxed elementor-section-height-default elementor-section-height-default\" data-id=\"ef0c760\" data-element_type=\"section\" data-e-type=\"section\" data-settings=\"{&quot;background_background&quot;:&quot;classic&quot;}\">\n\t\t\t\t\t\t<div class=\"elementor-container elementor-column-gap-default\">\n\t\t\t\t\t<div class=\"elementor-column elementor-col-50 elementor-top-column elementor-element elementor-element-f3770a2\" data-id=\"f3770a2\" data-element_type=\"column\" data-e-type=\"column\">\n\t\t\t<div class=\"elementor-widget-wrap elementor-element-populated\">\n\t\t\t\t\t\t<div class=\"elementor-element elementor-element-6788ee3 elementor-widget__width-auto elementor-widget elementor-widget-theme-post-title elementor-page-title elementor-widget-heading\" data-id=\"6788ee3\" data-element_type=\"widget\" data-e-type=\"widget\" data-widget_type=\"theme-post-title.default\">\n\t\t\t\t<div class=\"elementor-widget-container\">\n\t\t\t\t\t<h5 class=\"elementor-heading-title elementor-size-default\"><a href=\"https:\/\/www.expertservicecar.com\/pt-pt\/taller\/talleres-hnos-vitalle\/\">Talleres Hnos Vitalle<\/a><\/h5>\t\t\t\t<\/div>\n\t\t\t\t<\/div>\n\t\t\t\t<section class=\"elementor-section elementor-inner-section elementor-element elementor-element-dcd0ceb elementor-section-boxed elementor-section-height-default elementor-section-height-default\" data-id=\"dcd0ceb\" data-element_type=\"section\" data-e-type=\"section\">\n\t\t\t\t\t\t<div class=\"elementor-container elementor-column-gap-default\">\n\t\t\t\t\t<div class=\"elementor-column elementor-col-100 elementor-inner-column elementor-element elementor-element-aed0068\" data-id=\"aed0068\" data-element_type=\"column\" data-e-type=\"column\">\n\t\t\t<div class=\"elementor-widget-wrap elementor-element-populated\">\n\t\t\t\t\t\t<div class=\"elementor-element elementor-element-601cf1d elementor-widget__width-auto elementor-widget-mobile__width-auto elementor-widget elementor-widget-jet-listing-dynamic-field\" data-id=\"601cf1d\" data-element_type=\"widget\" data-e-type=\"widget\" data-widget_type=\"jet-listing-dynamic-field.default\">\n\t\t\t\t<div class=\"elementor-widget-container\">\n\t\t\t\t\t<div class=\"jet-listing jet-listing-dynamic-field display-inline\"><div class=\"jet-listing-dynamic-field__inline-wrap\"><span class=\"jet-listing-dynamic-field__content\"><p>Pol\u00edgono Industrial, 7<br \/>\n31550 Ribaforada<br \/>\nNavarra<\/p>\n<\/span><\/div><\/div>\t\t\t\t<\/div>\n\t\t\t\t<\/div>\n\t\t\t\t<div class=\"elementor-element elementor-element-1898eca elementor-widget elementor-widget-jet-listing-dynamic-link\" data-id=\"1898eca\" data-element_type=\"widget\" data-e-type=\"widget\" data-widget_type=\"jet-listing-dynamic-link.default\">\n\t\t\t\t<div class=\"elementor-widget-container\">\n\t\t\t\t\t<span class=\"jet-listing jet-listing-dynamic-link\"><a href=\"tel:+34 948 850546\" class=\"jet-listing-dynamic-link__link\"><i class=\"jet-listing-dynamic-link__icon fas fa-phone-alt\" aria-hidden=\"true\"><\/i><span class=\"jet-listing-dynamic-link__label\">+34 948 850546<\/span><\/a><\/span>\t\t\t\t<\/div>\n\t\t\t\t<\/div>\n\t\t\t\t\t<\/div>\n\t\t<\/div>\n\t\t\t\t\t<\/div>\n\t\t<\/section>\n\t\t\t\t\t<\/div>\n\t\t<\/div>\n\t\t\t\t<div class=\"elementor-column elementor-col-50 elementor-top-column elementor-element elementor-element-bb24a8e\" data-id=\"bb24a8e\" data-element_type=\"column\" data-e-type=\"column\">\n\t\t\t<div class=\"elementor-widget-wrap elementor-element-populated\">\n\t\t\t\t\t\t<div class=\"elementor-element elementor-element-b78d0e4 elementor-widget elementor-widget-image\" data-id=\"b78d0e4\" data-element_type=\"widget\" data-e-type=\"widget\" data-widget_type=\"image.default\">\n\t\t\t\t<div class=\"elementor-widget-container\">\n\t\t\t\t\t\t\t\t\t\t\t\t\t\t\t\t<a href=\"https:\/\/www.expertservicecar.com\/pt-pt\/taller\/talleres-hnos-vitalle\/\">\n\t\t\t\t\t\t\t<img loading=\"lazy\" decoding=\"async\" width=\"300\" height=\"231\" src=\"https:\/\/www.expertservicecar.com\/wp-content\/uploads\/2021\/06\/vitalle-300x231.jpg\" class=\"attachment-medium size-medium wp-image-3705\" alt=\"Talleres Hnos Vitalle\" srcset=\"https:\/\/www.expertservicecar.com\/wp-content\/uploads\/2021\/06\/vitalle-300x231.jpg 300w, https:\/\/www.expertservicecar.com\/wp-content\/uploads\/2021\/06\/vitalle-768x591.jpg 768w, https:\/\/www.expertservicecar.com\/wp-content\/uploads\/2021\/06\/vitalle-600x462.jpg 600w, https:\/\/www.expertservicecar.com\/wp-content\/uploads\/2021\/06\/vitalle.jpg 900w\" sizes=\"(max-width: 300px) 100vw, 300px\" title=\"\">\t\t\t\t\t\t\t\t<\/a>\n\t\t\t\t\t\t\t\t\t\t\t\t\t\t\t<\/div>\n\t\t\t\t<\/div>\n\t\t\t\t\t<\/div>\n\t\t<\/div>\n\t\t\t\t\t<\/div>\n\t\t<\/section>\n\t\t\t\t<\/div>\n\t\t<\/div><div class=\"jet-listing-grid__item jet-listing-dynamic-post-7765 jet-equal-columns\" data-post-id=\"7765\" >\t\t<div data-elementor-type=\"jet-listing-items\" data-elementor-id=\"524\" class=\"elementor elementor-524\" data-elementor-post-type=\"jet-engine\">\n\t\t\t\t\t\t<section class=\"elementor-section elementor-top-section elementor-element elementor-element-ef0c760 elementor-section-content-middle elementor-section-boxed elementor-section-height-default elementor-section-height-default\" data-id=\"ef0c760\" data-element_type=\"section\" data-e-type=\"section\" data-settings=\"{&quot;background_background&quot;:&quot;classic&quot;}\">\n\t\t\t\t\t\t<div class=\"elementor-container elementor-column-gap-default\">\n\t\t\t\t\t<div class=\"elementor-column elementor-col-50 elementor-top-column elementor-element elementor-element-f3770a2\" data-id=\"f3770a2\" data-element_type=\"column\" data-e-type=\"column\">\n\t\t\t<div class=\"elementor-widget-wrap elementor-element-populated\">\n\t\t\t\t\t\t<div class=\"elementor-element elementor-element-6788ee3 elementor-widget__width-auto elementor-widget elementor-widget-theme-post-title elementor-page-title elementor-widget-heading\" data-id=\"6788ee3\" data-element_type=\"widget\" data-e-type=\"widget\" data-widget_type=\"theme-post-title.default\">\n\t\t\t\t<div class=\"elementor-widget-container\">\n\t\t\t\t\t<h5 class=\"elementor-heading-title elementor-size-default\"><a href=\"https:\/\/www.expertservicecar.com\/pt-pt\/taller\/talleres-joaquin-2011\/\">Talleres Joaqu\u00edn 2011<\/a><\/h5>\t\t\t\t<\/div>\n\t\t\t\t<\/div>\n\t\t\t\t<section class=\"elementor-section elementor-inner-section elementor-element elementor-element-dcd0ceb elementor-section-boxed elementor-section-height-default elementor-section-height-default\" data-id=\"dcd0ceb\" data-element_type=\"section\" data-e-type=\"section\">\n\t\t\t\t\t\t<div class=\"elementor-container elementor-column-gap-default\">\n\t\t\t\t\t<div class=\"elementor-column elementor-col-100 elementor-inner-column elementor-element elementor-element-aed0068\" data-id=\"aed0068\" data-element_type=\"column\" data-e-type=\"column\">\n\t\t\t<div class=\"elementor-widget-wrap elementor-element-populated\">\n\t\t\t\t\t\t<div class=\"elementor-element elementor-element-601cf1d elementor-widget__width-auto elementor-widget-mobile__width-auto elementor-widget elementor-widget-jet-listing-dynamic-field\" data-id=\"601cf1d\" data-element_type=\"widget\" data-e-type=\"widget\" data-widget_type=\"jet-listing-dynamic-field.default\">\n\t\t\t\t<div class=\"elementor-widget-container\">\n\t\t\t\t\t<div class=\"jet-listing jet-listing-dynamic-field display-inline\"><div class=\"jet-listing-dynamic-field__inline-wrap\"><span class=\"jet-listing-dynamic-field__content\"><p>Carril Monta\u00f1ez, 49,<br \/>\nChurriana, 29004 M\u00e1laga<\/p>\n<\/span><\/div><\/div>\t\t\t\t<\/div>\n\t\t\t\t<\/div>\n\t\t\t\t<div class=\"elementor-element elementor-element-1898eca elementor-widget elementor-widget-jet-listing-dynamic-link\" data-id=\"1898eca\" data-element_type=\"widget\" data-e-type=\"widget\" data-widget_type=\"jet-listing-dynamic-link.default\">\n\t\t\t\t<div class=\"elementor-widget-container\">\n\t\t\t\t\t<span class=\"jet-listing jet-listing-dynamic-link\"><a href=\"tel:952245837\" class=\"jet-listing-dynamic-link__link\"><i class=\"jet-listing-dynamic-link__icon fas fa-phone-alt\" aria-hidden=\"true\"><\/i><span class=\"jet-listing-dynamic-link__label\">952245837<\/span><\/a><\/span>\t\t\t\t<\/div>\n\t\t\t\t<\/div>\n\t\t\t\t\t<\/div>\n\t\t<\/div>\n\t\t\t\t\t<\/div>\n\t\t<\/section>\n\t\t\t\t\t<\/div>\n\t\t<\/div>\n\t\t\t\t<div class=\"elementor-column elementor-col-50 elementor-top-column elementor-element elementor-element-bb24a8e\" data-id=\"bb24a8e\" data-element_type=\"column\" data-e-type=\"column\">\n\t\t\t<div class=\"elementor-widget-wrap elementor-element-populated\">\n\t\t\t\t\t\t<div class=\"elementor-element elementor-element-b78d0e4 elementor-widget elementor-widget-image\" data-id=\"b78d0e4\" data-element_type=\"widget\" data-e-type=\"widget\" data-widget_type=\"image.default\">\n\t\t\t\t<div class=\"elementor-widget-container\">\n\t\t\t\t\t\t\t\t\t\t\t\t\t\t\t\t<a href=\"https:\/\/www.expertservicecar.com\/pt-pt\/taller\/talleres-joaquin-2011\/\">\n\t\t\t\t\t\t\t<img loading=\"lazy\" decoding=\"async\" width=\"300\" height=\"227\" src=\"https:\/\/www.expertservicecar.com\/wp-content\/uploads\/2025\/03\/Captura-de-pantalla-2025-03-03-161934-300x227.jpg\" class=\"attachment-medium size-medium wp-image-7766\" alt=\"\" srcset=\"https:\/\/www.expertservicecar.com\/wp-content\/uploads\/2025\/03\/Captura-de-pantalla-2025-03-03-161934-300x227.jpg 300w, https:\/\/www.expertservicecar.com\/wp-content\/uploads\/2025\/03\/Captura-de-pantalla-2025-03-03-161934-1024x774.jpg 1024w, https:\/\/www.expertservicecar.com\/wp-content\/uploads\/2025\/03\/Captura-de-pantalla-2025-03-03-161934-768x580.jpg 768w, https:\/\/www.expertservicecar.com\/wp-content\/uploads\/2025\/03\/Captura-de-pantalla-2025-03-03-161934-600x453.jpg 600w, https:\/\/www.expertservicecar.com\/wp-content\/uploads\/2025\/03\/Captura-de-pantalla-2025-03-03-161934.jpg 1298w\" sizes=\"(max-width: 300px) 100vw, 300px\" title=\"\">\t\t\t\t\t\t\t\t<\/a>\n\t\t\t\t\t\t\t\t\t\t\t\t\t\t\t<\/div>\n\t\t\t\t<\/div>\n\t\t\t\t\t<\/div>\n\t\t<\/div>\n\t\t\t\t\t<\/div>\n\t\t<\/section>\n\t\t\t\t<\/div>\n\t\t<\/div><div class=\"jet-listing-grid__item jet-listing-dynamic-post-6415 jet-equal-columns\" data-post-id=\"6415\" >\t\t<div data-elementor-type=\"jet-listing-items\" data-elementor-id=\"524\" class=\"elementor elementor-524\" data-elementor-post-type=\"jet-engine\">\n\t\t\t\t\t\t<section class=\"elementor-section elementor-top-section elementor-element elementor-element-ef0c760 elementor-section-content-middle elementor-section-boxed elementor-section-height-default elementor-section-height-default\" data-id=\"ef0c760\" data-element_type=\"section\" data-e-type=\"section\" data-settings=\"{&quot;background_background&quot;:&quot;classic&quot;}\">\n\t\t\t\t\t\t<div class=\"elementor-container elementor-column-gap-default\">\n\t\t\t\t\t<div class=\"elementor-column elementor-col-50 elementor-top-column elementor-element elementor-element-f3770a2\" data-id=\"f3770a2\" data-element_type=\"column\" data-e-type=\"column\">\n\t\t\t<div class=\"elementor-widget-wrap elementor-element-populated\">\n\t\t\t\t\t\t<div class=\"elementor-element elementor-element-6788ee3 elementor-widget__width-auto elementor-widget elementor-widget-theme-post-title elementor-page-title elementor-widget-heading\" data-id=\"6788ee3\" data-element_type=\"widget\" data-e-type=\"widget\" data-widget_type=\"theme-post-title.default\">\n\t\t\t\t<div class=\"elementor-widget-container\">\n\t\t\t\t\t<h5 class=\"elementor-heading-title elementor-size-default\"><a href=\"https:\/\/www.expertservicecar.com\/pt-pt\/taller\/talleres-joaquin-camarmas\/\">TALLERES JOAQUIN CAMARMAS<\/a><\/h5>\t\t\t\t<\/div>\n\t\t\t\t<\/div>\n\t\t\t\t<section class=\"elementor-section elementor-inner-section elementor-element elementor-element-dcd0ceb elementor-section-boxed elementor-section-height-default elementor-section-height-default\" data-id=\"dcd0ceb\" data-element_type=\"section\" data-e-type=\"section\">\n\t\t\t\t\t\t<div class=\"elementor-container elementor-column-gap-default\">\n\t\t\t\t\t<div class=\"elementor-column elementor-col-100 elementor-inner-column elementor-element elementor-element-aed0068\" data-id=\"aed0068\" data-element_type=\"column\" data-e-type=\"column\">\n\t\t\t<div class=\"elementor-widget-wrap elementor-element-populated\">\n\t\t\t\t\t\t<div class=\"elementor-element elementor-element-601cf1d elementor-widget__width-auto elementor-widget-mobile__width-auto elementor-widget elementor-widget-jet-listing-dynamic-field\" data-id=\"601cf1d\" data-element_type=\"widget\" data-e-type=\"widget\" data-widget_type=\"jet-listing-dynamic-field.default\">\n\t\t\t\t<div class=\"elementor-widget-container\">\n\t\t\t\t\t<div class=\"jet-listing jet-listing-dynamic-field display-inline\"><div class=\"jet-listing-dynamic-field__inline-wrap\"><span class=\"jet-listing-dynamic-field__content\"><p>C. Cam. del Cementerio, 5,<br \/>\n28380 Colmenar de Oreja, Madrid<\/p>\n<\/span><\/div><\/div>\t\t\t\t<\/div>\n\t\t\t\t<\/div>\n\t\t\t\t<div class=\"elementor-element elementor-element-1898eca elementor-widget elementor-widget-jet-listing-dynamic-link\" data-id=\"1898eca\" data-element_type=\"widget\" data-e-type=\"widget\" data-widget_type=\"jet-listing-dynamic-link.default\">\n\t\t\t\t<div class=\"elementor-widget-container\">\n\t\t\t\t\t<span class=\"jet-listing jet-listing-dynamic-link\"><a href=\"tel:918089322\" class=\"jet-listing-dynamic-link__link\"><i class=\"jet-listing-dynamic-link__icon fas fa-phone-alt\" aria-hidden=\"true\"><\/i><span class=\"jet-listing-dynamic-link__label\">918089322<\/span><\/a><\/span>\t\t\t\t<\/div>\n\t\t\t\t<\/div>\n\t\t\t\t<div class=\"elementor-element elementor-element-0329474 elementor-hidden-phone elementor-widget elementor-widget-jet-listing-dynamic-link\" data-id=\"0329474\" data-element_type=\"widget\" data-e-type=\"widget\" data-widget_type=\"jet-listing-dynamic-link.default\">\n\t\t\t\t<div class=\"elementor-widget-container\">\n\t\t\t\t\t<span class=\"jet-listing jet-listing-dynamic-link\"><a href=\"tel:626771344\" class=\"jet-listing-dynamic-link__link\"><i class=\"jet-listing-dynamic-link__icon oi oi-phone\" aria-hidden=\"true\"><\/i><span class=\"jet-listing-dynamic-link__label\">626771344<\/span><\/a><\/span>\t\t\t\t<\/div>\n\t\t\t\t<\/div>\n\t\t\t\t\t<\/div>\n\t\t<\/div>\n\t\t\t\t\t<\/div>\n\t\t<\/section>\n\t\t\t\t\t<\/div>\n\t\t<\/div>\n\t\t\t\t<div class=\"elementor-column elementor-col-50 elementor-top-column elementor-element elementor-element-bb24a8e\" data-id=\"bb24a8e\" data-element_type=\"column\" data-e-type=\"column\">\n\t\t\t<div class=\"elementor-widget-wrap elementor-element-populated\">\n\t\t\t\t\t\t<div class=\"elementor-element elementor-element-b78d0e4 elementor-widget elementor-widget-image\" data-id=\"b78d0e4\" data-element_type=\"widget\" data-e-type=\"widget\" data-widget_type=\"image.default\">\n\t\t\t\t<div class=\"elementor-widget-container\">\n\t\t\t\t\t\t\t\t\t\t\t\t\t\t\t\t<a href=\"https:\/\/www.expertservicecar.com\/pt-pt\/taller\/talleres-joaquin-camarmas\/\">\n\t\t\t\t\t\t\t<img loading=\"lazy\" decoding=\"async\" width=\"300\" height=\"222\" src=\"https:\/\/www.expertservicecar.com\/wp-content\/uploads\/2022\/08\/camarmas2-300x222.jpg\" class=\"attachment-medium size-medium wp-image-6566\" alt=\"\" srcset=\"https:\/\/www.expertservicecar.com\/wp-content\/uploads\/2022\/08\/camarmas2-300x222.jpg 300w, https:\/\/www.expertservicecar.com\/wp-content\/uploads\/2022\/08\/camarmas2-768x568.jpg 768w, https:\/\/www.expertservicecar.com\/wp-content\/uploads\/2022\/08\/camarmas2-600x444.jpg 600w, https:\/\/www.expertservicecar.com\/wp-content\/uploads\/2022\/08\/camarmas2.jpg 1016w\" sizes=\"(max-width: 300px) 100vw, 300px\" title=\"\">\t\t\t\t\t\t\t\t<\/a>\n\t\t\t\t\t\t\t\t\t\t\t\t\t\t\t<\/div>\n\t\t\t\t<\/div>\n\t\t\t\t\t<\/div>\n\t\t<\/div>\n\t\t\t\t\t<\/div>\n\t\t<\/section>\n\t\t\t\t<\/div>\n\t\t<\/div><div class=\"jet-listing-grid__item jet-listing-dynamic-post-3349 jet-equal-columns\" data-post-id=\"3349\" >\t\t<div data-elementor-type=\"jet-listing-items\" data-elementor-id=\"524\" class=\"elementor elementor-524\" data-elementor-post-type=\"jet-engine\">\n\t\t\t\t\t\t<section class=\"elementor-section elementor-top-section elementor-element elementor-element-ef0c760 elementor-section-content-middle elementor-section-boxed elementor-section-height-default elementor-section-height-default\" data-id=\"ef0c760\" data-element_type=\"section\" data-e-type=\"section\" data-settings=\"{&quot;background_background&quot;:&quot;classic&quot;}\">\n\t\t\t\t\t\t<div class=\"elementor-container elementor-column-gap-default\">\n\t\t\t\t\t<div class=\"elementor-column elementor-col-50 elementor-top-column elementor-element elementor-element-f3770a2\" data-id=\"f3770a2\" data-element_type=\"column\" data-e-type=\"column\">\n\t\t\t<div class=\"elementor-widget-wrap elementor-element-populated\">\n\t\t\t\t\t\t<div class=\"elementor-element elementor-element-6788ee3 elementor-widget__width-auto elementor-widget elementor-widget-theme-post-title elementor-page-title elementor-widget-heading\" data-id=\"6788ee3\" data-element_type=\"widget\" data-e-type=\"widget\" data-widget_type=\"theme-post-title.default\">\n\t\t\t\t<div class=\"elementor-widget-container\">\n\t\t\t\t\t<h5 class=\"elementor-heading-title elementor-size-default\"><a href=\"https:\/\/www.expertservicecar.com\/pt-pt\/taller\/talleres-juan-banuls\/\">Talleres Juan Ba\u00f1uls<\/a><\/h5>\t\t\t\t<\/div>\n\t\t\t\t<\/div>\n\t\t\t\t<section class=\"elementor-section elementor-inner-section elementor-element elementor-element-dcd0ceb elementor-section-boxed elementor-section-height-default elementor-section-height-default\" data-id=\"dcd0ceb\" data-element_type=\"section\" data-e-type=\"section\">\n\t\t\t\t\t\t<div class=\"elementor-container elementor-column-gap-default\">\n\t\t\t\t\t<div class=\"elementor-column elementor-col-100 elementor-inner-column elementor-element elementor-element-aed0068\" data-id=\"aed0068\" data-element_type=\"column\" data-e-type=\"column\">\n\t\t\t<div class=\"elementor-widget-wrap elementor-element-populated\">\n\t\t\t\t\t\t<div class=\"elementor-element elementor-element-601cf1d elementor-widget__width-auto elementor-widget-mobile__width-auto elementor-widget elementor-widget-jet-listing-dynamic-field\" data-id=\"601cf1d\" data-element_type=\"widget\" data-e-type=\"widget\" data-widget_type=\"jet-listing-dynamic-field.default\">\n\t\t\t\t<div class=\"elementor-widget-container\">\n\t\t\t\t\t<div class=\"jet-listing jet-listing-dynamic-field display-inline\"><div class=\"jet-listing-dynamic-field__inline-wrap\"><span class=\"jet-listing-dynamic-field__content\"><p>Carrer de l'Algar, 30<br \/>\n46703 Benirredr\u00e1<br \/>\nValencia<\/p>\n<\/span><\/div><\/div>\t\t\t\t<\/div>\n\t\t\t\t<\/div>\n\t\t\t\t<div class=\"elementor-element elementor-element-1898eca elementor-widget elementor-widget-jet-listing-dynamic-link\" data-id=\"1898eca\" data-element_type=\"widget\" data-e-type=\"widget\" data-widget_type=\"jet-listing-dynamic-link.default\">\n\t\t\t\t<div class=\"elementor-widget-container\">\n\t\t\t\t\t<span class=\"jet-listing jet-listing-dynamic-link\"><a href=\"tel:+34 962 954329\" class=\"jet-listing-dynamic-link__link\"><i class=\"jet-listing-dynamic-link__icon fas fa-phone-alt\" aria-hidden=\"true\"><\/i><span class=\"jet-listing-dynamic-link__label\">+34 962 954329<\/span><\/a><\/span>\t\t\t\t<\/div>\n\t\t\t\t<\/div>\n\t\t\t\t<div class=\"elementor-element elementor-element-0329474 elementor-hidden-phone elementor-widget elementor-widget-jet-listing-dynamic-link\" data-id=\"0329474\" data-element_type=\"widget\" data-e-type=\"widget\" data-widget_type=\"jet-listing-dynamic-link.default\">\n\t\t\t\t<div class=\"elementor-widget-container\">\n\t\t\t\t\t<span class=\"jet-listing jet-listing-dynamic-link\"><a href=\"tel:+34 666 157 861\" class=\"jet-listing-dynamic-link__link\"><i class=\"jet-listing-dynamic-link__icon oi oi-phone\" aria-hidden=\"true\"><\/i><span class=\"jet-listing-dynamic-link__label\">+34 666 157 861<\/span><\/a><\/span>\t\t\t\t<\/div>\n\t\t\t\t<\/div>\n\t\t\t\t\t<\/div>\n\t\t<\/div>\n\t\t\t\t\t<\/div>\n\t\t<\/section>\n\t\t\t\t\t<\/div>\n\t\t<\/div>\n\t\t\t\t<div class=\"elementor-column elementor-col-50 elementor-top-column elementor-element elementor-element-bb24a8e\" data-id=\"bb24a8e\" data-element_type=\"column\" data-e-type=\"column\">\n\t\t\t<div class=\"elementor-widget-wrap elementor-element-populated\">\n\t\t\t\t\t\t<div class=\"elementor-element elementor-element-b78d0e4 elementor-widget elementor-widget-image\" data-id=\"b78d0e4\" data-element_type=\"widget\" data-e-type=\"widget\" data-widget_type=\"image.default\">\n\t\t\t\t<div class=\"elementor-widget-container\">\n\t\t\t\t\t\t\t\t\t\t\t\t\t\t\t\t<a href=\"https:\/\/www.expertservicecar.com\/pt-pt\/taller\/talleres-juan-banuls\/\">\n\t\t\t\t\t\t\t<img loading=\"lazy\" decoding=\"async\" width=\"300\" height=\"231\" src=\"https:\/\/www.expertservicecar.com\/wp-content\/uploads\/2021\/06\/talleres-joan-banyuls-300x231.jpg\" class=\"attachment-medium size-medium wp-image-3350\" alt=\"Talleres Juan Ba\u00f1uls\" srcset=\"https:\/\/www.expertservicecar.com\/wp-content\/uploads\/2021\/06\/talleres-joan-banyuls-300x231.jpg 300w, https:\/\/www.expertservicecar.com\/wp-content\/uploads\/2021\/06\/talleres-joan-banyuls-768x591.jpg 768w, https:\/\/www.expertservicecar.com\/wp-content\/uploads\/2021\/06\/talleres-joan-banyuls-600x461.jpg 600w, https:\/\/www.expertservicecar.com\/wp-content\/uploads\/2021\/06\/talleres-joan-banyuls.jpg 900w\" sizes=\"(max-width: 300px) 100vw, 300px\" title=\"\">\t\t\t\t\t\t\t\t<\/a>\n\t\t\t\t\t\t\t\t\t\t\t\t\t\t\t<\/div>\n\t\t\t\t<\/div>\n\t\t\t\t\t<\/div>\n\t\t<\/div>\n\t\t\t\t\t<\/div>\n\t\t<\/section>\n\t\t\t\t<\/div>\n\t\t<\/div><div class=\"jet-listing-grid__item jet-listing-dynamic-post-5956 jet-equal-columns\" data-post-id=\"5956\" >\t\t<div data-elementor-type=\"jet-listing-items\" data-elementor-id=\"524\" class=\"elementor elementor-524\" data-elementor-post-type=\"jet-engine\">\n\t\t\t\t\t\t<section class=\"elementor-section elementor-top-section elementor-element elementor-element-ef0c760 elementor-section-content-middle elementor-section-boxed elementor-section-height-default elementor-section-height-default\" data-id=\"ef0c760\" data-element_type=\"section\" data-e-type=\"section\" data-settings=\"{&quot;background_background&quot;:&quot;classic&quot;}\">\n\t\t\t\t\t\t<div class=\"elementor-container elementor-column-gap-default\">\n\t\t\t\t\t<div class=\"elementor-column elementor-col-50 elementor-top-column elementor-element elementor-element-f3770a2\" data-id=\"f3770a2\" data-element_type=\"column\" data-e-type=\"column\">\n\t\t\t<div class=\"elementor-widget-wrap elementor-element-populated\">\n\t\t\t\t\t\t<div class=\"elementor-element elementor-element-6788ee3 elementor-widget__width-auto elementor-widget elementor-widget-theme-post-title elementor-page-title elementor-widget-heading\" data-id=\"6788ee3\" data-element_type=\"widget\" data-e-type=\"widget\" data-widget_type=\"theme-post-title.default\">\n\t\t\t\t<div class=\"elementor-widget-container\">\n\t\t\t\t\t<h5 class=\"elementor-heading-title elementor-size-default\"><a href=\"https:\/\/www.expertservicecar.com\/pt-pt\/taller\/talleres-juanes\/\">Talleres Juanes<\/a><\/h5>\t\t\t\t<\/div>\n\t\t\t\t<\/div>\n\t\t\t\t<section class=\"elementor-section elementor-inner-section elementor-element elementor-element-dcd0ceb elementor-section-boxed elementor-section-height-default elementor-section-height-default\" data-id=\"dcd0ceb\" data-element_type=\"section\" data-e-type=\"section\">\n\t\t\t\t\t\t<div class=\"elementor-container elementor-column-gap-default\">\n\t\t\t\t\t<div class=\"elementor-column elementor-col-100 elementor-inner-column elementor-element elementor-element-aed0068\" data-id=\"aed0068\" data-element_type=\"column\" data-e-type=\"column\">\n\t\t\t<div class=\"elementor-widget-wrap elementor-element-populated\">\n\t\t\t\t\t\t<div class=\"elementor-element elementor-element-601cf1d elementor-widget__width-auto elementor-widget-mobile__width-auto elementor-widget elementor-widget-jet-listing-dynamic-field\" data-id=\"601cf1d\" data-element_type=\"widget\" data-e-type=\"widget\" data-widget_type=\"jet-listing-dynamic-field.default\">\n\t\t\t\t<div class=\"elementor-widget-container\">\n\t\t\t\t\t<div class=\"jet-listing jet-listing-dynamic-field display-inline\"><div class=\"jet-listing-dynamic-field__inline-wrap\"><span class=\"jet-listing-dynamic-field__content\"><p>Avda de Salamanca, 28<br \/>\n37006 Salamanca<br \/>\nSalamanca<\/p>\n<\/span><\/div><\/div>\t\t\t\t<\/div>\n\t\t\t\t<\/div>\n\t\t\t\t<div class=\"elementor-element elementor-element-1898eca elementor-widget elementor-widget-jet-listing-dynamic-link\" data-id=\"1898eca\" data-element_type=\"widget\" data-e-type=\"widget\" data-widget_type=\"jet-listing-dynamic-link.default\">\n\t\t\t\t<div class=\"elementor-widget-container\">\n\t\t\t\t\t<span class=\"jet-listing jet-listing-dynamic-link\"><a href=\"tel:923240913\" class=\"jet-listing-dynamic-link__link\"><i class=\"jet-listing-dynamic-link__icon fas fa-phone-alt\" aria-hidden=\"true\"><\/i><span class=\"jet-listing-dynamic-link__label\">923240913<\/span><\/a><\/span>\t\t\t\t<\/div>\n\t\t\t\t<\/div>\n\t\t\t\t\t<\/div>\n\t\t<\/div>\n\t\t\t\t\t<\/div>\n\t\t<\/section>\n\t\t\t\t\t<\/div>\n\t\t<\/div>\n\t\t\t\t<div class=\"elementor-column elementor-col-50 elementor-top-column elementor-element elementor-element-bb24a8e\" data-id=\"bb24a8e\" data-element_type=\"column\" data-e-type=\"column\">\n\t\t\t<div class=\"elementor-widget-wrap elementor-element-populated\">\n\t\t\t\t\t\t<div class=\"elementor-element elementor-element-b78d0e4 elementor-widget elementor-widget-image\" data-id=\"b78d0e4\" data-element_type=\"widget\" data-e-type=\"widget\" data-widget_type=\"image.default\">\n\t\t\t\t<div class=\"elementor-widget-container\">\n\t\t\t\t\t\t\t\t\t\t\t\t\t\t\t\t<a href=\"https:\/\/www.expertservicecar.com\/pt-pt\/taller\/talleres-juanes\/\">\n\t\t\t\t\t\t\t<img loading=\"lazy\" decoding=\"async\" width=\"300\" height=\"216\" src=\"https:\/\/www.expertservicecar.com\/wp-content\/uploads\/2021\/10\/exterior_1907_talleres_juanes_a926eb5a-9bde-4eb4-afe5-aecbc08efc4e_original-copia-300x216.jpg\" class=\"attachment-medium size-medium wp-image-5957\" alt=\"\" srcset=\"https:\/\/www.expertservicecar.com\/wp-content\/uploads\/2021\/10\/exterior_1907_talleres_juanes_a926eb5a-9bde-4eb4-afe5-aecbc08efc4e_original-copia-300x216.jpg 300w, https:\/\/www.expertservicecar.com\/wp-content\/uploads\/2021\/10\/exterior_1907_talleres_juanes_a926eb5a-9bde-4eb4-afe5-aecbc08efc4e_original-copia-768x554.jpg 768w, https:\/\/www.expertservicecar.com\/wp-content\/uploads\/2021\/10\/exterior_1907_talleres_juanes_a926eb5a-9bde-4eb4-afe5-aecbc08efc4e_original-copia-370x265.jpg 370w, https:\/\/www.expertservicecar.com\/wp-content\/uploads\/2021\/10\/exterior_1907_talleres_juanes_a926eb5a-9bde-4eb4-afe5-aecbc08efc4e_original-copia-600x433.jpg 600w, https:\/\/www.expertservicecar.com\/wp-content\/uploads\/2021\/10\/exterior_1907_talleres_juanes_a926eb5a-9bde-4eb4-afe5-aecbc08efc4e_original-copia.jpg 998w\" sizes=\"(max-width: 300px) 100vw, 300px\" title=\"\">\t\t\t\t\t\t\t\t<\/a>\n\t\t\t\t\t\t\t\t\t\t\t\t\t\t\t<\/div>\n\t\t\t\t<\/div>\n\t\t\t\t\t<\/div>\n\t\t<\/div>\n\t\t\t\t\t<\/div>\n\t\t<\/section>\n\t\t\t\t<\/div>\n\t\t<\/div><div class=\"jet-listing-grid__item jet-listing-dynamic-post-3353 jet-equal-columns\" data-post-id=\"3353\" >\t\t<div data-elementor-type=\"jet-listing-items\" data-elementor-id=\"524\" class=\"elementor elementor-524\" data-elementor-post-type=\"jet-engine\">\n\t\t\t\t\t\t<section class=\"elementor-section elementor-top-section elementor-element elementor-element-ef0c760 elementor-section-content-middle elementor-section-boxed elementor-section-height-default elementor-section-height-default\" data-id=\"ef0c760\" data-element_type=\"section\" data-e-type=\"section\" data-settings=\"{&quot;background_background&quot;:&quot;classic&quot;}\">\n\t\t\t\t\t\t<div class=\"elementor-container elementor-column-gap-default\">\n\t\t\t\t\t<div class=\"elementor-column elementor-col-50 elementor-top-column elementor-element elementor-element-f3770a2\" data-id=\"f3770a2\" data-element_type=\"column\" data-e-type=\"column\">\n\t\t\t<div class=\"elementor-widget-wrap elementor-element-populated\">\n\t\t\t\t\t\t<div class=\"elementor-element elementor-element-6788ee3 elementor-widget__width-auto elementor-widget elementor-widget-theme-post-title elementor-page-title elementor-widget-heading\" data-id=\"6788ee3\" data-element_type=\"widget\" data-e-type=\"widget\" data-widget_type=\"theme-post-title.default\">\n\t\t\t\t<div class=\"elementor-widget-container\">\n\t\t\t\t\t<h5 class=\"elementor-heading-title elementor-size-default\"><a href=\"https:\/\/www.expertservicecar.com\/pt-pt\/taller\/talleres-la-union\/\">Talleres La Union<\/a><\/h5>\t\t\t\t<\/div>\n\t\t\t\t<\/div>\n\t\t\t\t<section class=\"elementor-section elementor-inner-section elementor-element elementor-element-dcd0ceb elementor-section-boxed elementor-section-height-default elementor-section-height-default\" data-id=\"dcd0ceb\" data-element_type=\"section\" data-e-type=\"section\">\n\t\t\t\t\t\t<div class=\"elementor-container elementor-column-gap-default\">\n\t\t\t\t\t<div class=\"elementor-column elementor-col-100 elementor-inner-column elementor-element elementor-element-aed0068\" data-id=\"aed0068\" data-element_type=\"column\" data-e-type=\"column\">\n\t\t\t<div class=\"elementor-widget-wrap elementor-element-populated\">\n\t\t\t\t\t\t<div class=\"elementor-element elementor-element-601cf1d elementor-widget__width-auto elementor-widget-mobile__width-auto elementor-widget elementor-widget-jet-listing-dynamic-field\" data-id=\"601cf1d\" data-element_type=\"widget\" data-e-type=\"widget\" data-widget_type=\"jet-listing-dynamic-field.default\">\n\t\t\t\t<div class=\"elementor-widget-container\">\n\t\t\t\t\t<div class=\"jet-listing jet-listing-dynamic-field display-inline\"><div class=\"jet-listing-dynamic-field__inline-wrap\"><span class=\"jet-listing-dynamic-field__content\"><p>Calle 1, Parcela 6<br \/>\n46220 Picassent<br \/>\nValencia<\/p>\n<\/span><\/div><\/div>\t\t\t\t<\/div>\n\t\t\t\t<\/div>\n\t\t\t\t<div class=\"elementor-element elementor-element-1898eca elementor-widget elementor-widget-jet-listing-dynamic-link\" data-id=\"1898eca\" data-element_type=\"widget\" data-e-type=\"widget\" data-widget_type=\"jet-listing-dynamic-link.default\">\n\t\t\t\t<div class=\"elementor-widget-container\">\n\t\t\t\t\t<span class=\"jet-listing jet-listing-dynamic-link\"><a href=\"tel:+34 961 231510\" class=\"jet-listing-dynamic-link__link\"><i class=\"jet-listing-dynamic-link__icon fas fa-phone-alt\" aria-hidden=\"true\"><\/i><span class=\"jet-listing-dynamic-link__label\">+34 961 231510<\/span><\/a><\/span>\t\t\t\t<\/div>\n\t\t\t\t<\/div>\n\t\t\t\t\t<\/div>\n\t\t<\/div>\n\t\t\t\t\t<\/div>\n\t\t<\/section>\n\t\t\t\t\t<\/div>\n\t\t<\/div>\n\t\t\t\t<div class=\"elementor-column elementor-col-50 elementor-top-column elementor-element elementor-element-bb24a8e\" data-id=\"bb24a8e\" data-element_type=\"column\" data-e-type=\"column\">\n\t\t\t<div class=\"elementor-widget-wrap elementor-element-populated\">\n\t\t\t\t\t\t<div class=\"elementor-element elementor-element-b78d0e4 elementor-widget elementor-widget-image\" data-id=\"b78d0e4\" data-element_type=\"widget\" data-e-type=\"widget\" data-widget_type=\"image.default\">\n\t\t\t\t<div class=\"elementor-widget-container\">\n\t\t\t\t\t\t\t\t\t\t\t\t\t\t\t\t<a href=\"https:\/\/www.expertservicecar.com\/pt-pt\/taller\/talleres-la-union\/\">\n\t\t\t\t\t\t\t<img loading=\"lazy\" decoding=\"async\" width=\"300\" height=\"231\" src=\"https:\/\/www.expertservicecar.com\/wp-content\/uploads\/2021\/06\/talleres-la-uinon-300x231.jpg\" class=\"attachment-medium size-medium wp-image-3354\" alt=\"Talleres La Union\" srcset=\"https:\/\/www.expertservicecar.com\/wp-content\/uploads\/2021\/06\/talleres-la-uinon-300x231.jpg 300w, https:\/\/www.expertservicecar.com\/wp-content\/uploads\/2021\/06\/talleres-la-uinon-768x591.jpg 768w, https:\/\/www.expertservicecar.com\/wp-content\/uploads\/2021\/06\/talleres-la-uinon-600x462.jpg 600w, https:\/\/www.expertservicecar.com\/wp-content\/uploads\/2021\/06\/talleres-la-uinon.jpg 900w\" sizes=\"(max-width: 300px) 100vw, 300px\" title=\"\">\t\t\t\t\t\t\t\t<\/a>\n\t\t\t\t\t\t\t\t\t\t\t\t\t\t\t<\/div>\n\t\t\t\t<\/div>\n\t\t\t\t\t<\/div>\n\t\t<\/div>\n\t\t\t\t\t<\/div>\n\t\t<\/section>\n\t\t\t\t<\/div>\n\t\t<\/div><div class=\"jet-listing-grid__item jet-listing-dynamic-post-6552 jet-equal-columns\" data-post-id=\"6552\" >\t\t<div data-elementor-type=\"jet-listing-items\" data-elementor-id=\"524\" class=\"elementor elementor-524\" data-elementor-post-type=\"jet-engine\">\n\t\t\t\t\t\t<section class=\"elementor-section elementor-top-section elementor-element elementor-element-ef0c760 elementor-section-content-middle elementor-section-boxed elementor-section-height-default elementor-section-height-default\" data-id=\"ef0c760\" data-element_type=\"section\" data-e-type=\"section\" data-settings=\"{&quot;background_background&quot;:&quot;classic&quot;}\">\n\t\t\t\t\t\t<div class=\"elementor-container elementor-column-gap-default\">\n\t\t\t\t\t<div class=\"elementor-column elementor-col-50 elementor-top-column elementor-element elementor-element-f3770a2\" data-id=\"f3770a2\" data-element_type=\"column\" data-e-type=\"column\">\n\t\t\t<div class=\"elementor-widget-wrap elementor-element-populated\">\n\t\t\t\t\t\t<div class=\"elementor-element elementor-element-6788ee3 elementor-widget__width-auto elementor-widget elementor-widget-theme-post-title elementor-page-title elementor-widget-heading\" data-id=\"6788ee3\" data-element_type=\"widget\" data-e-type=\"widget\" data-widget_type=\"theme-post-title.default\">\n\t\t\t\t<div class=\"elementor-widget-container\">\n\t\t\t\t\t<h5 class=\"elementor-heading-title elementor-size-default\"><a href=\"https:\/\/www.expertservicecar.com\/pt-pt\/taller\/talleres-laen\/\">TALLERES LAEN<\/a><\/h5>\t\t\t\t<\/div>\n\t\t\t\t<\/div>\n\t\t\t\t<section class=\"elementor-section elementor-inner-section elementor-element elementor-element-dcd0ceb elementor-section-boxed elementor-section-height-default elementor-section-height-default\" data-id=\"dcd0ceb\" data-element_type=\"section\" data-e-type=\"section\">\n\t\t\t\t\t\t<div class=\"elementor-container elementor-column-gap-default\">\n\t\t\t\t\t<div class=\"elementor-column elementor-col-100 elementor-inner-column elementor-element elementor-element-aed0068\" data-id=\"aed0068\" data-element_type=\"column\" data-e-type=\"column\">\n\t\t\t<div class=\"elementor-widget-wrap elementor-element-populated\">\n\t\t\t\t\t\t<div class=\"elementor-element elementor-element-601cf1d elementor-widget__width-auto elementor-widget-mobile__width-auto elementor-widget elementor-widget-jet-listing-dynamic-field\" data-id=\"601cf1d\" data-element_type=\"widget\" data-e-type=\"widget\" data-widget_type=\"jet-listing-dynamic-field.default\">\n\t\t\t\t<div class=\"elementor-widget-container\">\n\t\t\t\t\t<div class=\"jet-listing jet-listing-dynamic-field display-inline\"><div class=\"jet-listing-dynamic-field__inline-wrap\"><span class=\"jet-listing-dynamic-field__content\"><p>TALLERES LAEN<br \/>\nPol. Ind, C. Fundiciones, 2,<br \/>\n28052<br \/>\nMadrid<\/p>\n<\/span><\/div><\/div>\t\t\t\t<\/div>\n\t\t\t\t<\/div>\n\t\t\t\t<div class=\"elementor-element elementor-element-1898eca elementor-widget elementor-widget-jet-listing-dynamic-link\" data-id=\"1898eca\" data-element_type=\"widget\" data-e-type=\"widget\" data-widget_type=\"jet-listing-dynamic-link.default\">\n\t\t\t\t<div class=\"elementor-widget-container\">\n\t\t\t\t\t<span class=\"jet-listing jet-listing-dynamic-link\"><a href=\"tel:915013849\" class=\"jet-listing-dynamic-link__link\"><i class=\"jet-listing-dynamic-link__icon fas fa-phone-alt\" aria-hidden=\"true\"><\/i><span class=\"jet-listing-dynamic-link__label\">915013849<\/span><\/a><\/span>\t\t\t\t<\/div>\n\t\t\t\t<\/div>\n\t\t\t\t<div class=\"elementor-element elementor-element-0329474 elementor-hidden-phone elementor-widget elementor-widget-jet-listing-dynamic-link\" data-id=\"0329474\" data-element_type=\"widget\" data-e-type=\"widget\" data-widget_type=\"jet-listing-dynamic-link.default\">\n\t\t\t\t<div class=\"elementor-widget-container\">\n\t\t\t\t\t<span class=\"jet-listing jet-listing-dynamic-link\"><a href=\"tel:635656560\" class=\"jet-listing-dynamic-link__link\"><i class=\"jet-listing-dynamic-link__icon oi oi-phone\" aria-hidden=\"true\"><\/i><span class=\"jet-listing-dynamic-link__label\">635656560<\/span><\/a><\/span>\t\t\t\t<\/div>\n\t\t\t\t<\/div>\n\t\t\t\t\t<\/div>\n\t\t<\/div>\n\t\t\t\t\t<\/div>\n\t\t<\/section>\n\t\t\t\t\t<\/div>\n\t\t<\/div>\n\t\t\t\t<div class=\"elementor-column elementor-col-50 elementor-top-column elementor-element elementor-element-bb24a8e\" data-id=\"bb24a8e\" data-element_type=\"column\" data-e-type=\"column\">\n\t\t\t<div class=\"elementor-widget-wrap elementor-element-populated\">\n\t\t\t\t\t\t<div class=\"elementor-element elementor-element-b78d0e4 elementor-widget elementor-widget-image\" data-id=\"b78d0e4\" data-element_type=\"widget\" data-e-type=\"widget\" data-widget_type=\"image.default\">\n\t\t\t\t<div class=\"elementor-widget-container\">\n\t\t\t\t\t\t\t\t\t\t\t\t\t\t\t\t<a href=\"https:\/\/www.expertservicecar.com\/pt-pt\/taller\/talleres-laen\/\">\n\t\t\t\t\t\t\t<img loading=\"lazy\" decoding=\"async\" width=\"300\" height=\"224\" src=\"https:\/\/www.expertservicecar.com\/wp-content\/uploads\/2022\/11\/tallereslaen-300x224.jpg\" class=\"attachment-medium size-medium wp-image-6553\" alt=\"\" srcset=\"https:\/\/www.expertservicecar.com\/wp-content\/uploads\/2022\/11\/tallereslaen-300x224.jpg 300w, https:\/\/www.expertservicecar.com\/wp-content\/uploads\/2022\/11\/tallereslaen-1024x764.jpg 1024w, https:\/\/www.expertservicecar.com\/wp-content\/uploads\/2022\/11\/tallereslaen-768x573.jpg 768w, https:\/\/www.expertservicecar.com\/wp-content\/uploads\/2022\/11\/tallereslaen-600x448.jpg 600w, https:\/\/www.expertservicecar.com\/wp-content\/uploads\/2022\/11\/tallereslaen.jpg 1049w\" sizes=\"(max-width: 300px) 100vw, 300px\" title=\"\">\t\t\t\t\t\t\t\t<\/a>\n\t\t\t\t\t\t\t\t\t\t\t\t\t\t\t<\/div>\n\t\t\t\t<\/div>\n\t\t\t\t\t<\/div>\n\t\t<\/div>\n\t\t\t\t\t<\/div>\n\t\t<\/section>\n\t\t\t\t<\/div>\n\t\t<\/div><div class=\"jet-listing-grid__item jet-listing-dynamic-post-3680 jet-equal-columns\" data-post-id=\"3680\" >\t\t<div data-elementor-type=\"jet-listing-items\" data-elementor-id=\"524\" class=\"elementor elementor-524\" data-elementor-post-type=\"jet-engine\">\n\t\t\t\t\t\t<section class=\"elementor-section elementor-top-section elementor-element elementor-element-ef0c760 elementor-section-content-middle elementor-section-boxed elementor-section-height-default elementor-section-height-default\" data-id=\"ef0c760\" data-element_type=\"section\" data-e-type=\"section\" data-settings=\"{&quot;background_background&quot;:&quot;classic&quot;}\">\n\t\t\t\t\t\t<div class=\"elementor-container elementor-column-gap-default\">\n\t\t\t\t\t<div class=\"elementor-column elementor-col-50 elementor-top-column elementor-element elementor-element-f3770a2\" data-id=\"f3770a2\" data-element_type=\"column\" data-e-type=\"column\">\n\t\t\t<div class=\"elementor-widget-wrap elementor-element-populated\">\n\t\t\t\t\t\t<div class=\"elementor-element elementor-element-6788ee3 elementor-widget__width-auto elementor-widget elementor-widget-theme-post-title elementor-page-title elementor-widget-heading\" data-id=\"6788ee3\" data-element_type=\"widget\" data-e-type=\"widget\" data-widget_type=\"theme-post-title.default\">\n\t\t\t\t<div class=\"elementor-widget-container\">\n\t\t\t\t\t<h5 class=\"elementor-heading-title elementor-size-default\"><a href=\"https:\/\/www.expertservicecar.com\/pt-pt\/taller\/talleres-leyda\/\">Talleres Leyda<\/a><\/h5>\t\t\t\t<\/div>\n\t\t\t\t<\/div>\n\t\t\t\t<section class=\"elementor-section elementor-inner-section elementor-element elementor-element-dcd0ceb elementor-section-boxed elementor-section-height-default elementor-section-height-default\" data-id=\"dcd0ceb\" data-element_type=\"section\" data-e-type=\"section\">\n\t\t\t\t\t\t<div class=\"elementor-container elementor-column-gap-default\">\n\t\t\t\t\t<div class=\"elementor-column elementor-col-100 elementor-inner-column elementor-element elementor-element-aed0068\" data-id=\"aed0068\" data-element_type=\"column\" data-e-type=\"column\">\n\t\t\t<div class=\"elementor-widget-wrap elementor-element-populated\">\n\t\t\t\t\t\t<div class=\"elementor-element elementor-element-601cf1d elementor-widget__width-auto elementor-widget-mobile__width-auto elementor-widget elementor-widget-jet-listing-dynamic-field\" data-id=\"601cf1d\" data-element_type=\"widget\" data-e-type=\"widget\" data-widget_type=\"jet-listing-dynamic-field.default\">\n\t\t\t\t<div class=\"elementor-widget-container\">\n\t\t\t\t\t<div class=\"jet-listing jet-listing-dynamic-field display-inline\"><div class=\"jet-listing-dynamic-field__inline-wrap\"><span class=\"jet-listing-dynamic-field__content\"><p>Ctra. Lardero, 42<br \/>\n26375 Entrena<br \/>\nLa Rioja<\/p>\n<\/span><\/div><\/div>\t\t\t\t<\/div>\n\t\t\t\t<\/div>\n\t\t\t\t<div class=\"elementor-element elementor-element-1898eca elementor-widget elementor-widget-jet-listing-dynamic-link\" data-id=\"1898eca\" data-element_type=\"widget\" data-e-type=\"widget\" data-widget_type=\"jet-listing-dynamic-link.default\">\n\t\t\t\t<div class=\"elementor-widget-container\">\n\t\t\t\t\t<span class=\"jet-listing jet-listing-dynamic-link\"><a href=\"tel:+34 941 446201\" class=\"jet-listing-dynamic-link__link\"><i class=\"jet-listing-dynamic-link__icon fas fa-phone-alt\" aria-hidden=\"true\"><\/i><span class=\"jet-listing-dynamic-link__label\">+34 941 446201<\/span><\/a><\/span>\t\t\t\t<\/div>\n\t\t\t\t<\/div>\n\t\t\t\t<div class=\"elementor-element elementor-element-0329474 elementor-hidden-phone elementor-widget elementor-widget-jet-listing-dynamic-link\" data-id=\"0329474\" data-element_type=\"widget\" data-e-type=\"widget\" data-widget_type=\"jet-listing-dynamic-link.default\">\n\t\t\t\t<div class=\"elementor-widget-container\">\n\t\t\t\t\t<span class=\"jet-listing jet-listing-dynamic-link\"><a href=\"tel:+34 629 105 310\" class=\"jet-listing-dynamic-link__link\"><i class=\"jet-listing-dynamic-link__icon oi oi-phone\" aria-hidden=\"true\"><\/i><span class=\"jet-listing-dynamic-link__label\">+34 629 105 310<\/span><\/a><\/span>\t\t\t\t<\/div>\n\t\t\t\t<\/div>\n\t\t\t\t\t<\/div>\n\t\t<\/div>\n\t\t\t\t\t<\/div>\n\t\t<\/section>\n\t\t\t\t\t<\/div>\n\t\t<\/div>\n\t\t\t\t<div class=\"elementor-column elementor-col-50 elementor-top-column elementor-element elementor-element-bb24a8e\" data-id=\"bb24a8e\" data-element_type=\"column\" data-e-type=\"column\">\n\t\t\t<div class=\"elementor-widget-wrap elementor-element-populated\">\n\t\t\t\t\t\t<div class=\"elementor-element elementor-element-b78d0e4 elementor-widget elementor-widget-image\" data-id=\"b78d0e4\" data-element_type=\"widget\" data-e-type=\"widget\" data-widget_type=\"image.default\">\n\t\t\t\t<div class=\"elementor-widget-container\">\n\t\t\t\t\t\t\t\t\t\t\t\t\t\t\t\t<a href=\"https:\/\/www.expertservicecar.com\/pt-pt\/taller\/talleres-leyda\/\">\n\t\t\t\t\t\t\t<img loading=\"lazy\" decoding=\"async\" width=\"300\" height=\"231\" src=\"https:\/\/www.expertservicecar.com\/wp-content\/uploads\/2021\/06\/talleres-leyda-300x231.jpg\" class=\"attachment-medium size-medium wp-image-3683\" alt=\"Talleres Leyda\" srcset=\"https:\/\/www.expertservicecar.com\/wp-content\/uploads\/2021\/06\/talleres-leyda-300x231.jpg 300w, https:\/\/www.expertservicecar.com\/wp-content\/uploads\/2021\/06\/talleres-leyda-768x591.jpg 768w, https:\/\/www.expertservicecar.com\/wp-content\/uploads\/2021\/06\/talleres-leyda-600x462.jpg 600w, https:\/\/www.expertservicecar.com\/wp-content\/uploads\/2021\/06\/talleres-leyda.jpg 900w\" sizes=\"(max-width: 300px) 100vw, 300px\" title=\"\">\t\t\t\t\t\t\t\t<\/a>\n\t\t\t\t\t\t\t\t\t\t\t\t\t\t\t<\/div>\n\t\t\t\t<\/div>\n\t\t\t\t\t<\/div>\n\t\t<\/div>\n\t\t\t\t\t<\/div>\n\t\t<\/section>\n\t\t\t\t<\/div>\n\t\t<\/div><div class=\"jet-listing-grid__item jet-listing-dynamic-post-6165 jet-equal-columns\" data-post-id=\"6165\" >\t\t<div data-elementor-type=\"jet-listing-items\" data-elementor-id=\"524\" class=\"elementor elementor-524\" data-elementor-post-type=\"jet-engine\">\n\t\t\t\t\t\t<section class=\"elementor-section elementor-top-section elementor-element elementor-element-ef0c760 elementor-section-content-middle elementor-section-boxed elementor-section-height-default elementor-section-height-default\" data-id=\"ef0c760\" data-element_type=\"section\" data-e-type=\"section\" data-settings=\"{&quot;background_background&quot;:&quot;classic&quot;}\">\n\t\t\t\t\t\t<div class=\"elementor-container elementor-column-gap-default\">\n\t\t\t\t\t<div class=\"elementor-column elementor-col-50 elementor-top-column elementor-element elementor-element-f3770a2\" data-id=\"f3770a2\" data-element_type=\"column\" data-e-type=\"column\">\n\t\t\t<div class=\"elementor-widget-wrap elementor-element-populated\">\n\t\t\t\t\t\t<div class=\"elementor-element elementor-element-6788ee3 elementor-widget__width-auto elementor-widget elementor-widget-theme-post-title elementor-page-title elementor-widget-heading\" data-id=\"6788ee3\" data-element_type=\"widget\" data-e-type=\"widget\" data-widget_type=\"theme-post-title.default\">\n\t\t\t\t<div class=\"elementor-widget-container\">\n\t\t\t\t\t<h5 class=\"elementor-heading-title elementor-size-default\"><a href=\"https:\/\/www.expertservicecar.com\/pt-pt\/taller\/talleres-mi46l\/\">Talleres MI46L<\/a><\/h5>\t\t\t\t<\/div>\n\t\t\t\t<\/div>\n\t\t\t\t<section class=\"elementor-section elementor-inner-section elementor-element elementor-element-dcd0ceb elementor-section-boxed elementor-section-height-default elementor-section-height-default\" data-id=\"dcd0ceb\" data-element_type=\"section\" data-e-type=\"section\">\n\t\t\t\t\t\t<div class=\"elementor-container elementor-column-gap-default\">\n\t\t\t\t\t<div class=\"elementor-column elementor-col-100 elementor-inner-column elementor-element elementor-element-aed0068\" data-id=\"aed0068\" data-element_type=\"column\" data-e-type=\"column\">\n\t\t\t<div class=\"elementor-widget-wrap elementor-element-populated\">\n\t\t\t\t\t\t<div class=\"elementor-element elementor-element-601cf1d elementor-widget__width-auto elementor-widget-mobile__width-auto elementor-widget elementor-widget-jet-listing-dynamic-field\" data-id=\"601cf1d\" data-element_type=\"widget\" data-e-type=\"widget\" data-widget_type=\"jet-listing-dynamic-field.default\">\n\t\t\t\t<div class=\"elementor-widget-container\">\n\t\t\t\t\t<div class=\"jet-listing jet-listing-dynamic-field display-inline\"><div class=\"jet-listing-dynamic-field__inline-wrap\"><span class=\"jet-listing-dynamic-field__content\"><p>Avenida de la Industria, 21 Naves 9 - 11<br \/>\nEl Casar<br \/>\nGuadalajara<\/p>\n<\/span><\/div><\/div>\t\t\t\t<\/div>\n\t\t\t\t<\/div>\n\t\t\t\t<div class=\"elementor-element elementor-element-1898eca elementor-widget elementor-widget-jet-listing-dynamic-link\" data-id=\"1898eca\" data-element_type=\"widget\" data-e-type=\"widget\" data-widget_type=\"jet-listing-dynamic-link.default\">\n\t\t\t\t<div class=\"elementor-widget-container\">\n\t\t\t\t\t<span class=\"jet-listing jet-listing-dynamic-link\"><a href=\"tel:637719196\" class=\"jet-listing-dynamic-link__link\"><i class=\"jet-listing-dynamic-link__icon fas fa-phone-alt\" aria-hidden=\"true\"><\/i><span class=\"jet-listing-dynamic-link__label\">637719196<\/span><\/a><\/span>\t\t\t\t<\/div>\n\t\t\t\t<\/div>\n\t\t\t\t<div class=\"elementor-element elementor-element-0329474 elementor-hidden-phone elementor-widget elementor-widget-jet-listing-dynamic-link\" data-id=\"0329474\" data-element_type=\"widget\" data-e-type=\"widget\" data-widget_type=\"jet-listing-dynamic-link.default\">\n\t\t\t\t<div class=\"elementor-widget-container\">\n\t\t\t\t\t<span class=\"jet-listing jet-listing-dynamic-link\"><a href=\"tel:637719196\" class=\"jet-listing-dynamic-link__link\"><i class=\"jet-listing-dynamic-link__icon oi oi-phone\" aria-hidden=\"true\"><\/i><span class=\"jet-listing-dynamic-link__label\">637719196<\/span><\/a><\/span>\t\t\t\t<\/div>\n\t\t\t\t<\/div>\n\t\t\t\t\t<\/div>\n\t\t<\/div>\n\t\t\t\t\t<\/div>\n\t\t<\/section>\n\t\t\t\t\t<\/div>\n\t\t<\/div>\n\t\t\t\t<div class=\"elementor-column elementor-col-50 elementor-top-column elementor-element elementor-element-bb24a8e\" data-id=\"bb24a8e\" data-element_type=\"column\" data-e-type=\"column\">\n\t\t\t<div class=\"elementor-widget-wrap elementor-element-populated\">\n\t\t\t\t\t\t<div class=\"elementor-element elementor-element-b78d0e4 elementor-widget elementor-widget-image\" data-id=\"b78d0e4\" data-element_type=\"widget\" data-e-type=\"widget\" data-widget_type=\"image.default\">\n\t\t\t\t<div class=\"elementor-widget-container\">\n\t\t\t\t\t\t\t\t\t\t\t\t\t\t\t\t<a href=\"https:\/\/www.expertservicecar.com\/pt-pt\/taller\/talleres-mi46l\/\">\n\t\t\t\t\t\t\t<img loading=\"lazy\" decoding=\"async\" width=\"300\" height=\"231\" src=\"https:\/\/www.expertservicecar.com\/wp-content\/uploads\/2022\/05\/taller-mi46l-01-300x231.jpg\" class=\"attachment-medium size-medium wp-image-6196\" alt=\"\" srcset=\"https:\/\/www.expertservicecar.com\/wp-content\/uploads\/2022\/05\/taller-mi46l-01-300x231.jpg 300w, https:\/\/www.expertservicecar.com\/wp-content\/uploads\/2022\/05\/taller-mi46l-01-768x591.jpg 768w, https:\/\/www.expertservicecar.com\/wp-content\/uploads\/2022\/05\/taller-mi46l-01-600x462.jpg 600w, https:\/\/www.expertservicecar.com\/wp-content\/uploads\/2022\/05\/taller-mi46l-01.jpg 900w\" sizes=\"(max-width: 300px) 100vw, 300px\" title=\"\">\t\t\t\t\t\t\t\t<\/a>\n\t\t\t\t\t\t\t\t\t\t\t\t\t\t\t<\/div>\n\t\t\t\t<\/div>\n\t\t\t\t\t<\/div>\n\t\t<\/div>\n\t\t\t\t\t<\/div>\n\t\t<\/section>\n\t\t\t\t<\/div>\n\t\t<\/div><div class=\"jet-listing-grid__item jet-listing-dynamic-post-7417 jet-equal-columns\" data-post-id=\"7417\" >\t\t<div data-elementor-type=\"jet-listing-items\" data-elementor-id=\"524\" class=\"elementor elementor-524\" data-elementor-post-type=\"jet-engine\">\n\t\t\t\t\t\t<section class=\"elementor-section elementor-top-section elementor-element elementor-element-ef0c760 elementor-section-content-middle elementor-section-boxed elementor-section-height-default elementor-section-height-default\" data-id=\"ef0c760\" data-element_type=\"section\" data-e-type=\"section\" data-settings=\"{&quot;background_background&quot;:&quot;classic&quot;}\">\n\t\t\t\t\t\t<div class=\"elementor-container elementor-column-gap-default\">\n\t\t\t\t\t<div class=\"elementor-column elementor-col-50 elementor-top-column elementor-element elementor-element-f3770a2\" data-id=\"f3770a2\" data-element_type=\"column\" data-e-type=\"column\">\n\t\t\t<div class=\"elementor-widget-wrap elementor-element-populated\">\n\t\t\t\t\t\t<div class=\"elementor-element elementor-element-6788ee3 elementor-widget__width-auto elementor-widget elementor-widget-theme-post-title elementor-page-title elementor-widget-heading\" data-id=\"6788ee3\" data-element_type=\"widget\" data-e-type=\"widget\" data-widget_type=\"theme-post-title.default\">\n\t\t\t\t<div class=\"elementor-widget-container\">\n\t\t\t\t\t<h5 class=\"elementor-heading-title elementor-size-default\"><a href=\"https:\/\/www.expertservicecar.com\/pt-pt\/taller\/talleres-monterrey\/\">Talleres Monterrey<\/a><\/h5>\t\t\t\t<\/div>\n\t\t\t\t<\/div>\n\t\t\t\t<section class=\"elementor-section elementor-inner-section elementor-element elementor-element-dcd0ceb elementor-section-boxed elementor-section-height-default elementor-section-height-default\" data-id=\"dcd0ceb\" data-element_type=\"section\" data-e-type=\"section\">\n\t\t\t\t\t\t<div class=\"elementor-container elementor-column-gap-default\">\n\t\t\t\t\t<div class=\"elementor-column elementor-col-100 elementor-inner-column elementor-element elementor-element-aed0068\" data-id=\"aed0068\" data-element_type=\"column\" data-e-type=\"column\">\n\t\t\t<div class=\"elementor-widget-wrap elementor-element-populated\">\n\t\t\t\t\t\t<div class=\"elementor-element elementor-element-601cf1d elementor-widget__width-auto elementor-widget-mobile__width-auto elementor-widget elementor-widget-jet-listing-dynamic-field\" data-id=\"601cf1d\" data-element_type=\"widget\" data-e-type=\"widget\" data-widget_type=\"jet-listing-dynamic-field.default\">\n\t\t\t\t<div class=\"elementor-widget-container\">\n\t\t\t\t\t<div class=\"jet-listing jet-listing-dynamic-field display-inline\"><div class=\"jet-listing-dynamic-field__inline-wrap\"><span class=\"jet-listing-dynamic-field__content\"><p>R\u00faa Sarxento Veiga P\u00e9rez, 1,<br \/>\n15009 Coru\u00f1a ( A ), A Coru\u00f1a<\/p>\n<\/span><\/div><\/div>\t\t\t\t<\/div>\n\t\t\t\t<\/div>\n\t\t\t\t<div class=\"elementor-element elementor-element-1898eca elementor-widget elementor-widget-jet-listing-dynamic-link\" data-id=\"1898eca\" data-element_type=\"widget\" data-e-type=\"widget\" data-widget_type=\"jet-listing-dynamic-link.default\">\n\t\t\t\t<div class=\"elementor-widget-container\">\n\t\t\t\t\t<span class=\"jet-listing jet-listing-dynamic-link\"><a href=\"tel:981174029\" class=\"jet-listing-dynamic-link__link\"><i class=\"jet-listing-dynamic-link__icon fas fa-phone-alt\" aria-hidden=\"true\"><\/i><span class=\"jet-listing-dynamic-link__label\">981174029<\/span><\/a><\/span>\t\t\t\t<\/div>\n\t\t\t\t<\/div>\n\t\t\t\t<div class=\"elementor-element elementor-element-0329474 elementor-hidden-phone elementor-widget elementor-widget-jet-listing-dynamic-link\" data-id=\"0329474\" data-element_type=\"widget\" data-e-type=\"widget\" data-widget_type=\"jet-listing-dynamic-link.default\">\n\t\t\t\t<div class=\"elementor-widget-container\">\n\t\t\t\t\t<span class=\"jet-listing jet-listing-dynamic-link\"><a href=\"tel:653783715\" class=\"jet-listing-dynamic-link__link\"><i class=\"jet-listing-dynamic-link__icon oi oi-phone\" aria-hidden=\"true\"><\/i><span class=\"jet-listing-dynamic-link__label\">653783715<\/span><\/a><\/span>\t\t\t\t<\/div>\n\t\t\t\t<\/div>\n\t\t\t\t\t<\/div>\n\t\t<\/div>\n\t\t\t\t\t<\/div>\n\t\t<\/section>\n\t\t\t\t\t<\/div>\n\t\t<\/div>\n\t\t\t\t<div class=\"elementor-column elementor-col-50 elementor-top-column elementor-element elementor-element-bb24a8e\" data-id=\"bb24a8e\" data-element_type=\"column\" data-e-type=\"column\">\n\t\t\t<div class=\"elementor-widget-wrap elementor-element-populated\">\n\t\t\t\t\t\t<div class=\"elementor-element elementor-element-b78d0e4 elementor-widget elementor-widget-image\" data-id=\"b78d0e4\" data-element_type=\"widget\" data-e-type=\"widget\" data-widget_type=\"image.default\">\n\t\t\t\t<div class=\"elementor-widget-container\">\n\t\t\t\t\t\t\t\t\t\t\t\t\t\t\t\t<a href=\"https:\/\/www.expertservicecar.com\/pt-pt\/taller\/talleres-monterrey\/\">\n\t\t\t\t\t\t\t<img loading=\"lazy\" decoding=\"async\" width=\"300\" height=\"200\" src=\"https:\/\/www.expertservicecar.com\/wp-content\/uploads\/2024\/03\/FACHADA-COMPLETA-300x200.png\" class=\"attachment-medium size-medium wp-image-7418\" alt=\"\" srcset=\"https:\/\/www.expertservicecar.com\/wp-content\/uploads\/2024\/03\/FACHADA-COMPLETA-300x200.png 300w, https:\/\/www.expertservicecar.com\/wp-content\/uploads\/2024\/03\/FACHADA-COMPLETA.png 600w\" sizes=\"(max-width: 300px) 100vw, 300px\" title=\"\">\t\t\t\t\t\t\t\t<\/a>\n\t\t\t\t\t\t\t\t\t\t\t\t\t\t\t<\/div>\n\t\t\t\t<\/div>\n\t\t\t\t\t<\/div>\n\t\t<\/div>\n\t\t\t\t\t<\/div>\n\t\t<\/section>\n\t\t\t\t<\/div>\n\t\t<\/div><div class=\"jet-listing-grid__item jet-listing-dynamic-post-5491 jet-equal-columns\" data-post-id=\"5491\" >\t\t<div data-elementor-type=\"jet-listing-items\" data-elementor-id=\"524\" class=\"elementor elementor-524\" data-elementor-post-type=\"jet-engine\">\n\t\t\t\t\t\t<section class=\"elementor-section elementor-top-section elementor-element elementor-element-ef0c760 elementor-section-content-middle elementor-section-boxed elementor-section-height-default elementor-section-height-default\" data-id=\"ef0c760\" data-element_type=\"section\" data-e-type=\"section\" data-settings=\"{&quot;background_background&quot;:&quot;classic&quot;}\">\n\t\t\t\t\t\t<div class=\"elementor-container elementor-column-gap-default\">\n\t\t\t\t\t<div class=\"elementor-column elementor-col-50 elementor-top-column elementor-element elementor-element-f3770a2\" data-id=\"f3770a2\" data-element_type=\"column\" data-e-type=\"column\">\n\t\t\t<div class=\"elementor-widget-wrap elementor-element-populated\">\n\t\t\t\t\t\t<div class=\"elementor-element elementor-element-6788ee3 elementor-widget__width-auto elementor-widget elementor-widget-theme-post-title elementor-page-title elementor-widget-heading\" data-id=\"6788ee3\" data-element_type=\"widget\" data-e-type=\"widget\" data-widget_type=\"theme-post-title.default\">\n\t\t\t\t<div class=\"elementor-widget-container\">\n\t\t\t\t\t<h5 class=\"elementor-heading-title elementor-size-default\"><a href=\"https:\/\/www.expertservicecar.com\/pt-pt\/taller\/talleres-nico\/\">Talleres Nico<\/a><\/h5>\t\t\t\t<\/div>\n\t\t\t\t<\/div>\n\t\t\t\t<section class=\"elementor-section elementor-inner-section elementor-element elementor-element-dcd0ceb elementor-section-boxed elementor-section-height-default elementor-section-height-default\" data-id=\"dcd0ceb\" data-element_type=\"section\" data-e-type=\"section\">\n\t\t\t\t\t\t<div class=\"elementor-container elementor-column-gap-default\">\n\t\t\t\t\t<div class=\"elementor-column elementor-col-100 elementor-inner-column elementor-element elementor-element-aed0068\" data-id=\"aed0068\" data-element_type=\"column\" data-e-type=\"column\">\n\t\t\t<div class=\"elementor-widget-wrap elementor-element-populated\">\n\t\t\t\t\t\t<div class=\"elementor-element elementor-element-601cf1d elementor-widget__width-auto elementor-widget-mobile__width-auto elementor-widget elementor-widget-jet-listing-dynamic-field\" data-id=\"601cf1d\" data-element_type=\"widget\" data-e-type=\"widget\" data-widget_type=\"jet-listing-dynamic-field.default\">\n\t\t\t\t<div class=\"elementor-widget-container\">\n\t\t\t\t\t<div class=\"jet-listing jet-listing-dynamic-field display-inline\"><div class=\"jet-listing-dynamic-field__inline-wrap\"><span class=\"jet-listing-dynamic-field__content\"><p>Pol. Ind. Montalvo II - C\/ Hoyamoros 18<br \/>\n37008 Salamanca<br \/>\nSalamanca<\/p>\n<\/span><\/div><\/div>\t\t\t\t<\/div>\n\t\t\t\t<\/div>\n\t\t\t\t<div class=\"elementor-element elementor-element-1898eca elementor-widget elementor-widget-jet-listing-dynamic-link\" data-id=\"1898eca\" data-element_type=\"widget\" data-e-type=\"widget\" data-widget_type=\"jet-listing-dynamic-link.default\">\n\t\t\t\t<div class=\"elementor-widget-container\">\n\t\t\t\t\t<span class=\"jet-listing jet-listing-dynamic-link\"><a href=\"tel:923192659\" class=\"jet-listing-dynamic-link__link\"><i class=\"jet-listing-dynamic-link__icon fas fa-phone-alt\" aria-hidden=\"true\"><\/i><span class=\"jet-listing-dynamic-link__label\">923192659<\/span><\/a><\/span>\t\t\t\t<\/div>\n\t\t\t\t<\/div>\n\t\t\t\t\t<\/div>\n\t\t<\/div>\n\t\t\t\t\t<\/div>\n\t\t<\/section>\n\t\t\t\t\t<\/div>\n\t\t<\/div>\n\t\t\t\t<div class=\"elementor-column elementor-col-50 elementor-top-column elementor-element elementor-element-bb24a8e\" data-id=\"bb24a8e\" data-element_type=\"column\" data-e-type=\"column\">\n\t\t\t<div class=\"elementor-widget-wrap elementor-element-populated\">\n\t\t\t\t\t\t<div class=\"elementor-element elementor-element-b78d0e4 elementor-widget elementor-widget-image\" data-id=\"b78d0e4\" data-element_type=\"widget\" data-e-type=\"widget\" data-widget_type=\"image.default\">\n\t\t\t\t<div class=\"elementor-widget-container\">\n\t\t\t\t\t\t\t\t\t\t\t\t\t\t\t\t<a href=\"https:\/\/www.expertservicecar.com\/pt-pt\/taller\/talleres-nico\/\">\n\t\t\t\t\t\t\t<img loading=\"lazy\" decoding=\"async\" width=\"300\" height=\"231\" src=\"https:\/\/www.expertservicecar.com\/wp-content\/uploads\/2021\/08\/exterior_1876_talleres_nico_nico_para_ad_global_original-300x231.jpg\" class=\"attachment-medium size-medium wp-image-5543\" alt=\"\" srcset=\"https:\/\/www.expertservicecar.com\/wp-content\/uploads\/2021\/08\/exterior_1876_talleres_nico_nico_para_ad_global_original-300x231.jpg 300w, https:\/\/www.expertservicecar.com\/wp-content\/uploads\/2021\/08\/exterior_1876_talleres_nico_nico_para_ad_global_original-768x591.jpg 768w, https:\/\/www.expertservicecar.com\/wp-content\/uploads\/2021\/08\/exterior_1876_talleres_nico_nico_para_ad_global_original-600x462.jpg 600w, https:\/\/www.expertservicecar.com\/wp-content\/uploads\/2021\/08\/exterior_1876_talleres_nico_nico_para_ad_global_original.jpg 998w\" sizes=\"(max-width: 300px) 100vw, 300px\" title=\"\">\t\t\t\t\t\t\t\t<\/a>\n\t\t\t\t\t\t\t\t\t\t\t\t\t\t\t<\/div>\n\t\t\t\t<\/div>\n\t\t\t\t\t<\/div>\n\t\t<\/div>\n\t\t\t\t\t<\/div>\n\t\t<\/section>\n\t\t\t\t<\/div>\n\t\t<\/div><div class=\"jet-listing-grid__item jet-listing-dynamic-post-3357 jet-equal-columns\" data-post-id=\"3357\" >\t\t<div data-elementor-type=\"jet-listing-items\" data-elementor-id=\"524\" class=\"elementor elementor-524\" data-elementor-post-type=\"jet-engine\">\n\t\t\t\t\t\t<section class=\"elementor-section elementor-top-section elementor-element elementor-element-ef0c760 elementor-section-content-middle elementor-section-boxed elementor-section-height-default elementor-section-height-default\" data-id=\"ef0c760\" data-element_type=\"section\" data-e-type=\"section\" data-settings=\"{&quot;background_background&quot;:&quot;classic&quot;}\">\n\t\t\t\t\t\t<div class=\"elementor-container elementor-column-gap-default\">\n\t\t\t\t\t<div class=\"elementor-column elementor-col-50 elementor-top-column elementor-element elementor-element-f3770a2\" data-id=\"f3770a2\" data-element_type=\"column\" data-e-type=\"column\">\n\t\t\t<div class=\"elementor-widget-wrap elementor-element-populated\">\n\t\t\t\t\t\t<div class=\"elementor-element elementor-element-6788ee3 elementor-widget__width-auto elementor-widget elementor-widget-theme-post-title elementor-page-title elementor-widget-heading\" data-id=\"6788ee3\" data-element_type=\"widget\" data-e-type=\"widget\" data-widget_type=\"theme-post-title.default\">\n\t\t\t\t<div class=\"elementor-widget-container\">\n\t\t\t\t\t<h5 class=\"elementor-heading-title elementor-size-default\"><a href=\"https:\/\/www.expertservicecar.com\/pt-pt\/taller\/talleres-paco-alcaniz\/\">Talleres Paco Alca\u00f1iz<\/a><\/h5>\t\t\t\t<\/div>\n\t\t\t\t<\/div>\n\t\t\t\t<section class=\"elementor-section elementor-inner-section elementor-element elementor-element-dcd0ceb elementor-section-boxed elementor-section-height-default elementor-section-height-default\" data-id=\"dcd0ceb\" data-element_type=\"section\" data-e-type=\"section\">\n\t\t\t\t\t\t<div class=\"elementor-container elementor-column-gap-default\">\n\t\t\t\t\t<div class=\"elementor-column elementor-col-100 elementor-inner-column elementor-element elementor-element-aed0068\" data-id=\"aed0068\" data-element_type=\"column\" data-e-type=\"column\">\n\t\t\t<div class=\"elementor-widget-wrap elementor-element-populated\">\n\t\t\t\t\t\t<div class=\"elementor-element elementor-element-601cf1d elementor-widget__width-auto elementor-widget-mobile__width-auto elementor-widget elementor-widget-jet-listing-dynamic-field\" data-id=\"601cf1d\" data-element_type=\"widget\" data-e-type=\"widget\" data-widget_type=\"jet-listing-dynamic-field.default\">\n\t\t\t\t<div class=\"elementor-widget-container\">\n\t\t\t\t\t<div class=\"jet-listing jet-listing-dynamic-field display-inline\"><div class=\"jet-listing-dynamic-field__inline-wrap\"><span class=\"jet-listing-dynamic-field__content\"><p>Carrer Sant Agust\u00ed, 36<br \/>\n46111 Rocafort<br \/>\nValencia<\/p>\n<\/span><\/div><\/div>\t\t\t\t<\/div>\n\t\t\t\t<\/div>\n\t\t\t\t<div class=\"elementor-element elementor-element-1898eca elementor-widget elementor-widget-jet-listing-dynamic-link\" data-id=\"1898eca\" data-element_type=\"widget\" data-e-type=\"widget\" data-widget_type=\"jet-listing-dynamic-link.default\">\n\t\t\t\t<div class=\"elementor-widget-container\">\n\t\t\t\t\t<span class=\"jet-listing jet-listing-dynamic-link\"><a href=\"tel:+34 961 437306\" class=\"jet-listing-dynamic-link__link\"><i class=\"jet-listing-dynamic-link__icon fas fa-phone-alt\" aria-hidden=\"true\"><\/i><span class=\"jet-listing-dynamic-link__label\">+34 961 437306<\/span><\/a><\/span>\t\t\t\t<\/div>\n\t\t\t\t<\/div>\n\t\t\t\t\t<\/div>\n\t\t<\/div>\n\t\t\t\t\t<\/div>\n\t\t<\/section>\n\t\t\t\t\t<\/div>\n\t\t<\/div>\n\t\t\t\t<div class=\"elementor-column elementor-col-50 elementor-top-column elementor-element elementor-element-bb24a8e\" data-id=\"bb24a8e\" data-element_type=\"column\" data-e-type=\"column\">\n\t\t\t<div class=\"elementor-widget-wrap elementor-element-populated\">\n\t\t\t\t\t\t<div class=\"elementor-element elementor-element-b78d0e4 elementor-widget elementor-widget-image\" data-id=\"b78d0e4\" data-element_type=\"widget\" data-e-type=\"widget\" data-widget_type=\"image.default\">\n\t\t\t\t<div class=\"elementor-widget-container\">\n\t\t\t\t\t\t\t\t\t\t\t\t\t\t\t\t<a href=\"https:\/\/www.expertservicecar.com\/pt-pt\/taller\/talleres-paco-alcaniz\/\">\n\t\t\t\t\t\t\t<img loading=\"lazy\" decoding=\"async\" width=\"300\" height=\"231\" src=\"https:\/\/www.expertservicecar.com\/wp-content\/uploads\/2021\/06\/talleres-paco-alcaniz-300x231.jpg\" class=\"attachment-medium size-medium wp-image-3358\" alt=\"Talleres Paco Alca\u00f1iz\" srcset=\"https:\/\/www.expertservicecar.com\/wp-content\/uploads\/2021\/06\/talleres-paco-alcaniz-300x231.jpg 300w, https:\/\/www.expertservicecar.com\/wp-content\/uploads\/2021\/06\/talleres-paco-alcaniz-768x591.jpg 768w, https:\/\/www.expertservicecar.com\/wp-content\/uploads\/2021\/06\/talleres-paco-alcaniz-600x462.jpg 600w, https:\/\/www.expertservicecar.com\/wp-content\/uploads\/2021\/06\/talleres-paco-alcaniz.jpg 900w\" sizes=\"(max-width: 300px) 100vw, 300px\" title=\"\">\t\t\t\t\t\t\t\t<\/a>\n\t\t\t\t\t\t\t\t\t\t\t\t\t\t\t<\/div>\n\t\t\t\t<\/div>\n\t\t\t\t\t<\/div>\n\t\t<\/div>\n\t\t\t\t\t<\/div>\n\t\t<\/section>\n\t\t\t\t<\/div>\n\t\t<\/div><div class=\"jet-listing-grid__item jet-listing-dynamic-post-5913 jet-equal-columns\" data-post-id=\"5913\" >\t\t<div data-elementor-type=\"jet-listing-items\" data-elementor-id=\"524\" class=\"elementor elementor-524\" data-elementor-post-type=\"jet-engine\">\n\t\t\t\t\t\t<section class=\"elementor-section elementor-top-section elementor-element elementor-element-ef0c760 elementor-section-content-middle elementor-section-boxed elementor-section-height-default elementor-section-height-default\" data-id=\"ef0c760\" data-element_type=\"section\" data-e-type=\"section\" data-settings=\"{&quot;background_background&quot;:&quot;classic&quot;}\">\n\t\t\t\t\t\t<div class=\"elementor-container elementor-column-gap-default\">\n\t\t\t\t\t<div class=\"elementor-column elementor-col-50 elementor-top-column elementor-element elementor-element-f3770a2\" data-id=\"f3770a2\" data-element_type=\"column\" data-e-type=\"column\">\n\t\t\t<div class=\"elementor-widget-wrap elementor-element-populated\">\n\t\t\t\t\t\t<div class=\"elementor-element elementor-element-6788ee3 elementor-widget__width-auto elementor-widget elementor-widget-theme-post-title elementor-page-title elementor-widget-heading\" data-id=\"6788ee3\" data-element_type=\"widget\" data-e-type=\"widget\" data-widget_type=\"theme-post-title.default\">\n\t\t\t\t<div class=\"elementor-widget-container\">\n\t\t\t\t\t<h5 class=\"elementor-heading-title elementor-size-default\"><a href=\"https:\/\/www.expertservicecar.com\/pt-pt\/taller\/talleres-palacios\/\">Talleres Palacios<\/a><\/h5>\t\t\t\t<\/div>\n\t\t\t\t<\/div>\n\t\t\t\t<section class=\"elementor-section elementor-inner-section elementor-element elementor-element-dcd0ceb elementor-section-boxed elementor-section-height-default elementor-section-height-default\" data-id=\"dcd0ceb\" data-element_type=\"section\" data-e-type=\"section\">\n\t\t\t\t\t\t<div class=\"elementor-container elementor-column-gap-default\">\n\t\t\t\t\t<div class=\"elementor-column elementor-col-100 elementor-inner-column elementor-element elementor-element-aed0068\" data-id=\"aed0068\" data-element_type=\"column\" data-e-type=\"column\">\n\t\t\t<div class=\"elementor-widget-wrap elementor-element-populated\">\n\t\t\t\t\t\t<div class=\"elementor-element elementor-element-601cf1d elementor-widget__width-auto elementor-widget-mobile__width-auto elementor-widget elementor-widget-jet-listing-dynamic-field\" data-id=\"601cf1d\" data-element_type=\"widget\" data-e-type=\"widget\" data-widget_type=\"jet-listing-dynamic-field.default\">\n\t\t\t\t<div class=\"elementor-widget-container\">\n\t\t\t\t\t<div class=\"jet-listing jet-listing-dynamic-field display-inline\"><div class=\"jet-listing-dynamic-field__inline-wrap\"><span class=\"jet-listing-dynamic-field__content\"><p>Av. de la Constituci\u00f3n, 159<br \/>\n13240 La Solana<br \/>\nCiudad Real<\/p>\n<\/span><\/div><\/div>\t\t\t\t<\/div>\n\t\t\t\t<\/div>\n\t\t\t\t<div class=\"elementor-element elementor-element-1898eca elementor-widget elementor-widget-jet-listing-dynamic-link\" data-id=\"1898eca\" data-element_type=\"widget\" data-e-type=\"widget\" data-widget_type=\"jet-listing-dynamic-link.default\">\n\t\t\t\t<div class=\"elementor-widget-container\">\n\t\t\t\t\t<span class=\"jet-listing jet-listing-dynamic-link\"><a href=\"tel:926631657\" class=\"jet-listing-dynamic-link__link\"><i class=\"jet-listing-dynamic-link__icon fas fa-phone-alt\" aria-hidden=\"true\"><\/i><span class=\"jet-listing-dynamic-link__label\">926631657<\/span><\/a><\/span>\t\t\t\t<\/div>\n\t\t\t\t<\/div>\n\t\t\t\t\t<\/div>\n\t\t<\/div>\n\t\t\t\t\t<\/div>\n\t\t<\/section>\n\t\t\t\t\t<\/div>\n\t\t<\/div>\n\t\t\t\t<div class=\"elementor-column elementor-col-50 elementor-top-column elementor-element elementor-element-bb24a8e\" data-id=\"bb24a8e\" data-element_type=\"column\" data-e-type=\"column\">\n\t\t\t<div class=\"elementor-widget-wrap elementor-element-populated\">\n\t\t\t\t\t\t<div class=\"elementor-element elementor-element-b78d0e4 elementor-widget elementor-widget-image\" data-id=\"b78d0e4\" data-element_type=\"widget\" data-e-type=\"widget\" data-widget_type=\"image.default\">\n\t\t\t\t<div class=\"elementor-widget-container\">\n\t\t\t\t\t\t\t\t\t\t\t\t\t\t\t\t<a href=\"https:\/\/www.expertservicecar.com\/pt-pt\/taller\/talleres-palacios\/\">\n\t\t\t\t\t\t\t<img loading=\"lazy\" decoding=\"async\" width=\"300\" height=\"231\" src=\"https:\/\/www.expertservicecar.com\/wp-content\/uploads\/2021\/09\/palacios-300x231.jpg\" class=\"attachment-medium size-medium wp-image-5910\" alt=\"\" srcset=\"https:\/\/www.expertservicecar.com\/wp-content\/uploads\/2021\/09\/palacios-300x231.jpg 300w, https:\/\/www.expertservicecar.com\/wp-content\/uploads\/2021\/09\/palacios-1024x788.jpg 1024w, https:\/\/www.expertservicecar.com\/wp-content\/uploads\/2021\/09\/palacios-768x591.jpg 768w, https:\/\/www.expertservicecar.com\/wp-content\/uploads\/2021\/09\/palacios-1536x1183.jpg 1536w, https:\/\/www.expertservicecar.com\/wp-content\/uploads\/2021\/09\/palacios-2048x1577.jpg 2048w, https:\/\/www.expertservicecar.com\/wp-content\/uploads\/2021\/09\/palacios-600x462.jpg 600w\" sizes=\"(max-width: 300px) 100vw, 300px\" title=\"\">\t\t\t\t\t\t\t\t<\/a>\n\t\t\t\t\t\t\t\t\t\t\t\t\t\t\t<\/div>\n\t\t\t\t<\/div>\n\t\t\t\t\t<\/div>\n\t\t<\/div>\n\t\t\t\t\t<\/div>\n\t\t<\/section>\n\t\t\t\t<\/div>\n\t\t<\/div><div class=\"jet-listing-grid__item jet-listing-dynamic-post-7156 jet-equal-columns\" data-post-id=\"7156\" >\t\t<div data-elementor-type=\"jet-listing-items\" data-elementor-id=\"524\" class=\"elementor elementor-524\" data-elementor-post-type=\"jet-engine\">\n\t\t\t\t\t\t<section class=\"elementor-section elementor-top-section elementor-element elementor-element-ef0c760 elementor-section-content-middle elementor-section-boxed elementor-section-height-default elementor-section-height-default\" data-id=\"ef0c760\" data-element_type=\"section\" data-e-type=\"section\" data-settings=\"{&quot;background_background&quot;:&quot;classic&quot;}\">\n\t\t\t\t\t\t<div class=\"elementor-container elementor-column-gap-default\">\n\t\t\t\t\t<div class=\"elementor-column elementor-col-50 elementor-top-column elementor-element elementor-element-f3770a2\" data-id=\"f3770a2\" data-element_type=\"column\" data-e-type=\"column\">\n\t\t\t<div class=\"elementor-widget-wrap elementor-element-populated\">\n\t\t\t\t\t\t<div class=\"elementor-element elementor-element-6788ee3 elementor-widget__width-auto elementor-widget elementor-widget-theme-post-title elementor-page-title elementor-widget-heading\" data-id=\"6788ee3\" data-element_type=\"widget\" data-e-type=\"widget\" data-widget_type=\"theme-post-title.default\">\n\t\t\t\t<div class=\"elementor-widget-container\">\n\t\t\t\t\t<h5 class=\"elementor-heading-title elementor-size-default\"><a href=\"https:\/\/www.expertservicecar.com\/pt-pt\/taller\/talleres-parke-5\/\">Talleres Parke 5<\/a><\/h5>\t\t\t\t<\/div>\n\t\t\t\t<\/div>\n\t\t\t\t<section class=\"elementor-section elementor-inner-section elementor-element elementor-element-dcd0ceb elementor-section-boxed elementor-section-height-default elementor-section-height-default\" data-id=\"dcd0ceb\" data-element_type=\"section\" data-e-type=\"section\">\n\t\t\t\t\t\t<div class=\"elementor-container elementor-column-gap-default\">\n\t\t\t\t\t<div class=\"elementor-column elementor-col-100 elementor-inner-column elementor-element elementor-element-aed0068\" data-id=\"aed0068\" data-element_type=\"column\" data-e-type=\"column\">\n\t\t\t<div class=\"elementor-widget-wrap elementor-element-populated\">\n\t\t\t\t\t\t<div class=\"elementor-element elementor-element-601cf1d elementor-widget__width-auto elementor-widget-mobile__width-auto elementor-widget elementor-widget-jet-listing-dynamic-field\" data-id=\"601cf1d\" data-element_type=\"widget\" data-e-type=\"widget\" data-widget_type=\"jet-listing-dynamic-field.default\">\n\t\t\t\t<div class=\"elementor-widget-container\">\n\t\t\t\t\t<div class=\"jet-listing jet-listing-dynamic-field display-inline\"><div class=\"jet-listing-dynamic-field__inline-wrap\"><span class=\"jet-listing-dynamic-field__content\"><p>Santurtziko Parkea, 5, 48980 Santurtzi, Bizkaia<\/p>\n<\/span><\/div><\/div>\t\t\t\t<\/div>\n\t\t\t\t<\/div>\n\t\t\t\t<div class=\"elementor-element elementor-element-1898eca elementor-widget elementor-widget-jet-listing-dynamic-link\" data-id=\"1898eca\" data-element_type=\"widget\" data-e-type=\"widget\" data-widget_type=\"jet-listing-dynamic-link.default\">\n\t\t\t\t<div class=\"elementor-widget-container\">\n\t\t\t\t\t<span class=\"jet-listing jet-listing-dynamic-link\"><a href=\"tel:944837712\" class=\"jet-listing-dynamic-link__link\"><i class=\"jet-listing-dynamic-link__icon fas fa-phone-alt\" aria-hidden=\"true\"><\/i><span class=\"jet-listing-dynamic-link__label\">944837712<\/span><\/a><\/span>\t\t\t\t<\/div>\n\t\t\t\t<\/div>\n\t\t\t\t<div class=\"elementor-element elementor-element-0329474 elementor-hidden-phone elementor-widget elementor-widget-jet-listing-dynamic-link\" data-id=\"0329474\" data-element_type=\"widget\" data-e-type=\"widget\" data-widget_type=\"jet-listing-dynamic-link.default\">\n\t\t\t\t<div class=\"elementor-widget-container\">\n\t\t\t\t\t<span class=\"jet-listing jet-listing-dynamic-link\"><a href=\"tel:605740072\" class=\"jet-listing-dynamic-link__link\"><i class=\"jet-listing-dynamic-link__icon oi oi-phone\" aria-hidden=\"true\"><\/i><span class=\"jet-listing-dynamic-link__label\">605740072<\/span><\/a><\/span>\t\t\t\t<\/div>\n\t\t\t\t<\/div>\n\t\t\t\t\t<\/div>\n\t\t<\/div>\n\t\t\t\t\t<\/div>\n\t\t<\/section>\n\t\t\t\t\t<\/div>\n\t\t<\/div>\n\t\t\t\t<div class=\"elementor-column elementor-col-50 elementor-top-column elementor-element elementor-element-bb24a8e\" data-id=\"bb24a8e\" data-element_type=\"column\" data-e-type=\"column\">\n\t\t\t<div class=\"elementor-widget-wrap elementor-element-populated\">\n\t\t\t\t\t\t<div class=\"elementor-element elementor-element-b78d0e4 elementor-widget elementor-widget-image\" data-id=\"b78d0e4\" data-element_type=\"widget\" data-e-type=\"widget\" data-widget_type=\"image.default\">\n\t\t\t\t<div class=\"elementor-widget-container\">\n\t\t\t\t\t\t\t\t\t\t\t\t\t\t\t\t<a href=\"https:\/\/www.expertservicecar.com\/pt-pt\/taller\/talleres-parke-5\/\">\n\t\t\t\t\t\t\t<img loading=\"lazy\" decoding=\"async\" width=\"300\" height=\"232\" src=\"https:\/\/www.expertservicecar.com\/wp-content\/uploads\/2023\/10\/parke5-300x232.jpg\" class=\"attachment-medium size-medium wp-image-7157\" alt=\"\" srcset=\"https:\/\/www.expertservicecar.com\/wp-content\/uploads\/2023\/10\/parke5-300x232.jpg 300w, https:\/\/www.expertservicecar.com\/wp-content\/uploads\/2023\/10\/parke5-768x594.jpg 768w, https:\/\/www.expertservicecar.com\/wp-content\/uploads\/2023\/10\/parke5-600x464.jpg 600w, https:\/\/www.expertservicecar.com\/wp-content\/uploads\/2023\/10\/parke5.jpg 905w\" sizes=\"(max-width: 300px) 100vw, 300px\" title=\"\">\t\t\t\t\t\t\t\t<\/a>\n\t\t\t\t\t\t\t\t\t\t\t\t\t\t\t<\/div>\n\t\t\t\t<\/div>\n\t\t\t\t\t<\/div>\n\t\t<\/div>\n\t\t\t\t\t<\/div>\n\t\t<\/section>\n\t\t\t\t<\/div>\n\t\t<\/div><div class=\"jet-listing-grid__item jet-listing-dynamic-post-7150 jet-equal-columns\" data-post-id=\"7150\" >\t\t<div data-elementor-type=\"jet-listing-items\" data-elementor-id=\"524\" class=\"elementor elementor-524\" data-elementor-post-type=\"jet-engine\">\n\t\t\t\t\t\t<section class=\"elementor-section elementor-top-section elementor-element elementor-element-ef0c760 elementor-section-content-middle elementor-section-boxed elementor-section-height-default elementor-section-height-default\" data-id=\"ef0c760\" data-element_type=\"section\" data-e-type=\"section\" data-settings=\"{&quot;background_background&quot;:&quot;classic&quot;}\">\n\t\t\t\t\t\t<div class=\"elementor-container elementor-column-gap-default\">\n\t\t\t\t\t<div class=\"elementor-column elementor-col-50 elementor-top-column elementor-element elementor-element-f3770a2\" data-id=\"f3770a2\" data-element_type=\"column\" data-e-type=\"column\">\n\t\t\t<div class=\"elementor-widget-wrap elementor-element-populated\">\n\t\t\t\t\t\t<div class=\"elementor-element elementor-element-6788ee3 elementor-widget__width-auto elementor-widget elementor-widget-theme-post-title elementor-page-title elementor-widget-heading\" data-id=\"6788ee3\" data-element_type=\"widget\" data-e-type=\"widget\" data-widget_type=\"theme-post-title.default\">\n\t\t\t\t<div class=\"elementor-widget-container\">\n\t\t\t\t\t<h5 class=\"elementor-heading-title elementor-size-default\"><a href=\"https:\/\/www.expertservicecar.com\/pt-pt\/taller\/talleres-pelistar\/\">Talleres Pelistar<\/a><\/h5>\t\t\t\t<\/div>\n\t\t\t\t<\/div>\n\t\t\t\t<section class=\"elementor-section elementor-inner-section elementor-element elementor-element-dcd0ceb elementor-section-boxed elementor-section-height-default elementor-section-height-default\" data-id=\"dcd0ceb\" data-element_type=\"section\" data-e-type=\"section\">\n\t\t\t\t\t\t<div class=\"elementor-container elementor-column-gap-default\">\n\t\t\t\t\t<div class=\"elementor-column elementor-col-100 elementor-inner-column elementor-element elementor-element-aed0068\" data-id=\"aed0068\" data-element_type=\"column\" data-e-type=\"column\">\n\t\t\t<div class=\"elementor-widget-wrap elementor-element-populated\">\n\t\t\t\t\t\t<div class=\"elementor-element elementor-element-601cf1d elementor-widget__width-auto elementor-widget-mobile__width-auto elementor-widget elementor-widget-jet-listing-dynamic-field\" data-id=\"601cf1d\" data-element_type=\"widget\" data-e-type=\"widget\" data-widget_type=\"jet-listing-dynamic-field.default\">\n\t\t\t\t<div class=\"elementor-widget-container\">\n\t\t\t\t\t<div class=\"jet-listing jet-listing-dynamic-field display-inline\"><div class=\"jet-listing-dynamic-field__inline-wrap\"><span class=\"jet-listing-dynamic-field__content\"><p>C. Batalla de Majaceite, 7, 11405 Jerez de la Frontera, C\u00e1diz<\/p>\n<\/span><\/div><\/div>\t\t\t\t<\/div>\n\t\t\t\t<\/div>\n\t\t\t\t<div class=\"elementor-element elementor-element-1898eca elementor-widget elementor-widget-jet-listing-dynamic-link\" data-id=\"1898eca\" data-element_type=\"widget\" data-e-type=\"widget\" data-widget_type=\"jet-listing-dynamic-link.default\">\n\t\t\t\t<div class=\"elementor-widget-container\">\n\t\t\t\t\t<span class=\"jet-listing jet-listing-dynamic-link\"><a href=\"tel:956322215\" class=\"jet-listing-dynamic-link__link\"><i class=\"jet-listing-dynamic-link__icon fas fa-phone-alt\" aria-hidden=\"true\"><\/i><span class=\"jet-listing-dynamic-link__label\">956322215<\/span><\/a><\/span>\t\t\t\t<\/div>\n\t\t\t\t<\/div>\n\t\t\t\t\t<\/div>\n\t\t<\/div>\n\t\t\t\t\t<\/div>\n\t\t<\/section>\n\t\t\t\t\t<\/div>\n\t\t<\/div>\n\t\t\t\t<div class=\"elementor-column elementor-col-50 elementor-top-column elementor-element elementor-element-bb24a8e\" data-id=\"bb24a8e\" data-element_type=\"column\" data-e-type=\"column\">\n\t\t\t<div class=\"elementor-widget-wrap elementor-element-populated\">\n\t\t\t\t\t\t<div class=\"elementor-element elementor-element-b78d0e4 elementor-widget elementor-widget-image\" data-id=\"b78d0e4\" data-element_type=\"widget\" data-e-type=\"widget\" data-widget_type=\"image.default\">\n\t\t\t\t<div class=\"elementor-widget-container\">\n\t\t\t\t\t\t\t\t\t\t\t\t\t\t\t\t<a href=\"https:\/\/www.expertservicecar.com\/pt-pt\/taller\/talleres-pelistar\/\">\n\t\t\t\t\t\t\t<img loading=\"lazy\" decoding=\"async\" width=\"300\" height=\"226\" src=\"https:\/\/www.expertservicecar.com\/wp-content\/uploads\/2023\/10\/talleres-pelistar-300x226.jpg\" class=\"attachment-medium size-medium wp-image-7153\" alt=\"\" srcset=\"https:\/\/www.expertservicecar.com\/wp-content\/uploads\/2023\/10\/talleres-pelistar-300x226.jpg 300w, https:\/\/www.expertservicecar.com\/wp-content\/uploads\/2023\/10\/talleres-pelistar-1024x771.jpg 1024w, https:\/\/www.expertservicecar.com\/wp-content\/uploads\/2023\/10\/talleres-pelistar-768x578.jpg 768w, https:\/\/www.expertservicecar.com\/wp-content\/uploads\/2023\/10\/talleres-pelistar-600x452.jpg 600w, https:\/\/www.expertservicecar.com\/wp-content\/uploads\/2023\/10\/talleres-pelistar.jpg 1101w\" sizes=\"(max-width: 300px) 100vw, 300px\" title=\"\">\t\t\t\t\t\t\t\t<\/a>\n\t\t\t\t\t\t\t\t\t\t\t\t\t\t\t<\/div>\n\t\t\t\t<\/div>\n\t\t\t\t\t<\/div>\n\t\t<\/div>\n\t\t\t\t\t<\/div>\n\t\t<\/section>\n\t\t\t\t<\/div>\n\t\t<\/div><div class=\"jet-listing-grid__item jet-listing-dynamic-post-3361 jet-equal-columns\" data-post-id=\"3361\" >\t\t<div data-elementor-type=\"jet-listing-items\" data-elementor-id=\"524\" class=\"elementor elementor-524\" data-elementor-post-type=\"jet-engine\">\n\t\t\t\t\t\t<section class=\"elementor-section elementor-top-section elementor-element elementor-element-ef0c760 elementor-section-content-middle elementor-section-boxed elementor-section-height-default elementor-section-height-default\" data-id=\"ef0c760\" data-element_type=\"section\" data-e-type=\"section\" data-settings=\"{&quot;background_background&quot;:&quot;classic&quot;}\">\n\t\t\t\t\t\t<div class=\"elementor-container elementor-column-gap-default\">\n\t\t\t\t\t<div class=\"elementor-column elementor-col-50 elementor-top-column elementor-element elementor-element-f3770a2\" data-id=\"f3770a2\" data-element_type=\"column\" data-e-type=\"column\">\n\t\t\t<div class=\"elementor-widget-wrap elementor-element-populated\">\n\t\t\t\t\t\t<div class=\"elementor-element elementor-element-6788ee3 elementor-widget__width-auto elementor-widget elementor-widget-theme-post-title elementor-page-title elementor-widget-heading\" data-id=\"6788ee3\" data-element_type=\"widget\" data-e-type=\"widget\" data-widget_type=\"theme-post-title.default\">\n\t\t\t\t<div class=\"elementor-widget-container\">\n\t\t\t\t\t<h5 class=\"elementor-heading-title elementor-size-default\"><a href=\"https:\/\/www.expertservicecar.com\/pt-pt\/taller\/talleres-pepe\/\">Talleres Pepe<\/a><\/h5>\t\t\t\t<\/div>\n\t\t\t\t<\/div>\n\t\t\t\t<section class=\"elementor-section elementor-inner-section elementor-element elementor-element-dcd0ceb elementor-section-boxed elementor-section-height-default elementor-section-height-default\" data-id=\"dcd0ceb\" data-element_type=\"section\" data-e-type=\"section\">\n\t\t\t\t\t\t<div class=\"elementor-container elementor-column-gap-default\">\n\t\t\t\t\t<div class=\"elementor-column elementor-col-100 elementor-inner-column elementor-element elementor-element-aed0068\" data-id=\"aed0068\" data-element_type=\"column\" data-e-type=\"column\">\n\t\t\t<div class=\"elementor-widget-wrap elementor-element-populated\">\n\t\t\t\t\t\t<div class=\"elementor-element elementor-element-601cf1d elementor-widget__width-auto elementor-widget-mobile__width-auto elementor-widget elementor-widget-jet-listing-dynamic-field\" data-id=\"601cf1d\" data-element_type=\"widget\" data-e-type=\"widget\" data-widget_type=\"jet-listing-dynamic-field.default\">\n\t\t\t\t<div class=\"elementor-widget-container\">\n\t\t\t\t\t<div class=\"jet-listing jet-listing-dynamic-field display-inline\"><div class=\"jet-listing-dynamic-field__inline-wrap\"><span class=\"jet-listing-dynamic-field__content\"><p>Carrer Aceria, 27<br \/>\n46520 Port de Sagunt<br \/>\nValencia<\/p>\n<\/span><\/div><\/div>\t\t\t\t<\/div>\n\t\t\t\t<\/div>\n\t\t\t\t<div class=\"elementor-element elementor-element-1898eca elementor-widget elementor-widget-jet-listing-dynamic-link\" data-id=\"1898eca\" data-element_type=\"widget\" data-e-type=\"widget\" data-widget_type=\"jet-listing-dynamic-link.default\">\n\t\t\t\t<div class=\"elementor-widget-container\">\n\t\t\t\t\t<span class=\"jet-listing jet-listing-dynamic-link\"><a href=\"tel:+34 961 119658\" class=\"jet-listing-dynamic-link__link\"><i class=\"jet-listing-dynamic-link__icon fas fa-phone-alt\" aria-hidden=\"true\"><\/i><span class=\"jet-listing-dynamic-link__label\">+34 961 119658<\/span><\/a><\/span>\t\t\t\t<\/div>\n\t\t\t\t<\/div>\n\t\t\t\t<div class=\"elementor-element elementor-element-0329474 elementor-hidden-phone elementor-widget elementor-widget-jet-listing-dynamic-link\" data-id=\"0329474\" data-element_type=\"widget\" data-e-type=\"widget\" data-widget_type=\"jet-listing-dynamic-link.default\">\n\t\t\t\t<div class=\"elementor-widget-container\">\n\t\t\t\t\t<span class=\"jet-listing jet-listing-dynamic-link\"><a href=\"tel:+34 643 020 517\" class=\"jet-listing-dynamic-link__link\"><i class=\"jet-listing-dynamic-link__icon oi oi-phone\" aria-hidden=\"true\"><\/i><span class=\"jet-listing-dynamic-link__label\">+34 643 020 517<\/span><\/a><\/span>\t\t\t\t<\/div>\n\t\t\t\t<\/div>\n\t\t\t\t\t<\/div>\n\t\t<\/div>\n\t\t\t\t\t<\/div>\n\t\t<\/section>\n\t\t\t\t\t<\/div>\n\t\t<\/div>\n\t\t\t\t<div class=\"elementor-column elementor-col-50 elementor-top-column elementor-element elementor-element-bb24a8e\" data-id=\"bb24a8e\" data-element_type=\"column\" data-e-type=\"column\">\n\t\t\t<div class=\"elementor-widget-wrap elementor-element-populated\">\n\t\t\t\t\t\t<div class=\"elementor-element elementor-element-b78d0e4 elementor-widget elementor-widget-image\" data-id=\"b78d0e4\" data-element_type=\"widget\" data-e-type=\"widget\" data-widget_type=\"image.default\">\n\t\t\t\t<div class=\"elementor-widget-container\">\n\t\t\t\t\t\t\t\t\t\t\t\t\t\t\t\t<a href=\"https:\/\/www.expertservicecar.com\/pt-pt\/taller\/talleres-pepe\/\">\n\t\t\t\t\t\t\t<img loading=\"lazy\" decoding=\"async\" width=\"300\" height=\"231\" src=\"https:\/\/www.expertservicecar.com\/wp-content\/uploads\/2021\/06\/talleres-pepe-300x231.jpg\" class=\"attachment-medium size-medium wp-image-3362\" alt=\"Talleres Pepe\" srcset=\"https:\/\/www.expertservicecar.com\/wp-content\/uploads\/2021\/06\/talleres-pepe-300x231.jpg 300w, https:\/\/www.expertservicecar.com\/wp-content\/uploads\/2021\/06\/talleres-pepe-768x591.jpg 768w, https:\/\/www.expertservicecar.com\/wp-content\/uploads\/2021\/06\/talleres-pepe-600x461.jpg 600w, https:\/\/www.expertservicecar.com\/wp-content\/uploads\/2021\/06\/talleres-pepe.jpg 900w\" sizes=\"(max-width: 300px) 100vw, 300px\" title=\"\">\t\t\t\t\t\t\t\t<\/a>\n\t\t\t\t\t\t\t\t\t\t\t\t\t\t\t<\/div>\n\t\t\t\t<\/div>\n\t\t\t\t\t<\/div>\n\t\t<\/div>\n\t\t\t\t\t<\/div>\n\t\t<\/section>\n\t\t\t\t<\/div>\n\t\t<\/div><div class=\"jet-listing-grid__item jet-listing-dynamic-post-7962 jet-equal-columns\" data-post-id=\"7962\" >\t\t<div data-elementor-type=\"jet-listing-items\" data-elementor-id=\"524\" class=\"elementor elementor-524\" data-elementor-post-type=\"jet-engine\">\n\t\t\t\t\t\t<section class=\"elementor-section elementor-top-section elementor-element elementor-element-ef0c760 elementor-section-content-middle elementor-section-boxed elementor-section-height-default elementor-section-height-default\" data-id=\"ef0c760\" data-element_type=\"section\" data-e-type=\"section\" data-settings=\"{&quot;background_background&quot;:&quot;classic&quot;}\">\n\t\t\t\t\t\t<div class=\"elementor-container elementor-column-gap-default\">\n\t\t\t\t\t<div class=\"elementor-column elementor-col-50 elementor-top-column elementor-element elementor-element-f3770a2\" data-id=\"f3770a2\" data-element_type=\"column\" data-e-type=\"column\">\n\t\t\t<div class=\"elementor-widget-wrap elementor-element-populated\">\n\t\t\t\t\t\t<div class=\"elementor-element elementor-element-6788ee3 elementor-widget__width-auto elementor-widget elementor-widget-theme-post-title elementor-page-title elementor-widget-heading\" data-id=\"6788ee3\" data-element_type=\"widget\" data-e-type=\"widget\" data-widget_type=\"theme-post-title.default\">\n\t\t\t\t<div class=\"elementor-widget-container\">\n\t\t\t\t\t<h5 class=\"elementor-heading-title elementor-size-default\"><a href=\"https:\/\/www.expertservicecar.com\/pt-pt\/taller\/talleres-rafael\/\">TALLERES RAFAEL<\/a><\/h5>\t\t\t\t<\/div>\n\t\t\t\t<\/div>\n\t\t\t\t<section class=\"elementor-section elementor-inner-section elementor-element elementor-element-dcd0ceb elementor-section-boxed elementor-section-height-default elementor-section-height-default\" data-id=\"dcd0ceb\" data-element_type=\"section\" data-e-type=\"section\">\n\t\t\t\t\t\t<div class=\"elementor-container elementor-column-gap-default\">\n\t\t\t\t\t<div class=\"elementor-column elementor-col-100 elementor-inner-column elementor-element elementor-element-aed0068\" data-id=\"aed0068\" data-element_type=\"column\" data-e-type=\"column\">\n\t\t\t<div class=\"elementor-widget-wrap elementor-element-populated\">\n\t\t\t\t\t\t<div class=\"elementor-element elementor-element-601cf1d elementor-widget__width-auto elementor-widget-mobile__width-auto elementor-widget elementor-widget-jet-listing-dynamic-field\" data-id=\"601cf1d\" data-element_type=\"widget\" data-e-type=\"widget\" data-widget_type=\"jet-listing-dynamic-field.default\">\n\t\t\t\t<div class=\"elementor-widget-container\">\n\t\t\t\t\t<div class=\"jet-listing jet-listing-dynamic-field display-inline\"><div class=\"jet-listing-dynamic-field__inline-wrap\"><span class=\"jet-listing-dynamic-field__content\"><p>Carretera Logro\u00f1o,<br \/>\nKM 26.800 (MIRAVEGAS),<br \/>\n50639 Figueruelas, Zaragoza<\/p>\n<\/span><\/div><\/div>\t\t\t\t<\/div>\n\t\t\t\t<\/div>\n\t\t\t\t<div class=\"elementor-element elementor-element-1898eca elementor-widget elementor-widget-jet-listing-dynamic-link\" data-id=\"1898eca\" data-element_type=\"widget\" data-e-type=\"widget\" data-widget_type=\"jet-listing-dynamic-link.default\">\n\t\t\t\t<div class=\"elementor-widget-container\">\n\t\t\t\t\t<span class=\"jet-listing jet-listing-dynamic-link\"><a href=\"tel:976610610\" class=\"jet-listing-dynamic-link__link\"><i class=\"jet-listing-dynamic-link__icon fas fa-phone-alt\" aria-hidden=\"true\"><\/i><span class=\"jet-listing-dynamic-link__label\">976610610<\/span><\/a><\/span>\t\t\t\t<\/div>\n\t\t\t\t<\/div>\n\t\t\t\t<div class=\"elementor-element elementor-element-0329474 elementor-hidden-phone elementor-widget elementor-widget-jet-listing-dynamic-link\" data-id=\"0329474\" data-element_type=\"widget\" data-e-type=\"widget\" data-widget_type=\"jet-listing-dynamic-link.default\">\n\t\t\t\t<div class=\"elementor-widget-container\">\n\t\t\t\t\t<span class=\"jet-listing jet-listing-dynamic-link\"><a href=\"tel:637060827\" class=\"jet-listing-dynamic-link__link\"><i class=\"jet-listing-dynamic-link__icon oi oi-phone\" aria-hidden=\"true\"><\/i><span class=\"jet-listing-dynamic-link__label\">637060827<\/span><\/a><\/span>\t\t\t\t<\/div>\n\t\t\t\t<\/div>\n\t\t\t\t\t<\/div>\n\t\t<\/div>\n\t\t\t\t\t<\/div>\n\t\t<\/section>\n\t\t\t\t\t<\/div>\n\t\t<\/div>\n\t\t\t\t<div class=\"elementor-column elementor-col-50 elementor-top-column elementor-element elementor-element-bb24a8e\" data-id=\"bb24a8e\" data-element_type=\"column\" data-e-type=\"column\">\n\t\t\t<div class=\"elementor-widget-wrap elementor-element-populated\">\n\t\t\t\t\t\t<div class=\"elementor-element elementor-element-b78d0e4 elementor-widget elementor-widget-image\" data-id=\"b78d0e4\" data-element_type=\"widget\" data-e-type=\"widget\" data-widget_type=\"image.default\">\n\t\t\t\t<div class=\"elementor-widget-container\">\n\t\t\t\t\t\t\t\t\t\t\t\t\t\t\t\t<a href=\"https:\/\/www.expertservicecar.com\/pt-pt\/taller\/talleres-rafael\/\">\n\t\t\t\t\t\t\t<img loading=\"lazy\" decoding=\"async\" width=\"300\" height=\"149\" src=\"https:\/\/www.expertservicecar.com\/wp-content\/uploads\/2025\/10\/Captura-de-pantalla-2025-10-27-153112-300x149.jpg\" class=\"attachment-medium size-medium wp-image-7963\" alt=\"\" srcset=\"https:\/\/www.expertservicecar.com\/wp-content\/uploads\/2025\/10\/Captura-de-pantalla-2025-10-27-153112-300x149.jpg 300w, https:\/\/www.expertservicecar.com\/wp-content\/uploads\/2025\/10\/Captura-de-pantalla-2025-10-27-153112-1024x509.jpg 1024w, https:\/\/www.expertservicecar.com\/wp-content\/uploads\/2025\/10\/Captura-de-pantalla-2025-10-27-153112-768x382.jpg 768w, https:\/\/www.expertservicecar.com\/wp-content\/uploads\/2025\/10\/Captura-de-pantalla-2025-10-27-153112-1536x764.jpg 1536w, https:\/\/www.expertservicecar.com\/wp-content\/uploads\/2025\/10\/Captura-de-pantalla-2025-10-27-153112-600x298.jpg 600w, https:\/\/www.expertservicecar.com\/wp-content\/uploads\/2025\/10\/Captura-de-pantalla-2025-10-27-153112-1280x640.jpg 1280w, https:\/\/www.expertservicecar.com\/wp-content\/uploads\/2025\/10\/Captura-de-pantalla-2025-10-27-153112.jpg 1653w\" sizes=\"(max-width: 300px) 100vw, 300px\" title=\"\">\t\t\t\t\t\t\t\t<\/a>\n\t\t\t\t\t\t\t\t\t\t\t\t\t\t\t<\/div>\n\t\t\t\t<\/div>\n\t\t\t\t\t<\/div>\n\t\t<\/div>\n\t\t\t\t\t<\/div>\n\t\t<\/section>\n\t\t\t\t<\/div>\n\t\t<\/div><div class=\"jet-listing-grid__item jet-listing-dynamic-post-486 jet-equal-columns\" data-post-id=\"486\" >\t\t<div data-elementor-type=\"jet-listing-items\" data-elementor-id=\"524\" class=\"elementor elementor-524\" data-elementor-post-type=\"jet-engine\">\n\t\t\t\t\t\t<section class=\"elementor-section elementor-top-section elementor-element elementor-element-ef0c760 elementor-section-content-middle elementor-section-boxed elementor-section-height-default elementor-section-height-default\" data-id=\"ef0c760\" data-element_type=\"section\" data-e-type=\"section\" data-settings=\"{&quot;background_background&quot;:&quot;classic&quot;}\">\n\t\t\t\t\t\t<div class=\"elementor-container elementor-column-gap-default\">\n\t\t\t\t\t<div class=\"elementor-column elementor-col-50 elementor-top-column elementor-element elementor-element-f3770a2\" data-id=\"f3770a2\" data-element_type=\"column\" data-e-type=\"column\">\n\t\t\t<div class=\"elementor-widget-wrap elementor-element-populated\">\n\t\t\t\t\t\t<div class=\"elementor-element elementor-element-6788ee3 elementor-widget__width-auto elementor-widget elementor-widget-theme-post-title elementor-page-title elementor-widget-heading\" data-id=\"6788ee3\" data-element_type=\"widget\" data-e-type=\"widget\" data-widget_type=\"theme-post-title.default\">\n\t\t\t\t<div class=\"elementor-widget-container\">\n\t\t\t\t\t<h5 class=\"elementor-heading-title elementor-size-default\"><a href=\"https:\/\/www.expertservicecar.com\/pt-pt\/taller\/talleres-rampi-cb\/\">Talleres Rampi CB<\/a><\/h5>\t\t\t\t<\/div>\n\t\t\t\t<\/div>\n\t\t\t\t<section class=\"elementor-section elementor-inner-section elementor-element elementor-element-dcd0ceb elementor-section-boxed elementor-section-height-default elementor-section-height-default\" data-id=\"dcd0ceb\" data-element_type=\"section\" data-e-type=\"section\">\n\t\t\t\t\t\t<div class=\"elementor-container elementor-column-gap-default\">\n\t\t\t\t\t<div class=\"elementor-column elementor-col-100 elementor-inner-column elementor-element elementor-element-aed0068\" data-id=\"aed0068\" data-element_type=\"column\" data-e-type=\"column\">\n\t\t\t<div class=\"elementor-widget-wrap elementor-element-populated\">\n\t\t\t\t\t\t<div class=\"elementor-element elementor-element-601cf1d elementor-widget__width-auto elementor-widget-mobile__width-auto elementor-widget elementor-widget-jet-listing-dynamic-field\" data-id=\"601cf1d\" data-element_type=\"widget\" data-e-type=\"widget\" data-widget_type=\"jet-listing-dynamic-field.default\">\n\t\t\t\t<div class=\"elementor-widget-container\">\n\t\t\t\t\t<div class=\"jet-listing jet-listing-dynamic-field display-inline\"><div class=\"jet-listing-dynamic-field__inline-wrap\"><span class=\"jet-listing-dynamic-field__content\"><p>Carrer Vereda Mas de Tous, 17<br \/>\n46185 La Pobla de Vallbona<br \/>\nValencia<\/p>\n<\/span><\/div><\/div>\t\t\t\t<\/div>\n\t\t\t\t<\/div>\n\t\t\t\t<div class=\"elementor-element elementor-element-1898eca elementor-widget elementor-widget-jet-listing-dynamic-link\" data-id=\"1898eca\" data-element_type=\"widget\" data-e-type=\"widget\" data-widget_type=\"jet-listing-dynamic-link.default\">\n\t\t\t\t<div class=\"elementor-widget-container\">\n\t\t\t\t\t<span class=\"jet-listing jet-listing-dynamic-link\"><a href=\"tel:962763685\" class=\"jet-listing-dynamic-link__link\"><i class=\"jet-listing-dynamic-link__icon fas fa-phone-alt\" aria-hidden=\"true\"><\/i><span class=\"jet-listing-dynamic-link__label\">962763685<\/span><\/a><\/span>\t\t\t\t<\/div>\n\t\t\t\t<\/div>\n\t\t\t\t\t<\/div>\n\t\t<\/div>\n\t\t\t\t\t<\/div>\n\t\t<\/section>\n\t\t\t\t\t<\/div>\n\t\t<\/div>\n\t\t\t\t<div class=\"elementor-column elementor-col-50 elementor-top-column elementor-element elementor-element-bb24a8e\" data-id=\"bb24a8e\" data-element_type=\"column\" data-e-type=\"column\">\n\t\t\t<div class=\"elementor-widget-wrap elementor-element-populated\">\n\t\t\t\t\t\t<div class=\"elementor-element elementor-element-b78d0e4 elementor-widget elementor-widget-image\" data-id=\"b78d0e4\" data-element_type=\"widget\" data-e-type=\"widget\" data-widget_type=\"image.default\">\n\t\t\t\t<div class=\"elementor-widget-container\">\n\t\t\t\t\t\t\t\t\t\t\t\t\t\t\t\t<a href=\"https:\/\/www.expertservicecar.com\/pt-pt\/taller\/talleres-rampi-cb\/\">\n\t\t\t\t\t\t\t<img loading=\"lazy\" decoding=\"async\" width=\"300\" height=\"224\" src=\"https:\/\/www.expertservicecar.com\/wp-content\/uploads\/2021\/04\/taller-ejemplo-300x224.jpg\" class=\"attachment-medium size-medium wp-image-487\" alt=\"Talleres Rampi CB\" srcset=\"https:\/\/www.expertservicecar.com\/wp-content\/uploads\/2021\/04\/taller-ejemplo-300x224.jpg 300w, https:\/\/www.expertservicecar.com\/wp-content\/uploads\/2021\/04\/taller-ejemplo.jpg 533w\" sizes=\"(max-width: 300px) 100vw, 300px\" title=\"\">\t\t\t\t\t\t\t\t<\/a>\n\t\t\t\t\t\t\t\t\t\t\t\t\t\t\t<\/div>\n\t\t\t\t<\/div>\n\t\t\t\t\t<\/div>\n\t\t<\/div>\n\t\t\t\t\t<\/div>\n\t\t<\/section>\n\t\t\t\t<\/div>\n\t\t<\/div><div class=\"jet-listing-grid__item jet-listing-dynamic-post-5496 jet-equal-columns\" data-post-id=\"5496\" >\t\t<div data-elementor-type=\"jet-listing-items\" data-elementor-id=\"524\" class=\"elementor elementor-524\" data-elementor-post-type=\"jet-engine\">\n\t\t\t\t\t\t<section class=\"elementor-section elementor-top-section elementor-element elementor-element-ef0c760 elementor-section-content-middle elementor-section-boxed elementor-section-height-default elementor-section-height-default\" data-id=\"ef0c760\" data-element_type=\"section\" data-e-type=\"section\" data-settings=\"{&quot;background_background&quot;:&quot;classic&quot;}\">\n\t\t\t\t\t\t<div class=\"elementor-container elementor-column-gap-default\">\n\t\t\t\t\t<div class=\"elementor-column elementor-col-50 elementor-top-column elementor-element elementor-element-f3770a2\" data-id=\"f3770a2\" data-element_type=\"column\" data-e-type=\"column\">\n\t\t\t<div class=\"elementor-widget-wrap elementor-element-populated\">\n\t\t\t\t\t\t<div class=\"elementor-element elementor-element-6788ee3 elementor-widget__width-auto elementor-widget elementor-widget-theme-post-title elementor-page-title elementor-widget-heading\" data-id=\"6788ee3\" data-element_type=\"widget\" data-e-type=\"widget\" data-widget_type=\"theme-post-title.default\">\n\t\t\t\t<div class=\"elementor-widget-container\">\n\t\t\t\t\t<h5 class=\"elementor-heading-title elementor-size-default\"><a href=\"https:\/\/www.expertservicecar.com\/pt-pt\/taller\/talleres-regordono\/\">Talleres Regordo\u00f1o<\/a><\/h5>\t\t\t\t<\/div>\n\t\t\t\t<\/div>\n\t\t\t\t<section class=\"elementor-section elementor-inner-section elementor-element elementor-element-dcd0ceb elementor-section-boxed elementor-section-height-default elementor-section-height-default\" data-id=\"dcd0ceb\" data-element_type=\"section\" data-e-type=\"section\">\n\t\t\t\t\t\t<div class=\"elementor-container elementor-column-gap-default\">\n\t\t\t\t\t<div class=\"elementor-column elementor-col-100 elementor-inner-column elementor-element elementor-element-aed0068\" data-id=\"aed0068\" data-element_type=\"column\" data-e-type=\"column\">\n\t\t\t<div class=\"elementor-widget-wrap elementor-element-populated\">\n\t\t\t\t\t\t<div class=\"elementor-element elementor-element-601cf1d elementor-widget__width-auto elementor-widget-mobile__width-auto elementor-widget elementor-widget-jet-listing-dynamic-field\" data-id=\"601cf1d\" data-element_type=\"widget\" data-e-type=\"widget\" data-widget_type=\"jet-listing-dynamic-field.default\">\n\t\t\t\t<div class=\"elementor-widget-container\">\n\t\t\t\t\t<div class=\"jet-listing jet-listing-dynamic-field display-inline\"><div class=\"jet-listing-dynamic-field__inline-wrap\"><span class=\"jet-listing-dynamic-field__content\"><p>Calle Juan de la Cierva, 46,<br \/>\n28936 M\u00f3stoles,<br \/>\nMadrid<\/p>\n<\/span><\/div><\/div>\t\t\t\t<\/div>\n\t\t\t\t<\/div>\n\t\t\t\t<div class=\"elementor-element elementor-element-1898eca elementor-widget elementor-widget-jet-listing-dynamic-link\" data-id=\"1898eca\" data-element_type=\"widget\" data-e-type=\"widget\" data-widget_type=\"jet-listing-dynamic-link.default\">\n\t\t\t\t<div class=\"elementor-widget-container\">\n\t\t\t\t\t<span class=\"jet-listing jet-listing-dynamic-link\"><a href=\"tel:916476979\" class=\"jet-listing-dynamic-link__link\"><i class=\"jet-listing-dynamic-link__icon fas fa-phone-alt\" aria-hidden=\"true\"><\/i><span class=\"jet-listing-dynamic-link__label\">916476979<\/span><\/a><\/span>\t\t\t\t<\/div>\n\t\t\t\t<\/div>\n\t\t\t\t\t<\/div>\n\t\t<\/div>\n\t\t\t\t\t<\/div>\n\t\t<\/section>\n\t\t\t\t\t<\/div>\n\t\t<\/div>\n\t\t\t\t<div class=\"elementor-column elementor-col-50 elementor-top-column elementor-element elementor-element-bb24a8e\" data-id=\"bb24a8e\" data-element_type=\"column\" data-e-type=\"column\">\n\t\t\t<div class=\"elementor-widget-wrap elementor-element-populated\">\n\t\t\t\t\t\t<div class=\"elementor-element elementor-element-b78d0e4 elementor-widget elementor-widget-image\" data-id=\"b78d0e4\" data-element_type=\"widget\" data-e-type=\"widget\" data-widget_type=\"image.default\">\n\t\t\t\t<div class=\"elementor-widget-container\">\n\t\t\t\t\t\t\t\t\t\t\t\t\t\t\t\t<a href=\"https:\/\/www.expertservicecar.com\/pt-pt\/taller\/talleres-regordono\/\">\n\t\t\t\t\t\t\t<img loading=\"lazy\" decoding=\"async\" width=\"300\" height=\"225\" src=\"https:\/\/www.expertservicecar.com\/wp-content\/uploads\/2021\/08\/exterior_1877_talleres_regordono_regordono_para_ad_global_2_original-300x225.jpg\" class=\"attachment-medium size-medium wp-image-5497\" alt=\"talleres regordo\u00f1o\" srcset=\"https:\/\/www.expertservicecar.com\/wp-content\/uploads\/2021\/08\/exterior_1877_talleres_regordono_regordono_para_ad_global_2_original-300x225.jpg 300w, https:\/\/www.expertservicecar.com\/wp-content\/uploads\/2021\/08\/exterior_1877_talleres_regordono_regordono_para_ad_global_2_original-1024x768.jpg 1024w, https:\/\/www.expertservicecar.com\/wp-content\/uploads\/2021\/08\/exterior_1877_talleres_regordono_regordono_para_ad_global_2_original-768x576.jpg 768w, https:\/\/www.expertservicecar.com\/wp-content\/uploads\/2021\/08\/exterior_1877_talleres_regordono_regordono_para_ad_global_2_original-1536x1152.jpg 1536w, https:\/\/www.expertservicecar.com\/wp-content\/uploads\/2021\/08\/exterior_1877_talleres_regordono_regordono_para_ad_global_2_original-2048x1536.jpg 2048w, https:\/\/www.expertservicecar.com\/wp-content\/uploads\/2021\/08\/exterior_1877_talleres_regordono_regordono_para_ad_global_2_original-600x450.jpg 600w\" sizes=\"(max-width: 300px) 100vw, 300px\" title=\"\">\t\t\t\t\t\t\t\t<\/a>\n\t\t\t\t\t\t\t\t\t\t\t\t\t\t\t<\/div>\n\t\t\t\t<\/div>\n\t\t\t\t\t<\/div>\n\t\t<\/div>\n\t\t\t\t\t<\/div>\n\t\t<\/section>\n\t\t\t\t<\/div>\n\t\t<\/div><div class=\"jet-listing-grid__item jet-listing-dynamic-post-7293 jet-equal-columns\" data-post-id=\"7293\" >\t\t<div data-elementor-type=\"jet-listing-items\" data-elementor-id=\"524\" class=\"elementor elementor-524\" data-elementor-post-type=\"jet-engine\">\n\t\t\t\t\t\t<section class=\"elementor-section elementor-top-section elementor-element elementor-element-ef0c760 elementor-section-content-middle elementor-section-boxed elementor-section-height-default elementor-section-height-default\" data-id=\"ef0c760\" data-element_type=\"section\" data-e-type=\"section\" data-settings=\"{&quot;background_background&quot;:&quot;classic&quot;}\">\n\t\t\t\t\t\t<div class=\"elementor-container elementor-column-gap-default\">\n\t\t\t\t\t<div class=\"elementor-column elementor-col-50 elementor-top-column elementor-element elementor-element-f3770a2\" data-id=\"f3770a2\" data-element_type=\"column\" data-e-type=\"column\">\n\t\t\t<div class=\"elementor-widget-wrap elementor-element-populated\">\n\t\t\t\t\t\t<div class=\"elementor-element elementor-element-6788ee3 elementor-widget__width-auto elementor-widget elementor-widget-theme-post-title elementor-page-title elementor-widget-heading\" data-id=\"6788ee3\" data-element_type=\"widget\" data-e-type=\"widget\" data-widget_type=\"theme-post-title.default\">\n\t\t\t\t<div class=\"elementor-widget-container\">\n\t\t\t\t\t<h5 class=\"elementor-heading-title elementor-size-default\"><a href=\"https:\/\/www.expertservicecar.com\/pt-pt\/taller\/talleres-rs-monegros-2\/\">Talleres RS Monegros<\/a><\/h5>\t\t\t\t<\/div>\n\t\t\t\t<\/div>\n\t\t\t\t<section class=\"elementor-section elementor-inner-section elementor-element elementor-element-dcd0ceb elementor-section-boxed elementor-section-height-default elementor-section-height-default\" data-id=\"dcd0ceb\" data-element_type=\"section\" data-e-type=\"section\">\n\t\t\t\t\t\t<div class=\"elementor-container elementor-column-gap-default\">\n\t\t\t\t\t<div class=\"elementor-column elementor-col-100 elementor-inner-column elementor-element elementor-element-aed0068\" data-id=\"aed0068\" data-element_type=\"column\" data-e-type=\"column\">\n\t\t\t<div class=\"elementor-widget-wrap elementor-element-populated\">\n\t\t\t\t\t\t<div class=\"elementor-element elementor-element-601cf1d elementor-widget__width-auto elementor-widget-mobile__width-auto elementor-widget elementor-widget-jet-listing-dynamic-field\" data-id=\"601cf1d\" data-element_type=\"widget\" data-e-type=\"widget\" data-widget_type=\"jet-listing-dynamic-field.default\">\n\t\t\t\t<div class=\"elementor-widget-container\">\n\t\t\t\t\t<div class=\"jet-listing jet-listing-dynamic-field display-inline\"><div class=\"jet-listing-dynamic-field__inline-wrap\"><span class=\"jet-listing-dynamic-field__content\"><p>Pol. Ind. Saso Verde, P2-3, N 2,<br \/>\n22200, Huesca<\/p>\n<\/span><\/div><\/div>\t\t\t\t<\/div>\n\t\t\t\t<\/div>\n\t\t\t\t<div class=\"elementor-element elementor-element-1898eca elementor-widget elementor-widget-jet-listing-dynamic-link\" data-id=\"1898eca\" data-element_type=\"widget\" data-e-type=\"widget\" data-widget_type=\"jet-listing-dynamic-link.default\">\n\t\t\t\t<div class=\"elementor-widget-container\">\n\t\t\t\t\t<span class=\"jet-listing jet-listing-dynamic-link\"><a href=\"tel:974571215\" class=\"jet-listing-dynamic-link__link\"><i class=\"jet-listing-dynamic-link__icon fas fa-phone-alt\" aria-hidden=\"true\"><\/i><span class=\"jet-listing-dynamic-link__label\">974571215<\/span><\/a><\/span>\t\t\t\t<\/div>\n\t\t\t\t<\/div>\n\t\t\t\t<div class=\"elementor-element elementor-element-0329474 elementor-hidden-phone elementor-widget elementor-widget-jet-listing-dynamic-link\" data-id=\"0329474\" data-element_type=\"widget\" data-e-type=\"widget\" data-widget_type=\"jet-listing-dynamic-link.default\">\n\t\t\t\t<div class=\"elementor-widget-container\">\n\t\t\t\t\t<span class=\"jet-listing jet-listing-dynamic-link\"><a href=\"tel:636114684\" class=\"jet-listing-dynamic-link__link\"><i class=\"jet-listing-dynamic-link__icon oi oi-phone\" aria-hidden=\"true\"><\/i><span class=\"jet-listing-dynamic-link__label\">636114684<\/span><\/a><\/span>\t\t\t\t<\/div>\n\t\t\t\t<\/div>\n\t\t\t\t\t<\/div>\n\t\t<\/div>\n\t\t\t\t\t<\/div>\n\t\t<\/section>\n\t\t\t\t\t<\/div>\n\t\t<\/div>\n\t\t\t\t<div class=\"elementor-column elementor-col-50 elementor-top-column elementor-element elementor-element-bb24a8e\" data-id=\"bb24a8e\" data-element_type=\"column\" data-e-type=\"column\">\n\t\t\t<div class=\"elementor-widget-wrap elementor-element-populated\">\n\t\t\t\t\t\t<div class=\"elementor-element elementor-element-b78d0e4 elementor-widget elementor-widget-image\" data-id=\"b78d0e4\" data-element_type=\"widget\" data-e-type=\"widget\" data-widget_type=\"image.default\">\n\t\t\t\t<div class=\"elementor-widget-container\">\n\t\t\t\t\t\t\t\t\t\t\t\t\t\t\t\t<a href=\"https:\/\/www.expertservicecar.com\/pt-pt\/taller\/talleres-rs-monegros-2\/\">\n\t\t\t\t\t\t\t<img loading=\"lazy\" decoding=\"async\" width=\"300\" height=\"223\" src=\"https:\/\/www.expertservicecar.com\/wp-content\/uploads\/2024\/03\/rsmonegros-300x223.jpg\" class=\"attachment-medium size-medium wp-image-7296\" alt=\"\" srcset=\"https:\/\/www.expertservicecar.com\/wp-content\/uploads\/2024\/03\/rsmonegros-300x223.jpg 300w, https:\/\/www.expertservicecar.com\/wp-content\/uploads\/2024\/03\/rsmonegros-1024x760.jpg 1024w, https:\/\/www.expertservicecar.com\/wp-content\/uploads\/2024\/03\/rsmonegros-768x570.jpg 768w, https:\/\/www.expertservicecar.com\/wp-content\/uploads\/2024\/03\/rsmonegros-600x445.jpg 600w, https:\/\/www.expertservicecar.com\/wp-content\/uploads\/2024\/03\/rsmonegros.jpg 1210w\" sizes=\"(max-width: 300px) 100vw, 300px\" title=\"\">\t\t\t\t\t\t\t\t<\/a>\n\t\t\t\t\t\t\t\t\t\t\t\t\t\t\t<\/div>\n\t\t\t\t<\/div>\n\t\t\t\t\t<\/div>\n\t\t<\/div>\n\t\t\t\t\t<\/div>\n\t\t<\/section>\n\t\t\t\t<\/div>\n\t\t<\/div><div class=\"jet-listing-grid__item jet-listing-dynamic-post-3312 jet-equal-columns\" data-post-id=\"3312\" >\t\t<div data-elementor-type=\"jet-listing-items\" data-elementor-id=\"524\" class=\"elementor elementor-524\" data-elementor-post-type=\"jet-engine\">\n\t\t\t\t\t\t<section class=\"elementor-section elementor-top-section elementor-element elementor-element-ef0c760 elementor-section-content-middle elementor-section-boxed elementor-section-height-default elementor-section-height-default\" data-id=\"ef0c760\" data-element_type=\"section\" data-e-type=\"section\" data-settings=\"{&quot;background_background&quot;:&quot;classic&quot;}\">\n\t\t\t\t\t\t<div class=\"elementor-container elementor-column-gap-default\">\n\t\t\t\t\t<div class=\"elementor-column elementor-col-50 elementor-top-column elementor-element elementor-element-f3770a2\" data-id=\"f3770a2\" data-element_type=\"column\" data-e-type=\"column\">\n\t\t\t<div class=\"elementor-widget-wrap elementor-element-populated\">\n\t\t\t\t\t\t<div class=\"elementor-element elementor-element-6788ee3 elementor-widget__width-auto elementor-widget elementor-widget-theme-post-title elementor-page-title elementor-widget-heading\" data-id=\"6788ee3\" data-element_type=\"widget\" data-e-type=\"widget\" data-widget_type=\"theme-post-title.default\">\n\t\t\t\t<div class=\"elementor-widget-container\">\n\t\t\t\t\t<h5 class=\"elementor-heading-title elementor-size-default\"><a href=\"https:\/\/www.expertservicecar.com\/pt-pt\/taller\/talleres-ruso\/\">Talleres Ruso<\/a><\/h5>\t\t\t\t<\/div>\n\t\t\t\t<\/div>\n\t\t\t\t<section class=\"elementor-section elementor-inner-section elementor-element elementor-element-dcd0ceb elementor-section-boxed elementor-section-height-default elementor-section-height-default\" data-id=\"dcd0ceb\" data-element_type=\"section\" data-e-type=\"section\">\n\t\t\t\t\t\t<div class=\"elementor-container elementor-column-gap-default\">\n\t\t\t\t\t<div class=\"elementor-column elementor-col-100 elementor-inner-column elementor-element elementor-element-aed0068\" data-id=\"aed0068\" data-element_type=\"column\" data-e-type=\"column\">\n\t\t\t<div class=\"elementor-widget-wrap elementor-element-populated\">\n\t\t\t\t\t\t<div class=\"elementor-element elementor-element-601cf1d elementor-widget__width-auto elementor-widget-mobile__width-auto elementor-widget elementor-widget-jet-listing-dynamic-field\" data-id=\"601cf1d\" data-element_type=\"widget\" data-e-type=\"widget\" data-widget_type=\"jet-listing-dynamic-field.default\">\n\t\t\t\t<div class=\"elementor-widget-container\">\n\t\t\t\t\t<div class=\"jet-listing jet-listing-dynamic-field display-inline\"><div class=\"jet-listing-dynamic-field__inline-wrap\"><span class=\"jet-listing-dynamic-field__content\"><p>Av. de Castrelos, 374<br \/>\n36213 Vigo<br \/>\nPontevedra<\/p>\n<\/span><\/div><\/div>\t\t\t\t<\/div>\n\t\t\t\t<\/div>\n\t\t\t\t<div class=\"elementor-element elementor-element-1898eca elementor-widget elementor-widget-jet-listing-dynamic-link\" data-id=\"1898eca\" data-element_type=\"widget\" data-e-type=\"widget\" data-widget_type=\"jet-listing-dynamic-link.default\">\n\t\t\t\t<div class=\"elementor-widget-container\">\n\t\t\t\t\t<span class=\"jet-listing jet-listing-dynamic-link\"><a href=\"tel:+34 986 290014\" class=\"jet-listing-dynamic-link__link\"><i class=\"jet-listing-dynamic-link__icon fas fa-phone-alt\" aria-hidden=\"true\"><\/i><span class=\"jet-listing-dynamic-link__label\">+34 986 290014<\/span><\/a><\/span>\t\t\t\t<\/div>\n\t\t\t\t<\/div>\n\t\t\t\t\t<\/div>\n\t\t<\/div>\n\t\t\t\t\t<\/div>\n\t\t<\/section>\n\t\t\t\t\t<\/div>\n\t\t<\/div>\n\t\t\t\t<div class=\"elementor-column elementor-col-50 elementor-top-column elementor-element elementor-element-bb24a8e\" data-id=\"bb24a8e\" data-element_type=\"column\" data-e-type=\"column\">\n\t\t\t<div class=\"elementor-widget-wrap elementor-element-populated\">\n\t\t\t\t\t\t<div class=\"elementor-element elementor-element-b78d0e4 elementor-widget elementor-widget-image\" data-id=\"b78d0e4\" data-element_type=\"widget\" data-e-type=\"widget\" data-widget_type=\"image.default\">\n\t\t\t\t<div class=\"elementor-widget-container\">\n\t\t\t\t\t\t\t\t\t\t\t\t\t\t\t\t<a href=\"https:\/\/www.expertservicecar.com\/pt-pt\/taller\/talleres-ruso\/\">\n\t\t\t\t\t\t\t<img loading=\"lazy\" decoding=\"async\" width=\"300\" height=\"231\" src=\"https:\/\/www.expertservicecar.com\/wp-content\/uploads\/2021\/06\/talleres-ruso-02-300x231.jpg\" class=\"attachment-medium size-medium wp-image-3315\" alt=\"Talleres Ruso\" srcset=\"https:\/\/www.expertservicecar.com\/wp-content\/uploads\/2021\/06\/talleres-ruso-02-300x231.jpg 300w, https:\/\/www.expertservicecar.com\/wp-content\/uploads\/2021\/06\/talleres-ruso-02-768x591.jpg 768w, https:\/\/www.expertservicecar.com\/wp-content\/uploads\/2021\/06\/talleres-ruso-02-600x462.jpg 600w, https:\/\/www.expertservicecar.com\/wp-content\/uploads\/2021\/06\/talleres-ruso-02.jpg 900w\" sizes=\"(max-width: 300px) 100vw, 300px\" title=\"\">\t\t\t\t\t\t\t\t<\/a>\n\t\t\t\t\t\t\t\t\t\t\t\t\t\t\t<\/div>\n\t\t\t\t<\/div>\n\t\t\t\t\t<\/div>\n\t\t<\/div>\n\t\t\t\t\t<\/div>\n\t\t<\/section>\n\t\t\t\t<\/div>\n\t\t<\/div><div class=\"jet-listing-grid__item jet-listing-dynamic-post-7743 jet-equal-columns\" data-post-id=\"7743\" >\t\t<div data-elementor-type=\"jet-listing-items\" data-elementor-id=\"524\" class=\"elementor elementor-524\" data-elementor-post-type=\"jet-engine\">\n\t\t\t\t\t\t<section class=\"elementor-section elementor-top-section elementor-element elementor-element-ef0c760 elementor-section-content-middle elementor-section-boxed elementor-section-height-default elementor-section-height-default\" data-id=\"ef0c760\" data-element_type=\"section\" data-e-type=\"section\" data-settings=\"{&quot;background_background&quot;:&quot;classic&quot;}\">\n\t\t\t\t\t\t<div class=\"elementor-container elementor-column-gap-default\">\n\t\t\t\t\t<div class=\"elementor-column elementor-col-50 elementor-top-column elementor-element elementor-element-f3770a2\" data-id=\"f3770a2\" data-element_type=\"column\" data-e-type=\"column\">\n\t\t\t<div class=\"elementor-widget-wrap elementor-element-populated\">\n\t\t\t\t\t\t<div class=\"elementor-element elementor-element-6788ee3 elementor-widget__width-auto elementor-widget elementor-widget-theme-post-title elementor-page-title elementor-widget-heading\" data-id=\"6788ee3\" data-element_type=\"widget\" data-e-type=\"widget\" data-widget_type=\"theme-post-title.default\">\n\t\t\t\t<div class=\"elementor-widget-container\">\n\t\t\t\t\t<h5 class=\"elementor-heading-title elementor-size-default\"><a href=\"https:\/\/www.expertservicecar.com\/pt-pt\/taller\/talleres-salvador\/\">TALLERES SALVADOR<\/a><\/h5>\t\t\t\t<\/div>\n\t\t\t\t<\/div>\n\t\t\t\t<section class=\"elementor-section elementor-inner-section elementor-element elementor-element-dcd0ceb elementor-section-boxed elementor-section-height-default elementor-section-height-default\" data-id=\"dcd0ceb\" data-element_type=\"section\" data-e-type=\"section\">\n\t\t\t\t\t\t<div class=\"elementor-container elementor-column-gap-default\">\n\t\t\t\t\t<div class=\"elementor-column elementor-col-100 elementor-inner-column elementor-element elementor-element-aed0068\" data-id=\"aed0068\" data-element_type=\"column\" data-e-type=\"column\">\n\t\t\t<div class=\"elementor-widget-wrap elementor-element-populated\">\n\t\t\t\t\t\t<div class=\"elementor-element elementor-element-601cf1d elementor-widget__width-auto elementor-widget-mobile__width-auto elementor-widget elementor-widget-jet-listing-dynamic-field\" data-id=\"601cf1d\" data-element_type=\"widget\" data-e-type=\"widget\" data-widget_type=\"jet-listing-dynamic-field.default\">\n\t\t\t\t<div class=\"elementor-widget-container\">\n\t\t\t\t\t<div class=\"jet-listing jet-listing-dynamic-field display-inline\"><div class=\"jet-listing-dynamic-field__inline-wrap\"><span class=\"jet-listing-dynamic-field__content\"><p>Av. Juan Carlos I Rey de Espa\u00f1a, 30,<br \/>\n28590 Villarejo de Salvan\u00e9s, Madrid<\/p>\n<\/span><\/div><\/div>\t\t\t\t<\/div>\n\t\t\t\t<\/div>\n\t\t\t\t<div class=\"elementor-element elementor-element-1898eca elementor-widget elementor-widget-jet-listing-dynamic-link\" data-id=\"1898eca\" data-element_type=\"widget\" data-e-type=\"widget\" data-widget_type=\"jet-listing-dynamic-link.default\">\n\t\t\t\t<div class=\"elementor-widget-container\">\n\t\t\t\t\t<span class=\"jet-listing jet-listing-dynamic-link\"><a href=\"tel:918744619\" class=\"jet-listing-dynamic-link__link\"><i class=\"jet-listing-dynamic-link__icon fas fa-phone-alt\" aria-hidden=\"true\"><\/i><span class=\"jet-listing-dynamic-link__label\">918744619<\/span><\/a><\/span>\t\t\t\t<\/div>\n\t\t\t\t<\/div>\n\t\t\t\t<div class=\"elementor-element elementor-element-0329474 elementor-hidden-phone elementor-widget elementor-widget-jet-listing-dynamic-link\" data-id=\"0329474\" data-element_type=\"widget\" data-e-type=\"widget\" data-widget_type=\"jet-listing-dynamic-link.default\">\n\t\t\t\t<div class=\"elementor-widget-container\">\n\t\t\t\t\t<span class=\"jet-listing jet-listing-dynamic-link\"><a href=\"tel:607784422\" class=\"jet-listing-dynamic-link__link\"><i class=\"jet-listing-dynamic-link__icon oi oi-phone\" aria-hidden=\"true\"><\/i><span class=\"jet-listing-dynamic-link__label\">607784422<\/span><\/a><\/span>\t\t\t\t<\/div>\n\t\t\t\t<\/div>\n\t\t\t\t\t<\/div>\n\t\t<\/div>\n\t\t\t\t\t<\/div>\n\t\t<\/section>\n\t\t\t\t\t<\/div>\n\t\t<\/div>\n\t\t\t\t<div class=\"elementor-column elementor-col-50 elementor-top-column elementor-element elementor-element-bb24a8e\" data-id=\"bb24a8e\" data-element_type=\"column\" data-e-type=\"column\">\n\t\t\t<div class=\"elementor-widget-wrap elementor-element-populated\">\n\t\t\t\t\t\t<div class=\"elementor-element elementor-element-b78d0e4 elementor-widget elementor-widget-image\" data-id=\"b78d0e4\" data-element_type=\"widget\" data-e-type=\"widget\" data-widget_type=\"image.default\">\n\t\t\t\t<div class=\"elementor-widget-container\">\n\t\t\t\t\t\t\t\t\t\t\t\t\t\t\t\t<a href=\"https:\/\/www.expertservicecar.com\/pt-pt\/taller\/talleres-salvador\/\">\n\t\t\t\t\t\t\t<img loading=\"lazy\" decoding=\"async\" width=\"300\" height=\"139\" src=\"https:\/\/www.expertservicecar.com\/wp-content\/uploads\/2024\/12\/shared-image-300x139.jpg\" class=\"attachment-medium size-medium wp-image-7744\" alt=\"\" srcset=\"https:\/\/www.expertservicecar.com\/wp-content\/uploads\/2024\/12\/shared-image-300x139.jpg 300w, https:\/\/www.expertservicecar.com\/wp-content\/uploads\/2024\/12\/shared-image-1024x473.jpg 1024w, https:\/\/www.expertservicecar.com\/wp-content\/uploads\/2024\/12\/shared-image-768x355.jpg 768w, https:\/\/www.expertservicecar.com\/wp-content\/uploads\/2024\/12\/shared-image-1536x710.jpg 1536w, https:\/\/www.expertservicecar.com\/wp-content\/uploads\/2024\/12\/shared-image-600x277.jpg 600w, https:\/\/www.expertservicecar.com\/wp-content\/uploads\/2024\/12\/shared-image.jpg 2000w\" sizes=\"(max-width: 300px) 100vw, 300px\" title=\"\">\t\t\t\t\t\t\t\t<\/a>\n\t\t\t\t\t\t\t\t\t\t\t\t\t\t\t<\/div>\n\t\t\t\t<\/div>\n\t\t\t\t\t<\/div>\n\t\t<\/div>\n\t\t\t\t\t<\/div>\n\t\t<\/section>\n\t\t\t\t<\/div>\n\t\t<\/div><div class=\"jet-listing-grid__item jet-listing-dynamic-post-7833 jet-equal-columns\" data-post-id=\"7833\" >\t\t<div data-elementor-type=\"jet-listing-items\" data-elementor-id=\"524\" class=\"elementor elementor-524\" data-elementor-post-type=\"jet-engine\">\n\t\t\t\t\t\t<section class=\"elementor-section elementor-top-section elementor-element elementor-element-ef0c760 elementor-section-content-middle elementor-section-boxed elementor-section-height-default elementor-section-height-default\" data-id=\"ef0c760\" data-element_type=\"section\" data-e-type=\"section\" data-settings=\"{&quot;background_background&quot;:&quot;classic&quot;}\">\n\t\t\t\t\t\t<div class=\"elementor-container elementor-column-gap-default\">\n\t\t\t\t\t<div class=\"elementor-column elementor-col-50 elementor-top-column elementor-element elementor-element-f3770a2\" data-id=\"f3770a2\" data-element_type=\"column\" data-e-type=\"column\">\n\t\t\t<div class=\"elementor-widget-wrap elementor-element-populated\">\n\t\t\t\t\t\t<div class=\"elementor-element elementor-element-6788ee3 elementor-widget__width-auto elementor-widget elementor-widget-theme-post-title elementor-page-title elementor-widget-heading\" data-id=\"6788ee3\" data-element_type=\"widget\" data-e-type=\"widget\" data-widget_type=\"theme-post-title.default\">\n\t\t\t\t<div class=\"elementor-widget-container\">\n\t\t\t\t\t<h5 class=\"elementor-heading-title elementor-size-default\"><a href=\"https:\/\/www.expertservicecar.com\/pt-pt\/taller\/talleres-san-gas\/\">TALLERES SAN-GAS<\/a><\/h5>\t\t\t\t<\/div>\n\t\t\t\t<\/div>\n\t\t\t\t<section class=\"elementor-section elementor-inner-section elementor-element elementor-element-dcd0ceb elementor-section-boxed elementor-section-height-default elementor-section-height-default\" data-id=\"dcd0ceb\" data-element_type=\"section\" data-e-type=\"section\">\n\t\t\t\t\t\t<div class=\"elementor-container elementor-column-gap-default\">\n\t\t\t\t\t<div class=\"elementor-column elementor-col-100 elementor-inner-column elementor-element elementor-element-aed0068\" data-id=\"aed0068\" data-element_type=\"column\" data-e-type=\"column\">\n\t\t\t<div class=\"elementor-widget-wrap elementor-element-populated\">\n\t\t\t\t\t\t<div class=\"elementor-element elementor-element-601cf1d elementor-widget__width-auto elementor-widget-mobile__width-auto elementor-widget elementor-widget-jet-listing-dynamic-field\" data-id=\"601cf1d\" data-element_type=\"widget\" data-e-type=\"widget\" data-widget_type=\"jet-listing-dynamic-field.default\">\n\t\t\t\t<div class=\"elementor-widget-container\">\n\t\t\t\t\t<div class=\"jet-listing jet-listing-dynamic-field display-inline\"><div class=\"jet-listing-dynamic-field__inline-wrap\"><span class=\"jet-listing-dynamic-field__content\"><p>Av. de La Libertad, 1 nave,<br \/>\n28610 Villamanta,<br \/>\nMadrid<\/p>\n<\/span><\/div><\/div>\t\t\t\t<\/div>\n\t\t\t\t<\/div>\n\t\t\t\t<div class=\"elementor-element elementor-element-1898eca elementor-widget elementor-widget-jet-listing-dynamic-link\" data-id=\"1898eca\" data-element_type=\"widget\" data-e-type=\"widget\" data-widget_type=\"jet-listing-dynamic-link.default\">\n\t\t\t\t<div class=\"elementor-widget-container\">\n\t\t\t\t\t<span class=\"jet-listing jet-listing-dynamic-link\"><a href=\"tel:918136545\" class=\"jet-listing-dynamic-link__link\"><i class=\"jet-listing-dynamic-link__icon fas fa-phone-alt\" aria-hidden=\"true\"><\/i><span class=\"jet-listing-dynamic-link__label\">918136545<\/span><\/a><\/span>\t\t\t\t<\/div>\n\t\t\t\t<\/div>\n\t\t\t\t<div class=\"elementor-element elementor-element-0329474 elementor-hidden-phone elementor-widget elementor-widget-jet-listing-dynamic-link\" data-id=\"0329474\" data-element_type=\"widget\" data-e-type=\"widget\" data-widget_type=\"jet-listing-dynamic-link.default\">\n\t\t\t\t<div class=\"elementor-widget-container\">\n\t\t\t\t\t<span class=\"jet-listing jet-listing-dynamic-link\"><a href=\"tel:610753652\" class=\"jet-listing-dynamic-link__link\"><i class=\"jet-listing-dynamic-link__icon oi oi-phone\" aria-hidden=\"true\"><\/i><span class=\"jet-listing-dynamic-link__label\">610753652<\/span><\/a><\/span>\t\t\t\t<\/div>\n\t\t\t\t<\/div>\n\t\t\t\t\t<\/div>\n\t\t<\/div>\n\t\t\t\t\t<\/div>\n\t\t<\/section>\n\t\t\t\t\t<\/div>\n\t\t<\/div>\n\t\t\t\t<div class=\"elementor-column elementor-col-50 elementor-top-column elementor-element elementor-element-bb24a8e\" data-id=\"bb24a8e\" data-element_type=\"column\" data-e-type=\"column\">\n\t\t\t<div class=\"elementor-widget-wrap elementor-element-populated\">\n\t\t\t\t\t\t<div class=\"elementor-element elementor-element-b78d0e4 elementor-widget elementor-widget-image\" data-id=\"b78d0e4\" data-element_type=\"widget\" data-e-type=\"widget\" data-widget_type=\"image.default\">\n\t\t\t\t<div class=\"elementor-widget-container\">\n\t\t\t\t\t\t\t\t\t\t\t\t\t\t\t\t<a href=\"https:\/\/www.expertservicecar.com\/pt-pt\/taller\/talleres-san-gas\/\">\n\t\t\t\t\t\t\t<img loading=\"lazy\" decoding=\"async\" width=\"300\" height=\"138\" src=\"https:\/\/www.expertservicecar.com\/wp-content\/uploads\/2025\/09\/WhatsApp-Image-2025-04-10-at-18.35.10-1-1-300x138.jpeg\" class=\"attachment-medium size-medium wp-image-7834\" alt=\"\" srcset=\"https:\/\/www.expertservicecar.com\/wp-content\/uploads\/2025\/09\/WhatsApp-Image-2025-04-10-at-18.35.10-1-1-300x138.jpeg 300w, https:\/\/www.expertservicecar.com\/wp-content\/uploads\/2025\/09\/WhatsApp-Image-2025-04-10-at-18.35.10-1-1-1024x472.jpeg 1024w, https:\/\/www.expertservicecar.com\/wp-content\/uploads\/2025\/09\/WhatsApp-Image-2025-04-10-at-18.35.10-1-1-768x354.jpeg 768w, https:\/\/www.expertservicecar.com\/wp-content\/uploads\/2025\/09\/WhatsApp-Image-2025-04-10-at-18.35.10-1-1-1536x708.jpeg 1536w, https:\/\/www.expertservicecar.com\/wp-content\/uploads\/2025\/09\/WhatsApp-Image-2025-04-10-at-18.35.10-1-1-600x277.jpeg 600w, https:\/\/www.expertservicecar.com\/wp-content\/uploads\/2025\/09\/WhatsApp-Image-2025-04-10-at-18.35.10-1-1.jpeg 1600w\" sizes=\"(max-width: 300px) 100vw, 300px\" title=\"\">\t\t\t\t\t\t\t\t<\/a>\n\t\t\t\t\t\t\t\t\t\t\t\t\t\t\t<\/div>\n\t\t\t\t<\/div>\n\t\t\t\t\t<\/div>\n\t\t<\/div>\n\t\t\t\t\t<\/div>\n\t\t<\/section>\n\t\t\t\t<\/div>\n\t\t<\/div><div class=\"jet-listing-grid__item jet-listing-dynamic-post-3307 jet-equal-columns\" data-post-id=\"3307\" >\t\t<div data-elementor-type=\"jet-listing-items\" data-elementor-id=\"524\" class=\"elementor elementor-524\" data-elementor-post-type=\"jet-engine\">\n\t\t\t\t\t\t<section class=\"elementor-section elementor-top-section elementor-element elementor-element-ef0c760 elementor-section-content-middle elementor-section-boxed elementor-section-height-default elementor-section-height-default\" data-id=\"ef0c760\" data-element_type=\"section\" data-e-type=\"section\" data-settings=\"{&quot;background_background&quot;:&quot;classic&quot;}\">\n\t\t\t\t\t\t<div class=\"elementor-container elementor-column-gap-default\">\n\t\t\t\t\t<div class=\"elementor-column elementor-col-50 elementor-top-column elementor-element elementor-element-f3770a2\" data-id=\"f3770a2\" data-element_type=\"column\" data-e-type=\"column\">\n\t\t\t<div class=\"elementor-widget-wrap elementor-element-populated\">\n\t\t\t\t\t\t<div class=\"elementor-element elementor-element-6788ee3 elementor-widget__width-auto elementor-widget elementor-widget-theme-post-title elementor-page-title elementor-widget-heading\" data-id=\"6788ee3\" data-element_type=\"widget\" data-e-type=\"widget\" data-widget_type=\"theme-post-title.default\">\n\t\t\t\t<div class=\"elementor-widget-container\">\n\t\t\t\t\t<h5 class=\"elementor-heading-title elementor-size-default\"><a href=\"https:\/\/www.expertservicecar.com\/pt-pt\/taller\/talleres-sanguineda\/\">Talleres Sangui\u00f1eda<\/a><\/h5>\t\t\t\t<\/div>\n\t\t\t\t<\/div>\n\t\t\t\t<section class=\"elementor-section elementor-inner-section elementor-element elementor-element-dcd0ceb elementor-section-boxed elementor-section-height-default elementor-section-height-default\" data-id=\"dcd0ceb\" data-element_type=\"section\" data-e-type=\"section\">\n\t\t\t\t\t\t<div class=\"elementor-container elementor-column-gap-default\">\n\t\t\t\t\t<div class=\"elementor-column elementor-col-100 elementor-inner-column elementor-element elementor-element-aed0068\" data-id=\"aed0068\" data-element_type=\"column\" data-e-type=\"column\">\n\t\t\t<div class=\"elementor-widget-wrap elementor-element-populated\">\n\t\t\t\t\t\t<div class=\"elementor-element elementor-element-601cf1d elementor-widget__width-auto elementor-widget-mobile__width-auto elementor-widget elementor-widget-jet-listing-dynamic-field\" data-id=\"601cf1d\" data-element_type=\"widget\" data-e-type=\"widget\" data-widget_type=\"jet-listing-dynamic-field.default\">\n\t\t\t\t<div class=\"elementor-widget-container\">\n\t\t\t\t\t<div class=\"jet-listing jet-listing-dynamic-field display-inline\"><div class=\"jet-listing-dynamic-field__inline-wrap\"><span class=\"jet-listing-dynamic-field__content\"><p>Rua Anel de Perral,5<br \/>\nPol. Ind. Veigada\u00f1a<br \/>\n36417 Mos<br \/>\nPontevedra<\/p>\n<\/span><\/div><\/div>\t\t\t\t<\/div>\n\t\t\t\t<\/div>\n\t\t\t\t<div class=\"elementor-element elementor-element-1898eca elementor-widget elementor-widget-jet-listing-dynamic-link\" data-id=\"1898eca\" data-element_type=\"widget\" data-e-type=\"widget\" data-widget_type=\"jet-listing-dynamic-link.default\">\n\t\t\t\t<div class=\"elementor-widget-container\">\n\t\t\t\t\t<span class=\"jet-listing jet-listing-dynamic-link\"><a href=\"tel:+34 986 337297\" class=\"jet-listing-dynamic-link__link\"><i class=\"jet-listing-dynamic-link__icon fas fa-phone-alt\" aria-hidden=\"true\"><\/i><span class=\"jet-listing-dynamic-link__label\">+34 986 337297<\/span><\/a><\/span>\t\t\t\t<\/div>\n\t\t\t\t<\/div>\n\t\t\t\t<div class=\"elementor-element elementor-element-0329474 elementor-hidden-phone elementor-widget elementor-widget-jet-listing-dynamic-link\" data-id=\"0329474\" data-element_type=\"widget\" data-e-type=\"widget\" data-widget_type=\"jet-listing-dynamic-link.default\">\n\t\t\t\t<div class=\"elementor-widget-container\">\n\t\t\t\t\t<span class=\"jet-listing jet-listing-dynamic-link\"><a href=\"tel:+34 625 183 232\" class=\"jet-listing-dynamic-link__link\"><i class=\"jet-listing-dynamic-link__icon oi oi-phone\" aria-hidden=\"true\"><\/i><span class=\"jet-listing-dynamic-link__label\">+34 625 183 232<\/span><\/a><\/span>\t\t\t\t<\/div>\n\t\t\t\t<\/div>\n\t\t\t\t\t<\/div>\n\t\t<\/div>\n\t\t\t\t\t<\/div>\n\t\t<\/section>\n\t\t\t\t\t<\/div>\n\t\t<\/div>\n\t\t\t\t<div class=\"elementor-column elementor-col-50 elementor-top-column elementor-element elementor-element-bb24a8e\" data-id=\"bb24a8e\" data-element_type=\"column\" data-e-type=\"column\">\n\t\t\t<div class=\"elementor-widget-wrap elementor-element-populated\">\n\t\t\t\t\t\t<div class=\"elementor-element elementor-element-b78d0e4 elementor-widget elementor-widget-image\" data-id=\"b78d0e4\" data-element_type=\"widget\" data-e-type=\"widget\" data-widget_type=\"image.default\">\n\t\t\t\t<div class=\"elementor-widget-container\">\n\t\t\t\t\t\t\t\t\t\t\t\t\t\t\t\t<a href=\"https:\/\/www.expertservicecar.com\/pt-pt\/taller\/talleres-sanguineda\/\">\n\t\t\t\t\t\t\t<img loading=\"lazy\" decoding=\"async\" width=\"300\" height=\"231\" src=\"https:\/\/www.expertservicecar.com\/wp-content\/uploads\/2021\/06\/sanguineda-300x231.jpg\" class=\"attachment-medium size-medium wp-image-3308\" alt=\"Talleres Sanguineda\" srcset=\"https:\/\/www.expertservicecar.com\/wp-content\/uploads\/2021\/06\/sanguineda-300x231.jpg 300w, https:\/\/www.expertservicecar.com\/wp-content\/uploads\/2021\/06\/sanguineda-768x591.jpg 768w, https:\/\/www.expertservicecar.com\/wp-content\/uploads\/2021\/06\/sanguineda-600x462.jpg 600w, https:\/\/www.expertservicecar.com\/wp-content\/uploads\/2021\/06\/sanguineda.jpg 900w\" sizes=\"(max-width: 300px) 100vw, 300px\" title=\"\">\t\t\t\t\t\t\t\t<\/a>\n\t\t\t\t\t\t\t\t\t\t\t\t\t\t\t<\/div>\n\t\t\t\t<\/div>\n\t\t\t\t\t<\/div>\n\t\t<\/div>\n\t\t\t\t\t<\/div>\n\t\t<\/section>\n\t\t\t\t<\/div>\n\t\t<\/div><div class=\"jet-listing-grid__item jet-listing-dynamic-post-7082 jet-equal-columns\" data-post-id=\"7082\" >\t\t<div data-elementor-type=\"jet-listing-items\" data-elementor-id=\"524\" class=\"elementor elementor-524\" data-elementor-post-type=\"jet-engine\">\n\t\t\t\t\t\t<section class=\"elementor-section elementor-top-section elementor-element elementor-element-ef0c760 elementor-section-content-middle elementor-section-boxed elementor-section-height-default elementor-section-height-default\" data-id=\"ef0c760\" data-element_type=\"section\" data-e-type=\"section\" data-settings=\"{&quot;background_background&quot;:&quot;classic&quot;}\">\n\t\t\t\t\t\t<div class=\"elementor-container elementor-column-gap-default\">\n\t\t\t\t\t<div class=\"elementor-column elementor-col-50 elementor-top-column elementor-element elementor-element-f3770a2\" data-id=\"f3770a2\" data-element_type=\"column\" data-e-type=\"column\">\n\t\t\t<div class=\"elementor-widget-wrap elementor-element-populated\">\n\t\t\t\t\t\t<div class=\"elementor-element elementor-element-6788ee3 elementor-widget__width-auto elementor-widget elementor-widget-theme-post-title elementor-page-title elementor-widget-heading\" data-id=\"6788ee3\" data-element_type=\"widget\" data-e-type=\"widget\" data-widget_type=\"theme-post-title.default\">\n\t\t\t\t<div class=\"elementor-widget-container\">\n\t\t\t\t\t<h5 class=\"elementor-heading-title elementor-size-default\"><a href=\"https:\/\/www.expertservicecar.com\/pt-pt\/taller\/talleres-soriauto\/\">Talleres Soriauto<\/a><\/h5>\t\t\t\t<\/div>\n\t\t\t\t<\/div>\n\t\t\t\t<section class=\"elementor-section elementor-inner-section elementor-element elementor-element-dcd0ceb elementor-section-boxed elementor-section-height-default elementor-section-height-default\" data-id=\"dcd0ceb\" data-element_type=\"section\" data-e-type=\"section\">\n\t\t\t\t\t\t<div class=\"elementor-container elementor-column-gap-default\">\n\t\t\t\t\t<div class=\"elementor-column elementor-col-100 elementor-inner-column elementor-element elementor-element-aed0068\" data-id=\"aed0068\" data-element_type=\"column\" data-e-type=\"column\">\n\t\t\t<div class=\"elementor-widget-wrap elementor-element-populated\">\n\t\t\t\t\t\t<div class=\"elementor-element elementor-element-601cf1d elementor-widget__width-auto elementor-widget-mobile__width-auto elementor-widget elementor-widget-jet-listing-dynamic-field\" data-id=\"601cf1d\" data-element_type=\"widget\" data-e-type=\"widget\" data-widget_type=\"jet-listing-dynamic-field.default\">\n\t\t\t\t<div class=\"elementor-widget-container\">\n\t\t\t\t\t<div class=\"jet-listing jet-listing-dynamic-field display-inline\"><div class=\"jet-listing-dynamic-field__inline-wrap\"><span class=\"jet-listing-dynamic-field__content\"><p>Carrer de les Eres, 78,<br \/>\n46180 Benaguasil, Valencia<\/p>\n<\/span><\/div><\/div>\t\t\t\t<\/div>\n\t\t\t\t<\/div>\n\t\t\t\t<div class=\"elementor-element elementor-element-1898eca elementor-widget elementor-widget-jet-listing-dynamic-link\" data-id=\"1898eca\" data-element_type=\"widget\" data-e-type=\"widget\" data-widget_type=\"jet-listing-dynamic-link.default\">\n\t\t\t\t<div class=\"elementor-widget-container\">\n\t\t\t\t\t<span class=\"jet-listing jet-listing-dynamic-link\"><a href=\"tel:960 01 65 67\" class=\"jet-listing-dynamic-link__link\"><i class=\"jet-listing-dynamic-link__icon fas fa-phone-alt\" aria-hidden=\"true\"><\/i><span class=\"jet-listing-dynamic-link__label\">960 01 65 67<\/span><\/a><\/span>\t\t\t\t<\/div>\n\t\t\t\t<\/div>\n\t\t\t\t\t<\/div>\n\t\t<\/div>\n\t\t\t\t\t<\/div>\n\t\t<\/section>\n\t\t\t\t\t<\/div>\n\t\t<\/div>\n\t\t\t\t<div class=\"elementor-column elementor-col-50 elementor-top-column elementor-element elementor-element-bb24a8e\" data-id=\"bb24a8e\" data-element_type=\"column\" data-e-type=\"column\">\n\t\t\t<div class=\"elementor-widget-wrap elementor-element-populated\">\n\t\t\t\t\t\t<div class=\"elementor-element elementor-element-b78d0e4 elementor-widget elementor-widget-image\" data-id=\"b78d0e4\" data-element_type=\"widget\" data-e-type=\"widget\" data-widget_type=\"image.default\">\n\t\t\t\t<div class=\"elementor-widget-container\">\n\t\t\t\t\t\t\t\t\t\t\t\t\t\t\t\t<a href=\"https:\/\/www.expertservicecar.com\/pt-pt\/taller\/talleres-soriauto\/\">\n\t\t\t\t\t\t\t<img loading=\"lazy\" decoding=\"async\" width=\"300\" height=\"225\" src=\"https:\/\/www.expertservicecar.com\/wp-content\/uploads\/2023\/09\/soriauto-300x225.jpg\" class=\"attachment-medium size-medium wp-image-7083\" alt=\"\" srcset=\"https:\/\/www.expertservicecar.com\/wp-content\/uploads\/2023\/09\/soriauto-300x225.jpg 300w, https:\/\/www.expertservicecar.com\/wp-content\/uploads\/2023\/09\/soriauto-1024x767.jpg 1024w, https:\/\/www.expertservicecar.com\/wp-content\/uploads\/2023\/09\/soriauto-768x575.jpg 768w, https:\/\/www.expertservicecar.com\/wp-content\/uploads\/2023\/09\/soriauto-600x449.jpg 600w, https:\/\/www.expertservicecar.com\/wp-content\/uploads\/2023\/09\/soriauto.jpg 1176w\" sizes=\"(max-width: 300px) 100vw, 300px\" title=\"\">\t\t\t\t\t\t\t\t<\/a>\n\t\t\t\t\t\t\t\t\t\t\t\t\t\t\t<\/div>\n\t\t\t\t<\/div>\n\t\t\t\t\t<\/div>\n\t\t<\/div>\n\t\t\t\t\t<\/div>\n\t\t<\/section>\n\t\t\t\t<\/div>\n\t\t<\/div><div class=\"jet-listing-grid__item jet-listing-dynamic-post-5898 jet-equal-columns\" data-post-id=\"5898\" >\t\t<div data-elementor-type=\"jet-listing-items\" data-elementor-id=\"524\" class=\"elementor elementor-524\" data-elementor-post-type=\"jet-engine\">\n\t\t\t\t\t\t<section class=\"elementor-section elementor-top-section elementor-element elementor-element-ef0c760 elementor-section-content-middle elementor-section-boxed elementor-section-height-default elementor-section-height-default\" data-id=\"ef0c760\" data-element_type=\"section\" data-e-type=\"section\" data-settings=\"{&quot;background_background&quot;:&quot;classic&quot;}\">\n\t\t\t\t\t\t<div class=\"elementor-container elementor-column-gap-default\">\n\t\t\t\t\t<div class=\"elementor-column elementor-col-50 elementor-top-column elementor-element elementor-element-f3770a2\" data-id=\"f3770a2\" data-element_type=\"column\" data-e-type=\"column\">\n\t\t\t<div class=\"elementor-widget-wrap elementor-element-populated\">\n\t\t\t\t\t\t<div class=\"elementor-element elementor-element-6788ee3 elementor-widget__width-auto elementor-widget elementor-widget-theme-post-title elementor-page-title elementor-widget-heading\" data-id=\"6788ee3\" data-element_type=\"widget\" data-e-type=\"widget\" data-widget_type=\"theme-post-title.default\">\n\t\t\t\t<div class=\"elementor-widget-container\">\n\t\t\t\t\t<h5 class=\"elementor-heading-title elementor-size-default\"><a href=\"https:\/\/www.expertservicecar.com\/pt-pt\/taller\/talleres-suerocars\/\">Talleres Suerocars<\/a><\/h5>\t\t\t\t<\/div>\n\t\t\t\t<\/div>\n\t\t\t\t<section class=\"elementor-section elementor-inner-section elementor-element elementor-element-dcd0ceb elementor-section-boxed elementor-section-height-default elementor-section-height-default\" data-id=\"dcd0ceb\" data-element_type=\"section\" data-e-type=\"section\">\n\t\t\t\t\t\t<div class=\"elementor-container elementor-column-gap-default\">\n\t\t\t\t\t<div class=\"elementor-column elementor-col-100 elementor-inner-column elementor-element elementor-element-aed0068\" data-id=\"aed0068\" data-element_type=\"column\" data-e-type=\"column\">\n\t\t\t<div class=\"elementor-widget-wrap elementor-element-populated\">\n\t\t\t\t\t\t<div class=\"elementor-element elementor-element-601cf1d elementor-widget__width-auto elementor-widget-mobile__width-auto elementor-widget elementor-widget-jet-listing-dynamic-field\" data-id=\"601cf1d\" data-element_type=\"widget\" data-e-type=\"widget\" data-widget_type=\"jet-listing-dynamic-field.default\">\n\t\t\t\t<div class=\"elementor-widget-container\">\n\t\t\t\t\t<div class=\"jet-listing jet-listing-dynamic-field display-inline\"><div class=\"jet-listing-dynamic-field__inline-wrap\"><span class=\"jet-listing-dynamic-field__content\"><p>Pol. Ind. Polvoranca<br \/>\nCalle El cobre, n\u00ba11<br \/>\n28914 Legan\u00e9s<br \/>\nMadrid<\/p>\n<\/span><\/div><\/div>\t\t\t\t<\/div>\n\t\t\t\t<\/div>\n\t\t\t\t<div class=\"elementor-element elementor-element-1898eca elementor-widget elementor-widget-jet-listing-dynamic-link\" data-id=\"1898eca\" data-element_type=\"widget\" data-e-type=\"widget\" data-widget_type=\"jet-listing-dynamic-link.default\">\n\t\t\t\t<div class=\"elementor-widget-container\">\n\t\t\t\t\t<span class=\"jet-listing jet-listing-dynamic-link\"><a href=\"tel:914987440\" class=\"jet-listing-dynamic-link__link\"><i class=\"jet-listing-dynamic-link__icon fas fa-phone-alt\" aria-hidden=\"true\"><\/i><span class=\"jet-listing-dynamic-link__label\">914987440<\/span><\/a><\/span>\t\t\t\t<\/div>\n\t\t\t\t<\/div>\n\t\t\t\t<div class=\"elementor-element elementor-element-0329474 elementor-hidden-phone elementor-widget elementor-widget-jet-listing-dynamic-link\" data-id=\"0329474\" data-element_type=\"widget\" data-e-type=\"widget\" data-widget_type=\"jet-listing-dynamic-link.default\">\n\t\t\t\t<div class=\"elementor-widget-container\">\n\t\t\t\t\t<span class=\"jet-listing jet-listing-dynamic-link\"><a href=\"tel:626282185\" class=\"jet-listing-dynamic-link__link\"><i class=\"jet-listing-dynamic-link__icon oi oi-phone\" aria-hidden=\"true\"><\/i><span class=\"jet-listing-dynamic-link__label\">626282185<\/span><\/a><\/span>\t\t\t\t<\/div>\n\t\t\t\t<\/div>\n\t\t\t\t\t<\/div>\n\t\t<\/div>\n\t\t\t\t\t<\/div>\n\t\t<\/section>\n\t\t\t\t\t<\/div>\n\t\t<\/div>\n\t\t\t\t<div class=\"elementor-column elementor-col-50 elementor-top-column elementor-element elementor-element-bb24a8e\" data-id=\"bb24a8e\" data-element_type=\"column\" data-e-type=\"column\">\n\t\t\t<div class=\"elementor-widget-wrap elementor-element-populated\">\n\t\t\t\t\t\t<div class=\"elementor-element elementor-element-b78d0e4 elementor-widget elementor-widget-image\" data-id=\"b78d0e4\" data-element_type=\"widget\" data-e-type=\"widget\" data-widget_type=\"image.default\">\n\t\t\t\t<div class=\"elementor-widget-container\">\n\t\t\t\t\t\t\t\t\t\t\t\t\t\t\t\t<a href=\"https:\/\/www.expertservicecar.com\/pt-pt\/taller\/talleres-suerocars\/\">\n\t\t\t\t\t\t\t<img loading=\"lazy\" decoding=\"async\" width=\"300\" height=\"231\" src=\"https:\/\/www.expertservicecar.com\/wp-content\/uploads\/2021\/09\/suerocars-300x231.jpg\" class=\"attachment-medium size-medium wp-image-5908\" alt=\"\" srcset=\"https:\/\/www.expertservicecar.com\/wp-content\/uploads\/2021\/09\/suerocars-300x231.jpg 300w, https:\/\/www.expertservicecar.com\/wp-content\/uploads\/2021\/09\/suerocars-1024x789.jpg 1024w, https:\/\/www.expertservicecar.com\/wp-content\/uploads\/2021\/09\/suerocars-768x592.jpg 768w, https:\/\/www.expertservicecar.com\/wp-content\/uploads\/2021\/09\/suerocars-600x462.jpg 600w, https:\/\/www.expertservicecar.com\/wp-content\/uploads\/2021\/09\/suerocars.jpg 1198w\" sizes=\"(max-width: 300px) 100vw, 300px\" title=\"\">\t\t\t\t\t\t\t\t<\/a>\n\t\t\t\t\t\t\t\t\t\t\t\t\t\t\t<\/div>\n\t\t\t\t<\/div>\n\t\t\t\t\t<\/div>\n\t\t<\/div>\n\t\t\t\t\t<\/div>\n\t\t<\/section>\n\t\t\t\t<\/div>\n\t\t<\/div><div class=\"jet-listing-grid__item jet-listing-dynamic-post-6450 jet-equal-columns\" data-post-id=\"6450\" >\t\t<div data-elementor-type=\"jet-listing-items\" data-elementor-id=\"524\" class=\"elementor elementor-524\" data-elementor-post-type=\"jet-engine\">\n\t\t\t\t\t\t<section class=\"elementor-section elementor-top-section elementor-element elementor-element-ef0c760 elementor-section-content-middle elementor-section-boxed elementor-section-height-default elementor-section-height-default\" data-id=\"ef0c760\" data-element_type=\"section\" data-e-type=\"section\" data-settings=\"{&quot;background_background&quot;:&quot;classic&quot;}\">\n\t\t\t\t\t\t<div class=\"elementor-container elementor-column-gap-default\">\n\t\t\t\t\t<div class=\"elementor-column elementor-col-50 elementor-top-column elementor-element elementor-element-f3770a2\" data-id=\"f3770a2\" data-element_type=\"column\" data-e-type=\"column\">\n\t\t\t<div class=\"elementor-widget-wrap elementor-element-populated\">\n\t\t\t\t\t\t<div class=\"elementor-element elementor-element-6788ee3 elementor-widget__width-auto elementor-widget elementor-widget-theme-post-title elementor-page-title elementor-widget-heading\" data-id=\"6788ee3\" data-element_type=\"widget\" data-e-type=\"widget\" data-widget_type=\"theme-post-title.default\">\n\t\t\t\t<div class=\"elementor-widget-container\">\n\t\t\t\t\t<h5 class=\"elementor-heading-title elementor-size-default\"><a href=\"https:\/\/www.expertservicecar.com\/pt-pt\/taller\/talleres-yustas\/\">Talleres Yustas<\/a><\/h5>\t\t\t\t<\/div>\n\t\t\t\t<\/div>\n\t\t\t\t<section class=\"elementor-section elementor-inner-section elementor-element elementor-element-dcd0ceb elementor-section-boxed elementor-section-height-default elementor-section-height-default\" data-id=\"dcd0ceb\" data-element_type=\"section\" data-e-type=\"section\">\n\t\t\t\t\t\t<div class=\"elementor-container elementor-column-gap-default\">\n\t\t\t\t\t<div class=\"elementor-column elementor-col-100 elementor-inner-column elementor-element elementor-element-aed0068\" data-id=\"aed0068\" data-element_type=\"column\" data-e-type=\"column\">\n\t\t\t<div class=\"elementor-widget-wrap elementor-element-populated\">\n\t\t\t\t\t\t<div class=\"elementor-element elementor-element-601cf1d elementor-widget__width-auto elementor-widget-mobile__width-auto elementor-widget elementor-widget-jet-listing-dynamic-field\" data-id=\"601cf1d\" data-element_type=\"widget\" data-e-type=\"widget\" data-widget_type=\"jet-listing-dynamic-field.default\">\n\t\t\t\t<div class=\"elementor-widget-container\">\n\t\t\t\t\t<div class=\"jet-listing jet-listing-dynamic-field display-inline\"><div class=\"jet-listing-dynamic-field__inline-wrap\"><span class=\"jet-listing-dynamic-field__content\"><p>C. San Antonio, 1 y 2,<br \/>\n45214 Cedillo del Condado, Toledo<\/p>\n<\/span><\/div><\/div>\t\t\t\t<\/div>\n\t\t\t\t<\/div>\n\t\t\t\t<div class=\"elementor-element elementor-element-1898eca elementor-widget elementor-widget-jet-listing-dynamic-link\" data-id=\"1898eca\" data-element_type=\"widget\" data-e-type=\"widget\" data-widget_type=\"jet-listing-dynamic-link.default\">\n\t\t\t\t<div class=\"elementor-widget-container\">\n\t\t\t\t\t<span class=\"jet-listing jet-listing-dynamic-link\"><a href=\"tel:925508435\" class=\"jet-listing-dynamic-link__link\"><i class=\"jet-listing-dynamic-link__icon fas fa-phone-alt\" aria-hidden=\"true\"><\/i><span class=\"jet-listing-dynamic-link__label\">925508435<\/span><\/a><\/span>\t\t\t\t<\/div>\n\t\t\t\t<\/div>\n\t\t\t\t<div class=\"elementor-element elementor-element-0329474 elementor-hidden-phone elementor-widget elementor-widget-jet-listing-dynamic-link\" data-id=\"0329474\" data-element_type=\"widget\" data-e-type=\"widget\" data-widget_type=\"jet-listing-dynamic-link.default\">\n\t\t\t\t<div class=\"elementor-widget-container\">\n\t\t\t\t\t<span class=\"jet-listing jet-listing-dynamic-link\"><a href=\"tel:661773364\" class=\"jet-listing-dynamic-link__link\"><i class=\"jet-listing-dynamic-link__icon oi oi-phone\" aria-hidden=\"true\"><\/i><span class=\"jet-listing-dynamic-link__label\">661773364<\/span><\/a><\/span>\t\t\t\t<\/div>\n\t\t\t\t<\/div>\n\t\t\t\t\t<\/div>\n\t\t<\/div>\n\t\t\t\t\t<\/div>\n\t\t<\/section>\n\t\t\t\t\t<\/div>\n\t\t<\/div>\n\t\t\t\t<div class=\"elementor-column elementor-col-50 elementor-top-column elementor-element elementor-element-bb24a8e\" data-id=\"bb24a8e\" data-element_type=\"column\" data-e-type=\"column\">\n\t\t\t<div class=\"elementor-widget-wrap elementor-element-populated\">\n\t\t\t\t\t\t<div class=\"elementor-element elementor-element-b78d0e4 elementor-widget elementor-widget-image\" data-id=\"b78d0e4\" data-element_type=\"widget\" data-e-type=\"widget\" data-widget_type=\"image.default\">\n\t\t\t\t<div class=\"elementor-widget-container\">\n\t\t\t\t\t\t\t\t\t\t\t\t\t\t\t\t<a href=\"https:\/\/www.expertservicecar.com\/pt-pt\/taller\/talleres-yustas\/\">\n\t\t\t\t\t\t\t<img loading=\"lazy\" decoding=\"async\" width=\"300\" height=\"226\" src=\"https:\/\/www.expertservicecar.com\/wp-content\/uploads\/2022\/09\/talleres_yustas-300x226.jpg\" class=\"attachment-medium size-medium wp-image-6451\" alt=\"\" srcset=\"https:\/\/www.expertservicecar.com\/wp-content\/uploads\/2022\/09\/talleres_yustas-300x226.jpg 300w, https:\/\/www.expertservicecar.com\/wp-content\/uploads\/2022\/09\/talleres_yustas-1024x771.jpg 1024w, https:\/\/www.expertservicecar.com\/wp-content\/uploads\/2022\/09\/talleres_yustas-768x578.jpg 768w, https:\/\/www.expertservicecar.com\/wp-content\/uploads\/2022\/09\/talleres_yustas-600x452.jpg 600w, https:\/\/www.expertservicecar.com\/wp-content\/uploads\/2022\/09\/talleres_yustas.jpg 1190w\" sizes=\"(max-width: 300px) 100vw, 300px\" title=\"\">\t\t\t\t\t\t\t\t<\/a>\n\t\t\t\t\t\t\t\t\t\t\t\t\t\t\t<\/div>\n\t\t\t\t<\/div>\n\t\t\t\t\t<\/div>\n\t\t<\/div>\n\t\t\t\t\t<\/div>\n\t\t<\/section>\n\t\t\t\t<\/div>\n\t\t<\/div><div class=\"jet-listing-grid__item jet-listing-dynamic-post-721 jet-equal-columns\" data-post-id=\"721\" >\t\t<div data-elementor-type=\"jet-listing-items\" data-elementor-id=\"524\" class=\"elementor elementor-524\" data-elementor-post-type=\"jet-engine\">\n\t\t\t\t\t\t<section class=\"elementor-section elementor-top-section elementor-element elementor-element-ef0c760 elementor-section-content-middle elementor-section-boxed elementor-section-height-default elementor-section-height-default\" data-id=\"ef0c760\" data-element_type=\"section\" data-e-type=\"section\" data-settings=\"{&quot;background_background&quot;:&quot;classic&quot;}\">\n\t\t\t\t\t\t<div class=\"elementor-container elementor-column-gap-default\">\n\t\t\t\t\t<div class=\"elementor-column elementor-col-50 elementor-top-column elementor-element elementor-element-f3770a2\" data-id=\"f3770a2\" data-element_type=\"column\" data-e-type=\"column\">\n\t\t\t<div class=\"elementor-widget-wrap elementor-element-populated\">\n\t\t\t\t\t\t<div class=\"elementor-element elementor-element-6788ee3 elementor-widget__width-auto elementor-widget elementor-widget-theme-post-title elementor-page-title elementor-widget-heading\" data-id=\"6788ee3\" data-element_type=\"widget\" data-e-type=\"widget\" data-widget_type=\"theme-post-title.default\">\n\t\t\t\t<div class=\"elementor-widget-container\">\n\t\t\t\t\t<h5 class=\"elementor-heading-title elementor-size-default\"><a href=\"https:\/\/www.expertservicecar.com\/pt-pt\/taller\/tallers-autoada\/\">Tallers Autoada<\/a><\/h5>\t\t\t\t<\/div>\n\t\t\t\t<\/div>\n\t\t\t\t<section class=\"elementor-section elementor-inner-section elementor-element elementor-element-dcd0ceb elementor-section-boxed elementor-section-height-default elementor-section-height-default\" data-id=\"dcd0ceb\" data-element_type=\"section\" data-e-type=\"section\">\n\t\t\t\t\t\t<div class=\"elementor-container elementor-column-gap-default\">\n\t\t\t\t\t<div class=\"elementor-column elementor-col-100 elementor-inner-column elementor-element elementor-element-aed0068\" data-id=\"aed0068\" data-element_type=\"column\" data-e-type=\"column\">\n\t\t\t<div class=\"elementor-widget-wrap elementor-element-populated\">\n\t\t\t\t\t\t<div class=\"elementor-element elementor-element-601cf1d elementor-widget__width-auto elementor-widget-mobile__width-auto elementor-widget elementor-widget-jet-listing-dynamic-field\" data-id=\"601cf1d\" data-element_type=\"widget\" data-e-type=\"widget\" data-widget_type=\"jet-listing-dynamic-field.default\">\n\t\t\t\t<div class=\"elementor-widget-container\">\n\t\t\t\t\t<div class=\"jet-listing jet-listing-dynamic-field display-inline\"><div class=\"jet-listing-dynamic-field__inline-wrap\"><span class=\"jet-listing-dynamic-field__content\"><p>Pol\u00edgon industrial Les Brugueres<br \/>\nCarrer de la Ind\u00fastria, S\/N,<br \/>\n17200 Palafrugell<br \/>\nGirona<\/p>\n<\/span><\/div><\/div>\t\t\t\t<\/div>\n\t\t\t\t<\/div>\n\t\t\t\t<div class=\"elementor-element elementor-element-1898eca elementor-widget elementor-widget-jet-listing-dynamic-link\" data-id=\"1898eca\" data-element_type=\"widget\" data-e-type=\"widget\" data-widget_type=\"jet-listing-dynamic-link.default\">\n\t\t\t\t<div class=\"elementor-widget-container\">\n\t\t\t\t\t<span class=\"jet-listing jet-listing-dynamic-link\"><a href=\"tel:972302616\" class=\"jet-listing-dynamic-link__link\"><i class=\"jet-listing-dynamic-link__icon fas fa-phone-alt\" aria-hidden=\"true\"><\/i><span class=\"jet-listing-dynamic-link__label\">972302616<\/span><\/a><\/span>\t\t\t\t<\/div>\n\t\t\t\t<\/div>\n\t\t\t\t<div class=\"elementor-element elementor-element-0329474 elementor-hidden-phone elementor-widget elementor-widget-jet-listing-dynamic-link\" data-id=\"0329474\" data-element_type=\"widget\" data-e-type=\"widget\" data-widget_type=\"jet-listing-dynamic-link.default\">\n\t\t\t\t<div class=\"elementor-widget-container\">\n\t\t\t\t\t<span class=\"jet-listing jet-listing-dynamic-link\"><a href=\"tel:682274111 (Solo whatsapp)\" class=\"jet-listing-dynamic-link__link\"><i class=\"jet-listing-dynamic-link__icon oi oi-phone\" aria-hidden=\"true\"><\/i><span class=\"jet-listing-dynamic-link__label\">682274111 (Solo whatsapp)<\/span><\/a><\/span>\t\t\t\t<\/div>\n\t\t\t\t<\/div>\n\t\t\t\t\t<\/div>\n\t\t<\/div>\n\t\t\t\t\t<\/div>\n\t\t<\/section>\n\t\t\t\t\t<\/div>\n\t\t<\/div>\n\t\t\t\t<div class=\"elementor-column elementor-col-50 elementor-top-column elementor-element elementor-element-bb24a8e\" data-id=\"bb24a8e\" data-element_type=\"column\" data-e-type=\"column\">\n\t\t\t<div class=\"elementor-widget-wrap elementor-element-populated\">\n\t\t\t\t\t\t<div class=\"elementor-element elementor-element-b78d0e4 elementor-widget elementor-widget-image\" data-id=\"b78d0e4\" data-element_type=\"widget\" data-e-type=\"widget\" data-widget_type=\"image.default\">\n\t\t\t\t<div class=\"elementor-widget-container\">\n\t\t\t\t\t\t\t\t\t\t\t\t\t\t\t\t<a href=\"https:\/\/www.expertservicecar.com\/pt-pt\/taller\/tallers-autoada\/\">\n\t\t\t\t\t\t\t<img loading=\"lazy\" decoding=\"async\" width=\"300\" height=\"231\" src=\"https:\/\/www.expertservicecar.com\/wp-content\/uploads\/2021\/04\/talleres-autoada-300x231.jpg\" class=\"attachment-medium size-medium wp-image-1135\" alt=\"Tallers Autoada\" srcset=\"https:\/\/www.expertservicecar.com\/wp-content\/uploads\/2021\/04\/talleres-autoada-300x231.jpg 300w, https:\/\/www.expertservicecar.com\/wp-content\/uploads\/2021\/04\/talleres-autoada-768x591.jpg 768w, https:\/\/www.expertservicecar.com\/wp-content\/uploads\/2021\/04\/talleres-autoada.jpg 900w\" sizes=\"(max-width: 300px) 100vw, 300px\" title=\"\">\t\t\t\t\t\t\t\t<\/a>\n\t\t\t\t\t\t\t\t\t\t\t\t\t\t\t<\/div>\n\t\t\t\t<\/div>\n\t\t\t\t\t<\/div>\n\t\t<\/div>\n\t\t\t\t\t<\/div>\n\t\t<\/section>\n\t\t\t\t<\/div>\n\t\t<\/div><div class=\"jet-listing-grid__item jet-listing-dynamic-post-7787 jet-equal-columns\" data-post-id=\"7787\" >\t\t<div data-elementor-type=\"jet-listing-items\" data-elementor-id=\"524\" class=\"elementor elementor-524\" data-elementor-post-type=\"jet-engine\">\n\t\t\t\t\t\t<section class=\"elementor-section elementor-top-section elementor-element elementor-element-ef0c760 elementor-section-content-middle elementor-section-boxed elementor-section-height-default elementor-section-height-default\" data-id=\"ef0c760\" data-element_type=\"section\" data-e-type=\"section\" data-settings=\"{&quot;background_background&quot;:&quot;classic&quot;}\">\n\t\t\t\t\t\t<div class=\"elementor-container elementor-column-gap-default\">\n\t\t\t\t\t<div class=\"elementor-column elementor-col-50 elementor-top-column elementor-element elementor-element-f3770a2\" data-id=\"f3770a2\" data-element_type=\"column\" data-e-type=\"column\">\n\t\t\t<div class=\"elementor-widget-wrap elementor-element-populated\">\n\t\t\t\t\t\t<div class=\"elementor-element elementor-element-6788ee3 elementor-widget__width-auto elementor-widget elementor-widget-theme-post-title elementor-page-title elementor-widget-heading\" data-id=\"6788ee3\" data-element_type=\"widget\" data-e-type=\"widget\" data-widget_type=\"theme-post-title.default\">\n\t\t\t\t<div class=\"elementor-widget-container\">\n\t\t\t\t\t<h5 class=\"elementor-heading-title elementor-size-default\"><a href=\"https:\/\/www.expertservicecar.com\/pt-pt\/taller\/tallers-e-m-maresme\/\">TALLERS E.M. MARESME<\/a><\/h5>\t\t\t\t<\/div>\n\t\t\t\t<\/div>\n\t\t\t\t<section class=\"elementor-section elementor-inner-section elementor-element elementor-element-dcd0ceb elementor-section-boxed elementor-section-height-default elementor-section-height-default\" data-id=\"dcd0ceb\" data-element_type=\"section\" data-e-type=\"section\">\n\t\t\t\t\t\t<div class=\"elementor-container elementor-column-gap-default\">\n\t\t\t\t\t<div class=\"elementor-column elementor-col-100 elementor-inner-column elementor-element elementor-element-aed0068\" data-id=\"aed0068\" data-element_type=\"column\" data-e-type=\"column\">\n\t\t\t<div class=\"elementor-widget-wrap elementor-element-populated\">\n\t\t\t\t\t\t<div class=\"elementor-element elementor-element-601cf1d elementor-widget__width-auto elementor-widget-mobile__width-auto elementor-widget elementor-widget-jet-listing-dynamic-field\" data-id=\"601cf1d\" data-element_type=\"widget\" data-e-type=\"widget\" data-widget_type=\"jet-listing-dynamic-field.default\">\n\t\t\t\t<div class=\"elementor-widget-container\">\n\t\t\t\t\t<div class=\"jet-listing jet-listing-dynamic-field display-inline\"><div class=\"jet-listing-dynamic-field__inline-wrap\"><span class=\"jet-listing-dynamic-field__content\"><p>Carrer Casta\u00f1os, 92,<br \/>\n08302 Matar\u00f3, Barcelona<\/p>\n<\/span><\/div><\/div>\t\t\t\t<\/div>\n\t\t\t\t<\/div>\n\t\t\t\t<div class=\"elementor-element elementor-element-1898eca elementor-widget elementor-widget-jet-listing-dynamic-link\" data-id=\"1898eca\" data-element_type=\"widget\" data-e-type=\"widget\" data-widget_type=\"jet-listing-dynamic-link.default\">\n\t\t\t\t<div class=\"elementor-widget-container\">\n\t\t\t\t\t<span class=\"jet-listing jet-listing-dynamic-link\"><a href=\"tel:937983432\" class=\"jet-listing-dynamic-link__link\"><i class=\"jet-listing-dynamic-link__icon fas fa-phone-alt\" aria-hidden=\"true\"><\/i><span class=\"jet-listing-dynamic-link__label\">937983432<\/span><\/a><\/span>\t\t\t\t<\/div>\n\t\t\t\t<\/div>\n\t\t\t\t\t<\/div>\n\t\t<\/div>\n\t\t\t\t\t<\/div>\n\t\t<\/section>\n\t\t\t\t\t<\/div>\n\t\t<\/div>\n\t\t\t\t<div class=\"elementor-column elementor-col-50 elementor-top-column elementor-element elementor-element-bb24a8e\" data-id=\"bb24a8e\" data-element_type=\"column\" data-e-type=\"column\">\n\t\t\t<div class=\"elementor-widget-wrap elementor-element-populated\">\n\t\t\t\t\t\t\t<\/div>\n\t\t<\/div>\n\t\t\t\t\t<\/div>\n\t\t<\/section>\n\t\t\t\t<\/div>\n\t\t<\/div><div class=\"jet-listing-grid__item jet-listing-dynamic-post-3301 jet-equal-columns\" data-post-id=\"3301\" >\t\t<div data-elementor-type=\"jet-listing-items\" data-elementor-id=\"524\" class=\"elementor elementor-524\" data-elementor-post-type=\"jet-engine\">\n\t\t\t\t\t\t<section class=\"elementor-section elementor-top-section elementor-element elementor-element-ef0c760 elementor-section-content-middle elementor-section-boxed elementor-section-height-default elementor-section-height-default\" data-id=\"ef0c760\" data-element_type=\"section\" data-e-type=\"section\" data-settings=\"{&quot;background_background&quot;:&quot;classic&quot;}\">\n\t\t\t\t\t\t<div class=\"elementor-container elementor-column-gap-default\">\n\t\t\t\t\t<div class=\"elementor-column elementor-col-50 elementor-top-column elementor-element elementor-element-f3770a2\" data-id=\"f3770a2\" data-element_type=\"column\" data-e-type=\"column\">\n\t\t\t<div class=\"elementor-widget-wrap elementor-element-populated\">\n\t\t\t\t\t\t<div class=\"elementor-element elementor-element-6788ee3 elementor-widget__width-auto elementor-widget elementor-widget-theme-post-title elementor-page-title elementor-widget-heading\" data-id=\"6788ee3\" data-element_type=\"widget\" data-e-type=\"widget\" data-widget_type=\"theme-post-title.default\">\n\t\t\t\t<div class=\"elementor-widget-container\">\n\t\t\t\t\t<h5 class=\"elementor-heading-title elementor-size-default\"><a href=\"https:\/\/www.expertservicecar.com\/pt-pt\/taller\/tallers-romeu\/\">Tallers Romeu<\/a><\/h5>\t\t\t\t<\/div>\n\t\t\t\t<\/div>\n\t\t\t\t<section class=\"elementor-section elementor-inner-section elementor-element elementor-element-dcd0ceb elementor-section-boxed elementor-section-height-default elementor-section-height-default\" data-id=\"dcd0ceb\" data-element_type=\"section\" data-e-type=\"section\">\n\t\t\t\t\t\t<div class=\"elementor-container elementor-column-gap-default\">\n\t\t\t\t\t<div class=\"elementor-column elementor-col-100 elementor-inner-column elementor-element elementor-element-aed0068\" data-id=\"aed0068\" data-element_type=\"column\" data-e-type=\"column\">\n\t\t\t<div class=\"elementor-widget-wrap elementor-element-populated\">\n\t\t\t\t\t\t<div class=\"elementor-element elementor-element-601cf1d elementor-widget__width-auto elementor-widget-mobile__width-auto elementor-widget elementor-widget-jet-listing-dynamic-field\" data-id=\"601cf1d\" data-element_type=\"widget\" data-e-type=\"widget\" data-widget_type=\"jet-listing-dynamic-field.default\">\n\t\t\t\t<div class=\"elementor-widget-container\">\n\t\t\t\t\t<div class=\"jet-listing jet-listing-dynamic-field display-inline\"><div class=\"jet-listing-dynamic-field__inline-wrap\"><span class=\"jet-listing-dynamic-field__content\"><p>Calle Tarragona, 3<br \/>\n(Pol Ind Colomers)<br \/>\n25241 Golmes<br \/>\nLleida<\/p>\n<\/span><\/div><\/div>\t\t\t\t<\/div>\n\t\t\t\t<\/div>\n\t\t\t\t<div class=\"elementor-element elementor-element-1898eca elementor-widget elementor-widget-jet-listing-dynamic-link\" data-id=\"1898eca\" data-element_type=\"widget\" data-e-type=\"widget\" data-widget_type=\"jet-listing-dynamic-link.default\">\n\t\t\t\t<div class=\"elementor-widget-container\">\n\t\t\t\t\t<span class=\"jet-listing jet-listing-dynamic-link\"><a href=\"tel:+34 973 604266\" class=\"jet-listing-dynamic-link__link\"><i class=\"jet-listing-dynamic-link__icon fas fa-phone-alt\" aria-hidden=\"true\"><\/i><span class=\"jet-listing-dynamic-link__label\">+34 973 604266<\/span><\/a><\/span>\t\t\t\t<\/div>\n\t\t\t\t<\/div>\n\t\t\t\t\t<\/div>\n\t\t<\/div>\n\t\t\t\t\t<\/div>\n\t\t<\/section>\n\t\t\t\t\t<\/div>\n\t\t<\/div>\n\t\t\t\t<div class=\"elementor-column elementor-col-50 elementor-top-column elementor-element elementor-element-bb24a8e\" data-id=\"bb24a8e\" data-element_type=\"column\" data-e-type=\"column\">\n\t\t\t<div class=\"elementor-widget-wrap elementor-element-populated\">\n\t\t\t\t\t\t<div class=\"elementor-element elementor-element-b78d0e4 elementor-widget elementor-widget-image\" data-id=\"b78d0e4\" data-element_type=\"widget\" data-e-type=\"widget\" data-widget_type=\"image.default\">\n\t\t\t\t<div class=\"elementor-widget-container\">\n\t\t\t\t\t\t\t\t\t\t\t\t\t\t\t\t<a href=\"https:\/\/www.expertservicecar.com\/pt-pt\/taller\/tallers-romeu\/\">\n\t\t\t\t\t\t\t<img loading=\"lazy\" decoding=\"async\" width=\"300\" height=\"231\" src=\"https:\/\/www.expertservicecar.com\/wp-content\/uploads\/2021\/06\/tallers-romeu-300x231.jpg\" class=\"attachment-medium size-medium wp-image-3302\" alt=\"Tallers Romeu\" srcset=\"https:\/\/www.expertservicecar.com\/wp-content\/uploads\/2021\/06\/tallers-romeu-300x231.jpg 300w, https:\/\/www.expertservicecar.com\/wp-content\/uploads\/2021\/06\/tallers-romeu-768x591.jpg 768w, https:\/\/www.expertservicecar.com\/wp-content\/uploads\/2021\/06\/tallers-romeu-600x461.jpg 600w, https:\/\/www.expertservicecar.com\/wp-content\/uploads\/2021\/06\/tallers-romeu.jpg 900w\" sizes=\"(max-width: 300px) 100vw, 300px\" title=\"\">\t\t\t\t\t\t\t\t<\/a>\n\t\t\t\t\t\t\t\t\t\t\t\t\t\t\t<\/div>\n\t\t\t\t<\/div>\n\t\t\t\t\t<\/div>\n\t\t<\/div>\n\t\t\t\t\t<\/div>\n\t\t<\/section>\n\t\t\t\t<\/div>\n\t\t<\/div><div class=\"jet-listing-grid__item jet-listing-dynamic-post-3700 jet-equal-columns\" data-post-id=\"3700\" >\t\t<div data-elementor-type=\"jet-listing-items\" data-elementor-id=\"524\" class=\"elementor elementor-524\" data-elementor-post-type=\"jet-engine\">\n\t\t\t\t\t\t<section class=\"elementor-section elementor-top-section elementor-element elementor-element-ef0c760 elementor-section-content-middle elementor-section-boxed elementor-section-height-default elementor-section-height-default\" data-id=\"ef0c760\" data-element_type=\"section\" data-e-type=\"section\" data-settings=\"{&quot;background_background&quot;:&quot;classic&quot;}\">\n\t\t\t\t\t\t<div class=\"elementor-container elementor-column-gap-default\">\n\t\t\t\t\t<div class=\"elementor-column elementor-col-50 elementor-top-column elementor-element elementor-element-f3770a2\" data-id=\"f3770a2\" data-element_type=\"column\" data-e-type=\"column\">\n\t\t\t<div class=\"elementor-widget-wrap elementor-element-populated\">\n\t\t\t\t\t\t<div class=\"elementor-element elementor-element-6788ee3 elementor-widget__width-auto elementor-widget elementor-widget-theme-post-title elementor-page-title elementor-widget-heading\" data-id=\"6788ee3\" data-element_type=\"widget\" data-e-type=\"widget\" data-widget_type=\"theme-post-title.default\">\n\t\t\t\t<div class=\"elementor-widget-container\">\n\t\t\t\t\t<h5 class=\"elementor-heading-title elementor-size-default\"><a href=\"https:\/\/www.expertservicecar.com\/pt-pt\/taller\/tecniauto-baranain\/\">Tecniauto Bara\u00f1ain<\/a><\/h5>\t\t\t\t<\/div>\n\t\t\t\t<\/div>\n\t\t\t\t<section class=\"elementor-section elementor-inner-section elementor-element elementor-element-dcd0ceb elementor-section-boxed elementor-section-height-default elementor-section-height-default\" data-id=\"dcd0ceb\" data-element_type=\"section\" data-e-type=\"section\">\n\t\t\t\t\t\t<div class=\"elementor-container elementor-column-gap-default\">\n\t\t\t\t\t<div class=\"elementor-column elementor-col-100 elementor-inner-column elementor-element elementor-element-aed0068\" data-id=\"aed0068\" data-element_type=\"column\" data-e-type=\"column\">\n\t\t\t<div class=\"elementor-widget-wrap elementor-element-populated\">\n\t\t\t\t\t\t<div class=\"elementor-element elementor-element-601cf1d elementor-widget__width-auto elementor-widget-mobile__width-auto elementor-widget elementor-widget-jet-listing-dynamic-field\" data-id=\"601cf1d\" data-element_type=\"widget\" data-e-type=\"widget\" data-widget_type=\"jet-listing-dynamic-field.default\">\n\t\t\t\t<div class=\"elementor-widget-container\">\n\t\t\t\t\t<div class=\"jet-listing jet-listing-dynamic-field display-inline\"><div class=\"jet-listing-dynamic-field__inline-wrap\"><span class=\"jet-listing-dynamic-field__content\"><p>Plaza los Casta\u00f1os, 6<br \/>\n31010 Bara\u00f1\u00e1in<br \/>\nNavarra<\/p>\n<\/span><\/div><\/div>\t\t\t\t<\/div>\n\t\t\t\t<\/div>\n\t\t\t\t<div class=\"elementor-element elementor-element-1898eca elementor-widget elementor-widget-jet-listing-dynamic-link\" data-id=\"1898eca\" data-element_type=\"widget\" data-e-type=\"widget\" data-widget_type=\"jet-listing-dynamic-link.default\">\n\t\t\t\t<div class=\"elementor-widget-container\">\n\t\t\t\t\t<span class=\"jet-listing jet-listing-dynamic-link\"><a href=\"tel:+34 948 182848\" class=\"jet-listing-dynamic-link__link\"><i class=\"jet-listing-dynamic-link__icon fas fa-phone-alt\" aria-hidden=\"true\"><\/i><span class=\"jet-listing-dynamic-link__label\">+34 948 182848<\/span><\/a><\/span>\t\t\t\t<\/div>\n\t\t\t\t<\/div>\n\t\t\t\t<div class=\"elementor-element elementor-element-0329474 elementor-hidden-phone elementor-widget elementor-widget-jet-listing-dynamic-link\" data-id=\"0329474\" data-element_type=\"widget\" data-e-type=\"widget\" data-widget_type=\"jet-listing-dynamic-link.default\">\n\t\t\t\t<div class=\"elementor-widget-container\">\n\t\t\t\t\t<span class=\"jet-listing jet-listing-dynamic-link\"><a href=\"tel:+34 696 972 652\" class=\"jet-listing-dynamic-link__link\"><i class=\"jet-listing-dynamic-link__icon oi oi-phone\" aria-hidden=\"true\"><\/i><span class=\"jet-listing-dynamic-link__label\">+34 696 972 652<\/span><\/a><\/span>\t\t\t\t<\/div>\n\t\t\t\t<\/div>\n\t\t\t\t\t<\/div>\n\t\t<\/div>\n\t\t\t\t\t<\/div>\n\t\t<\/section>\n\t\t\t\t\t<\/div>\n\t\t<\/div>\n\t\t\t\t<div class=\"elementor-column elementor-col-50 elementor-top-column elementor-element elementor-element-bb24a8e\" data-id=\"bb24a8e\" data-element_type=\"column\" data-e-type=\"column\">\n\t\t\t<div class=\"elementor-widget-wrap elementor-element-populated\">\n\t\t\t\t\t\t<div class=\"elementor-element elementor-element-b78d0e4 elementor-widget elementor-widget-image\" data-id=\"b78d0e4\" data-element_type=\"widget\" data-e-type=\"widget\" data-widget_type=\"image.default\">\n\t\t\t\t<div class=\"elementor-widget-container\">\n\t\t\t\t\t\t\t\t\t\t\t\t\t\t\t\t<a href=\"https:\/\/www.expertservicecar.com\/pt-pt\/taller\/tecniauto-baranain\/\">\n\t\t\t\t\t\t\t<img loading=\"lazy\" decoding=\"async\" width=\"300\" height=\"231\" src=\"https:\/\/www.expertservicecar.com\/wp-content\/uploads\/2021\/06\/baranain-1-300x231.jpg\" class=\"attachment-medium size-medium wp-image-4034\" alt=\"Tecniauto Bara\u00f1ain\" srcset=\"https:\/\/www.expertservicecar.com\/wp-content\/uploads\/2021\/06\/baranain-1-300x231.jpg 300w, https:\/\/www.expertservicecar.com\/wp-content\/uploads\/2021\/06\/baranain-1-768x591.jpg 768w, https:\/\/www.expertservicecar.com\/wp-content\/uploads\/2021\/06\/baranain-1-600x462.jpg 600w, https:\/\/www.expertservicecar.com\/wp-content\/uploads\/2021\/06\/baranain-1.jpg 900w\" sizes=\"(max-width: 300px) 100vw, 300px\" title=\"\">\t\t\t\t\t\t\t\t<\/a>\n\t\t\t\t\t\t\t\t\t\t\t\t\t\t\t<\/div>\n\t\t\t\t<\/div>\n\t\t\t\t\t<\/div>\n\t\t<\/div>\n\t\t\t\t\t<\/div>\n\t\t<\/section>\n\t\t\t\t<\/div>\n\t\t<\/div><div class=\"jet-listing-grid__item jet-listing-dynamic-post-7255 jet-equal-columns\" data-post-id=\"7255\" >\t\t<div data-elementor-type=\"jet-listing-items\" data-elementor-id=\"524\" class=\"elementor elementor-524\" data-elementor-post-type=\"jet-engine\">\n\t\t\t\t\t\t<section class=\"elementor-section elementor-top-section elementor-element elementor-element-ef0c760 elementor-section-content-middle elementor-section-boxed elementor-section-height-default elementor-section-height-default\" data-id=\"ef0c760\" data-element_type=\"section\" data-e-type=\"section\" data-settings=\"{&quot;background_background&quot;:&quot;classic&quot;}\">\n\t\t\t\t\t\t<div class=\"elementor-container elementor-column-gap-default\">\n\t\t\t\t\t<div class=\"elementor-column elementor-col-50 elementor-top-column elementor-element elementor-element-f3770a2\" data-id=\"f3770a2\" data-element_type=\"column\" data-e-type=\"column\">\n\t\t\t<div class=\"elementor-widget-wrap elementor-element-populated\">\n\t\t\t\t\t\t<div class=\"elementor-element elementor-element-6788ee3 elementor-widget__width-auto elementor-widget elementor-widget-theme-post-title elementor-page-title elementor-widget-heading\" data-id=\"6788ee3\" data-element_type=\"widget\" data-e-type=\"widget\" data-widget_type=\"theme-post-title.default\">\n\t\t\t\t<div class=\"elementor-widget-container\">\n\t\t\t\t\t<h5 class=\"elementor-heading-title elementor-size-default\"><a href=\"https:\/\/www.expertservicecar.com\/pt-pt\/taller\/tecno-pombo\/\">Tecno Pombo<\/a><\/h5>\t\t\t\t<\/div>\n\t\t\t\t<\/div>\n\t\t\t\t<section class=\"elementor-section elementor-inner-section elementor-element elementor-element-dcd0ceb elementor-section-boxed elementor-section-height-default elementor-section-height-default\" data-id=\"dcd0ceb\" data-element_type=\"section\" data-e-type=\"section\">\n\t\t\t\t\t\t<div class=\"elementor-container elementor-column-gap-default\">\n\t\t\t\t\t<div class=\"elementor-column elementor-col-100 elementor-inner-column elementor-element elementor-element-aed0068\" data-id=\"aed0068\" data-element_type=\"column\" data-e-type=\"column\">\n\t\t\t<div class=\"elementor-widget-wrap elementor-element-populated\">\n\t\t\t\t\t\t<div class=\"elementor-element elementor-element-601cf1d elementor-widget__width-auto elementor-widget-mobile__width-auto elementor-widget elementor-widget-jet-listing-dynamic-field\" data-id=\"601cf1d\" data-element_type=\"widget\" data-e-type=\"widget\" data-widget_type=\"jet-listing-dynamic-field.default\">\n\t\t\t\t<div class=\"elementor-widget-container\">\n\t\t\t\t\t<div class=\"jet-listing jet-listing-dynamic-field display-inline\"><div class=\"jet-listing-dynamic-field__inline-wrap\"><span class=\"jet-listing-dynamic-field__content\"><p>C. Real, 109,<br \/>\n45593 Bargas, Toledo<\/p>\n<\/span><\/div><\/div>\t\t\t\t<\/div>\n\t\t\t\t<\/div>\n\t\t\t\t<div class=\"elementor-element elementor-element-1898eca elementor-widget elementor-widget-jet-listing-dynamic-link\" data-id=\"1898eca\" data-element_type=\"widget\" data-e-type=\"widget\" data-widget_type=\"jet-listing-dynamic-link.default\">\n\t\t\t\t<div class=\"elementor-widget-container\">\n\t\t\t\t\t<span class=\"jet-listing jet-listing-dynamic-link\"><a href=\"tel:925357010\" class=\"jet-listing-dynamic-link__link\"><i class=\"jet-listing-dynamic-link__icon fas fa-phone-alt\" aria-hidden=\"true\"><\/i><span class=\"jet-listing-dynamic-link__label\">925357010<\/span><\/a><\/span>\t\t\t\t<\/div>\n\t\t\t\t<\/div>\n\t\t\t\t<div class=\"elementor-element elementor-element-0329474 elementor-hidden-phone elementor-widget elementor-widget-jet-listing-dynamic-link\" data-id=\"0329474\" data-element_type=\"widget\" data-e-type=\"widget\" data-widget_type=\"jet-listing-dynamic-link.default\">\n\t\t\t\t<div class=\"elementor-widget-container\">\n\t\t\t\t\t<span class=\"jet-listing jet-listing-dynamic-link\"><a href=\"tel:617943027\" class=\"jet-listing-dynamic-link__link\"><i class=\"jet-listing-dynamic-link__icon oi oi-phone\" aria-hidden=\"true\"><\/i><span class=\"jet-listing-dynamic-link__label\">617943027<\/span><\/a><\/span>\t\t\t\t<\/div>\n\t\t\t\t<\/div>\n\t\t\t\t\t<\/div>\n\t\t<\/div>\n\t\t\t\t\t<\/div>\n\t\t<\/section>\n\t\t\t\t\t<\/div>\n\t\t<\/div>\n\t\t\t\t<div class=\"elementor-column elementor-col-50 elementor-top-column elementor-element elementor-element-bb24a8e\" data-id=\"bb24a8e\" data-element_type=\"column\" data-e-type=\"column\">\n\t\t\t<div class=\"elementor-widget-wrap elementor-element-populated\">\n\t\t\t\t\t\t<div class=\"elementor-element elementor-element-b78d0e4 elementor-widget elementor-widget-image\" data-id=\"b78d0e4\" data-element_type=\"widget\" data-e-type=\"widget\" data-widget_type=\"image.default\">\n\t\t\t\t<div class=\"elementor-widget-container\">\n\t\t\t\t\t\t\t\t\t\t\t\t\t\t\t\t<a href=\"https:\/\/www.expertservicecar.com\/pt-pt\/taller\/tecno-pombo\/\">\n\t\t\t\t\t\t\t<img loading=\"lazy\" decoding=\"async\" width=\"300\" height=\"134\" src=\"https:\/\/www.expertservicecar.com\/wp-content\/uploads\/2024\/01\/Captura-de-pantalla-2024-01-10-093553-300x134.jpg\" class=\"attachment-medium size-medium wp-image-7256\" alt=\"\" srcset=\"https:\/\/www.expertservicecar.com\/wp-content\/uploads\/2024\/01\/Captura-de-pantalla-2024-01-10-093553-300x134.jpg 300w, https:\/\/www.expertservicecar.com\/wp-content\/uploads\/2024\/01\/Captura-de-pantalla-2024-01-10-093553-1024x459.jpg 1024w, https:\/\/www.expertservicecar.com\/wp-content\/uploads\/2024\/01\/Captura-de-pantalla-2024-01-10-093553-768x344.jpg 768w, https:\/\/www.expertservicecar.com\/wp-content\/uploads\/2024\/01\/Captura-de-pantalla-2024-01-10-093553-1536x688.jpg 1536w, https:\/\/www.expertservicecar.com\/wp-content\/uploads\/2024\/01\/Captura-de-pantalla-2024-01-10-093553-600x269.jpg 600w, https:\/\/www.expertservicecar.com\/wp-content\/uploads\/2024\/01\/Captura-de-pantalla-2024-01-10-093553.jpg 1873w\" sizes=\"(max-width: 300px) 100vw, 300px\" title=\"\">\t\t\t\t\t\t\t\t<\/a>\n\t\t\t\t\t\t\t\t\t\t\t\t\t\t\t<\/div>\n\t\t\t\t<\/div>\n\t\t\t\t\t<\/div>\n\t\t<\/div>\n\t\t\t\t\t<\/div>\n\t\t<\/section>\n\t\t\t\t<\/div>\n\t\t<\/div><div class=\"jet-listing-grid__item jet-listing-dynamic-post-3283 jet-equal-columns\" data-post-id=\"3283\" >\t\t<div data-elementor-type=\"jet-listing-items\" data-elementor-id=\"524\" class=\"elementor elementor-524\" data-elementor-post-type=\"jet-engine\">\n\t\t\t\t\t\t<section class=\"elementor-section elementor-top-section elementor-element elementor-element-ef0c760 elementor-section-content-middle elementor-section-boxed elementor-section-height-default elementor-section-height-default\" data-id=\"ef0c760\" data-element_type=\"section\" data-e-type=\"section\" data-settings=\"{&quot;background_background&quot;:&quot;classic&quot;}\">\n\t\t\t\t\t\t<div class=\"elementor-container elementor-column-gap-default\">\n\t\t\t\t\t<div class=\"elementor-column elementor-col-50 elementor-top-column elementor-element elementor-element-f3770a2\" data-id=\"f3770a2\" data-element_type=\"column\" data-e-type=\"column\">\n\t\t\t<div class=\"elementor-widget-wrap elementor-element-populated\">\n\t\t\t\t\t\t<div class=\"elementor-element elementor-element-6788ee3 elementor-widget__width-auto elementor-widget elementor-widget-theme-post-title elementor-page-title elementor-widget-heading\" data-id=\"6788ee3\" data-element_type=\"widget\" data-e-type=\"widget\" data-widget_type=\"theme-post-title.default\">\n\t\t\t\t<div class=\"elementor-widget-container\">\n\t\t\t\t\t<h5 class=\"elementor-heading-title elementor-size-default\"><a href=\"https:\/\/www.expertservicecar.com\/pt-pt\/taller\/tico-guardiola\/\">Tico Guardiola<\/a><\/h5>\t\t\t\t<\/div>\n\t\t\t\t<\/div>\n\t\t\t\t<section class=\"elementor-section elementor-inner-section elementor-element elementor-element-dcd0ceb elementor-section-boxed elementor-section-height-default elementor-section-height-default\" data-id=\"dcd0ceb\" data-element_type=\"section\" data-e-type=\"section\">\n\t\t\t\t\t\t<div class=\"elementor-container elementor-column-gap-default\">\n\t\t\t\t\t<div class=\"elementor-column elementor-col-100 elementor-inner-column elementor-element elementor-element-aed0068\" data-id=\"aed0068\" data-element_type=\"column\" data-e-type=\"column\">\n\t\t\t<div class=\"elementor-widget-wrap elementor-element-populated\">\n\t\t\t\t\t\t<div class=\"elementor-element elementor-element-601cf1d elementor-widget__width-auto elementor-widget-mobile__width-auto elementor-widget elementor-widget-jet-listing-dynamic-field\" data-id=\"601cf1d\" data-element_type=\"widget\" data-e-type=\"widget\" data-widget_type=\"jet-listing-dynamic-field.default\">\n\t\t\t\t<div class=\"elementor-widget-container\">\n\t\t\t\t\t<div class=\"jet-listing jet-listing-dynamic-field display-inline\"><div class=\"jet-listing-dynamic-field__inline-wrap\"><span class=\"jet-listing-dynamic-field__content\"><p>Avinguda de Benic\u00e0ssim, 16<br \/>\n12004 Castell\u00f3 de la Plana<br \/>\nCastell\u00f3<\/p>\n<\/span><\/div><\/div>\t\t\t\t<\/div>\n\t\t\t\t<\/div>\n\t\t\t\t<div class=\"elementor-element elementor-element-1898eca elementor-widget elementor-widget-jet-listing-dynamic-link\" data-id=\"1898eca\" data-element_type=\"widget\" data-e-type=\"widget\" data-widget_type=\"jet-listing-dynamic-link.default\">\n\t\t\t\t<div class=\"elementor-widget-container\">\n\t\t\t\t\t<span class=\"jet-listing jet-listing-dynamic-link\"><a href=\"tel:+34 96 4257337\" class=\"jet-listing-dynamic-link__link\"><i class=\"jet-listing-dynamic-link__icon fas fa-phone-alt\" aria-hidden=\"true\"><\/i><span class=\"jet-listing-dynamic-link__label\">+34 96 4257337<\/span><\/a><\/span>\t\t\t\t<\/div>\n\t\t\t\t<\/div>\n\t\t\t\t\t<\/div>\n\t\t<\/div>\n\t\t\t\t\t<\/div>\n\t\t<\/section>\n\t\t\t\t\t<\/div>\n\t\t<\/div>\n\t\t\t\t<div class=\"elementor-column elementor-col-50 elementor-top-column elementor-element elementor-element-bb24a8e\" data-id=\"bb24a8e\" data-element_type=\"column\" data-e-type=\"column\">\n\t\t\t<div class=\"elementor-widget-wrap elementor-element-populated\">\n\t\t\t\t\t\t<div class=\"elementor-element elementor-element-b78d0e4 elementor-widget elementor-widget-image\" data-id=\"b78d0e4\" data-element_type=\"widget\" data-e-type=\"widget\" data-widget_type=\"image.default\">\n\t\t\t\t<div class=\"elementor-widget-container\">\n\t\t\t\t\t\t\t\t\t\t\t\t\t\t\t\t<a href=\"https:\/\/www.expertservicecar.com\/pt-pt\/taller\/tico-guardiola\/\">\n\t\t\t\t\t\t\t<img loading=\"lazy\" decoding=\"async\" width=\"300\" height=\"231\" src=\"https:\/\/www.expertservicecar.com\/wp-content\/uploads\/2021\/06\/tico-guardiola-01-300x231.jpg\" class=\"attachment-medium size-medium wp-image-3284\" alt=\"Tico Guardiola\" srcset=\"https:\/\/www.expertservicecar.com\/wp-content\/uploads\/2021\/06\/tico-guardiola-01-300x231.jpg 300w, https:\/\/www.expertservicecar.com\/wp-content\/uploads\/2021\/06\/tico-guardiola-01-768x591.jpg 768w, https:\/\/www.expertservicecar.com\/wp-content\/uploads\/2021\/06\/tico-guardiola-01-600x462.jpg 600w, https:\/\/www.expertservicecar.com\/wp-content\/uploads\/2021\/06\/tico-guardiola-01.jpg 900w\" sizes=\"(max-width: 300px) 100vw, 300px\" title=\"\">\t\t\t\t\t\t\t\t<\/a>\n\t\t\t\t\t\t\t\t\t\t\t\t\t\t\t<\/div>\n\t\t\t\t<\/div>\n\t\t\t\t\t<\/div>\n\t\t<\/div>\n\t\t\t\t\t<\/div>\n\t\t<\/section>\n\t\t\t\t<\/div>\n\t\t<\/div><div class=\"jet-listing-grid__item jet-listing-dynamic-post-7281 jet-equal-columns\" data-post-id=\"7281\" >\t\t<div data-elementor-type=\"jet-listing-items\" data-elementor-id=\"524\" class=\"elementor elementor-524\" data-elementor-post-type=\"jet-engine\">\n\t\t\t\t\t\t<section class=\"elementor-section elementor-top-section elementor-element elementor-element-ef0c760 elementor-section-content-middle elementor-section-boxed elementor-section-height-default elementor-section-height-default\" data-id=\"ef0c760\" data-element_type=\"section\" data-e-type=\"section\" data-settings=\"{&quot;background_background&quot;:&quot;classic&quot;}\">\n\t\t\t\t\t\t<div class=\"elementor-container elementor-column-gap-default\">\n\t\t\t\t\t<div class=\"elementor-column elementor-col-50 elementor-top-column elementor-element elementor-element-f3770a2\" data-id=\"f3770a2\" data-element_type=\"column\" data-e-type=\"column\">\n\t\t\t<div class=\"elementor-widget-wrap elementor-element-populated\">\n\t\t\t\t\t\t<div class=\"elementor-element elementor-element-6788ee3 elementor-widget__width-auto elementor-widget elementor-widget-theme-post-title elementor-page-title elementor-widget-heading\" data-id=\"6788ee3\" data-element_type=\"widget\" data-e-type=\"widget\" data-widget_type=\"theme-post-title.default\">\n\t\t\t\t<div class=\"elementor-widget-container\">\n\t\t\t\t\t<h5 class=\"elementor-heading-title elementor-size-default\"><a href=\"https:\/\/www.expertservicecar.com\/pt-pt\/taller\/tj-automocio-i-reparacio-s-l\/\">TJ AUTOMOCIO I REPARACIO, S.L.<\/a><\/h5>\t\t\t\t<\/div>\n\t\t\t\t<\/div>\n\t\t\t\t<section class=\"elementor-section elementor-inner-section elementor-element elementor-element-dcd0ceb elementor-section-boxed elementor-section-height-default elementor-section-height-default\" data-id=\"dcd0ceb\" data-element_type=\"section\" data-e-type=\"section\">\n\t\t\t\t\t\t<div class=\"elementor-container elementor-column-gap-default\">\n\t\t\t\t\t<div class=\"elementor-column elementor-col-100 elementor-inner-column elementor-element elementor-element-aed0068\" data-id=\"aed0068\" data-element_type=\"column\" data-e-type=\"column\">\n\t\t\t<div class=\"elementor-widget-wrap elementor-element-populated\">\n\t\t\t\t\t\t<div class=\"elementor-element elementor-element-601cf1d elementor-widget__width-auto elementor-widget-mobile__width-auto elementor-widget elementor-widget-jet-listing-dynamic-field\" data-id=\"601cf1d\" data-element_type=\"widget\" data-e-type=\"widget\" data-widget_type=\"jet-listing-dynamic-field.default\">\n\t\t\t\t<div class=\"elementor-widget-container\">\n\t\t\t\t\t<div class=\"jet-listing jet-listing-dynamic-field display-inline\"><div class=\"jet-listing-dynamic-field__inline-wrap\"><span class=\"jet-listing-dynamic-field__content\"><p>Carrer Ribera del Congost, 4,<br \/>\n08520 Corr\u00f3 d'Avall, Barcelona<\/p>\n<\/span><\/div><\/div>\t\t\t\t<\/div>\n\t\t\t\t<\/div>\n\t\t\t\t<div class=\"elementor-element elementor-element-1898eca elementor-widget elementor-widget-jet-listing-dynamic-link\" data-id=\"1898eca\" data-element_type=\"widget\" data-e-type=\"widget\" data-widget_type=\"jet-listing-dynamic-link.default\">\n\t\t\t\t<div class=\"elementor-widget-container\">\n\t\t\t\t\t<span class=\"jet-listing jet-listing-dynamic-link\"><a href=\"tel:938497436\" class=\"jet-listing-dynamic-link__link\"><i class=\"jet-listing-dynamic-link__icon fas fa-phone-alt\" aria-hidden=\"true\"><\/i><span class=\"jet-listing-dynamic-link__label\">938497436<\/span><\/a><\/span>\t\t\t\t<\/div>\n\t\t\t\t<\/div>\n\t\t\t\t<div class=\"elementor-element elementor-element-0329474 elementor-hidden-phone elementor-widget elementor-widget-jet-listing-dynamic-link\" data-id=\"0329474\" data-element_type=\"widget\" data-e-type=\"widget\" data-widget_type=\"jet-listing-dynamic-link.default\">\n\t\t\t\t<div class=\"elementor-widget-container\">\n\t\t\t\t\t<span class=\"jet-listing jet-listing-dynamic-link\"><a href=\"tel:695155922\" class=\"jet-listing-dynamic-link__link\"><i class=\"jet-listing-dynamic-link__icon oi oi-phone\" aria-hidden=\"true\"><\/i><span class=\"jet-listing-dynamic-link__label\">695155922<\/span><\/a><\/span>\t\t\t\t<\/div>\n\t\t\t\t<\/div>\n\t\t\t\t\t<\/div>\n\t\t<\/div>\n\t\t\t\t\t<\/div>\n\t\t<\/section>\n\t\t\t\t\t<\/div>\n\t\t<\/div>\n\t\t\t\t<div class=\"elementor-column elementor-col-50 elementor-top-column elementor-element elementor-element-bb24a8e\" data-id=\"bb24a8e\" data-element_type=\"column\" data-e-type=\"column\">\n\t\t\t<div class=\"elementor-widget-wrap elementor-element-populated\">\n\t\t\t\t\t\t\t<\/div>\n\t\t<\/div>\n\t\t\t\t\t<\/div>\n\t\t<\/section>\n\t\t\t\t<\/div>\n\t\t<\/div><div class=\"jet-listing-grid__item jet-listing-dynamic-post-3291 jet-equal-columns\" data-post-id=\"3291\" >\t\t<div data-elementor-type=\"jet-listing-items\" data-elementor-id=\"524\" class=\"elementor elementor-524\" data-elementor-post-type=\"jet-engine\">\n\t\t\t\t\t\t<section class=\"elementor-section elementor-top-section elementor-element elementor-element-ef0c760 elementor-section-content-middle elementor-section-boxed elementor-section-height-default elementor-section-height-default\" data-id=\"ef0c760\" data-element_type=\"section\" data-e-type=\"section\" data-settings=\"{&quot;background_background&quot;:&quot;classic&quot;}\">\n\t\t\t\t\t\t<div class=\"elementor-container elementor-column-gap-default\">\n\t\t\t\t\t<div class=\"elementor-column elementor-col-50 elementor-top-column elementor-element elementor-element-f3770a2\" data-id=\"f3770a2\" data-element_type=\"column\" data-e-type=\"column\">\n\t\t\t<div class=\"elementor-widget-wrap elementor-element-populated\">\n\t\t\t\t\t\t<div class=\"elementor-element elementor-element-6788ee3 elementor-widget__width-auto elementor-widget elementor-widget-theme-post-title elementor-page-title elementor-widget-heading\" data-id=\"6788ee3\" data-element_type=\"widget\" data-e-type=\"widget\" data-widget_type=\"theme-post-title.default\">\n\t\t\t\t<div class=\"elementor-widget-container\">\n\t\t\t\t\t<h5 class=\"elementor-heading-title elementor-size-default\"><a href=\"https:\/\/www.expertservicecar.com\/pt-pt\/taller\/vall-dalba-motor\/\">Vall d&#8217;Alba Motor<\/a><\/h5>\t\t\t\t<\/div>\n\t\t\t\t<\/div>\n\t\t\t\t<section class=\"elementor-section elementor-inner-section elementor-element elementor-element-dcd0ceb elementor-section-boxed elementor-section-height-default elementor-section-height-default\" data-id=\"dcd0ceb\" data-element_type=\"section\" data-e-type=\"section\">\n\t\t\t\t\t\t<div class=\"elementor-container elementor-column-gap-default\">\n\t\t\t\t\t<div class=\"elementor-column elementor-col-100 elementor-inner-column elementor-element elementor-element-aed0068\" data-id=\"aed0068\" data-element_type=\"column\" data-e-type=\"column\">\n\t\t\t<div class=\"elementor-widget-wrap elementor-element-populated\">\n\t\t\t\t\t\t<div class=\"elementor-element elementor-element-601cf1d elementor-widget__width-auto elementor-widget-mobile__width-auto elementor-widget elementor-widget-jet-listing-dynamic-field\" data-id=\"601cf1d\" data-element_type=\"widget\" data-e-type=\"widget\" data-widget_type=\"jet-listing-dynamic-field.default\">\n\t\t\t\t<div class=\"elementor-widget-container\">\n\t\t\t\t\t<div class=\"jet-listing jet-listing-dynamic-field display-inline\"><div class=\"jet-listing-dynamic-field__inline-wrap\"><span class=\"jet-listing-dynamic-field__content\"><p>Av. Vilafranca, 68<br \/>\n12194 La Vall d'Alba<br \/>\nCastell\u00f3n<\/p>\n<\/span><\/div><\/div>\t\t\t\t<\/div>\n\t\t\t\t<\/div>\n\t\t\t\t<div class=\"elementor-element elementor-element-1898eca elementor-widget elementor-widget-jet-listing-dynamic-link\" data-id=\"1898eca\" data-element_type=\"widget\" data-e-type=\"widget\" data-widget_type=\"jet-listing-dynamic-link.default\">\n\t\t\t\t<div class=\"elementor-widget-container\">\n\t\t\t\t\t<span class=\"jet-listing jet-listing-dynamic-link\"><a href=\"tel:+34 96 4320036\" class=\"jet-listing-dynamic-link__link\"><i class=\"jet-listing-dynamic-link__icon fas fa-phone-alt\" aria-hidden=\"true\"><\/i><span class=\"jet-listing-dynamic-link__label\">+34 96 4320036<\/span><\/a><\/span>\t\t\t\t<\/div>\n\t\t\t\t<\/div>\n\t\t\t\t\t<\/div>\n\t\t<\/div>\n\t\t\t\t\t<\/div>\n\t\t<\/section>\n\t\t\t\t\t<\/div>\n\t\t<\/div>\n\t\t\t\t<div class=\"elementor-column elementor-col-50 elementor-top-column elementor-element elementor-element-bb24a8e\" data-id=\"bb24a8e\" data-element_type=\"column\" data-e-type=\"column\">\n\t\t\t<div class=\"elementor-widget-wrap elementor-element-populated\">\n\t\t\t\t\t\t<div class=\"elementor-element elementor-element-b78d0e4 elementor-widget elementor-widget-image\" data-id=\"b78d0e4\" data-element_type=\"widget\" data-e-type=\"widget\" data-widget_type=\"image.default\">\n\t\t\t\t<div class=\"elementor-widget-container\">\n\t\t\t\t\t\t\t\t\t\t\t\t\t\t\t\t<a href=\"https:\/\/www.expertservicecar.com\/pt-pt\/taller\/vall-dalba-motor\/\">\n\t\t\t\t\t\t\t<img loading=\"lazy\" decoding=\"async\" width=\"300\" height=\"231\" src=\"https:\/\/www.expertservicecar.com\/wp-content\/uploads\/2021\/06\/vall-alba-motor-300x231.jpg\" class=\"attachment-medium size-medium wp-image-3292\" alt=\"Vall d&#039;Alba Motor\" srcset=\"https:\/\/www.expertservicecar.com\/wp-content\/uploads\/2021\/06\/vall-alba-motor-300x231.jpg 300w, https:\/\/www.expertservicecar.com\/wp-content\/uploads\/2021\/06\/vall-alba-motor-768x591.jpg 768w, https:\/\/www.expertservicecar.com\/wp-content\/uploads\/2021\/06\/vall-alba-motor-600x462.jpg 600w, https:\/\/www.expertservicecar.com\/wp-content\/uploads\/2021\/06\/vall-alba-motor.jpg 900w\" sizes=\"(max-width: 300px) 100vw, 300px\" title=\"\">\t\t\t\t\t\t\t\t<\/a>\n\t\t\t\t\t\t\t\t\t\t\t\t\t\t\t<\/div>\n\t\t\t\t<\/div>\n\t\t\t\t\t<\/div>\n\t\t<\/div>\n\t\t\t\t\t<\/div>\n\t\t<\/section>\n\t\t\t\t<\/div>\n\t\t<\/div><div class=\"jet-listing-grid__item jet-listing-dynamic-post-1191 jet-equal-columns\" data-post-id=\"1191\" >\t\t<div data-elementor-type=\"jet-listing-items\" data-elementor-id=\"524\" class=\"elementor elementor-524\" data-elementor-post-type=\"jet-engine\">\n\t\t\t\t\t\t<section class=\"elementor-section elementor-top-section elementor-element elementor-element-ef0c760 elementor-section-content-middle elementor-section-boxed elementor-section-height-default elementor-section-height-default\" data-id=\"ef0c760\" data-element_type=\"section\" data-e-type=\"section\" data-settings=\"{&quot;background_background&quot;:&quot;classic&quot;}\">\n\t\t\t\t\t\t<div class=\"elementor-container elementor-column-gap-default\">\n\t\t\t\t\t<div class=\"elementor-column elementor-col-50 elementor-top-column elementor-element elementor-element-f3770a2\" data-id=\"f3770a2\" data-element_type=\"column\" data-e-type=\"column\">\n\t\t\t<div class=\"elementor-widget-wrap elementor-element-populated\">\n\t\t\t\t\t\t<div class=\"elementor-element elementor-element-6788ee3 elementor-widget__width-auto elementor-widget elementor-widget-theme-post-title elementor-page-title elementor-widget-heading\" data-id=\"6788ee3\" data-element_type=\"widget\" data-e-type=\"widget\" data-widget_type=\"theme-post-title.default\">\n\t\t\t\t<div class=\"elementor-widget-container\">\n\t\t\t\t\t<h5 class=\"elementor-heading-title elementor-size-default\"><a href=\"https:\/\/www.expertservicecar.com\/pt-pt\/taller\/vise-sport\/\">Vise Sport<\/a><\/h5>\t\t\t\t<\/div>\n\t\t\t\t<\/div>\n\t\t\t\t<section class=\"elementor-section elementor-inner-section elementor-element elementor-element-dcd0ceb elementor-section-boxed elementor-section-height-default elementor-section-height-default\" data-id=\"dcd0ceb\" data-element_type=\"section\" data-e-type=\"section\">\n\t\t\t\t\t\t<div class=\"elementor-container elementor-column-gap-default\">\n\t\t\t\t\t<div class=\"elementor-column elementor-col-100 elementor-inner-column elementor-element elementor-element-aed0068\" data-id=\"aed0068\" data-element_type=\"column\" data-e-type=\"column\">\n\t\t\t<div class=\"elementor-widget-wrap elementor-element-populated\">\n\t\t\t\t\t\t<div class=\"elementor-element elementor-element-601cf1d elementor-widget__width-auto elementor-widget-mobile__width-auto elementor-widget elementor-widget-jet-listing-dynamic-field\" data-id=\"601cf1d\" data-element_type=\"widget\" data-e-type=\"widget\" data-widget_type=\"jet-listing-dynamic-field.default\">\n\t\t\t\t<div class=\"elementor-widget-container\">\n\t\t\t\t\t<div class=\"jet-listing jet-listing-dynamic-field display-inline\"><div class=\"jet-listing-dynamic-field__inline-wrap\"><span class=\"jet-listing-dynamic-field__content\"><p>Rua Os Bat\u00e1ns, 10, Bajo<br \/>\n15220 Bertamir\u00e1ns<br \/>\nA Coru\u00f1a<\/p>\n<\/span><\/div><\/div>\t\t\t\t<\/div>\n\t\t\t\t<\/div>\n\t\t\t\t<div class=\"elementor-element elementor-element-1898eca elementor-widget elementor-widget-jet-listing-dynamic-link\" data-id=\"1898eca\" data-element_type=\"widget\" data-e-type=\"widget\" data-widget_type=\"jet-listing-dynamic-link.default\">\n\t\t\t\t<div class=\"elementor-widget-container\">\n\t\t\t\t\t<span class=\"jet-listing jet-listing-dynamic-link\"><a href=\"tel:+34 981 884818\" class=\"jet-listing-dynamic-link__link\"><i class=\"jet-listing-dynamic-link__icon fas fa-phone-alt\" aria-hidden=\"true\"><\/i><span class=\"jet-listing-dynamic-link__label\">+34 981 884818<\/span><\/a><\/span>\t\t\t\t<\/div>\n\t\t\t\t<\/div>\n\t\t\t\t\t<\/div>\n\t\t<\/div>\n\t\t\t\t\t<\/div>\n\t\t<\/section>\n\t\t\t\t\t<\/div>\n\t\t<\/div>\n\t\t\t\t<div class=\"elementor-column elementor-col-50 elementor-top-column elementor-element elementor-element-bb24a8e\" data-id=\"bb24a8e\" data-element_type=\"column\" data-e-type=\"column\">\n\t\t\t<div class=\"elementor-widget-wrap elementor-element-populated\">\n\t\t\t\t\t\t<div class=\"elementor-element elementor-element-b78d0e4 elementor-widget elementor-widget-image\" data-id=\"b78d0e4\" data-element_type=\"widget\" data-e-type=\"widget\" data-widget_type=\"image.default\">\n\t\t\t\t<div class=\"elementor-widget-container\">\n\t\t\t\t\t\t\t\t\t\t\t\t\t\t\t\t<a href=\"https:\/\/www.expertservicecar.com\/pt-pt\/taller\/vise-sport\/\">\n\t\t\t\t\t\t\t<img loading=\"lazy\" decoding=\"async\" width=\"300\" height=\"231\" src=\"https:\/\/www.expertservicecar.com\/wp-content\/uploads\/2021\/04\/vise-sport-300x231.jpg\" class=\"attachment-medium size-medium wp-image-1192\" alt=\"Vise Sport\" srcset=\"https:\/\/www.expertservicecar.com\/wp-content\/uploads\/2021\/04\/vise-sport-300x231.jpg 300w, https:\/\/www.expertservicecar.com\/wp-content\/uploads\/2021\/04\/vise-sport-768x591.jpg 768w, https:\/\/www.expertservicecar.com\/wp-content\/uploads\/2021\/04\/vise-sport.jpg 900w\" sizes=\"(max-width: 300px) 100vw, 300px\" title=\"\">\t\t\t\t\t\t\t\t<\/a>\n\t\t\t\t\t\t\t\t\t\t\t\t\t\t\t<\/div>\n\t\t\t\t<\/div>\n\t\t\t\t\t<\/div>\n\t\t<\/div>\n\t\t\t\t\t<\/div>\n\t\t<\/section>\n\t\t\t\t<\/div>\n\t\t<\/div><div class=\"jet-listing-grid__item jet-listing-dynamic-post-3708 jet-equal-columns\" data-post-id=\"3708\" >\t\t<div data-elementor-type=\"jet-listing-items\" data-elementor-id=\"524\" class=\"elementor elementor-524\" data-elementor-post-type=\"jet-engine\">\n\t\t\t\t\t\t<section class=\"elementor-section elementor-top-section elementor-element elementor-element-ef0c760 elementor-section-content-middle elementor-section-boxed elementor-section-height-default elementor-section-height-default\" data-id=\"ef0c760\" data-element_type=\"section\" data-e-type=\"section\" data-settings=\"{&quot;background_background&quot;:&quot;classic&quot;}\">\n\t\t\t\t\t\t<div class=\"elementor-container elementor-column-gap-default\">\n\t\t\t\t\t<div class=\"elementor-column elementor-col-50 elementor-top-column elementor-element elementor-element-f3770a2\" data-id=\"f3770a2\" data-element_type=\"column\" data-e-type=\"column\">\n\t\t\t<div class=\"elementor-widget-wrap elementor-element-populated\">\n\t\t\t\t\t\t<div class=\"elementor-element elementor-element-6788ee3 elementor-widget__width-auto elementor-widget elementor-widget-theme-post-title elementor-page-title elementor-widget-heading\" data-id=\"6788ee3\" data-element_type=\"widget\" data-e-type=\"widget\" data-widget_type=\"theme-post-title.default\">\n\t\t\t\t<div class=\"elementor-widget-container\">\n\t\t\t\t\t<h5 class=\"elementor-heading-title elementor-size-default\"><a href=\"https:\/\/www.expertservicecar.com\/pt-pt\/taller\/xapa-i-pintura-gerard\/\">Xapa i Pintura Gerard<\/a><\/h5>\t\t\t\t<\/div>\n\t\t\t\t<\/div>\n\t\t\t\t<section class=\"elementor-section elementor-inner-section elementor-element elementor-element-dcd0ceb elementor-section-boxed elementor-section-height-default elementor-section-height-default\" data-id=\"dcd0ceb\" data-element_type=\"section\" data-e-type=\"section\">\n\t\t\t\t\t\t<div class=\"elementor-container elementor-column-gap-default\">\n\t\t\t\t\t<div class=\"elementor-column elementor-col-100 elementor-inner-column elementor-element elementor-element-aed0068\" data-id=\"aed0068\" data-element_type=\"column\" data-e-type=\"column\">\n\t\t\t<div class=\"elementor-widget-wrap elementor-element-populated\">\n\t\t\t\t\t\t<div class=\"elementor-element elementor-element-601cf1d elementor-widget__width-auto elementor-widget-mobile__width-auto elementor-widget elementor-widget-jet-listing-dynamic-field\" data-id=\"601cf1d\" data-element_type=\"widget\" data-e-type=\"widget\" data-widget_type=\"jet-listing-dynamic-field.default\">\n\t\t\t\t<div class=\"elementor-widget-container\">\n\t\t\t\t\t<div class=\"jet-listing jet-listing-dynamic-field display-inline\"><div class=\"jet-listing-dynamic-field__inline-wrap\"><span class=\"jet-listing-dynamic-field__content\"><p>Carrer Can\u00e0ries, 25<br \/>\n43870 Amposta<br \/>\nTarragona<\/p>\n<\/span><\/div><\/div>\t\t\t\t<\/div>\n\t\t\t\t<\/div>\n\t\t\t\t<div class=\"elementor-element elementor-element-1898eca elementor-widget elementor-widget-jet-listing-dynamic-link\" data-id=\"1898eca\" data-element_type=\"widget\" data-e-type=\"widget\" data-widget_type=\"jet-listing-dynamic-link.default\">\n\t\t\t\t<div class=\"elementor-widget-container\">\n\t\t\t\t\t<span class=\"jet-listing jet-listing-dynamic-link\"><a href=\"tel:+34 977 704248\" class=\"jet-listing-dynamic-link__link\"><i class=\"jet-listing-dynamic-link__icon fas fa-phone-alt\" aria-hidden=\"true\"><\/i><span class=\"jet-listing-dynamic-link__label\">+34 977 704248<\/span><\/a><\/span>\t\t\t\t<\/div>\n\t\t\t\t<\/div>\n\t\t\t\t\t<\/div>\n\t\t<\/div>\n\t\t\t\t\t<\/div>\n\t\t<\/section>\n\t\t\t\t\t<\/div>\n\t\t<\/div>\n\t\t\t\t<div class=\"elementor-column elementor-col-50 elementor-top-column elementor-element elementor-element-bb24a8e\" data-id=\"bb24a8e\" data-element_type=\"column\" data-e-type=\"column\">\n\t\t\t<div class=\"elementor-widget-wrap elementor-element-populated\">\n\t\t\t\t\t\t\t<\/div>\n\t\t<\/div>\n\t\t\t\t\t<\/div>\n\t\t<\/section>\n\t\t\t\t<\/div>\n\t\t<\/div><div class=\"jet-listing-grid__item jet-listing-dynamic-post-5505 jet-equal-columns\" data-post-id=\"5505\" >\t\t<div data-elementor-type=\"jet-listing-items\" data-elementor-id=\"524\" class=\"elementor elementor-524\" data-elementor-post-type=\"jet-engine\">\n\t\t\t\t\t\t<section class=\"elementor-section elementor-top-section elementor-element elementor-element-ef0c760 elementor-section-content-middle elementor-section-boxed elementor-section-height-default elementor-section-height-default\" data-id=\"ef0c760\" data-element_type=\"section\" data-e-type=\"section\" data-settings=\"{&quot;background_background&quot;:&quot;classic&quot;}\">\n\t\t\t\t\t\t<div class=\"elementor-container elementor-column-gap-default\">\n\t\t\t\t\t<div class=\"elementor-column elementor-col-50 elementor-top-column elementor-element elementor-element-f3770a2\" data-id=\"f3770a2\" data-element_type=\"column\" data-e-type=\"column\">\n\t\t\t<div class=\"elementor-widget-wrap elementor-element-populated\">\n\t\t\t\t\t\t<div class=\"elementor-element elementor-element-6788ee3 elementor-widget__width-auto elementor-widget elementor-widget-theme-post-title elementor-page-title elementor-widget-heading\" data-id=\"6788ee3\" data-element_type=\"widget\" data-e-type=\"widget\" data-widget_type=\"theme-post-title.default\">\n\t\t\t\t<div class=\"elementor-widget-container\">\n\t\t\t\t\t<h5 class=\"elementor-heading-title elementor-size-default\"><a href=\"https:\/\/www.expertservicecar.com\/pt-pt\/taller\/your-car-mar-menor\/\">Your Car Mar Menor<\/a><\/h5>\t\t\t\t<\/div>\n\t\t\t\t<\/div>\n\t\t\t\t<section class=\"elementor-section elementor-inner-section elementor-element elementor-element-dcd0ceb elementor-section-boxed elementor-section-height-default elementor-section-height-default\" data-id=\"dcd0ceb\" data-element_type=\"section\" data-e-type=\"section\">\n\t\t\t\t\t\t<div class=\"elementor-container elementor-column-gap-default\">\n\t\t\t\t\t<div class=\"elementor-column elementor-col-100 elementor-inner-column elementor-element elementor-element-aed0068\" data-id=\"aed0068\" data-element_type=\"column\" data-e-type=\"column\">\n\t\t\t<div class=\"elementor-widget-wrap elementor-element-populated\">\n\t\t\t\t\t\t<div class=\"elementor-element elementor-element-601cf1d elementor-widget__width-auto elementor-widget-mobile__width-auto elementor-widget elementor-widget-jet-listing-dynamic-field\" data-id=\"601cf1d\" data-element_type=\"widget\" data-e-type=\"widget\" data-widget_type=\"jet-listing-dynamic-field.default\">\n\t\t\t\t<div class=\"elementor-widget-container\">\n\t\t\t\t\t<div class=\"jet-listing jet-listing-dynamic-field display-inline\"><div class=\"jet-listing-dynamic-field__inline-wrap\"><span class=\"jet-listing-dynamic-field__content\"><p>Av. Juan Carlos I, 130,<br \/>\n30700 Torre-Pacheco,<br \/>\nMurcia<\/p>\n<\/span><\/div><\/div>\t\t\t\t<\/div>\n\t\t\t\t<\/div>\n\t\t\t\t<div class=\"elementor-element elementor-element-1898eca elementor-widget elementor-widget-jet-listing-dynamic-link\" data-id=\"1898eca\" data-element_type=\"widget\" data-e-type=\"widget\" data-widget_type=\"jet-listing-dynamic-link.default\">\n\t\t\t\t<div class=\"elementor-widget-container\">\n\t\t\t\t\t<span class=\"jet-listing jet-listing-dynamic-link\"><a href=\"tel:968579521\" class=\"jet-listing-dynamic-link__link\"><i class=\"jet-listing-dynamic-link__icon fas fa-phone-alt\" aria-hidden=\"true\"><\/i><span class=\"jet-listing-dynamic-link__label\">968579521<\/span><\/a><\/span>\t\t\t\t<\/div>\n\t\t\t\t<\/div>\n\t\t\t\t<div class=\"elementor-element elementor-element-0329474 elementor-hidden-phone elementor-widget elementor-widget-jet-listing-dynamic-link\" data-id=\"0329474\" data-element_type=\"widget\" data-e-type=\"widget\" data-widget_type=\"jet-listing-dynamic-link.default\">\n\t\t\t\t<div class=\"elementor-widget-container\">\n\t\t\t\t\t<span class=\"jet-listing jet-listing-dynamic-link\"><a href=\"tel:678987668\" class=\"jet-listing-dynamic-link__link\"><i class=\"jet-listing-dynamic-link__icon oi oi-phone\" aria-hidden=\"true\"><\/i><span class=\"jet-listing-dynamic-link__label\">678987668<\/span><\/a><\/span>\t\t\t\t<\/div>\n\t\t\t\t<\/div>\n\t\t\t\t\t<\/div>\n\t\t<\/div>\n\t\t\t\t\t<\/div>\n\t\t<\/section>\n\t\t\t\t\t<\/div>\n\t\t<\/div>\n\t\t\t\t<div class=\"elementor-column elementor-col-50 elementor-top-column elementor-element elementor-element-bb24a8e\" data-id=\"bb24a8e\" data-element_type=\"column\" data-e-type=\"column\">\n\t\t\t<div class=\"elementor-widget-wrap elementor-element-populated\">\n\t\t\t\t\t\t<div class=\"elementor-element elementor-element-b78d0e4 elementor-widget elementor-widget-image\" data-id=\"b78d0e4\" data-element_type=\"widget\" data-e-type=\"widget\" data-widget_type=\"image.default\">\n\t\t\t\t<div class=\"elementor-widget-container\">\n\t\t\t\t\t\t\t\t\t\t\t\t\t\t\t\t<a href=\"https:\/\/www.expertservicecar.com\/pt-pt\/taller\/your-car-mar-menor\/\">\n\t\t\t\t\t\t\t<img loading=\"lazy\" decoding=\"async\" width=\"300\" height=\"231\" src=\"https:\/\/www.expertservicecar.com\/wp-content\/uploads\/2021\/08\/exterior_1924_your_car_mar_menor_a_ext_esc_original-1-300x231.jpg\" class=\"attachment-medium size-medium wp-image-5602\" alt=\"\" srcset=\"https:\/\/www.expertservicecar.com\/wp-content\/uploads\/2021\/08\/exterior_1924_your_car_mar_menor_a_ext_esc_original-1-300x231.jpg 300w, https:\/\/www.expertservicecar.com\/wp-content\/uploads\/2021\/08\/exterior_1924_your_car_mar_menor_a_ext_esc_original-1-1024x789.jpg 1024w, https:\/\/www.expertservicecar.com\/wp-content\/uploads\/2021\/08\/exterior_1924_your_car_mar_menor_a_ext_esc_original-1-768x592.jpg 768w, https:\/\/www.expertservicecar.com\/wp-content\/uploads\/2021\/08\/exterior_1924_your_car_mar_menor_a_ext_esc_original-1-1536x1183.jpg 1536w, https:\/\/www.expertservicecar.com\/wp-content\/uploads\/2021\/08\/exterior_1924_your_car_mar_menor_a_ext_esc_original-1-600x462.jpg 600w, https:\/\/www.expertservicecar.com\/wp-content\/uploads\/2021\/08\/exterior_1924_your_car_mar_menor_a_ext_esc_original-1.jpg 1994w\" sizes=\"(max-width: 300px) 100vw, 300px\" title=\"\">\t\t\t\t\t\t\t\t<\/a>\n\t\t\t\t\t\t\t\t\t\t\t\t\t\t\t<\/div>\n\t\t\t\t<\/div>\n\t\t\t\t\t<\/div>\n\t\t<\/div>\n\t\t\t\t\t<\/div>\n\t\t<\/section>\n\t\t\t\t<\/div>\n\t\t<\/div><\/div><\/div>\t\t\t\t<\/div>\n\t\t\t\t<\/div>\n\t\t\t\t\t<\/div>\n\t\t<\/div>\n\t\t\t\t<div class=\"elementor-column elementor-col-50 elementor-top-column elementor-element elementor-element-c68fbf4\" data-id=\"c68fbf4\" data-element_type=\"column\" data-e-type=\"column\">\n\t\t\t<div class=\"elementor-widget-wrap elementor-element-populated\">\n\t\t\t\t\t\t<div class=\"elementor-element elementor-element-29ec7dc elementor-widget elementor-widget-jet-engine-maps-listing\" data-id=\"29ec7dc\" data-element_type=\"widget\" data-e-type=\"widget\" data-widget_type=\"jet-engine-maps-listing.default\">\n\t\t\t\t<div class=\"elementor-widget-container\">\n\t\t\t\t\t<div class=\"jet-map-listing jet-listing-grid--1100 popup-has-pin google-provider\" data-init=\"{&quot;zoomControl&quot;:true,&quot;fullscreenControl&quot;:true,&quot;streetViewControl&quot;:true,&quot;mapTypeControl&quot;:false}\" data-markers=\"[{&quot;id&quot;:8121,&quot;latLang&quot;:{&quot;lat&quot;:38.6551181,&quot;lng&quot;:-27.2142429},&quot;label&quot;:false,&quot;custom_marker&quot;:false,&quot;geo_query_distance&quot;:-1},{&quot;id&quot;:7962,&quot;latLang&quot;:{&quot;lat&quot;:41.762058800000005,&quot;lng&quot;:-1.1504906},&quot;label&quot;:false,&quot;custom_marker&quot;:false,&quot;geo_query_distance&quot;:-1},{&quot;id&quot;:7865,&quot;latLang&quot;:{&quot;lat&quot;:41.904574000000004,&quot;lng&quot;:2.8042119999999997},&quot;label&quot;:false,&quot;custom_marker&quot;:false,&quot;geo_query_distance&quot;:-1},{&quot;id&quot;:7847,&quot;latLang&quot;:{&quot;lat&quot;:41.1890445,&quot;lng&quot;:-1.9294824},&quot;label&quot;:false,&quot;custom_marker&quot;:false,&quot;geo_query_distance&quot;:-1},{&quot;id&quot;:7840,&quot;latLang&quot;:{&quot;lat&quot;:39.941965399999994,&quot;lng&quot;:-3.9229263000000003},&quot;label&quot;:false,&quot;custom_marker&quot;:false,&quot;geo_query_distance&quot;:-1},{&quot;id&quot;:7833,&quot;latLang&quot;:{&quot;lat&quot;:40.2983744,&quot;lng&quot;:-4.1076241},&quot;label&quot;:false,&quot;custom_marker&quot;:false,&quot;geo_query_distance&quot;:-1},{&quot;id&quot;:7826,&quot;latLang&quot;:{&quot;lat&quot;:38.8259524,&quot;lng&quot;:-3.5847305},&quot;label&quot;:false,&quot;custom_marker&quot;:false,&quot;geo_query_distance&quot;:-1},{&quot;id&quot;:7817,&quot;latLang&quot;:{&quot;lat&quot;:37.3828248,&quot;lng&quot;:-6.0853137},&quot;label&quot;:false,&quot;custom_marker&quot;:false,&quot;geo_query_distance&quot;:-1},{&quot;id&quot;:7802,&quot;latLang&quot;:{&quot;lat&quot;:38.1361536,&quot;lng&quot;:-6.6963664000000005},&quot;label&quot;:false,&quot;custom_marker&quot;:false,&quot;geo_query_distance&quot;:-1},{&quot;id&quot;:7794,&quot;latLang&quot;:{&quot;lat&quot;:36.1798055,&quot;lng&quot;:-5.4470599},&quot;label&quot;:false,&quot;custom_marker&quot;:false,&quot;geo_query_distance&quot;:-1},{&quot;id&quot;:7787,&quot;latLang&quot;:{&quot;lat&quot;:41.53404990000001,&quot;lng&quot;:2.4352148},&quot;label&quot;:false,&quot;custom_marker&quot;:false,&quot;geo_query_distance&quot;:-1},{&quot;id&quot;:7780,&quot;latLang&quot;:{&quot;lat&quot;:39.067679899999995,&quot;lng&quot;:-0.2744588},&quot;label&quot;:false,&quot;custom_marker&quot;:false,&quot;geo_query_distance&quot;:-1},{&quot;id&quot;:7772,&quot;latLang&quot;:{&quot;lat&quot;:37.8449983,&quot;lng&quot;:-4.8827419},&quot;label&quot;:false,&quot;custom_marker&quot;:false,&quot;geo_query_distance&quot;:-1},{&quot;id&quot;:7765,&quot;latLang&quot;:{&quot;lat&quot;:36.6713543,&quot;lng&quot;:-4.4734644},&quot;label&quot;:false,&quot;custom_marker&quot;:false,&quot;geo_query_distance&quot;:-1},{&quot;id&quot;:7758,&quot;latLang&quot;:{&quot;lat&quot;:38.0627353,&quot;lng&quot;:-1.0427787000000002},&quot;label&quot;:false,&quot;custom_marker&quot;:false,&quot;geo_query_distance&quot;:-1},{&quot;id&quot;:7751,&quot;latLang&quot;:{&quot;lat&quot;:38.0154329,&quot;lng&quot;:-1.2290236},&quot;label&quot;:false,&quot;custom_marker&quot;:false,&quot;geo_query_distance&quot;:-1},{&quot;id&quot;:7743,&quot;latLang&quot;:{&quot;lat&quot;:40.1751124,&quot;lng&quot;:-3.2942618},&quot;label&quot;:false,&quot;custom_marker&quot;:false,&quot;geo_query_distance&quot;:-1},{&quot;id&quot;:7669,&quot;latLang&quot;:{&quot;lat&quot;:42.610653899999996,&quot;lng&quot;:0.5293278},&quot;label&quot;:false,&quot;custom_marker&quot;:false,&quot;geo_query_distance&quot;:-1},{&quot;id&quot;:7659,&quot;latLang&quot;:{&quot;lat&quot;:39.960581000000005,&quot;lng&quot;:-4.8474518},&quot;label&quot;:false,&quot;custom_marker&quot;:false,&quot;geo_query_distance&quot;:-1},{&quot;id&quot;:7651,&quot;latLang&quot;:{&quot;lat&quot;:37.8446976,&quot;lng&quot;:-0.8538624},&quot;label&quot;:false,&quot;custom_marker&quot;:false,&quot;geo_query_distance&quot;:-1},{&quot;id&quot;:7636,&quot;latLang&quot;:{&quot;lat&quot;:42.1305251,&quot;lng&quot;:-1.1688239},&quot;label&quot;:false,&quot;custom_marker&quot;:false,&quot;geo_query_distance&quot;:-1},{&quot;id&quot;:7471,&quot;latLang&quot;:{&quot;lat&quot;:40.2588688,&quot;lng&quot;:-5.0218902},&quot;label&quot;:false,&quot;custom_marker&quot;:false,&quot;geo_query_distance&quot;:-1},{&quot;id&quot;:7437,&quot;latLang&quot;:{&quot;lat&quot;:41.6787351,&quot;lng&quot;:2.7764774},&quot;label&quot;:false,&quot;custom_marker&quot;:false,&quot;geo_query_distance&quot;:-1},{&quot;id&quot;:7417,&quot;latLang&quot;:{&quot;lat&quot;:43.346960800000005,&quot;lng&quot;:-8.396919899999999},&quot;label&quot;:false,&quot;custom_marker&quot;:false,&quot;geo_query_distance&quot;:-1},{&quot;id&quot;:7388,&quot;latLang&quot;:{&quot;lat&quot;:40.8992442,&quot;lng&quot;:-5.2146202},&quot;label&quot;:false,&quot;custom_marker&quot;:false,&quot;geo_query_distance&quot;:-1},{&quot;id&quot;:7382,&quot;latLang&quot;:{&quot;lat&quot;:40.9274007,&quot;lng&quot;:-4.1155659},&quot;label&quot;:false,&quot;custom_marker&quot;:false,&quot;geo_query_distance&quot;:-1},{&quot;id&quot;:7376,&quot;latLang&quot;:{&quot;lat&quot;:40.319458000000004,&quot;lng&quot;:-3.7491776999999997},&quot;label&quot;:false,&quot;custom_marker&quot;:false,&quot;geo_query_distance&quot;:-1},{&quot;id&quot;:7370,&quot;latLang&quot;:{&quot;lat&quot;:39.1290039,&quot;lng&quot;:-3.0818033999999996},&quot;label&quot;:false,&quot;custom_marker&quot;:false,&quot;geo_query_distance&quot;:-1},{&quot;id&quot;:7364,&quot;latLang&quot;:{&quot;lat&quot;:40.3751994,&quot;lng&quot;:-3.7531209000000003},&quot;label&quot;:false,&quot;custom_marker&quot;:false,&quot;geo_query_distance&quot;:-1},{&quot;id&quot;:7293,&quot;latLang&quot;:{&quot;lat&quot;:41.8041734,&quot;lng&quot;:-0.1625013},&quot;label&quot;:false,&quot;custom_marker&quot;:false,&quot;geo_query_distance&quot;:-1},{&quot;id&quot;:7281,&quot;latLang&quot;:{&quot;lat&quot;:41.6323148,&quot;lng&quot;:2.2895794},&quot;label&quot;:false,&quot;custom_marker&quot;:false,&quot;geo_query_distance&quot;:-1},{&quot;id&quot;:7275,&quot;latLang&quot;:{&quot;lat&quot;:37.3308102,&quot;lng&quot;:-5.8367253},&quot;label&quot;:false,&quot;custom_marker&quot;:false,&quot;geo_query_distance&quot;:-1},{&quot;id&quot;:7270,&quot;latLang&quot;:{&quot;lat&quot;:41.0480473,&quot;lng&quot;:-2.6608083},&quot;label&quot;:false,&quot;custom_marker&quot;:false,&quot;geo_query_distance&quot;:-1},{&quot;id&quot;:7265,&quot;latLang&quot;:{&quot;lat&quot;:40.5992606,&quot;lng&quot;:-4.133444},&quot;label&quot;:false,&quot;custom_marker&quot;:false,&quot;geo_query_distance&quot;:-1},{&quot;id&quot;:7260,&quot;latLang&quot;:{&quot;lat&quot;:40.4898203,&quot;lng&quot;:-3.9850429000000003},&quot;label&quot;:false,&quot;custom_marker&quot;:false,&quot;geo_query_distance&quot;:-1},{&quot;id&quot;:7255,&quot;latLang&quot;:{&quot;lat&quot;:39.9424725,&quot;lng&quot;:-4.0311549},&quot;label&quot;:false,&quot;custom_marker&quot;:false,&quot;geo_query_distance&quot;:-1},{&quot;id&quot;:7250,&quot;latLang&quot;:{&quot;lat&quot;:37.4871831,&quot;lng&quot;:-5.9294408},&quot;label&quot;:false,&quot;custom_marker&quot;:false,&quot;geo_query_distance&quot;:-1},{&quot;id&quot;:7161,&quot;latLang&quot;:{&quot;lat&quot;:36.749615000000006,&quot;lng&quot;:-2.6959562000000004},&quot;label&quot;:false,&quot;custom_marker&quot;:false,&quot;geo_query_distance&quot;:-1},{&quot;id&quot;:7156,&quot;latLang&quot;:{&quot;lat&quot;:43.3284936,&quot;lng&quot;:-3.0300227},&quot;label&quot;:false,&quot;custom_marker&quot;:false,&quot;geo_query_distance&quot;:-1},{&quot;id&quot;:7150,&quot;latLang&quot;:{&quot;lat&quot;:36.6974295,&quot;lng&quot;:-6.1299993},&quot;label&quot;:false,&quot;custom_marker&quot;:false,&quot;geo_query_distance&quot;:-1},{&quot;id&quot;:7145,&quot;latLang&quot;:{&quot;lat&quot;:36.2028979,&quot;lng&quot;:-5.9270537999999995},&quot;label&quot;:false,&quot;custom_marker&quot;:false,&quot;geo_query_distance&quot;:-1},{&quot;id&quot;:7097,&quot;latLang&quot;:{&quot;lat&quot;:42.8589152,&quot;lng&quot;:-8.539954},&quot;label&quot;:false,&quot;custom_marker&quot;:false,&quot;geo_query_distance&quot;:-1},{&quot;id&quot;:7087,&quot;latLang&quot;:{&quot;lat&quot;:39.5501681,&quot;lng&quot;:-0.3972142},&quot;label&quot;:false,&quot;custom_marker&quot;:false,&quot;geo_query_distance&quot;:-1},{&quot;id&quot;:7082,&quot;latLang&quot;:{&quot;lat&quot;:39.5834367,&quot;lng&quot;:-0.657296},&quot;label&quot;:false,&quot;custom_marker&quot;:false,&quot;geo_query_distance&quot;:-1},{&quot;id&quot;:7075,&quot;latLang&quot;:{&quot;lat&quot;:41.5319016,&quot;lng&quot;:0.4890261},&quot;label&quot;:false,&quot;custom_marker&quot;:false,&quot;geo_query_distance&quot;:-1},{&quot;id&quot;:7069,&quot;latLang&quot;:{&quot;lat&quot;:40.2092555,&quot;lng&quot;:-0.9273602},&quot;label&quot;:false,&quot;custom_marker&quot;:false,&quot;geo_query_distance&quot;:-1},{&quot;id&quot;:6971,&quot;latLang&quot;:{&quot;lat&quot;:41.5620521,&quot;lng&quot;:-0.9667717},&quot;label&quot;:false,&quot;custom_marker&quot;:false,&quot;geo_query_distance&quot;:-1},{&quot;id&quot;:6962,&quot;latLang&quot;:{&quot;lat&quot;:42.5050016,&quot;lng&quot;:1.5253560000000002},&quot;label&quot;:false,&quot;custom_marker&quot;:false,&quot;geo_query_distance&quot;:-1},{&quot;id&quot;:6957,&quot;latLang&quot;:{&quot;lat&quot;:39.884069800000006,&quot;lng&quot;:-0.0932256},&quot;label&quot;:false,&quot;custom_marker&quot;:false,&quot;geo_query_distance&quot;:-1},{&quot;id&quot;:6951,&quot;latLang&quot;:{&quot;lat&quot;:37.429898,&quot;lng&quot;:-5.972023999999999},&quot;label&quot;:false,&quot;custom_marker&quot;:false,&quot;geo_query_distance&quot;:-1},{&quot;id&quot;:6943,&quot;latLang&quot;:{&quot;lat&quot;:39.881749299999996,&quot;lng&quot;:-0.08124690000000001},&quot;label&quot;:false,&quot;custom_marker&quot;:false,&quot;geo_query_distance&quot;:-1},{&quot;id&quot;:6935,&quot;latLang&quot;:{&quot;lat&quot;:41.6553704,&quot;lng&quot;:-0.9080847000000001},&quot;label&quot;:false,&quot;custom_marker&quot;:false,&quot;geo_query_distance&quot;:-1},{&quot;id&quot;:6819,&quot;latLang&quot;:{&quot;lat&quot;:41.514144400000006,&quot;lng&quot;:-5.7573882},&quot;label&quot;:false,&quot;custom_marker&quot;:false,&quot;geo_query_distance&quot;:-1},{&quot;id&quot;:6652,&quot;latLang&quot;:{&quot;lat&quot;:43.165992,&quot;lng&quot;:-2.578081},&quot;label&quot;:false,&quot;custom_marker&quot;:false,&quot;geo_query_distance&quot;:-1},{&quot;id&quot;:6647,&quot;latLang&quot;:{&quot;lat&quot;:43.2329493,&quot;lng&quot;:-3.3583616000000003},&quot;label&quot;:false,&quot;custom_marker&quot;:false,&quot;geo_query_distance&quot;:-1},{&quot;id&quot;:6634,&quot;latLang&quot;:{&quot;lat&quot;:42.3658347,&quot;lng&quot;:3.1507978},&quot;label&quot;:false,&quot;custom_marker&quot;:false,&quot;geo_query_distance&quot;:-1},{&quot;id&quot;:6557,&quot;latLang&quot;:{&quot;lat&quot;:37.682609,&quot;lng&quot;:-0.9582807},&quot;label&quot;:false,&quot;custom_marker&quot;:false,&quot;geo_query_distance&quot;:-1},{&quot;id&quot;:6552,&quot;latLang&quot;:{&quot;lat&quot;:40.3963085,&quot;lng&quot;:-3.5862606},&quot;label&quot;:false,&quot;custom_marker&quot;:false,&quot;geo_query_distance&quot;:-1},{&quot;id&quot;:6548,&quot;latLang&quot;:{&quot;lat&quot;:40.6623021,&quot;lng&quot;:-4.0789036},&quot;label&quot;:false,&quot;custom_marker&quot;:false,&quot;geo_query_distance&quot;:-1},{&quot;id&quot;:6543,&quot;latLang&quot;:{&quot;lat&quot;:40.993394800000004,&quot;lng&quot;:-5.6488632},&quot;label&quot;:false,&quot;custom_marker&quot;:false,&quot;geo_query_distance&quot;:-1},{&quot;id&quot;:6539,&quot;latLang&quot;:{&quot;lat&quot;:40.6571954,&quot;lng&quot;:-3.1872891},&quot;label&quot;:false,&quot;custom_marker&quot;:false,&quot;geo_query_distance&quot;:-1},{&quot;id&quot;:6522,&quot;latLang&quot;:{&quot;lat&quot;:41.971182199999994,&quot;lng&quot;:-0.5946329},&quot;label&quot;:false,&quot;custom_marker&quot;:false,&quot;geo_query_distance&quot;:-1},{&quot;id&quot;:6459,&quot;latLang&quot;:{&quot;lat&quot;:42.3093313,&quot;lng&quot;:2.3607141},&quot;label&quot;:false,&quot;custom_marker&quot;:false,&quot;geo_query_distance&quot;:-1},{&quot;id&quot;:6455,&quot;latLang&quot;:{&quot;lat&quot;:43.300489,&quot;lng&quot;:-8.5077707},&quot;label&quot;:false,&quot;custom_marker&quot;:false,&quot;geo_query_distance&quot;:-1},{&quot;id&quot;:6450,&quot;latLang&quot;:{&quot;lat&quot;:40.113437700000006,&quot;lng&quot;:-3.9286011},&quot;label&quot;:false,&quot;custom_marker&quot;:false,&quot;geo_query_distance&quot;:-1},{&quot;id&quot;:6444,&quot;latLang&quot;:{&quot;lat&quot;:40.808615999999994,&quot;lng&quot;:-3.6274417000000003},&quot;label&quot;:false,&quot;custom_marker&quot;:false,&quot;geo_query_distance&quot;:-1},{&quot;id&quot;:6415,&quot;latLang&quot;:{&quot;lat&quot;:40.1119139,&quot;lng&quot;:-3.3888344},&quot;label&quot;:false,&quot;custom_marker&quot;:false,&quot;geo_query_distance&quot;:-1},{&quot;id&quot;:6293,&quot;latLang&quot;:{&quot;lat&quot;:38.9777486,&quot;lng&quot;:-3.9327808},&quot;label&quot;:false,&quot;custom_marker&quot;:false,&quot;geo_query_distance&quot;:-1},{&quot;id&quot;:6283,&quot;latLang&quot;:{&quot;lat&quot;:42.560539500000004,&quot;lng&quot;:-0.5688349},&quot;label&quot;:false,&quot;custom_marker&quot;:false,&quot;geo_query_distance&quot;:-1},{&quot;id&quot;:6260,&quot;latLang&quot;:{&quot;lat&quot;:40.21058,&quot;lng&quot;:-3.6834172},&quot;label&quot;:false,&quot;custom_marker&quot;:false,&quot;geo_query_distance&quot;:-1},{&quot;id&quot;:6253,&quot;latLang&quot;:{&quot;lat&quot;:37.3759086,&quot;lng&quot;:-5.9312323000000005},&quot;label&quot;:false,&quot;custom_marker&quot;:false,&quot;geo_query_distance&quot;:-1},{&quot;id&quot;:6246,&quot;latLang&quot;:{&quot;lat&quot;:37.393589500000004,&quot;lng&quot;:-5.9579012},&quot;label&quot;:false,&quot;custom_marker&quot;:false,&quot;geo_query_distance&quot;:-1},{&quot;id&quot;:6241,&quot;latLang&quot;:{&quot;lat&quot;:37.2083231,&quot;lng&quot;:-7.406234100000001},&quot;label&quot;:false,&quot;custom_marker&quot;:false,&quot;geo_query_distance&quot;:-1},{&quot;id&quot;:6235,&quot;latLang&quot;:{&quot;lat&quot;:37.8018723,&quot;lng&quot;:-3.7888238},&quot;label&quot;:false,&quot;custom_marker&quot;:false,&quot;geo_query_distance&quot;:-1},{&quot;id&quot;:6229,&quot;latLang&quot;:{&quot;lat&quot;:40.2680388,&quot;lng&quot;:-3.815123},&quot;label&quot;:false,&quot;custom_marker&quot;:false,&quot;geo_query_distance&quot;:-1},{&quot;id&quot;:6219,&quot;latLang&quot;:{&quot;lat&quot;:38.0187476,&quot;lng&quot;:-1.1229177},&quot;label&quot;:false,&quot;custom_marker&quot;:false,&quot;geo_query_distance&quot;:-1},{&quot;id&quot;:6210,&quot;latLang&quot;:{&quot;lat&quot;:38.094294700000006,&quot;lng&quot;:-1.2868058999999998},&quot;label&quot;:false,&quot;custom_marker&quot;:false,&quot;geo_query_distance&quot;:-1},{&quot;id&quot;:6190,&quot;latLang&quot;:{&quot;lat&quot;:40.4539941,&quot;lng&quot;:-3.4878157},&quot;label&quot;:false,&quot;custom_marker&quot;:false,&quot;geo_query_distance&quot;:-1},{&quot;id&quot;:6175,&quot;latLang&quot;:{&quot;lat&quot;:40.390119999999996,&quot;lng&quot;:-3.7225741},&quot;label&quot;:false,&quot;custom_marker&quot;:false,&quot;geo_query_distance&quot;:-1},{&quot;id&quot;:6165,&quot;latLang&quot;:{&quot;lat&quot;:40.7047246,&quot;lng&quot;:-3.4205408},&quot;label&quot;:false,&quot;custom_marker&quot;:false,&quot;geo_query_distance&quot;:-1},{&quot;id&quot;:6120,&quot;latLang&quot;:{&quot;lat&quot;:39.8814829,&quot;lng&quot;:-3.9270012},&quot;label&quot;:false,&quot;custom_marker&quot;:false,&quot;geo_query_distance&quot;:-1},{&quot;id&quot;:6110,&quot;latLang&quot;:{&quot;lat&quot;:40.350008,&quot;lng&quot;:-3.798797},&quot;label&quot;:false,&quot;custom_marker&quot;:false,&quot;geo_query_distance&quot;:-1},{&quot;id&quot;:6073,&quot;latLang&quot;:{&quot;lat&quot;:40.493337,&quot;lng&quot;:-3.3510980999999997},&quot;label&quot;:false,&quot;custom_marker&quot;:false,&quot;geo_query_distance&quot;:-1},{&quot;id&quot;:6051,&quot;latLang&quot;:{&quot;lat&quot;:40.4040831,&quot;lng&quot;:-3.7054884},&quot;label&quot;:false,&quot;custom_marker&quot;:false,&quot;geo_query_distance&quot;:-1},{&quot;id&quot;:6040,&quot;latLang&quot;:{&quot;lat&quot;:40.4316206,&quot;lng&quot;:-3.5453031},&quot;label&quot;:false,&quot;custom_marker&quot;:false,&quot;geo_query_distance&quot;:-1},{&quot;id&quot;:6021,&quot;latLang&quot;:{&quot;lat&quot;:41.887395600000005,&quot;lng&quot;:2.783009},&quot;label&quot;:false,&quot;custom_marker&quot;:false,&quot;geo_query_distance&quot;:-1},{&quot;id&quot;:6001,&quot;latLang&quot;:{&quot;lat&quot;:40.4073222,&quot;lng&quot;:-3.3713354},&quot;label&quot;:false,&quot;custom_marker&quot;:false,&quot;geo_query_distance&quot;:-1},{&quot;id&quot;:5991,&quot;latLang&quot;:{&quot;lat&quot;:40.3897481,&quot;lng&quot;:-5.7515571},&quot;label&quot;:false,&quot;custom_marker&quot;:false,&quot;geo_query_distance&quot;:-1},{&quot;id&quot;:5983,&quot;latLang&quot;:{&quot;lat&quot;:41.524946099999994,&quot;lng&quot;:-5.3840826},&quot;label&quot;:false,&quot;custom_marker&quot;:false,&quot;geo_query_distance&quot;:-1},{&quot;id&quot;:5973,&quot;latLang&quot;:{&quot;lat&quot;:40.6247291,&quot;lng&quot;:-3.198978},&quot;label&quot;:false,&quot;custom_marker&quot;:false,&quot;geo_query_distance&quot;:-1},{&quot;id&quot;:5966,&quot;latLang&quot;:{&quot;lat&quot;:40.4817321,&quot;lng&quot;:-3.3585812},&quot;label&quot;:false,&quot;custom_marker&quot;:false,&quot;geo_query_distance&quot;:-1},{&quot;id&quot;:5956,&quot;latLang&quot;:{&quot;lat&quot;:40.9740646,&quot;lng&quot;:-5.6703077},&quot;label&quot;:false,&quot;custom_marker&quot;:false,&quot;geo_query_distance&quot;:-1},{&quot;id&quot;:5948,&quot;latLang&quot;:{&quot;lat&quot;:40.654170400000005,&quot;lng&quot;:-3.7573493},&quot;label&quot;:false,&quot;custom_marker&quot;:false,&quot;geo_query_distance&quot;:-1},{&quot;id&quot;:5943,&quot;latLang&quot;:{&quot;lat&quot;:39.0132074,&quot;lng&quot;:-3.3680981},&quot;label&quot;:false,&quot;custom_marker&quot;:false,&quot;geo_query_distance&quot;:-1},{&quot;id&quot;:5426,&quot;latLang&quot;:{&quot;lat&quot;:42.851543899999996,&quot;lng&quot;:-8.582178699999998},&quot;label&quot;:false,&quot;custom_marker&quot;:false,&quot;geo_query_distance&quot;:-1},{&quot;id&quot;:5913,&quot;latLang&quot;:{&quot;lat&quot;:38.9382888,&quot;lng&quot;:-3.230924},&quot;label&quot;:false,&quot;custom_marker&quot;:false,&quot;geo_query_distance&quot;:-1},{&quot;id&quot;:5898,&quot;latLang&quot;:{&quot;lat&quot;:40.328986,&quot;lng&quot;:-3.7764307},&quot;label&quot;:false,&quot;custom_marker&quot;:false,&quot;geo_query_distance&quot;:-1},{&quot;id&quot;:5505,&quot;latLang&quot;:{&quot;lat&quot;:37.739047199999995,&quot;lng&quot;:-0.9439137},&quot;label&quot;:false,&quot;custom_marker&quot;:false,&quot;geo_query_distance&quot;:-1},{&quot;id&quot;:5496,&quot;latLang&quot;:{&quot;lat&quot;:40.3195556,&quot;lng&quot;:-3.8459726},&quot;label&quot;:false,&quot;custom_marker&quot;:false,&quot;geo_query_distance&quot;:-1},{&quot;id&quot;:5491,&quot;latLang&quot;:{&quot;lat&quot;:40.9385674,&quot;lng&quot;:-5.6656906000000005},&quot;label&quot;:false,&quot;custom_marker&quot;:false,&quot;geo_query_distance&quot;:-1},{&quot;id&quot;:5479,&quot;latLang&quot;:{&quot;lat&quot;:41.467234499999996,&quot;lng&quot;:1.9858171},&quot;label&quot;:false,&quot;custom_marker&quot;:false,&quot;geo_query_distance&quot;:-1},{&quot;id&quot;:5468,&quot;latLang&quot;:{&quot;lat&quot;:37.6247989,&quot;lng&quot;:-0.7818507},&quot;label&quot;:false,&quot;custom_marker&quot;:false,&quot;geo_query_distance&quot;:-1},{&quot;id&quot;:5433,&quot;latLang&quot;:{&quot;lat&quot;:39.986299200000005,&quot;lng&quot;:-4.2826717},&quot;label&quot;:false,&quot;custom_marker&quot;:false,&quot;geo_query_distance&quot;:-1},{&quot;id&quot;:5430,&quot;latLang&quot;:{&quot;lat&quot;:37.591415000000005,&quot;lng&quot;:-1.3166592},&quot;label&quot;:false,&quot;custom_marker&quot;:false,&quot;geo_query_distance&quot;:-1},{&quot;id&quot;:5428,&quot;latLang&quot;:{&quot;lat&quot;:41.9567252,&quot;lng&quot;:3.0485788},&quot;label&quot;:false,&quot;custom_marker&quot;:false,&quot;geo_query_distance&quot;:-1},{&quot;id&quot;:5420,&quot;latLang&quot;:{&quot;lat&quot;:37.6717147,&quot;lng&quot;:-1.6895348000000001},&quot;label&quot;:false,&quot;custom_marker&quot;:false,&quot;geo_query_distance&quot;:-1},{&quot;id&quot;:5233,&quot;latLang&quot;:{&quot;lat&quot;:41.592811000000005,&quot;lng&quot;:1.9129720000000001},&quot;label&quot;:false,&quot;custom_marker&quot;:false,&quot;geo_query_distance&quot;:-1},{&quot;id&quot;:5227,&quot;latLang&quot;:{&quot;lat&quot;:41.553173,&quot;lng&quot;:2.0217929999999997},&quot;label&quot;:false,&quot;custom_marker&quot;:false,&quot;geo_query_distance&quot;:-1},{&quot;id&quot;:5165,&quot;latLang&quot;:{&quot;lat&quot;:40.7683896,&quot;lng&quot;:0.6536722},&quot;label&quot;:false,&quot;custom_marker&quot;:false,&quot;geo_query_distance&quot;:-1},{&quot;id&quot;:5159,&quot;latLang&quot;:{&quot;lat&quot;:41.311959800000004,&quot;lng&quot;:1.2694908},&quot;label&quot;:false,&quot;custom_marker&quot;:false,&quot;geo_query_distance&quot;:-1},{&quot;id&quot;:3708,&quot;latLang&quot;:{&quot;lat&quot;:40.7003468,&quot;lng&quot;:0.5793337},&quot;label&quot;:false,&quot;custom_marker&quot;:false,&quot;geo_query_distance&quot;:-1},{&quot;id&quot;:3704,&quot;latLang&quot;:{&quot;lat&quot;:41.9984085,&quot;lng&quot;:-1.5189196},&quot;label&quot;:false,&quot;custom_marker&quot;:false,&quot;geo_query_distance&quot;:-1},{&quot;id&quot;:3700,&quot;latLang&quot;:{&quot;lat&quot;:42.8058805,&quot;lng&quot;:-1.6865862},&quot;label&quot;:false,&quot;custom_marker&quot;:false,&quot;geo_query_distance&quot;:-1},{&quot;id&quot;:3696,&quot;latLang&quot;:{&quot;lat&quot;:42.7649335,&quot;lng&quot;:-1.6321356},&quot;label&quot;:false,&quot;custom_marker&quot;:false,&quot;geo_query_distance&quot;:-1},{&quot;id&quot;:3692,&quot;latLang&quot;:{&quot;lat&quot;:42.6634445,&quot;lng&quot;:-2.0326248},&quot;label&quot;:false,&quot;custom_marker&quot;:false,&quot;geo_query_distance&quot;:-1},{&quot;id&quot;:3688,&quot;latLang&quot;:{&quot;lat&quot;:42.8952842,&quot;lng&quot;:-2.1706209999999997},&quot;label&quot;:false,&quot;custom_marker&quot;:false,&quot;geo_query_distance&quot;:-1},{&quot;id&quot;:3686,&quot;latLang&quot;:{&quot;lat&quot;:36.70984060000001,&quot;lng&quot;:-4.4688014},&quot;label&quot;:false,&quot;custom_marker&quot;:false,&quot;geo_query_distance&quot;:-1},{&quot;id&quot;:3680,&quot;latLang&quot;:{&quot;lat&quot;:42.389128,&quot;lng&quot;:-2.5249254999999997},&quot;label&quot;:false,&quot;custom_marker&quot;:false,&quot;geo_query_distance&quot;:-1},{&quot;id&quot;:3676,&quot;latLang&quot;:{&quot;lat&quot;:42.456221,&quot;lng&quot;:-2.4049115},&quot;label&quot;:false,&quot;custom_marker&quot;:false,&quot;geo_query_distance&quot;:-1},{&quot;id&quot;:3361,&quot;latLang&quot;:{&quot;lat&quot;:39.655516,&quot;lng&quot;:-0.223138},&quot;label&quot;:false,&quot;custom_marker&quot;:false,&quot;geo_query_distance&quot;:-1},{&quot;id&quot;:3357,&quot;latLang&quot;:{&quot;lat&quot;:39.533456,&quot;lng&quot;:-0.412951},&quot;label&quot;:false,&quot;custom_marker&quot;:false,&quot;geo_query_distance&quot;:-1},{&quot;id&quot;:3353,&quot;latLang&quot;:{&quot;lat&quot;:39.3619089,&quot;lng&quot;:-0.45256789999999997},&quot;label&quot;:false,&quot;custom_marker&quot;:false,&quot;geo_query_distance&quot;:-1},{&quot;id&quot;:3349,&quot;latLang&quot;:{&quot;lat&quot;:38.960967000000004,&quot;lng&quot;:-0.19425599999999998},&quot;label&quot;:false,&quot;custom_marker&quot;:false,&quot;geo_query_distance&quot;:-1},{&quot;id&quot;:3327,&quot;latLang&quot;:{&quot;lat&quot;:39.501005000000006,&quot;lng&quot;:-0.345351},&quot;label&quot;:false,&quot;custom_marker&quot;:false,&quot;geo_query_distance&quot;:-1},{&quot;id&quot;:3318,&quot;latLang&quot;:{&quot;lat&quot;:39.685449999999996,&quot;lng&quot;:-3.982693},&quot;label&quot;:false,&quot;custom_marker&quot;:false,&quot;geo_query_distance&quot;:-1},{&quot;id&quot;:3312,&quot;latLang&quot;:{&quot;lat&quot;:42.200636,&quot;lng&quot;:-8.726091},&quot;label&quot;:false,&quot;custom_marker&quot;:false,&quot;geo_query_distance&quot;:-1},{&quot;id&quot;:3307,&quot;latLang&quot;:{&quot;lat&quot;:42.189814,&quot;lng&quot;:-8.623647},&quot;label&quot;:false,&quot;custom_marker&quot;:false,&quot;geo_query_distance&quot;:-1},{&quot;id&quot;:3301,&quot;latLang&quot;:{&quot;lat&quot;:41.630509,&quot;lng&quot;:0.913691},&quot;label&quot;:false,&quot;custom_marker&quot;:false,&quot;geo_query_distance&quot;:-1},{&quot;id&quot;:3291,&quot;latLang&quot;:{&quot;lat&quot;:40.178512,&quot;lng&quot;:-0.033997000000000006},&quot;label&quot;:false,&quot;custom_marker&quot;:false,&quot;geo_query_distance&quot;:-1},{&quot;id&quot;:3283,&quot;latLang&quot;:{&quot;lat&quot;:39.999283999999996,&quot;lng&quot;:-0.038992},&quot;label&quot;:false,&quot;custom_marker&quot;:false,&quot;geo_query_distance&quot;:-1},{&quot;id&quot;:3277,&quot;latLang&quot;:{&quot;lat&quot;:40.230053,&quot;lng&quot;:-0.0771289},&quot;label&quot;:false,&quot;custom_marker&quot;:false,&quot;geo_query_distance&quot;:-1},{&quot;id&quot;:3271,&quot;latLang&quot;:{&quot;lat&quot;:40.360724,&quot;lng&quot;:0.3949111},&quot;label&quot;:false,&quot;custom_marker&quot;:false,&quot;geo_query_distance&quot;:-1},{&quot;id&quot;:3259,&quot;latLang&quot;:{&quot;lat&quot;:41.989306,&quot;lng&quot;:2.793081},&quot;label&quot;:false,&quot;custom_marker&quot;:false,&quot;geo_query_distance&quot;:-1},{&quot;id&quot;:3251,&quot;latLang&quot;:{&quot;lat&quot;:41.349497,&quot;lng&quot;:2.0305050000000002},&quot;label&quot;:false,&quot;custom_marker&quot;:false,&quot;geo_query_distance&quot;:-1},{&quot;id&quot;:3245,&quot;latLang&quot;:{&quot;lat&quot;:41.8062077,&quot;lng&quot;:2.7518031},&quot;label&quot;:false,&quot;custom_marker&quot;:false,&quot;geo_query_distance&quot;:-1},{&quot;id&quot;:3237,&quot;latLang&quot;:{&quot;lat&quot;:41.6783865,&quot;lng&quot;:2.7760652},&quot;label&quot;:false,&quot;custom_marker&quot;:false,&quot;geo_query_distance&quot;:-1},{&quot;id&quot;:1258,&quot;latLang&quot;:{&quot;lat&quot;:41.681951,&quot;lng&quot;:2.1608933},&quot;label&quot;:false,&quot;custom_marker&quot;:false,&quot;geo_query_distance&quot;:-1},{&quot;id&quot;:1238,&quot;latLang&quot;:{&quot;lat&quot;:41.624442300000005,&quot;lng&quot;:2.1704341},&quot;label&quot;:false,&quot;custom_marker&quot;:false,&quot;geo_query_distance&quot;:-1},{&quot;id&quot;:1232,&quot;latLang&quot;:{&quot;lat&quot;:38.716315,&quot;lng&quot;:1.4260279999999999},&quot;label&quot;:false,&quot;custom_marker&quot;:false,&quot;geo_query_distance&quot;:-1},{&quot;id&quot;:1227,&quot;latLang&quot;:{&quot;lat&quot;:43.1939062,&quot;lng&quot;:-6.6335924},&quot;label&quot;:false,&quot;custom_marker&quot;:false,&quot;geo_query_distance&quot;:-1},{&quot;id&quot;:1213,&quot;latLang&quot;:{&quot;lat&quot;:38.51931,&quot;lng&quot;:-0.20976},&quot;label&quot;:false,&quot;custom_marker&quot;:false,&quot;geo_query_distance&quot;:-1},{&quot;id&quot;:1191,&quot;latLang&quot;:{&quot;lat&quot;:42.863272,&quot;lng&quot;:-8.634105},&quot;label&quot;:false,&quot;custom_marker&quot;:false,&quot;geo_query_distance&quot;:-1},{&quot;id&quot;:1186,&quot;latLang&quot;:{&quot;lat&quot;:42.914171,&quot;lng&quot;:-8.522257999999999},&quot;label&quot;:false,&quot;custom_marker&quot;:false,&quot;geo_query_distance&quot;:-1},{&quot;id&quot;:1142,&quot;latLang&quot;:{&quot;lat&quot;:42.122620600000005,&quot;lng&quot;:3.1241372},&quot;label&quot;:false,&quot;custom_marker&quot;:false,&quot;geo_query_distance&quot;:-1},{&quot;id&quot;:763,&quot;latLang&quot;:{&quot;lat&quot;:39.51533499999999,&quot;lng&quot;:-0.463179},&quot;label&quot;:false,&quot;custom_marker&quot;:false,&quot;geo_query_distance&quot;:-1},{&quot;id&quot;:721,&quot;latLang&quot;:{&quot;lat&quot;:41.9253968,&quot;lng&quot;:3.1581851000000003},&quot;label&quot;:false,&quot;custom_marker&quot;:false,&quot;geo_query_distance&quot;:-1},{&quot;id&quot;:495,&quot;latLang&quot;:{&quot;lat&quot;:39.287633,&quot;lng&quot;:-0.43326339999999997},&quot;label&quot;:false,&quot;custom_marker&quot;:false,&quot;geo_query_distance&quot;:-1},{&quot;id&quot;:486,&quot;latLang&quot;:{&quot;lat&quot;:39.589709,&quot;lng&quot;:-0.5482532},&quot;label&quot;:false,&quot;custom_marker&quot;:false,&quot;geo_query_distance&quot;:-1}]\" data-general=\"{&quot;api&quot;:&quot;https:\\\/\\\/www.expertservicecar.com\\\/pt-pt\\\/wp-json\\\/jet-engine\\\/v2\\\/get-map-marker-info\\\/&quot;,&quot;restNonce&quot;:&quot;84f5ad72e6&quot;,&quot;listingID&quot;:1100,&quot;source&quot;:&quot;posts&quot;,&quot;width&quot;:320,&quot;offset&quot;:55,&quot;clustererImg&quot;:&quot;https:\\\/\\\/www.expertservicecar.com\\\/wp-content\\\/plugins\\\/jet-engine\\\/includes\\\/modules\\\/maps-listings\\\/assets\\\/lib\\\/markerclustererplus\\\/img\\\/m&quot;,&quot;marker&quot;:{&quot;type&quot;:&quot;icon&quot;,&quot;html&quot;:&quot;&lt;i style=\\&quot;cursor:pointer;\\&quot; class=\\&quot;jet-map-marker iconic iconic-map-pin-alt\\&quot; aria-hidden=\\&quot;true\\&quot;&gt;&lt;\\\/i&gt;&quot;},&quot;autoCenter&quot;:true,&quot;maxZoom&quot;:18,&quot;minZoom&quot;:false,&quot;customCenter&quot;:false,&quot;customZoom&quot;:11,&quot;popupPreloader&quot;:false,&quot;querySeparator&quot;:&quot;?&quot;,&quot;markerClustering&quot;:false,&quot;clusterMaxZoom&quot;:&quot;&quot;,&quot;clusterRadius&quot;:&quot;&quot;,&quot;popupOpenOn&quot;:&quot;click&quot;,&quot;centeringOnOpen&quot;:false,&quot;zoomOnOpen&quot;:false,&quot;advanced&quot;:{&quot;zoom_control&quot;:&quot;cooperative&quot;},&quot;styles&quot;:[{&quot;featureType&quot;:&quot;landscape.natural&quot;,&quot;elementType&quot;:&quot;geometry.fill&quot;,&quot;stylers&quot;:[{&quot;visibility&quot;:&quot;on&quot;},{&quot;color&quot;:&quot;#ecf3f4&quot;}]},{&quot;featureType&quot;:&quot;poi&quot;,&quot;elementType&quot;:&quot;geometry.fill&quot;,&quot;stylers&quot;:[{&quot;visibility&quot;:&quot;on&quot;},{&quot;color&quot;:&quot;#c0e8e8&quot;}]},{&quot;featureType&quot;:&quot;road&quot;,&quot;elementType&quot;:&quot;geometry&quot;,&quot;stylers&quot;:[{&quot;lightness&quot;:100},{&quot;visibility&quot;:&quot;simplified&quot;}]},{&quot;featureType&quot;:&quot;road&quot;,&quot;elementType&quot;:&quot;labels&quot;,&quot;stylers&quot;:[{&quot;visibility&quot;:&quot;off&quot;}]},{&quot;featureType&quot;:&quot;road.highway&quot;,&quot;elementType&quot;:&quot;labels.text&quot;,&quot;stylers&quot;:[{&quot;visibility&quot;:&quot;on&quot;}]},{&quot;featureType&quot;:&quot;road.highway&quot;,&quot;elementType&quot;:&quot;labels.icon&quot;,&quot;stylers&quot;:[{&quot;visibility&quot;:&quot;on&quot;}]},{&quot;featureType&quot;:&quot;road.highway.controlled_access&quot;,&quot;elementType&quot;:&quot;labels&quot;,&quot;stylers&quot;:[{&quot;visibility&quot;:&quot;on&quot;}]},{&quot;featureType&quot;:&quot;road.arterial&quot;,&quot;elementType&quot;:&quot;labels&quot;,&quot;stylers&quot;:[{&quot;visibility&quot;:&quot;on&quot;}]},{&quot;featureType&quot;:&quot;road.arterial&quot;,&quot;elementType&quot;:&quot;labels.icon&quot;,&quot;stylers&quot;:[{&quot;visibility&quot;:&quot;on&quot;}]},{&quot;featureType&quot;:&quot;transit.line&quot;,&quot;elementType&quot;:&quot;geometry&quot;,&quot;stylers&quot;:[{&quot;visibility&quot;:&quot;on&quot;},{&quot;lightness&quot;:700}]},{&quot;featureType&quot;:&quot;water&quot;,&quot;elementType&quot;:&quot;all&quot;,&quot;stylers&quot;:[{&quot;color&quot;:&quot;#bfd5df&quot;}]}]}\" data-listing-source=\"posts\" data-queried-id=\"7324|WP_Post\"><\/div>\t\t\t\t<\/div>\n\t\t\t\t<\/div>\n\t\t\t\t\t<\/div>\n\t\t<\/div>\n\t\t\t\t\t<\/div>\n\t\t<\/section>\n\t\t\t\t<\/div>\n\t\t","protected":false},"excerpt":{"rendered":"<p>Localize a sua oficina mais pr\u00f3xima Por servi\u00e7os Bater\u00edas Cambio Aceite Carrocer\u00eda Climatizaci\u00f3n Diagnosis Distribuci\u00f3n Electr\u00f3nica Escapes Frenos Mec\u00e1nica General Neum\u00e1ticos Pre-ITV Revisi\u00f3n Suspensi\u00f3n Visibilidad Aplicar Poligono Industrial Los Llanillos p6, 19250 Sig\u00fcenza, Guadalajara Calle Industrial III- C\/XIV, Parcela 216 13200 Manzanares Ciudad Real Calle Sta. Quiteria, 187, 30800 Lorca, Murcia C. la Cierva, 19, [&hellip;]<\/p>\n","protected":false},"author":45,"featured_media":0,"parent":0,"menu_order":0,"comment_status":"closed","ping_status":"closed","template":"page-templates\/fullwidth-content.php","meta":{"_acf_changed":false,"_jet_sm_ready_style":"","_jet_sm_style":"","_jet_sm_controls_values":"","_jet_sm_fonts_collection":"","_jet_sm_fonts_links":"","footnotes":""},"class_list":["post-7324","page","type-page","status-publish","hentry"],"acf":[],"_links":{"self":[{"href":"https:\/\/www.expertservicecar.com\/pt-pt\/wp-json\/wp\/v2\/pages\/7324","targetHints":{"allow":["GET"]}}],"collection":[{"href":"https:\/\/www.expertservicecar.com\/pt-pt\/wp-json\/wp\/v2\/pages"}],"about":[{"href":"https:\/\/www.expertservicecar.com\/pt-pt\/wp-json\/wp\/v2\/types\/page"}],"author":[{"embeddable":true,"href":"https:\/\/www.expertservicecar.com\/pt-pt\/wp-json\/wp\/v2\/users\/45"}],"replies":[{"embeddable":true,"href":"https:\/\/www.expertservicecar.com\/pt-pt\/wp-json\/wp\/v2\/comments?post=7324"}],"version-history":[{"count":3,"href":"https:\/\/www.expertservicecar.com\/pt-pt\/wp-json\/wp\/v2\/pages\/7324\/revisions"}],"predecessor-version":[{"id":7414,"href":"https:\/\/www.expertservicecar.com\/pt-pt\/wp-json\/wp\/v2\/pages\/7324\/revisions\/7414"}],"wp:attachment":[{"href":"https:\/\/www.expertservicecar.com\/pt-pt\/wp-json\/wp\/v2\/media?parent=7324"}],"curies":[{"name":"wp","href":"https:\/\/api.w.org\/{rel}","templated":true}]}}